{"id":563342,"date":"2026-04-15T01:32:17","date_gmt":"2026-04-14T23:32:17","guid":{"rendered":"https:\/\/kohenavocats.com\/jurisprudences\/eclinlrbdha20268946-rechtbank-den-haag-13-04-2026-nl25-43062\/"},"modified":"2026-04-15T01:32:17","modified_gmt":"2026-04-14T23:32:17","slug":"eclinlrbdha20268946-rechtbank-den-haag-13-04-2026-nl25-43062","status":"publish","type":"kji_decision","link":"https:\/\/kohenavocats.com\/ar\/jurisprudences\/eclinlrbdha20268946-rechtbank-den-haag-13-04-2026-nl25-43062\/","title":{"rendered":"ECLI:NL:RBDHA:2026:8946 Rechtbank Den Haag , 13-04-2026 \/ NL25.43062"},"content":{"rendered":"<div class=\"kji-decision\">\n<div class=\"kji-full-text\">\n<p><strong>Inhoudsindicatie.<\/strong> Dublin \/ Oostenrijk \/ ongegrond<\/p>\n<h3>RECHTBANK DEN HAAG<\/h3>\n<p>Zittingsplaats Groningen<\/p>\n<p>Bestuursrecht<\/p>\n<p>zaaknummer: NL25.43062<\/p>\n<h3>uitspraak van de enkelvoudige kamer in de zaak tussen<\/h3>\n<h3>[naam] , eiser,<\/h3>\n<p>V-nummer: [nummer]<\/p>\n<p>(gemachtigde: mr. J. Burema)<\/p>\n<p>en<\/p>\n<h3>de minister van Asiel en Migratie, de minister<\/h3>\n<p>(gemachtigde: mr. P. Loijenga).<\/p>\n<h3>Procesverloop<\/h3>\n<p>1. In deze uitspraak beoordeelt de rechtbank het beroep van eiser tegen het niet in behandeling nemen van de aanvraag tot het verlenen van een verblijfsvergunning asiel voor bepaalde tijd. De minister heeft de aanvraag met het bestreden besluit van 2 september 2025 niet in behandeling genomen omdat Oostenrijk verantwoordelijk is voor de aanvraag.<\/p>\n<p>De rechtbank heeft het beroep op 10 maart 2026 op zitting behandeld. Hieraan hebben deelgenomen: eiser, de gemachtigde van eiser, een tolk en de gemachtigde van de minister. De rechtbank heeft het onderzoek gesloten.<\/p>\n<h3>Overwegingen<\/h3>\n<p>2. De rechtbank beoordeelt het niet in behandeling nemen van de asielaanvraag van eiser. Zij doet dat aan de hand van de argumenten die eiser heeft aangevoerd, de beroepsgronden.<\/p>\n<p>3. De rechtbank verklaart het beroep ongegrond. Dat betekent dat eiser ongelijk krijgt en het niet in behandeling nemen van zijn aanvraag in stand blijft. Hierna legt de rechtbank uit hoe zij tot dit oordeel komt en welke gevolgen dit oordeel heeft.<\/p>\n<p>Totstandkoming van het besluit<\/p>\n<p>4. De Europese Unie heeft gezamenlijke regelgeving over het in behandeling nemen van asielaanvragen. Die staat in de Dublinverordening. Op grond van de Dublinverordening neemt de minister een asielaanvraag niet in behandeling als is vastgesteld dat een andere lidstaat verantwoordelijk is voor de behandeling daarvan. In dit geval heeft Nederland bij de Oostenrijkse autoriteiten een verzoek om terugname gedaan. De Oostenrijkse autoriteiten hebben dit verzoek op 6 augustus 2025 aanvaard.<\/p>\n<p>Gronden<\/p>\n<p>5. Eiser heeft beroep ingesteld met het oog op het beroep dat zijn echtgenote heeft ingesteld tegen de verlenging van de overdrachtstermijn in haar Dublinprocedure. Eiser en zijn echtgenote houden het er namelijk voor dat deze verlenging ten onrechte heeft plaatsgevonden. De uitkomst van deze procedure kan daarmee mogelijk gevolgen hebben voor eisers aanvraag om in Nederland te mogen blijven. Mocht de rechtbank oordelen dat de verlenging onrechtmatig is zal zijn echtgenote worden opgenomen in de nationale procedure. Het ligt voor de hand dat dan ook eiser in de nationale procedure zal worden opgenomen zodat hij niet gescheiden wordt van zijn echtgenote en kinderen.<\/p>\n<p>6. Daarnaast doet eiser nog een beroep op het non-refoulement beginsel omdat zijn aanvraag in Oostenrijk tot tweemaal toe is afgewezen en er geen enkel aanleiding bestaat om ervan uit te gaan dat zijn aanvraag een volgende keer wel zal worden ingewilligd.<\/p>\n<h3>De beoordeling door de rechtbank<\/h3>\n<p>Procedure echtgenote<\/p>\n<p>7. De rechtbank heeft vandaag het door de echtgenote van eiser ingediende beroep tegen de verlenging van de overdrachtstermijn overeenkomstig artikel 29, tweede lid, van de Dublinverordening vanwege onderduiken niet-ontvankelijk verklaard. Dit betekent dat die procedure niet aan de afwijzing van de aanvraag van eiser in de weg staat. Deze beroepsgrond slaagt niet.<\/p>\n<p>Interstatelijk vertrouwensbeginsel<\/p>\n<p>8. De minister mag ten aanzien van Oostenrijk in het algemeen uitgaan van het interstatelijk vertrouwensbeginsel. Het is aan eiser om aannemelijk te maken dat dit in zijn situatie anders is. Dat is het geval als eiser aannemelijk maakt dat sprake is van structurele tekortkomingen in het asiel- en opvangsysteem die een bijzondere hoge drempel van zwaarwegendheid moeten bereiken om onder het bereik van artikel 3 van het EVRM en artikel 4 van het Handvestte vallen.<\/p>\n<p>Naar het oordeel van de rechtbank is eiser daarin niet geslaagd. Zoals door de Afdeling geoordeeld, bijvoorbeeld in de procedure van de echtgenote van eiser, kan ten aanzien van Oostenrijk van het interstatelijk vertrouwensbeginsel worden uitgegaan. In wat eiser heeft aangevoerd, ziet de rechtbank geen aanleiding om hier anders over te oordelen. De minister heeft in het bestreden besluit goed gemotiveerd dat er geen belemmeringen zijn om eiser over te dragen aan Oostenrijk. Uit het claimakkoord volgt dat de aanvraag van eiser in Oostenrijk nog in behandeling is. De stelling van eiser dat zijn aanvraag in Oostenrijk niet serieus wordt beoordeeld is niet nader onderbouwd.<\/p>\n<p>Non-refoulement<\/p>\n<p>9. De rechtbank overweegt dat het Hof van Justitie van de Europese Unie heeft geoordeeld dat \u2013 kort gezegd \u2013 een rechter bij een overdrachtsbesluit niet mag toetsen of indirect refoulement aannemelijk is wanneer deze rechter niet vaststelt dat er in de aangezochte lidstaat sprake is van systeemfouten in de asielprocedure en de opvangvoorzieningen voor personen die om internationale bescherming verzoeken. Nu de minister heeft mogen uitgaan van het interstatelijk vertrouwensbeginsel ten aanzien van Oostenrijk, zal de rechtbank daarom niet op deze beroepsgrond ingaan.<\/p>\n<h3>Conclusie en gevolgen<\/h3>\n<p>10. Het beroep is ongegrond. Dat betekent dat de asielaanvraag van eiser terecht niet in behandeling is genomen. Eiser krijgen geen vergoeding van zijn proceskosten.<\/p>\n<h3>Beslissing<\/h3>\n<p>De rechtbank verklaart het beroep ongegrond.<\/p>\n<p>Deze uitspraak is gedaan door mr. A. Sibma, rechter, in aanwezigheid van mr. P.C.J. Lindeijer, griffier, en openbaar gemaakt door middel van gepseudonimiseerde publicatie op rechtspraak.nl.<\/p>\n<p>De uitspraak is openbaar en bekendgemaakt op:<\/p>\n<p>Informatie over hoger beroep<\/p>\n<p>Een partij die het niet eens is met deze uitspraak, kan een hogerberoepschrift sturen naar de Afdeling bestuursrechtspraak van de Raad van State waarin wordt uitgelegd waarom deze partij het niet eens is met de uitspraak. Het hogerberoepschrift moet worden ingediend binnen 1 week na de dag waarop deze uitspraak is verzonden. Kan de indiener de behandeling van het hoger beroep niet afwachten, omdat de zaak spoed heeft, dan kan de indiener de voorzieningenrechter van de Afdeling bestuursrechtspraak van de Raad van State vragen om een voorlopige voorziening (een tijdelijke maatregel) te treffen.<\/p>\n<h3>Voetnoten<\/h3>\n<ol>\n<li>Dit staat ook in artikel 30, eerste lid, van de Vreemdelingenwet 2000.<\/li>\n<li>NL25.33783.<\/li>\n<li>Europees Verdrag tot bescherming van de rechten van de mens en de fundamentele vrijheden.<\/li>\n<li>Het Handvest van de grondrechten van de Europese Unie.<\/li>\n<li>202503960\/2\/V2.<\/li>\n<li>Zie de uitspraak van 30 november 2023, ECLI:EU:C:2023:934, punt 129 tot en met punt 152.<\/li>\n<\/ol>\n<\/div>\n<hr class=\"kji-sep\" \/>\n<p class=\"kji-source-links\"><strong>Sources officielles :<\/strong> <a class=\"kji-source-link\" href=\"http:\/\/deeplink.rechtspraak.nl\/uitspraak?id=ECLI:NL:RBDHA:2026:8946\" target=\"_blank\" rel=\"noopener noreferrer\">consulter la page source<\/a><\/p>\n<p class=\"kji-license-note\"><em>Rechtspraak.nl open data, Creative Commons Zero. Volume cible 1.8M decisions.<\/em><\/p>\n<\/div>\n","protected":false},"excerpt":{"rendered":"<p>Dublin \/ Oostenrijk \/ ongegrond<\/p>\n","protected":false},"featured_media":0,"template":"","meta":{"_crdt_document":""},"kji_country":[7669],"kji_court":[7670],"kji_chamber":[],"kji_year":[7610],"kji_subject":[7646],"kji_keyword":[7821,9993,10166,7674,7675],"kji_language":[7671],"class_list":["post-563342","kji_decision","type-kji_decision","status-publish","hentry","kji_country-pays-bas","kji_court-rechtbank-den-haag","kji_year-7610","kji_subject-divers","kji_keyword-dublin","kji_keyword-ongegrond","kji_keyword-oostenrijk","kji_keyword-rbdha","kji_keyword-rechtbank","kji_language-nl"],"yoast_head":"<!-- This site is optimized with the Yoast SEO Premium plugin v27.5 (Yoast SEO v27.5) - https:\/\/yoast.com\/product\/yoast-seo-premium-wordpress\/ -->\n<title>ECLI:NL:RBDHA:2026:8946 Rechtbank Den Haag , 13-04-2026 \/ NL25.43062 - Ma\u00eetre Hassan Kohen, avocat en droit p\u00e9nal \u00e0 Paris<\/title>\n<meta name=\"robots\" content=\"index, follow, max-snippet:-1, max-image-preview:large, max-video-preview:-1\" \/>\n<link rel=\"canonical\" href=\"https:\/\/kohenavocats.com\/ar\/jurisprudences\/eclinlrbdha20268946-rechtbank-den-haag-13-04-2026-nl25-43062\/\" \/>\n<meta property=\"og:locale\" content=\"ar_AR\" \/>\n<meta property=\"og:type\" content=\"article\" \/>\n<meta property=\"og:title\" content=\"ECLI:NL:RBDHA:2026:8946 Rechtbank Den Haag , 13-04-2026 \/ NL25.43062\" \/>\n<meta property=\"og:description\" content=\"Dublin \/ Oostenrijk \/ ongegrond\" \/>\n<meta property=\"og:url\" content=\"https:\/\/kohenavocats.com\/ar\/jurisprudences\/eclinlrbdha20268946-rechtbank-den-haag-13-04-2026-nl25-43062\/\" \/>\n<meta property=\"og:site_name\" content=\"Ma\u00eetre Hassan Kohen, avocat en droit p\u00e9nal \u00e0 Paris\" \/>\n<meta name=\"twitter:card\" content=\"summary_large_image\" \/>\n<meta name=\"twitter:label1\" content=\"\u0648\u0642\u062a \u0627\u0644\u0642\u0631\u0627\u0621\u0629 \u0627\u0644\u0645\u064f\u0642\u062f\u0651\u0631\" \/>\n\t<meta name=\"twitter:data1\" content=\"5 \u062f\u0642\u0627\u0626\u0642\" \/>\n<script type=\"application\/ld+json\" class=\"yoast-schema-graph\">{\"@context\":\"https:\\\/\\\/schema.org\",\"@graph\":[{\"@type\":\"WebPage\",\"@id\":\"https:\\\/\\\/kohenavocats.com\\\/ar\\\/jurisprudences\\\/eclinlrbdha20268946-rechtbank-den-haag-13-04-2026-nl25-43062\\\/\",\"url\":\"https:\\\/\\\/kohenavocats.com\\\/ar\\\/jurisprudences\\\/eclinlrbdha20268946-rechtbank-den-haag-13-04-2026-nl25-43062\\\/\",\"name\":\"ECLI:NL:RBDHA:2026:8946 Rechtbank Den Haag , 13-04-2026 \\\/ NL25.43062 - Ma\u00eetre Hassan Kohen, avocat en droit p\u00e9nal \u00e0 Paris\",\"isPartOf\":{\"@id\":\"https:\\\/\\\/kohenavocats.com\\\/ar\\\/#website\"},\"datePublished\":\"2026-04-14T23:32:17+00:00\",\"breadcrumb\":{\"@id\":\"https:\\\/\\\/kohenavocats.com\\\/ar\\\/jurisprudences\\\/eclinlrbdha20268946-rechtbank-den-haag-13-04-2026-nl25-43062\\\/#breadcrumb\"},\"inLanguage\":\"ar\",\"potentialAction\":[{\"@type\":\"ReadAction\",\"target\":[\"https:\\\/\\\/kohenavocats.com\\\/ar\\\/jurisprudences\\\/eclinlrbdha20268946-rechtbank-den-haag-13-04-2026-nl25-43062\\\/\"]}]},{\"@type\":\"BreadcrumbList\",\"@id\":\"https:\\\/\\\/kohenavocats.com\\\/ar\\\/jurisprudences\\\/eclinlrbdha20268946-rechtbank-den-haag-13-04-2026-nl25-43062\\\/#breadcrumb\",\"itemListElement\":[{\"@type\":\"ListItem\",\"position\":1,\"name\":\"Home\",\"item\":\"https:\\\/\\\/kohenavocats.com\\\/ar\\\/%d9%85%d8%ad%d8%a7%d9%85%d9%88%d9%86-%d9%85%d8%aa%d8%ae%d8%b5%d8%b5%d9%88%d9%86-%d9%81%d9%8a-%d8%a7%d9%84%d9%82%d8%a7%d9%86%d9%88%d9%86-%d8%a7%d9%84%d8%ac%d9%86%d8%a7%d8%a6%d9%8a-%d8%a8%d8%a8%d8%a7\\\/\"},{\"@type\":\"ListItem\",\"position\":2,\"name\":\"Jurisprudences\",\"item\":\"https:\\\/\\\/kohenavocats.com\\\/ar\\\/jurisprudences\\\/\"},{\"@type\":\"ListItem\",\"position\":3,\"name\":\"ECLI:NL:RBDHA:2026:8946 Rechtbank Den Haag , 13-04-2026 \\\/ NL25.43062\"}]},{\"@type\":\"WebSite\",\"@id\":\"https:\\\/\\\/kohenavocats.com\\\/ar\\\/#website\",\"url\":\"https:\\\/\\\/kohenavocats.com\\\/ar\\\/\",\"name\":\"Kohen Avocats\",\"description\":\"Ma\u00eetre Hassan Kohen, avocat p\u00e9naliste \u00e0 Paris, intervient exclusivement en droit p\u00e9nal pour la d\u00e9fense des particuliers, notamment en mati\u00e8re d\u2019accusations de viol. Il assure un accompagnement rigoureux d\u00e8s la garde \u00e0 vue jusqu\u2019\u00e0 la Cour d\u2019assises, veillant au strict respect des garanties proc\u00e9durales.\",\"publisher\":{\"@id\":\"https:\\\/\\\/kohenavocats.com\\\/ar\\\/#organization\"},\"potentialAction\":[{\"@type\":\"SearchAction\",\"target\":{\"@type\":\"EntryPoint\",\"urlTemplate\":\"https:\\\/\\\/kohenavocats.com\\\/ar\\\/?s={search_term_string}\"},\"query-input\":{\"@type\":\"PropertyValueSpecification\",\"valueRequired\":true,\"valueName\":\"search_term_string\"}}],\"inLanguage\":\"ar\"},{\"@type\":\"Organization\",\"@id\":\"https:\\\/\\\/kohenavocats.com\\\/ar\\\/#organization\",\"name\":\"Kohen Avocats\",\"url\":\"https:\\\/\\\/kohenavocats.com\\\/ar\\\/\",\"logo\":{\"@type\":\"ImageObject\",\"inLanguage\":\"ar\",\"@id\":\"https:\\\/\\\/kohenavocats.com\\\/ar\\\/#\\\/schema\\\/logo\\\/image\\\/\",\"url\":\"https:\\\/\\\/kohenavocats.com\\\/wp-content\\\/uploads\\\/2026\\\/01\\\/Logo-2-1.webp\",\"contentUrl\":\"https:\\\/\\\/kohenavocats.com\\\/wp-content\\\/uploads\\\/2026\\\/01\\\/Logo-2-1.webp\",\"width\":2114,\"height\":1253,\"caption\":\"Kohen Avocats\"},\"image\":{\"@id\":\"https:\\\/\\\/kohenavocats.com\\\/ar\\\/#\\\/schema\\\/logo\\\/image\\\/\"}}]}<\/script>\n<!-- \/ Yoast SEO Premium plugin. -->","yoast_head_json":{"title":"ECLI:NL:RBDHA:2026:8946 Rechtbank Den Haag , 13-04-2026 \/ NL25.43062 - Ma\u00eetre Hassan Kohen, avocat en droit p\u00e9nal \u00e0 Paris","robots":{"index":"index","follow":"follow","max-snippet":"max-snippet:-1","max-image-preview":"max-image-preview:large","max-video-preview":"max-video-preview:-1"},"canonical":"https:\/\/kohenavocats.com\/ar\/jurisprudences\/eclinlrbdha20268946-rechtbank-den-haag-13-04-2026-nl25-43062\/","og_locale":"ar_AR","og_type":"article","og_title":"ECLI:NL:RBDHA:2026:8946 Rechtbank Den Haag , 13-04-2026 \/ NL25.43062","og_description":"Dublin \/ Oostenrijk \/ ongegrond","og_url":"https:\/\/kohenavocats.com\/ar\/jurisprudences\/eclinlrbdha20268946-rechtbank-den-haag-13-04-2026-nl25-43062\/","og_site_name":"Ma\u00eetre Hassan Kohen, avocat en droit p\u00e9nal \u00e0 Paris","twitter_card":"summary_large_image","twitter_misc":{"\u0648\u0642\u062a \u0627\u0644\u0642\u0631\u0627\u0621\u0629 \u0627\u0644\u0645\u064f\u0642\u062f\u0651\u0631":"5 \u062f\u0642\u0627\u0626\u0642"},"schema":{"@context":"https:\/\/schema.org","@graph":[{"@type":"WebPage","@id":"https:\/\/kohenavocats.com\/ar\/jurisprudences\/eclinlrbdha20268946-rechtbank-den-haag-13-04-2026-nl25-43062\/","url":"https:\/\/kohenavocats.com\/ar\/jurisprudences\/eclinlrbdha20268946-rechtbank-den-haag-13-04-2026-nl25-43062\/","name":"ECLI:NL:RBDHA:2026:8946 Rechtbank Den Haag , 13-04-2026 \/ NL25.43062 - Ma\u00eetre Hassan Kohen, avocat en droit p\u00e9nal \u00e0 Paris","isPartOf":{"@id":"https:\/\/kohenavocats.com\/ar\/#website"},"datePublished":"2026-04-14T23:32:17+00:00","breadcrumb":{"@id":"https:\/\/kohenavocats.com\/ar\/jurisprudences\/eclinlrbdha20268946-rechtbank-den-haag-13-04-2026-nl25-43062\/#breadcrumb"},"inLanguage":"ar","potentialAction":[{"@type":"ReadAction","target":["https:\/\/kohenavocats.com\/ar\/jurisprudences\/eclinlrbdha20268946-rechtbank-den-haag-13-04-2026-nl25-43062\/"]}]},{"@type":"BreadcrumbList","@id":"https:\/\/kohenavocats.com\/ar\/jurisprudences\/eclinlrbdha20268946-rechtbank-den-haag-13-04-2026-nl25-43062\/#breadcrumb","itemListElement":[{"@type":"ListItem","position":1,"name":"Home","item":"https:\/\/kohenavocats.com\/ar\/%d9%85%d8%ad%d8%a7%d9%85%d9%88%d9%86-%d9%85%d8%aa%d8%ae%d8%b5%d8%b5%d9%88%d9%86-%d9%81%d9%8a-%d8%a7%d9%84%d9%82%d8%a7%d9%86%d9%88%d9%86-%d8%a7%d9%84%d8%ac%d9%86%d8%a7%d8%a6%d9%8a-%d8%a8%d8%a8%d8%a7\/"},{"@type":"ListItem","position":2,"name":"Jurisprudences","item":"https:\/\/kohenavocats.com\/ar\/jurisprudences\/"},{"@type":"ListItem","position":3,"name":"ECLI:NL:RBDHA:2026:8946 Rechtbank Den Haag , 13-04-2026 \/ NL25.43062"}]},{"@type":"WebSite","@id":"https:\/\/kohenavocats.com\/ar\/#website","url":"https:\/\/kohenavocats.com\/ar\/","name":"Kohen Avocats","description":"Ma\u00eetre Hassan Kohen, avocat p\u00e9naliste \u00e0 Paris, intervient exclusivement en droit p\u00e9nal pour la d\u00e9fense des particuliers, notamment en mati\u00e8re d\u2019accusations de viol. Il assure un accompagnement rigoureux d\u00e8s la garde \u00e0 vue jusqu\u2019\u00e0 la Cour d\u2019assises, veillant au strict respect des garanties proc\u00e9durales.","publisher":{"@id":"https:\/\/kohenavocats.com\/ar\/#organization"},"potentialAction":[{"@type":"SearchAction","target":{"@type":"EntryPoint","urlTemplate":"https:\/\/kohenavocats.com\/ar\/?s={search_term_string}"},"query-input":{"@type":"PropertyValueSpecification","valueRequired":true,"valueName":"search_term_string"}}],"inLanguage":"ar"},{"@type":"Organization","@id":"https:\/\/kohenavocats.com\/ar\/#organization","name":"Kohen Avocats","url":"https:\/\/kohenavocats.com\/ar\/","logo":{"@type":"ImageObject","inLanguage":"ar","@id":"https:\/\/kohenavocats.com\/ar\/#\/schema\/logo\/image\/","url":"https:\/\/kohenavocats.com\/wp-content\/uploads\/2026\/01\/Logo-2-1.webp","contentUrl":"https:\/\/kohenavocats.com\/wp-content\/uploads\/2026\/01\/Logo-2-1.webp","width":2114,"height":1253,"caption":"Kohen Avocats"},"image":{"@id":"https:\/\/kohenavocats.com\/ar\/#\/schema\/logo\/image\/"}}]}},"jetpack_likes_enabled":false,"jetpack_sharing_enabled":true,"_links":{"self":[{"href":"https:\/\/kohenavocats.com\/ar\/wp-json\/wp\/v2\/kji_decision\/563342","targetHints":{"allow":["GET"]}}],"collection":[{"href":"https:\/\/kohenavocats.com\/ar\/wp-json\/wp\/v2\/kji_decision"}],"about":[{"href":"https:\/\/kohenavocats.com\/ar\/wp-json\/wp\/v2\/types\/kji_decision"}],"wp:attachment":[{"href":"https:\/\/kohenavocats.com\/ar\/wp-json\/wp\/v2\/media?parent=563342"}],"wp:term":[{"taxonomy":"kji_country","embeddable":true,"href":"https:\/\/kohenavocats.com\/ar\/wp-json\/wp\/v2\/kji_country?post=563342"},{"taxonomy":"kji_court","embeddable":true,"href":"https:\/\/kohenavocats.com\/ar\/wp-json\/wp\/v2\/kji_court?post=563342"},{"taxonomy":"kji_chamber","embeddable":true,"href":"https:\/\/kohenavocats.com\/ar\/wp-json\/wp\/v2\/kji_chamber?post=563342"},{"taxonomy":"kji_year","embeddable":true,"href":"https:\/\/kohenavocats.com\/ar\/wp-json\/wp\/v2\/kji_year?post=563342"},{"taxonomy":"kji_subject","embeddable":true,"href":"https:\/\/kohenavocats.com\/ar\/wp-json\/wp\/v2\/kji_subject?post=563342"},{"taxonomy":"kji_keyword","embeddable":true,"href":"https:\/\/kohenavocats.com\/ar\/wp-json\/wp\/v2\/kji_keyword?post=563342"},{"taxonomy":"kji_language","embeddable":true,"href":"https:\/\/kohenavocats.com\/ar\/wp-json\/wp\/v2\/kji_language?post=563342"}],"curies":[{"name":"wp","href":"https:\/\/api.w.org\/{rel}","templated":true}]}}