{"id":563758,"date":"2026-04-15T02:33:56","date_gmt":"2026-04-15T00:33:56","guid":{"rendered":"https:\/\/kohenavocats.com\/jurisprudences\/eclinlghams2026954-gerechtshof-amsterdam-10-04-2026-23-002008-25\/"},"modified":"2026-04-15T02:33:56","modified_gmt":"2026-04-15T00:33:56","slug":"eclinlghams2026954-gerechtshof-amsterdam-10-04-2026-23-002008-25","status":"publish","type":"kji_decision","link":"https:\/\/kohenavocats.com\/ar\/jurisprudences\/eclinlghams2026954-gerechtshof-amsterdam-10-04-2026-23-002008-25\/","title":{"rendered":"ECLI:NL:GHAMS:2026:954 Gerechtshof Amsterdam , 10-04-2026 \/ 23-002008-25"},"content":{"rendered":"<div class=\"kji-decision\">\n<div class=\"kji-full-text\">\n<p><strong>Inhoudsindicatie.<\/strong> Veroordeling voor twee fietsendiefstallen, bedreiging en overtreding van APV in Zandvoort. Vrijspraak van fietsendiefstal, niet vast te stellen dat de verdachte de persoon op de camerabeelden is. Artikel 63, recidive. Vordering benadeelde partij toegewezen. Beslag. Vordering tenuitvoerlegging toegewezen. Gevangenisstraf 21 dagen waarvan 17 dagen voorwaardelijk met aftrek en proeftijd 2 jaar, taakstraf 60 uur. Ten aanzien van APV overtreding een geldboete van 140 euro voorwaardelijk met proeftijd van 2 jaar.<\/p>\n<p>nnn<\/p>\n<p>afdeling strafrecht<\/p>\n<p>parketnummer: 23-002008-25<\/p>\n<p>datum uitspraak: 10 april 2026<\/p>\n<p>TEGENSPRAAK<\/p>\n<p>Verkort arrest van het gerechtshof Amsterdam gewezen op het hoger beroep, ingesteld tegen het vonnis van de politierechter in de rechtbank Noord-Holland van 1 september 2025 in de strafzaak onder de parketnummers 15-170134-25 en 15-090058-24 (TUL) tegen<\/p>\n<p>[verdachte]<br \/>\n ,<\/p>\n<p>geboren te [geboorteplaats] op [geboortedag] 1982,<\/p>\n<p>adres: [adres] .<\/p>\n<h3>Onderzoek van de zaak<\/h3>\n<p>Dit arrest is gewezen naar aanleiding van het onderzoek ter terechtzitting in hoger beroep van 27 maart 2026 en naar aanleiding van het onderzoek ter terechtzitting in eerste aanleg.<\/p>\n<p>De verdachte heeft hoger beroep ingesteld tegen voormeld vonnis.<\/p>\n<p>Het hof heeft kennisgenomen van de vordering van de advocaat-generaal en van hetgeen de verdachte en de raadsman naar voren hebben gebracht.<\/p>\n<h3>Tenlastelegging<\/h3>\n<p>Aan de verdachte is tenlastegelegd dat:<\/p>\n<p>1.<br \/>\nhij op of omstreeks 25 maart 2025 te Zandvoort een fiets, in elk geval enig goed, dat\/die geheel of ten dele aan [slachtoffer 1] , in elk geval aan een ander toebehoorde(n) heeft weggenomen met het oogmerk om het zich wederrechtelijk toe te eigenen;<\/p>\n<p>2.<br \/>\nhij op of omstreeks 16 april 2025 te Zandvoort een fiets, in elk geval enig goed, dat\/die geheel of ten dele aan [slachtoffer 2] , in elk geval aan een ander toebehoorde(n) heeft weggenomen met het oogmerk om het zich wederrechtelijk toe te eigenen;<\/p>\n<p>3.<br \/>\nhij op of omstreeks 9 mei 2025 te Zandvoort [slachtoffer 3] heeft bedreigd met enig misdrijf tegen het leven gericht en\/of met zware mishandeling, door die [slachtoffer 3] dreigend de woorden toe te voegen waar bemoei je je mee mietje. Kom neus staan dan met me. Ik sla je hele kop in puin. Ik sla je helemaal dood, althans woorden van gelijke dreigende aard of strekking;<\/p>\n<p>4.<br \/>\nhij op of omstreeks 25 mei 2025 te Zandvoort een fiets, in elk geval enig goed, dat\/die geheel of ten dele aan [benadeelde partij] , in elk geval aan een ander toebehoorde(n) heeft weggenomen met het oogmerk om het zich wederrechtelijk toe te eigenen;<\/p>\n<p>5.<br \/>\nhij op of omstreeks 2 juni 2025 te Zandvoort, op een openbare plaats inbrekerswerktuigen, te weten een slijpmachine, een tang, een lamellenschijf ten behoeve van een slijpmachine en een schroevendraaier , heeft vervoerd en\/of bij zich heeft gehad;<\/p>\n<p>Voor zover in de tenlastelegging taal- en\/of schrijffouten voorkomen, zal het hof deze verbeterd lezen. De verdachte wordt daardoor niet in de verdediging geschaad.<\/p>\n<h3>Vonnis waarvan beroep<\/h3>\n<p>Het vonnis waarvan beroep zal worden vernietigd, omdat het hof tot een andere bewezenverklaring dan de politierechter komt.<\/p>\n<h3>Vrijspraak<\/h3>\n<p>Met zowel de advocaat-generaal als de raadsman is het hof van oordeel dat niet wettig en overtuigend is bewezen hetgeen de verdachte onder 2 is tenlastegelegd, zodat de verdachte hiervan moet worden vrijgesproken. De betreffende fiets is niet bij de verdachte aangetroffen en gelet op de kwaliteit van de camerabeelden en het beperkte aantal te onderscheiden kenmerken van de persoon op de beelden (de dader), is bij gebrek aan overige steun daarvoor niet vast te stellen dat de verdachte die persoon is.<\/p>\n<h3>Bewijsoverwegingen ten aanzien van de overige feiten<\/h3>\n<p>De advocaat-generaal heeft gevorderd dat de verdachte wordt veroordeeld voor de onder feit 1, 3, 4 en 5 aan hem tenlastegelegde.<\/p>\n<p>De verdachte heeft ter terechtzitting in hoger beroep verklaard dat het klopt dat hij een discussie heeft gehad met [slachtoffer 3] op 9 mei 2025, maar heeft ontkend hem te hebben bedreigd. De verdachte heeft feit 1, 4 en feit 5 niet meer betwist.<\/p>\n<p>De raadsman heeft zich ter terechtzitting in hoger beroep op het standpunt gesteld dat de verdachte moet worden vrijgesproken van feit 3.<\/p>\n<p>Oordeel van het hof<\/p>\n<p>Uit het dossier kunnen de volgende feiten en omstandigheden worden afgeleid. [slachtoffer 3] heeft verklaard dat hij de verdachte hoorde roepen over dat de aangifte die eerder tegen de verdachte was gedaan, moest worden ingetrokken. Daarna zou de verdachte [slachtoffer 3] hebben bedreigd door te zeggen: \u201cWaar bemoei je je mee mietje. Kom neus staan dan met me. Ik sla je hele kop in puin. Ik sla je helemaal dood\u201d. Getuige [getuige] heeft ook verklaard dat hij de verdachte heeft horen roepen over het intrekken van de aangifte. De getuige weet niet precies wat de verdachte tegen [slachtoffer 3] heeft gezegd, maar wel dat het geen leuke dingen waren. De verdachte heeft erkend dat er een hevige discussie heeft plaatsgevonden. Op basis van het dossier ziet het hof geen reden om te twijfelen aan hetgeen de aangever heeft verklaard. Hetgeen de verdachte daar tegenover stelt, vindt zijn weerlegging in het voorgaande en in de te bezigen bewijsmiddelen.<\/p>\n<h3>Bewezenverklaring<\/h3>\n<p>Het hof acht wettig en overtuigend bewezen dat de verdachte het onder 1, 3, 4 en 5 tenlastegelegde heeft begaan, met dien verstande dat:<\/p>\n<p>1.<br \/>\nhij op 25 maart 2025 te Zandvoort een fiets, die geheel aan [slachtoffer 1] , toebehoorde heeft weggenomen met het oogmerk om het zich wederrechtelijk toe te eigenen;<\/p>\n<p>3.<br \/>\nhij op 9 mei 2025 te Zandvoort [slachtoffer 3] heeft bedreigd met enig misdrijf tegen het leven gericht door die [slachtoffer 3] dreigend de woorden toe te voegen: Waar bemoei je je mee mietje. Kom neus staan dan met me. Ik sla je hele kop in puin. Ik sla je helemaal dood, althans woorden van gelijke dreigende aard of strekking;<\/p>\n<p>4.<br \/>\nhij op 25 mei 2025 te Zandvoort een fiets, die geheel aan [benadeelde partij] , toebehoorde heeft weggenomen met het oogmerk om het zich wederrechtelijk toe te eigenen;<\/p>\n<p>5.<br \/>\nhij op 2 juni 2025 te Zandvoort, op een openbare plaats inbrekerswerktuigen, te weten een slijpmachine, een tang, een lamellenschijf ten behoeve van een slijpmachine en een schroevendraaier, heeft vervoerd en bij zich heeft gehad;<\/p>\n<p>Hetgeen onder 1, 3, 4 en 5 meer of anders is tenlastegelegd, is niet bewezen. De verdachte moet hiervan worden vrijgesproken.<\/p>\n<p>Het bewezenverklaarde is gegrond op de feiten en omstandigheden die in de bewijsmiddelen zijn vervat, zoals deze na het eventueel instellen van beroep in cassatie zullen worden opgenomen in de op te maken aanvulling op dit arrest.<\/p>\n<h3>Strafbaarheid van het bewezenverklaarde<\/h3>\n<p>Geen omstandigheid is aannemelijk geworden die de strafbaarheid van het onder 1, 3, 4 en 5 bewezenverklaarde uitsluit, zodat dit strafbaar is.<\/p>\n<p>Het onder 1 en 4 bewezenverklaarde levert op:<\/p>\n<p>telkens:<\/p>\n<p>diefstal.<\/p>\n<p>Het onder 3 bewezenverklaarde levert op:<\/p>\n<p>bedreiging met enig misdrijf tegen het leven gericht.<\/p>\n<p>Het onder 5 bewezenverklaarde levert op:<\/p>\n<p>overtreding van het bepaalde in artikel 2:44, eerste lid, van de Algemene Plaatselijke Verordening Zandvoort 2017<\/p>\n<h3>Strafbaarheid van de verdachte<\/h3>\n<p>De verdachte is strafbaar, omdat geen omstandigheid aannemelijk is geworden die de strafbaarheid ten aanzien van het onder 1, 3, 4 en 5 bewezenverklaarde uitsluit.<\/p>\n<h3>Oplegging van straf en maatregel<\/h3>\n<p>De politierechter heeft de verdachte voor het in eerste aanleg feit 1, 2, 3 en 4 bewezenverklaarde veroordeeld tot een gevangenisstraf van 7 weken met aftrek van voorarrest, en ten aanzien van feit 5 tot een geldboete van 140 euro.<\/p>\n<p>De advocaat-generaal heeft gevorderd dat de verdachte zal worden veroordeeld tot een gevangenisstraf voor de duur van 21 dagen waarvan 17 dagen voorwaardelijk met een proeftijd van twee jaren, met aftrek van voorarrest, en een taakstraf voor de duur van 60 uur.<\/p>\n<p>De raadsman heeft het hof verzocht om de verdachte een taakstraf op te leggen.<\/p>\n<p>Het hof heeft in hoger beroep de op te leggen straf en maatregel bepaald op grond van de ernst van de feiten en de omstandigheden waaronder deze zijn begaan en gelet op de persoon van de verdachte. Het hof heeft daarbij in het bijzonder het volgende in beschouwing genomen.<\/p>\n<p>De verdachte heeft zich tweemaal schuldig gemaakt aan fietsendiefstal. Fietsendiefstal veroorzaakt hinder, schade en ergernis voor de benadeelden. Door aldus te handelen heeft de verdachte er blijk van gegeven geen respect te hebben voor de eigendomsrechten van anderen. Daarnaast heeft de verdachte zich schuldig gemaakt aan bedreiging van [slachtoffer 3] . De bedreigingen hebben bij [slachtoffer 3] de vrees opgewekt fysiek door de verdachte te worden aangevallen en hebben hem in zijn persoonlijke integriteit aangetast.<\/p>\n<p>Het hof zal rekening houden met artikel 63 van het Wetboek van Strafrecht.<\/p>\n<p>Het hof heeft acht geslagen op een op de verdachte betreffend uittreksel uit de Justiti\u00eble Documentatie van 13 maart 2026, waaruit blijkt dat hij eerder onherroepelijk veroordeeld is terzake diefstal. Het hof rekent dit de verdachte aan.<\/p>\n<p>Voorts heeft het hof gelet op de persoonlijke omstandigheden van de verdachte, voor zover daarvan ter terechtzitting in hoger beroep is gebleken. Ten overstaan van het hof heeft de verdachte verklaard dat hij momenteel in een vrijwillig traject zit bij het Leger des Heils en wil werken aan zijn verslavingsproblematiek. De verdachte gaat binnenkort naar beschermd wonen en vanaf daar kan hij doorstromen naar een plek voor begeleid wonen. Het hof acht een en ander aannemelijk geworden. De verdachte heeft aangegeven dat hij in staat is om een taakstraf uit te voeren.<\/p>\n<p>Het hof acht ten aanzien van feit 1, 3, en 4, alles afwegende, een gevangenisstraf en taakstraf van na te melden duur passend en geboden. Het hof acht ten aanzien van feit 5 een geldboete van na te melden hoogte passend en geboden.<\/p>\n<h3>Beslag<\/h3>\n<p>De advocaat-generaal heeft gevorderd dat het hof ten aanzien van het beslag conform de beslissing van de politierechter zal beslissen.<\/p>\n<p>De raadsman heeft zich gerefereerd aan het oordeel van het hof.<\/p>\n<p>Onder de verdachte zijn de nader in het dictum gespecificeerde voorwerpen in beslag genomen.<\/p>\n<p>Het onder 5 tenlastegelegde en bewezenverklaarde is begaan met behulp van de hierna te noemen in beslag genomen en niet teruggegeven voorwerpen. Zij behoren de verdachte toe. Zij zullen daarom worden verbeurd verklaard.<\/p>\n<p>Met de politierechter is het hof van oordeel dat het onder de verdachte in beslag genomen en niet teruggegeven voorwerp, te weten een fiets met hulpmotor, dient te worden bewaard ten behoeve van de rechthebbende, aangezien tot nu toe geen persoon als rechthebbende kan worden aangemerkt.<\/p>\n<h3>Vordering van de benadeelde partij [benadeelde partij]<\/h3>\n<p>De benadeelde partij heeft zich in eerste aanleg in het strafproces gevoegd met een vordering tot schadevergoeding. Deze bedraagt \u20ac 3.587,62. De vordering is bij het vonnis waarvan beroep toegewezen tot een bedrag van \u20ac 2.833,99. De benadeelde partij heeft zich in hoger beroep niet opnieuw gevoegd. Het hof heeft in hoger beroep te oordelen over de gevorderde schadevergoeding voor zover deze in eerste aanleg is toegewezen.<\/p>\n<p>Uit het onderzoek ter terechtzitting is het hof voldoende gebleken dat de benadeelde partij als gevolg van het onder 4 bewezenverklaarde handelen van de verdachte rechtstreeks schade heeft geleden. Wegens het beperkte tijdsverloop tussen de beslissing van de politierechter in september 2025 en het hoger beroep, komt het hof niet tot een andere schatting van de dagwaarde van de fiets dan de politierechter. Het hof sluit aan bij deze schatting en wijst de vordering volledig toe tot een bedrag van \u20ac 2.833,99. De verdachte is tot vergoeding van die schade gehouden zodat de vordering zal worden toegewezen.<\/p>\n<p>Het hof zal de schadevergoedingsmaatregel opleggen op de hierna te noemen wijze om te bevorderen dat de schade door de verdachte wordt vergoed.<\/p>\n<h3>Toepasselijke wettelijke voorschriften<\/h3>\n<p>De op te leggen straf en maatregel zijn gegrond op de artikelen 9, 14a, 14b, 14c, 22c, 22d, 23, 24, 24c, 33, 33a, 36f, 57, 62, 63, 285 en 310 van het Wetboek van Strafrecht en artikel 2:44 van de Algemene plaatselijke verordening gemeente Zandvoort 2017.<\/p>\n<h3>Vordering tenuitvoerlegging<\/h3>\n<p>Het openbaar ministerie heeft gevorderd de tenuitvoerlegging van de bij vonnis van de politierechter in de rechtbank Noord-Holland van 15 november 2024 opgelegde voorwaardelijke taakstraf van 40 uur subsidiair 20 dagen vervangende hechtenis met een proeftijd van 2 jaren. Deze vordering is in hoger beroep opnieuw aan de orde.<\/p>\n<p>Gebleken is dat de verdachte zich voor het einde van de proeftijd aan een strafbaar feit heeft schuldig gemaakt. Daarom zal de tenuitvoerlegging van die voorwaardelijk opgelegde straf worden gelast.<\/p>\n<h3>BESLISSING<\/h3>\n<p>Het hof:<\/p>\n<p>Vernietigt het vonnis waarvan beroep en doet opnieuw recht:<\/p>\n<p>Verklaart niet bewezen dat de verdachte het onder 2 tenlastegelegde heeft begaan en spreekt de verdachte daarvan vrij.<\/p>\n<p>Verklaart zoals hiervoor overwogen bewezen dat de verdachte het onder 1, 3, 4 en 5 tenlastegelegde heeft begaan.<\/p>\n<p>Verklaart niet bewezen hetgeen de verdachte meer of anders is tenlastegelegd dan hierboven is bewezenverklaard en spreekt de verdachte daarvan vrij.<\/p>\n<p>Verklaart het onder 1, 3, 4 en 5 bewezenverklaarde strafbaar, kwalificeert dit als hiervoor vermeld en verklaart de verdachte strafbaar.<\/p>\n<p>Ten aanzien van het in de zaak met parketnummer 15-170134-25 onder 1, 3 en 4 bewezenverklaarde:<\/p>\n<p>Veroordeelt de verdachte tot een gevangenisstraf voor de duur van 21 (eenentwintig) dagen.<\/p>\n<p>Bepaalt dat een gedeelte van de gevangenisstraf, groot 17 (zeventien) dagen, niet ten uitvoer zal worden gelegd, tenzij de rechter later anders mocht gelasten omdat de verdachte zich voor het einde van een proeftijd van 2 (twee) jaren aan een strafbaar feit heeft schuldig gemaakt.<\/p>\n<p>Beveelt dat de tijd die door de verdachte v\u00f3\u00f3r de tenuitvoerlegging van deze uitspraak in enige in artikel 27, eerste lid, van het Wetboek van Strafrecht bedoelde vorm van voorarrest is doorgebracht, bij de uitvoering van de opgelegde gevangenisstraf in mindering zal worden gebracht, voor zover die tijd niet reeds op een andere straf in mindering is gebracht.<\/p>\n<p>Veroordeelt de verdachte tot een taakstraf voor de duur van 60 (zestig) uren, indien niet naar behoren verricht te vervangen door 30 (dertig) dagen hechtenis.<\/p>\n<p>Ten aanzien van het in de zaak met parketnummer 15-170134-25 onder 5 bewezenverklaarde:<\/p>\n<p>Veroordeelt de verdachte tot een geldboete van \u20ac 140,00 (honderdveertig euro), bij gebreke van betaling en verhaal te vervangen door 1 (\u00e9\u00e9n) dag hechtenis.<\/p>\n<p>Bepaalt dat de geldboete niet ten uitvoer zal worden gelegd, tenzij de rechter later anders mocht gelasten omdat verdachte zich voor het einde van een proeftijd van 2 (twee) jaren aan een strafbaar feit heeft schuldig gemaakt.<\/p>\n<p>Verklaart verbeurd de in beslag genomen, nog niet teruggegeven voorwerpen, te weten:<\/p>\n<p>&#8211; 1 STK Slijpmachine (1736386);<\/p>\n<p>&#8211; 1 STK Accu (1736383);<\/p>\n<p>&#8211; 1 STK Slijpschijf (1736387);<\/p>\n<p>&#8211; 1 STK Schroevendraaier (1736396);<\/p>\n<p>&#8211; 1 STK Dopsleutel (1736397).<\/p>\n<p>Gelast de bewaring ten behoeve van de rechthebbende van het in beslag genomen, nog niet teruggegeven voorwerp, te weten:<\/p>\n<p>&#8211; 1 STK Fiets met hulpmotor (1736389).<\/p>\n<p>Vordering van de benadeelde partij [benadeelde partij]<\/p>\n<p>Wijst toe de vordering tot schadevergoeding van de benadeelde partij [benadeelde partij] ter zake van het onder 4 bewezenverklaarde tot het bedrag van \u20ac 2.833,99 (tweeduizend achthonderddrie\u00ebndertig euro en negenennegentig cent) ter zake van materi\u00eble schade, vermeerderd met de wettelijke rente vanaf de hierna te noemen aanvangsdatum tot aan de dag der voldoening.<\/p>\n<p>Veroordeelt de verdachte in de door de benadeelde partij gemaakte en ten behoeve van de tenuitvoerlegging nog te maken kosten, tot aan de datum van deze uitspraak begroot op nihil.<\/p>\n<p>Legt aan de verdachte de verplichting op om aan de Staat, ten behoeve van het slachtoffer, genaamd [benadeelde partij] , ter zake van het onder 4 bewezenverklaarde een bedrag te betalen van \u20ac 2.833,99 (tweeduizend achthonderddrie\u00ebndertig euro en negenennegentig cent) als vergoeding voor materi\u00eble schade, vermeerderd met de wettelijke rente vanaf de hierna te noemen aanvangsdatum tot aan de dag der voldoening.<\/p>\n<p>Bepaalt de duur van de gijzeling op ten hoogste 28 (achtentwintig) dagen. Toepassing van die gijzeling heft de verplichting tot schadevergoeding aan de Staat ten behoeve van het slachtoffer niet op.<\/p>\n<p>Bepaalt dat indien en voor zover de verdachte aan een van beide betalingsverplichtingen heeft voldaan, de andere vervalt.<\/p>\n<p>Bepaalt de aanvangsdatum van de wettelijke rente voor de materi\u00eble schade op 25 mei 2025.<\/p>\n<p>Beveelt de tenuitvoerlegging van de bij vonnis van de politierechter in de rechtbank Noord-Holland van 15 november 2024, parketnummer 15-090058-24, voorwaardelijk opgelegde straf, te weten van:<\/p>\n<p>&#8211; een taakstrafvoor de duur van 40 (veertig) uren, bij gebreke van het naar behoren verrichten te vervangen door 20 (twintig) dagen hechtenis.<\/p>\n<p>Dit arrest is gewezen door de meervoudige strafkamer van het gerechtshof Amsterdam, waarin zitting hadden mr. M.J.A. Duker, mr. M. Iedema en mr. B. de Wilde, in tegenwoordigheid van mr. L.M. Steur, griffier, en is uitgesproken op de openbare terechtzitting van dit gerechtshof van 10 april 2026.<\/p>\n<p>Mr. B. de Wilde is buiten staat dit arrest mede te ondertekenen.<\/p>\n<p>=========================================================================<\/p>\n<p>[\u2026]<\/p>\n<\/div>\n<hr class=\"kji-sep\" \/>\n<p class=\"kji-source-links\"><strong>Sources officielles :<\/strong> <a class=\"kji-source-link\" href=\"http:\/\/deeplink.rechtspraak.nl\/uitspraak?id=ECLI:NL:GHAMS:2026:954\" target=\"_blank\" rel=\"noopener noreferrer\">consulter la page source<\/a><\/p>\n<p class=\"kji-license-note\"><em>Rechtspraak.nl open data, Creative Commons Zero. Volume cible 1.8M decisions.<\/em><\/p>\n<\/div>\n","protected":false},"excerpt":{"rendered":"<p>Veroordeling voor twee fietsendiefstallen, bedreiging en overtreding van APV in Zandvoort. Vrijspraak van fietsendiefstal, niet vast te stellen dat de verdachte de persoon op de camerabeelden is. Artikel 63, recidive. Vordering benadeelde partij toegewezen. Beslag. Vordering tenuitvoerlegging toegewezen. Gevangenisstraf 21 dagen waarvan 17 dagen voorwaardelijk met aftrek en proeftijd 2 jaar, ta&#8230;<\/p>\n","protected":false},"featured_media":0,"template":"","meta":{"_crdt_document":""},"kji_country":[7669],"kji_court":[8385],"kji_chamber":[],"kji_year":[7610],"kji_subject":[7632],"kji_keyword":[8089,8185,10504,10505,8076],"kji_language":[7671],"class_list":["post-563758","kji_decision","type-kji_decision","status-publish","hentry","kji_country-pays-bas","kji_court-gerechtshof-amsterdam","kji_year-7610","kji_subject-penal","kji_keyword-dagen","kji_keyword-overtreding","kji_keyword-toegewezen","kji_keyword-voorwaardelijk","kji_keyword-vordering","kji_language-nl"],"yoast_head":"<!-- This site is optimized with the Yoast SEO Premium plugin v27.5 (Yoast SEO v27.5) - https:\/\/yoast.com\/product\/yoast-seo-premium-wordpress\/ -->\n<title>ECLI:NL:GHAMS:2026:954 Gerechtshof Amsterdam , 10-04-2026 \/ 23-002008-25 - Ma\u00eetre Hassan Kohen, avocat en droit p\u00e9nal \u00e0 Paris<\/title>\n<meta name=\"robots\" content=\"index, follow, max-snippet:-1, max-image-preview:large, max-video-preview:-1\" \/>\n<link rel=\"canonical\" href=\"https:\/\/kohenavocats.com\/ar\/jurisprudences\/eclinlghams2026954-gerechtshof-amsterdam-10-04-2026-23-002008-25\/\" \/>\n<meta property=\"og:locale\" content=\"ar_AR\" \/>\n<meta property=\"og:type\" content=\"article\" \/>\n<meta property=\"og:title\" content=\"ECLI:NL:GHAMS:2026:954 Gerechtshof Amsterdam , 10-04-2026 \/ 23-002008-25\" \/>\n<meta property=\"og:description\" content=\"Veroordeling voor twee fietsendiefstallen, bedreiging en overtreding van APV in Zandvoort. Vrijspraak van fietsendiefstal, niet vast te stellen dat de verdachte de persoon op de camerabeelden is. Artikel 63, recidive. Vordering benadeelde partij toegewezen. Beslag. Vordering tenuitvoerlegging toegewezen. Gevangenisstraf 21 dagen waarvan 17 dagen voorwaardelijk met aftrek en proeftijd 2 jaar, ta...\" \/>\n<meta property=\"og:url\" content=\"https:\/\/kohenavocats.com\/ar\/jurisprudences\/eclinlghams2026954-gerechtshof-amsterdam-10-04-2026-23-002008-25\/\" \/>\n<meta property=\"og:site_name\" content=\"Ma\u00eetre Hassan Kohen, avocat en droit p\u00e9nal \u00e0 Paris\" \/>\n<meta name=\"twitter:card\" content=\"summary_large_image\" \/>\n<meta name=\"twitter:label1\" content=\"\u0648\u0642\u062a \u0627\u0644\u0642\u0631\u0627\u0621\u0629 \u0627\u0644\u0645\u064f\u0642\u062f\u0651\u0631\" \/>\n\t<meta name=\"twitter:data1\" content=\"13 \u062f\u0642\u064a\u0642\u0629\" \/>\n<script type=\"application\/ld+json\" class=\"yoast-schema-graph\">{\"@context\":\"https:\\\/\\\/schema.org\",\"@graph\":[{\"@type\":\"WebPage\",\"@id\":\"https:\\\/\\\/kohenavocats.com\\\/ar\\\/jurisprudences\\\/eclinlghams2026954-gerechtshof-amsterdam-10-04-2026-23-002008-25\\\/\",\"url\":\"https:\\\/\\\/kohenavocats.com\\\/ar\\\/jurisprudences\\\/eclinlghams2026954-gerechtshof-amsterdam-10-04-2026-23-002008-25\\\/\",\"name\":\"ECLI:NL:GHAMS:2026:954 Gerechtshof Amsterdam , 10-04-2026 \\\/ 23-002008-25 - Ma\u00eetre Hassan Kohen, avocat en droit p\u00e9nal \u00e0 Paris\",\"isPartOf\":{\"@id\":\"https:\\\/\\\/kohenavocats.com\\\/ar\\\/#website\"},\"datePublished\":\"2026-04-15T00:33:56+00:00\",\"breadcrumb\":{\"@id\":\"https:\\\/\\\/kohenavocats.com\\\/ar\\\/jurisprudences\\\/eclinlghams2026954-gerechtshof-amsterdam-10-04-2026-23-002008-25\\\/#breadcrumb\"},\"inLanguage\":\"ar\",\"potentialAction\":[{\"@type\":\"ReadAction\",\"target\":[\"https:\\\/\\\/kohenavocats.com\\\/ar\\\/jurisprudences\\\/eclinlghams2026954-gerechtshof-amsterdam-10-04-2026-23-002008-25\\\/\"]}]},{\"@type\":\"BreadcrumbList\",\"@id\":\"https:\\\/\\\/kohenavocats.com\\\/ar\\\/jurisprudences\\\/eclinlghams2026954-gerechtshof-amsterdam-10-04-2026-23-002008-25\\\/#breadcrumb\",\"itemListElement\":[{\"@type\":\"ListItem\",\"position\":1,\"name\":\"Home\",\"item\":\"https:\\\/\\\/kohenavocats.com\\\/ar\\\/%d9%85%d8%ad%d8%a7%d9%85%d9%88%d9%86-%d9%85%d8%aa%d8%ae%d8%b5%d8%b5%d9%88%d9%86-%d9%81%d9%8a-%d8%a7%d9%84%d9%82%d8%a7%d9%86%d9%88%d9%86-%d8%a7%d9%84%d8%ac%d9%86%d8%a7%d8%a6%d9%8a-%d8%a8%d8%a8%d8%a7\\\/\"},{\"@type\":\"ListItem\",\"position\":2,\"name\":\"Jurisprudences\",\"item\":\"https:\\\/\\\/kohenavocats.com\\\/ar\\\/jurisprudences\\\/\"},{\"@type\":\"ListItem\",\"position\":3,\"name\":\"ECLI:NL:GHAMS:2026:954 Gerechtshof Amsterdam , 10-04-2026 \\\/ 23-002008-25\"}]},{\"@type\":\"WebSite\",\"@id\":\"https:\\\/\\\/kohenavocats.com\\\/ar\\\/#website\",\"url\":\"https:\\\/\\\/kohenavocats.com\\\/ar\\\/\",\"name\":\"Kohen Avocats\",\"description\":\"Ma\u00eetre Hassan Kohen, avocat p\u00e9naliste \u00e0 Paris, intervient exclusivement en droit p\u00e9nal pour la d\u00e9fense des particuliers, notamment en mati\u00e8re d\u2019accusations de viol. Il assure un accompagnement rigoureux d\u00e8s la garde \u00e0 vue jusqu\u2019\u00e0 la Cour d\u2019assises, veillant au strict respect des garanties proc\u00e9durales.\",\"publisher\":{\"@id\":\"https:\\\/\\\/kohenavocats.com\\\/ar\\\/#organization\"},\"potentialAction\":[{\"@type\":\"SearchAction\",\"target\":{\"@type\":\"EntryPoint\",\"urlTemplate\":\"https:\\\/\\\/kohenavocats.com\\\/ar\\\/?s={search_term_string}\"},\"query-input\":{\"@type\":\"PropertyValueSpecification\",\"valueRequired\":true,\"valueName\":\"search_term_string\"}}],\"inLanguage\":\"ar\"},{\"@type\":\"Organization\",\"@id\":\"https:\\\/\\\/kohenavocats.com\\\/ar\\\/#organization\",\"name\":\"Kohen Avocats\",\"url\":\"https:\\\/\\\/kohenavocats.com\\\/ar\\\/\",\"logo\":{\"@type\":\"ImageObject\",\"inLanguage\":\"ar\",\"@id\":\"https:\\\/\\\/kohenavocats.com\\\/ar\\\/#\\\/schema\\\/logo\\\/image\\\/\",\"url\":\"https:\\\/\\\/kohenavocats.com\\\/wp-content\\\/uploads\\\/2026\\\/01\\\/Logo-2-1.webp\",\"contentUrl\":\"https:\\\/\\\/kohenavocats.com\\\/wp-content\\\/uploads\\\/2026\\\/01\\\/Logo-2-1.webp\",\"width\":2114,\"height\":1253,\"caption\":\"Kohen Avocats\"},\"image\":{\"@id\":\"https:\\\/\\\/kohenavocats.com\\\/ar\\\/#\\\/schema\\\/logo\\\/image\\\/\"}}]}<\/script>\n<!-- \/ Yoast SEO Premium plugin. -->","yoast_head_json":{"title":"ECLI:NL:GHAMS:2026:954 Gerechtshof Amsterdam , 10-04-2026 \/ 23-002008-25 - Ma\u00eetre Hassan Kohen, avocat en droit p\u00e9nal \u00e0 Paris","robots":{"index":"index","follow":"follow","max-snippet":"max-snippet:-1","max-image-preview":"max-image-preview:large","max-video-preview":"max-video-preview:-1"},"canonical":"https:\/\/kohenavocats.com\/ar\/jurisprudences\/eclinlghams2026954-gerechtshof-amsterdam-10-04-2026-23-002008-25\/","og_locale":"ar_AR","og_type":"article","og_title":"ECLI:NL:GHAMS:2026:954 Gerechtshof Amsterdam , 10-04-2026 \/ 23-002008-25","og_description":"Veroordeling voor twee fietsendiefstallen, bedreiging en overtreding van APV in Zandvoort. Vrijspraak van fietsendiefstal, niet vast te stellen dat de verdachte de persoon op de camerabeelden is. Artikel 63, recidive. Vordering benadeelde partij toegewezen. Beslag. Vordering tenuitvoerlegging toegewezen. Gevangenisstraf 21 dagen waarvan 17 dagen voorwaardelijk met aftrek en proeftijd 2 jaar, ta...","og_url":"https:\/\/kohenavocats.com\/ar\/jurisprudences\/eclinlghams2026954-gerechtshof-amsterdam-10-04-2026-23-002008-25\/","og_site_name":"Ma\u00eetre Hassan Kohen, avocat en droit p\u00e9nal \u00e0 Paris","twitter_card":"summary_large_image","twitter_misc":{"\u0648\u0642\u062a \u0627\u0644\u0642\u0631\u0627\u0621\u0629 \u0627\u0644\u0645\u064f\u0642\u062f\u0651\u0631":"13 \u062f\u0642\u064a\u0642\u0629"},"schema":{"@context":"https:\/\/schema.org","@graph":[{"@type":"WebPage","@id":"https:\/\/kohenavocats.com\/ar\/jurisprudences\/eclinlghams2026954-gerechtshof-amsterdam-10-04-2026-23-002008-25\/","url":"https:\/\/kohenavocats.com\/ar\/jurisprudences\/eclinlghams2026954-gerechtshof-amsterdam-10-04-2026-23-002008-25\/","name":"ECLI:NL:GHAMS:2026:954 Gerechtshof Amsterdam , 10-04-2026 \/ 23-002008-25 - Ma\u00eetre Hassan Kohen, avocat en droit p\u00e9nal \u00e0 Paris","isPartOf":{"@id":"https:\/\/kohenavocats.com\/ar\/#website"},"datePublished":"2026-04-15T00:33:56+00:00","breadcrumb":{"@id":"https:\/\/kohenavocats.com\/ar\/jurisprudences\/eclinlghams2026954-gerechtshof-amsterdam-10-04-2026-23-002008-25\/#breadcrumb"},"inLanguage":"ar","potentialAction":[{"@type":"ReadAction","target":["https:\/\/kohenavocats.com\/ar\/jurisprudences\/eclinlghams2026954-gerechtshof-amsterdam-10-04-2026-23-002008-25\/"]}]},{"@type":"BreadcrumbList","@id":"https:\/\/kohenavocats.com\/ar\/jurisprudences\/eclinlghams2026954-gerechtshof-amsterdam-10-04-2026-23-002008-25\/#breadcrumb","itemListElement":[{"@type":"ListItem","position":1,"name":"Home","item":"https:\/\/kohenavocats.com\/ar\/%d9%85%d8%ad%d8%a7%d9%85%d9%88%d9%86-%d9%85%d8%aa%d8%ae%d8%b5%d8%b5%d9%88%d9%86-%d9%81%d9%8a-%d8%a7%d9%84%d9%82%d8%a7%d9%86%d9%88%d9%86-%d8%a7%d9%84%d8%ac%d9%86%d8%a7%d8%a6%d9%8a-%d8%a8%d8%a8%d8%a7\/"},{"@type":"ListItem","position":2,"name":"Jurisprudences","item":"https:\/\/kohenavocats.com\/ar\/jurisprudences\/"},{"@type":"ListItem","position":3,"name":"ECLI:NL:GHAMS:2026:954 Gerechtshof Amsterdam , 10-04-2026 \/ 23-002008-25"}]},{"@type":"WebSite","@id":"https:\/\/kohenavocats.com\/ar\/#website","url":"https:\/\/kohenavocats.com\/ar\/","name":"Kohen Avocats","description":"Ma\u00eetre Hassan Kohen, avocat p\u00e9naliste \u00e0 Paris, intervient exclusivement en droit p\u00e9nal pour la d\u00e9fense des particuliers, notamment en mati\u00e8re d\u2019accusations de viol. Il assure un accompagnement rigoureux d\u00e8s la garde \u00e0 vue jusqu\u2019\u00e0 la Cour d\u2019assises, veillant au strict respect des garanties proc\u00e9durales.","publisher":{"@id":"https:\/\/kohenavocats.com\/ar\/#organization"},"potentialAction":[{"@type":"SearchAction","target":{"@type":"EntryPoint","urlTemplate":"https:\/\/kohenavocats.com\/ar\/?s={search_term_string}"},"query-input":{"@type":"PropertyValueSpecification","valueRequired":true,"valueName":"search_term_string"}}],"inLanguage":"ar"},{"@type":"Organization","@id":"https:\/\/kohenavocats.com\/ar\/#organization","name":"Kohen Avocats","url":"https:\/\/kohenavocats.com\/ar\/","logo":{"@type":"ImageObject","inLanguage":"ar","@id":"https:\/\/kohenavocats.com\/ar\/#\/schema\/logo\/image\/","url":"https:\/\/kohenavocats.com\/wp-content\/uploads\/2026\/01\/Logo-2-1.webp","contentUrl":"https:\/\/kohenavocats.com\/wp-content\/uploads\/2026\/01\/Logo-2-1.webp","width":2114,"height":1253,"caption":"Kohen Avocats"},"image":{"@id":"https:\/\/kohenavocats.com\/ar\/#\/schema\/logo\/image\/"}}]}},"jetpack_likes_enabled":false,"jetpack_sharing_enabled":true,"_links":{"self":[{"href":"https:\/\/kohenavocats.com\/ar\/wp-json\/wp\/v2\/kji_decision\/563758","targetHints":{"allow":["GET"]}}],"collection":[{"href":"https:\/\/kohenavocats.com\/ar\/wp-json\/wp\/v2\/kji_decision"}],"about":[{"href":"https:\/\/kohenavocats.com\/ar\/wp-json\/wp\/v2\/types\/kji_decision"}],"wp:attachment":[{"href":"https:\/\/kohenavocats.com\/ar\/wp-json\/wp\/v2\/media?parent=563758"}],"wp:term":[{"taxonomy":"kji_country","embeddable":true,"href":"https:\/\/kohenavocats.com\/ar\/wp-json\/wp\/v2\/kji_country?post=563758"},{"taxonomy":"kji_court","embeddable":true,"href":"https:\/\/kohenavocats.com\/ar\/wp-json\/wp\/v2\/kji_court?post=563758"},{"taxonomy":"kji_chamber","embeddable":true,"href":"https:\/\/kohenavocats.com\/ar\/wp-json\/wp\/v2\/kji_chamber?post=563758"},{"taxonomy":"kji_year","embeddable":true,"href":"https:\/\/kohenavocats.com\/ar\/wp-json\/wp\/v2\/kji_year?post=563758"},{"taxonomy":"kji_subject","embeddable":true,"href":"https:\/\/kohenavocats.com\/ar\/wp-json\/wp\/v2\/kji_subject?post=563758"},{"taxonomy":"kji_keyword","embeddable":true,"href":"https:\/\/kohenavocats.com\/ar\/wp-json\/wp\/v2\/kji_keyword?post=563758"},{"taxonomy":"kji_language","embeddable":true,"href":"https:\/\/kohenavocats.com\/ar\/wp-json\/wp\/v2\/kji_language?post=563758"}],"curies":[{"name":"wp","href":"https:\/\/api.w.org\/{rel}","templated":true}]}}