{"version":"1.0","provider_name":"Ma\u00eetre Hassan Kohen, avocat en droit p\u00e9nal \u00e0 Paris","provider_url":"https:\/\/kohenavocats.com\/pt-pt\/","author_name":"Ma\u00eetre Hassan Kohen, avocat en droit p\u00e9nal \u00e0 Paris","author_url":"https:\/\/kohenavocats.com\/pt-pt\/","title":"TT 2023:16 - Ty\u00f6aika","type":"rich","width":600,"height":338,"html":"<blockquote class=\"wp-embedded-content\" data-secret=\"SAwWQBThuk\"><a href=\"https:\/\/kohenavocats.com\/pt-pt\/jurisprudences\/tt-202316-tyoaika\/\">TT 2023:16 &#8211; Ty\u00f6aika<\/a><\/blockquote><iframe sandbox=\"allow-scripts\" security=\"restricted\" src=\"https:\/\/kohenavocats.com\/pt-pt\/jurisprudences\/tt-202316-tyoaika\/embed\/#?secret=SAwWQBThuk\" width=\"600\" height=\"338\" title=\"&#8220;TT 2023:16 &#8211; Ty\u00f6aika&#8221; &#8212; Ma\u00eetre Hassan Kohen, avocat en droit p\u00e9nal \u00e0 Paris\" data-secret=\"SAwWQBThuk\" frameborder=\"0\" marginwidth=\"0\" marginheight=\"0\" scrolling=\"no\" class=\"wp-embedded-content\"><\/iframe><script>\n\/*! This file is auto-generated *\/\n!function(d,l){\"use strict\";l.querySelector&&d.addEventListener&&\"undefined\"!=typeof URL&&(d.wp=d.wp||{},d.wp.receiveEmbedMessage||(d.wp.receiveEmbedMessage=function(e){var t=e.data;if((t||t.secret||t.message||t.value)&&!\/[^a-zA-Z0-9]\/.test(t.secret)){for(var s,r,n,a=l.querySelectorAll('iframe[data-secret=\"'+t.secret+'\"]'),o=l.querySelectorAll('blockquote[data-secret=\"'+t.secret+'\"]'),c=new RegExp(\"^https?:$\",\"i\"),i=0;i<o.length;i++)o[i].style.display=\"none\";for(i=0;i<a.length;i++)s=a[i],e.source===s.contentWindow&&(s.removeAttribute(\"style\"),\"height\"===t.message?(1e3<(r=parseInt(t.value,10))?r=1e3:~~r<200&&(r=200),s.height=r):\"link\"===t.message&&(r=new URL(s.getAttribute(\"src\")),n=new URL(t.value),c.test(n.protocol))&&n.host===r.host&&l.activeElement===s&&(d.top.location.href=t.value))}},d.addEventListener(\"message\",d.wp.receiveEmbedMessage,!1),l.addEventListener(\"DOMContentLoaded\",function(){for(var e,t,s=l.querySelectorAll(\"iframe.wp-embedded-content\"),r=0;r<s.length;r++)(t=(e=s[r]).getAttribute(\"data-secret\"))||(t=Math.random().toString(36).substring(2,12),e.src+=\"#?secret=\"+t,e.setAttribute(\"data-secret\",t)),e.contentWindow.postMessage({message:\"ready\",secret:t},\"*\")},!1)))}(window,document);\n\/\/# sourceURL=https:\/\/kohenavocats.com\/wp-includes\/js\/wp-embed.min.js\n<\/script>\n","description":"Kysymys siit\u00e4, oliko miehist\u00f6varallaoloa suorittaneen palomiehen varallaoloksi luettua aikaa pidett\u00e4v\u00e4 ty\u00f6aikana. V\u00e4lituomiosta tarkemmin ilmenevin perustein katsottiin, ett\u00e4 olosuhteita kokonaisuutena arvioiden palomieheen varallaoloaikana kohdistuneet velvoitteet olivat vaikuttaneet objektiivisesti ja eritt\u00e4in huomattavasti h\u00e4nen mahdollisuuteensa k\u00e4ytt\u00e4\u00e4 vapaasti n\u00e4iden jaksojen aikana se aika, jolloin h\u00e4nelt\u00e4 ei ollut edellytetty ty\u00f6teht\u00e4vien suorittamista, ja k\u00e4ytt\u00e4\u00e4 t\u00e4m\u00e4 aika omiin asioihinsa. Varallaoloaika oli siten..."}