{"version":"1.0","provider_name":"Ma\u00eetre Hassan Kohen, avocat en droit p\u00e9nal \u00e0 Paris","provider_url":"https:\/\/kohenavocats.com\/ru\/","author_name":"Ma\u00eetre Hassan Kohen, avocat en droit p\u00e9nal \u00e0 Paris","author_url":"https:\/\/kohenavocats.com\/ru\/","title":"KHO:2023:120 - Beg\u00e4ran om f\u00f6rhandsavg\u00f6rande av EU-domstolen","type":"rich","width":600,"height":338,"html":"<blockquote class=\"wp-embedded-content\" data-secret=\"CdrfUnSuGl\"><a href=\"https:\/\/kohenavocats.com\/ru\/jurisprudences\/kho2023120-begaran-om-forhandsavgorande-av-eu-domstolen\/\">KHO:2023:120 &#8212; Beg\u00e4ran om f\u00f6rhandsavg\u00f6rande av EU-domstolen<\/a><\/blockquote><iframe sandbox=\"allow-scripts\" security=\"restricted\" src=\"https:\/\/kohenavocats.com\/ru\/jurisprudences\/kho2023120-begaran-om-forhandsavgorande-av-eu-domstolen\/embed\/#?secret=CdrfUnSuGl\" width=\"600\" height=\"338\" title=\"\u00abKHO:2023:120 &#8212; Beg\u00e4ran om f\u00f6rhandsavg\u00f6rande av EU-domstolen\u00bb &#8212; Ma\u00eetre Hassan Kohen, avocat en droit p\u00e9nal \u00e0 Paris\" data-secret=\"CdrfUnSuGl\" frameborder=\"0\" marginwidth=\"0\" marginheight=\"0\" scrolling=\"no\" class=\"wp-embedded-content\"><\/iframe><script>\n\/*! This file is auto-generated *\/\n!function(d,l){\"use strict\";l.querySelector&&d.addEventListener&&\"undefined\"!=typeof URL&&(d.wp=d.wp||{},d.wp.receiveEmbedMessage||(d.wp.receiveEmbedMessage=function(e){var t=e.data;if((t||t.secret||t.message||t.value)&&!\/[^a-zA-Z0-9]\/.test(t.secret)){for(var s,r,n,a=l.querySelectorAll('iframe[data-secret=\"'+t.secret+'\"]'),o=l.querySelectorAll('blockquote[data-secret=\"'+t.secret+'\"]'),c=new RegExp(\"^https?:$\",\"i\"),i=0;i<o.length;i++)o[i].style.display=\"none\";for(i=0;i<a.length;i++)s=a[i],e.source===s.contentWindow&&(s.removeAttribute(\"style\"),\"height\"===t.message?(1e3<(r=parseInt(t.value,10))?r=1e3:~~r<200&&(r=200),s.height=r):\"link\"===t.message&&(r=new URL(s.getAttribute(\"src\")),n=new URL(t.value),c.test(n.protocol))&&n.host===r.host&&l.activeElement===s&&(d.top.location.href=t.value))}},d.addEventListener(\"message\",d.wp.receiveEmbedMessage,!1),l.addEventListener(\"DOMContentLoaded\",function(){for(var e,t,s=l.querySelectorAll(\"iframe.wp-embedded-content\"),r=0;r<s.length;r++)(t=(e=s[r]).getAttribute(\"data-secret\"))||(t=Math.random().toString(36).substring(2,12),e.src+=\"#?secret=\"+t,e.setAttribute(\"data-secret\",t)),e.contentWindow.postMessage({message:\"ready\",secret:t},\"*\")},!1)))}(window,document);\n\/\/# sourceURL=https:\/\/kohenavocats.com\/wp-includes\/js\/wp-embed.min.js\n<\/script>\n","description":"Den syriska medborgaren X ans\u00f6kte om internationellt skydd i Danmark \u00e5r 2016. Danmark beviljade hen tillf\u00e4lligt uppeh\u00e5llstillst\u00e5nd p\u00e5 grund av behov av skydd enligt Danmarks utl\u00e4nningslag. \u00c5r 2020 besl\u00f6t den danska immigrationsmyndigheten p\u00e5 eget initiativ att inte f\u00f6rl\u00e4nga uppeh\u00e5llstillst\u00e5ndet. \u00c4ndringss\u00f6kanden \u00e5lades att l\u00e4mna landet. \u00c4ndringss\u00f6kanden ans\u00f6kte om internationellt skydd i Finland 2021. Migrationsverket avvisade ans\u00f6kan..."}