{"version":"1.0","provider_name":"Ma\u00eetre Hassan Kohen, avocat en droit p\u00e9nal \u00e0 Paris","provider_url":"https:\/\/kohenavocats.com\/ru\/","author_name":"Ma\u00eetre Hassan Kohen, avocat en droit p\u00e9nal \u00e0 Paris","author_url":"https:\/\/kohenavocats.com\/ru\/","title":"KHO:2024:16 - Behov av milj\u00f6tillst\u00e5nd","type":"rich","width":600,"height":338,"html":"<blockquote class=\"wp-embedded-content\" data-secret=\"bqQB2Nv7UJ\"><a href=\"https:\/\/kohenavocats.com\/ru\/jurisprudences\/kho202416-behov-av-miljotillstand\/\">KHO:2024:16 &#8212; Behov av milj\u00f6tillst\u00e5nd<\/a><\/blockquote><iframe sandbox=\"allow-scripts\" security=\"restricted\" src=\"https:\/\/kohenavocats.com\/ru\/jurisprudences\/kho202416-behov-av-miljotillstand\/embed\/#?secret=bqQB2Nv7UJ\" width=\"600\" height=\"338\" title=\"\u00abKHO:2024:16 &#8212; Behov av milj\u00f6tillst\u00e5nd\u00bb &#8212; Ma\u00eetre Hassan Kohen, avocat en droit p\u00e9nal \u00e0 Paris\" data-secret=\"bqQB2Nv7UJ\" frameborder=\"0\" marginwidth=\"0\" marginheight=\"0\" scrolling=\"no\" class=\"wp-embedded-content\"><\/iframe><script>\n\/*! This file is auto-generated *\/\n!function(d,l){\"use strict\";l.querySelector&&d.addEventListener&&\"undefined\"!=typeof URL&&(d.wp=d.wp||{},d.wp.receiveEmbedMessage||(d.wp.receiveEmbedMessage=function(e){var t=e.data;if((t||t.secret||t.message||t.value)&&!\/[^a-zA-Z0-9]\/.test(t.secret)){for(var s,r,n,a=l.querySelectorAll('iframe[data-secret=\"'+t.secret+'\"]'),o=l.querySelectorAll('blockquote[data-secret=\"'+t.secret+'\"]'),c=new RegExp(\"^https?:$\",\"i\"),i=0;i<o.length;i++)o[i].style.display=\"none\";for(i=0;i<a.length;i++)s=a[i],e.source===s.contentWindow&&(s.removeAttribute(\"style\"),\"height\"===t.message?(1e3<(r=parseInt(t.value,10))?r=1e3:~~r<200&&(r=200),s.height=r):\"link\"===t.message&&(r=new URL(s.getAttribute(\"src\")),n=new URL(t.value),c.test(n.protocol))&&n.host===r.host&&l.activeElement===s&&(d.top.location.href=t.value))}},d.addEventListener(\"message\",d.wp.receiveEmbedMessage,!1),l.addEventListener(\"DOMContentLoaded\",function(){for(var e,t,s=l.querySelectorAll(\"iframe.wp-embedded-content\"),r=0;r<s.length;r++)(t=(e=s[r]).getAttribute(\"data-secret\"))||(t=Math.random().toString(36).substring(2,12),e.src+=\"#?secret=\"+t,e.setAttribute(\"data-secret\",t)),e.contentWindow.postMessage({message:\"ready\",secret:t},\"*\")},!1)))}(window,document);\n\/\/# sourceURL=https:\/\/kohenavocats.com\/wp-includes\/js\/wp-embed.min.js\n<\/script>\n","description":"Anskaffning av tr\u00e4r\u00e5material var inte s\u00e5dan i tekniskt och funktionellt h\u00e4nseende till en bioproduktfabrik n\u00e4ra ansluten verksamhet som f\u00f6ruts\u00e4tter milj\u00f6tillst\u00e5nd. I bioproduktfabrikens milj\u00f6tillst\u00e5nd kunde man inte d\u00e4rf\u00f6r bed\u00f6ma vilken indirekt inverkan p\u00e5 v\u00e4xthusutsl\u00e4pp och kols\u00e4nkor anskaffningen av det f\u00f6r verksamheten n\u00f6dv\u00e4ndiga tr\u00e4r\u00e5materialet har eller inf\u00f6ra tillst\u00e5ndsvillkor om anskaffningen av tr\u00e4et. I milj\u00f6tillst\u00e5ndet kunde man inte..."}