{"version":"1.0","provider_name":"Ma\u00eetre Hassan Kohen, avocat en droit p\u00e9nal \u00e0 Paris","provider_url":"https:\/\/kohenavocats.com\/ru\/","author_name":"Ma\u00eetre Hassan Kohen, avocat en droit p\u00e9nal \u00e0 Paris","author_url":"https:\/\/kohenavocats.com\/ru\/","title":"Tribunal d'arrondissement, 22 juin 2023","type":"rich","width":600,"height":338,"html":"<blockquote class=\"wp-embedded-content\" data-secret=\"LHMgRKy5zA\"><a href=\"https:\/\/kohenavocats.com\/ru\/jurisprudences\/tribunal-darrondissement-22-juin-2023-31\/\">Tribunal d&#8217;arrondissement, 22 juin 2023<\/a><\/blockquote><iframe sandbox=\"allow-scripts\" security=\"restricted\" src=\"https:\/\/kohenavocats.com\/ru\/jurisprudences\/tribunal-darrondissement-22-juin-2023-31\/embed\/#?secret=LHMgRKy5zA\" width=\"600\" height=\"338\" title=\"\u00abTribunal d&#8217;arrondissement, 22 juin 2023\u00bb &#8212; Ma\u00eetre Hassan Kohen, avocat en droit p\u00e9nal \u00e0 Paris\" data-secret=\"LHMgRKy5zA\" frameborder=\"0\" marginwidth=\"0\" marginheight=\"0\" scrolling=\"no\" class=\"wp-embedded-content\"><\/iframe><script>\n\/*! This file is auto-generated *\/\n!function(d,l){\"use strict\";l.querySelector&&d.addEventListener&&\"undefined\"!=typeof URL&&(d.wp=d.wp||{},d.wp.receiveEmbedMessage||(d.wp.receiveEmbedMessage=function(e){var t=e.data;if((t||t.secret||t.message||t.value)&&!\/[^a-zA-Z0-9]\/.test(t.secret)){for(var s,r,n,a=l.querySelectorAll('iframe[data-secret=\"'+t.secret+'\"]'),o=l.querySelectorAll('blockquote[data-secret=\"'+t.secret+'\"]'),c=new RegExp(\"^https?:$\",\"i\"),i=0;i<o.length;i++)o[i].style.display=\"none\";for(i=0;i<a.length;i++)s=a[i],e.source===s.contentWindow&&(s.removeAttribute(\"style\"),\"height\"===t.message?(1e3<(r=parseInt(t.value,10))?r=1e3:~~r<200&&(r=200),s.height=r):\"link\"===t.message&&(r=new URL(s.getAttribute(\"src\")),n=new URL(t.value),c.test(n.protocol))&&n.host===r.host&&l.activeElement===s&&(d.top.location.href=t.value))}},d.addEventListener(\"message\",d.wp.receiveEmbedMessage,!1),l.addEventListener(\"DOMContentLoaded\",function(){for(var e,t,s=l.querySelectorAll(\"iframe.wp-embedded-content\"),r=0;r<s.length;r++)(t=(e=s[r]).getAttribute(\"data-secret\"))||(t=Math.random().toString(36).substring(2,12),e.src+=\"#?secret=\"+t,e.setAttribute(\"data-secret\",t)),e.contentWindow.postMessage({message:\"ready\",secret:t},\"*\")},!1)))}(window,document);\n\/\/# sourceURL=https:\/\/kohenavocats.com\/wp-includes\/js\/wp-embed.min.js\n<\/script>\n","description":"No. R\u00f4le: 176227 No. 2023TALREFO\/00238 du22 juin 2023 Audience publique extraordinaire des r\u00e9f\u00e9r\u00e9s dujeudi,22 juin 2023, tenue par Nous Philippe WADL\u00c9, premier juge au Tribunal d\u2019arrondissement de et \u00e0 Luxembourg, si\u00e9geant comme juge des r\u00e9f\u00e9r\u00e9s,en remplacement du Pr\u00e9sident du Tribunal d\u2019arrondissement de et \u00e0 Luxembourg,\u2026"}