{"version":"1.0","provider_name":"Ma\u00eetre Hassan Kohen, avocat en droit p\u00e9nal \u00e0 Paris","provider_url":"https:\/\/kohenavocats.com\/ru\/","author_name":"Ma\u00eetre Hassan Kohen, avocat en droit p\u00e9nal \u00e0 Paris","author_url":"https:\/\/kohenavocats.com\/ru\/","title":"Tribunal d'arrondissement, 5 d\u00e9cembre 2023","type":"rich","width":600,"height":338,"html":"<blockquote class=\"wp-embedded-content\" data-secret=\"axvwOYSCr5\"><a href=\"https:\/\/kohenavocats.com\/ru\/jurisprudences\/tribunal-darrondissement-5-decembre-2023\/\">Tribunal d&#8217;arrondissement, 5 d\u00e9cembre 2023<\/a><\/blockquote><iframe sandbox=\"allow-scripts\" security=\"restricted\" src=\"https:\/\/kohenavocats.com\/ru\/jurisprudences\/tribunal-darrondissement-5-decembre-2023\/embed\/#?secret=axvwOYSCr5\" width=\"600\" height=\"338\" title=\"\u00abTribunal d&#8217;arrondissement, 5 d\u00e9cembre 2023\u00bb &#8212; Ma\u00eetre Hassan Kohen, avocat en droit p\u00e9nal \u00e0 Paris\" data-secret=\"axvwOYSCr5\" frameborder=\"0\" marginwidth=\"0\" marginheight=\"0\" scrolling=\"no\" class=\"wp-embedded-content\"><\/iframe><script>\n\/*! This file is auto-generated *\/\n!function(d,l){\"use strict\";l.querySelector&&d.addEventListener&&\"undefined\"!=typeof URL&&(d.wp=d.wp||{},d.wp.receiveEmbedMessage||(d.wp.receiveEmbedMessage=function(e){var t=e.data;if((t||t.secret||t.message||t.value)&&!\/[^a-zA-Z0-9]\/.test(t.secret)){for(var s,r,n,a=l.querySelectorAll('iframe[data-secret=\"'+t.secret+'\"]'),o=l.querySelectorAll('blockquote[data-secret=\"'+t.secret+'\"]'),c=new RegExp(\"^https?:$\",\"i\"),i=0;i<o.length;i++)o[i].style.display=\"none\";for(i=0;i<a.length;i++)s=a[i],e.source===s.contentWindow&&(s.removeAttribute(\"style\"),\"height\"===t.message?(1e3<(r=parseInt(t.value,10))?r=1e3:~~r<200&&(r=200),s.height=r):\"link\"===t.message&&(r=new URL(s.getAttribute(\"src\")),n=new URL(t.value),c.test(n.protocol))&&n.host===r.host&&l.activeElement===s&&(d.top.location.href=t.value))}},d.addEventListener(\"message\",d.wp.receiveEmbedMessage,!1),l.addEventListener(\"DOMContentLoaded\",function(){for(var e,t,s=l.querySelectorAll(\"iframe.wp-embedded-content\"),r=0;r<s.length;r++)(t=(e=s[r]).getAttribute(\"data-secret\"))||(t=Math.random().toString(36).substring(2,12),e.src+=\"#?secret=\"+t,e.setAttribute(\"data-secret\",t)),e.contentWindow.postMessage({message:\"ready\",secret:t},\"*\")},!1)))}(window,document);\n\/\/# sourceURL=https:\/\/kohenavocats.com\/wp-includes\/js\/wp-embed.min.js\n<\/script>\n","description":"ORDONNANCE N\u00b076\/2023 Num\u00e9roTAD-2022-01064du r\u00f4le. Audience publiquetenue lemardi,5 d\u00e9cembre2023\u00e0 14.15heuresau Palais de Justice \u00e0 Diekirch, o\u00f9 \u00e9taient pr\u00e9sentes Silvia ALVES,juge pr\u00e8s leTribunal d\u2019arrondissement deet \u00e0Diekirch,si\u00e9geant commejugedu fond en la formedesr\u00e9f\u00e9r\u00e9s,en remplacement de laPr\u00e9sidentedudit tribunal, Suzette KALBUSCH, greffierassum\u00e9, dans la cause ENTRE PERSONNE1.),sans \u00e9tat particulier, n\u00e9e leDATE1.)\u00e0ADRESSE1.)(Pays-Bas),\u2026"}