{"version":"1.0","provider_name":"Ma\u00eetre Hassan Kohen, avocat en droit p\u00e9nal \u00e0 Paris","provider_url":"https:\/\/kohenavocats.com\/ru\/","author_name":"Ma\u00eetre Hassan Kohen, avocat en droit p\u00e9nal \u00e0 Paris","author_url":"https:\/\/kohenavocats.com\/ru\/","title":"TT 2023:48 - Henkil\u00f6kohtainen palkanosa","type":"rich","width":600,"height":338,"html":"<blockquote class=\"wp-embedded-content\" data-secret=\"dXN9hNMgVu\"><a href=\"https:\/\/kohenavocats.com\/ru\/jurisprudences\/tt-202348-henkilokohtainen-palkanosa-2\/\">TT 2023:48 &#8212; Henkil\u00f6kohtainen palkanosa<\/a><\/blockquote><iframe sandbox=\"allow-scripts\" security=\"restricted\" src=\"https:\/\/kohenavocats.com\/ru\/jurisprudences\/tt-202348-henkilokohtainen-palkanosa-2\/embed\/#?secret=dXN9hNMgVu\" width=\"600\" height=\"338\" title=\"\u00abTT 2023:48 &#8212; Henkil\u00f6kohtainen palkanosa\u00bb &#8212; Ma\u00eetre Hassan Kohen, avocat en droit p\u00e9nal \u00e0 Paris\" data-secret=\"dXN9hNMgVu\" frameborder=\"0\" marginwidth=\"0\" marginheight=\"0\" scrolling=\"no\" class=\"wp-embedded-content\"><\/iframe><script>\n\/*! This file is auto-generated *\/\n!function(d,l){\"use strict\";l.querySelector&&d.addEventListener&&\"undefined\"!=typeof URL&&(d.wp=d.wp||{},d.wp.receiveEmbedMessage||(d.wp.receiveEmbedMessage=function(e){var t=e.data;if((t||t.secret||t.message||t.value)&&!\/[^a-zA-Z0-9]\/.test(t.secret)){for(var s,r,n,a=l.querySelectorAll('iframe[data-secret=\"'+t.secret+'\"]'),o=l.querySelectorAll('blockquote[data-secret=\"'+t.secret+'\"]'),c=new RegExp(\"^https?:$\",\"i\"),i=0;i<o.length;i++)o[i].style.display=\"none\";for(i=0;i<a.length;i++)s=a[i],e.source===s.contentWindow&&(s.removeAttribute(\"style\"),\"height\"===t.message?(1e3<(r=parseInt(t.value,10))?r=1e3:~~r<200&&(r=200),s.height=r):\"link\"===t.message&&(r=new URL(s.getAttribute(\"src\")),n=new URL(t.value),c.test(n.protocol))&&n.host===r.host&&l.activeElement===s&&(d.top.location.href=t.value))}},d.addEventListener(\"message\",d.wp.receiveEmbedMessage,!1),l.addEventListener(\"DOMContentLoaded\",function(){for(var e,t,s=l.querySelectorAll(\"iframe.wp-embedded-content\"),r=0;r<s.length;r++)(t=(e=s[r]).getAttribute(\"data-secret\"))||(t=Math.random().toString(36).substring(2,12),e.src+=\"#?secret=\"+t,e.setAttribute(\"data-secret\",t)),e.contentWindow.postMessage({message:\"ready\",secret:t},\"*\")},!1)))}(window,document);\n\/\/# sourceURL=https:\/\/kohenavocats.com\/wp-includes\/js\/wp-embed.min.js\n<\/script>\n","description":"Kysymys tullitarkastajan ty\u00f6suoritukseen perustuvasta henkil\u00f6kohtaisesta palkanosasta. Kanne hyl\u00e4ttiin toteen n\u00e4ytt\u00e4m\u00e4tt\u00f6m\u00e4n\u00e4. Asia Palkkaus Kantaja Julkisalan koulutettujen neuvotteluj\u00e4rjest\u00f6 JUKO ry Vastaaja Valtiovarainministeri\u00f6 Kuultava Tulli K\u00c4SITTELY TY\u00d6TUOMIOISTUIMESSA Vireille 17.10.2022 Suullisen valmistelun istunto 6.2.2023 P\u00e4\u00e4k\u00e4sittely 19. ja 20.6.2023 VIRKAEHTOSOPIMUKSEN M\u00c4\u00c4R\u00c4YKSET Tullissa noudatetaan Tullin sek\u00e4 Tulliliitto ry:n, Tullivirkamiesliitto ry:n ja Julkisalan koulutettujen neuvotteluj\u00e4rjest\u00f6 Juko ry:n v\u00e4lill\u00e4 13.9.2016 solmittua tarkentavaa virkaehtosopimusta,..."}