{"id":566430,"date":"2026-04-15T08:44:40","date_gmt":"2026-04-15T06:44:40","guid":{"rendered":"https:\/\/kohenavocats.com\/jurisprudences\/eclinlrvs20261877-raad-van-state-03-04-2026-202501593-1-v1-2\/"},"modified":"2026-04-15T08:44:40","modified_gmt":"2026-04-15T06:44:40","slug":"eclinlrvs20261877-raad-van-state-03-04-2026-202501593-1-v1-2","status":"publish","type":"kji_decision","link":"https:\/\/kohenavocats.com\/ru\/jurisprudences\/eclinlrvs20261877-raad-van-state-03-04-2026-202501593-1-v1-2\/","title":{"rendered":"ECLI:NL:RVS:2026:1877 Raad van State , 03-04-2026 \/ 202501593\/1\/V1"},"content":{"rendered":"<div class=\"kji-decision\">\n<div class=\"kji-full-text\">\n<p><strong>Inhoudsindicatie.<\/strong> Bij besluit van 12 december 2024 heeft de minister van Asiel en Migratie een aanvraag van betrokkene om haar een verblijfsvergunning asiel voor bepaalde tijd te verlenen, niet-ontvankelijk verklaard.<\/p>\n<p>202501593\/1\/V1.<\/p>\n<p>Datum uitspraak: 3 april 2026<\/p>\n<p>AFDELING<\/p>\n<p>BESTUURSRECHTSPRAAK<\/p>\n<p>Uitspraak met toepassing van artikel 8:54, eerste lid, van de Algemene wet bestuursrecht op het hoger beroep van:<\/p>\n<p>de minister van Asiel en Migratie,<\/p>\n<p>appellant,<\/p>\n<p>tegen de uitspraak van de rechtbank Den Haag, zittingsplaats Middelburg, van 12 maart 2025 in zaak nr. NL24.50799 in het geding tussen:<\/p>\n<p>[betrokkene]<\/p>\n<p>en<\/p>\n<p>de minister.<\/p>\n<p>Procesverloop<\/p>\n<p>Bij besluit van 12 december 2024 heeft de minister van Asiel en Migratie een aanvraag van betrokkene om haar een verblijfsvergunning asiel voor bepaalde tijd te verlenen, niet-ontvankelijk verklaard.<\/p>\n<p>Bij uitspraak van 12 maart 2025 heeft de rechtbank het daartegen door betrokkene ingestelde beroep gegrond verklaard, dat besluit vernietigd en bepaald dat de minister een nieuw besluit op de aanvraag neemt met inachtneming van de uitspraak.<\/p>\n<p>Tegen deze uitspraak heeft de minister hoger beroep ingesteld.<\/p>\n<p>Overwegingen<\/p>\n<p>1. In hoger beroep staat niet ter discussie dat betrokkene haar beroep tegen het besluit van 12 december 2024 niet van beroepsgronden heeft voorzien. De rechtbank heeft echter afgezien van het om die reden niet-ontvankelijk verklaren van het beroep, omdat betrokkene bij terugkeer naar Itali\u00eb een re\u00ebel risico loopt op een schending van artikel 3 van het EVRM. De minister klaagt in zijn eerste grief terecht dat de rechtbank bij haar oordeel dat de niet-ontvankelijkverklaring van het beroep achterwege moet blijven wegens omstandigheden als bedoeld in het arrest van het EHRM van 19 februari 1998, Bahaddar, ECLI:CE:ECHR:1998:0219JUD002589494, paragraaf 45, een onjuiste beoordelingsmaatstaf heeft gebruikt. De rechtbank heeft namelijk overwogen dat niet kan worden uitgesloten dat betrokkene bij terugkeer naar Itali\u00eb een re\u00ebel risico loopt op een schending van artikel 3 van het EVRM. Uit onder andere de uitspraak van de Afdeling van 22 juni 2022, ECLI:NL:RVS:2022:1664, onder 11, volgt echter dat voor het toepassen van de Bahaddar-exceptie zich feiten en omstandigheden moeten voordoen die onmiskenbaar zouden leiden tot een schending van artikel 3 van het EVRM bij terugkeer van betrokkene naar Itali\u00eb. De rechtbank heeft dus niet onderkend dat de drempel voor het toepassen van de Bahaddar-exceptie hoger is en dat zich feiten en omstandigheden moeten voordoen die onmiskenbaar in strijd zijn met artikel 3 van het EVRM.<\/p>\n<p>1.1. De minister voert verder terecht aan dat uit de informatie uit het dossier niet volgt dat betrokkene bij terugkeer naar Itali\u00eb onmiskenbaar een re\u00ebel risico loopt op een behandeling in strijd met artikel 3 van het EVRM. De minister mag voor dat land voor statushouders, zoals betrokkene, nog steeds uitgaan van het interstatelijk vertrouwensbeginsel. De Afdeling onderkent de moeilijke positie van statushouders in Itali\u00eb, maar dit leidt nog niet tot de conclusie dat de situatie voor statushouders in Itali\u00eb onmiskenbaar in strijd is met artikel 3 van het EVRM. Vergelijk de uitspraak van de Afdeling van 15 januari 2025, ECLI:NL:RVS:2026:265, onder 2.9. De minister brengt terecht naar voren dat betrokkene tijdens haar eerdere verblijf in Itali\u00eb niet in een situatie terecht is gekomen die in strijd is met artikel 3 van het EVRM. Betrokkene had werk, zij heeft tijdens haar verblijf in Itali\u00eb verbleven bij een vriendin en zij is, naar eigen zeggen, uit Itali\u00eb vertrokken om de vader van haar ongeboren kind te zoeken, en niet wegens de moeilijke positie voor statushouders.<\/p>\n<p>De grief slaagt.<\/p>\n<p>2. De Afdeling onderkent dat betrokkene als alleenstaande ouder geen makkelijke positie in Itali\u00eb heeft. De minister voert in zijn derde grief echter terecht aan dat de rechtbank niet heeft onderkend dat betrokkene in Itali\u00eb een verblijfsstatus heeft en dat het in de eerste plaats aan haar is om haar rechten in Itali\u00eb te effectueren. Betrokkene heeft op 13 november 2019 haar Italiaanse verblijfsstatus gekregen. De minister wijst terecht op de uitspraak van de Afdeling van 9 mei 2017, ECLI:NL:RVS:2017:1253, onder 5.1.2, waaruit volgt dat een verblijfsvergunning expliciet moet zijn ingetrokken om tot de conclusie te komen dat een vreemdeling geen verblijfsstatus meer heeft. Dit betekent dan ook dat de minister, anders dan de rechtbank heeft overwogen, er nog steeds van uit mag gaan dat betrokkene in Itali\u00eb een verblijfsstatus heeft. Betrokkene heeft ook niet betwist dat zij in Itali\u00eb een verblijfsstatus heeft.<\/p>\n<p>De grief slaagt.<\/p>\n<p>3. Gelet op het voorgaande klaagt de minister terecht dat de rechtbank ten onrechte de nationale procedureregels buiten toepassing heeft gelaten en ervan heeft afgezien om het beroep niet-ontvankelijk te verklaren. De rechtbank heeft verder overwogen dat de minister in het besluit en het verweerschrift niet kenbaar rekening heeft gehouden met de belangen van het ongeboren kind van betrokkene. Gelet op wat de Afdeling hiervoor heeft overwogen over het niet-ontvankelijk verklaren van het beroep, heeft de rechtbank met deze overweging ten onrechte een inhoudelijk oordeel gegeven over het besluit. Aan die beoordeling kwam de rechtbank, achteraf bezien, namelijk niet toe. Alleen al om deze reden slaagt ook de tweede grief van de minister.<\/p>\n<p>4. Het hoger beroep is gegrond. De Afdeling vernietigt de uitspraak van de rechtbank. Omdat in hoger beroep niet ter discussie staat dat betrokkene in beroep geen beroepsgronden heeft ingediend, verklaart de Afdeling het beroep alsnog niet-ontvankelijk. De minister hoeft geen proceskosten te vergoeden.<\/p>\n<p>Beslissing<\/p>\n<p>De Afdeling bestuursrechtspraak van de Raad van State:<\/p>\n<p>I. verklaart het hoger beroep gegrond;<\/p>\n<p>II. vernietigt de uitspraak van de rechtbank Den Haag, zittingsplaats Middelburg, van 12 maart 2025 in zaak nr. NL24.50799;<\/p>\n<p>III. verklaart het beroep niet-ontvankelijk.<\/p>\n<p>Aldus vastgesteld door mr. J.C.A. de Poorter, voorzitter, en mr. J.J.W.P. van Gastel en mr. J. Schipper-Spanninga, leden, in tegenwoordigheid van mr. Q. Boon, griffier.<\/p>\n<p>w.g. De Poorter<\/p>\n<p>voorzitter<\/p>\n<p>w.g. Boon<\/p>\n<p>griffier<\/p>\n<p>Uitgesproken in het openbaar op 3 april 2026<\/p>\n<p>977<\/p>\n<\/div>\n<hr class=\"kji-sep\" \/>\n<p class=\"kji-source-links\"><strong>Sources officielles :<\/strong> <a class=\"kji-source-link\" href=\"http:\/\/deeplink.rechtspraak.nl\/uitspraak?id=ECLI:NL:RVS:2026:1877\" target=\"_blank\" rel=\"noopener noreferrer\">consulter la page source<\/a><\/p>\n<p class=\"kji-license-note\"><em>Rechtspraak.nl open data, Creative Commons Zero. Volume cible 1.8M decisions.<\/em><\/p>\n<\/div>\n","protected":false},"excerpt":{"rendered":"<p>Bij besluit van 12 december 2024 heeft de minister van Asiel en Migratie een aanvraag van betrokkene om haar een verblijfsvergunning asiel voor bepaalde tijd te verlenen, niet-ontvankelijk verklaard.<\/p>\n","protected":false},"featured_media":0,"template":"","meta":{"_crdt_document":""},"kji_country":[7669],"kji_court":[8622],"kji_chamber":[],"kji_year":[7610],"kji_subject":[7612],"kji_keyword":[7827,7680,9101,7673,7976],"kji_language":[7671],"class_list":["post-566430","kji_decision","type-kji_decision","status-publish","hentry","kji_country-pays-bas","kji_court-raad-van-state","kji_year-7610","kji_subject-fiscal","kji_keyword-asiel","kji_keyword-besluit","kji_keyword-december","kji_keyword-heeft","kji_keyword-state","kji_language-nl"],"yoast_head":"<!-- This site is optimized with the Yoast SEO Premium plugin v27.5 (Yoast SEO v27.5) - https:\/\/yoast.com\/product\/yoast-seo-premium-wordpress\/ -->\n<title>ECLI:NL:RVS:2026:1877 Raad van State , 03-04-2026 \/ 202501593\/1\/V1 - Ma\u00eetre Hassan Kohen, avocat en droit p\u00e9nal \u00e0 Paris<\/title>\n<meta name=\"robots\" content=\"index, follow, max-snippet:-1, max-image-preview:large, max-video-preview:-1\" \/>\n<link rel=\"canonical\" href=\"https:\/\/kohenavocats.com\/ru\/jurisprudences\/eclinlrvs20261877-raad-van-state-03-04-2026-202501593-1-v1-2\/\" \/>\n<meta property=\"og:locale\" content=\"ru_RU\" \/>\n<meta property=\"og:type\" content=\"article\" \/>\n<meta property=\"og:title\" content=\"ECLI:NL:RVS:2026:1877 Raad van State , 03-04-2026 \/ 202501593\/1\/V1\" \/>\n<meta property=\"og:description\" content=\"Bij besluit van 12 december 2024 heeft de minister van Asiel en Migratie een aanvraag van betrokkene om haar een verblijfsvergunning asiel voor bepaalde tijd te verlenen, niet-ontvankelijk verklaard.\" \/>\n<meta property=\"og:url\" content=\"https:\/\/kohenavocats.com\/ru\/jurisprudences\/eclinlrvs20261877-raad-van-state-03-04-2026-202501593-1-v1-2\/\" \/>\n<meta property=\"og:site_name\" content=\"Ma\u00eetre Hassan Kohen, avocat en droit p\u00e9nal \u00e0 Paris\" \/>\n<meta name=\"twitter:card\" content=\"summary_large_image\" \/>\n<meta name=\"twitter:label1\" content=\"\u041f\u0440\u0438\u043c\u0435\u0440\u043d\u043e\u0435 \u0432\u0440\u0435\u043c\u044f \u0434\u043b\u044f \u0447\u0442\u0435\u043d\u0438\u044f\" \/>\n\t<meta name=\"twitter:data1\" content=\"5 \u043c\u0438\u043d\u0443\u0442\" \/>\n<script type=\"application\/ld+json\" class=\"yoast-schema-graph\">{\"@context\":\"https:\\\/\\\/schema.org\",\"@graph\":[{\"@type\":\"WebPage\",\"@id\":\"https:\\\/\\\/kohenavocats.com\\\/ru\\\/jurisprudences\\\/eclinlrvs20261877-raad-van-state-03-04-2026-202501593-1-v1-2\\\/\",\"url\":\"https:\\\/\\\/kohenavocats.com\\\/ru\\\/jurisprudences\\\/eclinlrvs20261877-raad-van-state-03-04-2026-202501593-1-v1-2\\\/\",\"name\":\"ECLI:NL:RVS:2026:1877 Raad van State , 03-04-2026 \\\/ 202501593\\\/1\\\/V1 - Ma\u00eetre Hassan Kohen, avocat en droit p\u00e9nal \u00e0 Paris\",\"isPartOf\":{\"@id\":\"https:\\\/\\\/kohenavocats.com\\\/ru\\\/#website\"},\"datePublished\":\"2026-04-15T06:44:40+00:00\",\"breadcrumb\":{\"@id\":\"https:\\\/\\\/kohenavocats.com\\\/ru\\\/jurisprudences\\\/eclinlrvs20261877-raad-van-state-03-04-2026-202501593-1-v1-2\\\/#breadcrumb\"},\"inLanguage\":\"ru-RU\",\"potentialAction\":[{\"@type\":\"ReadAction\",\"target\":[\"https:\\\/\\\/kohenavocats.com\\\/ru\\\/jurisprudences\\\/eclinlrvs20261877-raad-van-state-03-04-2026-202501593-1-v1-2\\\/\"]}]},{\"@type\":\"BreadcrumbList\",\"@id\":\"https:\\\/\\\/kohenavocats.com\\\/ru\\\/jurisprudences\\\/eclinlrvs20261877-raad-van-state-03-04-2026-202501593-1-v1-2\\\/#breadcrumb\",\"itemListElement\":[{\"@type\":\"ListItem\",\"position\":1,\"name\":\"Home\",\"item\":\"https:\\\/\\\/kohenavocats.com\\\/ru\\\/avocats-en-droit-penal-a-paris-conseil-et-defense-strategique\\\/\"},{\"@type\":\"ListItem\",\"position\":2,\"name\":\"Jurisprudences\",\"item\":\"https:\\\/\\\/kohenavocats.com\\\/ru\\\/jurisprudences\\\/\"},{\"@type\":\"ListItem\",\"position\":3,\"name\":\"ECLI:NL:RVS:2026:1877 Raad van State , 03-04-2026 \\\/ 202501593\\\/1\\\/V1\"}]},{\"@type\":\"WebSite\",\"@id\":\"https:\\\/\\\/kohenavocats.com\\\/ru\\\/#website\",\"url\":\"https:\\\/\\\/kohenavocats.com\\\/ru\\\/\",\"name\":\"Kohen Avocats\",\"description\":\"Ma\u00eetre Hassan Kohen, avocat p\u00e9naliste \u00e0 Paris, intervient exclusivement en droit p\u00e9nal pour la d\u00e9fense des particuliers, notamment en mati\u00e8re d\u2019accusations de viol. Il assure un accompagnement rigoureux d\u00e8s la garde \u00e0 vue jusqu\u2019\u00e0 la Cour d\u2019assises, veillant au strict respect des garanties proc\u00e9durales.\",\"publisher\":{\"@id\":\"https:\\\/\\\/kohenavocats.com\\\/ru\\\/#organization\"},\"potentialAction\":[{\"@type\":\"SearchAction\",\"target\":{\"@type\":\"EntryPoint\",\"urlTemplate\":\"https:\\\/\\\/kohenavocats.com\\\/ru\\\/?s={search_term_string}\"},\"query-input\":{\"@type\":\"PropertyValueSpecification\",\"valueRequired\":true,\"valueName\":\"search_term_string\"}}],\"inLanguage\":\"ru-RU\"},{\"@type\":\"Organization\",\"@id\":\"https:\\\/\\\/kohenavocats.com\\\/ru\\\/#organization\",\"name\":\"Kohen Avocats\",\"url\":\"https:\\\/\\\/kohenavocats.com\\\/ru\\\/\",\"logo\":{\"@type\":\"ImageObject\",\"inLanguage\":\"ru-RU\",\"@id\":\"https:\\\/\\\/kohenavocats.com\\\/ru\\\/#\\\/schema\\\/logo\\\/image\\\/\",\"url\":\"https:\\\/\\\/kohenavocats.com\\\/wp-content\\\/uploads\\\/2026\\\/01\\\/Logo-2-1.webp\",\"contentUrl\":\"https:\\\/\\\/kohenavocats.com\\\/wp-content\\\/uploads\\\/2026\\\/01\\\/Logo-2-1.webp\",\"width\":2114,\"height\":1253,\"caption\":\"Kohen Avocats\"},\"image\":{\"@id\":\"https:\\\/\\\/kohenavocats.com\\\/ru\\\/#\\\/schema\\\/logo\\\/image\\\/\"}}]}<\/script>\n<!-- \/ Yoast SEO Premium plugin. -->","yoast_head_json":{"title":"ECLI:NL:RVS:2026:1877 Raad van State , 03-04-2026 \/ 202501593\/1\/V1 - Ma\u00eetre Hassan Kohen, avocat en droit p\u00e9nal \u00e0 Paris","robots":{"index":"index","follow":"follow","max-snippet":"max-snippet:-1","max-image-preview":"max-image-preview:large","max-video-preview":"max-video-preview:-1"},"canonical":"https:\/\/kohenavocats.com\/ru\/jurisprudences\/eclinlrvs20261877-raad-van-state-03-04-2026-202501593-1-v1-2\/","og_locale":"ru_RU","og_type":"article","og_title":"ECLI:NL:RVS:2026:1877 Raad van State , 03-04-2026 \/ 202501593\/1\/V1","og_description":"Bij besluit van 12 december 2024 heeft de minister van Asiel en Migratie een aanvraag van betrokkene om haar een verblijfsvergunning asiel voor bepaalde tijd te verlenen, niet-ontvankelijk verklaard.","og_url":"https:\/\/kohenavocats.com\/ru\/jurisprudences\/eclinlrvs20261877-raad-van-state-03-04-2026-202501593-1-v1-2\/","og_site_name":"Ma\u00eetre Hassan Kohen, avocat en droit p\u00e9nal \u00e0 Paris","twitter_card":"summary_large_image","twitter_misc":{"\u041f\u0440\u0438\u043c\u0435\u0440\u043d\u043e\u0435 \u0432\u0440\u0435\u043c\u044f \u0434\u043b\u044f \u0447\u0442\u0435\u043d\u0438\u044f":"5 \u043c\u0438\u043d\u0443\u0442"},"schema":{"@context":"https:\/\/schema.org","@graph":[{"@type":"WebPage","@id":"https:\/\/kohenavocats.com\/ru\/jurisprudences\/eclinlrvs20261877-raad-van-state-03-04-2026-202501593-1-v1-2\/","url":"https:\/\/kohenavocats.com\/ru\/jurisprudences\/eclinlrvs20261877-raad-van-state-03-04-2026-202501593-1-v1-2\/","name":"ECLI:NL:RVS:2026:1877 Raad van State , 03-04-2026 \/ 202501593\/1\/V1 - Ma\u00eetre Hassan Kohen, avocat en droit p\u00e9nal \u00e0 Paris","isPartOf":{"@id":"https:\/\/kohenavocats.com\/ru\/#website"},"datePublished":"2026-04-15T06:44:40+00:00","breadcrumb":{"@id":"https:\/\/kohenavocats.com\/ru\/jurisprudences\/eclinlrvs20261877-raad-van-state-03-04-2026-202501593-1-v1-2\/#breadcrumb"},"inLanguage":"ru-RU","potentialAction":[{"@type":"ReadAction","target":["https:\/\/kohenavocats.com\/ru\/jurisprudences\/eclinlrvs20261877-raad-van-state-03-04-2026-202501593-1-v1-2\/"]}]},{"@type":"BreadcrumbList","@id":"https:\/\/kohenavocats.com\/ru\/jurisprudences\/eclinlrvs20261877-raad-van-state-03-04-2026-202501593-1-v1-2\/#breadcrumb","itemListElement":[{"@type":"ListItem","position":1,"name":"Home","item":"https:\/\/kohenavocats.com\/ru\/avocats-en-droit-penal-a-paris-conseil-et-defense-strategique\/"},{"@type":"ListItem","position":2,"name":"Jurisprudences","item":"https:\/\/kohenavocats.com\/ru\/jurisprudences\/"},{"@type":"ListItem","position":3,"name":"ECLI:NL:RVS:2026:1877 Raad van State , 03-04-2026 \/ 202501593\/1\/V1"}]},{"@type":"WebSite","@id":"https:\/\/kohenavocats.com\/ru\/#website","url":"https:\/\/kohenavocats.com\/ru\/","name":"Kohen Avocats","description":"Ma\u00eetre Hassan Kohen, avocat p\u00e9naliste \u00e0 Paris, intervient exclusivement en droit p\u00e9nal pour la d\u00e9fense des particuliers, notamment en mati\u00e8re d\u2019accusations de viol. Il assure un accompagnement rigoureux d\u00e8s la garde \u00e0 vue jusqu\u2019\u00e0 la Cour d\u2019assises, veillant au strict respect des garanties proc\u00e9durales.","publisher":{"@id":"https:\/\/kohenavocats.com\/ru\/#organization"},"potentialAction":[{"@type":"SearchAction","target":{"@type":"EntryPoint","urlTemplate":"https:\/\/kohenavocats.com\/ru\/?s={search_term_string}"},"query-input":{"@type":"PropertyValueSpecification","valueRequired":true,"valueName":"search_term_string"}}],"inLanguage":"ru-RU"},{"@type":"Organization","@id":"https:\/\/kohenavocats.com\/ru\/#organization","name":"Kohen Avocats","url":"https:\/\/kohenavocats.com\/ru\/","logo":{"@type":"ImageObject","inLanguage":"ru-RU","@id":"https:\/\/kohenavocats.com\/ru\/#\/schema\/logo\/image\/","url":"https:\/\/kohenavocats.com\/wp-content\/uploads\/2026\/01\/Logo-2-1.webp","contentUrl":"https:\/\/kohenavocats.com\/wp-content\/uploads\/2026\/01\/Logo-2-1.webp","width":2114,"height":1253,"caption":"Kohen Avocats"},"image":{"@id":"https:\/\/kohenavocats.com\/ru\/#\/schema\/logo\/image\/"}}]}},"jetpack_likes_enabled":false,"jetpack_sharing_enabled":true,"_links":{"self":[{"href":"https:\/\/kohenavocats.com\/ru\/wp-json\/wp\/v2\/kji_decision\/566430","targetHints":{"allow":["GET"]}}],"collection":[{"href":"https:\/\/kohenavocats.com\/ru\/wp-json\/wp\/v2\/kji_decision"}],"about":[{"href":"https:\/\/kohenavocats.com\/ru\/wp-json\/wp\/v2\/types\/kji_decision"}],"wp:attachment":[{"href":"https:\/\/kohenavocats.com\/ru\/wp-json\/wp\/v2\/media?parent=566430"}],"wp:term":[{"taxonomy":"kji_country","embeddable":true,"href":"https:\/\/kohenavocats.com\/ru\/wp-json\/wp\/v2\/kji_country?post=566430"},{"taxonomy":"kji_court","embeddable":true,"href":"https:\/\/kohenavocats.com\/ru\/wp-json\/wp\/v2\/kji_court?post=566430"},{"taxonomy":"kji_chamber","embeddable":true,"href":"https:\/\/kohenavocats.com\/ru\/wp-json\/wp\/v2\/kji_chamber?post=566430"},{"taxonomy":"kji_year","embeddable":true,"href":"https:\/\/kohenavocats.com\/ru\/wp-json\/wp\/v2\/kji_year?post=566430"},{"taxonomy":"kji_subject","embeddable":true,"href":"https:\/\/kohenavocats.com\/ru\/wp-json\/wp\/v2\/kji_subject?post=566430"},{"taxonomy":"kji_keyword","embeddable":true,"href":"https:\/\/kohenavocats.com\/ru\/wp-json\/wp\/v2\/kji_keyword?post=566430"},{"taxonomy":"kji_language","embeddable":true,"href":"https:\/\/kohenavocats.com\/ru\/wp-json\/wp\/v2\/kji_language?post=566430"}],"curies":[{"name":"wp","href":"https:\/\/api.w.org\/{rel}","templated":true}]}}