{"id":568974,"date":"2026-04-15T14:35:55","date_gmt":"2026-04-15T12:35:55","guid":{"rendered":"https:\/\/kohenavocats.com\/jurisprudences\/eclinlrbdha202527765-rechtbank-den-haag-24-11-2025-nl25-49612-en-nl25-49613\/"},"modified":"2026-04-15T14:35:55","modified_gmt":"2026-04-15T12:35:55","slug":"eclinlrbdha202527765-rechtbank-den-haag-24-11-2025-nl25-49612-en-nl25-49613","status":"publish","type":"kji_decision","link":"https:\/\/kohenavocats.com\/ru\/jurisprudences\/eclinlrbdha202527765-rechtbank-den-haag-24-11-2025-nl25-49612-en-nl25-49613\/","title":{"rendered":"ECLI:NL:RBDHA:2025:27765 Rechtbank Den Haag , 24-11-2025 \/ NL25.49612 en NL25.49613"},"content":{"rendered":"<div class=\"kji-decision\">\n<div class=\"kji-full-text\">\n<p><strong>Inhoudsindicatie.<\/strong> Dublin, interstatelijk vertrouwensbeginsel, Frankrijk, AIDA-rapport, artikel 17 Dv.<\/p>\n<p>RECHTBANK DEN HAAG<\/p>\n<p>Bestuursrecht<\/p>\n<p>zaaknummers: NL25.49612 (beroep) en NL25.49613 (voorlopige voorziening)<\/p>\n<p>uitspraak van de enkelvoudige kamer en de voorzieningenrechter in de zaken tussen<\/p>\n<h3>[eiser], V-nummer: [v-nummer], eiser\/verzoeker (hierna: eiser)<\/h3>\n<p>(gemachtigde: mr. A.M.V. Bandhoe),<\/p>\n<p>en<\/p>\n<h3>de minister van Asiel en Migratie, verweerder.<\/h3>\n<h3>Inleiding<\/h3>\n<p>1. In deze uitspraak beoordeelt de rechtbank het beroep van eiser tegen het niet in behandeling nemen van de aanvraag tot het verlenen van een verblijfsvergunning asiel voor bepaalde tijd. De voorzieningenrechter beoordeelt in deze uitspraak het verzoek om een voorlopige voorziening van eiser. Verweerder heeft de aanvraag met het bestreden besluit van 10 oktober 2025 niet in behandeling genomen omdat Frankrijk verantwoordelijk is voor de aanvraag.<\/p>\n<h3>Beoordeling door de rechtbank<\/h3>\n<p>Geen zitting<\/p>\n<p>2. De rechtbank ziet geen aanleiding om gevolg te geven aan eisers verzoek om te worden gehoord en houdt in deze zaak geen zitting. Het beroep is namelijk kennelijk ongegrond. Hieronder legt de rechtbank dit uit.<\/p>\n<p>Waar gaat deze zaak over?<\/p>\n<p>3. Eiser stelt de Algerijnse nationaliteit te hebben en op [geboortedatum] 1988 geboren te zijn. Verweerder heeft de asielaanvraag niet in behandeling genomen, omdat Frankrijk verantwoordelijk zou zijn voor de behandeling daarvan.<\/p>\n<p>Wat vindt eiser in beroep?<\/p>\n<p>4. Eiser stelt dat hij in de Nederlandse procedure opgenomen moet worden, aangezien er in Frankrijk geen fatsoenlijke opvang is en eiser niet is beschermd tegen ernstige mishandelingen die hij in Frankrijk heeft ondergaan en ook niet zal worden beschermd tegen nieuwe mishandelingen. Eiser zal geen veilig en menswaardig bestaan kunnen hebben. Eiser stelt dat er sprake is van structurele tekortkomingen in de zin van artikel 3, tweede lid van de Dublinverordening. Eiser heeft negatieve ervaringen met de Franse asielprocedure. Ter onderbouwing verwijst eiser naar informatie uit verschillende AIDA-rapporten, een aantal nieuwsartikelen, een artikel van InfoMigrants en uitspraken van de rechtbanken in Arnsberg en Hannover. Verweerder had gebruik moeten maken van zijn discretionaire bevoegdheid zoals neergelegd in artikel 17 van de Dublinverordening en nader onderzoek moeten verrichten. Verweerder heeft onvoldoende gemotiveerd waarom eiser toegang zou hebben tot de Franse autoriteiten voor bescherming.<\/p>\n<p>Wat is het oordeel van de rechtbank?<\/p>\n<p>Interstatelijk vertrouwensbeginsel<\/p>\n<p>5. De rechtbank stelt voorop dat het uitgangspunt is dat verweerder op grond van het interstatelijk vertrouwensbeginsel ervan mag uitgaan dat lidstaten van de Europese Unie hun verdragsverplichtingen tegenover asielzoekers zullen nakomen. Van dit uitgangspunt wordt slechts afgeweken indien eiser aannemelijk maakt dat het asiel- en opvangsysteem dusdanige tekortkomingen vertoont dat hij bij overdracht aan Frankrijk een re\u00ebel risico loopt op een behandeling strijdig met artikel 3 van het EVRM of artikel 4 van het Handvest. Om onder de tekortkomingen van artikel 3 van het EVRM of artikel 4 van het Handvest te vallen, moeten deze een hoge drempel van zwaarwegendheid bereiken. Of deze bereikt wordt, hangt af van de gegevens in de zaak.<\/p>\n<p>Naar het oordeel van de rechtbank is eiser er niet in geslaagd het voorgaande aannemelijk te maken. De rechtbank is van oordeel dat uit de door eiser aangehaalde (nieuws)artikelen en uitspraken van de Duitse rechtbanken niet volgt dat niet langer van het interstatelijk vertrouwensbeginsel kan worden uitgegaan. Daartoe overweegt de rechtbank dat de hoogste bestuursrechter met de uitspraken van 2 mei 2024 en 11 april 2025 nog heeft geoordeeld dat ten aanzien van Frankrijk nog altijd van het interstatelijk vertrouwensbeginsel kan worden uitgegaan. Uit deze uitspraken volgt dat er weliswaar problemen zijn (geweest) in de Franse asielopvang, maar dat niet is gebleken dat deze problemen dermate structureel en ernstig van aard zijn dat er bij een overdracht aan Frankrijk sprake is van een schending van artikel 3 van het EVRM of artikel 4 van het Handvest. De hoogste bestuursrechter heeft bij deze uitspraken ook de updates over 2022 en 2023 van het AIDA-rapport betrokken. De rechtbank overweegt bovendien dat het AIDA-rapport (update 2025) geen reden geeft om niet langer van het interstatelijk vertrouwensbeginsel uit te gaan. Het recente AIDA rapport laat een lichte procentuele verbetering zien ten aanzien van asielzoekers die een opvangplek hebben. Het rapport geeft geen wezenlijk ander beeld van de opvangvoorzieningen in Frankrijk dan de informatie die is betrokken door de hoogste bestuursrechter in eerdere uitspraken. Ook met betrekking tot de (nieuws)artikelen waar eiser naar verwijst, oordeelt de rechtbank dat deze niet leiden tot het oordeel dat niet langer van het interstatelijk vertrouwensbeginsel kan worden uitgegaan.<\/p>\n<p>Ook het persoonlijke relaas van eiser leidt niet tot de conclusie dat hij bij overdracht naar Frankrijk een re\u00ebel risico loopt op een met artikel 3 van het EVRM en artikel 4 van het Handvest strijdige behandeling. De stellingen dat eiser in Frankrijk is mishandeld, dat hij in Frankrijk geen veilig en menswaardig bestaan kan hebben en dat de Franse autoriteiten hem niet beschermen, zijn niet met documenten onderbouwd. De enkele verwijzing naar een artikel van InfoMigrants is hiertoe onvoldoende, nu het eisers persoonlijke relaas niet onderbouwt en verder geen aanknopingspunten biedt om te concluderen dat niet langer van het interstatelijk vertrouwensbeginsel kan worden uitgegaan. Ook de stellingen dat eiser bij terugkeer zal worden geconfronteerd met materi\u00eble deprivatie en het ontbreken van basale levensvoorzieningen zoals onderdak zijn onvoldoende geconcretiseerd. Van eiser mag worden verwacht dat hij zich bij voorkomende problemen met de Franse asielprocedure, opvang, of anderszins, beklaagt bij de (hogere) Franse autoriteiten. Eiser heeft niet aannemelijk gemaakt dat die mogelijkheid er voor hem niet is of dat de Franse autoriteiten hem niet kunnen of willen helpen, dan wel dat het inroepen van hulp bij voorbaat zinloos is. Verweerder heeft dan ook uit mogen gaan van het interstatelijk vertrouwensbeginsel.<\/p>\n<p>Artikel 17 van de Dublinverordening<\/p>\n<p>6. Verder stelt de rechtbank vast dat eiser niet aannemelijk heeft gemaakt dat verweerder gehouden was om gebruik te maken van zijn discretionaire bevoegdheid die volgt uit artikel 17, eerste lid, van de Dublinverordening. Verweerder heeft in de door eiser aangevoerde individuele omstandigheden geen aanleiding hoeven zien om de behandeling van de asielaanvraag aan zich te trekken op grond van artikel 17 van de Dublinverordening. Eiser heeft niet aannemelijk gemaakt dat er sprake is van bijzondere, individuele omstandigheden waardoor een overdracht leidt tot onevenredige hardheid. De stellingen die eiser heeft aangevoerd zijn onvoldoende onderbouwd en reeds betrokken bij de vraag of er voor Frankrijk nog van het interstatelijk vertrouwensbeginsel uitgegaan kan worden. De rechtbank ziet verder ook geen aanleiding voor het oordeel dat verweerder aanvullend onderzoek had moeten doen. Het bestreden besluit is voldoende zorgvuldig tot stand gekomen en voldoende gemotiveerd.<\/p>\n<p>Conclusie en gevolgen<\/p>\n<p>7. De beroepsgronden slagen niet. De rechtbank twijfelt hier niet over. Daarom is het beroep kennelijk ongegrond.<\/p>\n<p>8. Nu er uitspraak is gedaan in het beroep en er niet langer sprake is van connexiteit, wordt het verzoek om een voorlopige voorziening niet-ontvankelijk verklaard.<\/p>\n<p>9. Eiser krijgt geen vergoeding van zijn proceskosten.<\/p>\n<h3>Beslissing<\/h3>\n<p>De rechtbank verklaart het beroep ongegrond.<\/p>\n<p>De voorzieningenrechter verklaart het verzoek tot het treffen van een voorlopige voorziening niet-ontvankelijk.<\/p>\n<p>Deze uitspraak is gedaan door mr. E.M.A. Vinken, (voorzieningen)rechter, in aanwezigheid van V. Nooteboom, griffier.<\/p>\n<p>De beslissing is uitgesproken in het openbaar en bekendgemaakt op:<\/p>\n<p>Rechtsmiddel<\/p>\n<p>Bent u het niet eens met deze uitspraak?<\/p>\n<p>Als u het niet eens bent met deze uitspraak op het beroep, kunt u een brief sturen naar de rechtbank waarin u uitlegt waarom u het er niet mee eens bent. Dit heet een verzetschrift. U moet dit verzetschrift indienen binnen 6 weken na de dag waarop deze uitspraak is verzonden. U ziet deze datum hierboven. Als u graag een zitting wilt waarin u uw verzetschrift kunt toelichten, kunt u dit in uw verzetschrift vermelden.<\/p>\n<p>Tegen de uitspraak op het verzoek om een voorlopige voorziening staat geen rechtsmiddel open.<\/p>\n<h3>Voetnoten<\/h3>\n<ol>\n<li>Zie artikel 8:54, eerste lid, aanhef en onder c, van de Algemene wet bestuursrecht (Awb).<\/li>\n<li>AIDA-rapport (update 2022, 2023 en 2025).<\/li>\n<li><a href=\"https:\/\/www.wyniasweek.nl\/heel-gewoon-in-frankrijk-asielzoekers-op-straat\/\" rel=\"nofollow\">https:\/\/www.wyniasweek.nl\/heel-gewoon-in-frankrijk-asielzoekers-op-straat\/<\/a>\n<p> <a href=\"https:\/\/nos.nl\/nieuwsuur\/artikel\/2478137-frankrijk-kampt-met-onbeheersbare-migratie-fransen-worden-steeds-vijandiger\" rel=\"nofollow\">https:\/\/nos.nl\/nieuwsuur\/artikel\/2478137-frankrijk-kampt-met-onbeheersbare-migratie-fransen-worden-steeds-vijandiger<\/a><\/p>\n<p> <a href=\"https:\/\/www.telegraaf.nl\/nieuws\/1169547206\/recordaantal-asielaanvragen-in-frankrijk-afgelopen-jaar\" rel=\"nofollow\">https:\/\/www.telegraaf.nl\/nieuws\/1169547206\/recordaantal-asielaanvragen-in-frankrijk-afgelopen-jaar<\/a><\/p>\n<p> <a href=\"https:\/\/www.thenewhumanitarian.org\/news-feature\/behind-the-housing-crisis-for-asylum-seekers-in-france\" rel=\"nofollow\">https:\/\/www.thenewhumanitarian.org\/news-feature\/behind-the-housing-crisis-for-asylum-seekers-in-france<\/a><\/li>\n<li><a href=\"https:\/\/www.infomigrants.net\/en\/post\/60052\/migrant-women-in-france-face-double-violence-when-reporting-abuse?utm_source=chatgpt.com\" rel=\"nofollow\">https:\/\/www.infomigrants.net\/en\/post\/60052\/migrant-women-in-france-face-double-violence-when-reporting-abuse?utm_source=chatgpt.com<\/a><\/li>\n<li>Verwaltungsgericht Arnsberg van 25 april 2019, 12L190\/19.A, en Verwaltungsgericht Hannover van 25 juli 2023, 15 A 3773\/23.<\/li>\n<li>Europees Verdrag van de Rechten van de Mens en de fundamentele vrijheden.<\/li>\n<li>Handvest van de Grondrechten van de Europese Unie.<\/li>\n<li>ECLI:NL:RVS:2024:1863 en ECLI:NL:RVS:2025:1642.<\/li>\n<li>Op grond van artikel 8:81 en 8:83, derde lid, van de Awb.<\/li>\n<\/ol>\n<\/div>\n<hr class=\"kji-sep\" \/>\n<p class=\"kji-source-links\"><strong>Sources officielles :<\/strong> <a class=\"kji-source-link\" href=\"http:\/\/deeplink.rechtspraak.nl\/uitspraak?id=ECLI:NL:RBDHA:2025:27765\" target=\"_blank\" rel=\"noopener noreferrer\">consulter la page source<\/a><\/p>\n<p class=\"kji-license-note\"><em>Rechtspraak.nl open data, Creative Commons Zero. Volume cible 1.8M decisions.<\/em><\/p>\n<\/div>\n","protected":false},"excerpt":{"rendered":"<p>Dublin, interstatelijk vertrouwensbeginsel, Frankrijk, AIDA-rapport, artikel 17 Dv.<\/p>\n","protected":false},"featured_media":0,"template":"","meta":{"_crdt_document":""},"kji_country":[7669],"kji_court":[7670],"kji_chamber":[],"kji_year":[8463],"kji_subject":[7646],"kji_keyword":[7821,7831,7674,7675,11982],"kji_language":[7671],"class_list":["post-568974","kji_decision","type-kji_decision","status-publish","hentry","kji_country-pays-bas","kji_court-rechtbank-den-haag","kji_year-8463","kji_subject-divers","kji_keyword-dublin","kji_keyword-interstatelijk","kji_keyword-rbdha","kji_keyword-rechtbank","kji_keyword-vertrouwensbeginsel","kji_language-nl"],"yoast_head":"<!-- This site is optimized with the Yoast SEO Premium plugin v27.4 (Yoast SEO v27.4) - https:\/\/yoast.com\/product\/yoast-seo-premium-wordpress\/ -->\n<title>ECLI:NL:RBDHA:2025:27765 Rechtbank Den Haag , 24-11-2025 \/ NL25.49612 en NL25.49613 - Ma\u00eetre Hassan Kohen, avocat en droit p\u00e9nal \u00e0 Paris<\/title>\n<meta name=\"robots\" content=\"index, follow, max-snippet:-1, max-image-preview:large, max-video-preview:-1\" \/>\n<link rel=\"canonical\" href=\"https:\/\/kohenavocats.com\/ru\/jurisprudences\/eclinlrbdha202527765-rechtbank-den-haag-24-11-2025-nl25-49612-en-nl25-49613\/\" \/>\n<meta property=\"og:locale\" content=\"ru_RU\" \/>\n<meta property=\"og:type\" content=\"article\" \/>\n<meta property=\"og:title\" content=\"ECLI:NL:RBDHA:2025:27765 Rechtbank Den Haag , 24-11-2025 \/ NL25.49612 en NL25.49613\" \/>\n<meta property=\"og:description\" content=\"Dublin, interstatelijk vertrouwensbeginsel, Frankrijk, AIDA-rapport, artikel 17 Dv.\" \/>\n<meta property=\"og:url\" content=\"https:\/\/kohenavocats.com\/ru\/jurisprudences\/eclinlrbdha202527765-rechtbank-den-haag-24-11-2025-nl25-49612-en-nl25-49613\/\" \/>\n<meta property=\"og:site_name\" content=\"Ma\u00eetre Hassan Kohen, avocat en droit p\u00e9nal \u00e0 Paris\" \/>\n<meta name=\"twitter:card\" content=\"summary_large_image\" \/>\n<meta name=\"twitter:label1\" content=\"\u041f\u0440\u0438\u043c\u0435\u0440\u043d\u043e\u0435 \u0432\u0440\u0435\u043c\u044f \u0434\u043b\u044f \u0447\u0442\u0435\u043d\u0438\u044f\" \/>\n\t<meta name=\"twitter:data1\" content=\"7 \u043c\u0438\u043d\u0443\u0442\" \/>\n<script type=\"application\/ld+json\" class=\"yoast-schema-graph\">{\"@context\":\"https:\\\/\\\/schema.org\",\"@graph\":[{\"@type\":\"WebPage\",\"@id\":\"https:\\\/\\\/kohenavocats.com\\\/ru\\\/jurisprudences\\\/eclinlrbdha202527765-rechtbank-den-haag-24-11-2025-nl25-49612-en-nl25-49613\\\/\",\"url\":\"https:\\\/\\\/kohenavocats.com\\\/ru\\\/jurisprudences\\\/eclinlrbdha202527765-rechtbank-den-haag-24-11-2025-nl25-49612-en-nl25-49613\\\/\",\"name\":\"ECLI:NL:RBDHA:2025:27765 Rechtbank Den Haag , 24-11-2025 \\\/ NL25.49612 en NL25.49613 - Ma\u00eetre Hassan Kohen, avocat en droit p\u00e9nal \u00e0 Paris\",\"isPartOf\":{\"@id\":\"https:\\\/\\\/kohenavocats.com\\\/ru\\\/#website\"},\"datePublished\":\"2026-04-15T12:35:55+00:00\",\"breadcrumb\":{\"@id\":\"https:\\\/\\\/kohenavocats.com\\\/ru\\\/jurisprudences\\\/eclinlrbdha202527765-rechtbank-den-haag-24-11-2025-nl25-49612-en-nl25-49613\\\/#breadcrumb\"},\"inLanguage\":\"ru-RU\",\"potentialAction\":[{\"@type\":\"ReadAction\",\"target\":[\"https:\\\/\\\/kohenavocats.com\\\/ru\\\/jurisprudences\\\/eclinlrbdha202527765-rechtbank-den-haag-24-11-2025-nl25-49612-en-nl25-49613\\\/\"]}]},{\"@type\":\"BreadcrumbList\",\"@id\":\"https:\\\/\\\/kohenavocats.com\\\/ru\\\/jurisprudences\\\/eclinlrbdha202527765-rechtbank-den-haag-24-11-2025-nl25-49612-en-nl25-49613\\\/#breadcrumb\",\"itemListElement\":[{\"@type\":\"ListItem\",\"position\":1,\"name\":\"Home\",\"item\":\"https:\\\/\\\/kohenavocats.com\\\/ru\\\/avocats-en-droit-penal-a-paris-conseil-et-defense-strategique\\\/\"},{\"@type\":\"ListItem\",\"position\":2,\"name\":\"Jurisprudences\",\"item\":\"https:\\\/\\\/kohenavocats.com\\\/ru\\\/jurisprudences\\\/\"},{\"@type\":\"ListItem\",\"position\":3,\"name\":\"ECLI:NL:RBDHA:2025:27765 Rechtbank Den Haag , 24-11-2025 \\\/ NL25.49612 en NL25.49613\"}]},{\"@type\":\"WebSite\",\"@id\":\"https:\\\/\\\/kohenavocats.com\\\/ru\\\/#website\",\"url\":\"https:\\\/\\\/kohenavocats.com\\\/ru\\\/\",\"name\":\"Kohen Avocats\",\"description\":\"Ma\u00eetre Hassan Kohen, avocat p\u00e9naliste \u00e0 Paris, intervient exclusivement en droit p\u00e9nal pour la d\u00e9fense des particuliers, notamment en mati\u00e8re d\u2019accusations de viol. Il assure un accompagnement rigoureux d\u00e8s la garde \u00e0 vue jusqu\u2019\u00e0 la Cour d\u2019assises, veillant au strict respect des garanties proc\u00e9durales.\",\"publisher\":{\"@id\":\"https:\\\/\\\/kohenavocats.com\\\/ru\\\/#organization\"},\"potentialAction\":[{\"@type\":\"SearchAction\",\"target\":{\"@type\":\"EntryPoint\",\"urlTemplate\":\"https:\\\/\\\/kohenavocats.com\\\/ru\\\/?s={search_term_string}\"},\"query-input\":{\"@type\":\"PropertyValueSpecification\",\"valueRequired\":true,\"valueName\":\"search_term_string\"}}],\"inLanguage\":\"ru-RU\"},{\"@type\":\"Organization\",\"@id\":\"https:\\\/\\\/kohenavocats.com\\\/ru\\\/#organization\",\"name\":\"Kohen Avocats\",\"url\":\"https:\\\/\\\/kohenavocats.com\\\/ru\\\/\",\"logo\":{\"@type\":\"ImageObject\",\"inLanguage\":\"ru-RU\",\"@id\":\"https:\\\/\\\/kohenavocats.com\\\/ru\\\/#\\\/schema\\\/logo\\\/image\\\/\",\"url\":\"https:\\\/\\\/kohenavocats.com\\\/wp-content\\\/uploads\\\/2026\\\/01\\\/Logo-2-1.webp\",\"contentUrl\":\"https:\\\/\\\/kohenavocats.com\\\/wp-content\\\/uploads\\\/2026\\\/01\\\/Logo-2-1.webp\",\"width\":2114,\"height\":1253,\"caption\":\"Kohen Avocats\"},\"image\":{\"@id\":\"https:\\\/\\\/kohenavocats.com\\\/ru\\\/#\\\/schema\\\/logo\\\/image\\\/\"}}]}<\/script>\n<!-- \/ Yoast SEO Premium plugin. -->","yoast_head_json":{"title":"ECLI:NL:RBDHA:2025:27765 Rechtbank Den Haag , 24-11-2025 \/ NL25.49612 en NL25.49613 - Ma\u00eetre Hassan Kohen, avocat en droit p\u00e9nal \u00e0 Paris","robots":{"index":"index","follow":"follow","max-snippet":"max-snippet:-1","max-image-preview":"max-image-preview:large","max-video-preview":"max-video-preview:-1"},"canonical":"https:\/\/kohenavocats.com\/ru\/jurisprudences\/eclinlrbdha202527765-rechtbank-den-haag-24-11-2025-nl25-49612-en-nl25-49613\/","og_locale":"ru_RU","og_type":"article","og_title":"ECLI:NL:RBDHA:2025:27765 Rechtbank Den Haag , 24-11-2025 \/ NL25.49612 en NL25.49613","og_description":"Dublin, interstatelijk vertrouwensbeginsel, Frankrijk, AIDA-rapport, artikel 17 Dv.","og_url":"https:\/\/kohenavocats.com\/ru\/jurisprudences\/eclinlrbdha202527765-rechtbank-den-haag-24-11-2025-nl25-49612-en-nl25-49613\/","og_site_name":"Ma\u00eetre Hassan Kohen, avocat en droit p\u00e9nal \u00e0 Paris","twitter_card":"summary_large_image","twitter_misc":{"\u041f\u0440\u0438\u043c\u0435\u0440\u043d\u043e\u0435 \u0432\u0440\u0435\u043c\u044f \u0434\u043b\u044f \u0447\u0442\u0435\u043d\u0438\u044f":"7 \u043c\u0438\u043d\u0443\u0442"},"schema":{"@context":"https:\/\/schema.org","@graph":[{"@type":"WebPage","@id":"https:\/\/kohenavocats.com\/ru\/jurisprudences\/eclinlrbdha202527765-rechtbank-den-haag-24-11-2025-nl25-49612-en-nl25-49613\/","url":"https:\/\/kohenavocats.com\/ru\/jurisprudences\/eclinlrbdha202527765-rechtbank-den-haag-24-11-2025-nl25-49612-en-nl25-49613\/","name":"ECLI:NL:RBDHA:2025:27765 Rechtbank Den Haag , 24-11-2025 \/ NL25.49612 en NL25.49613 - Ma\u00eetre Hassan Kohen, avocat en droit p\u00e9nal \u00e0 Paris","isPartOf":{"@id":"https:\/\/kohenavocats.com\/ru\/#website"},"datePublished":"2026-04-15T12:35:55+00:00","breadcrumb":{"@id":"https:\/\/kohenavocats.com\/ru\/jurisprudences\/eclinlrbdha202527765-rechtbank-den-haag-24-11-2025-nl25-49612-en-nl25-49613\/#breadcrumb"},"inLanguage":"ru-RU","potentialAction":[{"@type":"ReadAction","target":["https:\/\/kohenavocats.com\/ru\/jurisprudences\/eclinlrbdha202527765-rechtbank-den-haag-24-11-2025-nl25-49612-en-nl25-49613\/"]}]},{"@type":"BreadcrumbList","@id":"https:\/\/kohenavocats.com\/ru\/jurisprudences\/eclinlrbdha202527765-rechtbank-den-haag-24-11-2025-nl25-49612-en-nl25-49613\/#breadcrumb","itemListElement":[{"@type":"ListItem","position":1,"name":"Home","item":"https:\/\/kohenavocats.com\/ru\/avocats-en-droit-penal-a-paris-conseil-et-defense-strategique\/"},{"@type":"ListItem","position":2,"name":"Jurisprudences","item":"https:\/\/kohenavocats.com\/ru\/jurisprudences\/"},{"@type":"ListItem","position":3,"name":"ECLI:NL:RBDHA:2025:27765 Rechtbank Den Haag , 24-11-2025 \/ NL25.49612 en NL25.49613"}]},{"@type":"WebSite","@id":"https:\/\/kohenavocats.com\/ru\/#website","url":"https:\/\/kohenavocats.com\/ru\/","name":"Kohen Avocats","description":"Ma\u00eetre Hassan Kohen, avocat p\u00e9naliste \u00e0 Paris, intervient exclusivement en droit p\u00e9nal pour la d\u00e9fense des particuliers, notamment en mati\u00e8re d\u2019accusations de viol. Il assure un accompagnement rigoureux d\u00e8s la garde \u00e0 vue jusqu\u2019\u00e0 la Cour d\u2019assises, veillant au strict respect des garanties proc\u00e9durales.","publisher":{"@id":"https:\/\/kohenavocats.com\/ru\/#organization"},"potentialAction":[{"@type":"SearchAction","target":{"@type":"EntryPoint","urlTemplate":"https:\/\/kohenavocats.com\/ru\/?s={search_term_string}"},"query-input":{"@type":"PropertyValueSpecification","valueRequired":true,"valueName":"search_term_string"}}],"inLanguage":"ru-RU"},{"@type":"Organization","@id":"https:\/\/kohenavocats.com\/ru\/#organization","name":"Kohen Avocats","url":"https:\/\/kohenavocats.com\/ru\/","logo":{"@type":"ImageObject","inLanguage":"ru-RU","@id":"https:\/\/kohenavocats.com\/ru\/#\/schema\/logo\/image\/","url":"https:\/\/kohenavocats.com\/wp-content\/uploads\/2026\/01\/Logo-2-1.webp","contentUrl":"https:\/\/kohenavocats.com\/wp-content\/uploads\/2026\/01\/Logo-2-1.webp","width":2114,"height":1253,"caption":"Kohen Avocats"},"image":{"@id":"https:\/\/kohenavocats.com\/ru\/#\/schema\/logo\/image\/"}}]}},"jetpack_likes_enabled":false,"jetpack_sharing_enabled":true,"_links":{"self":[{"href":"https:\/\/kohenavocats.com\/ru\/wp-json\/wp\/v2\/kji_decision\/568974","targetHints":{"allow":["GET"]}}],"collection":[{"href":"https:\/\/kohenavocats.com\/ru\/wp-json\/wp\/v2\/kji_decision"}],"about":[{"href":"https:\/\/kohenavocats.com\/ru\/wp-json\/wp\/v2\/types\/kji_decision"}],"wp:attachment":[{"href":"https:\/\/kohenavocats.com\/ru\/wp-json\/wp\/v2\/media?parent=568974"}],"wp:term":[{"taxonomy":"kji_country","embeddable":true,"href":"https:\/\/kohenavocats.com\/ru\/wp-json\/wp\/v2\/kji_country?post=568974"},{"taxonomy":"kji_court","embeddable":true,"href":"https:\/\/kohenavocats.com\/ru\/wp-json\/wp\/v2\/kji_court?post=568974"},{"taxonomy":"kji_chamber","embeddable":true,"href":"https:\/\/kohenavocats.com\/ru\/wp-json\/wp\/v2\/kji_chamber?post=568974"},{"taxonomy":"kji_year","embeddable":true,"href":"https:\/\/kohenavocats.com\/ru\/wp-json\/wp\/v2\/kji_year?post=568974"},{"taxonomy":"kji_subject","embeddable":true,"href":"https:\/\/kohenavocats.com\/ru\/wp-json\/wp\/v2\/kji_subject?post=568974"},{"taxonomy":"kji_keyword","embeddable":true,"href":"https:\/\/kohenavocats.com\/ru\/wp-json\/wp\/v2\/kji_keyword?post=568974"},{"taxonomy":"kji_language","embeddable":true,"href":"https:\/\/kohenavocats.com\/ru\/wp-json\/wp\/v2\/kji_language?post=568974"}],"curies":[{"name":"wp","href":"https:\/\/api.w.org\/{rel}","templated":true}]}}