{"id":569916,"date":"2026-04-15T16:48:27","date_gmt":"2026-04-15T14:48:27","guid":{"rendered":"https:\/\/kohenavocats.com\/jurisprudences\/eclinlrbams202511407-rechtbank-amsterdam-30-10-2025-13-052703-21\/"},"modified":"2026-04-15T16:48:27","modified_gmt":"2026-04-15T14:48:27","slug":"eclinlrbams202511407-rechtbank-amsterdam-30-10-2025-13-052703-21","status":"publish","type":"kji_decision","link":"https:\/\/kohenavocats.com\/ru\/jurisprudences\/eclinlrbams202511407-rechtbank-amsterdam-30-10-2025-13-052703-21\/","title":{"rendered":"ECLI:NL:RBAMS:2025:11407 Rechtbank Amsterdam , 30-10-2025 \/ 13\/052703-21"},"content":{"rendered":"<div class=\"kji-decision\">\n<div class=\"kji-full-text\">\n<p><strong>Inhoudsindicatie.<\/strong> PIJ-verlengingsbeschikking. De rechtbank wijst de vordering van de officier van justitie toe en verlengt de maatregel met negen maanden.<\/p>\n<p>beschikking<\/p>\n<h3>RECHTBANK AMSTERDAM<\/h3>\n<p>Team Familie &amp; Jeugd<\/p>\n<p>Parketnummer: 13.052703.21<\/p>\n<p>Beslissing op de vordering van 18 juni 2025 van de officier van justitie in het arrondissement Amsterdam in de zaak tegen:<\/p>\n<h3>[minderjarige veroordeelde],<\/h3>\n<p>geboren op [geboortedag] 2004 te [geboorteplaats],<\/p>\n<p>verblijvende te Justiti\u00eble Jeugdjeugdinrichting [plaats],<\/p>\n<p>[adres]<\/p>\n<p>die bij vonnis van deze rechtbank van 9 december 2021 is veroordeeld tot maatregel van plaatsing in een inrichting voor jeugdigen (hierna ook: PIJ-maatregel of de maatregel).<\/p>\n<p>De PIJ-maatregel is laatstelijk bij beslissing van de rechtbank Amsterdam van 31 januari 2025 met 6 (zes) maanden verlengd.<\/p>\n<p>De inhoud van de vordering<\/p>\n<p>De vordering van de officier van justitie strekt tot het verlengen van de termijn van de PIJ-maatregel met 9 (negen) maanden.<\/p>\n<p>De procesgang<\/p>\n<p>De rechtbank heeft kennisgenomen van de stukken in de zaak met bovenvermeld parketnummer, waaronder:<\/p>\n<p>\uf02d de termijnbrief van 18 april 2025.<\/p>\n<p>\uf02d het uitgebrachte verlengingsadvies van [naam inrichting] (hierna: [naam inrichting]) van 23 mei 2025, strekkende tot een verlenging van de PIJ-maatregel met 9 (negen) maanden;<\/p>\n<p>\uf02d de aanvullende informatie vanuit [naam inrichting], gedateerd 18 juli 2025, wat heeft geleid tot een gewijzigd advies, strekkende tot een verlenging van de PIJ-maatregel met 12 (twaalf) maanden.<\/p>\n<p>De rechtbank heeft op 30 oktober 2025 de vordering in de openbare raadkamer behandeld.<\/p>\n<p>Verschenen en gehoord zijn:<\/p>\n<p>de officier van justitie, mr. M. Modder;<\/p>\n<p>[minderjarige veroordeelde], bijgestaan door zijn raadsman mr. M.A.C. de Bruijn, advocaat te Amsterdam;<\/p>\n<p>de deskundigen mw. [persoon 1] en mw. [persoon 2], als behandelco\u00f6rdinatoren verbonden aan [naam inrichting].<\/p>\n<p>De standpunten<\/p>\n<p>Het advies van de deskundige<\/p>\n<p>De deskundigen adviseerden aanvankelijk de PIJ-maatregel te verlengen met 9 maanden, zodat verlof opgebouwd kon worden (drie maanden) en daarna naar het STP toegewerkt kon worden (zes maanden). Er is echter na het indienen van het verlengingsadvies een onderzoek gedaan naar de telefoon van [minderjarige veroordeelde], omdat het vermoeden was dat er nog steeds risico\u2019s aanwezig waren buiten de JJI, indien [minderjarige veroordeelde] met verlof zou gaan. Op basis van de informatie in de telefoon van [minderjarige veroordeelde] wordt het recidiverisico aanzienlijk hoger geacht dan gedacht. [minderjarige veroordeelde] lijkt zich bezig te houden met voortgezet crimineel handelen. Hoewel [minderjarige veroordeelde] een prettige jongen op de groep is en hij zich daar respectvol en beleefd opstelt, lijkt er sprake te zijn van schijnaanpassingen. De deskundigen hebben derhalve het advies bijgesteld en adviseren een verlenging van de PIJ-maatregel met twaalf maanden.<\/p>\n<p>Het standpunt van de officier van justitie<\/p>\n<p>De officier van justitie stelt zich op het standpunt dat het Openbaar Ministerie ontvankelijk in de vordering is, ondanks dat deze te laat is ingediend. De officier van justitie heeft gepersisteerd bij de vordering tot verlenging van de PIJ-maatregel met 9 maanden. Hoewel uit het aanvullende advies van de deskundigen blijkt dat het recidiverisico hoger is dan aanvankelijk werd ingeschat, waardoor een verlenging voor een langere periode dan 9 maanden voor de hand ligt, leidt dit niet tot een wijziging van de vordering. De maatregel zou bij een verlenging met meer dan 9 maanden de totale duur van 4 jaar en 6 maanden overschrijden, wat betekent dat er een dubbelrapportage opgemaakt had moeten worden, wat niet is gebeurd.<\/p>\n<p>Het standpunt van de verdediging<\/p>\n<p>De raadsman heeft zich primair op het standpunt gesteld dat het Openbaar Ministerie niet-ontvankelijk moet worden verklaard. De vordering is op grond van artikel 6:6:31 lid 1 Wetboek van Strafvordering (hierna: Sv) te laat ingediend. Subsidiair heeft de raadsman verzocht om de maatregel te verlengen met een kortere periode dan gevorderd. De raadsman begrijpt dat er aanvankelijk zorgen zijn geweest over [minderjarige veroordeelde]. Een nader onderzoek heeft echter geen nieuwe informatie opgeleverd, waardoor dit niet zou moeten leiden tot een ander standpunt ten aanzien van het recidiverisico.<\/p>\n<p>De beoordeling<\/p>\n<p>De rechtbank constateert dat de vordering tot verlenging van de PIJ-maatregel te laat is ingediend. Het in artikel 6:6:31 Sv van overeenkomstige toepassing verklaarde artikel 6:6:11 Sv biedt een mogelijkheid om een vordering die niet binnen de termijn is ingediend toch ontvankelijk te verklaren. Met toepassing van deze artikelen zal de rechtbank het Openbaar Ministerie ontvankelijk verklaren in de vordering. Sprake is van bijzondere omstandigheden waardoor de veiligheid van anderen dan wel de algemene veiligheid van personen of goederen, ondanks het belang van de veroordeelde, verlenging van de maatregel vereisen. Er zijn vermoedens dat betrokkene zich bezighoudt met crimineel handelen en er zijn aanwijzingen dat sprake is van een schijnaanpassing en gesproken wordt van een hoog recidiverisico. Bovendien gaat het om een beperkte termijnoverschrijding waardoor [minderjarige veroordeelde] niet wezenlijk in zijn belangen is geschaad.<\/p>\n<p>Gelet op het (aangepaste) advies van de JJI, het verhandelde in raadkamer en artikel 6:6:31 Sv, is de rechtbank van oordeel dat de veiligheid van anderen dan wel de algemene veiligheid van personen of goederen en een zo gunstig mogelijke verdere ontwikkeling van [minderjarige veroordeelde] eisen dat de PIJ-maatregel met negen maanden wordt verlengd.<\/p>\n<p>Uit het verlengingsadvies en zoals door de deskundigen naar voren gebracht komt naar voren dat [minderjarige veroordeelde] het op de groep goed doet. Ondanks de eerdere terugplaatsing, mede vanwege [minderjarige veroordeelde]\u2019s eigen veiligheid na een ernstig incident, kon het verlof volgens de deskundigen weer worden opgebouwd en kon worden toegewerkt naar het STP. Er werd een verlenging met negen maanden geadviseerd. Echter is na een onderzoek in de telefoon van [minderjarige veroordeelde] gebleken dat het recidiverisico aanzienlijk hoger is dan aanvankelijk werd gedacht. Er zijn aanwijzingen dat [minderjarige veroordeelde] zich bezighoudt met voortgezet crimineel handelen en dat hij zich ook bewust is van de gevaren \u2018buiten\u2019. Hoewel de rechtbank begrijpt dat [minderjarige veroordeelde] het liefst ziet dat de PIJ-maatregel sneller wordt be\u00ebindigd, is dat op dit moment geen optie. De rechtbank hoopt dat [minderjarige veroordeelde] laat zien dat hij afstand heeft genomen danwel kan nemen van het criminele handelen en laat zien dat hij daadwerkelijk een nieuwe start wil maken, zodat zijn verlof vanaf januari 2026 kan worden uitgebreid. Ook hoopt de rechtbank dat [minderjarige veroordeelde] de indruk dat mogelijk sprake is van \u2018schijnaanpassingen\u2019 kan wegnemen. Omdat niet te verwachten is dat al deze stappen in een tijdsbestek van minder dan negen maanden kunnen worden gezet, ziet de rechtbank geen aanleiding om de maatregel voor een kortere periode dan de gevorderde negen maanden te verlengen.<\/p>\n<p>De rechtbank gaat er op grond van de termijnbrief van 18 april 2025 vanuit dat de maatregel, rekening houdend met het bepaalde in artikel 6:6:31, tweede lid, derde volzin, Sv en behoudens verlenging, voorwaardelijk eindigt op 11 april 2026.<\/p>\n<p>De beslissing<\/p>\n<p>De rechtbank:<\/p>\n<p>wijst de vordering van de officier van justitie toe en verlengt de termijn van de maatregel tot plaatsing in een inrichting voor jeugdigen van [minderjarige veroordeelde] met 9 (negen) maanden.<\/p>\n<p>Deze beschikking is gegeven in openbare raadkamer van deze rechtbank door<\/p>\n<p>mr. K.M. van Hassel, voorzitter tevens kinderrechter,<\/p>\n<p>mrs. J.W.B. Snijders Blok en E. Diepraam, rechters,<\/p>\n<p>in tegenwoordigheid van mr. A.M. Elsman, griffier,<\/p>\n<p>en uitgesproken op de openbare terechtzitting van 30 oktober 2025.<\/p>\n<\/div>\n<hr class=\"kji-sep\" \/>\n<p class=\"kji-source-links\"><strong>Sources officielles :<\/strong> <a class=\"kji-source-link\" href=\"http:\/\/deeplink.rechtspraak.nl\/uitspraak?id=ECLI:NL:RBAMS:2025:11407\" target=\"_blank\" rel=\"noopener noreferrer\">consulter la page source<\/a><\/p>\n<p class=\"kji-license-note\"><em>Rechtspraak.nl open data, Creative Commons Zero. Volume cible 1.8M decisions.<\/em><\/p>\n<\/div>\n","protected":false},"excerpt":{"rendered":"<p>PIJ-verlengingsbeschikking. De rechtbank wijst de vordering van de officier van justitie toe en verlengt de maatregel met negen maanden.<\/p>\n","protected":false},"featured_media":0,"template":"","meta":{"_crdt_document":""},"kji_country":[7669],"kji_court":[7998],"kji_chamber":[],"kji_year":[8463],"kji_subject":[7646],"kji_keyword":[8000,14371,7999,7675,7900],"kji_language":[7671],"class_list":["post-569916","kji_decision","type-kji_decision","status-publish","hentry","kji_country-pays-bas","kji_court-rechtbank-amsterdam","kji_year-8463","kji_subject-divers","kji_keyword-amsterdam","kji_keyword-pij-verlengingsbeschikking","kji_keyword-rbams","kji_keyword-rechtbank","kji_keyword-wijst","kji_language-nl"],"yoast_head":"<!-- This site is optimized with the Yoast SEO Premium plugin v27.5 (Yoast SEO v27.5) - https:\/\/yoast.com\/product\/yoast-seo-premium-wordpress\/ -->\n<title>ECLI:NL:RBAMS:2025:11407 Rechtbank Amsterdam , 30-10-2025 \/ 13\/052703-21 - Ma\u00eetre Hassan Kohen, avocat en droit p\u00e9nal \u00e0 Paris<\/title>\n<meta name=\"robots\" content=\"index, follow, max-snippet:-1, max-image-preview:large, max-video-preview:-1\" \/>\n<link rel=\"canonical\" href=\"https:\/\/kohenavocats.com\/ru\/jurisprudences\/eclinlrbams202511407-rechtbank-amsterdam-30-10-2025-13-052703-21\/\" \/>\n<meta property=\"og:locale\" content=\"ru_RU\" \/>\n<meta property=\"og:type\" content=\"article\" \/>\n<meta property=\"og:title\" content=\"ECLI:NL:RBAMS:2025:11407 Rechtbank Amsterdam , 30-10-2025 \/ 13\/052703-21\" \/>\n<meta property=\"og:description\" content=\"PIJ-verlengingsbeschikking. De rechtbank wijst de vordering van de officier van justitie toe en verlengt de maatregel met negen maanden.\" \/>\n<meta property=\"og:url\" content=\"https:\/\/kohenavocats.com\/ru\/jurisprudences\/eclinlrbams202511407-rechtbank-amsterdam-30-10-2025-13-052703-21\/\" \/>\n<meta property=\"og:site_name\" content=\"Ma\u00eetre Hassan Kohen, avocat en droit p\u00e9nal \u00e0 Paris\" \/>\n<meta name=\"twitter:card\" content=\"summary_large_image\" \/>\n<meta name=\"twitter:label1\" content=\"\u041f\u0440\u0438\u043c\u0435\u0440\u043d\u043e\u0435 \u0432\u0440\u0435\u043c\u044f \u0434\u043b\u044f \u0447\u0442\u0435\u043d\u0438\u044f\" \/>\n\t<meta name=\"twitter:data1\" content=\"6 \u043c\u0438\u043d\u0443\u0442\" \/>\n<script type=\"application\/ld+json\" class=\"yoast-schema-graph\">{\"@context\":\"https:\\\/\\\/schema.org\",\"@graph\":[{\"@type\":\"WebPage\",\"@id\":\"https:\\\/\\\/kohenavocats.com\\\/ru\\\/jurisprudences\\\/eclinlrbams202511407-rechtbank-amsterdam-30-10-2025-13-052703-21\\\/\",\"url\":\"https:\\\/\\\/kohenavocats.com\\\/ru\\\/jurisprudences\\\/eclinlrbams202511407-rechtbank-amsterdam-30-10-2025-13-052703-21\\\/\",\"name\":\"ECLI:NL:RBAMS:2025:11407 Rechtbank Amsterdam , 30-10-2025 \\\/ 13\\\/052703-21 - Ma\u00eetre Hassan Kohen, avocat en droit p\u00e9nal \u00e0 Paris\",\"isPartOf\":{\"@id\":\"https:\\\/\\\/kohenavocats.com\\\/ru\\\/#website\"},\"datePublished\":\"2026-04-15T14:48:27+00:00\",\"breadcrumb\":{\"@id\":\"https:\\\/\\\/kohenavocats.com\\\/ru\\\/jurisprudences\\\/eclinlrbams202511407-rechtbank-amsterdam-30-10-2025-13-052703-21\\\/#breadcrumb\"},\"inLanguage\":\"ru-RU\",\"potentialAction\":[{\"@type\":\"ReadAction\",\"target\":[\"https:\\\/\\\/kohenavocats.com\\\/ru\\\/jurisprudences\\\/eclinlrbams202511407-rechtbank-amsterdam-30-10-2025-13-052703-21\\\/\"]}]},{\"@type\":\"BreadcrumbList\",\"@id\":\"https:\\\/\\\/kohenavocats.com\\\/ru\\\/jurisprudences\\\/eclinlrbams202511407-rechtbank-amsterdam-30-10-2025-13-052703-21\\\/#breadcrumb\",\"itemListElement\":[{\"@type\":\"ListItem\",\"position\":1,\"name\":\"Home\",\"item\":\"https:\\\/\\\/kohenavocats.com\\\/ru\\\/avocats-en-droit-penal-a-paris-conseil-et-defense-strategique\\\/\"},{\"@type\":\"ListItem\",\"position\":2,\"name\":\"Jurisprudences\",\"item\":\"https:\\\/\\\/kohenavocats.com\\\/ru\\\/jurisprudences\\\/\"},{\"@type\":\"ListItem\",\"position\":3,\"name\":\"ECLI:NL:RBAMS:2025:11407 Rechtbank Amsterdam , 30-10-2025 \\\/ 13\\\/052703-21\"}]},{\"@type\":\"WebSite\",\"@id\":\"https:\\\/\\\/kohenavocats.com\\\/ru\\\/#website\",\"url\":\"https:\\\/\\\/kohenavocats.com\\\/ru\\\/\",\"name\":\"Kohen Avocats\",\"description\":\"Ma\u00eetre Hassan Kohen, avocat p\u00e9naliste \u00e0 Paris, intervient exclusivement en droit p\u00e9nal pour la d\u00e9fense des particuliers, notamment en mati\u00e8re d\u2019accusations de viol. Il assure un accompagnement rigoureux d\u00e8s la garde \u00e0 vue jusqu\u2019\u00e0 la Cour d\u2019assises, veillant au strict respect des garanties proc\u00e9durales.\",\"publisher\":{\"@id\":\"https:\\\/\\\/kohenavocats.com\\\/ru\\\/#organization\"},\"potentialAction\":[{\"@type\":\"SearchAction\",\"target\":{\"@type\":\"EntryPoint\",\"urlTemplate\":\"https:\\\/\\\/kohenavocats.com\\\/ru\\\/?s={search_term_string}\"},\"query-input\":{\"@type\":\"PropertyValueSpecification\",\"valueRequired\":true,\"valueName\":\"search_term_string\"}}],\"inLanguage\":\"ru-RU\"},{\"@type\":\"Organization\",\"@id\":\"https:\\\/\\\/kohenavocats.com\\\/ru\\\/#organization\",\"name\":\"Kohen Avocats\",\"url\":\"https:\\\/\\\/kohenavocats.com\\\/ru\\\/\",\"logo\":{\"@type\":\"ImageObject\",\"inLanguage\":\"ru-RU\",\"@id\":\"https:\\\/\\\/kohenavocats.com\\\/ru\\\/#\\\/schema\\\/logo\\\/image\\\/\",\"url\":\"https:\\\/\\\/kohenavocats.com\\\/wp-content\\\/uploads\\\/2026\\\/01\\\/Logo-2-1.webp\",\"contentUrl\":\"https:\\\/\\\/kohenavocats.com\\\/wp-content\\\/uploads\\\/2026\\\/01\\\/Logo-2-1.webp\",\"width\":2114,\"height\":1253,\"caption\":\"Kohen Avocats\"},\"image\":{\"@id\":\"https:\\\/\\\/kohenavocats.com\\\/ru\\\/#\\\/schema\\\/logo\\\/image\\\/\"}}]}<\/script>\n<!-- \/ Yoast SEO Premium plugin. -->","yoast_head_json":{"title":"ECLI:NL:RBAMS:2025:11407 Rechtbank Amsterdam , 30-10-2025 \/ 13\/052703-21 - Ma\u00eetre Hassan Kohen, avocat en droit p\u00e9nal \u00e0 Paris","robots":{"index":"index","follow":"follow","max-snippet":"max-snippet:-1","max-image-preview":"max-image-preview:large","max-video-preview":"max-video-preview:-1"},"canonical":"https:\/\/kohenavocats.com\/ru\/jurisprudences\/eclinlrbams202511407-rechtbank-amsterdam-30-10-2025-13-052703-21\/","og_locale":"ru_RU","og_type":"article","og_title":"ECLI:NL:RBAMS:2025:11407 Rechtbank Amsterdam , 30-10-2025 \/ 13\/052703-21","og_description":"PIJ-verlengingsbeschikking. De rechtbank wijst de vordering van de officier van justitie toe en verlengt de maatregel met negen maanden.","og_url":"https:\/\/kohenavocats.com\/ru\/jurisprudences\/eclinlrbams202511407-rechtbank-amsterdam-30-10-2025-13-052703-21\/","og_site_name":"Ma\u00eetre Hassan Kohen, avocat en droit p\u00e9nal \u00e0 Paris","twitter_card":"summary_large_image","twitter_misc":{"\u041f\u0440\u0438\u043c\u0435\u0440\u043d\u043e\u0435 \u0432\u0440\u0435\u043c\u044f \u0434\u043b\u044f \u0447\u0442\u0435\u043d\u0438\u044f":"6 \u043c\u0438\u043d\u0443\u0442"},"schema":{"@context":"https:\/\/schema.org","@graph":[{"@type":"WebPage","@id":"https:\/\/kohenavocats.com\/ru\/jurisprudences\/eclinlrbams202511407-rechtbank-amsterdam-30-10-2025-13-052703-21\/","url":"https:\/\/kohenavocats.com\/ru\/jurisprudences\/eclinlrbams202511407-rechtbank-amsterdam-30-10-2025-13-052703-21\/","name":"ECLI:NL:RBAMS:2025:11407 Rechtbank Amsterdam , 30-10-2025 \/ 13\/052703-21 - Ma\u00eetre Hassan Kohen, avocat en droit p\u00e9nal \u00e0 Paris","isPartOf":{"@id":"https:\/\/kohenavocats.com\/ru\/#website"},"datePublished":"2026-04-15T14:48:27+00:00","breadcrumb":{"@id":"https:\/\/kohenavocats.com\/ru\/jurisprudences\/eclinlrbams202511407-rechtbank-amsterdam-30-10-2025-13-052703-21\/#breadcrumb"},"inLanguage":"ru-RU","potentialAction":[{"@type":"ReadAction","target":["https:\/\/kohenavocats.com\/ru\/jurisprudences\/eclinlrbams202511407-rechtbank-amsterdam-30-10-2025-13-052703-21\/"]}]},{"@type":"BreadcrumbList","@id":"https:\/\/kohenavocats.com\/ru\/jurisprudences\/eclinlrbams202511407-rechtbank-amsterdam-30-10-2025-13-052703-21\/#breadcrumb","itemListElement":[{"@type":"ListItem","position":1,"name":"Home","item":"https:\/\/kohenavocats.com\/ru\/avocats-en-droit-penal-a-paris-conseil-et-defense-strategique\/"},{"@type":"ListItem","position":2,"name":"Jurisprudences","item":"https:\/\/kohenavocats.com\/ru\/jurisprudences\/"},{"@type":"ListItem","position":3,"name":"ECLI:NL:RBAMS:2025:11407 Rechtbank Amsterdam , 30-10-2025 \/ 13\/052703-21"}]},{"@type":"WebSite","@id":"https:\/\/kohenavocats.com\/ru\/#website","url":"https:\/\/kohenavocats.com\/ru\/","name":"Kohen Avocats","description":"Ma\u00eetre Hassan Kohen, avocat p\u00e9naliste \u00e0 Paris, intervient exclusivement en droit p\u00e9nal pour la d\u00e9fense des particuliers, notamment en mati\u00e8re d\u2019accusations de viol. Il assure un accompagnement rigoureux d\u00e8s la garde \u00e0 vue jusqu\u2019\u00e0 la Cour d\u2019assises, veillant au strict respect des garanties proc\u00e9durales.","publisher":{"@id":"https:\/\/kohenavocats.com\/ru\/#organization"},"potentialAction":[{"@type":"SearchAction","target":{"@type":"EntryPoint","urlTemplate":"https:\/\/kohenavocats.com\/ru\/?s={search_term_string}"},"query-input":{"@type":"PropertyValueSpecification","valueRequired":true,"valueName":"search_term_string"}}],"inLanguage":"ru-RU"},{"@type":"Organization","@id":"https:\/\/kohenavocats.com\/ru\/#organization","name":"Kohen Avocats","url":"https:\/\/kohenavocats.com\/ru\/","logo":{"@type":"ImageObject","inLanguage":"ru-RU","@id":"https:\/\/kohenavocats.com\/ru\/#\/schema\/logo\/image\/","url":"https:\/\/kohenavocats.com\/wp-content\/uploads\/2026\/01\/Logo-2-1.webp","contentUrl":"https:\/\/kohenavocats.com\/wp-content\/uploads\/2026\/01\/Logo-2-1.webp","width":2114,"height":1253,"caption":"Kohen Avocats"},"image":{"@id":"https:\/\/kohenavocats.com\/ru\/#\/schema\/logo\/image\/"}}]}},"jetpack_likes_enabled":false,"jetpack_sharing_enabled":true,"_links":{"self":[{"href":"https:\/\/kohenavocats.com\/ru\/wp-json\/wp\/v2\/kji_decision\/569916","targetHints":{"allow":["GET"]}}],"collection":[{"href":"https:\/\/kohenavocats.com\/ru\/wp-json\/wp\/v2\/kji_decision"}],"about":[{"href":"https:\/\/kohenavocats.com\/ru\/wp-json\/wp\/v2\/types\/kji_decision"}],"wp:attachment":[{"href":"https:\/\/kohenavocats.com\/ru\/wp-json\/wp\/v2\/media?parent=569916"}],"wp:term":[{"taxonomy":"kji_country","embeddable":true,"href":"https:\/\/kohenavocats.com\/ru\/wp-json\/wp\/v2\/kji_country?post=569916"},{"taxonomy":"kji_court","embeddable":true,"href":"https:\/\/kohenavocats.com\/ru\/wp-json\/wp\/v2\/kji_court?post=569916"},{"taxonomy":"kji_chamber","embeddable":true,"href":"https:\/\/kohenavocats.com\/ru\/wp-json\/wp\/v2\/kji_chamber?post=569916"},{"taxonomy":"kji_year","embeddable":true,"href":"https:\/\/kohenavocats.com\/ru\/wp-json\/wp\/v2\/kji_year?post=569916"},{"taxonomy":"kji_subject","embeddable":true,"href":"https:\/\/kohenavocats.com\/ru\/wp-json\/wp\/v2\/kji_subject?post=569916"},{"taxonomy":"kji_keyword","embeddable":true,"href":"https:\/\/kohenavocats.com\/ru\/wp-json\/wp\/v2\/kji_keyword?post=569916"},{"taxonomy":"kji_language","embeddable":true,"href":"https:\/\/kohenavocats.com\/ru\/wp-json\/wp\/v2\/kji_language?post=569916"}],"curies":[{"name":"wp","href":"https:\/\/api.w.org\/{rel}","templated":true}]}}