{"id":570040,"date":"2026-04-15T17:04:30","date_gmt":"2026-04-15T15:04:30","guid":{"rendered":"https:\/\/kohenavocats.com\/jurisprudences\/eclinlrbams202511404-rechtbank-amsterdam-28-10-2025-13-099561-20\/"},"modified":"2026-04-15T17:04:30","modified_gmt":"2026-04-15T15:04:30","slug":"eclinlrbams202511404-rechtbank-amsterdam-28-10-2025-13-099561-20","status":"publish","type":"kji_decision","link":"https:\/\/kohenavocats.com\/ru\/jurisprudences\/eclinlrbams202511404-rechtbank-amsterdam-28-10-2025-13-099561-20\/","title":{"rendered":"ECLI:NL:RBAMS:2025:11404 Rechtbank Amsterdam , 28-10-2025 \/ 13\/099561-20"},"content":{"rendered":"<div class=\"kji-decision\">\n<div class=\"kji-full-text\">\n<p><strong>Inhoudsindicatie.<\/strong> PIJ-verlengingsbeschikking. De rechtbank wijst de vordering van de officier van justitie toe en verlengt de maatregel met negen maanden.<\/p>\n<p>beschikking<\/p>\n<h3>RECHTBANK AMSTERDAM<\/h3>\n<p>Team Familie &amp; Jeugd<\/p>\n<p>Parketnummer: 13.099561.20<\/p>\n<p>Beslissing op de vordering van 8 juli 2025 van de officier van justitie in het arrondissement Amsterdam in de zaak tegen:<\/p>\n<h3>[verdachte],<\/h3>\n<p>geboren te [geboorteplaats] op [geboortedag] 2003,<\/p>\n<p>verblijvend te [forensisch centrum],<\/p>\n<p>[adres],<\/p>\n<p>die bij vonnis van deze rechtbank van 27 juli 2020 is veroordeeld tot de voorwaardelijke maatregel van plaatsing in een inrichting voor jeugdigen (hierna ook: PIJ-maatregel of de maatregel). Bij beslissing van deze rechtbank van 21 december 2021 is de tenuitvoerlegging van de maatregel bevolen.<\/p>\n<p>De PIJ-maatregel is laatstelijk bij beslissing van het Gerechtshof Arnhem-Leeuwarden van 19 december 2024 voor de duur van 12 (twaalf) maanden verlengd.<\/p>\n<p>De inhoud van de vordering<\/p>\n<p>De vordering van de officier van justitie strekt tot het verlengen van de termijn van de PIJ-maatregel met 9 (negen) maanden.<\/p>\n<p>De procesgang<\/p>\n<p>De rechtbank heeft kennisgenomen van de stukken in de zaak met bovenvermeld parketnummer, waaronder:<\/p>\n<p>\uf02d het uitgebrachte verlengingsadvies van [jeugdinrichting] (hierna: [jeugdinrichting]) van 17 juni 2025, strekkende tot verlenging van de PIJ-maatregel met 9 (negen) maanden, alsmede het overgelegde perspectiefplan van 17 juni 2025 en de termijnbrief van 8 april 2025;<\/p>\n<p>\uf02d het psychiatrisch onderzoek Pro Justitia van 30 juli 2025, opgemaakt door drs. E.L.G. Heinsman-Carlier, psychiater;<\/p>\n<p>\uf02d het psychologisch onderzoek Pro Justitia van 19 augustus 2025, opgemaakt door M.J.E. van Kempen, gezondheidszorgpsycholoog;<\/p>\n<p>\uf02d de twee brieven van [verdachte] als reactie op de vordering, ingediend door mr. R. Bruinsma en door de rechtbank ontvangen op 17 oktober 2025.<\/p>\n<p>De rechtbank heeft op 21 oktober 2025 de vordering in de openbare raadkamer behandeld.<\/p>\n<p>Verschenen en gehoord zijn:<\/p>\n<p>de officier van justitie, mr. S.A. van Veen;<\/p>\n<p>[verdachte], bijgestaan door haar raadsman mr. R. Bruinsma, advocaat te Amsterdam;<\/p>\n<p>de deskundige mw. A.W. Kraster-Guldenaar, als gedragswetenschapper verbonden aan [forensisch centrum] in [plaats] (hierna: [forensisch centrum]) ;<\/p>\n<p>een broer van [verdachte].<\/p>\n<p>De standpunten<\/p>\n<p>Het advies van de deskundige<\/p>\n<p>[forensisch centrum] neemt het advies van [jeugdinrichting] over en adviseert de PIJ-maatregel met negen maanden te verlengen. [verdachte] was binnen [jeugdinrichting] gestart met haar verloftraject en had een onbegeleid verlof status gekregen vanaf de laagbeveiligde afdeling.. Hierna is, zoals [jeugdinrichting] heeft omschreven, een negatieve dynamiek ontstaan. Dit heeft uiteindelijk geleid tot een definitieve terugplaatsing naar de regulier beveiligde afdeling.. Inmiddels is [verdachte] overgeplaatst naar [forensisch centrum], waar de verloven weer zijn uitgebreid. Na een periode van onbegeleid verlof, zit [verdachte] in de derde week van het op te bouwen slaapverlof. Dit verlof zou in totaal acht weken moeten duren, alvorens zij kan starten met het scholings- en trainingsprogramma (hierna: STP) van in totaal zes maanden. Het is volgens de deskundige namelijk een te grote stap zijn om vanuit onbegeleid verlof direct naar huis toe te gaan. Er zijn in het verleden zorgen geweest over de thuissituatie, waardoor er bekeken wordt hoe [verdachte] het ervaart om daar langer te verblijven. Donderdag 23 oktober staat er een overleg gepland waarin de voorwaarden voor het STP besproken worden, waarna het STP aangevraagd kan worden. Het streven is dat het STP in december 2025 start. Het kader van een PIJ-maatregel als vangnet is nog nodig en daarnaast is individuele en gezinstherapie van De Waag noodzakelijk.<\/p>\n<p>Het standpunt van de officier van justitie<\/p>\n<p>De officier van justitie heeft gepersisteerd bij de vordering de PIJ-maatregel met negen maanden te verlengen. Er wordt aan de voorwaarden voor een verlenging voldaan. Het STP voor de duur van zes maanden is een belangrijk onderdeel van het afronden van de PIJ-maatregel, alvorens er weer volledig in de maatschappij kan worden meegedraaid. De officier van justitie heeft ter zitting aangegeven bereidwillig te zijn om de aanvraag van het STP zo spoedig mogelijk te behandelen. Wellicht kan er gekeken worden of de periode van het slaapverlof kan worden ingekort.<\/p>\n<p>Het standpunt van de verdediging<\/p>\n<p>[verdachte] en haar raadsman hebben primair verzocht de vordering af te wijzen. [verdachte] wil aan haar voorwaardelijke be\u00ebindiging beginnen nu ze al zo lang met verlof gaat en ze in de [forensisch centrum] niets meer kan leren.. Subsidiair heeft de raadsman verzocht de vordering voor een zo kort mogelijke periode toe te wijzen. Een verlenging is niet meer nodig voor de veiligheid van anderen, dan wel de algemene veiligheid van goederen en personen en niet voor een zo gunstig mogelijke ontwikkeling van [verdachte]. Het recidiverisico is matig. Sinds het incident waarvoor [verdachte] is veroordeeld heeft plaatsgevonden, inmiddels vijf en een half jaar geleden, gedraagt [verdachte] zich zoals dat van haar verwacht mag worden. Er zijn geen noemenswaardige incidenten geweest. [verdachte] heeft zich ingezet voor lessen en therapie\u00ebn. De vraag is hoe lang [verdachte] zich nog moet bewijzen, voor zij weer terug de maatschappij in kan. [verdachte] moet het vertrouwen krijgen, zodat zij hetgeen zij geleerd heeft in de maatschappij kan laten zien.<\/p>\n<p>De beoordeling<\/p>\n<p>Gelet op voormeld advies, het verhandelde in raadkamer en artikel 6:6:31 van het Wetboek van Strafvordering, is de rechtbank van oordeel dat de veiligheid van anderen dan wel de algemene veiligheid van personen of goederen en een zo gunstig mogelijke verdere ontwikkeling van [verdachte] eisen dat de PIJ-maatregel met negen maanden wordt verlengd.<\/p>\n<p>De rechtbank ziet dat [verdachte] heel hard aan zichzelf gewerkt heeft. Ze heeft zich in de afgelopen jaren ingezet voor verschillende behandelingen en therapie\u00ebn. [verdachte] heeft voorafgaand aan de terechtzitting in twee brieven opgeschreven wat haar standpunt is, en ook ter terechtzitting heeft zij dit duidelijk onder woorden gebracht. Zij wil laten zien wat zij de afgelopen jaren heeft geleerd en dat zij terug kan keren in de maatschappij. . De rechtbank begrijpt dat het voor [verdachte] frustrerend is dat het STP nog steeds niet gestart is, temeer nu de rechtbank heeft gelezen dat er in de beschikking van de rechtbank van 19 september 2024 en in de beslissing van het hof van 19 december 2024 ook al over het starten met haar STP gesproken werd.<\/p>\n<p>Hoewel de rechtbank ook begrijpt dat [verdachte] het liefst direct volledig vrijgelaten wil worden, vindt de rechtbank het, net als de deskundigen, belangrijk dat het STP succesvol wordt afgerond, voordat de voorwaardelijke be\u00ebindiging aanvangt. Zolang de huidige behandeling en begeleiding wordt voortgezet, wordt het recidiverisico ingeschat als matig, maar bij een vroegtijdige be\u00ebindiging van de behandeling en begeleiding wordt het risico hoger ingeschat. [verdachte] kan tijdens het STP laten zien dat zij succesvol terug kan keren in de samenleving, terwijl er tegelijkertijd nog wel een vangnet is.<\/p>\n<p>De rechtbank vindt het belangrijk dat de aanvraag van het STP voortvarend wordt opgepakt. Volgens de psychiater zit [verdachte] op dit moment aan haar behandelplafond binnen de JJI. De psychiater omschrijft dat het wenselijk is dat de (jeugd)reclassering zo spoedig mogelijk wordt ingeschakeld en een STP-traject vanuit de thuissituatie gericht op een autonomie bevorderend beleid, wordt gestart,. Hierbij zal volgens de psychiater de behandeling en begeleiding van de Waag belangrijk zijn, aangezien zij ook bezig zijn met de systeembehandeling. Hoewel de rechtbank de duur van de verlenging gelet op het voorgaande graag korter had gemaakt, ziet de rechtbank hiertoe geen mogelijkheden. Uit de termijnbrief van 8 april 2025 blijkt dat de maatregel, indien er geen vordering tot verlenging was ingediend, voorwaardelijk was ge\u00ebindigd op 17 augustus 2025. Aangezien het inmiddels twee maanden later is, betekent dit dat er \u2013 met deze beslissing tot verlenging van de maatregel \u2013 feitelijk nog zeven maanden resteren. In deze zeven maanden moet de aanvraag van de STP en het STP nog doorlopen worden. De rechtbank spreekt de hoop uit dat het STP (inclusief de aanvraag en start daarvan) voorspoedig verloopt, zodat er bij een volgende zitting gesproken kan worden over de voorwaarden welke moeten worden verbonden aan de voorwaardelijke be\u00ebindiging van de maatregel.<\/p>\n<p>De rechtbank gaat er op grond van de termijnbrief van 8 april 2025 vanuit dat de maatregel, rekening houdend met het bepaalde in artikel 6:6:31, tweede lid, derde volzin, van het Wetboek van Strafvordering en behoudens verlenging, voorwaardelijk eindigt op 17 mei 2026.<\/p>\n<p>De beslissing<\/p>\n<p>De rechtbank:<\/p>\n<p>&#8212; wijst de vordering van de officier van justitie toe en verlengt de termijn van de maatregel tot plaatsing in een inrichting voor jeugdigen van [verdachte] met 9 (negen) maanden.<\/p>\n<p>Deze beschikking is gegeven in openbare raadkamer van deze rechtbank door<\/p>\n<p>mr. A.E. van Montfrans, voorzitter tevens kinderrechter,<\/p>\n<p>mrs. G.S. Crince Le Roy en M.J. van Aalderen, rechters,<\/p>\n<p>in tegenwoordigheid van mr. A.M. Elsman, griffier,<\/p>\n<p>en uitgesproken op de openbare terechtzitting van 28 oktober 2025.<\/p>\n<\/div>\n<hr class=\"kji-sep\" \/>\n<p class=\"kji-source-links\"><strong>Sources officielles :<\/strong> <a class=\"kji-source-link\" href=\"http:\/\/deeplink.rechtspraak.nl\/uitspraak?id=ECLI:NL:RBAMS:2025:11404\" target=\"_blank\" rel=\"noopener noreferrer\">consulter la page source<\/a><\/p>\n<p class=\"kji-license-note\"><em>Rechtspraak.nl open data, Creative Commons Zero. Volume cible 1.8M decisions.<\/em><\/p>\n<\/div>\n","protected":false},"excerpt":{"rendered":"<p>PIJ-verlengingsbeschikking. De rechtbank wijst de vordering van de officier van justitie toe en verlengt de maatregel met negen maanden.<\/p>\n","protected":false},"featured_media":0,"template":"","meta":{"_crdt_document":""},"kji_country":[7669],"kji_court":[7998],"kji_chamber":[],"kji_year":[8463],"kji_subject":[7646],"kji_keyword":[8000,14371,7999,7675,7900],"kji_language":[7671],"class_list":["post-570040","kji_decision","type-kji_decision","status-publish","hentry","kji_country-pays-bas","kji_court-rechtbank-amsterdam","kji_year-8463","kji_subject-divers","kji_keyword-amsterdam","kji_keyword-pij-verlengingsbeschikking","kji_keyword-rbams","kji_keyword-rechtbank","kji_keyword-wijst","kji_language-nl"],"yoast_head":"<!-- This site is optimized with the Yoast SEO Premium plugin v27.5 (Yoast SEO v27.5) - https:\/\/yoast.com\/product\/yoast-seo-premium-wordpress\/ -->\n<title>ECLI:NL:RBAMS:2025:11404 Rechtbank Amsterdam , 28-10-2025 \/ 13\/099561-20 - Ma\u00eetre Hassan Kohen, avocat en droit p\u00e9nal \u00e0 Paris<\/title>\n<meta name=\"robots\" content=\"index, follow, max-snippet:-1, max-image-preview:large, max-video-preview:-1\" \/>\n<link rel=\"canonical\" href=\"https:\/\/kohenavocats.com\/ru\/jurisprudences\/eclinlrbams202511404-rechtbank-amsterdam-28-10-2025-13-099561-20\/\" \/>\n<meta property=\"og:locale\" content=\"ru_RU\" \/>\n<meta property=\"og:type\" content=\"article\" \/>\n<meta property=\"og:title\" content=\"ECLI:NL:RBAMS:2025:11404 Rechtbank Amsterdam , 28-10-2025 \/ 13\/099561-20\" \/>\n<meta property=\"og:description\" content=\"PIJ-verlengingsbeschikking. De rechtbank wijst de vordering van de officier van justitie toe en verlengt de maatregel met negen maanden.\" \/>\n<meta property=\"og:url\" content=\"https:\/\/kohenavocats.com\/ru\/jurisprudences\/eclinlrbams202511404-rechtbank-amsterdam-28-10-2025-13-099561-20\/\" \/>\n<meta property=\"og:site_name\" content=\"Ma\u00eetre Hassan Kohen, avocat en droit p\u00e9nal \u00e0 Paris\" \/>\n<meta name=\"twitter:card\" content=\"summary_large_image\" \/>\n<meta name=\"twitter:label1\" content=\"\u041f\u0440\u0438\u043c\u0435\u0440\u043d\u043e\u0435 \u0432\u0440\u0435\u043c\u044f \u0434\u043b\u044f \u0447\u0442\u0435\u043d\u0438\u044f\" \/>\n\t<meta name=\"twitter:data1\" content=\"7 \u043c\u0438\u043d\u0443\u0442\" \/>\n<script type=\"application\/ld+json\" class=\"yoast-schema-graph\">{\"@context\":\"https:\\\/\\\/schema.org\",\"@graph\":[{\"@type\":\"WebPage\",\"@id\":\"https:\\\/\\\/kohenavocats.com\\\/ru\\\/jurisprudences\\\/eclinlrbams202511404-rechtbank-amsterdam-28-10-2025-13-099561-20\\\/\",\"url\":\"https:\\\/\\\/kohenavocats.com\\\/ru\\\/jurisprudences\\\/eclinlrbams202511404-rechtbank-amsterdam-28-10-2025-13-099561-20\\\/\",\"name\":\"ECLI:NL:RBAMS:2025:11404 Rechtbank Amsterdam , 28-10-2025 \\\/ 13\\\/099561-20 - Ma\u00eetre Hassan Kohen, avocat en droit p\u00e9nal \u00e0 Paris\",\"isPartOf\":{\"@id\":\"https:\\\/\\\/kohenavocats.com\\\/ru\\\/#website\"},\"datePublished\":\"2026-04-15T15:04:30+00:00\",\"breadcrumb\":{\"@id\":\"https:\\\/\\\/kohenavocats.com\\\/ru\\\/jurisprudences\\\/eclinlrbams202511404-rechtbank-amsterdam-28-10-2025-13-099561-20\\\/#breadcrumb\"},\"inLanguage\":\"ru-RU\",\"potentialAction\":[{\"@type\":\"ReadAction\",\"target\":[\"https:\\\/\\\/kohenavocats.com\\\/ru\\\/jurisprudences\\\/eclinlrbams202511404-rechtbank-amsterdam-28-10-2025-13-099561-20\\\/\"]}]},{\"@type\":\"BreadcrumbList\",\"@id\":\"https:\\\/\\\/kohenavocats.com\\\/ru\\\/jurisprudences\\\/eclinlrbams202511404-rechtbank-amsterdam-28-10-2025-13-099561-20\\\/#breadcrumb\",\"itemListElement\":[{\"@type\":\"ListItem\",\"position\":1,\"name\":\"Home\",\"item\":\"https:\\\/\\\/kohenavocats.com\\\/ru\\\/avocats-en-droit-penal-a-paris-conseil-et-defense-strategique\\\/\"},{\"@type\":\"ListItem\",\"position\":2,\"name\":\"Jurisprudences\",\"item\":\"https:\\\/\\\/kohenavocats.com\\\/ru\\\/jurisprudences\\\/\"},{\"@type\":\"ListItem\",\"position\":3,\"name\":\"ECLI:NL:RBAMS:2025:11404 Rechtbank Amsterdam , 28-10-2025 \\\/ 13\\\/099561-20\"}]},{\"@type\":\"WebSite\",\"@id\":\"https:\\\/\\\/kohenavocats.com\\\/ru\\\/#website\",\"url\":\"https:\\\/\\\/kohenavocats.com\\\/ru\\\/\",\"name\":\"Kohen Avocats\",\"description\":\"Ma\u00eetre Hassan Kohen, avocat p\u00e9naliste \u00e0 Paris, intervient exclusivement en droit p\u00e9nal pour la d\u00e9fense des particuliers, notamment en mati\u00e8re d\u2019accusations de viol. Il assure un accompagnement rigoureux d\u00e8s la garde \u00e0 vue jusqu\u2019\u00e0 la Cour d\u2019assises, veillant au strict respect des garanties proc\u00e9durales.\",\"publisher\":{\"@id\":\"https:\\\/\\\/kohenavocats.com\\\/ru\\\/#organization\"},\"potentialAction\":[{\"@type\":\"SearchAction\",\"target\":{\"@type\":\"EntryPoint\",\"urlTemplate\":\"https:\\\/\\\/kohenavocats.com\\\/ru\\\/?s={search_term_string}\"},\"query-input\":{\"@type\":\"PropertyValueSpecification\",\"valueRequired\":true,\"valueName\":\"search_term_string\"}}],\"inLanguage\":\"ru-RU\"},{\"@type\":\"Organization\",\"@id\":\"https:\\\/\\\/kohenavocats.com\\\/ru\\\/#organization\",\"name\":\"Kohen Avocats\",\"url\":\"https:\\\/\\\/kohenavocats.com\\\/ru\\\/\",\"logo\":{\"@type\":\"ImageObject\",\"inLanguage\":\"ru-RU\",\"@id\":\"https:\\\/\\\/kohenavocats.com\\\/ru\\\/#\\\/schema\\\/logo\\\/image\\\/\",\"url\":\"https:\\\/\\\/kohenavocats.com\\\/wp-content\\\/uploads\\\/2026\\\/01\\\/Logo-2-1.webp\",\"contentUrl\":\"https:\\\/\\\/kohenavocats.com\\\/wp-content\\\/uploads\\\/2026\\\/01\\\/Logo-2-1.webp\",\"width\":2114,\"height\":1253,\"caption\":\"Kohen Avocats\"},\"image\":{\"@id\":\"https:\\\/\\\/kohenavocats.com\\\/ru\\\/#\\\/schema\\\/logo\\\/image\\\/\"}}]}<\/script>\n<!-- \/ Yoast SEO Premium plugin. -->","yoast_head_json":{"title":"ECLI:NL:RBAMS:2025:11404 Rechtbank Amsterdam , 28-10-2025 \/ 13\/099561-20 - Ma\u00eetre Hassan Kohen, avocat en droit p\u00e9nal \u00e0 Paris","robots":{"index":"index","follow":"follow","max-snippet":"max-snippet:-1","max-image-preview":"max-image-preview:large","max-video-preview":"max-video-preview:-1"},"canonical":"https:\/\/kohenavocats.com\/ru\/jurisprudences\/eclinlrbams202511404-rechtbank-amsterdam-28-10-2025-13-099561-20\/","og_locale":"ru_RU","og_type":"article","og_title":"ECLI:NL:RBAMS:2025:11404 Rechtbank Amsterdam , 28-10-2025 \/ 13\/099561-20","og_description":"PIJ-verlengingsbeschikking. De rechtbank wijst de vordering van de officier van justitie toe en verlengt de maatregel met negen maanden.","og_url":"https:\/\/kohenavocats.com\/ru\/jurisprudences\/eclinlrbams202511404-rechtbank-amsterdam-28-10-2025-13-099561-20\/","og_site_name":"Ma\u00eetre Hassan Kohen, avocat en droit p\u00e9nal \u00e0 Paris","twitter_card":"summary_large_image","twitter_misc":{"\u041f\u0440\u0438\u043c\u0435\u0440\u043d\u043e\u0435 \u0432\u0440\u0435\u043c\u044f \u0434\u043b\u044f \u0447\u0442\u0435\u043d\u0438\u044f":"7 \u043c\u0438\u043d\u0443\u0442"},"schema":{"@context":"https:\/\/schema.org","@graph":[{"@type":"WebPage","@id":"https:\/\/kohenavocats.com\/ru\/jurisprudences\/eclinlrbams202511404-rechtbank-amsterdam-28-10-2025-13-099561-20\/","url":"https:\/\/kohenavocats.com\/ru\/jurisprudences\/eclinlrbams202511404-rechtbank-amsterdam-28-10-2025-13-099561-20\/","name":"ECLI:NL:RBAMS:2025:11404 Rechtbank Amsterdam , 28-10-2025 \/ 13\/099561-20 - Ma\u00eetre Hassan Kohen, avocat en droit p\u00e9nal \u00e0 Paris","isPartOf":{"@id":"https:\/\/kohenavocats.com\/ru\/#website"},"datePublished":"2026-04-15T15:04:30+00:00","breadcrumb":{"@id":"https:\/\/kohenavocats.com\/ru\/jurisprudences\/eclinlrbams202511404-rechtbank-amsterdam-28-10-2025-13-099561-20\/#breadcrumb"},"inLanguage":"ru-RU","potentialAction":[{"@type":"ReadAction","target":["https:\/\/kohenavocats.com\/ru\/jurisprudences\/eclinlrbams202511404-rechtbank-amsterdam-28-10-2025-13-099561-20\/"]}]},{"@type":"BreadcrumbList","@id":"https:\/\/kohenavocats.com\/ru\/jurisprudences\/eclinlrbams202511404-rechtbank-amsterdam-28-10-2025-13-099561-20\/#breadcrumb","itemListElement":[{"@type":"ListItem","position":1,"name":"Home","item":"https:\/\/kohenavocats.com\/ru\/avocats-en-droit-penal-a-paris-conseil-et-defense-strategique\/"},{"@type":"ListItem","position":2,"name":"Jurisprudences","item":"https:\/\/kohenavocats.com\/ru\/jurisprudences\/"},{"@type":"ListItem","position":3,"name":"ECLI:NL:RBAMS:2025:11404 Rechtbank Amsterdam , 28-10-2025 \/ 13\/099561-20"}]},{"@type":"WebSite","@id":"https:\/\/kohenavocats.com\/ru\/#website","url":"https:\/\/kohenavocats.com\/ru\/","name":"Kohen Avocats","description":"Ma\u00eetre Hassan Kohen, avocat p\u00e9naliste \u00e0 Paris, intervient exclusivement en droit p\u00e9nal pour la d\u00e9fense des particuliers, notamment en mati\u00e8re d\u2019accusations de viol. Il assure un accompagnement rigoureux d\u00e8s la garde \u00e0 vue jusqu\u2019\u00e0 la Cour d\u2019assises, veillant au strict respect des garanties proc\u00e9durales.","publisher":{"@id":"https:\/\/kohenavocats.com\/ru\/#organization"},"potentialAction":[{"@type":"SearchAction","target":{"@type":"EntryPoint","urlTemplate":"https:\/\/kohenavocats.com\/ru\/?s={search_term_string}"},"query-input":{"@type":"PropertyValueSpecification","valueRequired":true,"valueName":"search_term_string"}}],"inLanguage":"ru-RU"},{"@type":"Organization","@id":"https:\/\/kohenavocats.com\/ru\/#organization","name":"Kohen Avocats","url":"https:\/\/kohenavocats.com\/ru\/","logo":{"@type":"ImageObject","inLanguage":"ru-RU","@id":"https:\/\/kohenavocats.com\/ru\/#\/schema\/logo\/image\/","url":"https:\/\/kohenavocats.com\/wp-content\/uploads\/2026\/01\/Logo-2-1.webp","contentUrl":"https:\/\/kohenavocats.com\/wp-content\/uploads\/2026\/01\/Logo-2-1.webp","width":2114,"height":1253,"caption":"Kohen Avocats"},"image":{"@id":"https:\/\/kohenavocats.com\/ru\/#\/schema\/logo\/image\/"}}]}},"jetpack_likes_enabled":false,"jetpack_sharing_enabled":true,"_links":{"self":[{"href":"https:\/\/kohenavocats.com\/ru\/wp-json\/wp\/v2\/kji_decision\/570040","targetHints":{"allow":["GET"]}}],"collection":[{"href":"https:\/\/kohenavocats.com\/ru\/wp-json\/wp\/v2\/kji_decision"}],"about":[{"href":"https:\/\/kohenavocats.com\/ru\/wp-json\/wp\/v2\/types\/kji_decision"}],"wp:attachment":[{"href":"https:\/\/kohenavocats.com\/ru\/wp-json\/wp\/v2\/media?parent=570040"}],"wp:term":[{"taxonomy":"kji_country","embeddable":true,"href":"https:\/\/kohenavocats.com\/ru\/wp-json\/wp\/v2\/kji_country?post=570040"},{"taxonomy":"kji_court","embeddable":true,"href":"https:\/\/kohenavocats.com\/ru\/wp-json\/wp\/v2\/kji_court?post=570040"},{"taxonomy":"kji_chamber","embeddable":true,"href":"https:\/\/kohenavocats.com\/ru\/wp-json\/wp\/v2\/kji_chamber?post=570040"},{"taxonomy":"kji_year","embeddable":true,"href":"https:\/\/kohenavocats.com\/ru\/wp-json\/wp\/v2\/kji_year?post=570040"},{"taxonomy":"kji_subject","embeddable":true,"href":"https:\/\/kohenavocats.com\/ru\/wp-json\/wp\/v2\/kji_subject?post=570040"},{"taxonomy":"kji_keyword","embeddable":true,"href":"https:\/\/kohenavocats.com\/ru\/wp-json\/wp\/v2\/kji_keyword?post=570040"},{"taxonomy":"kji_language","embeddable":true,"href":"https:\/\/kohenavocats.com\/ru\/wp-json\/wp\/v2\/kji_language?post=570040"}],"curies":[{"name":"wp","href":"https:\/\/api.w.org\/{rel}","templated":true}]}}