{"id":571010,"date":"2026-04-15T19:41:15","date_gmt":"2026-04-15T17:41:15","guid":{"rendered":"https:\/\/kohenavocats.com\/jurisprudences\/cour-superieure-de-justice-8-octobre-2025-n-2025-00626\/"},"modified":"2026-04-15T19:41:18","modified_gmt":"2026-04-15T17:41:18","slug":"cour-superieure-de-justice-8-octobre-2025-n-2025-00626","status":"publish","type":"kji_decision","link":"https:\/\/kohenavocats.com\/ru\/jurisprudences\/cour-superieure-de-justice-8-octobre-2025-n-2025-00626\/","title":{"rendered":"Cour sup\u00e9rieure de justice, 8 octobre 2025, n\u00b0 2025-00626"},"content":{"rendered":"<div class=\"kji-decision\">\n<div class=\"kji-full-text\">\n<p>Arr\u00eat N\u00b0210\/25-I-DIV (aff.fam.) Arr\u00eat civil Audiencepubliqueduhuit octobredeux mille vingt-cinq Num\u00e9ro CAL-2025-00626du r\u00f4le rendu par lapremi\u00e8rechambre de la Cour d\u2019appel, si\u00e9geant en mati\u00e8re civile, dans la cause E n t r e PERSONNE1.),n\u00e9eleDATE1.)\u00e0ADRESSE1.)en R\u00e9publique tch\u00e8que, demeurant \u00e0 L-ADRESSE2.), appelanteaux termes d\u2019une requ\u00eate d\u00e9pos\u00e9e au greffe de la Cour d\u2019appel le 18juillet2025, repr\u00e9sent\u00e9epar Ma\u00eetreDeidre DU BOIS, avocat \u00e0 la Cour,demeurant\u00e0 ADRESSE3.), e t PERSONNE2.),n\u00e9 leDATE2.)\u00e0ADRESSE4.)en R\u00e9publique tch\u00e8que, demeuranten R\u00e9publique tch\u00e8que \u00e0ADRESSE5.), intim\u00e9 aux fins de la susdite requ\u00eate, repr\u00e9sent\u00e9par Ma\u00eetreFelix GREMLING, avocat \u00e0 la Cour, demeurant \u00e0 ADRESSE3.), e n p r \u00e9 s e n c e d e : Ma\u00eetreLaura GUETTI, avocat \u00e0 la Cour, demeurant \u00e0 ADRESSE3.), repr\u00e9sentant les int\u00e9r\u00eats del\u2019enfant mineurPERSONNE3.), n\u00e9 leDATE3.).<\/p>\n<p>2 &#8212;&#8212;&#8212;&#8212;&#8212;&#8212;&#8212;&#8212;&#8212;&#8212; L A C O U RD \u2019A P P E L Parordonnancedu7 juillet 2025, le juge aux affairesfamiliales pr\u00e8s le tribunal d\u2019arrondissement deADRESSE3.)a \u2022re\u00e7u la demande dePERSONNE1.)en modification de la r\u00e9paration des vacances scolaires entre elle etPERSONNE2.), concernant l\u2019enfant communPERSONNE3.), n\u00e9 leDATE3.)\u00e0ADRESSE3.), recevable en la pure forme ; \u2022dit la demande dePERSONNE1.)en modification de la r\u00e9paration des vacances scolaires entre elle etPERSONNE2.)concernant l\u2019enfant communPERSONNE3.), n\u00e9 leDATE3.)\u00e0ADRESSE3.), non fond\u00e9e; \u2022dit irrecevable la demande dePERSONNE1.)en obtention d\u2019un contact t\u00e9l\u00e9phonique de 15.00 heures et 17.00 heures, de quelques minutes ou plus suivant la demande de l\u2019enfant, chaque deuxi\u00e8me jour des vacances scolaires entre la requ\u00e9rante et l\u2019enfantPERSONNE3.), n\u00e9 le DATE3.)\u00e0ADRESSE3.), lors de l\u2019exercice du droit de visite et d\u2019h\u00e9bergement dePERSONNE2.); \u2022dit la demande dePERSONNE2.)en allocation d\u2019une indemnit\u00e9 de proc\u00e9dure sur base de l\u2019article 240 du Nouveau Code de proc\u00e9dure civile, fond\u00e9e \u00e0 concurrence du montant de 750.-euros ; \u2022partant condamn\u00e9PERSONNE1.)\u00e0 payer \u00e0PERSONNE2.)\u00e0 payer uneindemnit\u00e9de proc\u00e9dure de 750.-euros sur base de l\u2019article 240 du Nouveau Code de proc\u00e9dure civile ; \u2022r\u00e9serv\u00e9 les frais et les d\u00e9pens de l\u2019instance. Al\u2019audience du 1 er septembre 2025, l\u2019affaire a \u00e9t\u00e9 refix\u00e9e \u00e0 l\u2019audience du 17 septembre 2025. Par courrier du 16 septembre 2025, Ma\u00eetre Deidre DU BOIS a inform\u00e9 la Cour de ce qu\u2019elle s\u2019est constitu\u00e9e avocat pourPERSONNE1.), en remplacement de Ma\u00eetre Estelle BARBOTIN, et elle a sollicit\u00e9 la radiation de l\u2019affaire. A l\u2019audience du 17 septembre 2025, Ma\u00eetre Deidre DU BOIS a r\u00e9it\u00e9r\u00e9 sa demande en radiation de l\u2019affaire. L\u2019intim\u00e9 ne s\u2019y est pas oppos\u00e9. Il y a donc lieu de proc\u00e9der \u00e0 la radiation de l\u2019affaire. P A R C E S M O T I F S la Cour d\u2019appel,premi\u00e8re chambre, si\u00e9geant en mati\u00e8recivile, statuant contradictoirement,<\/p>\n<p>3 proc\u00e8de \u00e0 la radiation de l\u2019affaire, condamne la partie appelante aux frais et d\u00e9pens de l\u2019instance. Ainsi fait, jug\u00e9 et prononc\u00e9 \u00e0 l\u2019audiencepubliqueo\u00f9 \u00e9taient pr\u00e9sentes: Fran\u00e7oise SCHANEN, premier conseiller-pr\u00e9sident, Caroline ENGEL, conseiller, Antoine SCHAUS, conseiller, Diane FLESCH, greffier.<\/p>\n<\/div>\n<hr class=\"kji-sep\" \/>\n<p class=\"kji-source-links\"><strong>Sources officielles :<\/strong> <a class=\"kji-source-link\" href=\"https:\/\/data.public.lu\/fr\/datasets\/cour-superieure-de-justice-1e-chambre\/\" target=\"_blank\" rel=\"noopener noreferrer\">consulter la page source<\/a> &middot; <a class=\"kji-pdf-link\" href=\"https:\/\/download.data.public.lu\/resources\/cour-superieure-de-justice-1e-chambre\/20251019-230027\/20251008-ch01-cal-2025-00626-pseudonymise-accessible.pdf\" target=\"_blank\" rel=\"noopener noreferrer\">PDF officiel<\/a><\/p>\n<p class=\"kji-license-note\"><em>Licence CC BY-ND 4.0 (Administration judiciaire, data.public.lu). Republication autorisee avec attribution, sans modification editoriale du texte integral.<\/em><\/p>\n<\/div>\n","protected":false},"excerpt":{"rendered":"<p>Arr\u00eat N\u00b0210\/25-I-DIV (aff.fam.) Arr\u00eat civil Audiencepubliqueduhuit octobredeux mille vingt-cinq Num\u00e9ro CAL-2025-00626du r\u00f4le rendu par lapremi\u00e8rechambre de la Cour d\u2019appel, si\u00e9geant en mati\u00e8re civile, dans la cause E n t r e PERSONNE1.),n\u00e9eleDATE1.)\u00e0ADRESSE1.)en R\u00e9publique tch\u00e8que, demeurant \u00e0 L-ADRESSE2.), appelanteaux termes d\u2019une requ\u00eate d\u00e9pos\u00e9e au greffe de\u2026<\/p>\n","protected":false},"featured_media":0,"template":"","meta":{"_crdt_document":""},"kji_country":[8418],"kji_court":[12305],"kji_chamber":[12306],"kji_year":[8463],"kji_subject":[7724],"kji_keyword":[8683,12377,9055,8598,12307],"kji_language":[7733],"class_list":["post-571010","kji_decision","type-kji_decision","status-publish","hentry","kji_country-luxembourg","kji_court-cour-superieure-de-justice","kji_chamber-1e-chambre","kji_year-8463","kji_subject-civil","kji_keyword-arret","kji_keyword-i-div","kji_keyword-justice","kji_keyword-octobre","kji_keyword-superieure","kji_language-francais"],"yoast_head":"<!-- This site is optimized with the Yoast SEO Premium plugin v27.4 (Yoast SEO v27.4) - https:\/\/yoast.com\/product\/yoast-seo-premium-wordpress\/ -->\n<title>Cour sup\u00e9rieure de justice, 8 octobre 2025, n\u00b0 2025-00626 - Ma\u00eetre Hassan Kohen, avocat en droit p\u00e9nal \u00e0 Paris<\/title>\n<meta name=\"robots\" content=\"index, follow, max-snippet:-1, max-image-preview:large, max-video-preview:-1\" \/>\n<link rel=\"canonical\" href=\"https:\/\/kohenavocats.com\/ru\/jurisprudences\/cour-superieure-de-justice-8-octobre-2025-n-2025-00626\/\" \/>\n<meta property=\"og:locale\" content=\"ru_RU\" \/>\n<meta property=\"og:type\" content=\"article\" \/>\n<meta property=\"og:title\" content=\"Cour sup\u00e9rieure de justice, 8 octobre 2025, n\u00b0 2025-00626\" \/>\n<meta property=\"og:description\" content=\"Arr\u00eat N\u00b0210\/25-I-DIV (aff.fam.) Arr\u00eat civil Audiencepubliqueduhuit octobredeux mille vingt-cinq Num\u00e9ro CAL-2025-00626du r\u00f4le rendu par lapremi\u00e8rechambre de la Cour d\u2019appel, si\u00e9geant en mati\u00e8re civile, dans la cause E n t r e PERSONNE1.),n\u00e9eleDATE1.)\u00e0ADRESSE1.)en R\u00e9publique tch\u00e8que, demeurant \u00e0 L-ADRESSE2.), appelanteaux termes d\u2019une requ\u00eate d\u00e9pos\u00e9e au greffe de\u2026\" \/>\n<meta property=\"og:url\" content=\"https:\/\/kohenavocats.com\/ru\/jurisprudences\/cour-superieure-de-justice-8-octobre-2025-n-2025-00626\/\" \/>\n<meta property=\"og:site_name\" content=\"Ma\u00eetre Hassan Kohen, avocat en droit p\u00e9nal \u00e0 Paris\" \/>\n<meta property=\"article:modified_time\" content=\"2026-04-15T17:41:18+00:00\" \/>\n<meta name=\"twitter:card\" content=\"summary_large_image\" \/>\n<meta name=\"twitter:label1\" content=\"\u041f\u0440\u0438\u043c\u0435\u0440\u043d\u043e\u0435 \u0432\u0440\u0435\u043c\u044f \u0434\u043b\u044f \u0447\u0442\u0435\u043d\u0438\u044f\" \/>\n\t<meta name=\"twitter:data1\" content=\"3 \u043c\u0438\u043d\u0443\u0442\u044b\" \/>\n<script type=\"application\/ld+json\" class=\"yoast-schema-graph\">{\"@context\":\"https:\\\/\\\/schema.org\",\"@graph\":[{\"@type\":\"WebPage\",\"@id\":\"https:\\\/\\\/kohenavocats.com\\\/ru\\\/jurisprudences\\\/cour-superieure-de-justice-8-octobre-2025-n-2025-00626\\\/\",\"url\":\"https:\\\/\\\/kohenavocats.com\\\/ru\\\/jurisprudences\\\/cour-superieure-de-justice-8-octobre-2025-n-2025-00626\\\/\",\"name\":\"Cour sup\u00e9rieure de justice, 8 octobre 2025, n\u00b0 2025-00626 - Ma\u00eetre Hassan Kohen, avocat en droit p\u00e9nal \u00e0 Paris\",\"isPartOf\":{\"@id\":\"https:\\\/\\\/kohenavocats.com\\\/ru\\\/#website\"},\"datePublished\":\"2026-04-15T17:41:15+00:00\",\"dateModified\":\"2026-04-15T17:41:18+00:00\",\"breadcrumb\":{\"@id\":\"https:\\\/\\\/kohenavocats.com\\\/ru\\\/jurisprudences\\\/cour-superieure-de-justice-8-octobre-2025-n-2025-00626\\\/#breadcrumb\"},\"inLanguage\":\"ru-RU\",\"potentialAction\":[{\"@type\":\"ReadAction\",\"target\":[\"https:\\\/\\\/kohenavocats.com\\\/ru\\\/jurisprudences\\\/cour-superieure-de-justice-8-octobre-2025-n-2025-00626\\\/\"]}]},{\"@type\":\"BreadcrumbList\",\"@id\":\"https:\\\/\\\/kohenavocats.com\\\/ru\\\/jurisprudences\\\/cour-superieure-de-justice-8-octobre-2025-n-2025-00626\\\/#breadcrumb\",\"itemListElement\":[{\"@type\":\"ListItem\",\"position\":1,\"name\":\"Home\",\"item\":\"https:\\\/\\\/kohenavocats.com\\\/ru\\\/avocats-en-droit-penal-a-paris-conseil-et-defense-strategique\\\/\"},{\"@type\":\"ListItem\",\"position\":2,\"name\":\"Jurisprudences\",\"item\":\"https:\\\/\\\/kohenavocats.com\\\/ru\\\/jurisprudences\\\/\"},{\"@type\":\"ListItem\",\"position\":3,\"name\":\"Cour sup\u00e9rieure de justice, 8 octobre 2025, n\u00b0 2025-00626\"}]},{\"@type\":\"WebSite\",\"@id\":\"https:\\\/\\\/kohenavocats.com\\\/ru\\\/#website\",\"url\":\"https:\\\/\\\/kohenavocats.com\\\/ru\\\/\",\"name\":\"Kohen Avocats\",\"description\":\"Ma\u00eetre Hassan Kohen, avocat p\u00e9naliste \u00e0 Paris, intervient exclusivement en droit p\u00e9nal pour la d\u00e9fense des particuliers, notamment en mati\u00e8re d\u2019accusations de viol. Il assure un accompagnement rigoureux d\u00e8s la garde \u00e0 vue jusqu\u2019\u00e0 la Cour d\u2019assises, veillant au strict respect des garanties proc\u00e9durales.\",\"publisher\":{\"@id\":\"https:\\\/\\\/kohenavocats.com\\\/ru\\\/#organization\"},\"potentialAction\":[{\"@type\":\"SearchAction\",\"target\":{\"@type\":\"EntryPoint\",\"urlTemplate\":\"https:\\\/\\\/kohenavocats.com\\\/ru\\\/?s={search_term_string}\"},\"query-input\":{\"@type\":\"PropertyValueSpecification\",\"valueRequired\":true,\"valueName\":\"search_term_string\"}}],\"inLanguage\":\"ru-RU\"},{\"@type\":\"Organization\",\"@id\":\"https:\\\/\\\/kohenavocats.com\\\/ru\\\/#organization\",\"name\":\"Kohen Avocats\",\"url\":\"https:\\\/\\\/kohenavocats.com\\\/ru\\\/\",\"logo\":{\"@type\":\"ImageObject\",\"inLanguage\":\"ru-RU\",\"@id\":\"https:\\\/\\\/kohenavocats.com\\\/ru\\\/#\\\/schema\\\/logo\\\/image\\\/\",\"url\":\"https:\\\/\\\/kohenavocats.com\\\/wp-content\\\/uploads\\\/2026\\\/01\\\/Logo-2-1.webp\",\"contentUrl\":\"https:\\\/\\\/kohenavocats.com\\\/wp-content\\\/uploads\\\/2026\\\/01\\\/Logo-2-1.webp\",\"width\":2114,\"height\":1253,\"caption\":\"Kohen Avocats\"},\"image\":{\"@id\":\"https:\\\/\\\/kohenavocats.com\\\/ru\\\/#\\\/schema\\\/logo\\\/image\\\/\"}}]}<\/script>\n<!-- \/ Yoast SEO Premium plugin. -->","yoast_head_json":{"title":"Cour sup\u00e9rieure de justice, 8 octobre 2025, n\u00b0 2025-00626 - Ma\u00eetre Hassan Kohen, avocat en droit p\u00e9nal \u00e0 Paris","robots":{"index":"index","follow":"follow","max-snippet":"max-snippet:-1","max-image-preview":"max-image-preview:large","max-video-preview":"max-video-preview:-1"},"canonical":"https:\/\/kohenavocats.com\/ru\/jurisprudences\/cour-superieure-de-justice-8-octobre-2025-n-2025-00626\/","og_locale":"ru_RU","og_type":"article","og_title":"Cour sup\u00e9rieure de justice, 8 octobre 2025, n\u00b0 2025-00626","og_description":"Arr\u00eat N\u00b0210\/25-I-DIV (aff.fam.) Arr\u00eat civil Audiencepubliqueduhuit octobredeux mille vingt-cinq Num\u00e9ro CAL-2025-00626du r\u00f4le rendu par lapremi\u00e8rechambre de la Cour d\u2019appel, si\u00e9geant en mati\u00e8re civile, dans la cause E n t r e PERSONNE1.),n\u00e9eleDATE1.)\u00e0ADRESSE1.)en R\u00e9publique tch\u00e8que, demeurant \u00e0 L-ADRESSE2.), appelanteaux termes d\u2019une requ\u00eate d\u00e9pos\u00e9e au greffe de\u2026","og_url":"https:\/\/kohenavocats.com\/ru\/jurisprudences\/cour-superieure-de-justice-8-octobre-2025-n-2025-00626\/","og_site_name":"Ma\u00eetre Hassan Kohen, avocat en droit p\u00e9nal \u00e0 Paris","article_modified_time":"2026-04-15T17:41:18+00:00","twitter_card":"summary_large_image","twitter_misc":{"\u041f\u0440\u0438\u043c\u0435\u0440\u043d\u043e\u0435 \u0432\u0440\u0435\u043c\u044f \u0434\u043b\u044f \u0447\u0442\u0435\u043d\u0438\u044f":"3 \u043c\u0438\u043d\u0443\u0442\u044b"},"schema":{"@context":"https:\/\/schema.org","@graph":[{"@type":"WebPage","@id":"https:\/\/kohenavocats.com\/ru\/jurisprudences\/cour-superieure-de-justice-8-octobre-2025-n-2025-00626\/","url":"https:\/\/kohenavocats.com\/ru\/jurisprudences\/cour-superieure-de-justice-8-octobre-2025-n-2025-00626\/","name":"Cour sup\u00e9rieure de justice, 8 octobre 2025, n\u00b0 2025-00626 - Ma\u00eetre Hassan Kohen, avocat en droit p\u00e9nal \u00e0 Paris","isPartOf":{"@id":"https:\/\/kohenavocats.com\/ru\/#website"},"datePublished":"2026-04-15T17:41:15+00:00","dateModified":"2026-04-15T17:41:18+00:00","breadcrumb":{"@id":"https:\/\/kohenavocats.com\/ru\/jurisprudences\/cour-superieure-de-justice-8-octobre-2025-n-2025-00626\/#breadcrumb"},"inLanguage":"ru-RU","potentialAction":[{"@type":"ReadAction","target":["https:\/\/kohenavocats.com\/ru\/jurisprudences\/cour-superieure-de-justice-8-octobre-2025-n-2025-00626\/"]}]},{"@type":"BreadcrumbList","@id":"https:\/\/kohenavocats.com\/ru\/jurisprudences\/cour-superieure-de-justice-8-octobre-2025-n-2025-00626\/#breadcrumb","itemListElement":[{"@type":"ListItem","position":1,"name":"Home","item":"https:\/\/kohenavocats.com\/ru\/avocats-en-droit-penal-a-paris-conseil-et-defense-strategique\/"},{"@type":"ListItem","position":2,"name":"Jurisprudences","item":"https:\/\/kohenavocats.com\/ru\/jurisprudences\/"},{"@type":"ListItem","position":3,"name":"Cour sup\u00e9rieure de justice, 8 octobre 2025, n\u00b0 2025-00626"}]},{"@type":"WebSite","@id":"https:\/\/kohenavocats.com\/ru\/#website","url":"https:\/\/kohenavocats.com\/ru\/","name":"Kohen Avocats","description":"Ma\u00eetre Hassan Kohen, avocat p\u00e9naliste \u00e0 Paris, intervient exclusivement en droit p\u00e9nal pour la d\u00e9fense des particuliers, notamment en mati\u00e8re d\u2019accusations de viol. Il assure un accompagnement rigoureux d\u00e8s la garde \u00e0 vue jusqu\u2019\u00e0 la Cour d\u2019assises, veillant au strict respect des garanties proc\u00e9durales.","publisher":{"@id":"https:\/\/kohenavocats.com\/ru\/#organization"},"potentialAction":[{"@type":"SearchAction","target":{"@type":"EntryPoint","urlTemplate":"https:\/\/kohenavocats.com\/ru\/?s={search_term_string}"},"query-input":{"@type":"PropertyValueSpecification","valueRequired":true,"valueName":"search_term_string"}}],"inLanguage":"ru-RU"},{"@type":"Organization","@id":"https:\/\/kohenavocats.com\/ru\/#organization","name":"Kohen Avocats","url":"https:\/\/kohenavocats.com\/ru\/","logo":{"@type":"ImageObject","inLanguage":"ru-RU","@id":"https:\/\/kohenavocats.com\/ru\/#\/schema\/logo\/image\/","url":"https:\/\/kohenavocats.com\/wp-content\/uploads\/2026\/01\/Logo-2-1.webp","contentUrl":"https:\/\/kohenavocats.com\/wp-content\/uploads\/2026\/01\/Logo-2-1.webp","width":2114,"height":1253,"caption":"Kohen Avocats"},"image":{"@id":"https:\/\/kohenavocats.com\/ru\/#\/schema\/logo\/image\/"}}]}},"jetpack_likes_enabled":false,"jetpack_sharing_enabled":true,"_links":{"self":[{"href":"https:\/\/kohenavocats.com\/ru\/wp-json\/wp\/v2\/kji_decision\/571010","targetHints":{"allow":["GET"]}}],"collection":[{"href":"https:\/\/kohenavocats.com\/ru\/wp-json\/wp\/v2\/kji_decision"}],"about":[{"href":"https:\/\/kohenavocats.com\/ru\/wp-json\/wp\/v2\/types\/kji_decision"}],"wp:attachment":[{"href":"https:\/\/kohenavocats.com\/ru\/wp-json\/wp\/v2\/media?parent=571010"}],"wp:term":[{"taxonomy":"kji_country","embeddable":true,"href":"https:\/\/kohenavocats.com\/ru\/wp-json\/wp\/v2\/kji_country?post=571010"},{"taxonomy":"kji_court","embeddable":true,"href":"https:\/\/kohenavocats.com\/ru\/wp-json\/wp\/v2\/kji_court?post=571010"},{"taxonomy":"kji_chamber","embeddable":true,"href":"https:\/\/kohenavocats.com\/ru\/wp-json\/wp\/v2\/kji_chamber?post=571010"},{"taxonomy":"kji_year","embeddable":true,"href":"https:\/\/kohenavocats.com\/ru\/wp-json\/wp\/v2\/kji_year?post=571010"},{"taxonomy":"kji_subject","embeddable":true,"href":"https:\/\/kohenavocats.com\/ru\/wp-json\/wp\/v2\/kji_subject?post=571010"},{"taxonomy":"kji_keyword","embeddable":true,"href":"https:\/\/kohenavocats.com\/ru\/wp-json\/wp\/v2\/kji_keyword?post=571010"},{"taxonomy":"kji_language","embeddable":true,"href":"https:\/\/kohenavocats.com\/ru\/wp-json\/wp\/v2\/kji_language?post=571010"}],"curies":[{"name":"wp","href":"https:\/\/api.w.org\/{rel}","templated":true}]}}