{"id":571600,"date":"2026-04-15T21:32:20","date_gmt":"2026-04-15T19:32:20","guid":{"rendered":"https:\/\/kohenavocats.com\/jurisprudences\/eclinlrvs20254574-raad-van-state-29-09-2025-brs-25-000523-2\/"},"modified":"2026-04-15T21:32:20","modified_gmt":"2026-04-15T19:32:20","slug":"eclinlrvs20254574-raad-van-state-29-09-2025-brs-25-000523-2","status":"publish","type":"kji_decision","link":"https:\/\/kohenavocats.com\/ru\/jurisprudences\/eclinlrvs20254574-raad-van-state-29-09-2025-brs-25-000523-2\/","title":{"rendered":"ECLI:NL:RVS:2025:4574 Raad van State , 29-09-2025 \/ BRS.25.000523"},"content":{"rendered":"<div class=\"kji-decision\">\n<div class=\"kji-full-text\">\n<p><strong>Inhoudsindicatie.<\/strong> Bij besluit van 8 januari 2025 heeft de minister van Asiel en Migratie een aanvraag van appellant om hem een verblijfsvergunning asiel voor bepaalde tijd te verlenen, afgewezen.<\/p>\n<p>BRS.25.000523<\/p>\n<p>ECLI:NL:RVS:2025:4574<\/p>\n<p>Datum uitspraak: 29 september 2025<\/p>\n<p>AFDELING<\/p>\n<p>BESTUURSRECHTSPRAAK<\/p>\n<p>Uitspraak met toepassing van artikel 8:54, eerste lid, van de Algemene wet bestuursrecht op het hoger beroep van:<\/p>\n<p>[appellant],<\/p>\n<p>appellant,<\/p>\n<p>tegen de uitspraak van de rechtbank Den Haag, zittingsplaats Arnhem, van 29 april 2025 in zaak nr. NL25.1454 in het geding tussen:<\/p>\n<p>[appellant]<\/p>\n<p>en<\/p>\n<p>de minister van Asiel en Migratie.<\/p>\n<p>Procesverloop<\/p>\n<p>Bij besluit van 8 januari 2025 heeft de minister een aanvraag van appellant om hem een verblijfsvergunning asiel voor bepaalde tijd te verlenen, afgewezen.<\/p>\n<p>Bij uitspraak van 29 april 2025 heeft de rechtbank het daartegen door appellant ingestelde beroep gegrond verklaard, dat besluit vernietigd voor zover daarin niet is ingegaan op het verzoek om heroverweging van het besluit van 3 december 2021 en de minister opgedragen om een nieuw besluit te nemen op het verzoek om heroverweging.<\/p>\n<p>Tegen deze uitspraak heeft appellant, vertegenwoordigd door mr. E. Derksen, advocaat in Velp, hoger beroep ingesteld.<\/p>\n<p>Overwegingen<\/p>\n<p>1. Het hoger beroep leidt niet tot vernietiging van de uitspraak van de rechtbank. De rechtbank is namelijk terecht en op goede gronden tot haar oordeel gekomen. De Afdeling neemt de motivering onder 10.2, 11.2 en 13.1 van de uitspraak van de rechtbank over.<\/p>\n<p>1.1. Dit oordeel hoeft niet verder te worden gemotiveerd. De reden daarvoor is dat het hogerberoepschrift geen vragen bevat die in het belang van de rechtseenheid, de rechtsontwikkeling of de rechtsbescherming in algemene zin beantwoord moeten worden (artikel 91, tweede lid, van de Vw 2000).<\/p>\n<p>2. Het hoger beroep is ongegrond. De Afdeling bevestigt de uitspraak van de rechtbank. De minister hoeft geen proceskosten te vergoeden.<\/p>\n<p>Beslissing<\/p>\n<p>De Afdeling bestuursrechtspraak van de Raad van State:<\/p>\n<p>bevestigt de aangevallen uitspraak.<\/p>\n<p>Aldus vastgesteld door mr. J.Th. Drop, lid van de enkelvoudige kamer, in tegenwoordigheid van mr. P.A.M.J. Graat, griffier.<\/p>\n<p>w.g. Drop<\/p>\n<p>lid van de enkelvoudige kamer<\/p>\n<p>w.g. Graat<\/p>\n<p>griffier<\/p>\n<p>Uitgesproken in het openbaar op 29 september 2025<\/p>\n<p>307-1127<\/p>\n<\/div>\n<hr class=\"kji-sep\" \/>\n<p class=\"kji-source-links\"><strong>Sources officielles :<\/strong> <a class=\"kji-source-link\" href=\"http:\/\/deeplink.rechtspraak.nl\/uitspraak?id=ECLI:NL:RVS:2025:4574\" target=\"_blank\" rel=\"noopener noreferrer\">consulter la page source<\/a><\/p>\n<p class=\"kji-license-note\"><em>Rechtspraak.nl open data, Creative Commons Zero. Volume cible 1.8M decisions.<\/em><\/p>\n<\/div>\n","protected":false},"excerpt":{"rendered":"<p>Bij besluit van 8 januari 2025 heeft de minister van Asiel en Migratie een aanvraag van appellant om hem een verblijfsvergunning asiel voor bepaalde tijd te verlenen, afgewezen.<\/p>\n","protected":false},"featured_media":0,"template":"","meta":{"_crdt_document":""},"kji_country":[7669],"kji_court":[8622],"kji_chamber":[],"kji_year":[8463],"kji_subject":[7646],"kji_keyword":[7827,7680,7673,12528,7976],"kji_language":[7671],"class_list":["post-571600","kji_decision","type-kji_decision","status-publish","hentry","kji_country-pays-bas","kji_court-raad-van-state","kji_year-8463","kji_subject-divers","kji_keyword-asiel","kji_keyword-besluit","kji_keyword-heeft","kji_keyword-januari","kji_keyword-state","kji_language-nl"],"yoast_head":"<!-- This site is optimized with the Yoast SEO Premium plugin v27.4 (Yoast SEO v27.4) - https:\/\/yoast.com\/product\/yoast-seo-premium-wordpress\/ -->\n<title>ECLI:NL:RVS:2025:4574 Raad van State , 29-09-2025 \/ BRS.25.000523 - Ma\u00eetre Hassan Kohen, avocat en droit p\u00e9nal \u00e0 Paris<\/title>\n<meta name=\"robots\" content=\"index, follow, max-snippet:-1, max-image-preview:large, max-video-preview:-1\" \/>\n<link rel=\"canonical\" href=\"https:\/\/kohenavocats.com\/ru\/jurisprudences\/eclinlrvs20254574-raad-van-state-29-09-2025-brs-25-000523-2\/\" \/>\n<meta property=\"og:locale\" content=\"ru_RU\" \/>\n<meta property=\"og:type\" content=\"article\" \/>\n<meta property=\"og:title\" content=\"ECLI:NL:RVS:2025:4574 Raad van State , 29-09-2025 \/ BRS.25.000523\" \/>\n<meta property=\"og:description\" content=\"Bij besluit van 8 januari 2025 heeft de minister van Asiel en Migratie een aanvraag van appellant om hem een verblijfsvergunning asiel voor bepaalde tijd te verlenen, afgewezen.\" \/>\n<meta property=\"og:url\" content=\"https:\/\/kohenavocats.com\/ru\/jurisprudences\/eclinlrvs20254574-raad-van-state-29-09-2025-brs-25-000523-2\/\" \/>\n<meta property=\"og:site_name\" content=\"Ma\u00eetre Hassan Kohen, avocat en droit p\u00e9nal \u00e0 Paris\" \/>\n<meta name=\"twitter:card\" content=\"summary_large_image\" \/>\n<meta name=\"twitter:label1\" content=\"\u041f\u0440\u0438\u043c\u0435\u0440\u043d\u043e\u0435 \u0432\u0440\u0435\u043c\u044f \u0434\u043b\u044f \u0447\u0442\u0435\u043d\u0438\u044f\" \/>\n\t<meta name=\"twitter:data1\" content=\"2 \u043c\u0438\u043d\u0443\u0442\u044b\" \/>\n<script type=\"application\/ld+json\" class=\"yoast-schema-graph\">{\"@context\":\"https:\\\/\\\/schema.org\",\"@graph\":[{\"@type\":\"WebPage\",\"@id\":\"https:\\\/\\\/kohenavocats.com\\\/ru\\\/jurisprudences\\\/eclinlrvs20254574-raad-van-state-29-09-2025-brs-25-000523-2\\\/\",\"url\":\"https:\\\/\\\/kohenavocats.com\\\/ru\\\/jurisprudences\\\/eclinlrvs20254574-raad-van-state-29-09-2025-brs-25-000523-2\\\/\",\"name\":\"ECLI:NL:RVS:2025:4574 Raad van State , 29-09-2025 \\\/ BRS.25.000523 - Ma\u00eetre Hassan Kohen, avocat en droit p\u00e9nal \u00e0 Paris\",\"isPartOf\":{\"@id\":\"https:\\\/\\\/kohenavocats.com\\\/ru\\\/#website\"},\"datePublished\":\"2026-04-15T19:32:20+00:00\",\"breadcrumb\":{\"@id\":\"https:\\\/\\\/kohenavocats.com\\\/ru\\\/jurisprudences\\\/eclinlrvs20254574-raad-van-state-29-09-2025-brs-25-000523-2\\\/#breadcrumb\"},\"inLanguage\":\"ru-RU\",\"potentialAction\":[{\"@type\":\"ReadAction\",\"target\":[\"https:\\\/\\\/kohenavocats.com\\\/ru\\\/jurisprudences\\\/eclinlrvs20254574-raad-van-state-29-09-2025-brs-25-000523-2\\\/\"]}]},{\"@type\":\"BreadcrumbList\",\"@id\":\"https:\\\/\\\/kohenavocats.com\\\/ru\\\/jurisprudences\\\/eclinlrvs20254574-raad-van-state-29-09-2025-brs-25-000523-2\\\/#breadcrumb\",\"itemListElement\":[{\"@type\":\"ListItem\",\"position\":1,\"name\":\"Home\",\"item\":\"https:\\\/\\\/kohenavocats.com\\\/ru\\\/avocats-en-droit-penal-a-paris-conseil-et-defense-strategique\\\/\"},{\"@type\":\"ListItem\",\"position\":2,\"name\":\"Jurisprudences\",\"item\":\"https:\\\/\\\/kohenavocats.com\\\/ru\\\/jurisprudences\\\/\"},{\"@type\":\"ListItem\",\"position\":3,\"name\":\"ECLI:NL:RVS:2025:4574 Raad van State , 29-09-2025 \\\/ BRS.25.000523\"}]},{\"@type\":\"WebSite\",\"@id\":\"https:\\\/\\\/kohenavocats.com\\\/ru\\\/#website\",\"url\":\"https:\\\/\\\/kohenavocats.com\\\/ru\\\/\",\"name\":\"Kohen Avocats\",\"description\":\"Ma\u00eetre Hassan Kohen, avocat p\u00e9naliste \u00e0 Paris, intervient exclusivement en droit p\u00e9nal pour la d\u00e9fense des particuliers, notamment en mati\u00e8re d\u2019accusations de viol. Il assure un accompagnement rigoureux d\u00e8s la garde \u00e0 vue jusqu\u2019\u00e0 la Cour d\u2019assises, veillant au strict respect des garanties proc\u00e9durales.\",\"publisher\":{\"@id\":\"https:\\\/\\\/kohenavocats.com\\\/ru\\\/#organization\"},\"potentialAction\":[{\"@type\":\"SearchAction\",\"target\":{\"@type\":\"EntryPoint\",\"urlTemplate\":\"https:\\\/\\\/kohenavocats.com\\\/ru\\\/?s={search_term_string}\"},\"query-input\":{\"@type\":\"PropertyValueSpecification\",\"valueRequired\":true,\"valueName\":\"search_term_string\"}}],\"inLanguage\":\"ru-RU\"},{\"@type\":\"Organization\",\"@id\":\"https:\\\/\\\/kohenavocats.com\\\/ru\\\/#organization\",\"name\":\"Kohen Avocats\",\"url\":\"https:\\\/\\\/kohenavocats.com\\\/ru\\\/\",\"logo\":{\"@type\":\"ImageObject\",\"inLanguage\":\"ru-RU\",\"@id\":\"https:\\\/\\\/kohenavocats.com\\\/ru\\\/#\\\/schema\\\/logo\\\/image\\\/\",\"url\":\"https:\\\/\\\/kohenavocats.com\\\/wp-content\\\/uploads\\\/2026\\\/01\\\/Logo-2-1.webp\",\"contentUrl\":\"https:\\\/\\\/kohenavocats.com\\\/wp-content\\\/uploads\\\/2026\\\/01\\\/Logo-2-1.webp\",\"width\":2114,\"height\":1253,\"caption\":\"Kohen Avocats\"},\"image\":{\"@id\":\"https:\\\/\\\/kohenavocats.com\\\/ru\\\/#\\\/schema\\\/logo\\\/image\\\/\"}}]}<\/script>\n<!-- \/ Yoast SEO Premium plugin. -->","yoast_head_json":{"title":"ECLI:NL:RVS:2025:4574 Raad van State , 29-09-2025 \/ BRS.25.000523 - Ma\u00eetre Hassan Kohen, avocat en droit p\u00e9nal \u00e0 Paris","robots":{"index":"index","follow":"follow","max-snippet":"max-snippet:-1","max-image-preview":"max-image-preview:large","max-video-preview":"max-video-preview:-1"},"canonical":"https:\/\/kohenavocats.com\/ru\/jurisprudences\/eclinlrvs20254574-raad-van-state-29-09-2025-brs-25-000523-2\/","og_locale":"ru_RU","og_type":"article","og_title":"ECLI:NL:RVS:2025:4574 Raad van State , 29-09-2025 \/ BRS.25.000523","og_description":"Bij besluit van 8 januari 2025 heeft de minister van Asiel en Migratie een aanvraag van appellant om hem een verblijfsvergunning asiel voor bepaalde tijd te verlenen, afgewezen.","og_url":"https:\/\/kohenavocats.com\/ru\/jurisprudences\/eclinlrvs20254574-raad-van-state-29-09-2025-brs-25-000523-2\/","og_site_name":"Ma\u00eetre Hassan Kohen, avocat en droit p\u00e9nal \u00e0 Paris","twitter_card":"summary_large_image","twitter_misc":{"\u041f\u0440\u0438\u043c\u0435\u0440\u043d\u043e\u0435 \u0432\u0440\u0435\u043c\u044f \u0434\u043b\u044f \u0447\u0442\u0435\u043d\u0438\u044f":"2 \u043c\u0438\u043d\u0443\u0442\u044b"},"schema":{"@context":"https:\/\/schema.org","@graph":[{"@type":"WebPage","@id":"https:\/\/kohenavocats.com\/ru\/jurisprudences\/eclinlrvs20254574-raad-van-state-29-09-2025-brs-25-000523-2\/","url":"https:\/\/kohenavocats.com\/ru\/jurisprudences\/eclinlrvs20254574-raad-van-state-29-09-2025-brs-25-000523-2\/","name":"ECLI:NL:RVS:2025:4574 Raad van State , 29-09-2025 \/ BRS.25.000523 - Ma\u00eetre Hassan Kohen, avocat en droit p\u00e9nal \u00e0 Paris","isPartOf":{"@id":"https:\/\/kohenavocats.com\/ru\/#website"},"datePublished":"2026-04-15T19:32:20+00:00","breadcrumb":{"@id":"https:\/\/kohenavocats.com\/ru\/jurisprudences\/eclinlrvs20254574-raad-van-state-29-09-2025-brs-25-000523-2\/#breadcrumb"},"inLanguage":"ru-RU","potentialAction":[{"@type":"ReadAction","target":["https:\/\/kohenavocats.com\/ru\/jurisprudences\/eclinlrvs20254574-raad-van-state-29-09-2025-brs-25-000523-2\/"]}]},{"@type":"BreadcrumbList","@id":"https:\/\/kohenavocats.com\/ru\/jurisprudences\/eclinlrvs20254574-raad-van-state-29-09-2025-brs-25-000523-2\/#breadcrumb","itemListElement":[{"@type":"ListItem","position":1,"name":"Home","item":"https:\/\/kohenavocats.com\/ru\/avocats-en-droit-penal-a-paris-conseil-et-defense-strategique\/"},{"@type":"ListItem","position":2,"name":"Jurisprudences","item":"https:\/\/kohenavocats.com\/ru\/jurisprudences\/"},{"@type":"ListItem","position":3,"name":"ECLI:NL:RVS:2025:4574 Raad van State , 29-09-2025 \/ BRS.25.000523"}]},{"@type":"WebSite","@id":"https:\/\/kohenavocats.com\/ru\/#website","url":"https:\/\/kohenavocats.com\/ru\/","name":"Kohen Avocats","description":"Ma\u00eetre Hassan Kohen, avocat p\u00e9naliste \u00e0 Paris, intervient exclusivement en droit p\u00e9nal pour la d\u00e9fense des particuliers, notamment en mati\u00e8re d\u2019accusations de viol. Il assure un accompagnement rigoureux d\u00e8s la garde \u00e0 vue jusqu\u2019\u00e0 la Cour d\u2019assises, veillant au strict respect des garanties proc\u00e9durales.","publisher":{"@id":"https:\/\/kohenavocats.com\/ru\/#organization"},"potentialAction":[{"@type":"SearchAction","target":{"@type":"EntryPoint","urlTemplate":"https:\/\/kohenavocats.com\/ru\/?s={search_term_string}"},"query-input":{"@type":"PropertyValueSpecification","valueRequired":true,"valueName":"search_term_string"}}],"inLanguage":"ru-RU"},{"@type":"Organization","@id":"https:\/\/kohenavocats.com\/ru\/#organization","name":"Kohen Avocats","url":"https:\/\/kohenavocats.com\/ru\/","logo":{"@type":"ImageObject","inLanguage":"ru-RU","@id":"https:\/\/kohenavocats.com\/ru\/#\/schema\/logo\/image\/","url":"https:\/\/kohenavocats.com\/wp-content\/uploads\/2026\/01\/Logo-2-1.webp","contentUrl":"https:\/\/kohenavocats.com\/wp-content\/uploads\/2026\/01\/Logo-2-1.webp","width":2114,"height":1253,"caption":"Kohen Avocats"},"image":{"@id":"https:\/\/kohenavocats.com\/ru\/#\/schema\/logo\/image\/"}}]}},"jetpack_likes_enabled":false,"jetpack_sharing_enabled":true,"_links":{"self":[{"href":"https:\/\/kohenavocats.com\/ru\/wp-json\/wp\/v2\/kji_decision\/571600","targetHints":{"allow":["GET"]}}],"collection":[{"href":"https:\/\/kohenavocats.com\/ru\/wp-json\/wp\/v2\/kji_decision"}],"about":[{"href":"https:\/\/kohenavocats.com\/ru\/wp-json\/wp\/v2\/types\/kji_decision"}],"wp:attachment":[{"href":"https:\/\/kohenavocats.com\/ru\/wp-json\/wp\/v2\/media?parent=571600"}],"wp:term":[{"taxonomy":"kji_country","embeddable":true,"href":"https:\/\/kohenavocats.com\/ru\/wp-json\/wp\/v2\/kji_country?post=571600"},{"taxonomy":"kji_court","embeddable":true,"href":"https:\/\/kohenavocats.com\/ru\/wp-json\/wp\/v2\/kji_court?post=571600"},{"taxonomy":"kji_chamber","embeddable":true,"href":"https:\/\/kohenavocats.com\/ru\/wp-json\/wp\/v2\/kji_chamber?post=571600"},{"taxonomy":"kji_year","embeddable":true,"href":"https:\/\/kohenavocats.com\/ru\/wp-json\/wp\/v2\/kji_year?post=571600"},{"taxonomy":"kji_subject","embeddable":true,"href":"https:\/\/kohenavocats.com\/ru\/wp-json\/wp\/v2\/kji_subject?post=571600"},{"taxonomy":"kji_keyword","embeddable":true,"href":"https:\/\/kohenavocats.com\/ru\/wp-json\/wp\/v2\/kji_keyword?post=571600"},{"taxonomy":"kji_language","embeddable":true,"href":"https:\/\/kohenavocats.com\/ru\/wp-json\/wp\/v2\/kji_language?post=571600"}],"curies":[{"name":"wp","href":"https:\/\/api.w.org\/{rel}","templated":true}]}}