{"id":571769,"date":"2026-04-15T22:09:34","date_gmt":"2026-04-15T20:09:34","guid":{"rendered":"https:\/\/kohenavocats.com\/jurisprudences\/cour-superieure-de-justice-14-juillet-2025-n-2019-01022\/"},"modified":"2026-04-15T22:09:37","modified_gmt":"2026-04-15T20:09:37","slug":"cour-superieure-de-justice-14-juillet-2025-n-2019-01022","status":"publish","type":"kji_decision","link":"https:\/\/kohenavocats.com\/ru\/jurisprudences\/cour-superieure-de-justice-14-juillet-2025-n-2019-01022\/","title":{"rendered":"Cour sup\u00e9rieure de justice, 14 juillet 2025, n\u00b0 2019-01022"},"content":{"rendered":"<div class=\"kji-decision\">\n<div class=\"kji-full-text\">\n<p>Arr\u00eat N\u00b0167\/25-I-CIV Arr\u00eat civil Audience publiqueextraordinaireduquatorzejuilletdeux mille vingt-cinq Num\u00e9ro CAL-2019-01022du r\u00f4le Composition : Rita BIEL, pr\u00e9sident de chambre, Yannick DIDLINGER, premier conseiller, AnneMOROCUTTI, conseiller, Sam SCHUH, greffier. E n t r e : PERSONNE1.), n\u00e9e leDATE1.)\u00e0 Luxembourg, demeurant \u00e0 L-ADRESSE1.), appelante aux termes d\u2019un exploit de l\u2019huissier de justice Pierre BIEL de Luxembourg du 12 septembre 2019, comparant par Ma\u00eetre Nathalie BARTHELEMY, avocat \u00e0 la Cour, demeurant \u00e0 Luxembourg, e t : 1)PERSONNE2.),n\u00e9 leDATE2.)\u00e0 Luxembourg, demeurant \u00e0 L-ADRESSE2.), 2)PERSONNE3.),n\u00e9e leDATE3.)\u00e0 Luxembourg, demeurant \u00e0 L-ADRESSE2.), les deux ayant repris l\u2019instance en leur qualit\u00e9 d\u2019h\u00e9ritiers l\u00e9gaux de feu PERSONNE4.), n\u00e9 leDATE4.)\u00e0 Luxembourg, d\u00e9c\u00e9d\u00e9 en date duDATE5.)et ayant demeur\u00e9 de son vivant \u00e0 L-ADRESSE1.), intim\u00e9saux fins du pr\u00e9dit exploit BIEL,<\/p>\n<p>2 comparant par Ma\u00eetreEmmanuelleRUDLOFF, avocat \u00e0 la Cour, demeurant \u00e0 Luxembourg. &#8212;&#8212;&#8212;&#8212;&#8212;&#8212;&#8212;&#8212;&#8212;&#8212;&#8212; L A C O U R D \u2019 A P P E L Par jugement civil contradictoire du 11 juillet 2019 le tribunal d\u2019arrondissement de et \u00e0 Luxembourg, quatri\u00e8me chambre,si\u00e9geant en mati\u00e8re civile, statuant contradictoirement, sur rapport du magistrat de la mise en \u00e9tat,a notamment, constat\u00e9 que l\u2019acte de d\u00e9sistement d\u2019instance du 23 avril 2019 dePERSONNE4.) est en lui-m\u00eame valable, constat\u00e9 qu\u2019\u00e0 d\u00e9faut d\u2019acceptation dePERSONNE1.)ce d\u00e9sistement n\u2019est n\u00e9anmoins pas r\u00e9gulier, dit la demande en divorce dePERSONNE4.)sur base de l\u2019article 229 duCode civil recevable, mais non fond\u00e9e, constat\u00e9 quePERSONNE1.)etPERSONNE4.)restent li\u00e9s par les liens du mariage, dit la demande dePERSONNE1.)en r\u00e9servation de son droit \u00e0 amplifier sa demande reconventionnelle en divorce de fait irrecevable pour \u00eatre d\u00e9pourvue d\u2019objet, dit la demande dePERSONNE4.)en liquidation et en partage de la soci\u00e9t\u00e9 d\u2019acqu\u00eats qui existerait entre parties recevable, mais non fond\u00e9e, partant en d\u00e9boute, dit la demande dePERSONNE1.)en obtention de dommages et int\u00e9r\u00eats sur base de l\u2019article 1382 et 1383 du Code civil recevable et fond\u00e9e jusqu\u2019\u00e0 concurrence du montant de 5.000 euros, partant condamn\u00e9PERSONNE4.)\u00e0 payer \u00e0PERSONNE1.)la somme de 5.000 euros \u00e0 titre de dommages et int\u00e9r\u00eats. De ce jugement,PERSONNE1.)a relev\u00e9 appel par exploit d\u2019huissierde justice du 12 septembre 2019. A l\u2019audience des plaidoiries de la Courd\u2019appel du 20 novembre 2019, Ma\u00eetre Elisabeth ALEX a demand\u00e9 la radiation de l\u2019affaire suite au d\u00e9c\u00e8s de son mandant. Un arr\u00eat de radiation fut rendu en date du 21 novembre 2019. Une reprise d\u2019instance fut notifi\u00e9e en date du 27 septembre 2022 par la soci\u00e9t\u00e9 \u00e0 responsabilit\u00e9 limit\u00e9e VOGEL AVOCAT s.\u00e0 r.l., au nom de 1) Monsieur<\/p>\n<p>3 PERSONNE2.)et de 2) MadamePERSONNE3.)qui ont repris en leur nom l\u2019instanceintroduite parPERSONNE1.)contrePERSONNE4.),leur p\u00e8re. Une constitution de nouvel avocat futnotifi\u00e9e par Ma\u00eetre Emmanuelle RUDLOFF en date du 17 juin 2025, qui s\u2019est constitu\u00e9e en remplacement de la soci\u00e9t\u00e9 \u00e0 responsabilit\u00e9 limit\u00e9e VOGEL AVOCAT s.\u00e0 r.l. A la m\u00eame date Ma\u00eetre Emmanuelle RUDLOFF a inform\u00e9 la Cour qu\u2019un arrangement a \u00e9t\u00e9 trouv\u00e9entre partieset elle a demand\u00e9 la radiation de l\u2019affaire. En date du 1 er juillet 2025, Ma\u00eetre Nathalie BARTHELEMY a confirm\u00e9 que l\u2019affaire peut\u00eatre ray\u00e9e. L\u2019affaire fut fix\u00e9e pour radiation \u00e0 l\u2019audience de la Cour d\u2019appel du 9 juillet 2025. P A R C E S M O T I F S la Cour d\u2019appel, premi\u00e8re chambre, si\u00e9geant en mati\u00e8re civile, statuant contradictoirement, ordonne la radiation de l\u2019affaire, condamne la partie appelante aux frais et d\u00e9pens de l\u2019instance.<\/p>\n<\/div>\n<hr class=\"kji-sep\" \/>\n<p class=\"kji-source-links\"><strong>Sources officielles :<\/strong> <a class=\"kji-source-link\" href=\"https:\/\/data.public.lu\/fr\/datasets\/cour-superieure-de-justice-1e-chambre\/\" target=\"_blank\" rel=\"noopener noreferrer\">consulter la page source<\/a> &middot; <a class=\"kji-pdf-link\" href=\"https:\/\/download.data.public.lu\/resources\/cour-superieure-de-justice-1e-chambre\/20250824-230050\/20250714-ch01-cal-2019-01022-pseudonymise-accessible.pdf\" target=\"_blank\" rel=\"noopener noreferrer\">PDF officiel<\/a><\/p>\n<p class=\"kji-license-note\"><em>Licence CC BY-ND 4.0 (Administration judiciaire, data.public.lu). Republication autorisee avec attribution, sans modification editoriale du texte integral.<\/em><\/p>\n<\/div>\n","protected":false},"excerpt":{"rendered":"<p>Arr\u00eat N\u00b0167\/25-I-CIV Arr\u00eat civil Audience publiqueextraordinaireduquatorzejuilletdeux mille vingt-cinq Num\u00e9ro CAL-2019-01022du r\u00f4le Composition : Rita BIEL, pr\u00e9sident de chambre, Yannick DIDLINGER, premier conseiller, AnneMOROCUTTI, conseiller, Sam SCHUH, greffier. E n t r e : PERSONNE1.), n\u00e9e leDATE1.)\u00e0 Luxembourg, demeurant \u00e0 L-ADRESSE1.), appelante aux termes d\u2019un exploit\u2026<\/p>\n","protected":false},"featured_media":0,"template":"","meta":{"_crdt_document":""},"kji_country":[8418],"kji_court":[12305],"kji_chamber":[12306],"kji_year":[8463],"kji_subject":[7724],"kji_keyword":[8683,12308,8600,9055,12307],"kji_language":[7733],"class_list":["post-571769","kji_decision","type-kji_decision","status-publish","hentry","kji_country-luxembourg","kji_court-cour-superieure-de-justice","kji_chamber-1e-chambre","kji_year-8463","kji_subject-civil","kji_keyword-arret","kji_keyword-i-civ","kji_keyword-juillet","kji_keyword-justice","kji_keyword-superieure","kji_language-francais"],"yoast_head":"<!-- This site is optimized with the Yoast SEO Premium plugin v27.4 (Yoast SEO v27.4) - https:\/\/yoast.com\/product\/yoast-seo-premium-wordpress\/ -->\n<title>Cour sup\u00e9rieure de justice, 14 juillet 2025, n\u00b0 2019-01022 - Ma\u00eetre Hassan Kohen, avocat en droit p\u00e9nal \u00e0 Paris<\/title>\n<meta name=\"robots\" content=\"index, follow, max-snippet:-1, max-image-preview:large, max-video-preview:-1\" \/>\n<link rel=\"canonical\" href=\"https:\/\/kohenavocats.com\/ru\/jurisprudences\/cour-superieure-de-justice-14-juillet-2025-n-2019-01022\/\" \/>\n<meta property=\"og:locale\" content=\"ru_RU\" \/>\n<meta property=\"og:type\" content=\"article\" \/>\n<meta property=\"og:title\" content=\"Cour sup\u00e9rieure de justice, 14 juillet 2025, n\u00b0 2019-01022\" \/>\n<meta property=\"og:description\" content=\"Arr\u00eat N\u00b0167\/25-I-CIV Arr\u00eat civil Audience publiqueextraordinaireduquatorzejuilletdeux mille vingt-cinq Num\u00e9ro CAL-2019-01022du r\u00f4le Composition : Rita BIEL, pr\u00e9sident de chambre, Yannick DIDLINGER, premier conseiller, AnneMOROCUTTI, conseiller, Sam SCHUH, greffier. E n t r e : PERSONNE1.), n\u00e9e leDATE1.)\u00e0 Luxembourg, demeurant \u00e0 L-ADRESSE1.), appelante aux termes d\u2019un exploit\u2026\" \/>\n<meta property=\"og:url\" content=\"https:\/\/kohenavocats.com\/ru\/jurisprudences\/cour-superieure-de-justice-14-juillet-2025-n-2019-01022\/\" \/>\n<meta property=\"og:site_name\" content=\"Ma\u00eetre Hassan Kohen, avocat en droit p\u00e9nal \u00e0 Paris\" \/>\n<meta property=\"article:modified_time\" content=\"2026-04-15T20:09:37+00:00\" \/>\n<meta name=\"twitter:card\" content=\"summary_large_image\" \/>\n<meta name=\"twitter:label1\" content=\"\u041f\u0440\u0438\u043c\u0435\u0440\u043d\u043e\u0435 \u0432\u0440\u0435\u043c\u044f \u0434\u043b\u044f \u0447\u0442\u0435\u043d\u0438\u044f\" \/>\n\t<meta name=\"twitter:data1\" content=\"3 \u043c\u0438\u043d\u0443\u0442\u044b\" \/>\n<script type=\"application\/ld+json\" class=\"yoast-schema-graph\">{\"@context\":\"https:\\\/\\\/schema.org\",\"@graph\":[{\"@type\":\"WebPage\",\"@id\":\"https:\\\/\\\/kohenavocats.com\\\/ru\\\/jurisprudences\\\/cour-superieure-de-justice-14-juillet-2025-n-2019-01022\\\/\",\"url\":\"https:\\\/\\\/kohenavocats.com\\\/ru\\\/jurisprudences\\\/cour-superieure-de-justice-14-juillet-2025-n-2019-01022\\\/\",\"name\":\"Cour sup\u00e9rieure de justice, 14 juillet 2025, n\u00b0 2019-01022 - Ma\u00eetre Hassan Kohen, avocat en droit p\u00e9nal \u00e0 Paris\",\"isPartOf\":{\"@id\":\"https:\\\/\\\/kohenavocats.com\\\/ru\\\/#website\"},\"datePublished\":\"2026-04-15T20:09:34+00:00\",\"dateModified\":\"2026-04-15T20:09:37+00:00\",\"breadcrumb\":{\"@id\":\"https:\\\/\\\/kohenavocats.com\\\/ru\\\/jurisprudences\\\/cour-superieure-de-justice-14-juillet-2025-n-2019-01022\\\/#breadcrumb\"},\"inLanguage\":\"ru-RU\",\"potentialAction\":[{\"@type\":\"ReadAction\",\"target\":[\"https:\\\/\\\/kohenavocats.com\\\/ru\\\/jurisprudences\\\/cour-superieure-de-justice-14-juillet-2025-n-2019-01022\\\/\"]}]},{\"@type\":\"BreadcrumbList\",\"@id\":\"https:\\\/\\\/kohenavocats.com\\\/ru\\\/jurisprudences\\\/cour-superieure-de-justice-14-juillet-2025-n-2019-01022\\\/#breadcrumb\",\"itemListElement\":[{\"@type\":\"ListItem\",\"position\":1,\"name\":\"Home\",\"item\":\"https:\\\/\\\/kohenavocats.com\\\/ru\\\/avocats-en-droit-penal-a-paris-conseil-et-defense-strategique\\\/\"},{\"@type\":\"ListItem\",\"position\":2,\"name\":\"Jurisprudences\",\"item\":\"https:\\\/\\\/kohenavocats.com\\\/ru\\\/jurisprudences\\\/\"},{\"@type\":\"ListItem\",\"position\":3,\"name\":\"Cour sup\u00e9rieure de justice, 14 juillet 2025, n\u00b0 2019-01022\"}]},{\"@type\":\"WebSite\",\"@id\":\"https:\\\/\\\/kohenavocats.com\\\/ru\\\/#website\",\"url\":\"https:\\\/\\\/kohenavocats.com\\\/ru\\\/\",\"name\":\"Kohen Avocats\",\"description\":\"Ma\u00eetre Hassan Kohen, avocat p\u00e9naliste \u00e0 Paris, intervient exclusivement en droit p\u00e9nal pour la d\u00e9fense des particuliers, notamment en mati\u00e8re d\u2019accusations de viol. Il assure un accompagnement rigoureux d\u00e8s la garde \u00e0 vue jusqu\u2019\u00e0 la Cour d\u2019assises, veillant au strict respect des garanties proc\u00e9durales.\",\"publisher\":{\"@id\":\"https:\\\/\\\/kohenavocats.com\\\/ru\\\/#organization\"},\"potentialAction\":[{\"@type\":\"SearchAction\",\"target\":{\"@type\":\"EntryPoint\",\"urlTemplate\":\"https:\\\/\\\/kohenavocats.com\\\/ru\\\/?s={search_term_string}\"},\"query-input\":{\"@type\":\"PropertyValueSpecification\",\"valueRequired\":true,\"valueName\":\"search_term_string\"}}],\"inLanguage\":\"ru-RU\"},{\"@type\":\"Organization\",\"@id\":\"https:\\\/\\\/kohenavocats.com\\\/ru\\\/#organization\",\"name\":\"Kohen Avocats\",\"url\":\"https:\\\/\\\/kohenavocats.com\\\/ru\\\/\",\"logo\":{\"@type\":\"ImageObject\",\"inLanguage\":\"ru-RU\",\"@id\":\"https:\\\/\\\/kohenavocats.com\\\/ru\\\/#\\\/schema\\\/logo\\\/image\\\/\",\"url\":\"https:\\\/\\\/kohenavocats.com\\\/wp-content\\\/uploads\\\/2026\\\/01\\\/Logo-2-1.webp\",\"contentUrl\":\"https:\\\/\\\/kohenavocats.com\\\/wp-content\\\/uploads\\\/2026\\\/01\\\/Logo-2-1.webp\",\"width\":2114,\"height\":1253,\"caption\":\"Kohen Avocats\"},\"image\":{\"@id\":\"https:\\\/\\\/kohenavocats.com\\\/ru\\\/#\\\/schema\\\/logo\\\/image\\\/\"}}]}<\/script>\n<!-- \/ Yoast SEO Premium plugin. -->","yoast_head_json":{"title":"Cour sup\u00e9rieure de justice, 14 juillet 2025, n\u00b0 2019-01022 - Ma\u00eetre Hassan Kohen, avocat en droit p\u00e9nal \u00e0 Paris","robots":{"index":"index","follow":"follow","max-snippet":"max-snippet:-1","max-image-preview":"max-image-preview:large","max-video-preview":"max-video-preview:-1"},"canonical":"https:\/\/kohenavocats.com\/ru\/jurisprudences\/cour-superieure-de-justice-14-juillet-2025-n-2019-01022\/","og_locale":"ru_RU","og_type":"article","og_title":"Cour sup\u00e9rieure de justice, 14 juillet 2025, n\u00b0 2019-01022","og_description":"Arr\u00eat N\u00b0167\/25-I-CIV Arr\u00eat civil Audience publiqueextraordinaireduquatorzejuilletdeux mille vingt-cinq Num\u00e9ro CAL-2019-01022du r\u00f4le Composition : Rita BIEL, pr\u00e9sident de chambre, Yannick DIDLINGER, premier conseiller, AnneMOROCUTTI, conseiller, Sam SCHUH, greffier. E n t r e : PERSONNE1.), n\u00e9e leDATE1.)\u00e0 Luxembourg, demeurant \u00e0 L-ADRESSE1.), appelante aux termes d\u2019un exploit\u2026","og_url":"https:\/\/kohenavocats.com\/ru\/jurisprudences\/cour-superieure-de-justice-14-juillet-2025-n-2019-01022\/","og_site_name":"Ma\u00eetre Hassan Kohen, avocat en droit p\u00e9nal \u00e0 Paris","article_modified_time":"2026-04-15T20:09:37+00:00","twitter_card":"summary_large_image","twitter_misc":{"\u041f\u0440\u0438\u043c\u0435\u0440\u043d\u043e\u0435 \u0432\u0440\u0435\u043c\u044f \u0434\u043b\u044f \u0447\u0442\u0435\u043d\u0438\u044f":"3 \u043c\u0438\u043d\u0443\u0442\u044b"},"schema":{"@context":"https:\/\/schema.org","@graph":[{"@type":"WebPage","@id":"https:\/\/kohenavocats.com\/ru\/jurisprudences\/cour-superieure-de-justice-14-juillet-2025-n-2019-01022\/","url":"https:\/\/kohenavocats.com\/ru\/jurisprudences\/cour-superieure-de-justice-14-juillet-2025-n-2019-01022\/","name":"Cour sup\u00e9rieure de justice, 14 juillet 2025, n\u00b0 2019-01022 - Ma\u00eetre Hassan Kohen, avocat en droit p\u00e9nal \u00e0 Paris","isPartOf":{"@id":"https:\/\/kohenavocats.com\/ru\/#website"},"datePublished":"2026-04-15T20:09:34+00:00","dateModified":"2026-04-15T20:09:37+00:00","breadcrumb":{"@id":"https:\/\/kohenavocats.com\/ru\/jurisprudences\/cour-superieure-de-justice-14-juillet-2025-n-2019-01022\/#breadcrumb"},"inLanguage":"ru-RU","potentialAction":[{"@type":"ReadAction","target":["https:\/\/kohenavocats.com\/ru\/jurisprudences\/cour-superieure-de-justice-14-juillet-2025-n-2019-01022\/"]}]},{"@type":"BreadcrumbList","@id":"https:\/\/kohenavocats.com\/ru\/jurisprudences\/cour-superieure-de-justice-14-juillet-2025-n-2019-01022\/#breadcrumb","itemListElement":[{"@type":"ListItem","position":1,"name":"Home","item":"https:\/\/kohenavocats.com\/ru\/avocats-en-droit-penal-a-paris-conseil-et-defense-strategique\/"},{"@type":"ListItem","position":2,"name":"Jurisprudences","item":"https:\/\/kohenavocats.com\/ru\/jurisprudences\/"},{"@type":"ListItem","position":3,"name":"Cour sup\u00e9rieure de justice, 14 juillet 2025, n\u00b0 2019-01022"}]},{"@type":"WebSite","@id":"https:\/\/kohenavocats.com\/ru\/#website","url":"https:\/\/kohenavocats.com\/ru\/","name":"Kohen Avocats","description":"Ma\u00eetre Hassan Kohen, avocat p\u00e9naliste \u00e0 Paris, intervient exclusivement en droit p\u00e9nal pour la d\u00e9fense des particuliers, notamment en mati\u00e8re d\u2019accusations de viol. Il assure un accompagnement rigoureux d\u00e8s la garde \u00e0 vue jusqu\u2019\u00e0 la Cour d\u2019assises, veillant au strict respect des garanties proc\u00e9durales.","publisher":{"@id":"https:\/\/kohenavocats.com\/ru\/#organization"},"potentialAction":[{"@type":"SearchAction","target":{"@type":"EntryPoint","urlTemplate":"https:\/\/kohenavocats.com\/ru\/?s={search_term_string}"},"query-input":{"@type":"PropertyValueSpecification","valueRequired":true,"valueName":"search_term_string"}}],"inLanguage":"ru-RU"},{"@type":"Organization","@id":"https:\/\/kohenavocats.com\/ru\/#organization","name":"Kohen Avocats","url":"https:\/\/kohenavocats.com\/ru\/","logo":{"@type":"ImageObject","inLanguage":"ru-RU","@id":"https:\/\/kohenavocats.com\/ru\/#\/schema\/logo\/image\/","url":"https:\/\/kohenavocats.com\/wp-content\/uploads\/2026\/01\/Logo-2-1.webp","contentUrl":"https:\/\/kohenavocats.com\/wp-content\/uploads\/2026\/01\/Logo-2-1.webp","width":2114,"height":1253,"caption":"Kohen Avocats"},"image":{"@id":"https:\/\/kohenavocats.com\/ru\/#\/schema\/logo\/image\/"}}]}},"jetpack_likes_enabled":false,"jetpack_sharing_enabled":true,"_links":{"self":[{"href":"https:\/\/kohenavocats.com\/ru\/wp-json\/wp\/v2\/kji_decision\/571769","targetHints":{"allow":["GET"]}}],"collection":[{"href":"https:\/\/kohenavocats.com\/ru\/wp-json\/wp\/v2\/kji_decision"}],"about":[{"href":"https:\/\/kohenavocats.com\/ru\/wp-json\/wp\/v2\/types\/kji_decision"}],"wp:attachment":[{"href":"https:\/\/kohenavocats.com\/ru\/wp-json\/wp\/v2\/media?parent=571769"}],"wp:term":[{"taxonomy":"kji_country","embeddable":true,"href":"https:\/\/kohenavocats.com\/ru\/wp-json\/wp\/v2\/kji_country?post=571769"},{"taxonomy":"kji_court","embeddable":true,"href":"https:\/\/kohenavocats.com\/ru\/wp-json\/wp\/v2\/kji_court?post=571769"},{"taxonomy":"kji_chamber","embeddable":true,"href":"https:\/\/kohenavocats.com\/ru\/wp-json\/wp\/v2\/kji_chamber?post=571769"},{"taxonomy":"kji_year","embeddable":true,"href":"https:\/\/kohenavocats.com\/ru\/wp-json\/wp\/v2\/kji_year?post=571769"},{"taxonomy":"kji_subject","embeddable":true,"href":"https:\/\/kohenavocats.com\/ru\/wp-json\/wp\/v2\/kji_subject?post=571769"},{"taxonomy":"kji_keyword","embeddable":true,"href":"https:\/\/kohenavocats.com\/ru\/wp-json\/wp\/v2\/kji_keyword?post=571769"},{"taxonomy":"kji_language","embeddable":true,"href":"https:\/\/kohenavocats.com\/ru\/wp-json\/wp\/v2\/kji_language?post=571769"}],"curies":[{"name":"wp","href":"https:\/\/api.w.org\/{rel}","templated":true}]}}