{"id":572036,"date":"2026-04-15T22:18:01","date_gmt":"2026-04-15T20:18:01","guid":{"rendered":"https:\/\/kohenavocats.com\/jurisprudences\/eclinlghams20253288-gerechtshof-amsterdam-10-12-2025-200-342-866-01ok\/"},"modified":"2026-04-15T22:18:01","modified_gmt":"2026-04-15T20:18:01","slug":"eclinlghams20253288-gerechtshof-amsterdam-10-12-2025-200-342-866-01ok","status":"publish","type":"kji_decision","link":"https:\/\/kohenavocats.com\/ru\/jurisprudences\/eclinlghams20253288-gerechtshof-amsterdam-10-12-2025-200-342-866-01ok\/","title":{"rendered":"ECLI:NL:GHAMS:2025:3288 Gerechtshof Amsterdam , 10-12-2025 \/ 200.342.866\/01OK"},"content":{"rendered":"<div class=\"kji-decision\">\n<div class=\"kji-full-text\">\n<p><strong>Inhoudsindicatie.<\/strong> Ondernemingskamer; be\u00ebindiging enqu\u00eateprocedure<\/p>\n<p>beschikking<\/p>\n<p>___________________________________________________________________<\/p>\n<p>GERECHTSHOF AMSTERDAM<\/p>\n<p>ONDERNEMINGSKAMER<\/p>\n<p>zaaknummer: 200.342.866\/01 OK<\/p>\n<p>beschikking van de Ondernemingskamer van 10 december 2025<\/p>\n<p>in de zaak van:<\/p>\n<p>1. de besloten vennootschap met beperkte aansprakelijkheid<\/p>\n<p>[A B.V.]<br \/>\n ,<\/p>\n<p>gevestigd te [plaats] ,<\/p>\n<p>2. [moeder] ,<\/p>\n<p>wonende te [plaats] ,<\/p>\n<p>VERZOEKSTERS,<\/p>\n<p>advocaten: mr. J.W. van der Staay en mr. M.H.C. Sinninghe Damst\u00e9, beiden kantoorhoudende te Amsterdam,<\/p>\n<p>t e g e n<\/p>\n<p>1. de besloten vennootschap met beperkte aansprakelijkheid<\/p>\n<p>NARDINC BEHEER B.V.,<\/p>\n<p>gevestigd te Laren (Noord-Holland),<\/p>\n<p>2. de besloten vennootschap met beperkte aansprakelijkheid<\/p>\n<p>JBi B.V.,<\/p>\n<p>gevestigd te Laren (Noord-Holland),<\/p>\n<p>VERWEERSTERS,<\/p>\n<p>niet verschenen,<\/p>\n<p>e n t e g e n<\/p>\n<p>1. de besloten vennootschap met beperkte aansprakelijkheid<\/p>\n<p>ERMA B.V.,<\/p>\n<p>gevestigd te Laren (Noord-Holland),<\/p>\n<p>2. [zoon 1],<\/p>\n<p>wonende te [plaats] ,<\/p>\n<p>3. de besloten vennootschap met beperkte aansprakelijkheid<\/p>\n<p>[B B.V.]<br \/>\n ,<\/p>\n<p>gevestigd te [plaats] ,<\/p>\n<p>4. [zoon 2],<\/p>\n<p>wonende te [plaats] ,<\/p>\n<p>5. de besloten vennootschap met beperkte aansprakelijkheid<\/p>\n<p>KANGAROO BEHEER B.V.,<\/p>\n<p>gevestigd te Laren (Noord-Holland),<\/p>\n<p>6. de stichting<\/p>\n<p>STICHTING ADMINISTRATIEKANTOOR [B],<\/p>\n<p>gevestigd te [plaats] ,<\/p>\n<p>7. de stichting<\/p>\n<p>STICHTING ADMINISTRATIEKANTOOR KANGAROO,<\/p>\n<p>gevestigd te Laren (Noord-Holland),<\/p>\n<p>advocaat: mr. A. Croiset van Uchelen, kantoorhoudend te Amsterdam,<\/p>\n<h3>8 [C] ,<\/h3>\n<p>wonende te [plaats] ,<\/p>\n<p>advocaat: mr. F.G.K. Overkleeft, kantoorhoudend te Amsterdam,<\/p>\n<h3>9 [D] ,<\/h3>\n<p>wonende te [plaats] ,<\/p>\n<p>in persoon ter zitting verschenen,<\/p>\n<p>BELANGHEBBENDEN,<\/p>\n<p>en in de zaak van<\/p>\n<p>de besloten vennootschap met beperkte aansprakelijkheid<\/p>\n<p>ERMA B.V.,<\/p>\n<p>gevestigd te Laren (Noord-Holland),<\/p>\n<p>VERZOEKSTER,<\/p>\n<p>advocaat: mr. A. Croiset van Uchelen, kantoorhoudend te Amsterdam,<\/p>\n<p>t e g e n<\/p>\n<p>1. de stichting<\/p>\n<p>STICHTING ADMINISTRATIEKANTOOR NARDINC,<\/p>\n<p>gevestigd te Laren (Noord-Holland),<\/p>\n<p>2. de besloten vennootschap met beperkte aansprakelijkheid<\/p>\n<p>NARDINC BEHEER B.V.,<\/p>\n<p>gevestigd te Laren (Noord-Holland),<\/p>\n<p>3. de besloten vennootschap met beperkte aansprakelijkheid<\/p>\n<p>NARDINC VASTGOED B.V.,<\/p>\n<p>4. de besloten vennootschap met beperkte aansprakelijkheid<\/p>\n<p>JBi B.V.,<\/p>\n<p>gevestigd te Laren (Noord-Holland),<\/p>\n<p>VERWEERSTERS,<\/p>\n<p>niet verschenen,<\/p>\n<p>e n t e g e n<\/p>\n<p>10. de besloten vennootschap met beperkte aansprakelijkheid<\/p>\n<p>[A B.V.]<br \/>\n ,<\/p>\n<p>gevestigd de [plaats] ,<\/p>\n<p>11. de stichting<\/p>\n<p>STICHTING [A],<\/p>\n<p>gevestigd te [plaats] ,<\/p>\n<p>12. [moeder],<\/p>\n<p>wonende te [plaats] ,<\/p>\n<p>advocaten: mr. J.W. van der Staay en mr. M.H.C. Sinninghe Damst\u00e9, beiden kantoorhoudende te Amsterdam,<\/p>\n<h3>13 [zoon 1] ,<\/h3>\n<p>wonende te [plaats] ,<\/p>\n<p>14. de besloten vennootschap met beperkte aansprakelijkheid<\/p>\n<p>[B B.V.]<br \/>\n ,<\/p>\n<p>gevestigd te [plaats] ,<\/p>\n<p>15. [zoon 2],<\/p>\n<p>wonende te [plaats] ,<\/p>\n<p>16. de besloten vennootschap met beperkte aansprakelijkheid<\/p>\n<p>KANGAROO BEHEER B.V.,<\/p>\n<p>gevestigd te Laren (Noord-Holland),<\/p>\n<p>17. de stichting<\/p>\n<p>STICHTING ADMINISTRATIEKANTOOR [B],<\/p>\n<p>gevestigd te [plaats] ,<\/p>\n<p>18. de stichting<\/p>\n<p>STICHTING ADMINISTRATIEKANTOOR KANGAROO,<\/p>\n<p>gevestigd te Laren (Noord-Holland),<\/p>\n<p>advocaat: mr. A. Croiset van Uchelen, kantoorhoudend te Amsterdam,<\/p>\n<h3>19 [C] ,<\/h3>\n<p>wonende te [plaats] ,<\/p>\n<p>advocaat: mr. F.G.K. Overkleeft, kantoorhoudend te Amsterdam,<\/p>\n<h3>20 [D] ,<\/h3>\n<p>wonende te [plaats] ,<\/p>\n<p>in persoon ter zitting verschenen,<\/p>\n<p>BELANGHEBBENDEN.<\/p>\n<h3>1Het verloop van het geding<\/h3>\n<p>Voor het verloop van het geding verwijst de Ondernemingskamer naar haar twee beschikkingen van 29 augustus 2024 en de beschikkingen van 28 oktober 2024 en 7 juli 2025 in deze zaak.<\/p>\n<p>Bij de eerste beschikking van 29 augustus 2024 heeft de Ondernemingskamer \u2013 voor zover thans van belang \u2013 een onderzoek bevolen naar het beleid en de gang van zaken van Nardinc Beheer B.V., Nardinc Vastgoed B.V. en JBi B.V. over de periode vanaf medio 2021, een nader aan te wijzen en aan partijen bekend te maken persoon benoemd teneinde het onderzoek te verrichten, alsmede \u2013 bij wijze van onmiddellijke voorziening en vooralsnog voor de duur van het geding \u2013 een nader aan te wijzen en aan partijen bekend te maken persoon benoemd tot bestuurder van Nardinc Beheer B.V., JBi B.V. en Nardinc Vastgoed B.V. en bepaald dat de aandelen in Nardinc Beheer B.V. ten titel van beheer worden overgedragen aan een nader aan te wijzen en aan partijen bekend te maken persoon.<\/p>\n<p>Bij de tweede beschikking van 29 augustus zijn mr. Y. Borrius als onderzoeker, mr. J.F. Breek als bestuurder en mr. S.C.M. van Thiel als beheerder aangewezen zoals bedoeld in de eerste beschikking van 29 augustus 2024.<\/p>\n<p>Bij beschikking van 28 oktober 2024 heeft de Ondernemingskamer het bedrag dat het onderzoek ten hoogste mag kosten vastgesteld op \u20ac 150.000, exclusief btw.<\/p>\n<p>Bij beschikking van 7 juli 2025 heeft de Ondernemingskamer de bij haar beschikking van 29 augustus 2024 getroffen onmiddellijke voorzieningen be\u00ebindigd, mr. J.F. Breek als procesbegeleider aangewezen en bepaald dat de kosten van deze procesbegeleider door Nardinc Beheer B.V. en JBi B.V. worden gedragen.<\/p>\n<p>Bij e-mailbericht van 3 december 2025 heeft mr. Sinninghe Damst\u00e9 namens alle partijen de Ondernemingskamer bericht dat partijen onder begeleiding van mr. Breek in overleg zijn getreden over het maken van nadere afspraken over de tussen hen nog openstaande kwesties teneinde de enqu\u00eateprocedure te kunnen be\u00ebindigen. Deze afspraken hebben partijen op 29 november 2025 vastgelegd in een vaststellingsovereenkomst. In dat bericht staat verder dat partijen de Ondernemingskamer gezamenlijk verzoeken, conform de in de vaststellingsovereenkomst van 29 november 2025 gemaakte afspraken: a) de rol van mr. Breek als procesbegeleider onmiddellijk te be\u00ebindigen; en b) de enqu\u00eateprocedure te be\u00ebindigen, zonder dat daarbij enige kostenveroordeling wordt uitgesproken.<\/p>\n<p>Bij e-mailberichten van 3 december 2025 hebben mr. Breek en mr. Croiset van Uchelen bovenstaande verzoeken bevestigd.<\/p>\n<h3>2De gronden van de beslissing<\/h3>\n<p>Nu in het kader van de enqu\u00eateprocedure ook over de laatste openstaande punten tussen partijen afspraken zijn gemaakt, er geen bezwaren zijn ontvangen tegen be\u00ebindiging van het onderzoek en de opheffing van de aanwijzing van mr. Breek als procesbegeleider en de Ondernemingskamer ook voorts niet is gebleken van enig belang dat zich daartegen verzet, zal de Ondernemingskamer het verzoek inwilligen, aldus dat zij het bij de beschikking van 29 augustus 2025 bevolen onderzoek en de bij beschikking van 7 juli 2025 getroffen onmiddellijke voorziening zal be\u00ebindigen, met ingang van heden.<\/p>\n<h3>3De beslissing<\/h3>\n<p>De Ondernemingskamer:<\/p>\n<p>be\u00ebindigt met ingang van heden het bij haar beschikking van 29 augustus 2024 bevolen onderzoek naar het beleid en de gang van zaken van Nardinc Beheer B.V., Nardinc Vastgoed B.V. en JBi B.V.;<\/p>\n<p>be\u00ebindigt met ingang van heden de bij haar beschikking van 7 juli 2025 getroffen onmiddellijke voorziening, de aanwijzing van mr. J.F. Breek als procesbegeleider;<\/p>\n<p>verklaart deze beschikking uitvoerbaar bij voorraad.<\/p>\n<p>Deze beschikking is gegeven door mr. A.P. Wessels, voorzitter, mr. M.A.M. Vaessen en mr. A.J. Wolfs, raadsheren, en prof. dr. M.N. Hoogendoorn RA en drs. G. Eikelenboom AG, raden, in tegenwoordigheid van mr. N.E.M. Keereweer, griffier, en in het openbaar uitgesproken 10 december 2025.<\/p>\n<\/div>\n<hr class=\"kji-sep\" \/>\n<p class=\"kji-source-links\"><strong>Sources officielles :<\/strong> <a class=\"kji-source-link\" href=\"http:\/\/deeplink.rechtspraak.nl\/uitspraak?id=ECLI:NL:GHAMS:2025:3288\" target=\"_blank\" rel=\"noopener noreferrer\">consulter la page source<\/a><\/p>\n<p class=\"kji-license-note\"><em>Rechtspraak.nl open data, Creative Commons Zero. Volume cible 1.8M decisions.<\/em><\/p>\n<\/div>\n","protected":false},"excerpt":{"rendered":"<p>Ondernemingskamer; be\u00ebindiging enqu\u00eateprocedure<\/p>\n","protected":false},"featured_media":0,"template":"","meta":{"_crdt_document":""},"kji_country":[7669],"kji_court":[8385],"kji_chamber":[],"kji_year":[8463],"kji_subject":[7646],"kji_keyword":[8000,10141,8136,8388,13027],"kji_language":[7671],"class_list":["post-572036","kji_decision","type-kji_decision","status-publish","hentry","kji_country-pays-bas","kji_court-gerechtshof-amsterdam","kji_year-8463","kji_subject-divers","kji_keyword-amsterdam","kji_keyword-beeindiging","kji_keyword-gerechtshof","kji_keyword-ghams","kji_keyword-ondernemingskamer","kji_language-nl"],"yoast_head":"<!-- This site is optimized with the Yoast SEO Premium plugin v27.5 (Yoast SEO v27.5) - https:\/\/yoast.com\/product\/yoast-seo-premium-wordpress\/ -->\n<title>ECLI:NL:GHAMS:2025:3288 Gerechtshof Amsterdam , 10-12-2025 \/ 200.342.866\/01OK - Ma\u00eetre Hassan Kohen, avocat en droit p\u00e9nal \u00e0 Paris<\/title>\n<meta name=\"robots\" content=\"index, follow, max-snippet:-1, max-image-preview:large, max-video-preview:-1\" \/>\n<link rel=\"canonical\" href=\"https:\/\/kohenavocats.com\/ru\/jurisprudences\/eclinlghams20253288-gerechtshof-amsterdam-10-12-2025-200-342-866-01ok\/\" \/>\n<meta property=\"og:locale\" content=\"ru_RU\" \/>\n<meta property=\"og:type\" content=\"article\" \/>\n<meta property=\"og:title\" content=\"ECLI:NL:GHAMS:2025:3288 Gerechtshof Amsterdam , 10-12-2025 \/ 200.342.866\/01OK\" \/>\n<meta property=\"og:description\" content=\"Ondernemingskamer; be\u00ebindiging enqu\u00eateprocedure\" \/>\n<meta property=\"og:url\" content=\"https:\/\/kohenavocats.com\/ru\/jurisprudences\/eclinlghams20253288-gerechtshof-amsterdam-10-12-2025-200-342-866-01ok\/\" \/>\n<meta property=\"og:site_name\" content=\"Ma\u00eetre Hassan Kohen, avocat en droit p\u00e9nal \u00e0 Paris\" \/>\n<meta name=\"twitter:card\" content=\"summary_large_image\" \/>\n<meta name=\"twitter:label1\" content=\"\u041f\u0440\u0438\u043c\u0435\u0440\u043d\u043e\u0435 \u0432\u0440\u0435\u043c\u044f \u0434\u043b\u044f \u0447\u0442\u0435\u043d\u0438\u044f\" \/>\n\t<meta name=\"twitter:data1\" content=\"5 \u043c\u0438\u043d\u0443\u0442\" \/>\n<script type=\"application\/ld+json\" class=\"yoast-schema-graph\">{\"@context\":\"https:\\\/\\\/schema.org\",\"@graph\":[{\"@type\":\"WebPage\",\"@id\":\"https:\\\/\\\/kohenavocats.com\\\/ru\\\/jurisprudences\\\/eclinlghams20253288-gerechtshof-amsterdam-10-12-2025-200-342-866-01ok\\\/\",\"url\":\"https:\\\/\\\/kohenavocats.com\\\/ru\\\/jurisprudences\\\/eclinlghams20253288-gerechtshof-amsterdam-10-12-2025-200-342-866-01ok\\\/\",\"name\":\"ECLI:NL:GHAMS:2025:3288 Gerechtshof Amsterdam , 10-12-2025 \\\/ 200.342.866\\\/01OK - Ma\u00eetre Hassan Kohen, avocat en droit p\u00e9nal \u00e0 Paris\",\"isPartOf\":{\"@id\":\"https:\\\/\\\/kohenavocats.com\\\/ru\\\/#website\"},\"datePublished\":\"2026-04-15T20:18:01+00:00\",\"breadcrumb\":{\"@id\":\"https:\\\/\\\/kohenavocats.com\\\/ru\\\/jurisprudences\\\/eclinlghams20253288-gerechtshof-amsterdam-10-12-2025-200-342-866-01ok\\\/#breadcrumb\"},\"inLanguage\":\"ru-RU\",\"potentialAction\":[{\"@type\":\"ReadAction\",\"target\":[\"https:\\\/\\\/kohenavocats.com\\\/ru\\\/jurisprudences\\\/eclinlghams20253288-gerechtshof-amsterdam-10-12-2025-200-342-866-01ok\\\/\"]}]},{\"@type\":\"BreadcrumbList\",\"@id\":\"https:\\\/\\\/kohenavocats.com\\\/ru\\\/jurisprudences\\\/eclinlghams20253288-gerechtshof-amsterdam-10-12-2025-200-342-866-01ok\\\/#breadcrumb\",\"itemListElement\":[{\"@type\":\"ListItem\",\"position\":1,\"name\":\"Home\",\"item\":\"https:\\\/\\\/kohenavocats.com\\\/ru\\\/avocats-en-droit-penal-a-paris-conseil-et-defense-strategique\\\/\"},{\"@type\":\"ListItem\",\"position\":2,\"name\":\"Jurisprudences\",\"item\":\"https:\\\/\\\/kohenavocats.com\\\/ru\\\/jurisprudences\\\/\"},{\"@type\":\"ListItem\",\"position\":3,\"name\":\"ECLI:NL:GHAMS:2025:3288 Gerechtshof Amsterdam , 10-12-2025 \\\/ 200.342.866\\\/01OK\"}]},{\"@type\":\"WebSite\",\"@id\":\"https:\\\/\\\/kohenavocats.com\\\/ru\\\/#website\",\"url\":\"https:\\\/\\\/kohenavocats.com\\\/ru\\\/\",\"name\":\"Kohen Avocats\",\"description\":\"Ma\u00eetre Hassan Kohen, avocat p\u00e9naliste \u00e0 Paris, intervient exclusivement en droit p\u00e9nal pour la d\u00e9fense des particuliers, notamment en mati\u00e8re d\u2019accusations de viol. Il assure un accompagnement rigoureux d\u00e8s la garde \u00e0 vue jusqu\u2019\u00e0 la Cour d\u2019assises, veillant au strict respect des garanties proc\u00e9durales.\",\"publisher\":{\"@id\":\"https:\\\/\\\/kohenavocats.com\\\/ru\\\/#organization\"},\"potentialAction\":[{\"@type\":\"SearchAction\",\"target\":{\"@type\":\"EntryPoint\",\"urlTemplate\":\"https:\\\/\\\/kohenavocats.com\\\/ru\\\/?s={search_term_string}\"},\"query-input\":{\"@type\":\"PropertyValueSpecification\",\"valueRequired\":true,\"valueName\":\"search_term_string\"}}],\"inLanguage\":\"ru-RU\"},{\"@type\":\"Organization\",\"@id\":\"https:\\\/\\\/kohenavocats.com\\\/ru\\\/#organization\",\"name\":\"Kohen Avocats\",\"url\":\"https:\\\/\\\/kohenavocats.com\\\/ru\\\/\",\"logo\":{\"@type\":\"ImageObject\",\"inLanguage\":\"ru-RU\",\"@id\":\"https:\\\/\\\/kohenavocats.com\\\/ru\\\/#\\\/schema\\\/logo\\\/image\\\/\",\"url\":\"https:\\\/\\\/kohenavocats.com\\\/wp-content\\\/uploads\\\/2026\\\/01\\\/Logo-2-1.webp\",\"contentUrl\":\"https:\\\/\\\/kohenavocats.com\\\/wp-content\\\/uploads\\\/2026\\\/01\\\/Logo-2-1.webp\",\"width\":2114,\"height\":1253,\"caption\":\"Kohen Avocats\"},\"image\":{\"@id\":\"https:\\\/\\\/kohenavocats.com\\\/ru\\\/#\\\/schema\\\/logo\\\/image\\\/\"}}]}<\/script>\n<!-- \/ Yoast SEO Premium plugin. -->","yoast_head_json":{"title":"ECLI:NL:GHAMS:2025:3288 Gerechtshof Amsterdam , 10-12-2025 \/ 200.342.866\/01OK - Ma\u00eetre Hassan Kohen, avocat en droit p\u00e9nal \u00e0 Paris","robots":{"index":"index","follow":"follow","max-snippet":"max-snippet:-1","max-image-preview":"max-image-preview:large","max-video-preview":"max-video-preview:-1"},"canonical":"https:\/\/kohenavocats.com\/ru\/jurisprudences\/eclinlghams20253288-gerechtshof-amsterdam-10-12-2025-200-342-866-01ok\/","og_locale":"ru_RU","og_type":"article","og_title":"ECLI:NL:GHAMS:2025:3288 Gerechtshof Amsterdam , 10-12-2025 \/ 200.342.866\/01OK","og_description":"Ondernemingskamer; be\u00ebindiging enqu\u00eateprocedure","og_url":"https:\/\/kohenavocats.com\/ru\/jurisprudences\/eclinlghams20253288-gerechtshof-amsterdam-10-12-2025-200-342-866-01ok\/","og_site_name":"Ma\u00eetre Hassan Kohen, avocat en droit p\u00e9nal \u00e0 Paris","twitter_card":"summary_large_image","twitter_misc":{"\u041f\u0440\u0438\u043c\u0435\u0440\u043d\u043e\u0435 \u0432\u0440\u0435\u043c\u044f \u0434\u043b\u044f \u0447\u0442\u0435\u043d\u0438\u044f":"5 \u043c\u0438\u043d\u0443\u0442"},"schema":{"@context":"https:\/\/schema.org","@graph":[{"@type":"WebPage","@id":"https:\/\/kohenavocats.com\/ru\/jurisprudences\/eclinlghams20253288-gerechtshof-amsterdam-10-12-2025-200-342-866-01ok\/","url":"https:\/\/kohenavocats.com\/ru\/jurisprudences\/eclinlghams20253288-gerechtshof-amsterdam-10-12-2025-200-342-866-01ok\/","name":"ECLI:NL:GHAMS:2025:3288 Gerechtshof Amsterdam , 10-12-2025 \/ 200.342.866\/01OK - Ma\u00eetre Hassan Kohen, avocat en droit p\u00e9nal \u00e0 Paris","isPartOf":{"@id":"https:\/\/kohenavocats.com\/ru\/#website"},"datePublished":"2026-04-15T20:18:01+00:00","breadcrumb":{"@id":"https:\/\/kohenavocats.com\/ru\/jurisprudences\/eclinlghams20253288-gerechtshof-amsterdam-10-12-2025-200-342-866-01ok\/#breadcrumb"},"inLanguage":"ru-RU","potentialAction":[{"@type":"ReadAction","target":["https:\/\/kohenavocats.com\/ru\/jurisprudences\/eclinlghams20253288-gerechtshof-amsterdam-10-12-2025-200-342-866-01ok\/"]}]},{"@type":"BreadcrumbList","@id":"https:\/\/kohenavocats.com\/ru\/jurisprudences\/eclinlghams20253288-gerechtshof-amsterdam-10-12-2025-200-342-866-01ok\/#breadcrumb","itemListElement":[{"@type":"ListItem","position":1,"name":"Home","item":"https:\/\/kohenavocats.com\/ru\/avocats-en-droit-penal-a-paris-conseil-et-defense-strategique\/"},{"@type":"ListItem","position":2,"name":"Jurisprudences","item":"https:\/\/kohenavocats.com\/ru\/jurisprudences\/"},{"@type":"ListItem","position":3,"name":"ECLI:NL:GHAMS:2025:3288 Gerechtshof Amsterdam , 10-12-2025 \/ 200.342.866\/01OK"}]},{"@type":"WebSite","@id":"https:\/\/kohenavocats.com\/ru\/#website","url":"https:\/\/kohenavocats.com\/ru\/","name":"Kohen Avocats","description":"Ma\u00eetre Hassan Kohen, avocat p\u00e9naliste \u00e0 Paris, intervient exclusivement en droit p\u00e9nal pour la d\u00e9fense des particuliers, notamment en mati\u00e8re d\u2019accusations de viol. Il assure un accompagnement rigoureux d\u00e8s la garde \u00e0 vue jusqu\u2019\u00e0 la Cour d\u2019assises, veillant au strict respect des garanties proc\u00e9durales.","publisher":{"@id":"https:\/\/kohenavocats.com\/ru\/#organization"},"potentialAction":[{"@type":"SearchAction","target":{"@type":"EntryPoint","urlTemplate":"https:\/\/kohenavocats.com\/ru\/?s={search_term_string}"},"query-input":{"@type":"PropertyValueSpecification","valueRequired":true,"valueName":"search_term_string"}}],"inLanguage":"ru-RU"},{"@type":"Organization","@id":"https:\/\/kohenavocats.com\/ru\/#organization","name":"Kohen Avocats","url":"https:\/\/kohenavocats.com\/ru\/","logo":{"@type":"ImageObject","inLanguage":"ru-RU","@id":"https:\/\/kohenavocats.com\/ru\/#\/schema\/logo\/image\/","url":"https:\/\/kohenavocats.com\/wp-content\/uploads\/2026\/01\/Logo-2-1.webp","contentUrl":"https:\/\/kohenavocats.com\/wp-content\/uploads\/2026\/01\/Logo-2-1.webp","width":2114,"height":1253,"caption":"Kohen Avocats"},"image":{"@id":"https:\/\/kohenavocats.com\/ru\/#\/schema\/logo\/image\/"}}]}},"jetpack_likes_enabled":false,"jetpack_sharing_enabled":true,"_links":{"self":[{"href":"https:\/\/kohenavocats.com\/ru\/wp-json\/wp\/v2\/kji_decision\/572036","targetHints":{"allow":["GET"]}}],"collection":[{"href":"https:\/\/kohenavocats.com\/ru\/wp-json\/wp\/v2\/kji_decision"}],"about":[{"href":"https:\/\/kohenavocats.com\/ru\/wp-json\/wp\/v2\/types\/kji_decision"}],"wp:attachment":[{"href":"https:\/\/kohenavocats.com\/ru\/wp-json\/wp\/v2\/media?parent=572036"}],"wp:term":[{"taxonomy":"kji_country","embeddable":true,"href":"https:\/\/kohenavocats.com\/ru\/wp-json\/wp\/v2\/kji_country?post=572036"},{"taxonomy":"kji_court","embeddable":true,"href":"https:\/\/kohenavocats.com\/ru\/wp-json\/wp\/v2\/kji_court?post=572036"},{"taxonomy":"kji_chamber","embeddable":true,"href":"https:\/\/kohenavocats.com\/ru\/wp-json\/wp\/v2\/kji_chamber?post=572036"},{"taxonomy":"kji_year","embeddable":true,"href":"https:\/\/kohenavocats.com\/ru\/wp-json\/wp\/v2\/kji_year?post=572036"},{"taxonomy":"kji_subject","embeddable":true,"href":"https:\/\/kohenavocats.com\/ru\/wp-json\/wp\/v2\/kji_subject?post=572036"},{"taxonomy":"kji_keyword","embeddable":true,"href":"https:\/\/kohenavocats.com\/ru\/wp-json\/wp\/v2\/kji_keyword?post=572036"},{"taxonomy":"kji_language","embeddable":true,"href":"https:\/\/kohenavocats.com\/ru\/wp-json\/wp\/v2\/kji_language?post=572036"}],"curies":[{"name":"wp","href":"https:\/\/api.w.org\/{rel}","templated":true}]}}