{"id":572070,"date":"2026-04-15T22:18:43","date_gmt":"2026-04-15T20:18:43","guid":{"rendered":"https:\/\/kohenavocats.com\/jurisprudences\/cour-superieure-de-justice-15-octobre-2025-n-2025-00112\/"},"modified":"2026-04-15T22:18:47","modified_gmt":"2026-04-15T20:18:47","slug":"cour-superieure-de-justice-15-octobre-2025-n-2025-00112","status":"publish","type":"kji_decision","link":"https:\/\/kohenavocats.com\/ru\/jurisprudences\/cour-superieure-de-justice-15-octobre-2025-n-2025-00112\/","title":{"rendered":"Cour sup\u00e9rieure de justice, 15 octobre 2025, n\u00b0 2025-00112"},"content":{"rendered":"<div class=\"kji-decision\">\n<div class=\"kji-full-text\">\n<p>Arr\u00eatN\u00b0134\/25\u2013II\u2013CIV(aff. fam.) Arr\u00eat civil Audience publiqueduquinzeoctobredeuxmillevingt-cinq Num\u00e9rosCAL-2025-00068 et CAL-2025-00112du r\u00f4le rendu par la deuxi\u00e8me chambre de la Cour d\u2019appel, si\u00e9geant en mati\u00e8re civile, dans la cause E n t r e : PERSONNE1.),actuellement sans domicile fixe, appelantaux termes de deuxrequ\u00eatesd\u2019appel d\u00e9pos\u00e9esau greffe de la Cour d\u2019appel les 22 janvier et 3 f\u00e9vrier 2025, repr\u00e9sent\u00e9 par Ma\u00eetreGeoffrey PARIS, avocat \u00e0 la Cour, demeurant \u00e0 Luxembourg, e t : PERSONNE2.),demeurant \u00e0L-ADRESSE1.), intim\u00e9eaux fins despr\u00e9ditesrequ\u00eatesd\u2019appel, d\u00e9faillante.<\/p>\n<p>2 L A C O U R D &#039; A P P E L : Par jugement du 20 d\u00e9cembre 2024, le juge aux affaires familiales pr\u00e8s le tribunal d\u2019arrondissement de Luxembourg a \u2022fix\u00e9la contribution \u00e0 l\u2019entretien et \u00e0 l\u2019\u00e9ducation des enfants communs mineurs PERSONNE3.), n\u00e9 leDATE1.), et PERSONNE4.), n\u00e9 leDATE2.), \u00e0 150EURpar enfant et par mois, \u00e0 compter de la date du d\u00e9p\u00f4t de la requ\u00eate, le 6 novembre 2024, \u2022condamn\u00e9PERSONNE1.)\u00e0 payer \u00e0PERSONNE2.), n\u00e9e PERSONNE5.),une contribution \u00e0 l\u2019entretien et \u00e0 l\u2019\u00e9ducation des enfants communs mineurs PERSONNE3.), et PERSONNE4.)de 150EURpar enfant par mois, allocations familiales non comprises, \u2022dit que cette contribution \u00e0 l\u2019entretien et \u00e0 l\u2019\u00e9ducation est payable et portable le premier de chaque mois etpour la premi\u00e8re fois le 6 novembre 2024 et qu\u2019elle est \u00e0 adapter de plein droit et sans mise en demeure pr\u00e9alable aux variations du nombre-indice du co\u00fbt de la vie, dans la mesure o\u00f9 les revenus du d\u00e9biteur d\u2019aliments y sont adapt\u00e9s, \u2022dit quePERSONNE1.)devra participer \u00e0 hauteur de 50% aux frais extraordinaires d\u00e9bours\u00e9s dans l\u2019int\u00e9r\u00eat des enfants communsPERSONNE3.)etPERSONNE4.), pr\u00e9qualifi\u00e9s, \u00e0 compter de la requ\u00eate du 6 novembre 2024, \u2022pr\u00e9cis\u00e9que constituent une d\u00e9pense extraordinaire d\u2019PERSONNE3.)et d\u2019PERSONNE4.): -les d\u00e9penses d\u2019ordre m\u00e9dical ou param\u00e9dical non rembours\u00e9s par la s\u00e9curit\u00e9 sociale ou par une assurance compl\u00e9mentaire, -les frais des voyages scolaires, -les autres frais en relation avec la scolarit\u00e9 outre les frais de papeterie, -les frais engendr\u00e9s par les activit\u00e9s extrascolaires actuellement pratiqu\u00e9es, -toute autre d\u00e9pense engag\u00e9e d\u2019un commun accord ou sur d\u00e9cision judiciaire,<\/p>\n<p>3 \u2022\u00e9tant encore pr\u00e9cis\u00e9 que la participation aux frais susmentionn\u00e9s est limit\u00e9e, sauf d\u00e9pensesindispensables et irr\u00e9ductibles ou encore circonstances tr\u00e8s exceptionnelles, aux frais engag\u00e9s d\u2019un commun accord des parties dans le respect des principes de la coparentalit\u00e9 et de l\u2019exercice conjoint de l\u2019autorit\u00e9 parentale et sur base des pi\u00e8ces justificatives \u00e0 fournir par le parent qui en demande la prise en charge ou le remboursement, \u2022pr\u00e9cis\u00e9que l\u2019affaire est r\u00e9appel\u00e9e \u00e0 une audience \u00e0 la demande de l\u2019une ou l\u2019autre des parties, \u2022r\u00e9serv\u00e9le surpluset \u2022constat\u00e9 que par application de l\u2019article 1007-58 du nouveau code de proc\u00e9dure civile, le pr\u00e9sent jugement est d\u2019application imm\u00e9diate. Dece jugement,PERSONNE1.)a relev\u00e9 appel pardeuxrequ\u00eates d\u00e9pos\u00e9esau greffe de la Cour d\u2019appel les 22 janvier et 3 f\u00e9vrier 2025. Par ordonnancedu29septembre2025, prise en application de l\u2019article 1007-10 du Nouveau Code de proc\u00e9dure civile, la Courd\u2019appel a d\u00e9l\u00e9gu\u00e9 la pr\u00e9sente affaire \u00e0 un conseiller unique. PERSONNE2.)n\u2019a constitu\u00e9 avocatdans aucune des deux affaires enr\u00f4l\u00e9es sous les num\u00e9rosCAL-2025-00068 et CAL-2025-00112. Les requ\u00eates d\u2019appels n\u2019ayant pas \u00e9t\u00e9 d\u00e9livr\u00e9es \u00e0 la personne d\u2019PERSONNE2.), il y a lieu, en application de l\u2019article 79, alin\u00e9a1, du Nouveau Code de proc\u00e9dure civile, de statuerpar d\u00e9faut\u00e0 son \u00e9gard. Dans l\u2019int\u00e9r\u00eat d\u2019une bonne administration de la justice, il y a,tout d\u2019abord,lieud\u2019ordonnerla jonction des deux proc\u00e9dures introduites suivant les requ\u00eates des 22 janvier et 3 f\u00e9vrier 2025. La partie appelante ne s\u2019estni pr\u00e9sent\u00e9e ni fait repr\u00e9senterune premi\u00e8re\u00e0 l\u2019audience du 23 avril 2025, date \u00e0 laquelle l\u2019affaire avait \u00e9t\u00e9 fix\u00e9eune premi\u00e8re foispour plaidoiries. Par courrier du 24 avril 2025, la Cour d\u2019appel a demand\u00e9 au mandataire dePERSONNE1.)de bien vouloir l\u2019informer quant aux suites \u00e0 r\u00e9server \u00e0 ses requ\u00eates d\u2019appel. A la demande de Ma\u00eetre Geoffrey PARIS du 26 avril 2025, les deux affaires ont \u00e9t\u00e9 fix\u00e9es \u00e0 l\u2019audience du 1 er octobre 2025 pour plaidoiries. La partie appelante ne s\u2019\u00e9tant \u00e0 nouveau ni pr\u00e9sent\u00e9e ni fait repr\u00e9senter \u00e0 l\u2019audience du 1 er octobre 2025, il y a lieu d\u2019ordonner la<\/p>\n<p>4 radiation des affaires enr\u00f4l\u00e9es sous les num\u00e9ros CAL-2025-00068 et CAL-2025-00112. P A R C E S M O T I F S la Cour d\u2019appel, deuxi\u00e8me chambre, si\u00e9geant en mati\u00e8re civile et en mati\u00e8re d\u2019appel d\u2019une d\u00e9cision du juge aux affaires familiales, statuant par d\u00e9faut \u00e0 l\u2019\u00e9gard d\u2019PERSONNE2.), vu l\u2019article 1007-10 du Nouveau Code de proc\u00e9dure civile, ordonne la radiationdes affaires enr\u00f4l\u00e9es sous lesnum\u00e9ros CAL- 2025-00068 et CAL-2025-00112, laisse les frais et d\u00e9pens de l\u2019instance d\u2019appel \u00e0 charge de la partie appelante. Ainsi fait, jug\u00e9 et prononc\u00e9 \u00e0 l\u2019audience publique o\u00f9 \u00e9taient pr\u00e9sentes: B\u00e9atrice KIEFFER, premier conseiller,pr\u00e9sident, Anne STIWER, greffierassum\u00e9.<\/p>\n<\/div>\n<hr class=\"kji-sep\" \/>\n<p class=\"kji-source-links\"><strong>Sources officielles :<\/strong> <a class=\"kji-source-link\" href=\"https:\/\/data.public.lu\/fr\/datasets\/cour-superieure-de-justice-chambre-2-civil\/\" target=\"_blank\" rel=\"noopener noreferrer\">consulter la page source<\/a> &middot; <a class=\"kji-pdf-link\" href=\"https:\/\/download.data.public.lu\/resources\/cour-superieure-de-justice-chambre-2-civil\/20251103-000048\/20251015-cach02-cal-2025-00112-cal-2025-00068-134-pseudonymise-accessible.pdf\" target=\"_blank\" rel=\"noopener noreferrer\">PDF officiel<\/a><\/p>\n<p class=\"kji-license-note\"><em>Licence CC BY-ND 4.0 (Administration judiciaire, data.public.lu). Republication autorisee avec attribution, sans modification editoriale du texte integral.<\/em><\/p>\n<\/div>\n","protected":false},"excerpt":{"rendered":"<p>Arr\u00eatN\u00b0134\/25\u2013II\u2013CIV(aff. fam.) Arr\u00eat civil Audience publiqueduquinzeoctobredeuxmillevingt-cinq Num\u00e9rosCAL-2025-00068 et CAL-2025-00112du r\u00f4le rendu par la deuxi\u00e8me chambre de la Cour d\u2019appel, si\u00e9geant en mati\u00e8re civile, dans la cause E n t r e : PERSONNE1.),actuellement sans domicile fixe, appelantaux termes de deuxrequ\u00eatesd\u2019appel d\u00e9pos\u00e9esau greffe de la Cour\u2026<\/p>\n","protected":false},"featured_media":0,"template":"","meta":{"_crdt_document":""},"kji_country":[8418],"kji_court":[12305],"kji_chamber":[15306],"kji_year":[8463],"kji_subject":[7724],"kji_keyword":[15314,15308,9055,8598,12307],"kji_language":[7733],"class_list":["post-572070","kji_decision","type-kji_decision","status-publish","hentry","kji_country-luxembourg","kji_court-cour-superieure-de-justice","kji_chamber-chambre-2-civil","kji_year-8463","kji_subject-civil","kji_keyword-arretn","kji_keyword-ii-civ","kji_keyword-justice","kji_keyword-octobre","kji_keyword-superieure","kji_language-francais"],"yoast_head":"<!-- This site is optimized with the Yoast SEO Premium plugin v27.4 (Yoast SEO v27.4) - https:\/\/yoast.com\/product\/yoast-seo-premium-wordpress\/ -->\n<title>Cour sup\u00e9rieure de justice, 15 octobre 2025, n\u00b0 2025-00112 - Ma\u00eetre Hassan Kohen, avocat en droit p\u00e9nal \u00e0 Paris<\/title>\n<meta name=\"robots\" content=\"index, follow, max-snippet:-1, max-image-preview:large, max-video-preview:-1\" \/>\n<link rel=\"canonical\" href=\"https:\/\/kohenavocats.com\/ru\/jurisprudences\/cour-superieure-de-justice-15-octobre-2025-n-2025-00112\/\" \/>\n<meta property=\"og:locale\" content=\"ru_RU\" \/>\n<meta property=\"og:type\" content=\"article\" \/>\n<meta property=\"og:title\" content=\"Cour sup\u00e9rieure de justice, 15 octobre 2025, n\u00b0 2025-00112\" \/>\n<meta property=\"og:description\" content=\"Arr\u00eatN\u00b0134\/25\u2013II\u2013CIV(aff. fam.) Arr\u00eat civil Audience publiqueduquinzeoctobredeuxmillevingt-cinq Num\u00e9rosCAL-2025-00068 et CAL-2025-00112du r\u00f4le rendu par la deuxi\u00e8me chambre de la Cour d\u2019appel, si\u00e9geant en mati\u00e8re civile, dans la cause E n t r e : PERSONNE1.),actuellement sans domicile fixe, appelantaux termes de deuxrequ\u00eatesd\u2019appel d\u00e9pos\u00e9esau greffe de la Cour\u2026\" \/>\n<meta property=\"og:url\" content=\"https:\/\/kohenavocats.com\/ru\/jurisprudences\/cour-superieure-de-justice-15-octobre-2025-n-2025-00112\/\" \/>\n<meta property=\"og:site_name\" content=\"Ma\u00eetre Hassan Kohen, avocat en droit p\u00e9nal \u00e0 Paris\" \/>\n<meta property=\"article:modified_time\" content=\"2026-04-15T20:18:47+00:00\" \/>\n<meta name=\"twitter:card\" content=\"summary_large_image\" \/>\n<meta name=\"twitter:label1\" content=\"\u041f\u0440\u0438\u043c\u0435\u0440\u043d\u043e\u0435 \u0432\u0440\u0435\u043c\u044f \u0434\u043b\u044f \u0447\u0442\u0435\u043d\u0438\u044f\" \/>\n\t<meta name=\"twitter:data1\" content=\"5 \u043c\u0438\u043d\u0443\u0442\" \/>\n<script type=\"application\/ld+json\" class=\"yoast-schema-graph\">{\"@context\":\"https:\\\/\\\/schema.org\",\"@graph\":[{\"@type\":\"WebPage\",\"@id\":\"https:\\\/\\\/kohenavocats.com\\\/ru\\\/jurisprudences\\\/cour-superieure-de-justice-15-octobre-2025-n-2025-00112\\\/\",\"url\":\"https:\\\/\\\/kohenavocats.com\\\/ru\\\/jurisprudences\\\/cour-superieure-de-justice-15-octobre-2025-n-2025-00112\\\/\",\"name\":\"Cour sup\u00e9rieure de justice, 15 octobre 2025, n\u00b0 2025-00112 - Ma\u00eetre Hassan Kohen, avocat en droit p\u00e9nal \u00e0 Paris\",\"isPartOf\":{\"@id\":\"https:\\\/\\\/kohenavocats.com\\\/ru\\\/#website\"},\"datePublished\":\"2026-04-15T20:18:43+00:00\",\"dateModified\":\"2026-04-15T20:18:47+00:00\",\"breadcrumb\":{\"@id\":\"https:\\\/\\\/kohenavocats.com\\\/ru\\\/jurisprudences\\\/cour-superieure-de-justice-15-octobre-2025-n-2025-00112\\\/#breadcrumb\"},\"inLanguage\":\"ru-RU\",\"potentialAction\":[{\"@type\":\"ReadAction\",\"target\":[\"https:\\\/\\\/kohenavocats.com\\\/ru\\\/jurisprudences\\\/cour-superieure-de-justice-15-octobre-2025-n-2025-00112\\\/\"]}]},{\"@type\":\"BreadcrumbList\",\"@id\":\"https:\\\/\\\/kohenavocats.com\\\/ru\\\/jurisprudences\\\/cour-superieure-de-justice-15-octobre-2025-n-2025-00112\\\/#breadcrumb\",\"itemListElement\":[{\"@type\":\"ListItem\",\"position\":1,\"name\":\"Home\",\"item\":\"https:\\\/\\\/kohenavocats.com\\\/ru\\\/avocats-en-droit-penal-a-paris-conseil-et-defense-strategique\\\/\"},{\"@type\":\"ListItem\",\"position\":2,\"name\":\"Jurisprudences\",\"item\":\"https:\\\/\\\/kohenavocats.com\\\/ru\\\/jurisprudences\\\/\"},{\"@type\":\"ListItem\",\"position\":3,\"name\":\"Cour sup\u00e9rieure de justice, 15 octobre 2025, n\u00b0 2025-00112\"}]},{\"@type\":\"WebSite\",\"@id\":\"https:\\\/\\\/kohenavocats.com\\\/ru\\\/#website\",\"url\":\"https:\\\/\\\/kohenavocats.com\\\/ru\\\/\",\"name\":\"Kohen Avocats\",\"description\":\"Ma\u00eetre Hassan Kohen, avocat p\u00e9naliste \u00e0 Paris, intervient exclusivement en droit p\u00e9nal pour la d\u00e9fense des particuliers, notamment en mati\u00e8re d\u2019accusations de viol. Il assure un accompagnement rigoureux d\u00e8s la garde \u00e0 vue jusqu\u2019\u00e0 la Cour d\u2019assises, veillant au strict respect des garanties proc\u00e9durales.\",\"publisher\":{\"@id\":\"https:\\\/\\\/kohenavocats.com\\\/ru\\\/#organization\"},\"potentialAction\":[{\"@type\":\"SearchAction\",\"target\":{\"@type\":\"EntryPoint\",\"urlTemplate\":\"https:\\\/\\\/kohenavocats.com\\\/ru\\\/?s={search_term_string}\"},\"query-input\":{\"@type\":\"PropertyValueSpecification\",\"valueRequired\":true,\"valueName\":\"search_term_string\"}}],\"inLanguage\":\"ru-RU\"},{\"@type\":\"Organization\",\"@id\":\"https:\\\/\\\/kohenavocats.com\\\/ru\\\/#organization\",\"name\":\"Kohen Avocats\",\"url\":\"https:\\\/\\\/kohenavocats.com\\\/ru\\\/\",\"logo\":{\"@type\":\"ImageObject\",\"inLanguage\":\"ru-RU\",\"@id\":\"https:\\\/\\\/kohenavocats.com\\\/ru\\\/#\\\/schema\\\/logo\\\/image\\\/\",\"url\":\"https:\\\/\\\/kohenavocats.com\\\/wp-content\\\/uploads\\\/2026\\\/01\\\/Logo-2-1.webp\",\"contentUrl\":\"https:\\\/\\\/kohenavocats.com\\\/wp-content\\\/uploads\\\/2026\\\/01\\\/Logo-2-1.webp\",\"width\":2114,\"height\":1253,\"caption\":\"Kohen Avocats\"},\"image\":{\"@id\":\"https:\\\/\\\/kohenavocats.com\\\/ru\\\/#\\\/schema\\\/logo\\\/image\\\/\"}}]}<\/script>\n<!-- \/ Yoast SEO Premium plugin. -->","yoast_head_json":{"title":"Cour sup\u00e9rieure de justice, 15 octobre 2025, n\u00b0 2025-00112 - Ma\u00eetre Hassan Kohen, avocat en droit p\u00e9nal \u00e0 Paris","robots":{"index":"index","follow":"follow","max-snippet":"max-snippet:-1","max-image-preview":"max-image-preview:large","max-video-preview":"max-video-preview:-1"},"canonical":"https:\/\/kohenavocats.com\/ru\/jurisprudences\/cour-superieure-de-justice-15-octobre-2025-n-2025-00112\/","og_locale":"ru_RU","og_type":"article","og_title":"Cour sup\u00e9rieure de justice, 15 octobre 2025, n\u00b0 2025-00112","og_description":"Arr\u00eatN\u00b0134\/25\u2013II\u2013CIV(aff. fam.) Arr\u00eat civil Audience publiqueduquinzeoctobredeuxmillevingt-cinq Num\u00e9rosCAL-2025-00068 et CAL-2025-00112du r\u00f4le rendu par la deuxi\u00e8me chambre de la Cour d\u2019appel, si\u00e9geant en mati\u00e8re civile, dans la cause E n t r e : PERSONNE1.),actuellement sans domicile fixe, appelantaux termes de deuxrequ\u00eatesd\u2019appel d\u00e9pos\u00e9esau greffe de la Cour\u2026","og_url":"https:\/\/kohenavocats.com\/ru\/jurisprudences\/cour-superieure-de-justice-15-octobre-2025-n-2025-00112\/","og_site_name":"Ma\u00eetre Hassan Kohen, avocat en droit p\u00e9nal \u00e0 Paris","article_modified_time":"2026-04-15T20:18:47+00:00","twitter_card":"summary_large_image","twitter_misc":{"\u041f\u0440\u0438\u043c\u0435\u0440\u043d\u043e\u0435 \u0432\u0440\u0435\u043c\u044f \u0434\u043b\u044f \u0447\u0442\u0435\u043d\u0438\u044f":"5 \u043c\u0438\u043d\u0443\u0442"},"schema":{"@context":"https:\/\/schema.org","@graph":[{"@type":"WebPage","@id":"https:\/\/kohenavocats.com\/ru\/jurisprudences\/cour-superieure-de-justice-15-octobre-2025-n-2025-00112\/","url":"https:\/\/kohenavocats.com\/ru\/jurisprudences\/cour-superieure-de-justice-15-octobre-2025-n-2025-00112\/","name":"Cour sup\u00e9rieure de justice, 15 octobre 2025, n\u00b0 2025-00112 - Ma\u00eetre Hassan Kohen, avocat en droit p\u00e9nal \u00e0 Paris","isPartOf":{"@id":"https:\/\/kohenavocats.com\/ru\/#website"},"datePublished":"2026-04-15T20:18:43+00:00","dateModified":"2026-04-15T20:18:47+00:00","breadcrumb":{"@id":"https:\/\/kohenavocats.com\/ru\/jurisprudences\/cour-superieure-de-justice-15-octobre-2025-n-2025-00112\/#breadcrumb"},"inLanguage":"ru-RU","potentialAction":[{"@type":"ReadAction","target":["https:\/\/kohenavocats.com\/ru\/jurisprudences\/cour-superieure-de-justice-15-octobre-2025-n-2025-00112\/"]}]},{"@type":"BreadcrumbList","@id":"https:\/\/kohenavocats.com\/ru\/jurisprudences\/cour-superieure-de-justice-15-octobre-2025-n-2025-00112\/#breadcrumb","itemListElement":[{"@type":"ListItem","position":1,"name":"Home","item":"https:\/\/kohenavocats.com\/ru\/avocats-en-droit-penal-a-paris-conseil-et-defense-strategique\/"},{"@type":"ListItem","position":2,"name":"Jurisprudences","item":"https:\/\/kohenavocats.com\/ru\/jurisprudences\/"},{"@type":"ListItem","position":3,"name":"Cour sup\u00e9rieure de justice, 15 octobre 2025, n\u00b0 2025-00112"}]},{"@type":"WebSite","@id":"https:\/\/kohenavocats.com\/ru\/#website","url":"https:\/\/kohenavocats.com\/ru\/","name":"Kohen Avocats","description":"Ma\u00eetre Hassan Kohen, avocat p\u00e9naliste \u00e0 Paris, intervient exclusivement en droit p\u00e9nal pour la d\u00e9fense des particuliers, notamment en mati\u00e8re d\u2019accusations de viol. Il assure un accompagnement rigoureux d\u00e8s la garde \u00e0 vue jusqu\u2019\u00e0 la Cour d\u2019assises, veillant au strict respect des garanties proc\u00e9durales.","publisher":{"@id":"https:\/\/kohenavocats.com\/ru\/#organization"},"potentialAction":[{"@type":"SearchAction","target":{"@type":"EntryPoint","urlTemplate":"https:\/\/kohenavocats.com\/ru\/?s={search_term_string}"},"query-input":{"@type":"PropertyValueSpecification","valueRequired":true,"valueName":"search_term_string"}}],"inLanguage":"ru-RU"},{"@type":"Organization","@id":"https:\/\/kohenavocats.com\/ru\/#organization","name":"Kohen Avocats","url":"https:\/\/kohenavocats.com\/ru\/","logo":{"@type":"ImageObject","inLanguage":"ru-RU","@id":"https:\/\/kohenavocats.com\/ru\/#\/schema\/logo\/image\/","url":"https:\/\/kohenavocats.com\/wp-content\/uploads\/2026\/01\/Logo-2-1.webp","contentUrl":"https:\/\/kohenavocats.com\/wp-content\/uploads\/2026\/01\/Logo-2-1.webp","width":2114,"height":1253,"caption":"Kohen Avocats"},"image":{"@id":"https:\/\/kohenavocats.com\/ru\/#\/schema\/logo\/image\/"}}]}},"jetpack_likes_enabled":false,"jetpack_sharing_enabled":true,"_links":{"self":[{"href":"https:\/\/kohenavocats.com\/ru\/wp-json\/wp\/v2\/kji_decision\/572070","targetHints":{"allow":["GET"]}}],"collection":[{"href":"https:\/\/kohenavocats.com\/ru\/wp-json\/wp\/v2\/kji_decision"}],"about":[{"href":"https:\/\/kohenavocats.com\/ru\/wp-json\/wp\/v2\/types\/kji_decision"}],"wp:attachment":[{"href":"https:\/\/kohenavocats.com\/ru\/wp-json\/wp\/v2\/media?parent=572070"}],"wp:term":[{"taxonomy":"kji_country","embeddable":true,"href":"https:\/\/kohenavocats.com\/ru\/wp-json\/wp\/v2\/kji_country?post=572070"},{"taxonomy":"kji_court","embeddable":true,"href":"https:\/\/kohenavocats.com\/ru\/wp-json\/wp\/v2\/kji_court?post=572070"},{"taxonomy":"kji_chamber","embeddable":true,"href":"https:\/\/kohenavocats.com\/ru\/wp-json\/wp\/v2\/kji_chamber?post=572070"},{"taxonomy":"kji_year","embeddable":true,"href":"https:\/\/kohenavocats.com\/ru\/wp-json\/wp\/v2\/kji_year?post=572070"},{"taxonomy":"kji_subject","embeddable":true,"href":"https:\/\/kohenavocats.com\/ru\/wp-json\/wp\/v2\/kji_subject?post=572070"},{"taxonomy":"kji_keyword","embeddable":true,"href":"https:\/\/kohenavocats.com\/ru\/wp-json\/wp\/v2\/kji_keyword?post=572070"},{"taxonomy":"kji_language","embeddable":true,"href":"https:\/\/kohenavocats.com\/ru\/wp-json\/wp\/v2\/kji_language?post=572070"}],"curies":[{"name":"wp","href":"https:\/\/api.w.org\/{rel}","templated":true}]}}