{"id":573172,"date":"2026-04-15T23:33:21","date_gmt":"2026-04-15T21:33:21","guid":{"rendered":"https:\/\/kohenavocats.com\/jurisprudences\/eclinlcrvb20251382-centrale-raad-van-beroep-11-09-2025-23-2323-wlz\/"},"modified":"2026-04-15T23:33:21","modified_gmt":"2026-04-15T21:33:21","slug":"eclinlcrvb20251382-centrale-raad-van-beroep-11-09-2025-23-2323-wlz","status":"publish","type":"kji_decision","link":"https:\/\/kohenavocats.com\/ru\/jurisprudences\/eclinlcrvb20251382-centrale-raad-van-beroep-11-09-2025-23-2323-wlz\/","title":{"rendered":"ECLI:NL:CRVB:2025:1382 Centrale Raad van Beroep , 11-09-2025 \/ 23\/2323 Wlz"},"content":{"rendered":"<div class=\"kji-decision\">\n<div class=\"kji-full-text\">\n<p><strong>Inhoudsindicatie.<\/strong> Appellant vordert vergoeding van de schade die hij geleden heeft als gevolg van een onjuiste mededeling van de Svb over verzekering voor de Wlz en Zvw. De Svb bleek de door deze mededeling gewekte verwachtingen geen gestand te kunnen doen omdat dwingende bepalingen van EG-Verordening 883\/2004 daaraan in de weg staan. Voor zover de door appellant gevorderde schade al dispositieschade betreft, heeft appellant deze onvoldoende onderbouwd.<\/p>\n<p>23\/2323 Wlz<\/p>\n<p>Datum uitspraak: 11 september 2025<\/p>\n<p>Centrale Raad van Beroep<\/p>\n<p>Meervoudige kamer<\/p>\n<p>Uitspraak op het hoger beroep tegen de uitspraak van de rechtbank Noord-Holland van 4 juli 2023, 21\/3043 (aangevallen uitspraak)<\/p>\n<p>Partijen:<\/p>\n<p>[appellant] te [woonplaats] (appellant)<\/p>\n<p>de Raad van bestuur van de Sociale verzekeringsbank (Svb)<\/p>\n<p>SAMENVATTING<\/p>\n<p>Appellant vordert vergoeding van de schade die hij geleden heeft als gevolg van een onjuiste mededeling van de Svb over verzekering voor de Wlz en Zvw. De Svb bleek de door deze mededeling gewekte verwachtingen geen gestand te kunnen doen omdat dwingende bepalingen van EG-Verordening 883\/2004 daaraan in de weg staan. Voor zover de door appellant gevorderde schade al dispositieschade betreft, heeft appellant deze onvoldoende onderbouwd.<\/p>\n<h3>PROCESVERLOOP<\/h3>\n<p>Namens appellant heeft mr. G.C. Blom, advocaat, hoger beroep ingesteld. De Svb heeft een verweerschrift ingediend. Appellant heeft nadere stukken aan de Raad toegestuurd. De Svb heeft hierop gereageerd.<\/p>\n<p>Het onderzoek ter zitting heeft plaatsgevonden op 8 mei 2025. Appellant is verschenen, bijgestaan door mr. Blom. Het Svb heeft zich laten vertegenwoordigen door mr. G.E. Eind en R.W. Nicolaas.<\/p>\n<h3>OVERWEGINGEN<\/h3>\n<h3>Inleiding<\/h3>\n<p>1. Bij de beoordeling van het hoger beroep zijn de volgende feiten en omstandigheden van belang.<\/p>\n<p>Appellant heeft de Portugese nationaliteit en ontvangt van de Zwitserse socialezekerheidsinstantie een invaliditeitspensioen. De partner van appellant heeft op 25 januari 2019 telefonisch en schriftelijk navraag gedaan bij de Svb of appellant onder de Wlz verzekerd zou zijn als hij zich vanuit Zwitserland bij haar in Nederland zou vestigen. De Svb heeft haar zowel telefonisch als schriftelijk bevestigd dat dit het geval zou zijn. De Svb schreef bij brief van 29 januari 2019 aan de vriendin van appellant: \u201cIndien uw Portugese vriend vanuit Zwitserland met een Zwitserse invaliditeitspensioen bij u in Nederland komt wonen zal hij verzekerd geraken voor de Wlz. Het pensioen wat hij ontvangt vanuit Zwitserland wordt op grond van artikel 11, lid 2, van de EGVO 883\/2004 niet gelijkgesteld met werkzaamheden in loondienst. Op het moment dat hij naar Nederland komt en de intentie heeft om zich hier in Nederland te vestigen en met u gaat samenwonen, dan zal hij naar de omstandigheden beoordeeld woonachtig zijn in Nederland en verzekerd zijn voor de Wlz. Zijn centrum van belangen zal dan in Nederland liggen. Hierdoor zal hij een zorgverzekering in Nederland kunnen afsluiten.\u201d<\/p>\n<p>Nadat appellant zich op 6 mei 2019 in Nederland had gevestigd bleek het voor hem niet mogelijk om vrijstelling te krijgen van de verplichte Zwitserse ziektekostenverzekering. Bij besluit van 8 november 2019 heeft de Svb aan appellant medegedeeld dat hij niet is verzekerd krachtens de Wlz, omdat hij krachtens de Overeenkomst EG\/Zwitserland, in samenhang met artikel 25 van Vo. 883\/2004, in Nederland recht heeft op verstrekkingen die worden verleend ten laste van een ander land.<\/p>\n<p>Appellant heeft bezwaar gemaakt tegen dit besluit en een verzoek tot schadevergoeding ingediend bij verweerder, ten bedrage van \u20ac 196.799,-. In een besluit van 14 maart 2020 heeft de Svb het bezwaar van appellant tegen het besluit van 8 november 2019 ongegrond verklaard. De Svb heeft daarnaast aangegeven separaat te zullen beslissen op het verzoek om schadevergoeding. Appellant heeft beroep ingesteld tegen het besluit van 14 maart 2020 en heeft daarbij een beroep op het vertrouwensbeginsel gedaan. Ook heeft hij bij de rechtbank een verzoek tot schadevergoeding ingediend op grond van artikel 8:88 van de Awb.<\/p>\n<p>Bij uitspraak van 10 maart 2021 heeft de rechtbank het besluit van 14 maart 2020 vernietigd en de Svb opgedragen een nieuw besluit te nemen. Daartoe heeft de rechtbank overwogen dat de Svb heeft erkend dat door de schriftelijke toezegging aan de partner van appellant vertrouwen en gerechtvaardigde verwachtingen zijn gewekt dat appellant, als hij bij zijn partner in Nederland zou komen wonen, in Nederland verzekerd zou zijn voor de Wlz en dat die toezegging aan de Svb kan worden toegerekend. De rechtbank heeft ook overwogen dat tussen partijen verder niet in geschil is dat het algemeen belang, gelegen in een juiste toepassing van dwingend recht, zich verzet tegen honorering van die toezegging, zodat voor de Svb de verplichting is ontstaan om in het kader van deze besluitvorming te beoordelen of en, zo ja, in hoeverre aan eiser enige vorm van compensatie moet worden geboden voor het handelen in strijd met het vertrouwensbeginsel. Onder verwijzing naar de uitspraak van de ABRvS van 29 mei 2019, heeft de rechtbank geconcludeerd dat de toekenning van schadevergoeding in dit geval bij het besluit van 14 maart 2019 had moeten plaatsvinden, als onzelfstandig schadebesluit. In deze uitspraak van de ABRvS is overwogen dat indien zwaarder wegende belangen in de weg staan aan honorering van het gewekte vertrouwen, voor het bestuursorgaan de verplichting kan ontstaan om de schade die er zonder het vertrouwen niet geweest zou zijn te vergoeden als onderdeel van diezelfde besluitvorming. Volgens de rechtbank stond het de Svb niet vrij om deze beoordeling vooruit te schuiven naar een separaat besluit.<\/p>\n<p>De Svb heeft op 11 juni 2021 een nieuw besluit op bezwaar genomen (bestreden besluit). Daarin heeft hij de bezwaren tegen de uitsluiting van de verzekeringsplicht op grond van de Wlz ongegrond verklaard. Het verzoek om schadevergoeding is daarbij afgewezen omdat geen sprake is geweest van een onrechtmatig besluit. Hierbij heeft de Svb overwogen dat er geen ruimte is voor vergoeding van de gestelde schade omdat bij de vaststelling van de verzekeringsplicht geen sprake is van een discretionair besluit maar van een besluit gebaseerd op een gebonden bevoegdheid. Als wel sprake zou zijn van een discretionaire bevoegdheid zou ook geen schadevergoeding worden toegekend omdat niet voldaan is aan het dispositievereiste. Aan appellant wordt uit coulance-overwegingen een bedrag betaald van \u20ac 7.000,- voor de extra kosten van een aanvullende verzekering.<\/p>\n<p>Appellant heeft tegen dit besluit beroep ingesteld en daarbij wederom een verzoek tot schadevergoeding op grond van artikel 8:88 van de Awb ingediend.<\/p>\n<p>De uitspraak van de rechtbank<\/p>\n<p>2. De rechtbank heeft het beroep van appellant ongegrond verklaard. De rechtbank heeft voorop gesteld dat het in deze procedure niet gaat om een verzoek tot schadevergoeding op grond van artikel 8:88 van de Awb, maar om een onzelfstandig schadebesluit. Verder heeft de rechtbank overwogen dat als geen bewegingsruimte bestaat, zoals bij gebonden beschikkingen, als alternatief voor nakoming van de gewekte verwachting de dispositieschade van de vertrouwende partij moet worden vergoed door het ten onrechte vertrouwen wekkende, en dus onrechtmatig vertrouwen schendende, bestuur. Dat sprake is van schending van het vertrouwensbeginsel is vastgesteld bij de onherroepelijk geworden uitspraak van 10 maart 2021. Wat betreft de materi\u00eble en immateri\u00eble schade die appellant stelt te hebben geleden en in de toekomst zal lijden door de schending van het vertrouwensbeginsel, heeft de rechtbank onder meer het volgende overwogen. Voor zover aannemelijk wordt geacht dat een causaal verband bestaat tussen de gebeurtenis waarop de aansprakelijkheid berust en de premiebetalingen aan de Zwitserse zorgverzekeraar, ontbreekt een met stukken onderbouwd overzicht \u2013 zoals bijvoorbeeld bankafschriften, betaalspecificaties of facturen waaruit de betaling van de premies volgt \u2013 van de reeds geleden schade, maar ook van de toekomstige schade. Ook de gestelde vermogensschade, bestaande uit kosten voor banktransfers, telefoneren en post, is onvoldoende met stukken onderbouwd. Met betrekking tot het gestelde dubbele eigen risico bestaat onvoldoende causaal verband tussen de gestelde schade en de onrechtmatige toezegging. De gestelde schade door het verschil in premie tussen de Nederlandse en Zwitserse zorgverzekering tot de AOW-gerechtigde leeftijd in 2041 is onvoldoende onderbouwd. Ook voor vergoeding van geleden immateri\u00eble schade ziet de rechtbank geen aanleiding.<\/p>\n<p>Het hoger beroep van appellant<\/p>\n<p>Appellant is het niet eens met de uitspraak van de rechtbank voor zover hem in die uitspraak geen vergoeding is toegekend voor de schade die hij lijdt als gevolg van de schending van het vertrouwensbeginsel. Appellant heeft in hoger beroep ter onderbouwing van de gestelde materi\u00eble en immateri\u00eble schade een brief van 28 maart 2025 van een klinisch psychologe\/psychotherapeute overgelegd waarin zij aangeeft dat de kwestie die in dit geding speelt bij appellant een grote verslechtering van zijn (psychische) gezondheid heeft veroorzaakt. Ook is een rapport van actuarieel adviesbureau Confident B.V. overgelegd waarin is berekend dat de totale schade die appellant lijdt als gevolg van het feit dat appellant in Zwitserland verzekerd dient te blijven tot zijn ouderdomspensioen-leeftijd, \u20ac 139.126,- bedraagt. Dit bedrag is opgebouwd uit het verschil in premie voor de ziektekostenverzekering in Zwitserland ten opzichte van premie voor de ziektekostenverzekering in Nederland, het verschil in de hoogte van de eigen bijdrage in beide landen en extra bank- en overschrijvingskosten. Met daarbij opgeteld een bedrag voor psychische schade van \u20ac 10.000,- en een bedrag voor fysieke schade van \u20ac 10.000,- komt de totale schade volgens dit rapport uit op \u20ac 159.126,-. Desgevraagd heeft appellant zijn stelling onderbouwd dat hij niet naar Zwitserland kon en kan terugkeren. Volgens appellant voldoet hij vanaf drie maanden na zijn vertrek uit Zwitserland en het daaruit voortvloeiende verlies van zijn verblijfsstatus niet meer aan de voorwaarden om een verblijfsvergunning C te krijgen. Daarnaast zijn er allerhande praktische redenen die in de weg staan aan een terugkeer naar Zwitserland, zoals het niet meer hebben van woonruimte aldaar.<\/p>\n<p>Het standpunt van de Svb<\/p>\n<p>De Svb heeft verzocht om bevestiging van de aangevallen uitspraak en heeft er in dat verband op gewezen dat in de immigratiewetgeving van Zwitserland geen bevestiging kan worden gevonden voor de stelling van appellant dat hij door zijn vertrek uit Zwitserland niet meer zou voldoen aan de voorwaarden om aldaar een verblijfsvergunning C te krijgen of recht te hebben op de voorzieningen en privileges die hij genoot voorafgaand aan zijn vertrek. Over de gevorderde schadevergoeding heeft de Svb het standpunt ingenomen dat voor een belangrijk deel geen sprake is van dispositieschade en dat appellant niet heeft voldaan aan de op hem rustende verplichting om al het mogelijke te doen om de schade te beperken. Ook is volgens de Svb ten onrechte geen rekening gehouden met besparingen van appellant wegens het niet hoeven betalen van Wlz-premie en op het gebied van woonlasten.<\/p>\n<h3>Het oordeel van de Raad<\/h3>\n<p>4. De Raad beoordeelt aan de hand van de argumentatie van partijen of de rechtbank terecht het beroep ongegrond heeft verklaard. De Raad komt tot het oordeel dat het hoger beroep niet slaagt. De wettelijke regels die voor de beoordeling van het hoger beroep van belang zijn, zijn te vinden in de bijlage bij deze uitspraak.<\/p>\n<p>Appellant ontvangt een invaliditeitsuitkering uit Zwitserland en woont in Nederland. Op grond van artikel 25 van Vo. 883\/2004 heeft appellant als zogenoemde verdragsgerechtigde recht op zorg in Nederland ten laste van Zwitserland. Dat is tussen partijen ook niet in geschil.<\/p>\n<p>Door de rechtbankuitspraak van 10 maart 2021 staat in rechte vast dat appellant, gelet op de brief van 29 januari 2019, de gerechtvaardigde verwachting mocht hebben dat hij bij vestiging van zijn woonplaats in Nederland verzekerd zou zijn voor de Wlz en daardoor ook verzekeringsplichtig voor de Zorgverzekeringswet. Hieruit mocht appellant afleiden dat hij in Zwitserland geen bijdragen meer verschuldigd zou zijn voor een wettelijke verzekering inzake verstrekkingen bij ziekte en langdurige zorg.<\/p>\n<p>Honoreren verwachtingen in dit geval niet mogelijk<\/p>\n<p>Dat sprake is van gerechtvaardigde verwachtingen betekent niet dat daaraan altijd moet worden voldaan. Zwaarder wegende belangen, zoals het algemeen belang of het belang van derden, kunnen daaraan bijvoorbeeld in de weg staan.<\/p>\n<p>In dit geval wordt aan een belangenafweging niet toegekomen. De Svb kan de verwachting namelijk niet honoreren, omdat dan sprake zou zijn van schending van duidelijke dwingende bepalingen uit het Unierecht. Volgens vaste rechtspraak van de Raad, gebaseerd op de rechtspraak van het HvJ EU, kan een met het Unierecht strijdige gedraging van een met de toepassing ervan belaste nationale instantie bij een betrokkene niet het gewettigde vertrouwen wekken dat hij een behandeling kan genieten die in strijd is met het Unierecht. De Svb is dus niet bevoegd de verzekeringspositie van appellant anders vast te stellen dan uit het Unierecht voortvloeit.<\/p>\n<p>Het Unierecht verzet zich echter \u2013 in beginsel en onder voorwaarden \u2013 niet tegen vergoeding van de schade die het gevolg is van een onjuiste uitlegging van een duidelijke Unierechtelijke bepaling door een nationale instantie als de schade en de schadevordering zijn grondslag vindt in het nationale recht.<\/p>\n<p>De rechtbank heeft terecht overwogen dat, als zwaarder wegende belangen in de weg staan aan honorering van gewekt vertrouwen, voor het bestuursorgaan de verplichting kan ontstaan om de geleden schade te vergoeden als onderdeel van de besluitvorming. Die regel geldt ook in een geval als dit, waarin geen sprake is van een belangenafweging, maar het Unierecht in de weg staat aan honorering van het gewekte vertrouwen. De schade die in zo\u2019n geval voor vergoeding in aanmerking komt, is de dispositieschade. Dat is de schade die een betrokkene lijdt doordat deze naar aanleiding van het gerechtvaardigd vertrouwen handelingen heeft verricht dan wel nagelaten, die hij zonder dat gewekte vertrouwen niet of anders zou hebben verricht dan wel nagelaten. Of sprake is van dispositieschade kan worden bepaald aan de hand van een vergelijking tussen de feitelijke situatie waarin het vertrouwen is geschonden en de hypothetische situatie waarin geen vertrouwen zou zijn gewekt.<\/p>\n<p>Voor de verdere vaststelling van de schade lenen de regels van afdeling 6.1.10 BW zich voor overeenkomstige toepassing, voor zover de aard en inhoud van het bestuursrecht zich daartegen niet verzet. Uit deze regels vloeit onder meer voort dat voor vergoeding slechts schade in aanmerking komt die in zodanig verband staat met de gebeurtenis waarop de aansprakelijkheid van de schuldenaar berust, dat zij hem, mede gezien de aard van de aansprakelijkheid en van de schade, als een gevolg van deze gebeurtenis kan worden toegerekend. Vertaald naar de situatie van deze zaak betekent dit dat er een causaal verband tussen het gewekte vertrouwen en de schade moet zijn in die zin dat (i) het vertrouwen bepalend is geweest voor het gedrag van betrokkene, (ii) dit gedrag de schade heeft veroorzaakt en (iii) dit gedrag en de schade achterwege zouden zijn gebleven indien het vertrouwen niet was gewekt. Tot de regels van de genoemde afdeling uit het BW behoort ook de plicht van de benadeelde om de schade te beperken.<\/p>\n<p>Materi\u00eble dispositieschade onvoldoende onderbouwd<\/p>\n<p>De door appellant ingediende schadeclaim betreft niet alleen dispositieschade. Voor zover het wel om dispositieschade gaat, acht de Raad die schade onvoldoende onderbouwd. In dit verband overweegt de Raad als volgt.<\/p>\n<p>Appellant heeft verklaard dat hij bij een juiste verstrekking van informatie over zijn verzekering voor de Wlz, niet de keuze zou hebben gemaakt om zich in Nederland te vestigen. Daarvan uitgaande moet een vergelijking worden gemaakt tussen de financi\u00eble situatie van appellant als hij in Zwitserland was blijven wonen en zijn situatie na verhuizing naar Nederland.<\/p>\n<p>Appellant heeft ook in hoger beroep geen facturen en betaalbewijzen overgelegd van daadwerkelijk door hem gemaakte extra kosten als gevolg van de verhuizing naar Nederland, die hij niet zou hebben gemaakt als hij in Zwitserland was blijven wonen.<\/p>\n<p>De door appellant overgelegde actuari\u00eble schadeberekening heeft betrekking op de te lijden schade van 1 januari 2025 tot zijn pensioenleeftijd. De geclaimde schade bestaat grotendeels uit kosten die samenhangen met de hoge verzekeringspremie voor de Zwitserse ziektekostenverzekering van appellant. Appellant heeft bij de rechtbank erkend dat hij, als hij in Zwitserland was blijven wonen, ook een hoge premie voor de Zwitserse ziektekostenverzekering had moeten betalen, zodat de kosten die verband houden met deze premiebetaling niet zonder meer tot de dispositieschade gerekend kunnen worden. Bovendien is in het actuari\u00eble rapport slechts een vergelijking getroffen tussen de Zwitserse premie en de gemiddelde premie voor een Zvw-verzekering. Er is geen rekening gehouden met de Wlz-premie die appellant had moeten betalen als de door de Svb gewekte verwachting juist was geweest.<\/p>\n<p>De stelling van appellant dat hij door zijn verhuizing fiscaal in een nadeliger positie is geraakt, is niet onderbouwd. De berekeningen van appellant over verschil in en dubbel te betalen eigen bijdragen zijn niet onderbouwd en gebaseerd op mogelijke reizen van appellant in de toekomst die niet in direct verband staan met de gewekte verwachting. De Raad zal hieraan dan ook voorbij gaan.<\/p>\n<p>De Raad acht op basis van het overgelegde, actuari\u00eble rapport en de gegevens waarop dit berust wel aannemelijk dat sprake is van enkele honderden euro\u2019s per jaar aan extra bank- en overschrijvingskosten ten opzichte van de situatie waarin appellant in Zwitserland was blijven wonen. Daar staat echter tegenover dat appellant geen inzicht heeft gegeven in de door de Svb genoemde mogelijke besparingen, bijvoorbeeld op woonlasten en algemene kosten van levensonderhoud, sinds hij in Nederland woont. Het zou hierbij om forse besparingen kunnen gaan, die ruimschoots opwegen tegen de extra bank- en overschrijvingskosten. Appellant heeft hier tegenin gebracht dat hij een aanvulling op zijn Zwitserse uitkering niet meer ontvangt sinds hij in Nederland woont. Hij heeft de Svb echter geen toestemming gegeven hieromtrent navraag te doen bij het Zwitserse zusterorgaan, zodat ook op dit punt onduidelijkheid blijft bestaan.<\/p>\n<p>Alles overziende acht de Raad onvoldoende onderbouwd dat appellant materi\u00eble dispositieschade heeft geleden die voor vergoeding in aanmerking komt. Reeds hierom kan de afwijzing door de Svb van het verzoek van appellant om vergoeding van materi\u00eble schade standhouden. De Raad laat daarbij in het midden of appellant voldoende heeft gedaan om de door hem gestelde schade te beperken.<\/p>\n<p>Immateri\u00eble schade onvoldoende onderbouwd<\/p>\n<p>Over de door appellant verzochte vergoeding van immateri\u00eble schade overweegt de Raad als volgt. De Raad volgt de Svb in zijn stelling dat onvoldoende is onderbouwd dat de door appellant gestelde schade aan zijn psychische en lichamelijke gezondheid is voortgevloeid uit de schending van het vertrouwensbeginsel. Uit de behandeling ter zitting is gebleken dat vooral psychische klachten hebben geleid tot toekenning van een Zwitsers invaliditeitspensioen aan appellant. Deze klachten bestonden dus al voordat het geschil met de Svb ontstond en waren klaarblijkelijk ernstig. Uit de door appellant overgelegde verklaring van zijn psychotherapeute van 28 maart 2025 kan weliswaar worden opgemaakt dat de psychische klachten van appellant zijn toegenomen door langdurige onzekerheid over zijn financi\u00eble situatie als gevolg van de fout van de Svb, maar hiermee wordt onvoldoende inzichtelijk in welke mate een causaal verband bestaat tussen de klachten van appellant en de schending van het vertrouwensbeginsel. Hierbij is van belang dat appellant zich pas in het jaar 2022 onder behandeling heeft doen stellen voor de door hem ervaren psychische en fysieke problemen, terwijl al in 2019 duidelijk was geworden dat de Svb de verwachting niet zou honoreren, en dat er geen objectieve gegevens beschikbaar zijn over de psychische en lichamelijke gesteldheid van appellant voordat hij naar Nederland kwam. Ook de afwijzing van het verzoek om vergoeding van immateri\u00eble schade kan daarom standhouden.<\/p>\n<p>Conclusie en gevolgen<\/p>\n<p>5. Uit 4.3 tot en met 4.9 volgt dat het hoger beroep niet slaagt. De aangevallen uitspraak, voor zover deze is aangevochten, zal worden bevestigd. Dit betekent dat het besluit van 11 juni 2021, waarin het verzoek van appellant om schadevergoeding is afgewezen, in stand blijft.<\/p>\n<p>6. Omdat het hoger beroep niet slaagt krijgt appellant geen vergoeding voor zijn proceskosten en het betaalde griffierecht.<\/p>\n<h3>BESLISSING<\/h3>\n<p>De Centrale Raad van Beroep bevestigt de aangevallen uitspraak voor zover aangevochten.<\/p>\n<p>Deze uitspraak is gedaan door M.A.H. van Dalen-van Bekkum als voorzitter en E.E.V. Lenos en J.P. Loof als leden, in tegenwoordigheid van C.C.M. van \u2018t Hol als griffier. De beslissing is uitgesproken in het openbaar op 11 september 2025.<\/p>\n<p>(getekend) M.A.H. van Dalen-van Bekkum<\/p>\n<p>(getekend) C.C.M. van \u2018t Hol<\/p>\n<h3>Bijlage: voor deze uitspraak belangrijke regelgeving<\/h3>\n<p>Wet langdurige zorg (Wlz)<\/p>\n<p>Artikel 2.1.1.<\/p>\n<p>1. Verzekerd overeenkomstig de bepalingen van deze wet is degene, die:<\/p>\n<p>ingezetene is;<\/p>\n<p>geen ingezetene is, doch ter zake van in Nederland of op het continentaal plat in dienstbetrekking verrichte arbeid aan de loonbelasting is onderworpen.<\/p>\n<p>(\u2026)<\/p>\n<p>Artikel 2.1.2<\/p>\n<p>Zo nodig in afwijking van artikel 2.1.1 en de daarop berustende bepalingen:<\/p>\n<p>wordt als verzekerde aangemerkt de persoon van wie de verzekering op grond van deze wet voortvloeit uit de toepassing van bepalingen van een verdrag of van een besluit van een volkenrechtelijke organisatie;<\/p>\n<p>wordt niet als verzekerde aangemerkt de persoon op wie op grond van een verdrag of een besluit van een volkenrechtelijke organisatie de wetgeving van een andere mogendheid van toepassing is.<\/p>\n<p>Zorgverzekeringswet<\/p>\n<p>Artikel 2<\/p>\n<p>1. Degene die ingevolge de Wet langdurige zorg en de daarop gebaseerde regelgeving van rechtswege verzekerd is, is verplicht zich krachtens een zorgverzekering te verzekeren of te laten verzekeren tegen het in artikel 10 bedoelde risico.<\/p>\n<p>(\u2026)<\/p>\n<p>Besluit uitbreiding en beperking kring der verzekerden volksverzekeringen 1999<\/p>\n<p>Artikel 21<\/p>\n<p>1. Niet verzekerd op grond van de Wet langdurige zorg is de persoon die in Nederland woont, doch die met toepassing van een verordening van de Raad van de Europese Gemeenschappen of van een door Nederland met een of meer andere staten gesloten verdrag inzake sociale zekerheid, in Nederland recht kan doen gelden op verstrekkingen die hem in beginsel worden verleend ten laste van een andere lidstaat van de Europese Unie dan wel een andere staat die partij is bij de Overeenkomst betreffende de Europese Economische Ruimte of een staat waarmee Nederland een verdrag inzake sociale zekerheid heeft gesloten.<\/p>\n<p>(\u2026)<\/p>\n<p>Verordening 883\/2004<\/p>\n<p>Artikel 25<\/p>\n<p>Pensioenen krachtens de wetgeving van een of meer andere lidstaten dan de lidstaat van de woonplaats in gevallen waarin er een recht op verstrekkingen bestaat in een andere lidstaat dan de lidstaat van de woonplaats<\/p>\n<p>Ingeval degene die een pensioen ontvangt krachtens de wetgeving van een of meer lidstaten, woont in een lidstaat waarvan de wetgeving voor het recht op verstrekkingen geen voorwaarden stelt inzake verzekering of inzake het al dan niet in loondienst verrichten van werkzaamheden, en waarvan de betrokkene geen enkel pensioen ontvangt, komen de kosten voor verstrekkingen voor de betrokkene en zijn gezinsleden voor rekening van het krachtens de regels van artikel 24, lid 2, aangewezen orgaan van een van de lidstaten die bevoegd zijn voor zijn pensioenen, voorzover genoemde pensioengerechtigde en zijn gezinsleden recht zouden hebben op deze verstrekkingen indien zij zouden wonen in die lidstaat.<\/p>\n<h3>Voetnoten<\/h3>\n<ol>\n<li>Wet langdurige zorg.<\/li>\n<li>Overeenkomst tussen de Europese Gemeenschap en haar lidstaten, enerzijds, en de Zwitserse Bondsstaat, anderzijds, over het vrije verkeer van personen van 21 juni 1999, PB 2002, L 114.<\/li>\n<li>Verordening (EG) nr. 883\/2004 betreffende de co\u00f6rdinatie van de socialezekerheidsstelsels.<\/li>\n<li>Artikel 21 Besluit uitbreiding en beperking kring der verzekerden volksverzekeringen 1999.<\/li>\n<li>Algemene wet bestuursrecht.<\/li>\n<li>Afdeling bestuursrechtspraak van de Raad van State.<\/li>\n<li>ECLI:NL:RVS:2019:1694, onder 11.4.<\/li>\n<li>Aangezien de Overeenkomst EG-Zwitserland de werkingssfeer van Vo 883\/2004 vanaf 1 april 2012 heeft uitgebreid tot de Zwitserse Bondsstaat.<\/li>\n<li>Uitspraak van de Raad van 31 december 2019, ECLI:NL:CRVB:2019:4351.<\/li>\n<li>Hof van Justitie van de Europese Unie.<\/li>\n<li>Uitspraken van de Raad van 10 november 2017, ECLI:NL:CRVB:2017:4014 en 3 oktober 2024, ECLI:NL:CRVB:2024:1932.<\/li>\n<li>HvJ EU 14 juli 2022, C-36\/21, ECLI:EU:C:2022:556, onder 38 en 44.<\/li>\n<li>Zie de uitspraak van de ABRvS van 30 oktober 2024, ECLI:NL:RVS:2024:4384.<\/li>\n<li>Conclusie Snijders, ECLI:NL:RVS:2024:3420, onder 8.7-8.10 en 10.2.<\/li>\n<li>Burgerlijk Wetboek.<\/li>\n<li>Conclusie Snijders, ECLI:NL:RVS:2024:3420, onder 10.3.<\/li>\n<\/ol>\n<\/div>\n<hr class=\"kji-sep\" \/>\n<p class=\"kji-source-links\"><strong>Sources officielles :<\/strong> <a class=\"kji-source-link\" href=\"http:\/\/deeplink.rechtspraak.nl\/uitspraak?id=ECLI:NL:CRVB:2025:1382\" target=\"_blank\" rel=\"noopener noreferrer\">consulter la page source<\/a><\/p>\n<p class=\"kji-license-note\"><em>Rechtspraak.nl open data, Creative Commons Zero. Volume cible 1.8M decisions.<\/em><\/p>\n<\/div>\n","protected":false},"excerpt":{"rendered":"<p>Appellant vordert vergoeding van de schade die hij geleden heeft als gevolg van een onjuiste mededeling van de Svb over verzekering voor de Wlz en Zvw. De Svb bleek de door deze mededeling gewekte verwachtingen geen gestand te kunnen doen omdat dwingende bepalingen van EG-Verordening 883\/2004 daaraan in de weg staan. Voor zover de door appellant gevorderde schade al dispositieschade betreft, he&#8230;<\/p>\n","protected":false},"featured_media":0,"template":"","meta":{"_crdt_document":""},"kji_country":[7669],"kji_court":[7982],"kji_chamber":[],"kji_year":[8463],"kji_subject":[7646],"kji_keyword":[7633,7673,11615,11259],"kji_language":[7671],"class_list":["post-573172","kji_decision","type-kji_decision","status-publish","hentry","kji_country-pays-bas","kji_court-centrale-raad-van-beroep","kji_year-8463","kji_subject-divers","kji_keyword-appellant","kji_keyword-heeft","kji_keyword-mededeling","kji_keyword-schade","kji_language-nl"],"yoast_head":"<!-- This site is optimized with the Yoast SEO Premium plugin v27.4 (Yoast SEO v27.4) - https:\/\/yoast.com\/product\/yoast-seo-premium-wordpress\/ -->\n<title>ECLI:NL:CRVB:2025:1382 Centrale Raad van Beroep , 11-09-2025 \/ 23\/2323 Wlz - Ma\u00eetre Hassan Kohen, avocat en droit p\u00e9nal \u00e0 Paris<\/title>\n<meta name=\"robots\" content=\"index, follow, max-snippet:-1, max-image-preview:large, max-video-preview:-1\" \/>\n<link rel=\"canonical\" href=\"https:\/\/kohenavocats.com\/ru\/jurisprudences\/eclinlcrvb20251382-centrale-raad-van-beroep-11-09-2025-23-2323-wlz\/\" \/>\n<meta property=\"og:locale\" content=\"ru_RU\" \/>\n<meta property=\"og:type\" content=\"article\" \/>\n<meta property=\"og:title\" content=\"ECLI:NL:CRVB:2025:1382 Centrale Raad van Beroep , 11-09-2025 \/ 23\/2323 Wlz\" \/>\n<meta property=\"og:description\" content=\"Appellant vordert vergoeding van de schade die hij geleden heeft als gevolg van een onjuiste mededeling van de Svb over verzekering voor de Wlz en Zvw. De Svb bleek de door deze mededeling gewekte verwachtingen geen gestand te kunnen doen omdat dwingende bepalingen van EG-Verordening 883\/2004 daaraan in de weg staan. Voor zover de door appellant gevorderde schade al dispositieschade betreft, he...\" \/>\n<meta property=\"og:url\" content=\"https:\/\/kohenavocats.com\/ru\/jurisprudences\/eclinlcrvb20251382-centrale-raad-van-beroep-11-09-2025-23-2323-wlz\/\" \/>\n<meta property=\"og:site_name\" content=\"Ma\u00eetre Hassan Kohen, avocat en droit p\u00e9nal \u00e0 Paris\" \/>\n<meta name=\"twitter:card\" content=\"summary_large_image\" \/>\n<meta name=\"twitter:label1\" content=\"\u041f\u0440\u0438\u043c\u0435\u0440\u043d\u043e\u0435 \u0432\u0440\u0435\u043c\u044f \u0434\u043b\u044f \u0447\u0442\u0435\u043d\u0438\u044f\" \/>\n\t<meta name=\"twitter:data1\" content=\"19 \u043c\u0438\u043d\u0443\u0442\" \/>\n<script type=\"application\/ld+json\" class=\"yoast-schema-graph\">{\"@context\":\"https:\\\/\\\/schema.org\",\"@graph\":[{\"@type\":\"WebPage\",\"@id\":\"https:\\\/\\\/kohenavocats.com\\\/ru\\\/jurisprudences\\\/eclinlcrvb20251382-centrale-raad-van-beroep-11-09-2025-23-2323-wlz\\\/\",\"url\":\"https:\\\/\\\/kohenavocats.com\\\/ru\\\/jurisprudences\\\/eclinlcrvb20251382-centrale-raad-van-beroep-11-09-2025-23-2323-wlz\\\/\",\"name\":\"ECLI:NL:CRVB:2025:1382 Centrale Raad van Beroep , 11-09-2025 \\\/ 23\\\/2323 Wlz - Ma\u00eetre Hassan Kohen, avocat en droit p\u00e9nal \u00e0 Paris\",\"isPartOf\":{\"@id\":\"https:\\\/\\\/kohenavocats.com\\\/ru\\\/#website\"},\"datePublished\":\"2026-04-15T21:33:21+00:00\",\"breadcrumb\":{\"@id\":\"https:\\\/\\\/kohenavocats.com\\\/ru\\\/jurisprudences\\\/eclinlcrvb20251382-centrale-raad-van-beroep-11-09-2025-23-2323-wlz\\\/#breadcrumb\"},\"inLanguage\":\"ru-RU\",\"potentialAction\":[{\"@type\":\"ReadAction\",\"target\":[\"https:\\\/\\\/kohenavocats.com\\\/ru\\\/jurisprudences\\\/eclinlcrvb20251382-centrale-raad-van-beroep-11-09-2025-23-2323-wlz\\\/\"]}]},{\"@type\":\"BreadcrumbList\",\"@id\":\"https:\\\/\\\/kohenavocats.com\\\/ru\\\/jurisprudences\\\/eclinlcrvb20251382-centrale-raad-van-beroep-11-09-2025-23-2323-wlz\\\/#breadcrumb\",\"itemListElement\":[{\"@type\":\"ListItem\",\"position\":1,\"name\":\"Home\",\"item\":\"https:\\\/\\\/kohenavocats.com\\\/ru\\\/avocats-en-droit-penal-a-paris-conseil-et-defense-strategique\\\/\"},{\"@type\":\"ListItem\",\"position\":2,\"name\":\"Jurisprudences\",\"item\":\"https:\\\/\\\/kohenavocats.com\\\/ru\\\/jurisprudences\\\/\"},{\"@type\":\"ListItem\",\"position\":3,\"name\":\"ECLI:NL:CRVB:2025:1382 Centrale Raad van Beroep , 11-09-2025 \\\/ 23\\\/2323 Wlz\"}]},{\"@type\":\"WebSite\",\"@id\":\"https:\\\/\\\/kohenavocats.com\\\/ru\\\/#website\",\"url\":\"https:\\\/\\\/kohenavocats.com\\\/ru\\\/\",\"name\":\"Kohen Avocats\",\"description\":\"Ma\u00eetre Hassan Kohen, avocat p\u00e9naliste \u00e0 Paris, intervient exclusivement en droit p\u00e9nal pour la d\u00e9fense des particuliers, notamment en mati\u00e8re d\u2019accusations de viol. Il assure un accompagnement rigoureux d\u00e8s la garde \u00e0 vue jusqu\u2019\u00e0 la Cour d\u2019assises, veillant au strict respect des garanties proc\u00e9durales.\",\"publisher\":{\"@id\":\"https:\\\/\\\/kohenavocats.com\\\/ru\\\/#organization\"},\"potentialAction\":[{\"@type\":\"SearchAction\",\"target\":{\"@type\":\"EntryPoint\",\"urlTemplate\":\"https:\\\/\\\/kohenavocats.com\\\/ru\\\/?s={search_term_string}\"},\"query-input\":{\"@type\":\"PropertyValueSpecification\",\"valueRequired\":true,\"valueName\":\"search_term_string\"}}],\"inLanguage\":\"ru-RU\"},{\"@type\":\"Organization\",\"@id\":\"https:\\\/\\\/kohenavocats.com\\\/ru\\\/#organization\",\"name\":\"Kohen Avocats\",\"url\":\"https:\\\/\\\/kohenavocats.com\\\/ru\\\/\",\"logo\":{\"@type\":\"ImageObject\",\"inLanguage\":\"ru-RU\",\"@id\":\"https:\\\/\\\/kohenavocats.com\\\/ru\\\/#\\\/schema\\\/logo\\\/image\\\/\",\"url\":\"https:\\\/\\\/kohenavocats.com\\\/wp-content\\\/uploads\\\/2026\\\/01\\\/Logo-2-1.webp\",\"contentUrl\":\"https:\\\/\\\/kohenavocats.com\\\/wp-content\\\/uploads\\\/2026\\\/01\\\/Logo-2-1.webp\",\"width\":2114,\"height\":1253,\"caption\":\"Kohen Avocats\"},\"image\":{\"@id\":\"https:\\\/\\\/kohenavocats.com\\\/ru\\\/#\\\/schema\\\/logo\\\/image\\\/\"}}]}<\/script>\n<!-- \/ Yoast SEO Premium plugin. -->","yoast_head_json":{"title":"ECLI:NL:CRVB:2025:1382 Centrale Raad van Beroep , 11-09-2025 \/ 23\/2323 Wlz - Ma\u00eetre Hassan Kohen, avocat en droit p\u00e9nal \u00e0 Paris","robots":{"index":"index","follow":"follow","max-snippet":"max-snippet:-1","max-image-preview":"max-image-preview:large","max-video-preview":"max-video-preview:-1"},"canonical":"https:\/\/kohenavocats.com\/ru\/jurisprudences\/eclinlcrvb20251382-centrale-raad-van-beroep-11-09-2025-23-2323-wlz\/","og_locale":"ru_RU","og_type":"article","og_title":"ECLI:NL:CRVB:2025:1382 Centrale Raad van Beroep , 11-09-2025 \/ 23\/2323 Wlz","og_description":"Appellant vordert vergoeding van de schade die hij geleden heeft als gevolg van een onjuiste mededeling van de Svb over verzekering voor de Wlz en Zvw. De Svb bleek de door deze mededeling gewekte verwachtingen geen gestand te kunnen doen omdat dwingende bepalingen van EG-Verordening 883\/2004 daaraan in de weg staan. Voor zover de door appellant gevorderde schade al dispositieschade betreft, he...","og_url":"https:\/\/kohenavocats.com\/ru\/jurisprudences\/eclinlcrvb20251382-centrale-raad-van-beroep-11-09-2025-23-2323-wlz\/","og_site_name":"Ma\u00eetre Hassan Kohen, avocat en droit p\u00e9nal \u00e0 Paris","twitter_card":"summary_large_image","twitter_misc":{"\u041f\u0440\u0438\u043c\u0435\u0440\u043d\u043e\u0435 \u0432\u0440\u0435\u043c\u044f \u0434\u043b\u044f \u0447\u0442\u0435\u043d\u0438\u044f":"19 \u043c\u0438\u043d\u0443\u0442"},"schema":{"@context":"https:\/\/schema.org","@graph":[{"@type":"WebPage","@id":"https:\/\/kohenavocats.com\/ru\/jurisprudences\/eclinlcrvb20251382-centrale-raad-van-beroep-11-09-2025-23-2323-wlz\/","url":"https:\/\/kohenavocats.com\/ru\/jurisprudences\/eclinlcrvb20251382-centrale-raad-van-beroep-11-09-2025-23-2323-wlz\/","name":"ECLI:NL:CRVB:2025:1382 Centrale Raad van Beroep , 11-09-2025 \/ 23\/2323 Wlz - Ma\u00eetre Hassan Kohen, avocat en droit p\u00e9nal \u00e0 Paris","isPartOf":{"@id":"https:\/\/kohenavocats.com\/ru\/#website"},"datePublished":"2026-04-15T21:33:21+00:00","breadcrumb":{"@id":"https:\/\/kohenavocats.com\/ru\/jurisprudences\/eclinlcrvb20251382-centrale-raad-van-beroep-11-09-2025-23-2323-wlz\/#breadcrumb"},"inLanguage":"ru-RU","potentialAction":[{"@type":"ReadAction","target":["https:\/\/kohenavocats.com\/ru\/jurisprudences\/eclinlcrvb20251382-centrale-raad-van-beroep-11-09-2025-23-2323-wlz\/"]}]},{"@type":"BreadcrumbList","@id":"https:\/\/kohenavocats.com\/ru\/jurisprudences\/eclinlcrvb20251382-centrale-raad-van-beroep-11-09-2025-23-2323-wlz\/#breadcrumb","itemListElement":[{"@type":"ListItem","position":1,"name":"Home","item":"https:\/\/kohenavocats.com\/ru\/avocats-en-droit-penal-a-paris-conseil-et-defense-strategique\/"},{"@type":"ListItem","position":2,"name":"Jurisprudences","item":"https:\/\/kohenavocats.com\/ru\/jurisprudences\/"},{"@type":"ListItem","position":3,"name":"ECLI:NL:CRVB:2025:1382 Centrale Raad van Beroep , 11-09-2025 \/ 23\/2323 Wlz"}]},{"@type":"WebSite","@id":"https:\/\/kohenavocats.com\/ru\/#website","url":"https:\/\/kohenavocats.com\/ru\/","name":"Kohen Avocats","description":"Ma\u00eetre Hassan Kohen, avocat p\u00e9naliste \u00e0 Paris, intervient exclusivement en droit p\u00e9nal pour la d\u00e9fense des particuliers, notamment en mati\u00e8re d\u2019accusations de viol. Il assure un accompagnement rigoureux d\u00e8s la garde \u00e0 vue jusqu\u2019\u00e0 la Cour d\u2019assises, veillant au strict respect des garanties proc\u00e9durales.","publisher":{"@id":"https:\/\/kohenavocats.com\/ru\/#organization"},"potentialAction":[{"@type":"SearchAction","target":{"@type":"EntryPoint","urlTemplate":"https:\/\/kohenavocats.com\/ru\/?s={search_term_string}"},"query-input":{"@type":"PropertyValueSpecification","valueRequired":true,"valueName":"search_term_string"}}],"inLanguage":"ru-RU"},{"@type":"Organization","@id":"https:\/\/kohenavocats.com\/ru\/#organization","name":"Kohen Avocats","url":"https:\/\/kohenavocats.com\/ru\/","logo":{"@type":"ImageObject","inLanguage":"ru-RU","@id":"https:\/\/kohenavocats.com\/ru\/#\/schema\/logo\/image\/","url":"https:\/\/kohenavocats.com\/wp-content\/uploads\/2026\/01\/Logo-2-1.webp","contentUrl":"https:\/\/kohenavocats.com\/wp-content\/uploads\/2026\/01\/Logo-2-1.webp","width":2114,"height":1253,"caption":"Kohen Avocats"},"image":{"@id":"https:\/\/kohenavocats.com\/ru\/#\/schema\/logo\/image\/"}}]}},"jetpack_likes_enabled":false,"jetpack_sharing_enabled":true,"_links":{"self":[{"href":"https:\/\/kohenavocats.com\/ru\/wp-json\/wp\/v2\/kji_decision\/573172","targetHints":{"allow":["GET"]}}],"collection":[{"href":"https:\/\/kohenavocats.com\/ru\/wp-json\/wp\/v2\/kji_decision"}],"about":[{"href":"https:\/\/kohenavocats.com\/ru\/wp-json\/wp\/v2\/types\/kji_decision"}],"wp:attachment":[{"href":"https:\/\/kohenavocats.com\/ru\/wp-json\/wp\/v2\/media?parent=573172"}],"wp:term":[{"taxonomy":"kji_country","embeddable":true,"href":"https:\/\/kohenavocats.com\/ru\/wp-json\/wp\/v2\/kji_country?post=573172"},{"taxonomy":"kji_court","embeddable":true,"href":"https:\/\/kohenavocats.com\/ru\/wp-json\/wp\/v2\/kji_court?post=573172"},{"taxonomy":"kji_chamber","embeddable":true,"href":"https:\/\/kohenavocats.com\/ru\/wp-json\/wp\/v2\/kji_chamber?post=573172"},{"taxonomy":"kji_year","embeddable":true,"href":"https:\/\/kohenavocats.com\/ru\/wp-json\/wp\/v2\/kji_year?post=573172"},{"taxonomy":"kji_subject","embeddable":true,"href":"https:\/\/kohenavocats.com\/ru\/wp-json\/wp\/v2\/kji_subject?post=573172"},{"taxonomy":"kji_keyword","embeddable":true,"href":"https:\/\/kohenavocats.com\/ru\/wp-json\/wp\/v2\/kji_keyword?post=573172"},{"taxonomy":"kji_language","embeddable":true,"href":"https:\/\/kohenavocats.com\/ru\/wp-json\/wp\/v2\/kji_language?post=573172"}],"curies":[{"name":"wp","href":"https:\/\/api.w.org\/{rel}","templated":true}]}}