{"id":573701,"date":"2026-04-16T01:22:23","date_gmt":"2026-04-15T23:22:23","guid":{"rendered":"https:\/\/kohenavocats.com\/jurisprudences\/cour-superieure-de-justice-15-janvier-2026-n-2025-00609\/"},"modified":"2026-04-16T01:22:25","modified_gmt":"2026-04-15T23:22:25","slug":"cour-superieure-de-justice-15-janvier-2026-n-2025-00609","status":"publish","type":"kji_decision","link":"https:\/\/kohenavocats.com\/ru\/jurisprudences\/cour-superieure-de-justice-15-janvier-2026-n-2025-00609\/","title":{"rendered":"Cour sup\u00e9rieure de justice, 15 janvier 2026, n\u00b0 2025-00609"},"content":{"rendered":"<div class=\"kji-decision\">\n<div class=\"kji-full-text\">\n<p>Arr\u00eat N\u00b0009\/26-III\u2013TRAV Exempt-appel en mati\u00e8re de droit du travail Num\u00e9ro CAL-2025-00609du r\u00f4le Audience publique duquinze janvierdeux millevingt-six Composition: Alain THORN, pr\u00e9sident de chambre, Anne-Fran\u00e7oise GREMLING,premierconseiller, Marc WAGNER,premierconseiller, Andr\u00e9 WEBER, greffier. Entre : L\u2019ADMINISTRATION COMMUNALE DE CONTERN ,\u00e9tablie \u00e0 L-5310 Contern,4, Place de la Mairie, repr\u00e9sent\u00e9e par sonColl\u00e8ge des bourgmestre et \u00c9chevins, appelante aux termes d\u2019un exploit de l\u2019huissier de justiceV\u00e9ronique REYTER d\u2019Esch\/Alzettedu 25 juin 2025, comparant par la soci\u00e9t\u00e9 en commandite simple KLEYR GRASSO, \u00e9tablie et ayant son si\u00e8ge social \u00e0 L-2361 Strassen, 7, rue des Primeurs, inscrite au registre de commerce et des soci\u00e9t\u00e9s de Luxembourg sous le num\u00e9ro B220509, inscrite sur la liste V de l\u2019Ordre des Avocats du Barreau de Luxembourg, qui est constitu\u00e9e et en l\u2019\u00e9tude de laquelle domicile est \u00e9lu, repr\u00e9sent\u00e9e par son g\u00e9rant, la soci\u00e9t\u00e9 \u00e0 responsabilit\u00e9 limit\u00e9e KLEYR GRASSO GP, \u00e9tablie \u00e0 la m\u00eame adresse, inscrite au registre de commerce et des soci\u00e9t\u00e9s de Luxembourg sous le num\u00e9ro B220442, repr\u00e9sent\u00e9e aux fins de la pr\u00e9sente proc\u00e9dure par Ma\u00eetreChristian JUNGERS, avocat \u00e0 la Cour, demeurant professionnellement \u00e0 Luxembourg, et :<\/p>\n<p>2 PERSONNE1.),demeurant \u00e0L-ADRESSE1.), intim\u00e9eaux finsdu susdit exploitREYTERdu25 juin 2025, comparant parMa\u00eetreAlex PENNING, avocat \u00e0 la Cour, demeurant professionnellement \u00e0Luxembourg. _____________________________________________________________________ LA COUR D&#039;APPEL: Par requ\u00eate d\u00e9pos\u00e9e en date du 17 f\u00e9vrier 2025 au greffe de la justice de paix de et \u00e0 Luxembourg,PERSONNE1.)a fait convoquer l\u2019Administration communale de CONTERN devant le pr\u00e9sident du tribunal du travail aux fins de s\u2019y entendre ordonner, sur base de l\u2019article L.415-10 (4) du Code du travail, le maintien du salaire de la requ\u00e9rante au-del\u00e0 du d\u00e9lai de trois,en attendant la solution d\u00e9finitive du litige et payer \u00e0 la requ\u00e9rante une indemnit\u00e9 de proc\u00e9dure de 5.000 euros. La partie d\u00e9fenderesse concluait au rejet de la demande adverse et \u00e0 l\u2019allocation d\u2019une indemnit\u00e9 de proc\u00e9dure de 2.000 euros. Par ordonnance rendue leDATE1.), sous le num\u00e9roNUMERO1.)\/25, le pr\u00e9sident du tribunal du travail de Luxembourg a d\u00e9clar\u00e9 la demande recevable et fond\u00e9e et a d\u00e9bout\u00e9 les parties au litige de leurs demandes respectives en obtention d\u2019une indemnit\u00e9 de proc\u00e9dure. Par exploit de l\u2019huissier de justice V\u00e9ronique REYTER signifi\u00e9 le 25 juin 2025, l\u2019Administration communale de CONTERN a relev\u00e9 appel de cette ordonnance qui lui avait \u00e9t\u00e9 notifi\u00e9e le 16 mai 2025. Cette affaire a \u00e9t\u00e9 inscrite sous le num\u00e9ro du r\u00f4le CAL-2025-00609. Par acte d\u2019avocat \u00e0 avocat, dat\u00e9 du 16 septembre 2025, la partie appelante a d\u00e9clar\u00e9 se d\u00e9sister \u00abpurement et simplement de l\u2019instance intent\u00e9e contre la partie intim\u00e9e aux termes du pr\u00e9dit acte d\u2019appel du 25 juin 2025 et de l\u2019action sous-jacente\u00bb. Cet acte \u00e9crit, intitul\u00e9 \u00abd\u00e9sistement d\u2019instance et d\u2019action\u00bb, a \u00e9t\u00e9 sign\u00e9 par les mandatairesad litemdes deux parties au litige ainsi que par les parties elles-m\u00eames, en dessous de la mention manuscrite \u00abbon pour d\u00e9sistement d\u2019instance et d\u2019action\u00bb. Le d\u00e9sistement d\u2019instance et d\u2019action \u00e9tant r\u00e9gulier, il y a lieu d\u2019y faire droit.<\/p>\n<p>3 Il r\u00e9sulte de l\u2019article 546 du Nouveau Code de proc\u00e9dure civile que la partie qui se d\u00e9siste doit supporter les frais, de sorte que l\u2019Administration communale de CONTERN doit \u00eatre condamn\u00e9e aux frais de l\u2019instance d\u2019appel. Par ces motifs, la Cour d\u2019appel, troisi\u00e8me chambre, si\u00e9geant en mati\u00e8re dedroit du travail, statuant contradictoirement, donne acte \u00e0 l\u2019Administration communale de CONTERN de son d\u00e9sistement d\u2019instance et d\u2019action et \u00e0PERSONNE1.)de son acceptation, d\u00e9clare \u00e9teinte l\u2019action relative aux droits invoqu\u00e9s par l\u2019Administration communale de CONTERN suivant exploit de l\u2019huissier de justice V\u00e9ronique REYTER du 25 juin 2025, d\u00e9clare l\u2019instance d\u2019appel \u00e9teinte, condamne l\u2019Administration communale de CONTERN aux frais de l\u2019instance d\u2019appel. La lecture du pr\u00e9sent arr\u00eat a \u00e9t\u00e9 faite en la susdite audience publique par Monsieur le pr\u00e9sident de chambre Alain THORN, en pr\u00e9sence du greffierAndr\u00e9 WEBER.<\/p>\n<\/div>\n<hr class=\"kji-sep\" \/>\n<p class=\"kji-source-links\"><strong>Sources officielles :<\/strong> <a class=\"kji-source-link\" href=\"https:\/\/data.public.lu\/fr\/datasets\/cour-superieure-de-justice-chambre-3\/\" target=\"_blank\" rel=\"noopener noreferrer\">consulter la page source<\/a> &middot; <a class=\"kji-pdf-link\" href=\"https:\/\/download.data.public.lu\/resources\/cour-superieure-de-justice-chambre-3\/20260202-000152\/20260115-ca3-cal-2025-00609-009-trav-pseudonymise-accessible.pdf\" target=\"_blank\" rel=\"noopener noreferrer\">PDF officiel<\/a><\/p>\n<p class=\"kji-license-note\"><em>Licence CC BY-ND 4.0 (Administration judiciaire, data.public.lu). Republication autorisee avec attribution, sans modification editoriale du texte integral.<\/em><\/p>\n<\/div>\n","protected":false},"excerpt":{"rendered":"<p>Arr\u00eat N\u00b0009\/26-III\u2013TRAV Exempt-appel en mati\u00e8re de droit du travail Num\u00e9ro CAL-2025-00609du r\u00f4le Audience publique duquinze janvierdeux millevingt-six Composition: Alain THORN, pr\u00e9sident de chambre, Anne-Fran\u00e7oise GREMLING,premierconseiller, Marc WAGNER,premierconseiller, Andr\u00e9 WEBER, greffier. Entre : L\u2019ADMINISTRATION COMMUNALE DE CONTERN ,\u00e9tablie \u00e0 L-5310 Contern,4, Place de la Mairie, repr\u00e9sent\u00e9e\u2026<\/p>\n","protected":false},"featured_media":0,"template":"","meta":{"_crdt_document":""},"kji_country":[8418],"kji_court":[12305],"kji_chamber":[15890],"kji_year":[7610],"kji_subject":[7724],"kji_keyword":[8683,15891,8460,9055,12307],"kji_language":[7733],"class_list":["post-573701","kji_decision","type-kji_decision","status-publish","hentry","kji_country-luxembourg","kji_court-cour-superieure-de-justice","kji_chamber-chambre-3","kji_year-7610","kji_subject-civil","kji_keyword-arret","kji_keyword-iii-trav","kji_keyword-janvier","kji_keyword-justice","kji_keyword-superieure","kji_language-francais"],"yoast_head":"<!-- This site is optimized with the Yoast SEO Premium plugin v27.4 (Yoast SEO v27.4) - https:\/\/yoast.com\/product\/yoast-seo-premium-wordpress\/ -->\n<title>Cour sup\u00e9rieure de justice, 15 janvier 2026, n\u00b0 2025-00609 - Ma\u00eetre Hassan Kohen, avocat en droit p\u00e9nal \u00e0 Paris<\/title>\n<meta name=\"robots\" content=\"index, follow, max-snippet:-1, max-image-preview:large, max-video-preview:-1\" \/>\n<link rel=\"canonical\" href=\"https:\/\/kohenavocats.com\/ru\/jurisprudences\/cour-superieure-de-justice-15-janvier-2026-n-2025-00609\/\" \/>\n<meta property=\"og:locale\" content=\"ru_RU\" \/>\n<meta property=\"og:type\" content=\"article\" \/>\n<meta property=\"og:title\" content=\"Cour sup\u00e9rieure de justice, 15 janvier 2026, n\u00b0 2025-00609\" \/>\n<meta property=\"og:description\" content=\"Arr\u00eat N\u00b0009\/26-III\u2013TRAV Exempt-appel en mati\u00e8re de droit du travail Num\u00e9ro CAL-2025-00609du r\u00f4le Audience publique duquinze janvierdeux millevingt-six Composition: Alain THORN, pr\u00e9sident de chambre, Anne-Fran\u00e7oise GREMLING,premierconseiller, Marc WAGNER,premierconseiller, Andr\u00e9 WEBER, greffier. Entre : L\u2019ADMINISTRATION COMMUNALE DE CONTERN ,\u00e9tablie \u00e0 L-5310 Contern,4, Place de la Mairie, repr\u00e9sent\u00e9e\u2026\" \/>\n<meta property=\"og:url\" content=\"https:\/\/kohenavocats.com\/ru\/jurisprudences\/cour-superieure-de-justice-15-janvier-2026-n-2025-00609\/\" \/>\n<meta property=\"og:site_name\" content=\"Ma\u00eetre Hassan Kohen, avocat en droit p\u00e9nal \u00e0 Paris\" \/>\n<meta property=\"article:modified_time\" content=\"2026-04-15T23:22:25+00:00\" \/>\n<meta name=\"twitter:card\" content=\"summary_large_image\" \/>\n<meta name=\"twitter:label1\" content=\"\u041f\u0440\u0438\u043c\u0435\u0440\u043d\u043e\u0435 \u0432\u0440\u0435\u043c\u044f \u0434\u043b\u044f \u0447\u0442\u0435\u043d\u0438\u044f\" \/>\n\t<meta name=\"twitter:data1\" content=\"4 \u043c\u0438\u043d\u0443\u0442\u044b\" \/>\n<script type=\"application\/ld+json\" class=\"yoast-schema-graph\">{\"@context\":\"https:\\\/\\\/schema.org\",\"@graph\":[{\"@type\":\"WebPage\",\"@id\":\"https:\\\/\\\/kohenavocats.com\\\/ru\\\/jurisprudences\\\/cour-superieure-de-justice-15-janvier-2026-n-2025-00609\\\/\",\"url\":\"https:\\\/\\\/kohenavocats.com\\\/ru\\\/jurisprudences\\\/cour-superieure-de-justice-15-janvier-2026-n-2025-00609\\\/\",\"name\":\"Cour sup\u00e9rieure de justice, 15 janvier 2026, n\u00b0 2025-00609 - Ma\u00eetre Hassan Kohen, avocat en droit p\u00e9nal \u00e0 Paris\",\"isPartOf\":{\"@id\":\"https:\\\/\\\/kohenavocats.com\\\/ru\\\/#website\"},\"datePublished\":\"2026-04-15T23:22:23+00:00\",\"dateModified\":\"2026-04-15T23:22:25+00:00\",\"breadcrumb\":{\"@id\":\"https:\\\/\\\/kohenavocats.com\\\/ru\\\/jurisprudences\\\/cour-superieure-de-justice-15-janvier-2026-n-2025-00609\\\/#breadcrumb\"},\"inLanguage\":\"ru-RU\",\"potentialAction\":[{\"@type\":\"ReadAction\",\"target\":[\"https:\\\/\\\/kohenavocats.com\\\/ru\\\/jurisprudences\\\/cour-superieure-de-justice-15-janvier-2026-n-2025-00609\\\/\"]}]},{\"@type\":\"BreadcrumbList\",\"@id\":\"https:\\\/\\\/kohenavocats.com\\\/ru\\\/jurisprudences\\\/cour-superieure-de-justice-15-janvier-2026-n-2025-00609\\\/#breadcrumb\",\"itemListElement\":[{\"@type\":\"ListItem\",\"position\":1,\"name\":\"Home\",\"item\":\"https:\\\/\\\/kohenavocats.com\\\/ru\\\/avocats-en-droit-penal-a-paris-conseil-et-defense-strategique\\\/\"},{\"@type\":\"ListItem\",\"position\":2,\"name\":\"Jurisprudences\",\"item\":\"https:\\\/\\\/kohenavocats.com\\\/ru\\\/jurisprudences\\\/\"},{\"@type\":\"ListItem\",\"position\":3,\"name\":\"Cour sup\u00e9rieure de justice, 15 janvier 2026, n\u00b0 2025-00609\"}]},{\"@type\":\"WebSite\",\"@id\":\"https:\\\/\\\/kohenavocats.com\\\/ru\\\/#website\",\"url\":\"https:\\\/\\\/kohenavocats.com\\\/ru\\\/\",\"name\":\"Kohen Avocats\",\"description\":\"Ma\u00eetre Hassan Kohen, avocat p\u00e9naliste \u00e0 Paris, intervient exclusivement en droit p\u00e9nal pour la d\u00e9fense des particuliers, notamment en mati\u00e8re d\u2019accusations de viol. Il assure un accompagnement rigoureux d\u00e8s la garde \u00e0 vue jusqu\u2019\u00e0 la Cour d\u2019assises, veillant au strict respect des garanties proc\u00e9durales.\",\"publisher\":{\"@id\":\"https:\\\/\\\/kohenavocats.com\\\/ru\\\/#organization\"},\"potentialAction\":[{\"@type\":\"SearchAction\",\"target\":{\"@type\":\"EntryPoint\",\"urlTemplate\":\"https:\\\/\\\/kohenavocats.com\\\/ru\\\/?s={search_term_string}\"},\"query-input\":{\"@type\":\"PropertyValueSpecification\",\"valueRequired\":true,\"valueName\":\"search_term_string\"}}],\"inLanguage\":\"ru-RU\"},{\"@type\":\"Organization\",\"@id\":\"https:\\\/\\\/kohenavocats.com\\\/ru\\\/#organization\",\"name\":\"Kohen Avocats\",\"url\":\"https:\\\/\\\/kohenavocats.com\\\/ru\\\/\",\"logo\":{\"@type\":\"ImageObject\",\"inLanguage\":\"ru-RU\",\"@id\":\"https:\\\/\\\/kohenavocats.com\\\/ru\\\/#\\\/schema\\\/logo\\\/image\\\/\",\"url\":\"https:\\\/\\\/kohenavocats.com\\\/wp-content\\\/uploads\\\/2026\\\/01\\\/Logo-2-1.webp\",\"contentUrl\":\"https:\\\/\\\/kohenavocats.com\\\/wp-content\\\/uploads\\\/2026\\\/01\\\/Logo-2-1.webp\",\"width\":2114,\"height\":1253,\"caption\":\"Kohen Avocats\"},\"image\":{\"@id\":\"https:\\\/\\\/kohenavocats.com\\\/ru\\\/#\\\/schema\\\/logo\\\/image\\\/\"}}]}<\/script>\n<!-- \/ Yoast SEO Premium plugin. -->","yoast_head_json":{"title":"Cour sup\u00e9rieure de justice, 15 janvier 2026, n\u00b0 2025-00609 - Ma\u00eetre Hassan Kohen, avocat en droit p\u00e9nal \u00e0 Paris","robots":{"index":"index","follow":"follow","max-snippet":"max-snippet:-1","max-image-preview":"max-image-preview:large","max-video-preview":"max-video-preview:-1"},"canonical":"https:\/\/kohenavocats.com\/ru\/jurisprudences\/cour-superieure-de-justice-15-janvier-2026-n-2025-00609\/","og_locale":"ru_RU","og_type":"article","og_title":"Cour sup\u00e9rieure de justice, 15 janvier 2026, n\u00b0 2025-00609","og_description":"Arr\u00eat N\u00b0009\/26-III\u2013TRAV Exempt-appel en mati\u00e8re de droit du travail Num\u00e9ro CAL-2025-00609du r\u00f4le Audience publique duquinze janvierdeux millevingt-six Composition: Alain THORN, pr\u00e9sident de chambre, Anne-Fran\u00e7oise GREMLING,premierconseiller, Marc WAGNER,premierconseiller, Andr\u00e9 WEBER, greffier. Entre : L\u2019ADMINISTRATION COMMUNALE DE CONTERN ,\u00e9tablie \u00e0 L-5310 Contern,4, Place de la Mairie, repr\u00e9sent\u00e9e\u2026","og_url":"https:\/\/kohenavocats.com\/ru\/jurisprudences\/cour-superieure-de-justice-15-janvier-2026-n-2025-00609\/","og_site_name":"Ma\u00eetre Hassan Kohen, avocat en droit p\u00e9nal \u00e0 Paris","article_modified_time":"2026-04-15T23:22:25+00:00","twitter_card":"summary_large_image","twitter_misc":{"\u041f\u0440\u0438\u043c\u0435\u0440\u043d\u043e\u0435 \u0432\u0440\u0435\u043c\u044f \u0434\u043b\u044f \u0447\u0442\u0435\u043d\u0438\u044f":"4 \u043c\u0438\u043d\u0443\u0442\u044b"},"schema":{"@context":"https:\/\/schema.org","@graph":[{"@type":"WebPage","@id":"https:\/\/kohenavocats.com\/ru\/jurisprudences\/cour-superieure-de-justice-15-janvier-2026-n-2025-00609\/","url":"https:\/\/kohenavocats.com\/ru\/jurisprudences\/cour-superieure-de-justice-15-janvier-2026-n-2025-00609\/","name":"Cour sup\u00e9rieure de justice, 15 janvier 2026, n\u00b0 2025-00609 - Ma\u00eetre Hassan Kohen, avocat en droit p\u00e9nal \u00e0 Paris","isPartOf":{"@id":"https:\/\/kohenavocats.com\/ru\/#website"},"datePublished":"2026-04-15T23:22:23+00:00","dateModified":"2026-04-15T23:22:25+00:00","breadcrumb":{"@id":"https:\/\/kohenavocats.com\/ru\/jurisprudences\/cour-superieure-de-justice-15-janvier-2026-n-2025-00609\/#breadcrumb"},"inLanguage":"ru-RU","potentialAction":[{"@type":"ReadAction","target":["https:\/\/kohenavocats.com\/ru\/jurisprudences\/cour-superieure-de-justice-15-janvier-2026-n-2025-00609\/"]}]},{"@type":"BreadcrumbList","@id":"https:\/\/kohenavocats.com\/ru\/jurisprudences\/cour-superieure-de-justice-15-janvier-2026-n-2025-00609\/#breadcrumb","itemListElement":[{"@type":"ListItem","position":1,"name":"Home","item":"https:\/\/kohenavocats.com\/ru\/avocats-en-droit-penal-a-paris-conseil-et-defense-strategique\/"},{"@type":"ListItem","position":2,"name":"Jurisprudences","item":"https:\/\/kohenavocats.com\/ru\/jurisprudences\/"},{"@type":"ListItem","position":3,"name":"Cour sup\u00e9rieure de justice, 15 janvier 2026, n\u00b0 2025-00609"}]},{"@type":"WebSite","@id":"https:\/\/kohenavocats.com\/ru\/#website","url":"https:\/\/kohenavocats.com\/ru\/","name":"Kohen Avocats","description":"Ma\u00eetre Hassan Kohen, avocat p\u00e9naliste \u00e0 Paris, intervient exclusivement en droit p\u00e9nal pour la d\u00e9fense des particuliers, notamment en mati\u00e8re d\u2019accusations de viol. Il assure un accompagnement rigoureux d\u00e8s la garde \u00e0 vue jusqu\u2019\u00e0 la Cour d\u2019assises, veillant au strict respect des garanties proc\u00e9durales.","publisher":{"@id":"https:\/\/kohenavocats.com\/ru\/#organization"},"potentialAction":[{"@type":"SearchAction","target":{"@type":"EntryPoint","urlTemplate":"https:\/\/kohenavocats.com\/ru\/?s={search_term_string}"},"query-input":{"@type":"PropertyValueSpecification","valueRequired":true,"valueName":"search_term_string"}}],"inLanguage":"ru-RU"},{"@type":"Organization","@id":"https:\/\/kohenavocats.com\/ru\/#organization","name":"Kohen Avocats","url":"https:\/\/kohenavocats.com\/ru\/","logo":{"@type":"ImageObject","inLanguage":"ru-RU","@id":"https:\/\/kohenavocats.com\/ru\/#\/schema\/logo\/image\/","url":"https:\/\/kohenavocats.com\/wp-content\/uploads\/2026\/01\/Logo-2-1.webp","contentUrl":"https:\/\/kohenavocats.com\/wp-content\/uploads\/2026\/01\/Logo-2-1.webp","width":2114,"height":1253,"caption":"Kohen Avocats"},"image":{"@id":"https:\/\/kohenavocats.com\/ru\/#\/schema\/logo\/image\/"}}]}},"jetpack_likes_enabled":false,"jetpack_sharing_enabled":true,"_links":{"self":[{"href":"https:\/\/kohenavocats.com\/ru\/wp-json\/wp\/v2\/kji_decision\/573701","targetHints":{"allow":["GET"]}}],"collection":[{"href":"https:\/\/kohenavocats.com\/ru\/wp-json\/wp\/v2\/kji_decision"}],"about":[{"href":"https:\/\/kohenavocats.com\/ru\/wp-json\/wp\/v2\/types\/kji_decision"}],"wp:attachment":[{"href":"https:\/\/kohenavocats.com\/ru\/wp-json\/wp\/v2\/media?parent=573701"}],"wp:term":[{"taxonomy":"kji_country","embeddable":true,"href":"https:\/\/kohenavocats.com\/ru\/wp-json\/wp\/v2\/kji_country?post=573701"},{"taxonomy":"kji_court","embeddable":true,"href":"https:\/\/kohenavocats.com\/ru\/wp-json\/wp\/v2\/kji_court?post=573701"},{"taxonomy":"kji_chamber","embeddable":true,"href":"https:\/\/kohenavocats.com\/ru\/wp-json\/wp\/v2\/kji_chamber?post=573701"},{"taxonomy":"kji_year","embeddable":true,"href":"https:\/\/kohenavocats.com\/ru\/wp-json\/wp\/v2\/kji_year?post=573701"},{"taxonomy":"kji_subject","embeddable":true,"href":"https:\/\/kohenavocats.com\/ru\/wp-json\/wp\/v2\/kji_subject?post=573701"},{"taxonomy":"kji_keyword","embeddable":true,"href":"https:\/\/kohenavocats.com\/ru\/wp-json\/wp\/v2\/kji_keyword?post=573701"},{"taxonomy":"kji_language","embeddable":true,"href":"https:\/\/kohenavocats.com\/ru\/wp-json\/wp\/v2\/kji_language?post=573701"}],"curies":[{"name":"wp","href":"https:\/\/api.w.org\/{rel}","templated":true}]}}