{"id":574682,"date":"2026-04-16T04:15:43","date_gmt":"2026-04-16T02:15:43","guid":{"rendered":"https:\/\/kohenavocats.com\/jurisprudences\/cour-superieure-de-justice-26-juin-2025-n-2025-00497\/"},"modified":"2026-04-16T04:15:46","modified_gmt":"2026-04-16T02:15:46","slug":"cour-superieure-de-justice-26-juin-2025-n-2025-00497","status":"publish","type":"kji_decision","link":"https:\/\/kohenavocats.com\/ru\/jurisprudences\/cour-superieure-de-justice-26-juin-2025-n-2025-00497\/","title":{"rendered":"Cour sup\u00e9rieure de justice, 26 juin 2025, n\u00b0 2025-00497"},"content":{"rendered":"<div class=\"kji-decision\">\n<div class=\"kji-full-text\">\n<p>Arr\u00eat N\u00b078\/25-III\u2013TRAV Exempt-appel en mati\u00e8re de droit du travail. Audience publique duvingt-six juindeux millevingt-cinq. Num\u00e9roCAL-2025-00497du r\u00f4le Composition: Alain THORN, pr\u00e9sident de chambre, Anne-Fran\u00e7oise GREMLING,premierconseiller, Marc WAGNER, conseiller, Isabelle HIPPERT, greffier. Entre: L\u2019association sans but lucratifSOCIETE1.)a.s.b.l.,\u00e9tablie et ayant son si\u00e8ge social \u00e0 L-ADRESSE1.)repr\u00e9sent\u00e9e par son conseil d\u2019administration actuellement en fonctions, demanderesseaux termesd\u2019une requ\u00eate d\u2019appel d\u00e9pos\u00e9e au greffe de la Cour le12 juin 2025, comparant par la soci\u00e9t\u00e9 en commandite simple KLEYR GRASSO s.e.c.s., inscrite sur la liste V du tableau de l\u2019Ordre des avocats du Barreau de Luxembourg, \u00e9tablie et ayant son si\u00e8ge social \u00e0 L-2361 Strassen, 7, rue des Primeurs, repr\u00e9sent\u00e9e aux fins de la pr\u00e9sente proc\u00e9dure par Ma\u00eetre Christian JUNGERS, avocat \u00e0 la Cour, demeurant professionnellement \u00e0 la m\u00eame adresse, et:<\/p>\n<p>2 PERSONNE1.),demeurant \u00e0 L-ADRESSE2.), d\u00e9fendeuraux finsde la susdite requ\u00eate d\u2019appel, comparant par Ma\u00eetrePierre REUTER, avocat \u00e0 la Cour, demeurant\u00e0 Luxembourg, LA COUR D&#039;APPEL: Suivant un contrat de travail \u00e0 dur\u00e9e ind\u00e9termin\u00e9e dat\u00e9 du 25 ao\u00fbt 1997, conclu entre l\u2019association sans but lucratifSOCIETE1.)etPERSONNE1.), ce dernier a \u00e9t\u00e9 engag\u00e9 en la qualit\u00e9 de \u00abcuisinier\u00bb, avec effet au 25 ao\u00fbt 1997. Lors des \u00e9lections sociales tenues au mois de mars 2024,PERSONNE1.)a \u00e9t\u00e9 nomm\u00e9 d\u00e9l\u00e9gu\u00e9 du personnel titulaire. Par un courrier recommand\u00e9 dat\u00e9 du 21 f\u00e9vrier 2025, celui-ci a \u00e9t\u00e9 mis \u00e0 pied pour faute grave. Par une requ\u00eate d\u00e9pos\u00e9e le 13 mars 2025 au greffe du Tribunal du travail de et \u00e0 Luxembourg,PERSONNE1.)a fait convoquer l&#039;associationSOCIETE1.) devant le pr\u00e9sident du tribunal du travail aux fins de s\u2019y entendre ordonner, sur le fondement de l\u2019article L. 415-10 (4) du Code du travail, le maintien de sa r\u00e9mun\u00e9ration au-del\u00e0 de la dur\u00e9e de trois mois, en attendant la solution d\u00e9finitive du litige. Il a en outre requis la condamnation de la partie d\u00e9fenderesse \u00e0 lui payer une indemnit\u00e9 de proc\u00e9dure de 2.500 euros, sur base de l\u2019article 240 du Nouveau Code de proc\u00e9dure civile. La d\u00e9fenderesse a soulev\u00e9, en premier lieu, l\u2019incomp\u00e9tence territoriale du pr\u00e9sident du tribunal du travail de Luxembourg au profit du pr\u00e9sident du tribunal de travail d\u2019Esch-sur-Alzette, motif pris de ce quePERSONNE1.) aurait travaill\u00e9 en tant que cuisinier dans les locaux de la soci\u00e9t\u00e9SOCIETE2.) \u00e0ADRESSE3.), et ce \u00e0 partir de 1997. Conform\u00e9ment \u00e0 l\u2019article 25 du Nouveau Code de proc\u00e9dure civile, le lieu de travail du demandeur se trouverait partantdans le ressort du tribunal du travail d\u2019Esch-sur-Alzette. A titre subsidiaire, la d\u00e9fenderesse a sollicit\u00e9 la surs\u00e9ance \u00e0 statuer, en invoquant l\u2019adage \u00able criminel tient le civil en \u00e9tat\u00bb, consacr\u00e9 \u00e0 l\u2019article 3 du Code de proc\u00e9dure p\u00e9nale. En date du 21 f\u00e9vrier 2025, Ma\u00eetre Christian<\/p>\n<p>3 JUNGERS aurait d\u00e9pos\u00e9 au nom et pour compte de la d\u00e9fenderesse une plainte avec constitution de partie civile entre les mains du juge d\u2019instruction, dirig\u00e9e, entre autres, contrePERSONNE1.)pour des faits qualifi\u00e9s principalement de fausse attestation testimoniale, conform\u00e9ment \u00e0 l\u2019article 209-1 du Code p\u00e9nal. L\u2019action publique serait en mouvement et l\u2019issue du proc\u00e8s p\u00e9nal \u00e0 venir aurait une incidence sur le diff\u00e9rend relevant du droit du travail, de sorte qu\u2019un sursis \u00e0 statuer s\u2019imposerait, en application de l\u2019article 3 du Code de proc\u00e9dure p\u00e9nale. Le pr\u00e9sident du tribunal du travail de et \u00e0 Luxembourg a rendu, le 28 mai 2025, une ordonnance n\u00b0 1823\/25, dont le dispositif est con\u00e7u comme suit: \u00abrecevons la demande en la pure forme ; nous d\u00e9clarons comp\u00e9tent pour conna\u00eetre de la pr\u00e9sente demande ; disons irrecevable les demandes de donner acte dePERSONNE1.); disons qu\u2019il y a lieu de surseoir \u00e0 statuer ; r\u00e9servons toutes les demandes ainsi que les frais et d\u00e9pens de l\u2019instance ; fixons l\u2019affaire au r\u00f4le g\u00e9n\u00e9ral.\u00bb Par requ\u00eate d\u00e9pos\u00e9e le 12 juin 2025 au greffe de la Cour, l\u2019association sans but lucratifSOCIETE1.)a demand\u00e9, sur base de l\u2019article 580-1 du Nouveau Code de proc\u00e9dure civile, \u00e0 la Cour d\u2019appel, si\u00e9geant en mati\u00e8re d\u2019appel en droit du travail, de statuer sur la possibilit\u00e9 pour la partie requ\u00e9rante de relever appel de ladite ordonnance. A l\u2019audience du 19 juin 2025, la partie requ\u00e9rante a soutenu que l\u2019admissibilit\u00e9 de l\u2019appel imm\u00e9diat ne devrait pas \u00eatre appr\u00e9ci\u00e9e exclusivement au regard de l\u2019article 579 du Nouveau Code de proc\u00e9dure civile, mais aussi au regard de l\u2019article 582 du m\u00eame Code et de l\u2019interpr\u00e9tation tr\u00e8s extensive qu\u2019en ferait un certain courant jurisprudentiel et doctrinal. PERSONNE1.)a conclu au rejet de la requ\u00eate, au motif que ni les conditions de l\u2019article 579, ni celles de l\u2019article 582 du Nouveau Code de proc\u00e9dure civile ne seraient r\u00e9unies dans le cas pr\u00e9sent. L\u2019article 580-1, alin\u00e9a 1 er , premi\u00e8re phrase, du Nouveau Code de proc\u00e9dure civile dispose ce qui suit: \u00abSur requ\u00eate d\u2019une partie, l\u2019autre partie d\u00fbment convoqu\u00e9e, la juridiction comp\u00e9tente pour conna\u00eetre de l\u2019appel peut accorder l\u2019autorisation de faire appel contre un jugement au titre de l\u2019article 579.<\/p>\n<p>4 L\u2019objectif poursuivi par le l\u00e9gislateur est d\u2019ouvrir aux parties la possibilit\u00e9 de faire v\u00e9rifier, \u00e0 un stade pr\u00e9alable, si le jugement en discussion remplit les crit\u00e8res pour faire l\u2019objet d\u2019un appel imm\u00e9diat; la disposition pr\u00e9cit\u00e9e ne permet pas \u00e0 la juridiction d\u2019appel d\u2019ouvrir le droit d\u2019appel imm\u00e9diat au-del\u00e0 des pr\u00e9visions l\u00e9gales (cf. Cour d\u2019appel, 29.10.2021, Pas. 40, 767). Les crit\u00e8res d\u2019admissibilit\u00e9 de l\u2019appel imm\u00e9diat sont \u00e9nonc\u00e9s \u00e0 l\u2019article 579 du m\u00eame Code(v. dans ce sens: Cour de cassation, 15.05.2025, arr\u00eat n\u00b0 83\/25)qui se lit comme suit: \u00abLes jugements qui tranchent une partie du principal et ordonnent une mesure d\u2019instruction ou une mesure provisoire peuvent \u00eatre imm\u00e9diatement frapp\u00e9s d\u2019appel comme les jugements qui tranchent une partie du principal. Il en est de m\u00eame lorsque le jugement qui statue sur une exception de proc\u00e9dure, une fin de non-recevoir ou tout autre incident met fin \u00e0 l\u2019instance.\u00bb Or, dans le cas pr\u00e9sent, le juge de premi\u00e8re instance a rendu une ordonnance par laquelle il s\u2019est d\u00e9clar\u00e9 comp\u00e9tent pour conna\u00eetre de la demande et a ordonn\u00e9 un sursis \u00e0 statuer, avant de fixer l\u2019affaire au r\u00f4le g\u00e9n\u00e9ral. Ce faisant, le juge du premier degr\u00e9 n\u2019a pas rendu une d\u00e9cision qui aurait tranch\u00e9 une partie du principal et institu\u00e9 une mesure d\u2019instruction ou une mesure provisoire, ni une d\u00e9cision qui aurait mis fin \u00e0 l\u2019instance en statuant sur l\u2019exception soulev\u00e9e. Il suit de l\u00e0 que l\u2019ordonnance dont il s\u2019agit ne r\u00e9pond pas \u00e0 l\u2019une des conditions l\u00e9gales auxquelles l\u2019article 579 subordonne l\u2019admissibilit\u00e9 de l\u2019appel imm\u00e9diat. L\u2019article 582 du m\u00eame Code dont se pr\u00e9vaut la partie requ\u00e9rante, n\u2019est pas \u00e0 interpr\u00e9ter en ce sens qu\u2019un jugement serait imm\u00e9diatement appelable, d\u00e8s lors que la juridiction du premier degr\u00e9 a statu\u00e9 sur une exception d\u2019incomp\u00e9tence. En coh\u00e9rence avec l\u2019article 579, la possibilit\u00e9 d\u2019interjeter appel pr\u00e9vue par l\u2019article 582 suppose une d\u00e9cision ayantretenu l\u2019incomp\u00e9tence de la juridiction saisie et mettant partant fin \u00e0 l\u2019instance, quand bien m\u00eame cette d\u00e9cision aurait \u00e9t\u00e9 rendue en dernier ressort. Tel n\u2019est pas le cas de l\u2019ordonnance du 28 mai 2025 en cause. En cons\u00e9quence, la requ\u00eate doit \u00eatre rejet\u00e9e comme infond\u00e9e.<\/p>\n<p>5 PAR CES MOTIFS: laCour d\u2019appel, troisi\u00e8me chambre, si\u00e9geant en mati\u00e8re de droit du travail, statuant contradictoirement, re\u00e7oit la requ\u00eate d\u00e9pos\u00e9e le 12 juin 2025 par l\u2019association sans but lucratif SOCIETE1.), la dit non fond\u00e9e et en d\u00e9boute, laisse les frais de la pr\u00e9sente instance \u00e0 charge de la partie requ\u00e9rante. La lecture du pr\u00e9sent arr\u00eat a \u00e9t\u00e9 faite en la susdite audience publique par Monsieur lepr\u00e9sident de chambreAlain THORN, en pr\u00e9sence du greffier Isabelle HIPPERT.<\/p>\n<\/div>\n<hr class=\"kji-sep\" \/>\n<p class=\"kji-source-links\"><strong>Sources officielles :<\/strong> <a class=\"kji-source-link\" href=\"https:\/\/data.public.lu\/fr\/datasets\/cour-superieure-de-justice-chambre-3\/\" target=\"_blank\" rel=\"noopener noreferrer\">consulter la page source<\/a> &middot; <a class=\"kji-pdf-link\" href=\"https:\/\/download.data.public.lu\/resources\/cour-superieure-de-justice-chambre-3\/20250630-010143\/20250626-ca03-cal-2025-00497-pseudonymise-accessible.pdf\" target=\"_blank\" rel=\"noopener noreferrer\">PDF officiel<\/a><\/p>\n<p class=\"kji-license-note\"><em>Licence CC BY-ND 4.0 (Administration judiciaire, data.public.lu). Republication autorisee avec attribution, sans modification editoriale du texte integral.<\/em><\/p>\n<\/div>\n","protected":false},"excerpt":{"rendered":"<p>Arr\u00eat N\u00b078\/25-III\u2013TRAV Exempt-appel en mati\u00e8re de droit du travail. Audience publique duvingt-six juindeux millevingt-cinq. Num\u00e9roCAL-2025-00497du r\u00f4le Composition: Alain THORN, pr\u00e9sident de chambre, Anne-Fran\u00e7oise GREMLING,premierconseiller, Marc WAGNER, conseiller, Isabelle HIPPERT, greffier. Entre: L\u2019association sans but lucratifSOCIETE1.)a.s.b.l.,\u00e9tablie et ayant son si\u00e8ge social \u00e0 L-ADRESSE1.)repr\u00e9sent\u00e9e par son conseil\u2026<\/p>\n","protected":false},"featured_media":0,"template":"","meta":{"_crdt_document":""},"kji_country":[8418],"kji_court":[12305],"kji_chamber":[15890],"kji_year":[8463],"kji_subject":[7724],"kji_keyword":[8683,15891,9055,12307],"kji_language":[7733],"class_list":["post-574682","kji_decision","type-kji_decision","status-publish","hentry","kji_country-luxembourg","kji_court-cour-superieure-de-justice","kji_chamber-chambre-3","kji_year-8463","kji_subject-civil","kji_keyword-arret","kji_keyword-iii-trav","kji_keyword-justice","kji_keyword-superieure","kji_language-francais"],"yoast_head":"<!-- This site is optimized with the Yoast SEO Premium plugin v27.4 (Yoast SEO v27.4) - https:\/\/yoast.com\/product\/yoast-seo-premium-wordpress\/ -->\n<title>Cour sup\u00e9rieure de justice, 26 juin 2025, n\u00b0 2025-00497 - Ma\u00eetre Hassan Kohen, avocat en droit p\u00e9nal \u00e0 Paris<\/title>\n<meta name=\"robots\" content=\"index, follow, max-snippet:-1, max-image-preview:large, max-video-preview:-1\" \/>\n<link rel=\"canonical\" href=\"https:\/\/kohenavocats.com\/ru\/jurisprudences\/cour-superieure-de-justice-26-juin-2025-n-2025-00497\/\" \/>\n<meta property=\"og:locale\" content=\"ru_RU\" \/>\n<meta property=\"og:type\" content=\"article\" \/>\n<meta property=\"og:title\" content=\"Cour sup\u00e9rieure de justice, 26 juin 2025, n\u00b0 2025-00497\" \/>\n<meta property=\"og:description\" content=\"Arr\u00eat N\u00b078\/25-III\u2013TRAV Exempt-appel en mati\u00e8re de droit du travail. Audience publique duvingt-six juindeux millevingt-cinq. Num\u00e9roCAL-2025-00497du r\u00f4le Composition: Alain THORN, pr\u00e9sident de chambre, Anne-Fran\u00e7oise GREMLING,premierconseiller, Marc WAGNER, conseiller, Isabelle HIPPERT, greffier. Entre: L\u2019association sans but lucratifSOCIETE1.)a.s.b.l.,\u00e9tablie et ayant son si\u00e8ge social \u00e0 L-ADRESSE1.)repr\u00e9sent\u00e9e par son conseil\u2026\" \/>\n<meta property=\"og:url\" content=\"https:\/\/kohenavocats.com\/ru\/jurisprudences\/cour-superieure-de-justice-26-juin-2025-n-2025-00497\/\" \/>\n<meta property=\"og:site_name\" content=\"Ma\u00eetre Hassan Kohen, avocat en droit p\u00e9nal \u00e0 Paris\" \/>\n<meta property=\"article:modified_time\" content=\"2026-04-16T02:15:46+00:00\" \/>\n<meta name=\"twitter:card\" content=\"summary_large_image\" \/>\n<meta name=\"twitter:label1\" content=\"\u041f\u0440\u0438\u043c\u0435\u0440\u043d\u043e\u0435 \u0432\u0440\u0435\u043c\u044f \u0434\u043b\u044f \u0447\u0442\u0435\u043d\u0438\u044f\" \/>\n\t<meta name=\"twitter:data1\" content=\"7 \u043c\u0438\u043d\u0443\u0442\" \/>\n<script type=\"application\/ld+json\" class=\"yoast-schema-graph\">{\"@context\":\"https:\\\/\\\/schema.org\",\"@graph\":[{\"@type\":\"WebPage\",\"@id\":\"https:\\\/\\\/kohenavocats.com\\\/ru\\\/jurisprudences\\\/cour-superieure-de-justice-26-juin-2025-n-2025-00497\\\/\",\"url\":\"https:\\\/\\\/kohenavocats.com\\\/ru\\\/jurisprudences\\\/cour-superieure-de-justice-26-juin-2025-n-2025-00497\\\/\",\"name\":\"Cour sup\u00e9rieure de justice, 26 juin 2025, n\u00b0 2025-00497 - Ma\u00eetre Hassan Kohen, avocat en droit p\u00e9nal \u00e0 Paris\",\"isPartOf\":{\"@id\":\"https:\\\/\\\/kohenavocats.com\\\/ru\\\/#website\"},\"datePublished\":\"2026-04-16T02:15:43+00:00\",\"dateModified\":\"2026-04-16T02:15:46+00:00\",\"breadcrumb\":{\"@id\":\"https:\\\/\\\/kohenavocats.com\\\/ru\\\/jurisprudences\\\/cour-superieure-de-justice-26-juin-2025-n-2025-00497\\\/#breadcrumb\"},\"inLanguage\":\"ru-RU\",\"potentialAction\":[{\"@type\":\"ReadAction\",\"target\":[\"https:\\\/\\\/kohenavocats.com\\\/ru\\\/jurisprudences\\\/cour-superieure-de-justice-26-juin-2025-n-2025-00497\\\/\"]}]},{\"@type\":\"BreadcrumbList\",\"@id\":\"https:\\\/\\\/kohenavocats.com\\\/ru\\\/jurisprudences\\\/cour-superieure-de-justice-26-juin-2025-n-2025-00497\\\/#breadcrumb\",\"itemListElement\":[{\"@type\":\"ListItem\",\"position\":1,\"name\":\"Home\",\"item\":\"https:\\\/\\\/kohenavocats.com\\\/ru\\\/avocats-en-droit-penal-a-paris-conseil-et-defense-strategique\\\/\"},{\"@type\":\"ListItem\",\"position\":2,\"name\":\"Jurisprudences\",\"item\":\"https:\\\/\\\/kohenavocats.com\\\/ru\\\/jurisprudences\\\/\"},{\"@type\":\"ListItem\",\"position\":3,\"name\":\"Cour sup\u00e9rieure de justice, 26 juin 2025, n\u00b0 2025-00497\"}]},{\"@type\":\"WebSite\",\"@id\":\"https:\\\/\\\/kohenavocats.com\\\/ru\\\/#website\",\"url\":\"https:\\\/\\\/kohenavocats.com\\\/ru\\\/\",\"name\":\"Kohen Avocats\",\"description\":\"Ma\u00eetre Hassan Kohen, avocat p\u00e9naliste \u00e0 Paris, intervient exclusivement en droit p\u00e9nal pour la d\u00e9fense des particuliers, notamment en mati\u00e8re d\u2019accusations de viol. Il assure un accompagnement rigoureux d\u00e8s la garde \u00e0 vue jusqu\u2019\u00e0 la Cour d\u2019assises, veillant au strict respect des garanties proc\u00e9durales.\",\"publisher\":{\"@id\":\"https:\\\/\\\/kohenavocats.com\\\/ru\\\/#organization\"},\"potentialAction\":[{\"@type\":\"SearchAction\",\"target\":{\"@type\":\"EntryPoint\",\"urlTemplate\":\"https:\\\/\\\/kohenavocats.com\\\/ru\\\/?s={search_term_string}\"},\"query-input\":{\"@type\":\"PropertyValueSpecification\",\"valueRequired\":true,\"valueName\":\"search_term_string\"}}],\"inLanguage\":\"ru-RU\"},{\"@type\":\"Organization\",\"@id\":\"https:\\\/\\\/kohenavocats.com\\\/ru\\\/#organization\",\"name\":\"Kohen Avocats\",\"url\":\"https:\\\/\\\/kohenavocats.com\\\/ru\\\/\",\"logo\":{\"@type\":\"ImageObject\",\"inLanguage\":\"ru-RU\",\"@id\":\"https:\\\/\\\/kohenavocats.com\\\/ru\\\/#\\\/schema\\\/logo\\\/image\\\/\",\"url\":\"https:\\\/\\\/kohenavocats.com\\\/wp-content\\\/uploads\\\/2026\\\/01\\\/Logo-2-1.webp\",\"contentUrl\":\"https:\\\/\\\/kohenavocats.com\\\/wp-content\\\/uploads\\\/2026\\\/01\\\/Logo-2-1.webp\",\"width\":2114,\"height\":1253,\"caption\":\"Kohen Avocats\"},\"image\":{\"@id\":\"https:\\\/\\\/kohenavocats.com\\\/ru\\\/#\\\/schema\\\/logo\\\/image\\\/\"}}]}<\/script>\n<!-- \/ Yoast SEO Premium plugin. -->","yoast_head_json":{"title":"Cour sup\u00e9rieure de justice, 26 juin 2025, n\u00b0 2025-00497 - Ma\u00eetre Hassan Kohen, avocat en droit p\u00e9nal \u00e0 Paris","robots":{"index":"index","follow":"follow","max-snippet":"max-snippet:-1","max-image-preview":"max-image-preview:large","max-video-preview":"max-video-preview:-1"},"canonical":"https:\/\/kohenavocats.com\/ru\/jurisprudences\/cour-superieure-de-justice-26-juin-2025-n-2025-00497\/","og_locale":"ru_RU","og_type":"article","og_title":"Cour sup\u00e9rieure de justice, 26 juin 2025, n\u00b0 2025-00497","og_description":"Arr\u00eat N\u00b078\/25-III\u2013TRAV Exempt-appel en mati\u00e8re de droit du travail. Audience publique duvingt-six juindeux millevingt-cinq. Num\u00e9roCAL-2025-00497du r\u00f4le Composition: Alain THORN, pr\u00e9sident de chambre, Anne-Fran\u00e7oise GREMLING,premierconseiller, Marc WAGNER, conseiller, Isabelle HIPPERT, greffier. Entre: L\u2019association sans but lucratifSOCIETE1.)a.s.b.l.,\u00e9tablie et ayant son si\u00e8ge social \u00e0 L-ADRESSE1.)repr\u00e9sent\u00e9e par son conseil\u2026","og_url":"https:\/\/kohenavocats.com\/ru\/jurisprudences\/cour-superieure-de-justice-26-juin-2025-n-2025-00497\/","og_site_name":"Ma\u00eetre Hassan Kohen, avocat en droit p\u00e9nal \u00e0 Paris","article_modified_time":"2026-04-16T02:15:46+00:00","twitter_card":"summary_large_image","twitter_misc":{"\u041f\u0440\u0438\u043c\u0435\u0440\u043d\u043e\u0435 \u0432\u0440\u0435\u043c\u044f \u0434\u043b\u044f \u0447\u0442\u0435\u043d\u0438\u044f":"7 \u043c\u0438\u043d\u0443\u0442"},"schema":{"@context":"https:\/\/schema.org","@graph":[{"@type":"WebPage","@id":"https:\/\/kohenavocats.com\/ru\/jurisprudences\/cour-superieure-de-justice-26-juin-2025-n-2025-00497\/","url":"https:\/\/kohenavocats.com\/ru\/jurisprudences\/cour-superieure-de-justice-26-juin-2025-n-2025-00497\/","name":"Cour sup\u00e9rieure de justice, 26 juin 2025, n\u00b0 2025-00497 - Ma\u00eetre Hassan Kohen, avocat en droit p\u00e9nal \u00e0 Paris","isPartOf":{"@id":"https:\/\/kohenavocats.com\/ru\/#website"},"datePublished":"2026-04-16T02:15:43+00:00","dateModified":"2026-04-16T02:15:46+00:00","breadcrumb":{"@id":"https:\/\/kohenavocats.com\/ru\/jurisprudences\/cour-superieure-de-justice-26-juin-2025-n-2025-00497\/#breadcrumb"},"inLanguage":"ru-RU","potentialAction":[{"@type":"ReadAction","target":["https:\/\/kohenavocats.com\/ru\/jurisprudences\/cour-superieure-de-justice-26-juin-2025-n-2025-00497\/"]}]},{"@type":"BreadcrumbList","@id":"https:\/\/kohenavocats.com\/ru\/jurisprudences\/cour-superieure-de-justice-26-juin-2025-n-2025-00497\/#breadcrumb","itemListElement":[{"@type":"ListItem","position":1,"name":"Home","item":"https:\/\/kohenavocats.com\/ru\/avocats-en-droit-penal-a-paris-conseil-et-defense-strategique\/"},{"@type":"ListItem","position":2,"name":"Jurisprudences","item":"https:\/\/kohenavocats.com\/ru\/jurisprudences\/"},{"@type":"ListItem","position":3,"name":"Cour sup\u00e9rieure de justice, 26 juin 2025, n\u00b0 2025-00497"}]},{"@type":"WebSite","@id":"https:\/\/kohenavocats.com\/ru\/#website","url":"https:\/\/kohenavocats.com\/ru\/","name":"Kohen Avocats","description":"Ma\u00eetre Hassan Kohen, avocat p\u00e9naliste \u00e0 Paris, intervient exclusivement en droit p\u00e9nal pour la d\u00e9fense des particuliers, notamment en mati\u00e8re d\u2019accusations de viol. Il assure un accompagnement rigoureux d\u00e8s la garde \u00e0 vue jusqu\u2019\u00e0 la Cour d\u2019assises, veillant au strict respect des garanties proc\u00e9durales.","publisher":{"@id":"https:\/\/kohenavocats.com\/ru\/#organization"},"potentialAction":[{"@type":"SearchAction","target":{"@type":"EntryPoint","urlTemplate":"https:\/\/kohenavocats.com\/ru\/?s={search_term_string}"},"query-input":{"@type":"PropertyValueSpecification","valueRequired":true,"valueName":"search_term_string"}}],"inLanguage":"ru-RU"},{"@type":"Organization","@id":"https:\/\/kohenavocats.com\/ru\/#organization","name":"Kohen Avocats","url":"https:\/\/kohenavocats.com\/ru\/","logo":{"@type":"ImageObject","inLanguage":"ru-RU","@id":"https:\/\/kohenavocats.com\/ru\/#\/schema\/logo\/image\/","url":"https:\/\/kohenavocats.com\/wp-content\/uploads\/2026\/01\/Logo-2-1.webp","contentUrl":"https:\/\/kohenavocats.com\/wp-content\/uploads\/2026\/01\/Logo-2-1.webp","width":2114,"height":1253,"caption":"Kohen Avocats"},"image":{"@id":"https:\/\/kohenavocats.com\/ru\/#\/schema\/logo\/image\/"}}]}},"jetpack_likes_enabled":false,"jetpack_sharing_enabled":true,"_links":{"self":[{"href":"https:\/\/kohenavocats.com\/ru\/wp-json\/wp\/v2\/kji_decision\/574682","targetHints":{"allow":["GET"]}}],"collection":[{"href":"https:\/\/kohenavocats.com\/ru\/wp-json\/wp\/v2\/kji_decision"}],"about":[{"href":"https:\/\/kohenavocats.com\/ru\/wp-json\/wp\/v2\/types\/kji_decision"}],"wp:attachment":[{"href":"https:\/\/kohenavocats.com\/ru\/wp-json\/wp\/v2\/media?parent=574682"}],"wp:term":[{"taxonomy":"kji_country","embeddable":true,"href":"https:\/\/kohenavocats.com\/ru\/wp-json\/wp\/v2\/kji_country?post=574682"},{"taxonomy":"kji_court","embeddable":true,"href":"https:\/\/kohenavocats.com\/ru\/wp-json\/wp\/v2\/kji_court?post=574682"},{"taxonomy":"kji_chamber","embeddable":true,"href":"https:\/\/kohenavocats.com\/ru\/wp-json\/wp\/v2\/kji_chamber?post=574682"},{"taxonomy":"kji_year","embeddable":true,"href":"https:\/\/kohenavocats.com\/ru\/wp-json\/wp\/v2\/kji_year?post=574682"},{"taxonomy":"kji_subject","embeddable":true,"href":"https:\/\/kohenavocats.com\/ru\/wp-json\/wp\/v2\/kji_subject?post=574682"},{"taxonomy":"kji_keyword","embeddable":true,"href":"https:\/\/kohenavocats.com\/ru\/wp-json\/wp\/v2\/kji_keyword?post=574682"},{"taxonomy":"kji_language","embeddable":true,"href":"https:\/\/kohenavocats.com\/ru\/wp-json\/wp\/v2\/kji_language?post=574682"}],"curies":[{"name":"wp","href":"https:\/\/api.w.org\/{rel}","templated":true}]}}