{"id":576088,"date":"2026-04-16T08:38:02","date_gmt":"2026-04-16T06:38:02","guid":{"rendered":"https:\/\/kohenavocats.com\/jurisprudences\/eclinlrbdha202523500-rechtbank-den-haag-10-12-2025-nl25-48674-nl25-48675\/"},"modified":"2026-04-16T08:38:02","modified_gmt":"2026-04-16T06:38:02","slug":"eclinlrbdha202523500-rechtbank-den-haag-10-12-2025-nl25-48674-nl25-48675","status":"publish","type":"kji_decision","link":"https:\/\/kohenavocats.com\/ru\/jurisprudences\/eclinlrbdha202523500-rechtbank-den-haag-10-12-2025-nl25-48674-nl25-48675\/","title":{"rendered":"ECLI:NL:RBDHA:2025:23500 Rechtbank Den Haag , 10-12-2025 \/ NL25.48674, NL25.48675"},"content":{"rendered":"<div class=\"kji-decision\">\n<div class=\"kji-full-text\">\n<p><strong>Inhoudsindicatie.<\/strong> Beroep niet tijdig, asiel<\/p>\n<p>RECHTBANK DEN HAAG<\/p>\n<p>Zittingsplaats Groningen<\/p>\n<p>Bestuursrecht<\/p>\n<p>zaaknummer: NL25.48674 en NL25.48675<\/p>\n<h3>uitspraak van de enkelvoudige kamer in de zaak tussen<\/h3>\n<h3>[naam] ,<\/h3>\n<p>V-nummer: [nummer] ,<\/p>\n<h3>[naam] ,<\/h3>\n<p>V-nummer: [nummer] ,<\/p>\n<p>gezamenlijk: eisers,<\/p>\n<p>(gemachtigde: mr. S.R. Nohar),<\/p>\n<p>Mede namens hun minderjarige kinderen:<\/p>\n<h3>[naam],<\/h3>\n<p>en<\/p>\n<h3>de minister van Asiel en Migratie, de minister.<\/h3>\n<h3>Inleiding<\/h3>\n<p>1. Deze uitspraak gaat over de beroepen die eisers hebben ingediend, omdat de minister niet op tijd zou hebben beslist op de asielaanvragen van 3 juli 2024 en 2 juli 2024.<\/p>\n<p>De rechtbank doet uitspraak zonder zitting.<\/p>\n<h3>Beoordeling door de rechtbank<\/h3>\n<p>Is het beroep ontvankelijk en kennelijk gegrond?<\/p>\n<p>2. De rechtbank stelt vast dat de beslistermijn om op de aanvragen te beslissen is verstreken.Eisers hebben de minister, na het verstrijken van de termijn, gevraagd om alsnog binnen twee weken te beslissen. Dat heeft de minister niet gedaan en eisers hebben vervolgens beroep ingesteld.<\/p>\n<p>3. De beroepen zijn ontvankelijk en kennelijk gegrond.<\/p>\n<h3>Welke beslistermijn legt de rechtbank de minister op?<\/h3>\n<p>4. De minister moet alsnog een besluit nemen op de aanvraag. De Afdeling bestuursrechtspraak van de Raad van State (Afdeling) heeft geoordeeld dat bij het bepalen van een nieuwe beslistermijn rekening moet worden gehouden met het \u20188+8 wekenmodel\u2019. Dit betekent dat de minister binnen een termijn van zestien weken een besluit moet nemen. De termijn begint op de dag na het bekendmaken van deze uitspraak.<\/p>\n<p>Welke dwangsom legt de rechtbank op?<\/p>\n<p>5. De rechtbank legt alleen een rechterlijke dwangsom op.<\/p>\n<p>6. De rechtbank bepaalt in deze zaken dat, als de minister niet binnen de door de rechtbank opgelegde termijn een besluit op de aanvraag neemt, de minister een dwangsom van \u20ac 100,- moet betalen voor elke dag waarmee de beslistermijn wordt overschreden, met een maximum van \u20ac 15.000,-.<\/p>\n<h3>Conclusie en gevolgen<\/h3>\n<p>7. De beroepen zijn kennelijk gegrond. Dat betekent dat eisers gelijk krijgen en de minister zestien weken de tijd krijgt om alsnog een besluit te nemen. Doet de minister dat niet, dan is hij aan eisers een dwangsom verschuldigd.<\/p>\n<p>8. De minister moet de door eisers gemaakte proceskosten vergoeden. Deze kosten stelt de rechtbank vast op \u20ac 453,50.<\/p>\n<h3>Beslissing<\/h3>\n<p>De rechtbank:<\/p>\n<p>verklaart de beroepen gegrond;<\/p>\n<p>vernietigt het, met een besluit gelijk te stellen, niet tijdig nemen van een besluit;<\/p>\n<p>draagt de minister op om binnen zestien weken na de dag van het bekendmaken van deze uitspraak alsnog een besluit op de aanvragen bekend te maken;<\/p>\n<p>bepaalt dat de minister aan eisers gezamenlijk een dwangsom van \u20ac 100,- moet betalen voor elke dag waarmee hij de hiervoor genoemde termijn overschrijdt, met een maximum van \u20ac 15.000,-;<\/p>\n<p>veroordeelt de minister in de proceskosten van eisers gezamenlijk tot een bedrag van \u20ac 453,50.<\/p>\n<p>Deze uitspraak is gedaan door mr. R. Tesfai, rechter, in aanwezigheid van K.D.M. Nijholt, griffier, en openbaar gemaakt door middel van geanonimiseerde publicatie op rechtspraak.nl.<\/p>\n<p>Deze uitspraak is bekendgemaakt op:<\/p>\n<p>Bent u het niet eens met deze uitspraak?<\/p>\n<p>Als u het niet eens bent met deze uitspraak, kunt u een brief sturen naar de rechtbank waarin u uitlegt waarom u het er niet mee eens bent. Dit heet een verzetschrift. U moet dit verzetschrift indienen binnen 6 weken na de dag waarop deze uitspraak is verzonden. U ziet deze datum hierboven. Als u graag een zitting wilt waarin u uw verzetschrift kunt toelichten, kunt u dit in uw verzetschrift vermelden.<\/p>\n<h3>Voetnoten<\/h3>\n<ol>\n<li>Artikel 8:54 van de Algemene wet bestuursrecht (Awb).<\/li>\n<li>Artikel 42 van de Vreemdelingenwet 2000 (Vw).<\/li>\n<li>Artikel 6:12, tweede lid aanhef en onder a, van de Awb.<\/li>\n<li>Artikel 6:12, tweede lid aanhef en onder b, van de Awb.<\/li>\n<li>Artikel 8:72, vierde lid, aanhef en onder b, van de Awb.<\/li>\n<li>ECLI:NL:RVS:2020:1560.<\/li>\n<li>ECLI:NL:RVS:2022:3352 en ECLI:NL:RVS:2022:3353.<\/li>\n<li>Artikel 8:55d, tweede lid, van de Awb.<\/li>\n<li>Op grond van het Besluit proceskosten bestuursrecht voor de door de gemachtigde verleende rechtsbijstand, waarbij 1 punt is gerekend voor het indienen van het beroepschrift met een waarde per punt van \u20ac 907,- en een wegingsfactor van 0,5.<\/li>\n<\/ol>\n<\/div>\n<hr class=\"kji-sep\" \/>\n<p class=\"kji-source-links\"><strong>Sources officielles :<\/strong> <a class=\"kji-source-link\" href=\"http:\/\/deeplink.rechtspraak.nl\/uitspraak?id=ECLI:NL:RBDHA:2025:23500\" target=\"_blank\" rel=\"noopener noreferrer\">consulter la page source<\/a><\/p>\n<p class=\"kji-license-note\"><em>Rechtspraak.nl open data, Creative Commons Zero. Volume cible 1.8M decisions.<\/em><\/p>\n<\/div>\n","protected":false},"excerpt":{"rendered":"<p>Beroep niet tijdig, asiel<\/p>\n","protected":false},"featured_media":0,"template":"","meta":{"_crdt_document":""},"kji_country":[7669],"kji_court":[7670],"kji_chamber":[],"kji_year":[8463],"kji_subject":[7646],"kji_keyword":[7827,7992,7674,7675,8123],"kji_language":[7671],"class_list":["post-576088","kji_decision","type-kji_decision","status-publish","hentry","kji_country-pays-bas","kji_court-rechtbank-den-haag","kji_year-8463","kji_subject-divers","kji_keyword-asiel","kji_keyword-beroep","kji_keyword-rbdha","kji_keyword-rechtbank","kji_keyword-tijdig","kji_language-nl"],"yoast_head":"<!-- This site is optimized with the Yoast SEO Premium plugin v27.5 (Yoast SEO v27.5) - https:\/\/yoast.com\/product\/yoast-seo-premium-wordpress\/ -->\n<title>ECLI:NL:RBDHA:2025:23500 Rechtbank Den Haag , 10-12-2025 \/ NL25.48674, NL25.48675 - Ma\u00eetre Hassan Kohen, avocat en droit p\u00e9nal \u00e0 Paris<\/title>\n<meta name=\"robots\" content=\"index, follow, max-snippet:-1, max-image-preview:large, max-video-preview:-1\" \/>\n<link rel=\"canonical\" href=\"https:\/\/kohenavocats.com\/ru\/jurisprudences\/eclinlrbdha202523500-rechtbank-den-haag-10-12-2025-nl25-48674-nl25-48675\/\" \/>\n<meta property=\"og:locale\" content=\"ru_RU\" \/>\n<meta property=\"og:type\" content=\"article\" \/>\n<meta property=\"og:title\" content=\"ECLI:NL:RBDHA:2025:23500 Rechtbank Den Haag , 10-12-2025 \/ NL25.48674, NL25.48675\" \/>\n<meta property=\"og:description\" content=\"Beroep niet tijdig, asiel\" \/>\n<meta property=\"og:url\" content=\"https:\/\/kohenavocats.com\/ru\/jurisprudences\/eclinlrbdha202523500-rechtbank-den-haag-10-12-2025-nl25-48674-nl25-48675\/\" \/>\n<meta property=\"og:site_name\" content=\"Ma\u00eetre Hassan Kohen, avocat en droit p\u00e9nal \u00e0 Paris\" \/>\n<meta name=\"twitter:card\" content=\"summary_large_image\" \/>\n<meta name=\"twitter:label1\" content=\"\u041f\u0440\u0438\u043c\u0435\u0440\u043d\u043e\u0435 \u0432\u0440\u0435\u043c\u044f \u0434\u043b\u044f \u0447\u0442\u0435\u043d\u0438\u044f\" \/>\n\t<meta name=\"twitter:data1\" content=\"3 \u043c\u0438\u043d\u0443\u0442\u044b\" \/>\n<script type=\"application\/ld+json\" class=\"yoast-schema-graph\">{\"@context\":\"https:\\\/\\\/schema.org\",\"@graph\":[{\"@type\":\"WebPage\",\"@id\":\"https:\\\/\\\/kohenavocats.com\\\/ru\\\/jurisprudences\\\/eclinlrbdha202523500-rechtbank-den-haag-10-12-2025-nl25-48674-nl25-48675\\\/\",\"url\":\"https:\\\/\\\/kohenavocats.com\\\/ru\\\/jurisprudences\\\/eclinlrbdha202523500-rechtbank-den-haag-10-12-2025-nl25-48674-nl25-48675\\\/\",\"name\":\"ECLI:NL:RBDHA:2025:23500 Rechtbank Den Haag , 10-12-2025 \\\/ NL25.48674, NL25.48675 - Ma\u00eetre Hassan Kohen, avocat en droit p\u00e9nal \u00e0 Paris\",\"isPartOf\":{\"@id\":\"https:\\\/\\\/kohenavocats.com\\\/ru\\\/#website\"},\"datePublished\":\"2026-04-16T06:38:02+00:00\",\"breadcrumb\":{\"@id\":\"https:\\\/\\\/kohenavocats.com\\\/ru\\\/jurisprudences\\\/eclinlrbdha202523500-rechtbank-den-haag-10-12-2025-nl25-48674-nl25-48675\\\/#breadcrumb\"},\"inLanguage\":\"ru-RU\",\"potentialAction\":[{\"@type\":\"ReadAction\",\"target\":[\"https:\\\/\\\/kohenavocats.com\\\/ru\\\/jurisprudences\\\/eclinlrbdha202523500-rechtbank-den-haag-10-12-2025-nl25-48674-nl25-48675\\\/\"]}]},{\"@type\":\"BreadcrumbList\",\"@id\":\"https:\\\/\\\/kohenavocats.com\\\/ru\\\/jurisprudences\\\/eclinlrbdha202523500-rechtbank-den-haag-10-12-2025-nl25-48674-nl25-48675\\\/#breadcrumb\",\"itemListElement\":[{\"@type\":\"ListItem\",\"position\":1,\"name\":\"Home\",\"item\":\"https:\\\/\\\/kohenavocats.com\\\/ru\\\/avocats-en-droit-penal-a-paris-conseil-et-defense-strategique\\\/\"},{\"@type\":\"ListItem\",\"position\":2,\"name\":\"Jurisprudences\",\"item\":\"https:\\\/\\\/kohenavocats.com\\\/ru\\\/jurisprudences\\\/\"},{\"@type\":\"ListItem\",\"position\":3,\"name\":\"ECLI:NL:RBDHA:2025:23500 Rechtbank Den Haag , 10-12-2025 \\\/ NL25.48674, NL25.48675\"}]},{\"@type\":\"WebSite\",\"@id\":\"https:\\\/\\\/kohenavocats.com\\\/ru\\\/#website\",\"url\":\"https:\\\/\\\/kohenavocats.com\\\/ru\\\/\",\"name\":\"Kohen Avocats\",\"description\":\"Ma\u00eetre Hassan Kohen, avocat p\u00e9naliste \u00e0 Paris, intervient exclusivement en droit p\u00e9nal pour la d\u00e9fense des particuliers, notamment en mati\u00e8re d\u2019accusations de viol. Il assure un accompagnement rigoureux d\u00e8s la garde \u00e0 vue jusqu\u2019\u00e0 la Cour d\u2019assises, veillant au strict respect des garanties proc\u00e9durales.\",\"publisher\":{\"@id\":\"https:\\\/\\\/kohenavocats.com\\\/ru\\\/#organization\"},\"potentialAction\":[{\"@type\":\"SearchAction\",\"target\":{\"@type\":\"EntryPoint\",\"urlTemplate\":\"https:\\\/\\\/kohenavocats.com\\\/ru\\\/?s={search_term_string}\"},\"query-input\":{\"@type\":\"PropertyValueSpecification\",\"valueRequired\":true,\"valueName\":\"search_term_string\"}}],\"inLanguage\":\"ru-RU\"},{\"@type\":\"Organization\",\"@id\":\"https:\\\/\\\/kohenavocats.com\\\/ru\\\/#organization\",\"name\":\"Kohen Avocats\",\"url\":\"https:\\\/\\\/kohenavocats.com\\\/ru\\\/\",\"logo\":{\"@type\":\"ImageObject\",\"inLanguage\":\"ru-RU\",\"@id\":\"https:\\\/\\\/kohenavocats.com\\\/ru\\\/#\\\/schema\\\/logo\\\/image\\\/\",\"url\":\"https:\\\/\\\/kohenavocats.com\\\/wp-content\\\/uploads\\\/2026\\\/01\\\/Logo-2-1.webp\",\"contentUrl\":\"https:\\\/\\\/kohenavocats.com\\\/wp-content\\\/uploads\\\/2026\\\/01\\\/Logo-2-1.webp\",\"width\":2114,\"height\":1253,\"caption\":\"Kohen Avocats\"},\"image\":{\"@id\":\"https:\\\/\\\/kohenavocats.com\\\/ru\\\/#\\\/schema\\\/logo\\\/image\\\/\"}}]}<\/script>\n<!-- \/ Yoast SEO Premium plugin. -->","yoast_head_json":{"title":"ECLI:NL:RBDHA:2025:23500 Rechtbank Den Haag , 10-12-2025 \/ NL25.48674, NL25.48675 - Ma\u00eetre Hassan Kohen, avocat en droit p\u00e9nal \u00e0 Paris","robots":{"index":"index","follow":"follow","max-snippet":"max-snippet:-1","max-image-preview":"max-image-preview:large","max-video-preview":"max-video-preview:-1"},"canonical":"https:\/\/kohenavocats.com\/ru\/jurisprudences\/eclinlrbdha202523500-rechtbank-den-haag-10-12-2025-nl25-48674-nl25-48675\/","og_locale":"ru_RU","og_type":"article","og_title":"ECLI:NL:RBDHA:2025:23500 Rechtbank Den Haag , 10-12-2025 \/ NL25.48674, NL25.48675","og_description":"Beroep niet tijdig, asiel","og_url":"https:\/\/kohenavocats.com\/ru\/jurisprudences\/eclinlrbdha202523500-rechtbank-den-haag-10-12-2025-nl25-48674-nl25-48675\/","og_site_name":"Ma\u00eetre Hassan Kohen, avocat en droit p\u00e9nal \u00e0 Paris","twitter_card":"summary_large_image","twitter_misc":{"\u041f\u0440\u0438\u043c\u0435\u0440\u043d\u043e\u0435 \u0432\u0440\u0435\u043c\u044f \u0434\u043b\u044f \u0447\u0442\u0435\u043d\u0438\u044f":"3 \u043c\u0438\u043d\u0443\u0442\u044b"},"schema":{"@context":"https:\/\/schema.org","@graph":[{"@type":"WebPage","@id":"https:\/\/kohenavocats.com\/ru\/jurisprudences\/eclinlrbdha202523500-rechtbank-den-haag-10-12-2025-nl25-48674-nl25-48675\/","url":"https:\/\/kohenavocats.com\/ru\/jurisprudences\/eclinlrbdha202523500-rechtbank-den-haag-10-12-2025-nl25-48674-nl25-48675\/","name":"ECLI:NL:RBDHA:2025:23500 Rechtbank Den Haag , 10-12-2025 \/ NL25.48674, NL25.48675 - Ma\u00eetre Hassan Kohen, avocat en droit p\u00e9nal \u00e0 Paris","isPartOf":{"@id":"https:\/\/kohenavocats.com\/ru\/#website"},"datePublished":"2026-04-16T06:38:02+00:00","breadcrumb":{"@id":"https:\/\/kohenavocats.com\/ru\/jurisprudences\/eclinlrbdha202523500-rechtbank-den-haag-10-12-2025-nl25-48674-nl25-48675\/#breadcrumb"},"inLanguage":"ru-RU","potentialAction":[{"@type":"ReadAction","target":["https:\/\/kohenavocats.com\/ru\/jurisprudences\/eclinlrbdha202523500-rechtbank-den-haag-10-12-2025-nl25-48674-nl25-48675\/"]}]},{"@type":"BreadcrumbList","@id":"https:\/\/kohenavocats.com\/ru\/jurisprudences\/eclinlrbdha202523500-rechtbank-den-haag-10-12-2025-nl25-48674-nl25-48675\/#breadcrumb","itemListElement":[{"@type":"ListItem","position":1,"name":"Home","item":"https:\/\/kohenavocats.com\/ru\/avocats-en-droit-penal-a-paris-conseil-et-defense-strategique\/"},{"@type":"ListItem","position":2,"name":"Jurisprudences","item":"https:\/\/kohenavocats.com\/ru\/jurisprudences\/"},{"@type":"ListItem","position":3,"name":"ECLI:NL:RBDHA:2025:23500 Rechtbank Den Haag , 10-12-2025 \/ NL25.48674, NL25.48675"}]},{"@type":"WebSite","@id":"https:\/\/kohenavocats.com\/ru\/#website","url":"https:\/\/kohenavocats.com\/ru\/","name":"Kohen Avocats","description":"Ma\u00eetre Hassan Kohen, avocat p\u00e9naliste \u00e0 Paris, intervient exclusivement en droit p\u00e9nal pour la d\u00e9fense des particuliers, notamment en mati\u00e8re d\u2019accusations de viol. Il assure un accompagnement rigoureux d\u00e8s la garde \u00e0 vue jusqu\u2019\u00e0 la Cour d\u2019assises, veillant au strict respect des garanties proc\u00e9durales.","publisher":{"@id":"https:\/\/kohenavocats.com\/ru\/#organization"},"potentialAction":[{"@type":"SearchAction","target":{"@type":"EntryPoint","urlTemplate":"https:\/\/kohenavocats.com\/ru\/?s={search_term_string}"},"query-input":{"@type":"PropertyValueSpecification","valueRequired":true,"valueName":"search_term_string"}}],"inLanguage":"ru-RU"},{"@type":"Organization","@id":"https:\/\/kohenavocats.com\/ru\/#organization","name":"Kohen Avocats","url":"https:\/\/kohenavocats.com\/ru\/","logo":{"@type":"ImageObject","inLanguage":"ru-RU","@id":"https:\/\/kohenavocats.com\/ru\/#\/schema\/logo\/image\/","url":"https:\/\/kohenavocats.com\/wp-content\/uploads\/2026\/01\/Logo-2-1.webp","contentUrl":"https:\/\/kohenavocats.com\/wp-content\/uploads\/2026\/01\/Logo-2-1.webp","width":2114,"height":1253,"caption":"Kohen Avocats"},"image":{"@id":"https:\/\/kohenavocats.com\/ru\/#\/schema\/logo\/image\/"}}]}},"jetpack_likes_enabled":false,"jetpack_sharing_enabled":true,"_links":{"self":[{"href":"https:\/\/kohenavocats.com\/ru\/wp-json\/wp\/v2\/kji_decision\/576088","targetHints":{"allow":["GET"]}}],"collection":[{"href":"https:\/\/kohenavocats.com\/ru\/wp-json\/wp\/v2\/kji_decision"}],"about":[{"href":"https:\/\/kohenavocats.com\/ru\/wp-json\/wp\/v2\/types\/kji_decision"}],"wp:attachment":[{"href":"https:\/\/kohenavocats.com\/ru\/wp-json\/wp\/v2\/media?parent=576088"}],"wp:term":[{"taxonomy":"kji_country","embeddable":true,"href":"https:\/\/kohenavocats.com\/ru\/wp-json\/wp\/v2\/kji_country?post=576088"},{"taxonomy":"kji_court","embeddable":true,"href":"https:\/\/kohenavocats.com\/ru\/wp-json\/wp\/v2\/kji_court?post=576088"},{"taxonomy":"kji_chamber","embeddable":true,"href":"https:\/\/kohenavocats.com\/ru\/wp-json\/wp\/v2\/kji_chamber?post=576088"},{"taxonomy":"kji_year","embeddable":true,"href":"https:\/\/kohenavocats.com\/ru\/wp-json\/wp\/v2\/kji_year?post=576088"},{"taxonomy":"kji_subject","embeddable":true,"href":"https:\/\/kohenavocats.com\/ru\/wp-json\/wp\/v2\/kji_subject?post=576088"},{"taxonomy":"kji_keyword","embeddable":true,"href":"https:\/\/kohenavocats.com\/ru\/wp-json\/wp\/v2\/kji_keyword?post=576088"},{"taxonomy":"kji_language","embeddable":true,"href":"https:\/\/kohenavocats.com\/ru\/wp-json\/wp\/v2\/kji_language?post=576088"}],"curies":[{"name":"wp","href":"https:\/\/api.w.org\/{rel}","templated":true}]}}