{"id":578449,"date":"2026-04-16T16:13:55","date_gmt":"2026-04-16T14:13:55","guid":{"rendered":"https:\/\/kohenavocats.com\/jurisprudences\/eclinlogeac2025327-gerecht-in-eerste-aanleg-van-curacao-05-06-2025-cur202501030\/"},"modified":"2026-04-16T16:13:55","modified_gmt":"2026-04-16T14:13:55","slug":"eclinlogeac2025327-gerecht-in-eerste-aanleg-van-curacao-05-06-2025-cur202501030","status":"publish","type":"kji_decision","link":"https:\/\/kohenavocats.com\/ru\/jurisprudences\/eclinlogeac2025327-gerecht-in-eerste-aanleg-van-curacao-05-06-2025-cur202501030\/","title":{"rendered":"ECLI:NL:OGEAC:2025:327 Gerecht in eerste aanleg van Cura\u00e7ao , 05-06-2025 \/ CUR202501030"},"content":{"rendered":"<div class=\"kji-decision\">\n<div class=\"kji-full-text\">\n<p><strong>Inhoudsindicatie.<\/strong> Familiezaak. Tussenbeschikking. Ondercuratelestelling. Benoeming deskundige.<\/p>\n<h3>GERECHT IN EERSTE AANLEG VAN CURA\u00c7AO<\/h3>\n<p>zaaknummer: CUR202501030<\/p>\n<p>Beschikking van 5 juni 2025<\/p>\n<p>op het verzoek van:<\/p>\n<p>[Verzoeker],<\/p>\n<p>wonende in [woonplaats],<\/p>\n<p>verzoeker,<\/p>\n<p>gemachtigde: mr. C.S.F. Marshall,<\/p>\n<p>tot de ondercuratelestelling van:<\/p>\n<p>[Betrokkene]<\/p>\n<p>geboren op [datum] 1941 op [woonplaats],<\/p>\n<p>betrokkene,<\/p>\n<p>als belanghebbenden worden aangemerkt:<\/p>\n<p>1. [Belanghebbende 1],<\/p>\n<p>wonende in [woonplaats],<\/p>\n<p>2) [ [Belanghebbende 2],<\/p>\n<p>wonende in [woonplaats],<\/p>\n<p>zijnde de kinderen van betrokkene.<\/p>\n<h3>1Het verloop van de procedure<\/h3>\n<p>Het verloop van de procedure blijkt uit:<\/p>\n<p>het verzoekschrift met producties, ingediend op 28 maart 2025;<\/p>\n<p>nadere producties (6 t\/m 11) zijdens verzoeker, ingediend op 20 mei 2025;<\/p>\n<p>het verweerschrift met producties, ingediend op 22 mei 2025;<\/p>\n<p>akte eiswijziging zijdens verzoeker, ingediend op 22 mei 2025;<\/p>\n<p>de mondelinge behandeling van 22 mei 2025, waarbij aanwezig waren: verzoeker, bijgestaan door zijn gemachtigde, en belanghebbende sub 2 via whatsappverbinding, bijgestaan door haar gemachtigde.<\/p>\n<p>De uitspraak is bepaald op vandaag.<\/p>\n<h3>2Het verzoek en de beoordeling<\/h3>\n<p>Verzoeker is de zoon van betrokkene. Hij heeft het gerecht primair verzocht om betrokkene onder curatele te stellen en hem tot curator te benoemen en subsidiair dat het gerecht overgaat tot instelling van bewind over de goederen van betrokkene, indien daartoe aanleiding bestaat, tevens tot instelling van mentorschap, met benoeming van een geschikte persoon tot bewindvoerder als ook als mentor.<\/p>\n<p>Verzoeker heeft overgelegd een verslag van psycholoog M. Albertoe, van 5 februari 2025, waarin staat dat betrokkene voor haar hartaccident (CVA) op 24 oktober 2024 al opvallend vergeetachtig was en dat dit vanaf de dag van haar CVA aanzienlijk is verslechterd en dat betrokkene niet compos mentis is en niet in staat is haar eigen belangen te behartigen.<\/p>\n<p>Namens belanghebbende sub 2 wordt betwist dat er gronden zijn om betrokkene onder curatele te stellen dan wel een bewind over haar goederen in te stellen. Belanghebbende sub 2 heeft een verklaring van huisarts, dr. E. Jacobus, van 6 maart 2025 overgelegd, waarin staat dat betrokkene compos mentis is.<\/p>\n<p>Op grond van artikel 1:378 lid 1 sub a van het Burgerlijk Wetboek (BW) kan een meerderjarige door de rechter onder curatele worden gesteld wegens een geestelijke stoornis, waardoor deze, al dan niet met tussenpozen, niet in staat is of bemoeilijkt wordt zijn belangen behoorlijk waar te nemen.<\/p>\n<p>Het gerecht acht zich thans onvoldoende ingelicht om te kunnen beslissen op het verzoek. Het gerecht ziet dan ook aanleiding een deskundige te benoemen om zich uit te laten over de vraag of bij betrokkene sprake is van een geestelijk stoornis, waardoor betrokkene, al dan niet met tussenpozen, niet in staat is om of bemoeilijkt wordt haar belangen behoorlijk waar te nemen. Het gerecht ziet vooralsnog geen aanleiding tot benoeming van twee deskundigen met verschillende disciplines, zoals door verzoeker verzocht.<\/p>\n<p>De zaak zal op dit punt dan ook worden verwezen naar de rolzitting van dinsdag 24 juni 2025 om 9:00 uur voor indiening deskundigenrapport en vervolgens naar de zitting van vrijdag 27 juni 2025 om 11.00 uur voor voortzetting van de behandeling.<\/p>\n<p>Het gerecht zal verder iedere beslissing aanhouden. Dat geldt ook voor het ter zitting gedane verzoek van verzoeker om een provisionele bewindvoerder te benoemen.<\/p>\n<h3>3De beslissing<\/h3>\n<p>Het gerecht:<\/p>\n<p>benoemt als deskundige mevrouw E. Doejaaren, Specialist Ouderengeneeskunde, teneinde een rapport op te maken als bedoeld in rechtsoverweging 2.5;<\/p>\n<p>verwijst de zaak naar de rolzitting van dinsdag 24 juni 2025 om 9:00 uur voor indiening deskundigenrapport, zoals overwogen in rechtsoverweging 2.5;<\/p>\n<p>verwijst de zaak voor voortzetting behandeling naar de zitting van donderdag 27 juni 2025 om 11.00 uur;<\/p>\n<p>houdt iedere verdere beslissing aan;<\/p>\n<p>Deze beschikking is gegeven door mr. M.E.B. de Haseth, rechter, en op 5 juni 2025 in het openbaar uitgesproken, in aanwezigheid van de griffier.<\/p>\n<\/div>\n<hr class=\"kji-sep\" \/>\n<p class=\"kji-source-links\"><strong>Sources officielles :<\/strong> <a class=\"kji-source-link\" href=\"http:\/\/deeplink.rechtspraak.nl\/uitspraak?id=ECLI:NL:OGEAC:2025:327\" target=\"_blank\" rel=\"noopener noreferrer\">consulter la page source<\/a><\/p>\n<p class=\"kji-license-note\"><em>Rechtspraak.nl open data, Creative Commons Zero. Volume cible 1.8M decisions.<\/em><\/p>\n<\/div>\n","protected":false},"excerpt":{"rendered":"<p>Familiezaak. Tussenbeschikking. Ondercuratelestelling. Benoeming deskundige.<\/p>\n","protected":false},"featured_media":0,"template":"","meta":{"_crdt_document":""},"kji_country":[7669],"kji_court":[10123],"kji_chamber":[],"kji_year":[8463],"kji_subject":[7638],"kji_keyword":[8376,10644,7812,10091,10643],"kji_language":[7671],"class_list":["post-578449","kji_decision","type-kji_decision","status-publish","hentry","kji_country-pays-bas","kji_court-gerecht-in-eerste-aanleg-van-curacao","kji_year-8463","kji_subject-famille","kji_keyword-aanleg","kji_keyword-curacao","kji_keyword-eerste","kji_keyword-gerecht","kji_keyword-ogeac","kji_language-nl"],"yoast_head":"<!-- This site is optimized with the Yoast SEO Premium plugin v27.5 (Yoast SEO v27.5) - https:\/\/yoast.com\/product\/yoast-seo-premium-wordpress\/ -->\n<title>ECLI:NL:OGEAC:2025:327 Gerecht in eerste aanleg van Cura\u00e7ao , 05-06-2025 \/ CUR202501030 - Ma\u00eetre Hassan Kohen, avocat en droit p\u00e9nal \u00e0 Paris<\/title>\n<meta name=\"robots\" content=\"index, follow, max-snippet:-1, max-image-preview:large, max-video-preview:-1\" \/>\n<link rel=\"canonical\" href=\"https:\/\/kohenavocats.com\/ru\/jurisprudences\/eclinlogeac2025327-gerecht-in-eerste-aanleg-van-curacao-05-06-2025-cur202501030\/\" \/>\n<meta property=\"og:locale\" content=\"ru_RU\" \/>\n<meta property=\"og:type\" content=\"article\" \/>\n<meta property=\"og:title\" content=\"ECLI:NL:OGEAC:2025:327 Gerecht in eerste aanleg van Cura\u00e7ao , 05-06-2025 \/ CUR202501030\" \/>\n<meta property=\"og:description\" content=\"Familiezaak. Tussenbeschikking. Ondercuratelestelling. Benoeming deskundige.\" \/>\n<meta property=\"og:url\" content=\"https:\/\/kohenavocats.com\/ru\/jurisprudences\/eclinlogeac2025327-gerecht-in-eerste-aanleg-van-curacao-05-06-2025-cur202501030\/\" \/>\n<meta property=\"og:site_name\" content=\"Ma\u00eetre Hassan Kohen, avocat en droit p\u00e9nal \u00e0 Paris\" \/>\n<meta name=\"twitter:card\" content=\"summary_large_image\" \/>\n<meta name=\"twitter:label1\" content=\"\u041f\u0440\u0438\u043c\u0435\u0440\u043d\u043e\u0435 \u0432\u0440\u0435\u043c\u044f \u0434\u043b\u044f \u0447\u0442\u0435\u043d\u0438\u044f\" \/>\n\t<meta name=\"twitter:data1\" content=\"3 \u043c\u0438\u043d\u0443\u0442\u044b\" \/>\n<script type=\"application\/ld+json\" class=\"yoast-schema-graph\">{\"@context\":\"https:\\\/\\\/schema.org\",\"@graph\":[{\"@type\":\"WebPage\",\"@id\":\"https:\\\/\\\/kohenavocats.com\\\/ru\\\/jurisprudences\\\/eclinlogeac2025327-gerecht-in-eerste-aanleg-van-curacao-05-06-2025-cur202501030\\\/\",\"url\":\"https:\\\/\\\/kohenavocats.com\\\/ru\\\/jurisprudences\\\/eclinlogeac2025327-gerecht-in-eerste-aanleg-van-curacao-05-06-2025-cur202501030\\\/\",\"name\":\"ECLI:NL:OGEAC:2025:327 Gerecht in eerste aanleg van Cura\u00e7ao , 05-06-2025 \\\/ CUR202501030 - Ma\u00eetre Hassan Kohen, avocat en droit p\u00e9nal \u00e0 Paris\",\"isPartOf\":{\"@id\":\"https:\\\/\\\/kohenavocats.com\\\/ru\\\/#website\"},\"datePublished\":\"2026-04-16T14:13:55+00:00\",\"breadcrumb\":{\"@id\":\"https:\\\/\\\/kohenavocats.com\\\/ru\\\/jurisprudences\\\/eclinlogeac2025327-gerecht-in-eerste-aanleg-van-curacao-05-06-2025-cur202501030\\\/#breadcrumb\"},\"inLanguage\":\"ru-RU\",\"potentialAction\":[{\"@type\":\"ReadAction\",\"target\":[\"https:\\\/\\\/kohenavocats.com\\\/ru\\\/jurisprudences\\\/eclinlogeac2025327-gerecht-in-eerste-aanleg-van-curacao-05-06-2025-cur202501030\\\/\"]}]},{\"@type\":\"BreadcrumbList\",\"@id\":\"https:\\\/\\\/kohenavocats.com\\\/ru\\\/jurisprudences\\\/eclinlogeac2025327-gerecht-in-eerste-aanleg-van-curacao-05-06-2025-cur202501030\\\/#breadcrumb\",\"itemListElement\":[{\"@type\":\"ListItem\",\"position\":1,\"name\":\"Home\",\"item\":\"https:\\\/\\\/kohenavocats.com\\\/ru\\\/avocats-en-droit-penal-a-paris-conseil-et-defense-strategique\\\/\"},{\"@type\":\"ListItem\",\"position\":2,\"name\":\"Jurisprudences\",\"item\":\"https:\\\/\\\/kohenavocats.com\\\/ru\\\/jurisprudences\\\/\"},{\"@type\":\"ListItem\",\"position\":3,\"name\":\"ECLI:NL:OGEAC:2025:327 Gerecht in eerste aanleg van Cura\u00e7ao , 05-06-2025 \\\/ CUR202501030\"}]},{\"@type\":\"WebSite\",\"@id\":\"https:\\\/\\\/kohenavocats.com\\\/ru\\\/#website\",\"url\":\"https:\\\/\\\/kohenavocats.com\\\/ru\\\/\",\"name\":\"Kohen Avocats\",\"description\":\"Ma\u00eetre Hassan Kohen, avocat p\u00e9naliste \u00e0 Paris, intervient exclusivement en droit p\u00e9nal pour la d\u00e9fense des particuliers, notamment en mati\u00e8re d\u2019accusations de viol. Il assure un accompagnement rigoureux d\u00e8s la garde \u00e0 vue jusqu\u2019\u00e0 la Cour d\u2019assises, veillant au strict respect des garanties proc\u00e9durales.\",\"publisher\":{\"@id\":\"https:\\\/\\\/kohenavocats.com\\\/ru\\\/#organization\"},\"potentialAction\":[{\"@type\":\"SearchAction\",\"target\":{\"@type\":\"EntryPoint\",\"urlTemplate\":\"https:\\\/\\\/kohenavocats.com\\\/ru\\\/?s={search_term_string}\"},\"query-input\":{\"@type\":\"PropertyValueSpecification\",\"valueRequired\":true,\"valueName\":\"search_term_string\"}}],\"inLanguage\":\"ru-RU\"},{\"@type\":\"Organization\",\"@id\":\"https:\\\/\\\/kohenavocats.com\\\/ru\\\/#organization\",\"name\":\"Kohen Avocats\",\"url\":\"https:\\\/\\\/kohenavocats.com\\\/ru\\\/\",\"logo\":{\"@type\":\"ImageObject\",\"inLanguage\":\"ru-RU\",\"@id\":\"https:\\\/\\\/kohenavocats.com\\\/ru\\\/#\\\/schema\\\/logo\\\/image\\\/\",\"url\":\"https:\\\/\\\/kohenavocats.com\\\/wp-content\\\/uploads\\\/2026\\\/01\\\/Logo-2-1.webp\",\"contentUrl\":\"https:\\\/\\\/kohenavocats.com\\\/wp-content\\\/uploads\\\/2026\\\/01\\\/Logo-2-1.webp\",\"width\":2114,\"height\":1253,\"caption\":\"Kohen Avocats\"},\"image\":{\"@id\":\"https:\\\/\\\/kohenavocats.com\\\/ru\\\/#\\\/schema\\\/logo\\\/image\\\/\"}}]}<\/script>\n<!-- \/ Yoast SEO Premium plugin. -->","yoast_head_json":{"title":"ECLI:NL:OGEAC:2025:327 Gerecht in eerste aanleg van Cura\u00e7ao , 05-06-2025 \/ CUR202501030 - Ma\u00eetre Hassan Kohen, avocat en droit p\u00e9nal \u00e0 Paris","robots":{"index":"index","follow":"follow","max-snippet":"max-snippet:-1","max-image-preview":"max-image-preview:large","max-video-preview":"max-video-preview:-1"},"canonical":"https:\/\/kohenavocats.com\/ru\/jurisprudences\/eclinlogeac2025327-gerecht-in-eerste-aanleg-van-curacao-05-06-2025-cur202501030\/","og_locale":"ru_RU","og_type":"article","og_title":"ECLI:NL:OGEAC:2025:327 Gerecht in eerste aanleg van Cura\u00e7ao , 05-06-2025 \/ CUR202501030","og_description":"Familiezaak. Tussenbeschikking. Ondercuratelestelling. Benoeming deskundige.","og_url":"https:\/\/kohenavocats.com\/ru\/jurisprudences\/eclinlogeac2025327-gerecht-in-eerste-aanleg-van-curacao-05-06-2025-cur202501030\/","og_site_name":"Ma\u00eetre Hassan Kohen, avocat en droit p\u00e9nal \u00e0 Paris","twitter_card":"summary_large_image","twitter_misc":{"\u041f\u0440\u0438\u043c\u0435\u0440\u043d\u043e\u0435 \u0432\u0440\u0435\u043c\u044f \u0434\u043b\u044f \u0447\u0442\u0435\u043d\u0438\u044f":"3 \u043c\u0438\u043d\u0443\u0442\u044b"},"schema":{"@context":"https:\/\/schema.org","@graph":[{"@type":"WebPage","@id":"https:\/\/kohenavocats.com\/ru\/jurisprudences\/eclinlogeac2025327-gerecht-in-eerste-aanleg-van-curacao-05-06-2025-cur202501030\/","url":"https:\/\/kohenavocats.com\/ru\/jurisprudences\/eclinlogeac2025327-gerecht-in-eerste-aanleg-van-curacao-05-06-2025-cur202501030\/","name":"ECLI:NL:OGEAC:2025:327 Gerecht in eerste aanleg van Cura\u00e7ao , 05-06-2025 \/ CUR202501030 - Ma\u00eetre Hassan Kohen, avocat en droit p\u00e9nal \u00e0 Paris","isPartOf":{"@id":"https:\/\/kohenavocats.com\/ru\/#website"},"datePublished":"2026-04-16T14:13:55+00:00","breadcrumb":{"@id":"https:\/\/kohenavocats.com\/ru\/jurisprudences\/eclinlogeac2025327-gerecht-in-eerste-aanleg-van-curacao-05-06-2025-cur202501030\/#breadcrumb"},"inLanguage":"ru-RU","potentialAction":[{"@type":"ReadAction","target":["https:\/\/kohenavocats.com\/ru\/jurisprudences\/eclinlogeac2025327-gerecht-in-eerste-aanleg-van-curacao-05-06-2025-cur202501030\/"]}]},{"@type":"BreadcrumbList","@id":"https:\/\/kohenavocats.com\/ru\/jurisprudences\/eclinlogeac2025327-gerecht-in-eerste-aanleg-van-curacao-05-06-2025-cur202501030\/#breadcrumb","itemListElement":[{"@type":"ListItem","position":1,"name":"Home","item":"https:\/\/kohenavocats.com\/ru\/avocats-en-droit-penal-a-paris-conseil-et-defense-strategique\/"},{"@type":"ListItem","position":2,"name":"Jurisprudences","item":"https:\/\/kohenavocats.com\/ru\/jurisprudences\/"},{"@type":"ListItem","position":3,"name":"ECLI:NL:OGEAC:2025:327 Gerecht in eerste aanleg van Cura\u00e7ao , 05-06-2025 \/ CUR202501030"}]},{"@type":"WebSite","@id":"https:\/\/kohenavocats.com\/ru\/#website","url":"https:\/\/kohenavocats.com\/ru\/","name":"Kohen Avocats","description":"Ma\u00eetre Hassan Kohen, avocat p\u00e9naliste \u00e0 Paris, intervient exclusivement en droit p\u00e9nal pour la d\u00e9fense des particuliers, notamment en mati\u00e8re d\u2019accusations de viol. Il assure un accompagnement rigoureux d\u00e8s la garde \u00e0 vue jusqu\u2019\u00e0 la Cour d\u2019assises, veillant au strict respect des garanties proc\u00e9durales.","publisher":{"@id":"https:\/\/kohenavocats.com\/ru\/#organization"},"potentialAction":[{"@type":"SearchAction","target":{"@type":"EntryPoint","urlTemplate":"https:\/\/kohenavocats.com\/ru\/?s={search_term_string}"},"query-input":{"@type":"PropertyValueSpecification","valueRequired":true,"valueName":"search_term_string"}}],"inLanguage":"ru-RU"},{"@type":"Organization","@id":"https:\/\/kohenavocats.com\/ru\/#organization","name":"Kohen Avocats","url":"https:\/\/kohenavocats.com\/ru\/","logo":{"@type":"ImageObject","inLanguage":"ru-RU","@id":"https:\/\/kohenavocats.com\/ru\/#\/schema\/logo\/image\/","url":"https:\/\/kohenavocats.com\/wp-content\/uploads\/2026\/01\/Logo-2-1.webp","contentUrl":"https:\/\/kohenavocats.com\/wp-content\/uploads\/2026\/01\/Logo-2-1.webp","width":2114,"height":1253,"caption":"Kohen Avocats"},"image":{"@id":"https:\/\/kohenavocats.com\/ru\/#\/schema\/logo\/image\/"}}]}},"jetpack_likes_enabled":false,"jetpack_sharing_enabled":true,"_links":{"self":[{"href":"https:\/\/kohenavocats.com\/ru\/wp-json\/wp\/v2\/kji_decision\/578449","targetHints":{"allow":["GET"]}}],"collection":[{"href":"https:\/\/kohenavocats.com\/ru\/wp-json\/wp\/v2\/kji_decision"}],"about":[{"href":"https:\/\/kohenavocats.com\/ru\/wp-json\/wp\/v2\/types\/kji_decision"}],"wp:attachment":[{"href":"https:\/\/kohenavocats.com\/ru\/wp-json\/wp\/v2\/media?parent=578449"}],"wp:term":[{"taxonomy":"kji_country","embeddable":true,"href":"https:\/\/kohenavocats.com\/ru\/wp-json\/wp\/v2\/kji_country?post=578449"},{"taxonomy":"kji_court","embeddable":true,"href":"https:\/\/kohenavocats.com\/ru\/wp-json\/wp\/v2\/kji_court?post=578449"},{"taxonomy":"kji_chamber","embeddable":true,"href":"https:\/\/kohenavocats.com\/ru\/wp-json\/wp\/v2\/kji_chamber?post=578449"},{"taxonomy":"kji_year","embeddable":true,"href":"https:\/\/kohenavocats.com\/ru\/wp-json\/wp\/v2\/kji_year?post=578449"},{"taxonomy":"kji_subject","embeddable":true,"href":"https:\/\/kohenavocats.com\/ru\/wp-json\/wp\/v2\/kji_subject?post=578449"},{"taxonomy":"kji_keyword","embeddable":true,"href":"https:\/\/kohenavocats.com\/ru\/wp-json\/wp\/v2\/kji_keyword?post=578449"},{"taxonomy":"kji_language","embeddable":true,"href":"https:\/\/kohenavocats.com\/ru\/wp-json\/wp\/v2\/kji_language?post=578449"}],"curies":[{"name":"wp","href":"https:\/\/api.w.org\/{rel}","templated":true}]}}