{"id":580291,"date":"2026-04-16T21:44:05","date_gmt":"2026-04-16T19:44:05","guid":{"rendered":"https:\/\/kohenavocats.com\/jurisprudences\/cour-superieure-de-justice-30-septembre-2025-n-2025-00717\/"},"modified":"2026-04-16T21:44:08","modified_gmt":"2026-04-16T19:44:08","slug":"cour-superieure-de-justice-30-septembre-2025-n-2025-00717","status":"publish","type":"kji_decision","link":"https:\/\/kohenavocats.com\/ru\/jurisprudences\/cour-superieure-de-justice-30-septembre-2025-n-2025-00717\/","title":{"rendered":"Cour sup\u00e9rieure de justice, 30 septembre 2025, n\u00b0 2025-00717"},"content":{"rendered":"<div class=\"kji-decision\">\n<div class=\"kji-full-text\">\n<p>1 Arr\u00eat N\u00b0152\/25IV-COM Arr\u00eat commercial-faillite Audience publique dutrente septembredeux millevingt-cinq Num\u00e9rosCAL-2025-00717et CAL-2025-00801du r\u00f4le Composition: Martine WILMES,pr\u00e9sidentde chambre; Mich\u00e8le HORNICK,premierconseiller; Carole BESCH, conseiller; Eric VILVENS, greffier. I) R\u00f4le CAL-2025-00717 E n t r e lasoci\u00e9t\u00e9\u00e0 responsabilit\u00e9 limit\u00e9eSOCIETE1.),\u00e9tablie et ayantson si\u00e8ge social\u00e0L-ADRESSE1.), repr\u00e9sent\u00e9e parsong\u00e9rant,inscrite au Registre de Commerce et des Soci\u00e9t\u00e9s de Luxembourg sous le num\u00e9roNUMERO1.), appelanteaux termes d\u2019un acte de l&#039;huissier dejusticeLaura Geiger de Luxembourgdu5 ao\u00fbt 2025, comparant par Ma\u00eetreLex Thielen,avocat \u00e0 la Cour,demeurant \u00e0 Luxembourg, et 1)Ma\u00eetre Nicolas THIELTGEN, avocat \u00e0 la Cour, demeurant professionnellement \u00e0 L-2535 Luxembourg, 16-18, boulevard Emmanuel Servais, pris en sa qualit\u00e9 de curateur de la faillite de la soci\u00e9t\u00e9 \u00e0 responsabilit\u00e9 limit\u00e9eSOCIETE1.),<\/p>\n<p>2 intim\u00e9aux fins dupr\u00e9dit acteGeiger, comparant par Ma\u00eetre Benjamin Voos, avocat \u00e0 la Cour, demeurant \u00e0 Luxembourg, 2)Monsieurlereceveur-pr\u00e9pos\u00e9 du bureau de recette des contributions de Luxembourg, ayant ses bureaux \u00e0 L-2718 Luxembourg, 18, rue du Fort Wedell, intim\u00e9aux fins dupr\u00e9dit acteGeiger, comparant par lui-m\u00eame. II) R\u00f4le CAL-2025-00801 E n t r e lasoci\u00e9t\u00e9\u00e0 responsabilit\u00e9 limit\u00e9eSOCIETE1.),\u00e9tablie et ayantson si\u00e8ge social\u00e0 L-ADRESSE1.), repr\u00e9sent\u00e9e par son g\u00e9rant, inscrite au Registre de Commerce et des Soci\u00e9t\u00e9s de Luxembourg sous le num\u00e9roNUMERO1.), appelanteaux termes d\u2019un acte de l&#039;huissier dejustice suppl\u00e9ant Kelly Ferreira Simoes en remplacement del\u2019huissier de justice Carlos Calvo, les deux demeurant \u00e0 Luxembourg, du 25 ao\u00fbt 2025, comparant par Ma\u00eetreLex Thielen,avocat \u00e0 la Cour, demeurant \u00e0 Luxembourg, et 1)Ma\u00eetre Nicolas THIELTGEN, avocat \u00e0 la Cour, demeurant professionnellement \u00e0 L-2535 Luxembourg, 16-18, boulevard Emmanuel Servais, pris en sa qualit\u00e9 de curateur de la faillite de la soci\u00e9t\u00e9 \u00e0 responsabilit\u00e9 limit\u00e9eSOCIETE1.), intim\u00e9aux fins dupr\u00e9dit acteGeiger, comparant par Ma\u00eetre Benjamin Voos, avocat \u00e0 la Cour, demeurant \u00e0 Luxembourg, 2)Monsieurle receveur-pr\u00e9pos\u00e9 du bureau de recette des contributions de Luxembourg, ayant ses bureaux \u00e0 L-2718 Luxembourg, 18, rue du Fort Wedell, intim\u00e9aux fins dupr\u00e9dit acteGeiger, comparant par lui-m\u00eame.<\/p>\n<p>3 LA COURD\u2019APPEL Par jugement du 15 juillet 2025, le tribunal d\u2019arrondissement de Luxembourg a d\u00e9clar\u00e9 en \u00e9tat de faillite sur assignation de Monsieur le receveur-pr\u00e9pos\u00e9 du bureau principal de recette des contributions de Luxembourg (ci-apr\u00e8s Monsieur le Receveur), la soci\u00e9t\u00e9 \u00e0 responsabilit\u00e9 limit\u00e9eSOCIETE1.)SARL (ci-apr\u00e8sSOCIETE1.)). Ledit jugement a d\u00e9sign\u00e9 curateur Ma\u00eetre Nicolas THIELTGEN (ci-apr\u00e8s le Curateur). Par exploits d\u2019huissier de justice des5 et 25 ao\u00fbt 2025, enr\u00f4l\u00e9s sous les num\u00e9ros CAL-2025-00717 respectivement CAL-2025-00801, SOCIETE1.)a relev\u00e9 appel de ce jugement. A l\u2019audience des plaidoiriesdu 16 septembre 2025, elle expose qu\u2019elle a r\u00e9gl\u00e9 les seules cr\u00e9ances d\u00e9clar\u00e9es \u00e0 son passif, \u00e0 savoir celles de l\u2019Administration des contributions directes, d\u00e9clar\u00e9es sous les num\u00e9ros 1 (8.103,60 euros) et 2 (20.728,20 euros) et de la Chambre de commerce, d\u00e9clar\u00e9e sous le num\u00e9ro 3 (350 euros), ainsi que les frais d\u2019administration de la faillite et les honoraires du Curateur. Elle conclut que les conditions de la faillite ne sont pas donn\u00e9es dans son chef et qu\u2019il y a lieu \u00e0 rabattre lafaillite. Le Curateur confirme que ses frais et honoraires, \u00e9valu\u00e9s \u00e0 un total de 3.611,75 euros suivantsarequ\u00eate en taxation, ont \u00e9t\u00e9 r\u00e9gl\u00e9s, de m\u00eame que les dettes de la soci\u00e9t\u00e9 faillie. Il d\u00e9clare ne pas s\u2019opposer au rabattement de la faillite au vu des paiements intervenus. Monsieur le Receveur ne s\u2019oppose pas non plus au rabattement de la faillite dans ces conditions. Appr\u00e9ciation Dans l\u2019int\u00e9r\u00eat d\u2019une bonne administration de la justice, il y a lieu de joindre les deux r\u00f4les, les appels \u00e9tant dirig\u00e9s contre le m\u00eame jugement. L\u2019appel du 5 ao\u00fbt 2025,contenant assignation \u00e0 compara\u00eetre \u00e0 date fixe, a\u00e9t\u00e9 introduit dans la forme et le d\u00e9lai pr\u00e9vus \u00e0 l\u2019article 465 du Code de commerce, de sorte qu\u2019il est recevable. L\u2019appel subs\u00e9quent du 25 ao\u00fbt 2025 est d\u00e8s lors irrecevable.<\/p>\n<p>4 Suivant l\u2019article 437 du code de commerce, tout commer\u00e7ant qui a cess\u00e9 ses paiements et dont le cr\u00e9dit se trouve \u00e9branl\u00e9 est en \u00e9tat de faillite. Au vu du paiement du passif d\u00e9clar\u00e9 et des frais et honoraires du Curateur, il faut conclure que le non-paiement de la cr\u00e9ance ayant donn\u00e9 lieu au prononc\u00e9 de la faillite \u00e9tait d\u00fb \u00e0 un dysfonctionnement momentan\u00e9 et que la soci\u00e9t\u00e9 appelante n\u2019\u00e9tait pas, aumoment du prononc\u00e9 de la faillite, en \u00e9tat de cessation des paiements et d\u2019\u00e9branlement de cr\u00e9dit. Il y a partant lieu de rabattre la faillite. Les frais et d\u00e9pens des deux instances, ainsi que les frais d\u2019administration de la faillite et les honoraires du Curateur restent \u00e0 charge de l\u2019appelante, \u00e9tant donn\u00e9 que c\u2019est par sa n\u00e9gligence que la proc\u00e9dure de la faillite a \u00e9t\u00e9 d\u00e9clench\u00e9e. PAR CES MOTIFS laCour d\u2019appel, quatri\u00e8me chambre, si\u00e9geant en mati\u00e8re de faillite, statuant contradictoirement, ordonne la jonction des affaires introduites sous les num\u00e9ros de r\u00f4le CAL-2025-00717 respectivement CAL-2025-00801, re\u00e7oit l\u2019appel du 5 ao\u00fbt 2025, dit irrecevable l\u2019appel du 25 ao\u00fbt 2025, d\u00e9clare l\u2019appel du 5 ao\u00fbt 2025 fond\u00e9, r\u00e9formant, dit que la faillite de la soci\u00e9t\u00e9 \u00e0 responsabilit\u00e9 limit\u00e9eSOCIETE1.), prononc\u00e9e le 15 juillet 2025, est rabattue, condamnela soci\u00e9t\u00e9 \u00e0 responsabilit\u00e9 limit\u00e9eSOCIETE1.)aux frais d\u2019administration de la faillite et aux honoraires duCurateurainsi qu\u2019aux frais et d\u00e9pens des deux instances.<\/p>\n<\/div>\n<hr class=\"kji-sep\" \/>\n<p class=\"kji-source-links\"><strong>Sources officielles :<\/strong> <a class=\"kji-source-link\" href=\"https:\/\/data.public.lu\/fr\/datasets\/cour-superieure-de-justice-chambre-4\/\" target=\"_blank\" rel=\"noopener noreferrer\">consulter la page source<\/a> &middot; <a class=\"kji-pdf-link\" href=\"https:\/\/download.data.public.lu\/resources\/cour-superieure-de-justice-chambre-4\/20251005-230149\/20250930-ca4-cal-2025-00717-pseudonymise-accessible.pdf\" target=\"_blank\" rel=\"noopener noreferrer\">PDF officiel<\/a><\/p>\n<p class=\"kji-license-note\"><em>Licence CC BY-ND 4.0 (Administration judiciaire, data.public.lu). Republication autorisee avec attribution, sans modification editoriale du texte integral.<\/em><\/p>\n<\/div>\n","protected":false},"excerpt":{"rendered":"<p>1 Arr\u00eat N\u00b0152\/25IV-COM Arr\u00eat commercial-faillite Audience publique dutrente septembredeux millevingt-cinq Num\u00e9rosCAL-2025-00717et CAL-2025-00801du r\u00f4le Composition: Martine WILMES,pr\u00e9sidentde chambre; Mich\u00e8le HORNICK,premierconseiller; Carole BESCH, conseiller; Eric VILVENS, greffier. I) R\u00f4le CAL-2025-00717 E n t r e lasoci\u00e9t\u00e9\u00e0 responsabilit\u00e9 limit\u00e9eSOCIETE1.),\u00e9tablie et ayantson si\u00e8ge social\u00e0L-ADRESSE1.), repr\u00e9sent\u00e9e parsong\u00e9rant,inscrite au Registre de\u2026<\/p>\n","protected":false},"featured_media":0,"template":"","meta":{"_crdt_document":""},"kji_country":[8418],"kji_court":[12305],"kji_chamber":[18433],"kji_year":[8463],"kji_subject":[7724],"kji_keyword":[9055,15227,12307],"kji_language":[7733],"class_list":["post-580291","kji_decision","type-kji_decision","status-publish","hentry","kji_country-luxembourg","kji_court-cour-superieure-de-justice","kji_chamber-chambre-4","kji_year-8463","kji_subject-civil","kji_keyword-justice","kji_keyword-septembre","kji_keyword-superieure","kji_language-francais"],"yoast_head":"<!-- This site is optimized with the Yoast SEO Premium plugin v27.5 (Yoast SEO v27.5) - https:\/\/yoast.com\/product\/yoast-seo-premium-wordpress\/ -->\n<title>Cour sup\u00e9rieure de justice, 30 septembre 2025, n\u00b0 2025-00717 - Ma\u00eetre Hassan Kohen, avocat en droit p\u00e9nal \u00e0 Paris<\/title>\n<meta name=\"robots\" content=\"index, follow, max-snippet:-1, max-image-preview:large, max-video-preview:-1\" \/>\n<link rel=\"canonical\" href=\"https:\/\/kohenavocats.com\/ru\/jurisprudences\/cour-superieure-de-justice-30-septembre-2025-n-2025-00717\/\" \/>\n<meta property=\"og:locale\" content=\"ru_RU\" \/>\n<meta property=\"og:type\" content=\"article\" \/>\n<meta property=\"og:title\" content=\"Cour sup\u00e9rieure de justice, 30 septembre 2025, n\u00b0 2025-00717\" \/>\n<meta property=\"og:description\" content=\"1 Arr\u00eat N\u00b0152\/25IV-COM Arr\u00eat commercial-faillite Audience publique dutrente septembredeux millevingt-cinq Num\u00e9rosCAL-2025-00717et CAL-2025-00801du r\u00f4le Composition: Martine WILMES,pr\u00e9sidentde chambre; Mich\u00e8le HORNICK,premierconseiller; Carole BESCH, conseiller; Eric VILVENS, greffier. I) R\u00f4le CAL-2025-00717 E n t r e lasoci\u00e9t\u00e9\u00e0 responsabilit\u00e9 limit\u00e9eSOCIETE1.),\u00e9tablie et ayantson si\u00e8ge social\u00e0L-ADRESSE1.), repr\u00e9sent\u00e9e parsong\u00e9rant,inscrite au Registre de\u2026\" \/>\n<meta property=\"og:url\" content=\"https:\/\/kohenavocats.com\/ru\/jurisprudences\/cour-superieure-de-justice-30-septembre-2025-n-2025-00717\/\" \/>\n<meta property=\"og:site_name\" content=\"Ma\u00eetre Hassan Kohen, avocat en droit p\u00e9nal \u00e0 Paris\" \/>\n<meta property=\"article:modified_time\" content=\"2026-04-16T19:44:08+00:00\" \/>\n<meta name=\"twitter:card\" content=\"summary_large_image\" \/>\n<meta name=\"twitter:label1\" content=\"\u041f\u0440\u0438\u043c\u0435\u0440\u043d\u043e\u0435 \u0432\u0440\u0435\u043c\u044f \u0434\u043b\u044f \u0447\u0442\u0435\u043d\u0438\u044f\" \/>\n\t<meta name=\"twitter:data1\" content=\"5 \u043c\u0438\u043d\u0443\u0442\" \/>\n<script type=\"application\/ld+json\" class=\"yoast-schema-graph\">{\"@context\":\"https:\\\/\\\/schema.org\",\"@graph\":[{\"@type\":\"WebPage\",\"@id\":\"https:\\\/\\\/kohenavocats.com\\\/ru\\\/jurisprudences\\\/cour-superieure-de-justice-30-septembre-2025-n-2025-00717\\\/\",\"url\":\"https:\\\/\\\/kohenavocats.com\\\/ru\\\/jurisprudences\\\/cour-superieure-de-justice-30-septembre-2025-n-2025-00717\\\/\",\"name\":\"Cour sup\u00e9rieure de justice, 30 septembre 2025, n\u00b0 2025-00717 - Ma\u00eetre Hassan Kohen, avocat en droit p\u00e9nal \u00e0 Paris\",\"isPartOf\":{\"@id\":\"https:\\\/\\\/kohenavocats.com\\\/ru\\\/#website\"},\"datePublished\":\"2026-04-16T19:44:05+00:00\",\"dateModified\":\"2026-04-16T19:44:08+00:00\",\"breadcrumb\":{\"@id\":\"https:\\\/\\\/kohenavocats.com\\\/ru\\\/jurisprudences\\\/cour-superieure-de-justice-30-septembre-2025-n-2025-00717\\\/#breadcrumb\"},\"inLanguage\":\"ru-RU\",\"potentialAction\":[{\"@type\":\"ReadAction\",\"target\":[\"https:\\\/\\\/kohenavocats.com\\\/ru\\\/jurisprudences\\\/cour-superieure-de-justice-30-septembre-2025-n-2025-00717\\\/\"]}]},{\"@type\":\"BreadcrumbList\",\"@id\":\"https:\\\/\\\/kohenavocats.com\\\/ru\\\/jurisprudences\\\/cour-superieure-de-justice-30-septembre-2025-n-2025-00717\\\/#breadcrumb\",\"itemListElement\":[{\"@type\":\"ListItem\",\"position\":1,\"name\":\"Home\",\"item\":\"https:\\\/\\\/kohenavocats.com\\\/ru\\\/avocats-en-droit-penal-a-paris-conseil-et-defense-strategique\\\/\"},{\"@type\":\"ListItem\",\"position\":2,\"name\":\"Jurisprudences\",\"item\":\"https:\\\/\\\/kohenavocats.com\\\/ru\\\/jurisprudences\\\/\"},{\"@type\":\"ListItem\",\"position\":3,\"name\":\"Cour sup\u00e9rieure de justice, 30 septembre 2025, n\u00b0 2025-00717\"}]},{\"@type\":\"WebSite\",\"@id\":\"https:\\\/\\\/kohenavocats.com\\\/ru\\\/#website\",\"url\":\"https:\\\/\\\/kohenavocats.com\\\/ru\\\/\",\"name\":\"Kohen Avocats\",\"description\":\"Ma\u00eetre Hassan Kohen, avocat p\u00e9naliste \u00e0 Paris, intervient exclusivement en droit p\u00e9nal pour la d\u00e9fense des particuliers, notamment en mati\u00e8re d\u2019accusations de viol. Il assure un accompagnement rigoureux d\u00e8s la garde \u00e0 vue jusqu\u2019\u00e0 la Cour d\u2019assises, veillant au strict respect des garanties proc\u00e9durales.\",\"publisher\":{\"@id\":\"https:\\\/\\\/kohenavocats.com\\\/ru\\\/#organization\"},\"potentialAction\":[{\"@type\":\"SearchAction\",\"target\":{\"@type\":\"EntryPoint\",\"urlTemplate\":\"https:\\\/\\\/kohenavocats.com\\\/ru\\\/?s={search_term_string}\"},\"query-input\":{\"@type\":\"PropertyValueSpecification\",\"valueRequired\":true,\"valueName\":\"search_term_string\"}}],\"inLanguage\":\"ru-RU\"},{\"@type\":\"Organization\",\"@id\":\"https:\\\/\\\/kohenavocats.com\\\/ru\\\/#organization\",\"name\":\"Kohen Avocats\",\"url\":\"https:\\\/\\\/kohenavocats.com\\\/ru\\\/\",\"logo\":{\"@type\":\"ImageObject\",\"inLanguage\":\"ru-RU\",\"@id\":\"https:\\\/\\\/kohenavocats.com\\\/ru\\\/#\\\/schema\\\/logo\\\/image\\\/\",\"url\":\"https:\\\/\\\/kohenavocats.com\\\/wp-content\\\/uploads\\\/2026\\\/01\\\/Logo-2-1.webp\",\"contentUrl\":\"https:\\\/\\\/kohenavocats.com\\\/wp-content\\\/uploads\\\/2026\\\/01\\\/Logo-2-1.webp\",\"width\":2114,\"height\":1253,\"caption\":\"Kohen Avocats\"},\"image\":{\"@id\":\"https:\\\/\\\/kohenavocats.com\\\/ru\\\/#\\\/schema\\\/logo\\\/image\\\/\"}}]}<\/script>\n<!-- \/ Yoast SEO Premium plugin. -->","yoast_head_json":{"title":"Cour sup\u00e9rieure de justice, 30 septembre 2025, n\u00b0 2025-00717 - Ma\u00eetre Hassan Kohen, avocat en droit p\u00e9nal \u00e0 Paris","robots":{"index":"index","follow":"follow","max-snippet":"max-snippet:-1","max-image-preview":"max-image-preview:large","max-video-preview":"max-video-preview:-1"},"canonical":"https:\/\/kohenavocats.com\/ru\/jurisprudences\/cour-superieure-de-justice-30-septembre-2025-n-2025-00717\/","og_locale":"ru_RU","og_type":"article","og_title":"Cour sup\u00e9rieure de justice, 30 septembre 2025, n\u00b0 2025-00717","og_description":"1 Arr\u00eat N\u00b0152\/25IV-COM Arr\u00eat commercial-faillite Audience publique dutrente septembredeux millevingt-cinq Num\u00e9rosCAL-2025-00717et CAL-2025-00801du r\u00f4le Composition: Martine WILMES,pr\u00e9sidentde chambre; Mich\u00e8le HORNICK,premierconseiller; Carole BESCH, conseiller; Eric VILVENS, greffier. I) R\u00f4le CAL-2025-00717 E n t r e lasoci\u00e9t\u00e9\u00e0 responsabilit\u00e9 limit\u00e9eSOCIETE1.),\u00e9tablie et ayantson si\u00e8ge social\u00e0L-ADRESSE1.), repr\u00e9sent\u00e9e parsong\u00e9rant,inscrite au Registre de\u2026","og_url":"https:\/\/kohenavocats.com\/ru\/jurisprudences\/cour-superieure-de-justice-30-septembre-2025-n-2025-00717\/","og_site_name":"Ma\u00eetre Hassan Kohen, avocat en droit p\u00e9nal \u00e0 Paris","article_modified_time":"2026-04-16T19:44:08+00:00","twitter_card":"summary_large_image","twitter_misc":{"\u041f\u0440\u0438\u043c\u0435\u0440\u043d\u043e\u0435 \u0432\u0440\u0435\u043c\u044f \u0434\u043b\u044f \u0447\u0442\u0435\u043d\u0438\u044f":"5 \u043c\u0438\u043d\u0443\u0442"},"schema":{"@context":"https:\/\/schema.org","@graph":[{"@type":"WebPage","@id":"https:\/\/kohenavocats.com\/ru\/jurisprudences\/cour-superieure-de-justice-30-septembre-2025-n-2025-00717\/","url":"https:\/\/kohenavocats.com\/ru\/jurisprudences\/cour-superieure-de-justice-30-septembre-2025-n-2025-00717\/","name":"Cour sup\u00e9rieure de justice, 30 septembre 2025, n\u00b0 2025-00717 - Ma\u00eetre Hassan Kohen, avocat en droit p\u00e9nal \u00e0 Paris","isPartOf":{"@id":"https:\/\/kohenavocats.com\/ru\/#website"},"datePublished":"2026-04-16T19:44:05+00:00","dateModified":"2026-04-16T19:44:08+00:00","breadcrumb":{"@id":"https:\/\/kohenavocats.com\/ru\/jurisprudences\/cour-superieure-de-justice-30-septembre-2025-n-2025-00717\/#breadcrumb"},"inLanguage":"ru-RU","potentialAction":[{"@type":"ReadAction","target":["https:\/\/kohenavocats.com\/ru\/jurisprudences\/cour-superieure-de-justice-30-septembre-2025-n-2025-00717\/"]}]},{"@type":"BreadcrumbList","@id":"https:\/\/kohenavocats.com\/ru\/jurisprudences\/cour-superieure-de-justice-30-septembre-2025-n-2025-00717\/#breadcrumb","itemListElement":[{"@type":"ListItem","position":1,"name":"Home","item":"https:\/\/kohenavocats.com\/ru\/avocats-en-droit-penal-a-paris-conseil-et-defense-strategique\/"},{"@type":"ListItem","position":2,"name":"Jurisprudences","item":"https:\/\/kohenavocats.com\/ru\/jurisprudences\/"},{"@type":"ListItem","position":3,"name":"Cour sup\u00e9rieure de justice, 30 septembre 2025, n\u00b0 2025-00717"}]},{"@type":"WebSite","@id":"https:\/\/kohenavocats.com\/ru\/#website","url":"https:\/\/kohenavocats.com\/ru\/","name":"Kohen Avocats","description":"Ma\u00eetre Hassan Kohen, avocat p\u00e9naliste \u00e0 Paris, intervient exclusivement en droit p\u00e9nal pour la d\u00e9fense des particuliers, notamment en mati\u00e8re d\u2019accusations de viol. Il assure un accompagnement rigoureux d\u00e8s la garde \u00e0 vue jusqu\u2019\u00e0 la Cour d\u2019assises, veillant au strict respect des garanties proc\u00e9durales.","publisher":{"@id":"https:\/\/kohenavocats.com\/ru\/#organization"},"potentialAction":[{"@type":"SearchAction","target":{"@type":"EntryPoint","urlTemplate":"https:\/\/kohenavocats.com\/ru\/?s={search_term_string}"},"query-input":{"@type":"PropertyValueSpecification","valueRequired":true,"valueName":"search_term_string"}}],"inLanguage":"ru-RU"},{"@type":"Organization","@id":"https:\/\/kohenavocats.com\/ru\/#organization","name":"Kohen Avocats","url":"https:\/\/kohenavocats.com\/ru\/","logo":{"@type":"ImageObject","inLanguage":"ru-RU","@id":"https:\/\/kohenavocats.com\/ru\/#\/schema\/logo\/image\/","url":"https:\/\/kohenavocats.com\/wp-content\/uploads\/2026\/01\/Logo-2-1.webp","contentUrl":"https:\/\/kohenavocats.com\/wp-content\/uploads\/2026\/01\/Logo-2-1.webp","width":2114,"height":1253,"caption":"Kohen Avocats"},"image":{"@id":"https:\/\/kohenavocats.com\/ru\/#\/schema\/logo\/image\/"}}]}},"jetpack_likes_enabled":false,"jetpack_sharing_enabled":true,"_links":{"self":[{"href":"https:\/\/kohenavocats.com\/ru\/wp-json\/wp\/v2\/kji_decision\/580291","targetHints":{"allow":["GET"]}}],"collection":[{"href":"https:\/\/kohenavocats.com\/ru\/wp-json\/wp\/v2\/kji_decision"}],"about":[{"href":"https:\/\/kohenavocats.com\/ru\/wp-json\/wp\/v2\/types\/kji_decision"}],"wp:attachment":[{"href":"https:\/\/kohenavocats.com\/ru\/wp-json\/wp\/v2\/media?parent=580291"}],"wp:term":[{"taxonomy":"kji_country","embeddable":true,"href":"https:\/\/kohenavocats.com\/ru\/wp-json\/wp\/v2\/kji_country?post=580291"},{"taxonomy":"kji_court","embeddable":true,"href":"https:\/\/kohenavocats.com\/ru\/wp-json\/wp\/v2\/kji_court?post=580291"},{"taxonomy":"kji_chamber","embeddable":true,"href":"https:\/\/kohenavocats.com\/ru\/wp-json\/wp\/v2\/kji_chamber?post=580291"},{"taxonomy":"kji_year","embeddable":true,"href":"https:\/\/kohenavocats.com\/ru\/wp-json\/wp\/v2\/kji_year?post=580291"},{"taxonomy":"kji_subject","embeddable":true,"href":"https:\/\/kohenavocats.com\/ru\/wp-json\/wp\/v2\/kji_subject?post=580291"},{"taxonomy":"kji_keyword","embeddable":true,"href":"https:\/\/kohenavocats.com\/ru\/wp-json\/wp\/v2\/kji_keyword?post=580291"},{"taxonomy":"kji_language","embeddable":true,"href":"https:\/\/kohenavocats.com\/ru\/wp-json\/wp\/v2\/kji_language?post=580291"}],"curies":[{"name":"wp","href":"https:\/\/api.w.org\/{rel}","templated":true}]}}