{"id":580330,"date":"2026-04-16T21:44:50","date_gmt":"2026-04-16T19:44:50","guid":{"rendered":"https:\/\/kohenavocats.com\/jurisprudences\/cour-superieure-de-justice-15-juillet-2025-n-2025-00527-2\/"},"modified":"2026-04-16T21:44:52","modified_gmt":"2026-04-16T19:44:52","slug":"cour-superieure-de-justice-15-juillet-2025-n-2025-00527-2","status":"publish","type":"kji_decision","link":"https:\/\/kohenavocats.com\/ru\/jurisprudences\/cour-superieure-de-justice-15-juillet-2025-n-2025-00527-2\/","title":{"rendered":"Cour sup\u00e9rieure de justice, 15 juillet 2025, n\u00b0 2025-00527"},"content":{"rendered":"<div class=\"kji-decision\">\n<div class=\"kji-full-text\">\n<p>1 Arr\u00eat N\u00b0143\/25IV-COM Arr\u00eat commercial\u2013faillite Audience publique duquinze juilletdeux millevingt-cinq Num\u00e9roCAL-2025-00527du r\u00f4le Composition: Marianne EICHER,pr\u00e9sidentde chambre; Mich\u00e8le HORNICK,premierconseiller; Carole BESCH,conseiller; Eric VILVENS, greffier. E n t r e lasoci\u00e9t\u00e9\u00e0 responsabilit\u00e9 limit\u00e9eSOCIETE1.)SARL,\u00e9tablie et ayantson si\u00e8ge social\u00e0L-ADRESSE1.), repr\u00e9sent\u00e9e parsong\u00e9rant, inscrite au Registre de Commerce et des Soci\u00e9t\u00e9s de Luxembourg sous le num\u00e9roNUMERO1.), appelanteaux termes d\u2019un acte de l&#039;huissier dejusticeNadine dite Nanou Tapella d\u2019Esch-sur-Alzettedu26 mai2025, comparant par Ma\u00eetreCl\u00e9ment Scuv\u00e9e,avocat \u00e0 la Cour,demeurant \u00e0 Luxembourg, et 1)Ma\u00eetre Giulia JAEGER, avocat \u00e0 la Cour, demeurant professionnellement \u00e0 L-1511 Luxembourg, 148, avenue de la Fa\u00efencerie, prise en sa qualit\u00e9 de curatricede la faillite de lasoci\u00e9t\u00e9 \u00e0 responsabilit\u00e9 limit\u00e9eSOCIETE1.)SARL,d\u00e9clar\u00e9een \u00e9tat de faillite par jugement du Tribunal d\u2019arrondissement de Luxembourg du 15 novembre 2024,<\/p>\n<p>2 intim\u00e9eaux fins dupr\u00e9dit acteTapella, comparant par elle-m\u00eame. 2)Monsieurle Receveur-Pr\u00e9pos\u00e9 du bureau de Recette des Contributions de Luxembourg, ayant ses bureaux \u00e0 L-2982 Luxembourg, 18, rue du Fort Wedell, intim\u00e9aux fins dupr\u00e9dit acteTapella, comparant par lui-m\u00eame. LA COURD\u2019APPEL Parjugementrendule15novembre2024,leTribunal d\u2019arrondissementdeLuxembourgad\u00e9clar\u00e9en\u00e9tatdefaillitesur assignationdeMonsieurleReceveur-Pr\u00e9pos\u00e9duBureaudeRecette desContributionsdeLuxembourg(ci-apr\u00e8sMonsieurleReceveur)qui sepr\u00e9valaitd\u2019unecr\u00e9ancefiscalede471.994,78euros,lasoci\u00e9t\u00e9\u00e0 responsabilit\u00e9limit\u00e9eSOCIETE1.)SARL(ci-apr\u00e8slasoci\u00e9t\u00e9 SOCIETE1.)).Ma\u00eetreGiuliaJAEGER(ci-apr\u00e8slaCuratrice)a\u00e9t\u00e9 d\u00e9sign\u00e9ecuratricedelafaillite. Paracted\u2019huissierdejusticedu26mai2025,lasoci\u00e9t\u00e9SOCIETE1.) ar\u00e9guli\u00e8rementrelev\u00e9appeldecejugementquiluia\u00e9t\u00e9signfi\u00e9le17 avril2025.Danssonacted\u2019appel,lasoci\u00e9t\u00e9SOCIETE1.)faitgriefau Tribunaldel\u2019avoird\u00e9clar\u00e9eenfaillitenonobstant\u00ables\u00e9l\u00e9ments fournis\u00bbrelatifs\u00e0unfinancementimportantencours.Invoquantune simpleg\u00eanefinanci\u00e8repassag\u00e8re,ellesollicitequelejugementde faillitesoitrabattu. Ilr\u00e9sulted\u2019uncourrierdel\u2019appelantedu20juin2025queles d\u00e9clarationsdecr\u00e9ancesechiffrent\u00e0unmontantd\u2019environ1.200.000 euros. Al\u2019audiencedesplaidoiries,l\u2019appelante,toutenestimantque certainesdesd\u00e9clarationsdecr\u00e9ancefontdoubleemploi,admetque lesdettesnesontpaspay\u00e9es.Elleaffirmetoutefoisqu\u2019untiers s\u2019engageirr\u00e9vocablement\u00e0apurerl\u2019int\u00e9gralit\u00e9desonpassif. MonsieurleReceveurs\u2019opposeaurabattementdelafaillite.Ildonne \u00e0consid\u00e9rerquelasoci\u00e9t\u00e9appelanteavaitd\u00e9j\u00e0b\u00e9n\u00e9fici\u00e9, ant\u00e9rieurement\u00e0lafaillite,d\u2019uneproc\u00e9dureder\u00e9organisation judiciaire,quiavait\u00e9chou\u00e9. LaCuratriceserapporte\u00e0prudencedejustice. Appr\u00e9ciation<\/p>\n<p>3 Auxtermesdel\u2019article437alin\u00e9a1 er duCodedecommerce,tout commer\u00e7antquicessesespaiementsetdontlecr\u00e9ditsetrouve \u00e9branl\u00e9esten\u00e9tatdefaillite. Ilincombeaudemandeurenrabattementdelafaillitedeprouverque lasoci\u00e9t\u00e9nesetrouvaitpasaumomentduprononc\u00e9dujugement d\u00e9claratifen\u00e9tatdefailliteausensdel\u2019article437duCodede commerce,end\u2019autrestermesqu\u2019ellen\u2019\u00e9taitpasen\u00e9tatdecessation despaiementsetquesoncr\u00e9ditn\u2019\u00e9taitpas\u00e9branl\u00e9. Lacessationdespaiementsestl\u2019impossibilit\u00e9danslaquellesetrouve und\u00e9biteurdefaireface\u00e0sesengagements. L\u2019\u00e9branlementdecr\u00e9ditestlacons\u00e9quenced\u2019unmanquedecr\u00e9ditet provientdel\u2019impossibilit\u00e9d\u2019obtenirdel\u2019argentpourpayersesdettes, respectivementdurefusdescr\u00e9anciersd\u2019accorderdesd\u00e9laisde paiement. Lasoci\u00e9t\u00e9SOCIETE1.)n\u2019\u00e9tablitpasqu\u2019elleestenmesureder\u00e9gler sesdettes,qu\u2019ellechiffreelle-m\u00eame\u00e01.200.000euros. Ils\u2019ensuitquel\u2019appelante\u00e9taitbienen\u00e9tatdecessationdepaiements etquesoncr\u00e9dit\u00e9tait\u00e9branl\u00e9aujourduprononc\u00e9delafaillite. Ilyad\u00e8slorslieudeconfirmerlejugemententrepris. Auvudel\u2019issuedel\u2019appel,lesfraisetd\u00e9penssont\u00e0mettre\u00e0charge delamassedelafaillitedelasoci\u00e9t\u00e9SOCIETE1.). PAR CES MOTIFS la Cour d\u2019appel, quatri\u00e8me chambre, si\u00e9geant en mati\u00e8re de faillite, statuant contradictoirement, re\u00e7oit l\u2019appel, le d\u00e9clare non fond\u00e9, confirmele jugement entrepris, metles frais et d\u00e9pens de l\u2019instance d\u2019appel \u00e0 charge de la masse de la faillite de la soci\u00e9t\u00e9 \u00e0 responsabilit\u00e9 limit\u00e9eSOCIETE1.)SARL.<\/p>\n<\/div>\n<hr class=\"kji-sep\" \/>\n<p class=\"kji-source-links\"><strong>Sources officielles :<\/strong> <a class=\"kji-source-link\" href=\"https:\/\/data.public.lu\/fr\/datasets\/cour-superieure-de-justice-chambre-4\/\" target=\"_blank\" rel=\"noopener noreferrer\">consulter la page source<\/a> &middot; <a class=\"kji-pdf-link\" href=\"https:\/\/download.data.public.lu\/resources\/cour-superieure-de-justice-chambre-4\/20250721-010326\/20250715-ca4-cal-2025-00527-pseudonymise-accessible.pdf\" target=\"_blank\" rel=\"noopener noreferrer\">PDF officiel<\/a><\/p>\n<p class=\"kji-license-note\"><em>Licence CC BY-ND 4.0 (Administration judiciaire, data.public.lu). Republication autorisee avec attribution, sans modification editoriale du texte integral.<\/em><\/p>\n<\/div>\n","protected":false},"excerpt":{"rendered":"<p>1 Arr\u00eat N\u00b0143\/25IV-COM Arr\u00eat commercial\u2013faillite Audience publique duquinze juilletdeux millevingt-cinq Num\u00e9roCAL-2025-00527du r\u00f4le Composition: Marianne EICHER,pr\u00e9sidentde chambre; Mich\u00e8le HORNICK,premierconseiller; Carole BESCH,conseiller; Eric VILVENS, greffier. E n t r e lasoci\u00e9t\u00e9\u00e0 responsabilit\u00e9 limit\u00e9eSOCIETE1.)SARL,\u00e9tablie et ayantson si\u00e8ge social\u00e0L-ADRESSE1.), repr\u00e9sent\u00e9e parsong\u00e9rant, inscrite au Registre de Commerce et des Soci\u00e9t\u00e9s\u2026<\/p>\n","protected":false},"featured_media":0,"template":"","meta":{"_crdt_document":""},"kji_country":[8418],"kji_court":[12305],"kji_chamber":[18433],"kji_year":[8463],"kji_subject":[7724],"kji_keyword":[8600,9055,12307],"kji_language":[7733],"class_list":["post-580330","kji_decision","type-kji_decision","status-publish","hentry","kji_country-luxembourg","kji_court-cour-superieure-de-justice","kji_chamber-chambre-4","kji_year-8463","kji_subject-civil","kji_keyword-juillet","kji_keyword-justice","kji_keyword-superieure","kji_language-francais"],"yoast_head":"<!-- This site is optimized with the Yoast SEO Premium plugin v27.5 (Yoast SEO v27.5) - https:\/\/yoast.com\/product\/yoast-seo-premium-wordpress\/ -->\n<title>Cour sup\u00e9rieure de justice, 15 juillet 2025, n\u00b0 2025-00527 - Ma\u00eetre Hassan Kohen, avocat en droit p\u00e9nal \u00e0 Paris<\/title>\n<meta name=\"robots\" content=\"index, follow, max-snippet:-1, max-image-preview:large, max-video-preview:-1\" \/>\n<link rel=\"canonical\" href=\"https:\/\/kohenavocats.com\/ru\/jurisprudences\/cour-superieure-de-justice-15-juillet-2025-n-2025-00527-2\/\" \/>\n<meta property=\"og:locale\" content=\"ru_RU\" \/>\n<meta property=\"og:type\" content=\"article\" \/>\n<meta property=\"og:title\" content=\"Cour sup\u00e9rieure de justice, 15 juillet 2025, n\u00b0 2025-00527\" \/>\n<meta property=\"og:description\" content=\"1 Arr\u00eat N\u00b0143\/25IV-COM Arr\u00eat commercial\u2013faillite Audience publique duquinze juilletdeux millevingt-cinq Num\u00e9roCAL-2025-00527du r\u00f4le Composition: Marianne EICHER,pr\u00e9sidentde chambre; Mich\u00e8le HORNICK,premierconseiller; Carole BESCH,conseiller; Eric VILVENS, greffier. E n t r e lasoci\u00e9t\u00e9\u00e0 responsabilit\u00e9 limit\u00e9eSOCIETE1.)SARL,\u00e9tablie et ayantson si\u00e8ge social\u00e0L-ADRESSE1.), repr\u00e9sent\u00e9e parsong\u00e9rant, inscrite au Registre de Commerce et des Soci\u00e9t\u00e9s\u2026\" \/>\n<meta property=\"og:url\" content=\"https:\/\/kohenavocats.com\/ru\/jurisprudences\/cour-superieure-de-justice-15-juillet-2025-n-2025-00527-2\/\" \/>\n<meta property=\"og:site_name\" content=\"Ma\u00eetre Hassan Kohen, avocat en droit p\u00e9nal \u00e0 Paris\" \/>\n<meta property=\"article:modified_time\" content=\"2026-04-16T19:44:52+00:00\" \/>\n<meta name=\"twitter:card\" content=\"summary_large_image\" \/>\n<meta name=\"twitter:label1\" content=\"\u041f\u0440\u0438\u043c\u0435\u0440\u043d\u043e\u0435 \u0432\u0440\u0435\u043c\u044f \u0434\u043b\u044f \u0447\u0442\u0435\u043d\u0438\u044f\" \/>\n\t<meta name=\"twitter:data1\" content=\"2 \u043c\u0438\u043d\u0443\u0442\u044b\" \/>\n<script type=\"application\/ld+json\" class=\"yoast-schema-graph\">{\"@context\":\"https:\\\/\\\/schema.org\",\"@graph\":[{\"@type\":\"WebPage\",\"@id\":\"https:\\\/\\\/kohenavocats.com\\\/ru\\\/jurisprudences\\\/cour-superieure-de-justice-15-juillet-2025-n-2025-00527-2\\\/\",\"url\":\"https:\\\/\\\/kohenavocats.com\\\/ru\\\/jurisprudences\\\/cour-superieure-de-justice-15-juillet-2025-n-2025-00527-2\\\/\",\"name\":\"Cour sup\u00e9rieure de justice, 15 juillet 2025, n\u00b0 2025-00527 - Ma\u00eetre Hassan Kohen, avocat en droit p\u00e9nal \u00e0 Paris\",\"isPartOf\":{\"@id\":\"https:\\\/\\\/kohenavocats.com\\\/ru\\\/#website\"},\"datePublished\":\"2026-04-16T19:44:50+00:00\",\"dateModified\":\"2026-04-16T19:44:52+00:00\",\"breadcrumb\":{\"@id\":\"https:\\\/\\\/kohenavocats.com\\\/ru\\\/jurisprudences\\\/cour-superieure-de-justice-15-juillet-2025-n-2025-00527-2\\\/#breadcrumb\"},\"inLanguage\":\"ru-RU\",\"potentialAction\":[{\"@type\":\"ReadAction\",\"target\":[\"https:\\\/\\\/kohenavocats.com\\\/ru\\\/jurisprudences\\\/cour-superieure-de-justice-15-juillet-2025-n-2025-00527-2\\\/\"]}]},{\"@type\":\"BreadcrumbList\",\"@id\":\"https:\\\/\\\/kohenavocats.com\\\/ru\\\/jurisprudences\\\/cour-superieure-de-justice-15-juillet-2025-n-2025-00527-2\\\/#breadcrumb\",\"itemListElement\":[{\"@type\":\"ListItem\",\"position\":1,\"name\":\"Home\",\"item\":\"https:\\\/\\\/kohenavocats.com\\\/ru\\\/avocats-en-droit-penal-a-paris-conseil-et-defense-strategique\\\/\"},{\"@type\":\"ListItem\",\"position\":2,\"name\":\"Jurisprudences\",\"item\":\"https:\\\/\\\/kohenavocats.com\\\/ru\\\/jurisprudences\\\/\"},{\"@type\":\"ListItem\",\"position\":3,\"name\":\"Cour sup\u00e9rieure de justice, 15 juillet 2025, n\u00b0 2025-00527\"}]},{\"@type\":\"WebSite\",\"@id\":\"https:\\\/\\\/kohenavocats.com\\\/ru\\\/#website\",\"url\":\"https:\\\/\\\/kohenavocats.com\\\/ru\\\/\",\"name\":\"Kohen Avocats\",\"description\":\"Ma\u00eetre Hassan Kohen, avocat p\u00e9naliste \u00e0 Paris, intervient exclusivement en droit p\u00e9nal pour la d\u00e9fense des particuliers, notamment en mati\u00e8re d\u2019accusations de viol. Il assure un accompagnement rigoureux d\u00e8s la garde \u00e0 vue jusqu\u2019\u00e0 la Cour d\u2019assises, veillant au strict respect des garanties proc\u00e9durales.\",\"publisher\":{\"@id\":\"https:\\\/\\\/kohenavocats.com\\\/ru\\\/#organization\"},\"potentialAction\":[{\"@type\":\"SearchAction\",\"target\":{\"@type\":\"EntryPoint\",\"urlTemplate\":\"https:\\\/\\\/kohenavocats.com\\\/ru\\\/?s={search_term_string}\"},\"query-input\":{\"@type\":\"PropertyValueSpecification\",\"valueRequired\":true,\"valueName\":\"search_term_string\"}}],\"inLanguage\":\"ru-RU\"},{\"@type\":\"Organization\",\"@id\":\"https:\\\/\\\/kohenavocats.com\\\/ru\\\/#organization\",\"name\":\"Kohen Avocats\",\"url\":\"https:\\\/\\\/kohenavocats.com\\\/ru\\\/\",\"logo\":{\"@type\":\"ImageObject\",\"inLanguage\":\"ru-RU\",\"@id\":\"https:\\\/\\\/kohenavocats.com\\\/ru\\\/#\\\/schema\\\/logo\\\/image\\\/\",\"url\":\"https:\\\/\\\/kohenavocats.com\\\/wp-content\\\/uploads\\\/2026\\\/01\\\/Logo-2-1.webp\",\"contentUrl\":\"https:\\\/\\\/kohenavocats.com\\\/wp-content\\\/uploads\\\/2026\\\/01\\\/Logo-2-1.webp\",\"width\":2114,\"height\":1253,\"caption\":\"Kohen Avocats\"},\"image\":{\"@id\":\"https:\\\/\\\/kohenavocats.com\\\/ru\\\/#\\\/schema\\\/logo\\\/image\\\/\"}}]}<\/script>\n<!-- \/ Yoast SEO Premium plugin. -->","yoast_head_json":{"title":"Cour sup\u00e9rieure de justice, 15 juillet 2025, n\u00b0 2025-00527 - Ma\u00eetre Hassan Kohen, avocat en droit p\u00e9nal \u00e0 Paris","robots":{"index":"index","follow":"follow","max-snippet":"max-snippet:-1","max-image-preview":"max-image-preview:large","max-video-preview":"max-video-preview:-1"},"canonical":"https:\/\/kohenavocats.com\/ru\/jurisprudences\/cour-superieure-de-justice-15-juillet-2025-n-2025-00527-2\/","og_locale":"ru_RU","og_type":"article","og_title":"Cour sup\u00e9rieure de justice, 15 juillet 2025, n\u00b0 2025-00527","og_description":"1 Arr\u00eat N\u00b0143\/25IV-COM Arr\u00eat commercial\u2013faillite Audience publique duquinze juilletdeux millevingt-cinq Num\u00e9roCAL-2025-00527du r\u00f4le Composition: Marianne EICHER,pr\u00e9sidentde chambre; Mich\u00e8le HORNICK,premierconseiller; Carole BESCH,conseiller; Eric VILVENS, greffier. E n t r e lasoci\u00e9t\u00e9\u00e0 responsabilit\u00e9 limit\u00e9eSOCIETE1.)SARL,\u00e9tablie et ayantson si\u00e8ge social\u00e0L-ADRESSE1.), repr\u00e9sent\u00e9e parsong\u00e9rant, inscrite au Registre de Commerce et des Soci\u00e9t\u00e9s\u2026","og_url":"https:\/\/kohenavocats.com\/ru\/jurisprudences\/cour-superieure-de-justice-15-juillet-2025-n-2025-00527-2\/","og_site_name":"Ma\u00eetre Hassan Kohen, avocat en droit p\u00e9nal \u00e0 Paris","article_modified_time":"2026-04-16T19:44:52+00:00","twitter_card":"summary_large_image","twitter_misc":{"\u041f\u0440\u0438\u043c\u0435\u0440\u043d\u043e\u0435 \u0432\u0440\u0435\u043c\u044f \u0434\u043b\u044f \u0447\u0442\u0435\u043d\u0438\u044f":"2 \u043c\u0438\u043d\u0443\u0442\u044b"},"schema":{"@context":"https:\/\/schema.org","@graph":[{"@type":"WebPage","@id":"https:\/\/kohenavocats.com\/ru\/jurisprudences\/cour-superieure-de-justice-15-juillet-2025-n-2025-00527-2\/","url":"https:\/\/kohenavocats.com\/ru\/jurisprudences\/cour-superieure-de-justice-15-juillet-2025-n-2025-00527-2\/","name":"Cour sup\u00e9rieure de justice, 15 juillet 2025, n\u00b0 2025-00527 - Ma\u00eetre Hassan Kohen, avocat en droit p\u00e9nal \u00e0 Paris","isPartOf":{"@id":"https:\/\/kohenavocats.com\/ru\/#website"},"datePublished":"2026-04-16T19:44:50+00:00","dateModified":"2026-04-16T19:44:52+00:00","breadcrumb":{"@id":"https:\/\/kohenavocats.com\/ru\/jurisprudences\/cour-superieure-de-justice-15-juillet-2025-n-2025-00527-2\/#breadcrumb"},"inLanguage":"ru-RU","potentialAction":[{"@type":"ReadAction","target":["https:\/\/kohenavocats.com\/ru\/jurisprudences\/cour-superieure-de-justice-15-juillet-2025-n-2025-00527-2\/"]}]},{"@type":"BreadcrumbList","@id":"https:\/\/kohenavocats.com\/ru\/jurisprudences\/cour-superieure-de-justice-15-juillet-2025-n-2025-00527-2\/#breadcrumb","itemListElement":[{"@type":"ListItem","position":1,"name":"Home","item":"https:\/\/kohenavocats.com\/ru\/avocats-en-droit-penal-a-paris-conseil-et-defense-strategique\/"},{"@type":"ListItem","position":2,"name":"Jurisprudences","item":"https:\/\/kohenavocats.com\/ru\/jurisprudences\/"},{"@type":"ListItem","position":3,"name":"Cour sup\u00e9rieure de justice, 15 juillet 2025, n\u00b0 2025-00527"}]},{"@type":"WebSite","@id":"https:\/\/kohenavocats.com\/ru\/#website","url":"https:\/\/kohenavocats.com\/ru\/","name":"Kohen Avocats","description":"Ma\u00eetre Hassan Kohen, avocat p\u00e9naliste \u00e0 Paris, intervient exclusivement en droit p\u00e9nal pour la d\u00e9fense des particuliers, notamment en mati\u00e8re d\u2019accusations de viol. Il assure un accompagnement rigoureux d\u00e8s la garde \u00e0 vue jusqu\u2019\u00e0 la Cour d\u2019assises, veillant au strict respect des garanties proc\u00e9durales.","publisher":{"@id":"https:\/\/kohenavocats.com\/ru\/#organization"},"potentialAction":[{"@type":"SearchAction","target":{"@type":"EntryPoint","urlTemplate":"https:\/\/kohenavocats.com\/ru\/?s={search_term_string}"},"query-input":{"@type":"PropertyValueSpecification","valueRequired":true,"valueName":"search_term_string"}}],"inLanguage":"ru-RU"},{"@type":"Organization","@id":"https:\/\/kohenavocats.com\/ru\/#organization","name":"Kohen Avocats","url":"https:\/\/kohenavocats.com\/ru\/","logo":{"@type":"ImageObject","inLanguage":"ru-RU","@id":"https:\/\/kohenavocats.com\/ru\/#\/schema\/logo\/image\/","url":"https:\/\/kohenavocats.com\/wp-content\/uploads\/2026\/01\/Logo-2-1.webp","contentUrl":"https:\/\/kohenavocats.com\/wp-content\/uploads\/2026\/01\/Logo-2-1.webp","width":2114,"height":1253,"caption":"Kohen Avocats"},"image":{"@id":"https:\/\/kohenavocats.com\/ru\/#\/schema\/logo\/image\/"}}]}},"jetpack_likes_enabled":false,"jetpack_sharing_enabled":true,"_links":{"self":[{"href":"https:\/\/kohenavocats.com\/ru\/wp-json\/wp\/v2\/kji_decision\/580330","targetHints":{"allow":["GET"]}}],"collection":[{"href":"https:\/\/kohenavocats.com\/ru\/wp-json\/wp\/v2\/kji_decision"}],"about":[{"href":"https:\/\/kohenavocats.com\/ru\/wp-json\/wp\/v2\/types\/kji_decision"}],"wp:attachment":[{"href":"https:\/\/kohenavocats.com\/ru\/wp-json\/wp\/v2\/media?parent=580330"}],"wp:term":[{"taxonomy":"kji_country","embeddable":true,"href":"https:\/\/kohenavocats.com\/ru\/wp-json\/wp\/v2\/kji_country?post=580330"},{"taxonomy":"kji_court","embeddable":true,"href":"https:\/\/kohenavocats.com\/ru\/wp-json\/wp\/v2\/kji_court?post=580330"},{"taxonomy":"kji_chamber","embeddable":true,"href":"https:\/\/kohenavocats.com\/ru\/wp-json\/wp\/v2\/kji_chamber?post=580330"},{"taxonomy":"kji_year","embeddable":true,"href":"https:\/\/kohenavocats.com\/ru\/wp-json\/wp\/v2\/kji_year?post=580330"},{"taxonomy":"kji_subject","embeddable":true,"href":"https:\/\/kohenavocats.com\/ru\/wp-json\/wp\/v2\/kji_subject?post=580330"},{"taxonomy":"kji_keyword","embeddable":true,"href":"https:\/\/kohenavocats.com\/ru\/wp-json\/wp\/v2\/kji_keyword?post=580330"},{"taxonomy":"kji_language","embeddable":true,"href":"https:\/\/kohenavocats.com\/ru\/wp-json\/wp\/v2\/kji_language?post=580330"}],"curies":[{"name":"wp","href":"https:\/\/api.w.org\/{rel}","templated":true}]}}