{"id":580625,"date":"2026-04-16T22:43:42","date_gmt":"2026-04-16T20:43:42","guid":{"rendered":"https:\/\/kohenavocats.com\/jurisprudences\/cour-superieure-de-justice-27-mai-2025-n-2025-00331\/"},"modified":"2026-04-16T22:43:45","modified_gmt":"2026-04-16T20:43:45","slug":"cour-superieure-de-justice-27-mai-2025-n-2025-00331","status":"publish","type":"kji_decision","link":"https:\/\/kohenavocats.com\/ru\/jurisprudences\/cour-superieure-de-justice-27-mai-2025-n-2025-00331\/","title":{"rendered":"Cour sup\u00e9rieure de justice, 27 mai 2025, n\u00b0 2025-00331"},"content":{"rendered":"<div class=\"kji-decision\">\n<div class=\"kji-full-text\">\n<p>1 Arr\u00eat N\u00b0101\/25IV-COM Arr\u00eat commercial\u2013faillite Audience publique duvingt-sept maideux millevingt-cinq Num\u00e9roCAL-2025-00331du r\u00f4le Composition: Marianne EICHER,pr\u00e9sidentde chambre; Mich\u00e8le HORNICK,premierconseiller; Carole BESCH,conseiller; Eric VILVENS, greffier. E n t r e lasoci\u00e9t\u00e9\u00e0 responsabilit\u00e9 limit\u00e9eSOCIETE1.)SARL,\u00e9tablie et ayantson si\u00e8ge social\u00e0 L-ADRESSE1.), repr\u00e9sent\u00e9e par son g\u00e9rant, inscrite au Registre de Commerce et des Soci\u00e9t\u00e9s de Luxembourg sous le num\u00e9roNUMERO1.), appelanteaux termesd\u2019unacte de l&#039;huissier dejusticePatrick KurdybandeLuxembourg du25mars 2025, ayant comparupar Ma\u00eetreSanae Igri, avocat \u00e0 la Cour,demeurant \u00e0 P\u00e9tange, et 1)LeCENTRE COMMUN DE LA SECURITE SOCIALE , \u00e9tabli \u00e0 L- 2144 Luxembourg, 4, rue Mercier,repr\u00e9sent\u00e9 par le pr\u00e9sident de son comit\u00e9-directeur, immatricul\u00e9 au Registre de Commerce et des Soci\u00e9t\u00e9s de Luxembourg sous le num\u00e9ro J17,<\/p>\n<p>2 intim\u00e9aux fins dupr\u00e9dit acteKurdyban, comparant par Ma\u00eetreJulien Boeckler, avocat \u00e0 la Cour, demeurant \u00e0 Luxembourg, 2) Ma\u00eetre Sylvain L\u2019HOTE, avocat \u00e0 la Cour, demeurant professionnellement \u00e0 L-1147 Luxembourg, 40, rue de l\u2019avenir, pris en sa qualit\u00e9 de curateur de lafaillite de lasoci\u00e9t\u00e9 \u00e0 responsabilit\u00e9 limit\u00e9e SOCIETE1.)SARL, d\u00e9clar\u00e9e en \u00e9tat de faillite parjugementdu Tribunald\u2019arrondissement deLuxembourgdu 21 mars 2025, intim\u00e9aux fins dupr\u00e9dit acteKurdyban, comparant parMa\u00eetre Benjamin Pacary, avocat \u00e0 la Cour, demeurant \u00e0 Luxembourg, en remplacement de Ma\u00eetre Sylvain L\u2019Hote. LA COURD\u2019APPEL Par jugement rendu le 21 mars 2025, le Tribunal d\u2019arrondissement de Luxembourg a d\u00e9clar\u00e9 en \u00e9tat de faillite sur assignation de l\u2019\u00e9tablissement public CENTRE COMMUN DE LA SECURITE SOCIALE (ci-apr\u00e8s le CENTRE COMMUN) qui se pr\u00e9valait d\u2019une cr\u00e9ance d\u2019arri\u00e9r\u00e9s de cotisations sociales de 68.101,12 euros, en ce non compris les frais d\u2019huissier, la soci\u00e9t\u00e9 \u00e0 responsabilit\u00e9 limit\u00e9e SOCIETE1.)SARL (ci-apr\u00e8s la soci\u00e9t\u00e9SOCIETE1.)). Ma\u00eetre Sylvain L\u2019HOTE (ci-apr\u00e8s le Curateur) a \u00e9t\u00e9 d\u00e9sign\u00e9 curateur de la faillite. Par acte d\u2019huissier de justice du 25 mars 2025, la soci\u00e9t\u00e9SOCIETE1.) a relev\u00e9 appel de ce jugement en faisant valoir que les conditions de la faillite ne sont pas remplies. L\u2019appelantea soutenu dans son acte d\u2019appeldisposer des fonds n\u00e9cessaires \u00e0 l\u2019apurement de sa dette, et asollicit\u00e9que le jugement de faillite soit rabattu. A l\u2019audience des plaidoiries du 20 mai 2025, \u00e0 laquelle l\u2019affaire a \u00e9t\u00e9 fix\u00e9e pour d\u00e9sistement, \u00e0 la demande de l\u2019appelante,celle-ci ne s\u2019est pas pr\u00e9sent\u00e9e ni ne s\u2019est fait repr\u00e9senter, son mandataire initial ayant d\u00e9pos\u00e9 son mandat. LeCENTRE COMMUN a demand\u00e9 la confirmation du jugement de faillite. Le Curateur s\u2019estrapport\u00e9\u00e0 prudence de justice. Appr\u00e9ciation Enapplicationdel\u2019article75duNouveauCodedeproc\u00e9durecivile,si, sansmotifl\u00e9gitime,ledemandeurnecompara\u00eetpas,led\u00e9fendeurpeut<\/p>\n<p>3 requ\u00e9rirunjugementsurlefondquiseracontradictoire,sauflafacult\u00e9 dujugederenvoyerl\u2019affaire\u00e0uneaudienceult\u00e9rieure. Lorsque,commeenl\u2019esp\u00e8ce,laproc\u00e9dureestorale,lesparties doiventsepr\u00e9senter\u00e0l\u2019audienceousefairerepr\u00e9senterpourformuler valablementleurspr\u00e9tentionsetenjustifier.C\u2019esteneffeten comparaissantquelesdemandesetmoyenspourront\u00eatre valablementsoutenus 1 . Ceprincipedepr\u00e9sences&#039;appliqueaussidevantlaCourd&#039;appel lorsquelaproc\u00e9dureestorale.Sil&#039;appelantnesepr\u00e9sentepas\u00e0 l&#039;audiencepoursoutenirsespr\u00e9tentions,laCourd&#039;appeln&#039;estsaisie d&#039;aucunmoyenetdoitconfirmerlejugement 2 . LaCourn\u2019\u00e9tantsaisied\u2019aucunedemandenimoyend\u2019appelformul\u00e9 valablement,l\u2019appeln\u2019estpasfond\u00e9. PAR CES MOTIFS laCour d\u2019appel, quatri\u00e8me chambre, si\u00e9geant en mati\u00e8re commerciale, statuant contradictoirement, re\u00e7oit l\u2019appel, le d\u00e9clare non fond\u00e9, confirmele jugement entrepris, metles frais et d\u00e9pens de l\u2019instance d\u2019appel \u00e0 charge de la masse de la faillite de la soci\u00e9t\u00e9 \u00e0 responsabilit\u00e9 limit\u00e9eSOCIETE1.)SARL. 1 Dalloz, R\u00e9pertoire de proc\u00e9dure civile, C\u00e9dric Bouty, Proc\u00e9dures orales, dispositions communes, n\u00b053 et les jurisprudences cit\u00e9es, notamment:Cass.fr, civ.2 e , 23 sept.2004 n o 02-20.497, Bull. civ.II, n o 414; Cass.fr. civ.,3 e , 14janv. 2016, n o 14-18.698 2 Dalloz, R\u00e9pertoire de proc\u00e9dure civile, pr\u00e9cit\u00e9, n\u00b054 et les jurisprudences cit\u00e9es, notamment:Cass. fr. civ.2 e , 21mars 2013, n o 12-15.326)<\/p>\n<\/div>\n<hr class=\"kji-sep\" \/>\n<p class=\"kji-source-links\"><strong>Sources officielles :<\/strong> <a class=\"kji-source-link\" href=\"https:\/\/data.public.lu\/fr\/datasets\/cour-superieure-de-justice-chambre-4\/\" target=\"_blank\" rel=\"noopener noreferrer\">consulter la page source<\/a> &middot; <a class=\"kji-pdf-link\" href=\"https:\/\/download.data.public.lu\/resources\/cour-superieure-de-justice-chambre-4\/20250602-010244\/20250527-ca4-cal-2025-00331-pseudonymise-accessible.pdf\" target=\"_blank\" rel=\"noopener noreferrer\">PDF officiel<\/a><\/p>\n<p class=\"kji-license-note\"><em>Licence CC BY-ND 4.0 (Administration judiciaire, data.public.lu). Republication autorisee avec attribution, sans modification editoriale du texte integral.<\/em><\/p>\n<\/div>\n","protected":false},"excerpt":{"rendered":"<p>1 Arr\u00eat N\u00b0101\/25IV-COM Arr\u00eat commercial\u2013faillite Audience publique duvingt-sept maideux millevingt-cinq Num\u00e9roCAL-2025-00331du r\u00f4le Composition: Marianne EICHER,pr\u00e9sidentde chambre; Mich\u00e8le HORNICK,premierconseiller; Carole BESCH,conseiller; Eric VILVENS, greffier. E n t r e lasoci\u00e9t\u00e9\u00e0 responsabilit\u00e9 limit\u00e9eSOCIETE1.)SARL,\u00e9tablie et ayantson si\u00e8ge social\u00e0 L-ADRESSE1.), repr\u00e9sent\u00e9e par son g\u00e9rant, inscrite au Registre de Commerce\u2026<\/p>\n","protected":false},"featured_media":0,"template":"","meta":{"_crdt_document":""},"kji_country":[8418],"kji_court":[12305],"kji_chamber":[18433],"kji_year":[8463],"kji_subject":[7724],"kji_keyword":[9055,12307],"kji_language":[7733],"class_list":["post-580625","kji_decision","type-kji_decision","status-publish","hentry","kji_country-luxembourg","kji_court-cour-superieure-de-justice","kji_chamber-chambre-4","kji_year-8463","kji_subject-civil","kji_keyword-justice","kji_keyword-superieure","kji_language-francais"],"yoast_head":"<!-- This site is optimized with the Yoast SEO Premium plugin v27.5 (Yoast SEO v27.5) - https:\/\/yoast.com\/product\/yoast-seo-premium-wordpress\/ -->\n<title>Cour sup\u00e9rieure de justice, 27 mai 2025, n\u00b0 2025-00331 - Ma\u00eetre Hassan Kohen, avocat en droit p\u00e9nal \u00e0 Paris<\/title>\n<meta name=\"robots\" content=\"index, follow, max-snippet:-1, max-image-preview:large, max-video-preview:-1\" \/>\n<link rel=\"canonical\" href=\"https:\/\/kohenavocats.com\/ru\/jurisprudences\/cour-superieure-de-justice-27-mai-2025-n-2025-00331\/\" \/>\n<meta property=\"og:locale\" content=\"ru_RU\" \/>\n<meta property=\"og:type\" content=\"article\" \/>\n<meta property=\"og:title\" content=\"Cour sup\u00e9rieure de justice, 27 mai 2025, n\u00b0 2025-00331\" \/>\n<meta property=\"og:description\" content=\"1 Arr\u00eat N\u00b0101\/25IV-COM Arr\u00eat commercial\u2013faillite Audience publique duvingt-sept maideux millevingt-cinq Num\u00e9roCAL-2025-00331du r\u00f4le Composition: Marianne EICHER,pr\u00e9sidentde chambre; Mich\u00e8le HORNICK,premierconseiller; Carole BESCH,conseiller; Eric VILVENS, greffier. E n t r e lasoci\u00e9t\u00e9\u00e0 responsabilit\u00e9 limit\u00e9eSOCIETE1.)SARL,\u00e9tablie et ayantson si\u00e8ge social\u00e0 L-ADRESSE1.), repr\u00e9sent\u00e9e par son g\u00e9rant, inscrite au Registre de Commerce\u2026\" \/>\n<meta property=\"og:url\" content=\"https:\/\/kohenavocats.com\/ru\/jurisprudences\/cour-superieure-de-justice-27-mai-2025-n-2025-00331\/\" \/>\n<meta property=\"og:site_name\" content=\"Ma\u00eetre Hassan Kohen, avocat en droit p\u00e9nal \u00e0 Paris\" \/>\n<meta property=\"article:modified_time\" content=\"2026-04-16T20:43:45+00:00\" \/>\n<meta name=\"twitter:card\" content=\"summary_large_image\" \/>\n<meta name=\"twitter:label1\" content=\"\u041f\u0440\u0438\u043c\u0435\u0440\u043d\u043e\u0435 \u0432\u0440\u0435\u043c\u044f \u0434\u043b\u044f \u0447\u0442\u0435\u043d\u0438\u044f\" \/>\n\t<meta name=\"twitter:data1\" content=\"3 \u043c\u0438\u043d\u0443\u0442\u044b\" \/>\n<script type=\"application\/ld+json\" class=\"yoast-schema-graph\">{\"@context\":\"https:\\\/\\\/schema.org\",\"@graph\":[{\"@type\":\"WebPage\",\"@id\":\"https:\\\/\\\/kohenavocats.com\\\/ru\\\/jurisprudences\\\/cour-superieure-de-justice-27-mai-2025-n-2025-00331\\\/\",\"url\":\"https:\\\/\\\/kohenavocats.com\\\/ru\\\/jurisprudences\\\/cour-superieure-de-justice-27-mai-2025-n-2025-00331\\\/\",\"name\":\"Cour sup\u00e9rieure de justice, 27 mai 2025, n\u00b0 2025-00331 - Ma\u00eetre Hassan Kohen, avocat en droit p\u00e9nal \u00e0 Paris\",\"isPartOf\":{\"@id\":\"https:\\\/\\\/kohenavocats.com\\\/ru\\\/#website\"},\"datePublished\":\"2026-04-16T20:43:42+00:00\",\"dateModified\":\"2026-04-16T20:43:45+00:00\",\"breadcrumb\":{\"@id\":\"https:\\\/\\\/kohenavocats.com\\\/ru\\\/jurisprudences\\\/cour-superieure-de-justice-27-mai-2025-n-2025-00331\\\/#breadcrumb\"},\"inLanguage\":\"ru-RU\",\"potentialAction\":[{\"@type\":\"ReadAction\",\"target\":[\"https:\\\/\\\/kohenavocats.com\\\/ru\\\/jurisprudences\\\/cour-superieure-de-justice-27-mai-2025-n-2025-00331\\\/\"]}]},{\"@type\":\"BreadcrumbList\",\"@id\":\"https:\\\/\\\/kohenavocats.com\\\/ru\\\/jurisprudences\\\/cour-superieure-de-justice-27-mai-2025-n-2025-00331\\\/#breadcrumb\",\"itemListElement\":[{\"@type\":\"ListItem\",\"position\":1,\"name\":\"Home\",\"item\":\"https:\\\/\\\/kohenavocats.com\\\/ru\\\/avocats-en-droit-penal-a-paris-conseil-et-defense-strategique\\\/\"},{\"@type\":\"ListItem\",\"position\":2,\"name\":\"Jurisprudences\",\"item\":\"https:\\\/\\\/kohenavocats.com\\\/ru\\\/jurisprudences\\\/\"},{\"@type\":\"ListItem\",\"position\":3,\"name\":\"Cour sup\u00e9rieure de justice, 27 mai 2025, n\u00b0 2025-00331\"}]},{\"@type\":\"WebSite\",\"@id\":\"https:\\\/\\\/kohenavocats.com\\\/ru\\\/#website\",\"url\":\"https:\\\/\\\/kohenavocats.com\\\/ru\\\/\",\"name\":\"Kohen Avocats\",\"description\":\"Ma\u00eetre Hassan Kohen, avocat p\u00e9naliste \u00e0 Paris, intervient exclusivement en droit p\u00e9nal pour la d\u00e9fense des particuliers, notamment en mati\u00e8re d\u2019accusations de viol. Il assure un accompagnement rigoureux d\u00e8s la garde \u00e0 vue jusqu\u2019\u00e0 la Cour d\u2019assises, veillant au strict respect des garanties proc\u00e9durales.\",\"publisher\":{\"@id\":\"https:\\\/\\\/kohenavocats.com\\\/ru\\\/#organization\"},\"potentialAction\":[{\"@type\":\"SearchAction\",\"target\":{\"@type\":\"EntryPoint\",\"urlTemplate\":\"https:\\\/\\\/kohenavocats.com\\\/ru\\\/?s={search_term_string}\"},\"query-input\":{\"@type\":\"PropertyValueSpecification\",\"valueRequired\":true,\"valueName\":\"search_term_string\"}}],\"inLanguage\":\"ru-RU\"},{\"@type\":\"Organization\",\"@id\":\"https:\\\/\\\/kohenavocats.com\\\/ru\\\/#organization\",\"name\":\"Kohen Avocats\",\"url\":\"https:\\\/\\\/kohenavocats.com\\\/ru\\\/\",\"logo\":{\"@type\":\"ImageObject\",\"inLanguage\":\"ru-RU\",\"@id\":\"https:\\\/\\\/kohenavocats.com\\\/ru\\\/#\\\/schema\\\/logo\\\/image\\\/\",\"url\":\"https:\\\/\\\/kohenavocats.com\\\/wp-content\\\/uploads\\\/2026\\\/01\\\/Logo-2-1.webp\",\"contentUrl\":\"https:\\\/\\\/kohenavocats.com\\\/wp-content\\\/uploads\\\/2026\\\/01\\\/Logo-2-1.webp\",\"width\":2114,\"height\":1253,\"caption\":\"Kohen Avocats\"},\"image\":{\"@id\":\"https:\\\/\\\/kohenavocats.com\\\/ru\\\/#\\\/schema\\\/logo\\\/image\\\/\"}}]}<\/script>\n<!-- \/ Yoast SEO Premium plugin. -->","yoast_head_json":{"title":"Cour sup\u00e9rieure de justice, 27 mai 2025, n\u00b0 2025-00331 - Ma\u00eetre Hassan Kohen, avocat en droit p\u00e9nal \u00e0 Paris","robots":{"index":"index","follow":"follow","max-snippet":"max-snippet:-1","max-image-preview":"max-image-preview:large","max-video-preview":"max-video-preview:-1"},"canonical":"https:\/\/kohenavocats.com\/ru\/jurisprudences\/cour-superieure-de-justice-27-mai-2025-n-2025-00331\/","og_locale":"ru_RU","og_type":"article","og_title":"Cour sup\u00e9rieure de justice, 27 mai 2025, n\u00b0 2025-00331","og_description":"1 Arr\u00eat N\u00b0101\/25IV-COM Arr\u00eat commercial\u2013faillite Audience publique duvingt-sept maideux millevingt-cinq Num\u00e9roCAL-2025-00331du r\u00f4le Composition: Marianne EICHER,pr\u00e9sidentde chambre; Mich\u00e8le HORNICK,premierconseiller; Carole BESCH,conseiller; Eric VILVENS, greffier. E n t r e lasoci\u00e9t\u00e9\u00e0 responsabilit\u00e9 limit\u00e9eSOCIETE1.)SARL,\u00e9tablie et ayantson si\u00e8ge social\u00e0 L-ADRESSE1.), repr\u00e9sent\u00e9e par son g\u00e9rant, inscrite au Registre de Commerce\u2026","og_url":"https:\/\/kohenavocats.com\/ru\/jurisprudences\/cour-superieure-de-justice-27-mai-2025-n-2025-00331\/","og_site_name":"Ma\u00eetre Hassan Kohen, avocat en droit p\u00e9nal \u00e0 Paris","article_modified_time":"2026-04-16T20:43:45+00:00","twitter_card":"summary_large_image","twitter_misc":{"\u041f\u0440\u0438\u043c\u0435\u0440\u043d\u043e\u0435 \u0432\u0440\u0435\u043c\u044f \u0434\u043b\u044f \u0447\u0442\u0435\u043d\u0438\u044f":"3 \u043c\u0438\u043d\u0443\u0442\u044b"},"schema":{"@context":"https:\/\/schema.org","@graph":[{"@type":"WebPage","@id":"https:\/\/kohenavocats.com\/ru\/jurisprudences\/cour-superieure-de-justice-27-mai-2025-n-2025-00331\/","url":"https:\/\/kohenavocats.com\/ru\/jurisprudences\/cour-superieure-de-justice-27-mai-2025-n-2025-00331\/","name":"Cour sup\u00e9rieure de justice, 27 mai 2025, n\u00b0 2025-00331 - Ma\u00eetre Hassan Kohen, avocat en droit p\u00e9nal \u00e0 Paris","isPartOf":{"@id":"https:\/\/kohenavocats.com\/ru\/#website"},"datePublished":"2026-04-16T20:43:42+00:00","dateModified":"2026-04-16T20:43:45+00:00","breadcrumb":{"@id":"https:\/\/kohenavocats.com\/ru\/jurisprudences\/cour-superieure-de-justice-27-mai-2025-n-2025-00331\/#breadcrumb"},"inLanguage":"ru-RU","potentialAction":[{"@type":"ReadAction","target":["https:\/\/kohenavocats.com\/ru\/jurisprudences\/cour-superieure-de-justice-27-mai-2025-n-2025-00331\/"]}]},{"@type":"BreadcrumbList","@id":"https:\/\/kohenavocats.com\/ru\/jurisprudences\/cour-superieure-de-justice-27-mai-2025-n-2025-00331\/#breadcrumb","itemListElement":[{"@type":"ListItem","position":1,"name":"Home","item":"https:\/\/kohenavocats.com\/ru\/avocats-en-droit-penal-a-paris-conseil-et-defense-strategique\/"},{"@type":"ListItem","position":2,"name":"Jurisprudences","item":"https:\/\/kohenavocats.com\/ru\/jurisprudences\/"},{"@type":"ListItem","position":3,"name":"Cour sup\u00e9rieure de justice, 27 mai 2025, n\u00b0 2025-00331"}]},{"@type":"WebSite","@id":"https:\/\/kohenavocats.com\/ru\/#website","url":"https:\/\/kohenavocats.com\/ru\/","name":"Kohen Avocats","description":"Ma\u00eetre Hassan Kohen, avocat p\u00e9naliste \u00e0 Paris, intervient exclusivement en droit p\u00e9nal pour la d\u00e9fense des particuliers, notamment en mati\u00e8re d\u2019accusations de viol. Il assure un accompagnement rigoureux d\u00e8s la garde \u00e0 vue jusqu\u2019\u00e0 la Cour d\u2019assises, veillant au strict respect des garanties proc\u00e9durales.","publisher":{"@id":"https:\/\/kohenavocats.com\/ru\/#organization"},"potentialAction":[{"@type":"SearchAction","target":{"@type":"EntryPoint","urlTemplate":"https:\/\/kohenavocats.com\/ru\/?s={search_term_string}"},"query-input":{"@type":"PropertyValueSpecification","valueRequired":true,"valueName":"search_term_string"}}],"inLanguage":"ru-RU"},{"@type":"Organization","@id":"https:\/\/kohenavocats.com\/ru\/#organization","name":"Kohen Avocats","url":"https:\/\/kohenavocats.com\/ru\/","logo":{"@type":"ImageObject","inLanguage":"ru-RU","@id":"https:\/\/kohenavocats.com\/ru\/#\/schema\/logo\/image\/","url":"https:\/\/kohenavocats.com\/wp-content\/uploads\/2026\/01\/Logo-2-1.webp","contentUrl":"https:\/\/kohenavocats.com\/wp-content\/uploads\/2026\/01\/Logo-2-1.webp","width":2114,"height":1253,"caption":"Kohen Avocats"},"image":{"@id":"https:\/\/kohenavocats.com\/ru\/#\/schema\/logo\/image\/"}}]}},"jetpack_likes_enabled":false,"jetpack_sharing_enabled":true,"_links":{"self":[{"href":"https:\/\/kohenavocats.com\/ru\/wp-json\/wp\/v2\/kji_decision\/580625","targetHints":{"allow":["GET"]}}],"collection":[{"href":"https:\/\/kohenavocats.com\/ru\/wp-json\/wp\/v2\/kji_decision"}],"about":[{"href":"https:\/\/kohenavocats.com\/ru\/wp-json\/wp\/v2\/types\/kji_decision"}],"wp:attachment":[{"href":"https:\/\/kohenavocats.com\/ru\/wp-json\/wp\/v2\/media?parent=580625"}],"wp:term":[{"taxonomy":"kji_country","embeddable":true,"href":"https:\/\/kohenavocats.com\/ru\/wp-json\/wp\/v2\/kji_country?post=580625"},{"taxonomy":"kji_court","embeddable":true,"href":"https:\/\/kohenavocats.com\/ru\/wp-json\/wp\/v2\/kji_court?post=580625"},{"taxonomy":"kji_chamber","embeddable":true,"href":"https:\/\/kohenavocats.com\/ru\/wp-json\/wp\/v2\/kji_chamber?post=580625"},{"taxonomy":"kji_year","embeddable":true,"href":"https:\/\/kohenavocats.com\/ru\/wp-json\/wp\/v2\/kji_year?post=580625"},{"taxonomy":"kji_subject","embeddable":true,"href":"https:\/\/kohenavocats.com\/ru\/wp-json\/wp\/v2\/kji_subject?post=580625"},{"taxonomy":"kji_keyword","embeddable":true,"href":"https:\/\/kohenavocats.com\/ru\/wp-json\/wp\/v2\/kji_keyword?post=580625"},{"taxonomy":"kji_language","embeddable":true,"href":"https:\/\/kohenavocats.com\/ru\/wp-json\/wp\/v2\/kji_language?post=580625"}],"curies":[{"name":"wp","href":"https:\/\/api.w.org\/{rel}","templated":true}]}}