{"id":580842,"date":"2026-04-16T23:07:15","date_gmt":"2026-04-16T21:07:15","guid":{"rendered":"https:\/\/kohenavocats.com\/jurisprudences\/cour-superieure-de-justice-6-mars-2025-n-2022-00095\/"},"modified":"2026-04-16T23:07:18","modified_gmt":"2026-04-16T21:07:18","slug":"cour-superieure-de-justice-6-mars-2025-n-2022-00095","status":"publish","type":"kji_decision","link":"https:\/\/kohenavocats.com\/ru\/jurisprudences\/cour-superieure-de-justice-6-mars-2025-n-2022-00095\/","title":{"rendered":"Cour sup\u00e9rieure de justice, 6 mars 2025, n\u00b0 2022-00095"},"content":{"rendered":"<div class=\"kji-decision\">\n<div class=\"kji-full-text\">\n<p>Arr\u00eat N\u00b028\/25-III\u2013CIV Arr\u00eat civil Audience publique dusix marsdeux mille vingt-cinq Num\u00e9roCAL-2022-00095du r\u00f4le Composition: Alain THORN, pr\u00e9sident de chambre, Marc WAGNER, conseiller, Antoine SCHAUS, conseiller, IsabelleHIPPERT, greffier. E n t r e: 1)PERSONNE1.), demeurant \u00e0F-ADRESSE1.), 2)PERSONNE2.),demeurant \u00e0F-ADRESSE2.), appelantsaux termes d\u2019un exploit de l\u2019huissier de justicesuppl\u00e9antMich\u00e8le BAUSTERT, en remplacement de l\u2019huissier de justiceCath\u00e9rine NILLESde Luxembourg, du8 d\u00e9cembre 2021, comparant par la soci\u00e9t\u00e9 \u00e0 responsabilit\u00e9 limit\u00e9eINTERLEGIS AVOCATS, \u00e9tablie et ayant son si\u00e8ge social \u00e0 L-5405 Bech-Kleinmacher, 14, route du Vin, inscrite \u00e0 la liste V du Tableau de l\u2019ordre des avocats du Barreau de Luxembourg,repr\u00e9sent\u00e9e pour les besoins de la pr\u00e9sente proc\u00e9dure par Ma\u00eetre Erol YILDIRIM, avocat \u00e0 la Cour, demeurant professionnellement \u00e0 la m\u00eame adresse, e t: PERSONNE3.), demeurant \u00e0F-ADRESSE3.),<\/p>\n<p>2 intim\u00e9 aux fins du susdit exploitBAUSTERT, comparant par Ma\u00eetreEmmanuel HANNOTIN, avocat \u00e0 la Cour, demeurant \u00e0 Luxembourg. LA COUR D\u2019APPEL: Vu l\u2019arr\u00eat rendu le 26 octobre 2023, sous le num\u00e9ro 117\/23, par lequel la juridiction de ce si\u00e8ge a d\u00e9cid\u00e9 d\u2019avoir recours \u00e0 la proc\u00e9dure de v\u00e9rification d\u2019\u00e9critures, pr\u00e9vue par les articles 289 et suivants du Nouveau Code de proc\u00e9dure civile et d\u2019ordonnerl\u2019audition comme t\u00e9moin dePERSONNE4.), le p\u00e8re des appelants. PERSONNE4.)a \u00e9t\u00e9 entendu comme t\u00e9moin en date du 22 novembre 2023. Dans leurs conclusions notifi\u00e9es post\u00e9rieurement, les parties au litige ont r\u00e9it\u00e9r\u00e9 leurs moyens et pr\u00e9tentions r\u00e9sum\u00e9s dans l\u2019arr\u00eat susvis\u00e9, sans prendre aucunement position sur la d\u00e9position dePERSONNE4.)ni se r\u00e9f\u00e9rer, en aucune mani\u00e8re, \u00e0 la d\u00e9cision qui l\u2019avait ordonn\u00e9e. La Cour r\u00e9it\u00e8re les motifs \u00e9nonc\u00e9s dans son arr\u00eat pr\u00e9cit\u00e9 en r\u00e9ponse aux questions soulev\u00e9es par les parties au sujet de l\u2019indication de recourir \u00e0 la proc\u00e9dure de v\u00e9rification d\u2019\u00e9critures et de l\u2019admissibilit\u00e9 du t\u00e9moignage de PERSONNE4.). Dans sa d\u00e9position, recueillie en date du 22 novembre 2023,PERSONNE4.) a reconnu avoir appos\u00e9 les trois signatures autres que celles du c\u00e9dant, sur l\u2019acte de cession du fonds de commerce dat\u00e9 du 18 juillet 2008, ajoutant que ses enfantsPERSONNE1.)etPERSONNE2.)n\u2019\u00e9taient pas pr\u00e9sents lors de la signature et qu\u2019ils ignoraient tout de cet acte de cession. Aucun autre t\u00e9moin n\u2019a \u00e9t\u00e9 entendu. L\u2019attestation testimonialePERSONNE5.)(cf. pi\u00e8ce n\u00b0 20 de la farde III de Me HANNOTIN) dont se pr\u00e9vaut l\u2019intim\u00e9 ne contient pas la relation pr\u00e9cise de faits dont son auteur aurait eu la connaissance personnelle et qui, \u00e0 les supposer \u00e9tablis, contrediraient la d\u00e9position dePERSONNE4.), de sorte qu\u2019il convient de l\u2019\u00e9carter. La Cour constate en outre que l\u2019intim\u00e9 n\u2019a pas demand\u00e9 l\u2019audition de PERSONNE5.)dans le cadre de la contre-enqu\u00eate.<\/p>\n<p>3 La d\u00e9position du t\u00e9moinPERSONNE4.)est \u00e9tay\u00e9e par les propres constatations de la Cour dans le cadre de la comparaison des signatures figurant dans l\u2019acte de cession en cause avec d\u2019autres \u00e9crits (cf. pi\u00e8ces n\u00b0 5 de la farde I des appelants). Les attestations testimonialesPERSONNE4.),PERSONNE7.), PERSONNE8.)etPERSONNE9.)dont se pr\u00e9valent les appelants (cf. pi\u00e8ces n os 12 et 13 de la farde II de Me LAHORGUE et n os 14 et 15 de la farde II de Me YILDIRIM) confirment que les appelants n\u2019\u00e9taient pas impliqu\u00e9s dans les actes de disposition, de gestion ou d\u2019exploitation du fonds de commerce en question. Dans ces conditions, la Cour retient que les appelants n\u2019ont pas sign\u00e9 l\u2019acte de cession du fonds de commerce de la soci\u00e9t\u00e9 anonymeSOCIETE1.), dat\u00e9 du 18 juillet 2008, en tant qu\u2019acqu\u00e9reurs et d\u00e9biteurs solidaires. Par r\u00e9formation du jugement d\u00e9f\u00e9r\u00e9, il y a partant lieu de dire la demande en payement d\u2019PERSONNE3.)non fond\u00e9e et de d\u00e9charger les appelants des condamnations intervenues \u00e0 leur encontre en premi\u00e8re instance. Lesappelants concluent \u00e0 l\u2019allocation d\u2019une indemnit\u00e9 de proc\u00e9dure de 5.000 euros pour l\u2019instance d\u2019appel. L\u2019intim\u00e9 conclut au rejet de cette demande et \u00e0 l\u2019octroi d\u2019une indemnit\u00e9 de proc\u00e9dure du m\u00eame montant pour l\u2019instance d\u2019appel. Faute pour les appelants de justifier de l\u2019iniquit\u00e9 requise par l\u2019article 240 du Nouveau Code de proc\u00e9dure civile, il convient de les d\u00e9bouter de leur demande form\u00e9e sur cette base l\u00e9gale. Comme l\u2019intim\u00e9 succombe \u00e0 l\u2019instance et devra supporter la charge des d\u00e9pens sa demande en obtention d\u2019une indemnit\u00e9 de proc\u00e9dure pour l\u2019instance d\u2019appel doit \u00eatre rejet\u00e9e. PAR CES MOTIFS: la Cour d\u2019appel, troisi\u00e8me chambre, si\u00e9geant en mati\u00e8re civile, statuant contradictoirement, statuant en continuation de l\u2019arr\u00eat rendu le 26 octobre 2023, sous le num\u00e9ro 117\/23,<\/p>\n<p>4 dit l\u2019appel fond\u00e9, r\u00e9formant, dit non fond\u00e9e la demande form\u00e9e parPERSONNE3.)et en d\u00e9boute, d\u00e9chargePERSONNE1.)etPERSONNE2.)des condamnations prononc\u00e9es \u00e0 leur encontre, d\u00e9boute les parties au litige de leurs demandes en obtention d\u2019une indemnit\u00e9 de proc\u00e9dure pour l\u2019instance d\u2019appel, condamnePERSONNE3.)aux frais et d\u00e9pens de l\u2019instance d\u2019appel. La lecture du pr\u00e9sent arr\u00eat a \u00e9t\u00e9 faite en la susdite audience publique par Monsieur le pr\u00e9sident de chambreAlain THORN, en pr\u00e9sence du greffier Isabelle HIPPERT.<\/p>\n<\/div>\n<hr class=\"kji-sep\" \/>\n<p class=\"kji-source-links\"><strong>Sources officielles :<\/strong> <a class=\"kji-source-link\" href=\"https:\/\/data.public.lu\/fr\/datasets\/cour-superieure-de-justice-chambre-3\/\" target=\"_blank\" rel=\"noopener noreferrer\">consulter la page source<\/a> &middot; <a class=\"kji-pdf-link\" href=\"https:\/\/download.data.public.lu\/resources\/cour-superieure-de-justice-chambre-3\/20250310-010238\/20250306-ca03-cal-2022-00095-pseudonymise-accessible.pdf\" target=\"_blank\" rel=\"noopener noreferrer\">PDF officiel<\/a><\/p>\n<p class=\"kji-license-note\"><em>Licence CC BY-ND 4.0 (Administration judiciaire, data.public.lu). Republication autorisee avec attribution, sans modification editoriale du texte integral.<\/em><\/p>\n<\/div>\n","protected":false},"excerpt":{"rendered":"<p>Arr\u00eat N\u00b028\/25-III\u2013CIV Arr\u00eat civil Audience publique dusix marsdeux mille vingt-cinq Num\u00e9roCAL-2022-00095du r\u00f4le Composition: Alain THORN, pr\u00e9sident de chambre, Marc WAGNER, conseiller, Antoine SCHAUS, conseiller, IsabelleHIPPERT, greffier. E n t r e: 1)PERSONNE1.), demeurant \u00e0F-ADRESSE1.), 2)PERSONNE2.),demeurant \u00e0F-ADRESSE2.), appelantsaux termes d\u2019un exploit de l\u2019huissier de justicesuppl\u00e9antMich\u00e8le BAUSTERT,\u2026<\/p>\n","protected":false},"featured_media":0,"template":"","meta":{"_crdt_document":""},"kji_country":[8418],"kji_court":[12305],"kji_chamber":[15890],"kji_year":[8463],"kji_subject":[7724],"kji_keyword":[8683,15969,9055,12307],"kji_language":[7733],"class_list":["post-580842","kji_decision","type-kji_decision","status-publish","hentry","kji_country-luxembourg","kji_court-cour-superieure-de-justice","kji_chamber-chambre-3","kji_year-8463","kji_subject-civil","kji_keyword-arret","kji_keyword-iii-civ","kji_keyword-justice","kji_keyword-superieure","kji_language-francais"],"yoast_head":"<!-- This site is optimized with the Yoast SEO Premium plugin v27.4 (Yoast SEO v27.4) - https:\/\/yoast.com\/product\/yoast-seo-premium-wordpress\/ -->\n<title>Cour sup\u00e9rieure de justice, 6 mars 2025, n\u00b0 2022-00095 - Ma\u00eetre Hassan Kohen, avocat en droit p\u00e9nal \u00e0 Paris<\/title>\n<meta name=\"robots\" content=\"index, follow, max-snippet:-1, max-image-preview:large, max-video-preview:-1\" \/>\n<link rel=\"canonical\" href=\"https:\/\/kohenavocats.com\/ru\/jurisprudences\/cour-superieure-de-justice-6-mars-2025-n-2022-00095\/\" \/>\n<meta property=\"og:locale\" content=\"ru_RU\" \/>\n<meta property=\"og:type\" content=\"article\" \/>\n<meta property=\"og:title\" content=\"Cour sup\u00e9rieure de justice, 6 mars 2025, n\u00b0 2022-00095\" \/>\n<meta property=\"og:description\" content=\"Arr\u00eat N\u00b028\/25-III\u2013CIV Arr\u00eat civil Audience publique dusix marsdeux mille vingt-cinq Num\u00e9roCAL-2022-00095du r\u00f4le Composition: Alain THORN, pr\u00e9sident de chambre, Marc WAGNER, conseiller, Antoine SCHAUS, conseiller, IsabelleHIPPERT, greffier. E n t r e: 1)PERSONNE1.), demeurant \u00e0F-ADRESSE1.), 2)PERSONNE2.),demeurant \u00e0F-ADRESSE2.), appelantsaux termes d\u2019un exploit de l\u2019huissier de justicesuppl\u00e9antMich\u00e8le BAUSTERT,\u2026\" \/>\n<meta property=\"og:url\" content=\"https:\/\/kohenavocats.com\/ru\/jurisprudences\/cour-superieure-de-justice-6-mars-2025-n-2022-00095\/\" \/>\n<meta property=\"og:site_name\" content=\"Ma\u00eetre Hassan Kohen, avocat en droit p\u00e9nal \u00e0 Paris\" \/>\n<meta property=\"article:modified_time\" content=\"2026-04-16T21:07:18+00:00\" \/>\n<meta name=\"twitter:card\" content=\"summary_large_image\" \/>\n<meta name=\"twitter:label1\" content=\"\u041f\u0440\u0438\u043c\u0435\u0440\u043d\u043e\u0435 \u0432\u0440\u0435\u043c\u044f \u0434\u043b\u044f \u0447\u0442\u0435\u043d\u0438\u044f\" \/>\n\t<meta name=\"twitter:data1\" content=\"5 \u043c\u0438\u043d\u0443\u0442\" \/>\n<script type=\"application\/ld+json\" class=\"yoast-schema-graph\">{\"@context\":\"https:\\\/\\\/schema.org\",\"@graph\":[{\"@type\":\"WebPage\",\"@id\":\"https:\\\/\\\/kohenavocats.com\\\/ru\\\/jurisprudences\\\/cour-superieure-de-justice-6-mars-2025-n-2022-00095\\\/\",\"url\":\"https:\\\/\\\/kohenavocats.com\\\/ru\\\/jurisprudences\\\/cour-superieure-de-justice-6-mars-2025-n-2022-00095\\\/\",\"name\":\"Cour sup\u00e9rieure de justice, 6 mars 2025, n\u00b0 2022-00095 - Ma\u00eetre Hassan Kohen, avocat en droit p\u00e9nal \u00e0 Paris\",\"isPartOf\":{\"@id\":\"https:\\\/\\\/kohenavocats.com\\\/ru\\\/#website\"},\"datePublished\":\"2026-04-16T21:07:15+00:00\",\"dateModified\":\"2026-04-16T21:07:18+00:00\",\"breadcrumb\":{\"@id\":\"https:\\\/\\\/kohenavocats.com\\\/ru\\\/jurisprudences\\\/cour-superieure-de-justice-6-mars-2025-n-2022-00095\\\/#breadcrumb\"},\"inLanguage\":\"ru-RU\",\"potentialAction\":[{\"@type\":\"ReadAction\",\"target\":[\"https:\\\/\\\/kohenavocats.com\\\/ru\\\/jurisprudences\\\/cour-superieure-de-justice-6-mars-2025-n-2022-00095\\\/\"]}]},{\"@type\":\"BreadcrumbList\",\"@id\":\"https:\\\/\\\/kohenavocats.com\\\/ru\\\/jurisprudences\\\/cour-superieure-de-justice-6-mars-2025-n-2022-00095\\\/#breadcrumb\",\"itemListElement\":[{\"@type\":\"ListItem\",\"position\":1,\"name\":\"Home\",\"item\":\"https:\\\/\\\/kohenavocats.com\\\/ru\\\/avocats-en-droit-penal-a-paris-conseil-et-defense-strategique\\\/\"},{\"@type\":\"ListItem\",\"position\":2,\"name\":\"Jurisprudences\",\"item\":\"https:\\\/\\\/kohenavocats.com\\\/ru\\\/jurisprudences\\\/\"},{\"@type\":\"ListItem\",\"position\":3,\"name\":\"Cour sup\u00e9rieure de justice, 6 mars 2025, n\u00b0 2022-00095\"}]},{\"@type\":\"WebSite\",\"@id\":\"https:\\\/\\\/kohenavocats.com\\\/ru\\\/#website\",\"url\":\"https:\\\/\\\/kohenavocats.com\\\/ru\\\/\",\"name\":\"Kohen Avocats\",\"description\":\"Ma\u00eetre Hassan Kohen, avocat p\u00e9naliste \u00e0 Paris, intervient exclusivement en droit p\u00e9nal pour la d\u00e9fense des particuliers, notamment en mati\u00e8re d\u2019accusations de viol. Il assure un accompagnement rigoureux d\u00e8s la garde \u00e0 vue jusqu\u2019\u00e0 la Cour d\u2019assises, veillant au strict respect des garanties proc\u00e9durales.\",\"publisher\":{\"@id\":\"https:\\\/\\\/kohenavocats.com\\\/ru\\\/#organization\"},\"potentialAction\":[{\"@type\":\"SearchAction\",\"target\":{\"@type\":\"EntryPoint\",\"urlTemplate\":\"https:\\\/\\\/kohenavocats.com\\\/ru\\\/?s={search_term_string}\"},\"query-input\":{\"@type\":\"PropertyValueSpecification\",\"valueRequired\":true,\"valueName\":\"search_term_string\"}}],\"inLanguage\":\"ru-RU\"},{\"@type\":\"Organization\",\"@id\":\"https:\\\/\\\/kohenavocats.com\\\/ru\\\/#organization\",\"name\":\"Kohen Avocats\",\"url\":\"https:\\\/\\\/kohenavocats.com\\\/ru\\\/\",\"logo\":{\"@type\":\"ImageObject\",\"inLanguage\":\"ru-RU\",\"@id\":\"https:\\\/\\\/kohenavocats.com\\\/ru\\\/#\\\/schema\\\/logo\\\/image\\\/\",\"url\":\"https:\\\/\\\/kohenavocats.com\\\/wp-content\\\/uploads\\\/2026\\\/01\\\/Logo-2-1.webp\",\"contentUrl\":\"https:\\\/\\\/kohenavocats.com\\\/wp-content\\\/uploads\\\/2026\\\/01\\\/Logo-2-1.webp\",\"width\":2114,\"height\":1253,\"caption\":\"Kohen Avocats\"},\"image\":{\"@id\":\"https:\\\/\\\/kohenavocats.com\\\/ru\\\/#\\\/schema\\\/logo\\\/image\\\/\"}}]}<\/script>\n<!-- \/ Yoast SEO Premium plugin. -->","yoast_head_json":{"title":"Cour sup\u00e9rieure de justice, 6 mars 2025, n\u00b0 2022-00095 - Ma\u00eetre Hassan Kohen, avocat en droit p\u00e9nal \u00e0 Paris","robots":{"index":"index","follow":"follow","max-snippet":"max-snippet:-1","max-image-preview":"max-image-preview:large","max-video-preview":"max-video-preview:-1"},"canonical":"https:\/\/kohenavocats.com\/ru\/jurisprudences\/cour-superieure-de-justice-6-mars-2025-n-2022-00095\/","og_locale":"ru_RU","og_type":"article","og_title":"Cour sup\u00e9rieure de justice, 6 mars 2025, n\u00b0 2022-00095","og_description":"Arr\u00eat N\u00b028\/25-III\u2013CIV Arr\u00eat civil Audience publique dusix marsdeux mille vingt-cinq Num\u00e9roCAL-2022-00095du r\u00f4le Composition: Alain THORN, pr\u00e9sident de chambre, Marc WAGNER, conseiller, Antoine SCHAUS, conseiller, IsabelleHIPPERT, greffier. E n t r e: 1)PERSONNE1.), demeurant \u00e0F-ADRESSE1.), 2)PERSONNE2.),demeurant \u00e0F-ADRESSE2.), appelantsaux termes d\u2019un exploit de l\u2019huissier de justicesuppl\u00e9antMich\u00e8le BAUSTERT,\u2026","og_url":"https:\/\/kohenavocats.com\/ru\/jurisprudences\/cour-superieure-de-justice-6-mars-2025-n-2022-00095\/","og_site_name":"Ma\u00eetre Hassan Kohen, avocat en droit p\u00e9nal \u00e0 Paris","article_modified_time":"2026-04-16T21:07:18+00:00","twitter_card":"summary_large_image","twitter_misc":{"\u041f\u0440\u0438\u043c\u0435\u0440\u043d\u043e\u0435 \u0432\u0440\u0435\u043c\u044f \u0434\u043b\u044f \u0447\u0442\u0435\u043d\u0438\u044f":"5 \u043c\u0438\u043d\u0443\u0442"},"schema":{"@context":"https:\/\/schema.org","@graph":[{"@type":"WebPage","@id":"https:\/\/kohenavocats.com\/ru\/jurisprudences\/cour-superieure-de-justice-6-mars-2025-n-2022-00095\/","url":"https:\/\/kohenavocats.com\/ru\/jurisprudences\/cour-superieure-de-justice-6-mars-2025-n-2022-00095\/","name":"Cour sup\u00e9rieure de justice, 6 mars 2025, n\u00b0 2022-00095 - Ma\u00eetre Hassan Kohen, avocat en droit p\u00e9nal \u00e0 Paris","isPartOf":{"@id":"https:\/\/kohenavocats.com\/ru\/#website"},"datePublished":"2026-04-16T21:07:15+00:00","dateModified":"2026-04-16T21:07:18+00:00","breadcrumb":{"@id":"https:\/\/kohenavocats.com\/ru\/jurisprudences\/cour-superieure-de-justice-6-mars-2025-n-2022-00095\/#breadcrumb"},"inLanguage":"ru-RU","potentialAction":[{"@type":"ReadAction","target":["https:\/\/kohenavocats.com\/ru\/jurisprudences\/cour-superieure-de-justice-6-mars-2025-n-2022-00095\/"]}]},{"@type":"BreadcrumbList","@id":"https:\/\/kohenavocats.com\/ru\/jurisprudences\/cour-superieure-de-justice-6-mars-2025-n-2022-00095\/#breadcrumb","itemListElement":[{"@type":"ListItem","position":1,"name":"Home","item":"https:\/\/kohenavocats.com\/ru\/avocats-en-droit-penal-a-paris-conseil-et-defense-strategique\/"},{"@type":"ListItem","position":2,"name":"Jurisprudences","item":"https:\/\/kohenavocats.com\/ru\/jurisprudences\/"},{"@type":"ListItem","position":3,"name":"Cour sup\u00e9rieure de justice, 6 mars 2025, n\u00b0 2022-00095"}]},{"@type":"WebSite","@id":"https:\/\/kohenavocats.com\/ru\/#website","url":"https:\/\/kohenavocats.com\/ru\/","name":"Kohen Avocats","description":"Ma\u00eetre Hassan Kohen, avocat p\u00e9naliste \u00e0 Paris, intervient exclusivement en droit p\u00e9nal pour la d\u00e9fense des particuliers, notamment en mati\u00e8re d\u2019accusations de viol. Il assure un accompagnement rigoureux d\u00e8s la garde \u00e0 vue jusqu\u2019\u00e0 la Cour d\u2019assises, veillant au strict respect des garanties proc\u00e9durales.","publisher":{"@id":"https:\/\/kohenavocats.com\/ru\/#organization"},"potentialAction":[{"@type":"SearchAction","target":{"@type":"EntryPoint","urlTemplate":"https:\/\/kohenavocats.com\/ru\/?s={search_term_string}"},"query-input":{"@type":"PropertyValueSpecification","valueRequired":true,"valueName":"search_term_string"}}],"inLanguage":"ru-RU"},{"@type":"Organization","@id":"https:\/\/kohenavocats.com\/ru\/#organization","name":"Kohen Avocats","url":"https:\/\/kohenavocats.com\/ru\/","logo":{"@type":"ImageObject","inLanguage":"ru-RU","@id":"https:\/\/kohenavocats.com\/ru\/#\/schema\/logo\/image\/","url":"https:\/\/kohenavocats.com\/wp-content\/uploads\/2026\/01\/Logo-2-1.webp","contentUrl":"https:\/\/kohenavocats.com\/wp-content\/uploads\/2026\/01\/Logo-2-1.webp","width":2114,"height":1253,"caption":"Kohen Avocats"},"image":{"@id":"https:\/\/kohenavocats.com\/ru\/#\/schema\/logo\/image\/"}}]}},"jetpack_likes_enabled":false,"jetpack_sharing_enabled":true,"_links":{"self":[{"href":"https:\/\/kohenavocats.com\/ru\/wp-json\/wp\/v2\/kji_decision\/580842","targetHints":{"allow":["GET"]}}],"collection":[{"href":"https:\/\/kohenavocats.com\/ru\/wp-json\/wp\/v2\/kji_decision"}],"about":[{"href":"https:\/\/kohenavocats.com\/ru\/wp-json\/wp\/v2\/types\/kji_decision"}],"wp:attachment":[{"href":"https:\/\/kohenavocats.com\/ru\/wp-json\/wp\/v2\/media?parent=580842"}],"wp:term":[{"taxonomy":"kji_country","embeddable":true,"href":"https:\/\/kohenavocats.com\/ru\/wp-json\/wp\/v2\/kji_country?post=580842"},{"taxonomy":"kji_court","embeddable":true,"href":"https:\/\/kohenavocats.com\/ru\/wp-json\/wp\/v2\/kji_court?post=580842"},{"taxonomy":"kji_chamber","embeddable":true,"href":"https:\/\/kohenavocats.com\/ru\/wp-json\/wp\/v2\/kji_chamber?post=580842"},{"taxonomy":"kji_year","embeddable":true,"href":"https:\/\/kohenavocats.com\/ru\/wp-json\/wp\/v2\/kji_year?post=580842"},{"taxonomy":"kji_subject","embeddable":true,"href":"https:\/\/kohenavocats.com\/ru\/wp-json\/wp\/v2\/kji_subject?post=580842"},{"taxonomy":"kji_keyword","embeddable":true,"href":"https:\/\/kohenavocats.com\/ru\/wp-json\/wp\/v2\/kji_keyword?post=580842"},{"taxonomy":"kji_language","embeddable":true,"href":"https:\/\/kohenavocats.com\/ru\/wp-json\/wp\/v2\/kji_language?post=580842"}],"curies":[{"name":"wp","href":"https:\/\/api.w.org\/{rel}","templated":true}]}}