{"id":581529,"date":"2026-04-16T23:40:43","date_gmt":"2026-04-16T21:40:43","guid":{"rendered":"https:\/\/kohenavocats.com\/jurisprudences\/eclinlghams20252889-gerechtshof-amsterdam-29-10-2025-200-342-753-01-ok\/"},"modified":"2026-04-16T23:40:43","modified_gmt":"2026-04-16T21:40:43","slug":"eclinlghams20252889-gerechtshof-amsterdam-29-10-2025-200-342-753-01-ok","status":"publish","type":"kji_decision","link":"https:\/\/kohenavocats.com\/ru\/jurisprudences\/eclinlghams20252889-gerechtshof-amsterdam-29-10-2025-200-342-753-01-ok\/","title":{"rendered":"ECLI:NL:GHAMS:2025:2889 Gerechtshof Amsterdam , 29-10-2025 \/ 200.342.753\/01 OK"},"content":{"rendered":"<div class=\"kji-decision\">\n<div class=\"kji-full-text\">\n<p><strong>Inhoudsindicatie.<\/strong> OK; enqu\u00eate; verhoging onderzoeksbudget<\/p>\n<p>beschikking<\/p>\n<p>___________________________________________________________________<\/p>\n<p>GERECHTSHOF AMSTERDAM<\/p>\n<p>ONDERNEMINGSKAMER<\/p>\n<p>zaaknummer: 200.342.753\/01 OK<\/p>\n<p>beschikking van de Ondernemingskamer van 29 oktober 2025<\/p>\n<p>inzake<\/p>\n<p>[A] ,<\/p>\n<p>wonende te [plaats] ,<\/p>\n<p>VERZOEKSTER,<\/p>\n<p>advocaten: mr. S. Yntema en mr. L.M. Noordzij, beiden kantoorhoudende te Amsterdam,<\/p>\n<p>t e g e n<\/p>\n<p>de besloten vennootschap met beperkte aansprakelijkheid<\/p>\n<p>[de vennootschap]<br \/>\n ,<\/p>\n<p>gevestigd te [plaats] ,<\/p>\n<p>VERWEERSTER,<\/p>\n<p>advocaten: mr. M.W.E. Evers en mr. L.M. Linskens, beiden kantoorhoudende te Amsterdam (voorheen: mr. E.M. Breugem, mr. D.J.C. Post en mr. K. van Berloo)<\/p>\n<p>e n t e g e n<\/p>\n<h3>1 [B] ,<\/h3>\n<p>wonende te [plaats] ,<\/p>\n<p>2. de besloten vennootschap met beperkte aansprakelijkheid<\/p>\n<p>ZORGPUNT HOLDING B.V.,<\/p>\n<p>gevestigd te Den Haag,<\/p>\n<p>BELANGHEBBENDEN,<\/p>\n<p>advocaten: mr. J. Wareman en mr. S.J.A. van Gils, beiden kantoorhoudende te Utrecht (voorheen: mr. E.M. Breugem, mr. D.J.C. Post en mr. K. van Berloo)<\/p>\n<p>3. de stichting<\/p>\n<p>[de Stichting]<br \/>\n ,<\/p>\n<p>gevestigd te [plaats] ,<\/p>\n<p>BELANGHEBBENDE,<\/p>\n<p>advocaat: onbekend (voorheen: mr. E.M. Breugem, mr. D.J.C. Post en mr. K. van Berloo)<\/p>\n<p>[de vennootschap] wordt hierna aangeduid als [de vennootschap] .<\/p>\n<h3>1Het verloop van het geding<\/h3>\n<p>Voor het verloop van het geding verwijst de Ondernemingskamer naar haar beschikkingen van 9 januari 2025, 14 januari 2025, 18 februari 2025, 8 april 2025 en 2 oktober 2025 in deze zaak.<\/p>\n<p>Bij die beschikkingen heeft de Ondernemingskamer \u2013 voor zover nu van belang \u2013 een onderzoek bevolen naar het beleid en de gang van zaken van [de vennootschap] , mr. C.M. Tjoa (hierna: de onderzoeker) benoemd om het onderzoek te verrichten en bepaald dat de kosten van het onderzoek ten lasten komen van [de vennootschap] en dat [de vennootschap] voor de betaling daarvan ten genoegen van de onderzoeker voor het begin van haar werkzaamheden zekerheid moet stellen. Verder heeft de Ondernemingskamer het onderzoeksbudget vastgesteld op \u20ac 34.130 exclusief omzetbelasting.<\/p>\n<p>Bij e-mail van 15 oktober 2025 heeft de onderzoeker de Ondernemingskamer verzocht het onderzoeksbudget te verhogen met \u20ac 20.000 exclusief omzetbelasting. Daarbij heeft de onderzoeker een voorschotfactuur aan [de vennootschap] overgelegd, een urenoverzicht van nog aan [de vennootschap] te factureren uren overgelegd en een inschatting gemaakt van de kosten om tot een afronding van het onderzoek te komen.<\/p>\n<p>Bij e-mail van 16 oktober 2025 heeft de Ondernemingskamer partijen in de gelegenheid gesteld zich uit te laten over het verzoek van de onderzoeker. Diezelfde dag heeft [de vennootschap] laten weten de verhoging van het onderzoeksbudget niet disproportioneel te vinden en dat afronding van het onderzoek van belang is voor [de vennootschap] .<\/p>\n<p>Bij e-mail van 20 oktober 2025 heeft [A] kenbaar gemaakt geen bezwaar te hebben tegen de verhoging van het onderzoeksbudget.<\/p>\n<p>De overige partijen hebben niet gereageerd.<\/p>\n<h3>2De gronden van de beslissing<\/h3>\n<p>De onderzoeker heeft toegelicht dat het onderzoek omvangrijker is dan zij vooraf heeft ingeschat. Dit komt volgens de onderzoeker met name door de grote hoeveelheid documenten die zij heeft ontvangen van de betrokken partijen en de extra tijd die daardoor nodig bleek om de stukken te bestuderen en te verwerken in het conceptonderzoeksverslag.<\/p>\n<p>Er zijn geen bezwaren aangevoerd tegen de verhoging van het onderzoeksbudget. De inschatting van de nog te besteden tijd en de daaraan verbonden kosten komen de Ondernemingskamer ook niet onredelijk voor. Uit de door de onderzoeker overgelegde voorschotfactuur van \u20ac 29.995 aan [de vennootschap] blijkt dat een bedrag van \u20ac 4.135 van het eerder vastgestelde onderzoeksbudget nog niet aan [de vennootschap] is gefactureerd bij wijze van voorschot. Dit bedrag heeft de onderzoeker niet meegenomen in de berekening van de gevraagde verhoging. De Ondernemingskamer zal daarom de verzochte verhoging toewijzen tot een bedrag van \u20ac 15.865 exclusief omzetbelasting en zal het bedrag dat het onderzoek ten hoogste mag kosten vaststellen op \u20ac 49.995 exclusief omzetbelasting.<\/p>\n<h3>3De beslissing<\/h3>\n<p>De Ondernemingskamer:<\/p>\n<p>stelt het bedrag dat het onderzoek ten hoogste mag kosten vast op \u20ac 49.995 exclusief omzetbelasting;<\/p>\n<p>verklaart deze beschikking uitvoerbaar bij voorraad.<\/p>\n<p>Deze beschikking is gegeven door mr. C.C. Meijer, voorzitter, mr. W.A.H. Melissen en mr. A.W.H. Vink, raadsheren, en prof. drs. E. Eeftink RA en drs. V.G. Moolenaar, raden, in tegenwoordigheid van mr. L. van Hoof, griffier, en in het openbaar uitgesproken door mr. C.C. Meijer op 29 oktober 2025.<\/p>\n<\/div>\n<hr class=\"kji-sep\" \/>\n<p class=\"kji-source-links\"><strong>Sources officielles :<\/strong> <a class=\"kji-source-link\" href=\"http:\/\/deeplink.rechtspraak.nl\/uitspraak?id=ECLI:NL:GHAMS:2025:2889\" target=\"_blank\" rel=\"noopener noreferrer\">consulter la page source<\/a><\/p>\n<p class=\"kji-license-note\"><em>Rechtspraak.nl open data, Creative Commons Zero. Volume cible 1.8M decisions.<\/em><\/p>\n<\/div>\n","protected":false},"excerpt":{"rendered":"<p>OK; enqu\u00eate; verhoging onderzoeksbudget<\/p>\n","protected":false},"featured_media":0,"template":"","meta":{"_crdt_document":""},"kji_country":[7669],"kji_court":[8385],"kji_chamber":[],"kji_year":[8463],"kji_subject":[7646],"kji_keyword":[8000,14976,8136,8388,13045],"kji_language":[7671],"class_list":["post-581529","kji_decision","type-kji_decision","status-publish","hentry","kji_country-pays-bas","kji_court-gerechtshof-amsterdam","kji_year-8463","kji_subject-divers","kji_keyword-amsterdam","kji_keyword-enquete","kji_keyword-gerechtshof","kji_keyword-ghams","kji_keyword-verhoging","kji_language-nl"],"yoast_head":"<!-- This site is optimized with the Yoast SEO Premium plugin v27.4 (Yoast SEO v27.4) - https:\/\/yoast.com\/product\/yoast-seo-premium-wordpress\/ -->\n<title>ECLI:NL:GHAMS:2025:2889 Gerechtshof Amsterdam , 29-10-2025 \/ 200.342.753\/01 OK - Ma\u00eetre Hassan Kohen, avocat en droit p\u00e9nal \u00e0 Paris<\/title>\n<meta name=\"robots\" content=\"index, follow, max-snippet:-1, max-image-preview:large, max-video-preview:-1\" \/>\n<link rel=\"canonical\" href=\"https:\/\/kohenavocats.com\/ru\/jurisprudences\/eclinlghams20252889-gerechtshof-amsterdam-29-10-2025-200-342-753-01-ok\/\" \/>\n<meta property=\"og:locale\" content=\"ru_RU\" \/>\n<meta property=\"og:type\" content=\"article\" \/>\n<meta property=\"og:title\" content=\"ECLI:NL:GHAMS:2025:2889 Gerechtshof Amsterdam , 29-10-2025 \/ 200.342.753\/01 OK\" \/>\n<meta property=\"og:description\" content=\"OK; enqu\u00eate; verhoging onderzoeksbudget\" \/>\n<meta property=\"og:url\" content=\"https:\/\/kohenavocats.com\/ru\/jurisprudences\/eclinlghams20252889-gerechtshof-amsterdam-29-10-2025-200-342-753-01-ok\/\" \/>\n<meta property=\"og:site_name\" content=\"Ma\u00eetre Hassan Kohen, avocat en droit p\u00e9nal \u00e0 Paris\" \/>\n<meta name=\"twitter:card\" content=\"summary_large_image\" \/>\n<meta name=\"twitter:label1\" content=\"\u041f\u0440\u0438\u043c\u0435\u0440\u043d\u043e\u0435 \u0432\u0440\u0435\u043c\u044f \u0434\u043b\u044f \u0447\u0442\u0435\u043d\u0438\u044f\" \/>\n\t<meta name=\"twitter:data1\" content=\"3 \u043c\u0438\u043d\u0443\u0442\u044b\" \/>\n<script type=\"application\/ld+json\" class=\"yoast-schema-graph\">{\"@context\":\"https:\\\/\\\/schema.org\",\"@graph\":[{\"@type\":\"WebPage\",\"@id\":\"https:\\\/\\\/kohenavocats.com\\\/ru\\\/jurisprudences\\\/eclinlghams20252889-gerechtshof-amsterdam-29-10-2025-200-342-753-01-ok\\\/\",\"url\":\"https:\\\/\\\/kohenavocats.com\\\/ru\\\/jurisprudences\\\/eclinlghams20252889-gerechtshof-amsterdam-29-10-2025-200-342-753-01-ok\\\/\",\"name\":\"ECLI:NL:GHAMS:2025:2889 Gerechtshof Amsterdam , 29-10-2025 \\\/ 200.342.753\\\/01 OK - Ma\u00eetre Hassan Kohen, avocat en droit p\u00e9nal \u00e0 Paris\",\"isPartOf\":{\"@id\":\"https:\\\/\\\/kohenavocats.com\\\/ru\\\/#website\"},\"datePublished\":\"2026-04-16T21:40:43+00:00\",\"breadcrumb\":{\"@id\":\"https:\\\/\\\/kohenavocats.com\\\/ru\\\/jurisprudences\\\/eclinlghams20252889-gerechtshof-amsterdam-29-10-2025-200-342-753-01-ok\\\/#breadcrumb\"},\"inLanguage\":\"ru-RU\",\"potentialAction\":[{\"@type\":\"ReadAction\",\"target\":[\"https:\\\/\\\/kohenavocats.com\\\/ru\\\/jurisprudences\\\/eclinlghams20252889-gerechtshof-amsterdam-29-10-2025-200-342-753-01-ok\\\/\"]}]},{\"@type\":\"BreadcrumbList\",\"@id\":\"https:\\\/\\\/kohenavocats.com\\\/ru\\\/jurisprudences\\\/eclinlghams20252889-gerechtshof-amsterdam-29-10-2025-200-342-753-01-ok\\\/#breadcrumb\",\"itemListElement\":[{\"@type\":\"ListItem\",\"position\":1,\"name\":\"Home\",\"item\":\"https:\\\/\\\/kohenavocats.com\\\/ru\\\/avocats-en-droit-penal-a-paris-conseil-et-defense-strategique\\\/\"},{\"@type\":\"ListItem\",\"position\":2,\"name\":\"Jurisprudences\",\"item\":\"https:\\\/\\\/kohenavocats.com\\\/ru\\\/jurisprudences\\\/\"},{\"@type\":\"ListItem\",\"position\":3,\"name\":\"ECLI:NL:GHAMS:2025:2889 Gerechtshof Amsterdam , 29-10-2025 \\\/ 200.342.753\\\/01 OK\"}]},{\"@type\":\"WebSite\",\"@id\":\"https:\\\/\\\/kohenavocats.com\\\/ru\\\/#website\",\"url\":\"https:\\\/\\\/kohenavocats.com\\\/ru\\\/\",\"name\":\"Kohen Avocats\",\"description\":\"Ma\u00eetre Hassan Kohen, avocat p\u00e9naliste \u00e0 Paris, intervient exclusivement en droit p\u00e9nal pour la d\u00e9fense des particuliers, notamment en mati\u00e8re d\u2019accusations de viol. Il assure un accompagnement rigoureux d\u00e8s la garde \u00e0 vue jusqu\u2019\u00e0 la Cour d\u2019assises, veillant au strict respect des garanties proc\u00e9durales.\",\"publisher\":{\"@id\":\"https:\\\/\\\/kohenavocats.com\\\/ru\\\/#organization\"},\"potentialAction\":[{\"@type\":\"SearchAction\",\"target\":{\"@type\":\"EntryPoint\",\"urlTemplate\":\"https:\\\/\\\/kohenavocats.com\\\/ru\\\/?s={search_term_string}\"},\"query-input\":{\"@type\":\"PropertyValueSpecification\",\"valueRequired\":true,\"valueName\":\"search_term_string\"}}],\"inLanguage\":\"ru-RU\"},{\"@type\":\"Organization\",\"@id\":\"https:\\\/\\\/kohenavocats.com\\\/ru\\\/#organization\",\"name\":\"Kohen Avocats\",\"url\":\"https:\\\/\\\/kohenavocats.com\\\/ru\\\/\",\"logo\":{\"@type\":\"ImageObject\",\"inLanguage\":\"ru-RU\",\"@id\":\"https:\\\/\\\/kohenavocats.com\\\/ru\\\/#\\\/schema\\\/logo\\\/image\\\/\",\"url\":\"https:\\\/\\\/kohenavocats.com\\\/wp-content\\\/uploads\\\/2026\\\/01\\\/Logo-2-1.webp\",\"contentUrl\":\"https:\\\/\\\/kohenavocats.com\\\/wp-content\\\/uploads\\\/2026\\\/01\\\/Logo-2-1.webp\",\"width\":2114,\"height\":1253,\"caption\":\"Kohen Avocats\"},\"image\":{\"@id\":\"https:\\\/\\\/kohenavocats.com\\\/ru\\\/#\\\/schema\\\/logo\\\/image\\\/\"}}]}<\/script>\n<!-- \/ Yoast SEO Premium plugin. -->","yoast_head_json":{"title":"ECLI:NL:GHAMS:2025:2889 Gerechtshof Amsterdam , 29-10-2025 \/ 200.342.753\/01 OK - Ma\u00eetre Hassan Kohen, avocat en droit p\u00e9nal \u00e0 Paris","robots":{"index":"index","follow":"follow","max-snippet":"max-snippet:-1","max-image-preview":"max-image-preview:large","max-video-preview":"max-video-preview:-1"},"canonical":"https:\/\/kohenavocats.com\/ru\/jurisprudences\/eclinlghams20252889-gerechtshof-amsterdam-29-10-2025-200-342-753-01-ok\/","og_locale":"ru_RU","og_type":"article","og_title":"ECLI:NL:GHAMS:2025:2889 Gerechtshof Amsterdam , 29-10-2025 \/ 200.342.753\/01 OK","og_description":"OK; enqu\u00eate; verhoging onderzoeksbudget","og_url":"https:\/\/kohenavocats.com\/ru\/jurisprudences\/eclinlghams20252889-gerechtshof-amsterdam-29-10-2025-200-342-753-01-ok\/","og_site_name":"Ma\u00eetre Hassan Kohen, avocat en droit p\u00e9nal \u00e0 Paris","twitter_card":"summary_large_image","twitter_misc":{"\u041f\u0440\u0438\u043c\u0435\u0440\u043d\u043e\u0435 \u0432\u0440\u0435\u043c\u044f \u0434\u043b\u044f \u0447\u0442\u0435\u043d\u0438\u044f":"3 \u043c\u0438\u043d\u0443\u0442\u044b"},"schema":{"@context":"https:\/\/schema.org","@graph":[{"@type":"WebPage","@id":"https:\/\/kohenavocats.com\/ru\/jurisprudences\/eclinlghams20252889-gerechtshof-amsterdam-29-10-2025-200-342-753-01-ok\/","url":"https:\/\/kohenavocats.com\/ru\/jurisprudences\/eclinlghams20252889-gerechtshof-amsterdam-29-10-2025-200-342-753-01-ok\/","name":"ECLI:NL:GHAMS:2025:2889 Gerechtshof Amsterdam , 29-10-2025 \/ 200.342.753\/01 OK - Ma\u00eetre Hassan Kohen, avocat en droit p\u00e9nal \u00e0 Paris","isPartOf":{"@id":"https:\/\/kohenavocats.com\/ru\/#website"},"datePublished":"2026-04-16T21:40:43+00:00","breadcrumb":{"@id":"https:\/\/kohenavocats.com\/ru\/jurisprudences\/eclinlghams20252889-gerechtshof-amsterdam-29-10-2025-200-342-753-01-ok\/#breadcrumb"},"inLanguage":"ru-RU","potentialAction":[{"@type":"ReadAction","target":["https:\/\/kohenavocats.com\/ru\/jurisprudences\/eclinlghams20252889-gerechtshof-amsterdam-29-10-2025-200-342-753-01-ok\/"]}]},{"@type":"BreadcrumbList","@id":"https:\/\/kohenavocats.com\/ru\/jurisprudences\/eclinlghams20252889-gerechtshof-amsterdam-29-10-2025-200-342-753-01-ok\/#breadcrumb","itemListElement":[{"@type":"ListItem","position":1,"name":"Home","item":"https:\/\/kohenavocats.com\/ru\/avocats-en-droit-penal-a-paris-conseil-et-defense-strategique\/"},{"@type":"ListItem","position":2,"name":"Jurisprudences","item":"https:\/\/kohenavocats.com\/ru\/jurisprudences\/"},{"@type":"ListItem","position":3,"name":"ECLI:NL:GHAMS:2025:2889 Gerechtshof Amsterdam , 29-10-2025 \/ 200.342.753\/01 OK"}]},{"@type":"WebSite","@id":"https:\/\/kohenavocats.com\/ru\/#website","url":"https:\/\/kohenavocats.com\/ru\/","name":"Kohen Avocats","description":"Ma\u00eetre Hassan Kohen, avocat p\u00e9naliste \u00e0 Paris, intervient exclusivement en droit p\u00e9nal pour la d\u00e9fense des particuliers, notamment en mati\u00e8re d\u2019accusations de viol. Il assure un accompagnement rigoureux d\u00e8s la garde \u00e0 vue jusqu\u2019\u00e0 la Cour d\u2019assises, veillant au strict respect des garanties proc\u00e9durales.","publisher":{"@id":"https:\/\/kohenavocats.com\/ru\/#organization"},"potentialAction":[{"@type":"SearchAction","target":{"@type":"EntryPoint","urlTemplate":"https:\/\/kohenavocats.com\/ru\/?s={search_term_string}"},"query-input":{"@type":"PropertyValueSpecification","valueRequired":true,"valueName":"search_term_string"}}],"inLanguage":"ru-RU"},{"@type":"Organization","@id":"https:\/\/kohenavocats.com\/ru\/#organization","name":"Kohen Avocats","url":"https:\/\/kohenavocats.com\/ru\/","logo":{"@type":"ImageObject","inLanguage":"ru-RU","@id":"https:\/\/kohenavocats.com\/ru\/#\/schema\/logo\/image\/","url":"https:\/\/kohenavocats.com\/wp-content\/uploads\/2026\/01\/Logo-2-1.webp","contentUrl":"https:\/\/kohenavocats.com\/wp-content\/uploads\/2026\/01\/Logo-2-1.webp","width":2114,"height":1253,"caption":"Kohen Avocats"},"image":{"@id":"https:\/\/kohenavocats.com\/ru\/#\/schema\/logo\/image\/"}}]}},"jetpack_likes_enabled":false,"jetpack_sharing_enabled":true,"_links":{"self":[{"href":"https:\/\/kohenavocats.com\/ru\/wp-json\/wp\/v2\/kji_decision\/581529","targetHints":{"allow":["GET"]}}],"collection":[{"href":"https:\/\/kohenavocats.com\/ru\/wp-json\/wp\/v2\/kji_decision"}],"about":[{"href":"https:\/\/kohenavocats.com\/ru\/wp-json\/wp\/v2\/types\/kji_decision"}],"wp:attachment":[{"href":"https:\/\/kohenavocats.com\/ru\/wp-json\/wp\/v2\/media?parent=581529"}],"wp:term":[{"taxonomy":"kji_country","embeddable":true,"href":"https:\/\/kohenavocats.com\/ru\/wp-json\/wp\/v2\/kji_country?post=581529"},{"taxonomy":"kji_court","embeddable":true,"href":"https:\/\/kohenavocats.com\/ru\/wp-json\/wp\/v2\/kji_court?post=581529"},{"taxonomy":"kji_chamber","embeddable":true,"href":"https:\/\/kohenavocats.com\/ru\/wp-json\/wp\/v2\/kji_chamber?post=581529"},{"taxonomy":"kji_year","embeddable":true,"href":"https:\/\/kohenavocats.com\/ru\/wp-json\/wp\/v2\/kji_year?post=581529"},{"taxonomy":"kji_subject","embeddable":true,"href":"https:\/\/kohenavocats.com\/ru\/wp-json\/wp\/v2\/kji_subject?post=581529"},{"taxonomy":"kji_keyword","embeddable":true,"href":"https:\/\/kohenavocats.com\/ru\/wp-json\/wp\/v2\/kji_keyword?post=581529"},{"taxonomy":"kji_language","embeddable":true,"href":"https:\/\/kohenavocats.com\/ru\/wp-json\/wp\/v2\/kji_language?post=581529"}],"curies":[{"name":"wp","href":"https:\/\/api.w.org\/{rel}","templated":true}]}}