{"id":581535,"date":"2026-04-16T23:43:40","date_gmt":"2026-04-16T21:43:40","guid":{"rendered":"https:\/\/kohenavocats.com\/jurisprudences\/eclinlghams20252740-gerechtshof-amsterdam-08-10-2025-200-359-769-01-ok\/"},"modified":"2026-04-16T23:43:40","modified_gmt":"2026-04-16T21:43:40","slug":"eclinlghams20252740-gerechtshof-amsterdam-08-10-2025-200-359-769-01-ok","status":"publish","type":"kji_decision","link":"https:\/\/kohenavocats.com\/ru\/jurisprudences\/eclinlghams20252740-gerechtshof-amsterdam-08-10-2025-200-359-769-01-ok\/","title":{"rendered":"ECLI:NL:GHAMS:2025:2740 Gerechtshof Amsterdam , 08-10-2025 \/ 200.359.769\/01 OK"},"content":{"rendered":"<div class=\"kji-decision\">\n<div class=\"kji-full-text\">\n<p><strong>Inhoudsindicatie.<\/strong> OK ; enqu\u00eaterecht ; gedeeltelijke opheffing tot het verbod mededelingen te doen over deze zaak.<\/p>\n<p>beschikking<\/p>\n<p>___________________________________________________________________<\/p>\n<p>GERECHTSHOF AMSTERDAM<\/p>\n<p>ONDERNEMINGSKAMER<\/p>\n<p>zaaknummer: 200.359.769\/01 OK<\/p>\n<p>beschikking van de Ondernemingskamer van 8 oktober 2025<\/p>\n<p>inzake<\/p>\n<p>1. de besloten vennootschap met beperkte aansprakelijkheid<\/p>\n<p>NEXPERIA HOLDING B.V.,<\/p>\n<p>gevestigd te Nijmegen,<\/p>\n<p>2. de besloten vennootschap met beperkte aansprakelijkheid<\/p>\n<p>NEXPERIA B.V.,<\/p>\n<p>gevestigd te Nijmegen,<\/p>\n<p>VERZOEKSTERS,<\/p>\n<p>advocaten: mr. J.L. van der Schrieck en mr. M.C. Burggraaf, beiden kantoorhoudend te Amsterdam,<\/p>\n<p>t e g e n<\/p>\n<p>1. de besloten vennootschap met beperkte aansprakelijkheid<\/p>\n<p>NEXPERIA HOLDING B.V.,<\/p>\n<p>gevestigd te Nijmegen,<\/p>\n<p>2. de besloten vennootschap met beperkte aansprakelijkheid<\/p>\n<p>NEXPERIA B.V.,<\/p>\n<p>gevestigd te Nijmegen,<\/p>\n<p>VERWEERSTERS,<\/p>\n<p>advocaten: mr. J.L. van der Schrieck en mr. M.C. Burggraaf, beiden kantoorhoudend te Amsterdam,<\/p>\n<p>en tegen<\/p>\n<p>1. de rechtspersoon naar buitenlands recht<\/p>\n<p>YUCHING HOLDING LIMITED,<\/p>\n<p>gevestigd te Speciale Administratieve Regio Hongkong,<\/p>\n<p>BELANGHEBBENDE,<\/p>\n<p>advocaten: mr. B-A de Ruijter en mr. A.D. Polkerman, beiden kantoorhoudend te Amsterdam,<\/p>\n<p>en tegen<\/p>\n<h3>2 [bestuurder\/CEO] ,<\/h3>\n<p>wonende te [plaats] ,<\/p>\n<p>BELANGHEBBENDE,<\/p>\n<p>advocaten: mr. W.A. Vader, mr. E.M. Meijer van Gelderen, mr. P.F.M. Elsenburg en mr. T.C. Hieselaar, allen kantoorhoudend te Amsterdam,<\/p>\n<p>en tegen<\/p>\n<h3>3 [bestuurder\/CLO] ,<\/h3>\n<p>woonplaats kiezende te [plaats] ,<\/p>\n<p>BELANGHEBBENDE,<\/p>\n<p>en tegen<\/p>\n<h3>4 DE ONDERNEMINGSRAAD VAN NEXPERIA B.V.,<\/h3>\n<p>gevestigd te Nijmegen,<\/p>\n<p>BELANGHEBBENDE,<\/p>\n<p>advocaat: mr. S.F.H. Jellinghaus, kantoorhoudende te Rotterdam, en mr. J.M. Blok, kantoorhoudende te Amsterdam,<\/p>\n<p>en tegen<\/p>\n<h3>5 DE STAAT DER NEDERLANDEN, MINISTERIE VAN ECONOMISCHE ZAKEN,<\/h3>\n<p>zetelende te Den Haag,<\/p>\n<p>BELANGHEBBENDE,<\/p>\n<p>advocaat: mr. P.P.M. van Kippersluis, kantoorhoudend te Den Haag.<\/p>\n<p>Hierna zullen partijen en andere (rechts)personen als volgt worden aangeduid:<\/p>\n<p>Verzoeksters tevens verweersters als:<\/p>\n<p>Nexperia Holding respectievelijk Nexperia B.V. en gezamenlijk als Nexperia c.s.<\/p>\n<p>belanghebbende sub 1 als:<\/p>\n<p>Yuching Holding<\/p>\n<p>Belanghebbende sub 2 als:<\/p>\n<p>[bestuurder\/CEO]<\/p>\n<p>Belanghebbende sub 3 als:<\/p>\n<p>[bestuurder\/CLO]<\/p>\n<p>Belanghebbende sub 4 als<\/p>\n<p>de Ondernemingsraad<\/p>\n<p>Belanghebbende sub 5 als:<\/p>\n<p>de Staat<\/p>\n<h3>1Het verloop van het geding<\/h3>\n<p>Voor het verloop van het geding verwijst de Ondernemingskamer naar haar beschikkingen in deze zaak van 1 oktober 2025 en 7 oktober 2025.<\/p>\n<p>Bij die beschikkingen heeft de Ondernemingskamer geoordeeld dat naar voorlopig oordeel gegronde redenen bestaan om te twijfelen aan een juist beleid en juiste gang van zaken van Nexperia c.s. en bepaalde onmiddellijke voorzieningen getroffen. Zij heeft onder meer G.R.C. Dierick benoemd tot niet-uitvoerend bestuurder van zowel Nexperia Holding als Nexperia B.V. (hierna: de OK-bestuurder) en een nader aan te wijzen en bekend te maken persoon benoemd tot beheerder van alle aandelen (minus \u00e9\u00e9n) die Yuching Holding houdt in Nexperia Holding. Verder heeft zij verzoeksters, verweersters, belanghebbenden en alle overige (rechts)personen die kennis hebben of op enig moment zullen krijgen van deze procedure verboden aan derden mededelingen te doen omtrent deze procedure (hierna: het verbod).<\/p>\n<p>Bij brief van 7 oktober 2025 (per e-mail om 18:33 uur ontvangen) heeft de Staat (de Minister van Economische Zaken) op grond van artikel 28 lid 2 Rv verzocht om gedeeltelijke opheffing van het verbod, namelijk voor zover dit in het kader van diplomatieke contacten (in het belang van de onderneming) nodig is. De Minister heeft daarbij benadrukt dat hij alle ontvangers van informatie over onderhavige procedure zal wijzen op het verbod op het doen van mededelingen en hen zal verzoeken zich hieraan te houden.<\/p>\n<p>Bij e-mail van 7 oktober 2025 (18:40 uur) zijn partijen door de secretaris van de Ondernemingskamer in staat gesteld uiterlijk op 8 oktober 2025 om 10.00 uur op het verzoek van de Staat te reageren.<\/p>\n<p>De Ondernemingsraad en Nexperia c.s. hebben \u2013 wat Nexperia c.s. betreft in afstemming met de OK-bestuurder \u2013 bij respectievelijk e-mails van 7 (21:17 uur) en 8 oktober 2025 (09:45 uur) het verzoek van de Staat gesteund. Nexperia c.s. hebben daarbij opgemerkt dat \u201chet van groot belang [is] dat de Minister per direct zijn diplomatieke contacten ten volste kan benutten.\u201d<\/p>\n<p>Bij e-mails van 8 oktober 2025 hebben [bestuurder\/CEO] (09:31 uur) en Yuching Holding (09:52 uur) om uitstel gevraagd. Zij hebben bij e-mail van de secretaris van de Ondernemingskamer van 10:18 uur uitstel gekregen tot 12.00 uur.<\/p>\n<p>Bij brief van 8 oktober 2025 (bij e-mail om 11:59 uur ontvangen) heeft [bestuurder\/CEO] bezwaar gemaakt tegen het verzoek van de Staat. Kort gezegd komt zijn bezwaar erop neer dat het verzoek zoals gedaan door de Minister te ruim is en als gevolg daarvan niet (voldoende) is gewaarborgd dat deze procedure inderdaad vertrouwelijk blijft en verstrekking van informatie daarover beperkt is en blijft. [bestuurder\/CEO] heeft enkele waarborgen voorgesteld ter bescherming van de belangen van anderen en in het bijzonder van [bestuurder\/CEO] .<\/p>\n<p>Bij e-mail van 8 oktober 2025 (12:12 uur) heeft Yuching Holding het bezwaar van [bestuurder\/CEO] op de ruime insteek zonder voldoende waarborgen voor vertrouwelijkheid onderschreven. Daarbij heeft Yuching Holding opgemerkt dat de onderbouwing van de beschikking er nog niet is en eventuele ontheffingen van het verbod mededelingen te doen daarvan afhankelijk zijn.<\/p>\n<h3>2De gronden van de beslissing<\/h3>\n<p>De Ondernemingskamer stelt vast dat, gegeven de aan het enqu\u00eateverzoek ten grondslag liggende internationale problematiek en de positie waarin Nexperia c.s. zich thans bevinden, het voor Nexperia c.s. van groot belang is dat er op zo kort mogelijke termijn diplomatiek overleg kan plaatsvinden teneinde handelsbelemmeringen voor Nexperia c.s. zoveel mogelijk te voorkomen. Daarbij is noodzakelijk dat zijdens de Minister mededelingen gedaan kunnen worden over de stand van zaken in deze procedure en de gevolgen die dat heeft en mogelijk zal hebben voor de governance van Nexperia c.s. De Ondernemingskamer weegt daarbij mee dat Nexperia c.s. de noodzaak van diplomatiek overleg onderschrijven en dat zijdens de Minister van Economische Zaken is toegezegd dat hij alle ontvangers van informatie over onderhavige procedure zal wijzen op het verbod op het doen van mededelingen en hen zal verzoeken zich hieraan te houden. De Ondernemingskamer zal het verzoek van de Staat daarom toewijzen in die zin dat het verbod om mededelingen te doen over deze procedure zal worden opgeheven voor zover die mededelingen worden gedaan door of namens de Staat (de Minister van Economische Zaken) in het kader van diplomatieke contacten met betrekking tot Nexperia c.s. in verband met deze zaak.<\/p>\n<p>De Ondernemingskamer zal verder de hierna te vermelden persoon aanwijzen als beheerder van aandelen, \u00e9\u00e9n en ander zoals bedoeld in haar beschikking van 7 oktober 2025.<\/p>\n<h3>3De beslissing<\/h3>\n<p>De Ondernemingskamer:<\/p>\n<p>bepaalt dat het bij beschikking van 7 oktober 2025 opgelegde verbod tot het doen van mededelingen aan derden omtrent deze procedure gedeeltelijk wordt opgeheven voor zover die mededelingen worden gedaan door of namens de Staat (de Minister van Economische Zaken) in het kader van diplomatiek overleg met betrekking tot Nexperia Holding B.V. en Nexperia B.V. in verband met deze zaak.<\/p>\n<p>wijst aan als beheerder van aandelen zoals bedoeld in de beschikking van 7 oktober 2025:<\/p>\n<p>mr. drs. A.R.J. Croiset van Uchelen te Amsterdam;<\/p>\n<p>verklaart deze beschikking uitvoerbaar bij voorraad;<\/p>\n<p>houdt iedere verdere beslissing aan.<\/p>\n<p>Deze beschikking is gegeven door mr. A.W.H. Vink, voorzitter, mr. J.M. de Jongh, mr. E. Loesberg, raadsheren, en prof. dr. M.J.R. Broekema RV en drs. G. Eikelenboom AG, raden, in tegenwoordigheid van mr. F.C.W. Wijffels, en in het openbaar uitgesproken door mr. J.M. de Jongh op 8 oktober 2025.<\/p>\n<\/div>\n<hr class=\"kji-sep\" \/>\n<p class=\"kji-source-links\"><strong>Sources officielles :<\/strong> <a class=\"kji-source-link\" href=\"http:\/\/deeplink.rechtspraak.nl\/uitspraak?id=ECLI:NL:GHAMS:2025:2740\" target=\"_blank\" rel=\"noopener noreferrer\">consulter la page source<\/a><\/p>\n<p class=\"kji-license-note\"><em>Rechtspraak.nl open data, Creative Commons Zero. Volume cible 1.8M decisions.<\/em><\/p>\n<\/div>\n","protected":false},"excerpt":{"rendered":"<p>OK ; enqu\u00eaterecht ; gedeeltelijke opheffing tot het verbod mededelingen te doen over deze zaak.<\/p>\n","protected":false},"featured_media":0,"template":"","meta":{"_crdt_document":""},"kji_country":[7669],"kji_court":[8385],"kji_chamber":[],"kji_year":[8463],"kji_subject":[7646],"kji_keyword":[8000,14681,14490,8136,8388],"kji_language":[7671],"class_list":["post-581535","kji_decision","type-kji_decision","status-publish","hentry","kji_country-pays-bas","kji_court-gerechtshof-amsterdam","kji_year-8463","kji_subject-divers","kji_keyword-amsterdam","kji_keyword-enqueterecht","kji_keyword-gedeeltelijke","kji_keyword-gerechtshof","kji_keyword-ghams","kji_language-nl"],"yoast_head":"<!-- This site is optimized with the Yoast SEO Premium plugin v27.5 (Yoast SEO v27.5) - https:\/\/yoast.com\/product\/yoast-seo-premium-wordpress\/ -->\n<title>ECLI:NL:GHAMS:2025:2740 Gerechtshof Amsterdam , 08-10-2025 \/ 200.359.769\/01 OK - Ma\u00eetre Hassan Kohen, avocat en droit p\u00e9nal \u00e0 Paris<\/title>\n<meta name=\"robots\" content=\"index, follow, max-snippet:-1, max-image-preview:large, max-video-preview:-1\" \/>\n<link rel=\"canonical\" href=\"https:\/\/kohenavocats.com\/ru\/jurisprudences\/eclinlghams20252740-gerechtshof-amsterdam-08-10-2025-200-359-769-01-ok\/\" \/>\n<meta property=\"og:locale\" content=\"ru_RU\" \/>\n<meta property=\"og:type\" content=\"article\" \/>\n<meta property=\"og:title\" content=\"ECLI:NL:GHAMS:2025:2740 Gerechtshof Amsterdam , 08-10-2025 \/ 200.359.769\/01 OK\" \/>\n<meta property=\"og:description\" content=\"OK ; enqu\u00eaterecht ; gedeeltelijke opheffing tot het verbod mededelingen te doen over deze zaak.\" \/>\n<meta property=\"og:url\" content=\"https:\/\/kohenavocats.com\/ru\/jurisprudences\/eclinlghams20252740-gerechtshof-amsterdam-08-10-2025-200-359-769-01-ok\/\" \/>\n<meta property=\"og:site_name\" content=\"Ma\u00eetre Hassan Kohen, avocat en droit p\u00e9nal \u00e0 Paris\" \/>\n<meta name=\"twitter:card\" content=\"summary_large_image\" \/>\n<meta name=\"twitter:label1\" content=\"\u041f\u0440\u0438\u043c\u0435\u0440\u043d\u043e\u0435 \u0432\u0440\u0435\u043c\u044f \u0434\u043b\u044f \u0447\u0442\u0435\u043d\u0438\u044f\" \/>\n\t<meta name=\"twitter:data1\" content=\"6 \u043c\u0438\u043d\u0443\u0442\" \/>\n<script type=\"application\/ld+json\" class=\"yoast-schema-graph\">{\"@context\":\"https:\\\/\\\/schema.org\",\"@graph\":[{\"@type\":\"WebPage\",\"@id\":\"https:\\\/\\\/kohenavocats.com\\\/ru\\\/jurisprudences\\\/eclinlghams20252740-gerechtshof-amsterdam-08-10-2025-200-359-769-01-ok\\\/\",\"url\":\"https:\\\/\\\/kohenavocats.com\\\/ru\\\/jurisprudences\\\/eclinlghams20252740-gerechtshof-amsterdam-08-10-2025-200-359-769-01-ok\\\/\",\"name\":\"ECLI:NL:GHAMS:2025:2740 Gerechtshof Amsterdam , 08-10-2025 \\\/ 200.359.769\\\/01 OK - Ma\u00eetre Hassan Kohen, avocat en droit p\u00e9nal \u00e0 Paris\",\"isPartOf\":{\"@id\":\"https:\\\/\\\/kohenavocats.com\\\/ru\\\/#website\"},\"datePublished\":\"2026-04-16T21:43:40+00:00\",\"breadcrumb\":{\"@id\":\"https:\\\/\\\/kohenavocats.com\\\/ru\\\/jurisprudences\\\/eclinlghams20252740-gerechtshof-amsterdam-08-10-2025-200-359-769-01-ok\\\/#breadcrumb\"},\"inLanguage\":\"ru-RU\",\"potentialAction\":[{\"@type\":\"ReadAction\",\"target\":[\"https:\\\/\\\/kohenavocats.com\\\/ru\\\/jurisprudences\\\/eclinlghams20252740-gerechtshof-amsterdam-08-10-2025-200-359-769-01-ok\\\/\"]}]},{\"@type\":\"BreadcrumbList\",\"@id\":\"https:\\\/\\\/kohenavocats.com\\\/ru\\\/jurisprudences\\\/eclinlghams20252740-gerechtshof-amsterdam-08-10-2025-200-359-769-01-ok\\\/#breadcrumb\",\"itemListElement\":[{\"@type\":\"ListItem\",\"position\":1,\"name\":\"Home\",\"item\":\"https:\\\/\\\/kohenavocats.com\\\/ru\\\/avocats-en-droit-penal-a-paris-conseil-et-defense-strategique\\\/\"},{\"@type\":\"ListItem\",\"position\":2,\"name\":\"Jurisprudences\",\"item\":\"https:\\\/\\\/kohenavocats.com\\\/ru\\\/jurisprudences\\\/\"},{\"@type\":\"ListItem\",\"position\":3,\"name\":\"ECLI:NL:GHAMS:2025:2740 Gerechtshof Amsterdam , 08-10-2025 \\\/ 200.359.769\\\/01 OK\"}]},{\"@type\":\"WebSite\",\"@id\":\"https:\\\/\\\/kohenavocats.com\\\/ru\\\/#website\",\"url\":\"https:\\\/\\\/kohenavocats.com\\\/ru\\\/\",\"name\":\"Kohen Avocats\",\"description\":\"Ma\u00eetre Hassan Kohen, avocat p\u00e9naliste \u00e0 Paris, intervient exclusivement en droit p\u00e9nal pour la d\u00e9fense des particuliers, notamment en mati\u00e8re d\u2019accusations de viol. Il assure un accompagnement rigoureux d\u00e8s la garde \u00e0 vue jusqu\u2019\u00e0 la Cour d\u2019assises, veillant au strict respect des garanties proc\u00e9durales.\",\"publisher\":{\"@id\":\"https:\\\/\\\/kohenavocats.com\\\/ru\\\/#organization\"},\"potentialAction\":[{\"@type\":\"SearchAction\",\"target\":{\"@type\":\"EntryPoint\",\"urlTemplate\":\"https:\\\/\\\/kohenavocats.com\\\/ru\\\/?s={search_term_string}\"},\"query-input\":{\"@type\":\"PropertyValueSpecification\",\"valueRequired\":true,\"valueName\":\"search_term_string\"}}],\"inLanguage\":\"ru-RU\"},{\"@type\":\"Organization\",\"@id\":\"https:\\\/\\\/kohenavocats.com\\\/ru\\\/#organization\",\"name\":\"Kohen Avocats\",\"url\":\"https:\\\/\\\/kohenavocats.com\\\/ru\\\/\",\"logo\":{\"@type\":\"ImageObject\",\"inLanguage\":\"ru-RU\",\"@id\":\"https:\\\/\\\/kohenavocats.com\\\/ru\\\/#\\\/schema\\\/logo\\\/image\\\/\",\"url\":\"https:\\\/\\\/kohenavocats.com\\\/wp-content\\\/uploads\\\/2026\\\/01\\\/Logo-2-1.webp\",\"contentUrl\":\"https:\\\/\\\/kohenavocats.com\\\/wp-content\\\/uploads\\\/2026\\\/01\\\/Logo-2-1.webp\",\"width\":2114,\"height\":1253,\"caption\":\"Kohen Avocats\"},\"image\":{\"@id\":\"https:\\\/\\\/kohenavocats.com\\\/ru\\\/#\\\/schema\\\/logo\\\/image\\\/\"}}]}<\/script>\n<!-- \/ Yoast SEO Premium plugin. -->","yoast_head_json":{"title":"ECLI:NL:GHAMS:2025:2740 Gerechtshof Amsterdam , 08-10-2025 \/ 200.359.769\/01 OK - Ma\u00eetre Hassan Kohen, avocat en droit p\u00e9nal \u00e0 Paris","robots":{"index":"index","follow":"follow","max-snippet":"max-snippet:-1","max-image-preview":"max-image-preview:large","max-video-preview":"max-video-preview:-1"},"canonical":"https:\/\/kohenavocats.com\/ru\/jurisprudences\/eclinlghams20252740-gerechtshof-amsterdam-08-10-2025-200-359-769-01-ok\/","og_locale":"ru_RU","og_type":"article","og_title":"ECLI:NL:GHAMS:2025:2740 Gerechtshof Amsterdam , 08-10-2025 \/ 200.359.769\/01 OK","og_description":"OK ; enqu\u00eaterecht ; gedeeltelijke opheffing tot het verbod mededelingen te doen over deze zaak.","og_url":"https:\/\/kohenavocats.com\/ru\/jurisprudences\/eclinlghams20252740-gerechtshof-amsterdam-08-10-2025-200-359-769-01-ok\/","og_site_name":"Ma\u00eetre Hassan Kohen, avocat en droit p\u00e9nal \u00e0 Paris","twitter_card":"summary_large_image","twitter_misc":{"\u041f\u0440\u0438\u043c\u0435\u0440\u043d\u043e\u0435 \u0432\u0440\u0435\u043c\u044f \u0434\u043b\u044f \u0447\u0442\u0435\u043d\u0438\u044f":"6 \u043c\u0438\u043d\u0443\u0442"},"schema":{"@context":"https:\/\/schema.org","@graph":[{"@type":"WebPage","@id":"https:\/\/kohenavocats.com\/ru\/jurisprudences\/eclinlghams20252740-gerechtshof-amsterdam-08-10-2025-200-359-769-01-ok\/","url":"https:\/\/kohenavocats.com\/ru\/jurisprudences\/eclinlghams20252740-gerechtshof-amsterdam-08-10-2025-200-359-769-01-ok\/","name":"ECLI:NL:GHAMS:2025:2740 Gerechtshof Amsterdam , 08-10-2025 \/ 200.359.769\/01 OK - Ma\u00eetre Hassan Kohen, avocat en droit p\u00e9nal \u00e0 Paris","isPartOf":{"@id":"https:\/\/kohenavocats.com\/ru\/#website"},"datePublished":"2026-04-16T21:43:40+00:00","breadcrumb":{"@id":"https:\/\/kohenavocats.com\/ru\/jurisprudences\/eclinlghams20252740-gerechtshof-amsterdam-08-10-2025-200-359-769-01-ok\/#breadcrumb"},"inLanguage":"ru-RU","potentialAction":[{"@type":"ReadAction","target":["https:\/\/kohenavocats.com\/ru\/jurisprudences\/eclinlghams20252740-gerechtshof-amsterdam-08-10-2025-200-359-769-01-ok\/"]}]},{"@type":"BreadcrumbList","@id":"https:\/\/kohenavocats.com\/ru\/jurisprudences\/eclinlghams20252740-gerechtshof-amsterdam-08-10-2025-200-359-769-01-ok\/#breadcrumb","itemListElement":[{"@type":"ListItem","position":1,"name":"Home","item":"https:\/\/kohenavocats.com\/ru\/avocats-en-droit-penal-a-paris-conseil-et-defense-strategique\/"},{"@type":"ListItem","position":2,"name":"Jurisprudences","item":"https:\/\/kohenavocats.com\/ru\/jurisprudences\/"},{"@type":"ListItem","position":3,"name":"ECLI:NL:GHAMS:2025:2740 Gerechtshof Amsterdam , 08-10-2025 \/ 200.359.769\/01 OK"}]},{"@type":"WebSite","@id":"https:\/\/kohenavocats.com\/ru\/#website","url":"https:\/\/kohenavocats.com\/ru\/","name":"Kohen Avocats","description":"Ma\u00eetre Hassan Kohen, avocat p\u00e9naliste \u00e0 Paris, intervient exclusivement en droit p\u00e9nal pour la d\u00e9fense des particuliers, notamment en mati\u00e8re d\u2019accusations de viol. Il assure un accompagnement rigoureux d\u00e8s la garde \u00e0 vue jusqu\u2019\u00e0 la Cour d\u2019assises, veillant au strict respect des garanties proc\u00e9durales.","publisher":{"@id":"https:\/\/kohenavocats.com\/ru\/#organization"},"potentialAction":[{"@type":"SearchAction","target":{"@type":"EntryPoint","urlTemplate":"https:\/\/kohenavocats.com\/ru\/?s={search_term_string}"},"query-input":{"@type":"PropertyValueSpecification","valueRequired":true,"valueName":"search_term_string"}}],"inLanguage":"ru-RU"},{"@type":"Organization","@id":"https:\/\/kohenavocats.com\/ru\/#organization","name":"Kohen Avocats","url":"https:\/\/kohenavocats.com\/ru\/","logo":{"@type":"ImageObject","inLanguage":"ru-RU","@id":"https:\/\/kohenavocats.com\/ru\/#\/schema\/logo\/image\/","url":"https:\/\/kohenavocats.com\/wp-content\/uploads\/2026\/01\/Logo-2-1.webp","contentUrl":"https:\/\/kohenavocats.com\/wp-content\/uploads\/2026\/01\/Logo-2-1.webp","width":2114,"height":1253,"caption":"Kohen Avocats"},"image":{"@id":"https:\/\/kohenavocats.com\/ru\/#\/schema\/logo\/image\/"}}]}},"jetpack_likes_enabled":false,"jetpack_sharing_enabled":true,"_links":{"self":[{"href":"https:\/\/kohenavocats.com\/ru\/wp-json\/wp\/v2\/kji_decision\/581535","targetHints":{"allow":["GET"]}}],"collection":[{"href":"https:\/\/kohenavocats.com\/ru\/wp-json\/wp\/v2\/kji_decision"}],"about":[{"href":"https:\/\/kohenavocats.com\/ru\/wp-json\/wp\/v2\/types\/kji_decision"}],"wp:attachment":[{"href":"https:\/\/kohenavocats.com\/ru\/wp-json\/wp\/v2\/media?parent=581535"}],"wp:term":[{"taxonomy":"kji_country","embeddable":true,"href":"https:\/\/kohenavocats.com\/ru\/wp-json\/wp\/v2\/kji_country?post=581535"},{"taxonomy":"kji_court","embeddable":true,"href":"https:\/\/kohenavocats.com\/ru\/wp-json\/wp\/v2\/kji_court?post=581535"},{"taxonomy":"kji_chamber","embeddable":true,"href":"https:\/\/kohenavocats.com\/ru\/wp-json\/wp\/v2\/kji_chamber?post=581535"},{"taxonomy":"kji_year","embeddable":true,"href":"https:\/\/kohenavocats.com\/ru\/wp-json\/wp\/v2\/kji_year?post=581535"},{"taxonomy":"kji_subject","embeddable":true,"href":"https:\/\/kohenavocats.com\/ru\/wp-json\/wp\/v2\/kji_subject?post=581535"},{"taxonomy":"kji_keyword","embeddable":true,"href":"https:\/\/kohenavocats.com\/ru\/wp-json\/wp\/v2\/kji_keyword?post=581535"},{"taxonomy":"kji_language","embeddable":true,"href":"https:\/\/kohenavocats.com\/ru\/wp-json\/wp\/v2\/kji_language?post=581535"}],"curies":[{"name":"wp","href":"https:\/\/api.w.org\/{rel}","templated":true}]}}