{"id":582232,"date":"2026-04-17T01:58:32","date_gmt":"2026-04-16T23:58:32","guid":{"rendered":"https:\/\/kohenavocats.com\/jurisprudences\/eclinlghshe20253759-gerechtshof-s-hertogenbosch-15-12-2025-20-000698-25\/"},"modified":"2026-04-17T01:58:32","modified_gmt":"2026-04-16T23:58:32","slug":"eclinlghshe20253759-gerechtshof-s-hertogenbosch-15-12-2025-20-000698-25","status":"publish","type":"kji_decision","link":"https:\/\/kohenavocats.com\/ru\/jurisprudences\/eclinlghshe20253759-gerechtshof-s-hertogenbosch-15-12-2025-20-000698-25\/","title":{"rendered":"ECLI:NL:GHSHE:2025:3759 Gerechtshof &#8216;s-Hertogenbosch , 15-12-2025 \/ 20-000698-25"},"content":{"rendered":"<div class=\"kji-decision\">\n<div class=\"kji-full-text\">\n<p><strong>Inhoudsindicatie.<\/strong> De verdachte is ter zake van &#039;diefstal&#039; veroordeeld tot een voorwaardelijke gevangenisstraf voor de duur van 2 weken, met een proeftijd voor de duur van 2 jaren.<\/p>\n<p>Parketnummer : 20-000698-25<\/p>\n<p>Uitspraak : 15 december 2025<\/p>\n<p>TEGENSPRAAK (ex art. 279 Sv)<\/p>\n<h3>Arrest van de meervoudige kamer voor strafzaken van het gerechtshof<\/h3>\n<h3>&#039;s-Hertogenbosch<\/h3>\n<p>gewezen op het hoger beroep tegen het vonnis van de politierechter in de rechtbank Zeeland-West-Brabant, zittingsplaats Breda, van 21 februari 2025, in de strafzaak met parketnummer 02-378279-24 tegen:<\/p>\n<h3>[verdachte] ,<\/h3>\n<p>geboren te [geboorteplaats] op [geboortedag] 1982,<\/p>\n<p>thans zonder vaste woon- of verblijfplaats hier te lande.<\/p>\n<p>Hoger beroep<\/p>\n<p>Bij vonnis waarvan beroep heeft de politierechter de verdachte ter zake van \u2018diefstal\u2019 veroordeeld tot een gevangenisstraf voor de duur van 2 weken.<\/p>\n<p>Namens de verdachte is tegen voormeld vonnis hoger beroep ingesteld.<\/p>\n<p>Onderzoek van de zaak<\/p>\n<p>Dit arrest is gewezen naar aanleiding van het onderzoek op de terechtzitting in hoger beroep en in eerste aanleg.<\/p>\n<p>Het hof heeft kennisgenomen van de vordering van de advocaat-generaal en van hetgeen namens de verdachte naar voren is gebracht.<\/p>\n<p>De advocaat-generaal heeft gevorderd dat het hof het vonnis waarvan beroep zal bevestigen.<\/p>\n<p>De raadsman van de verdachte heeft primair vrijspraak van het tenlastegelegde bepleit en heeft subsidiair een strafmaatverweer gevoerd.<\/p>\n<p>Vonnis waarvan beroep<\/p>\n<p>Het hof kan zich op onderdelen niet met het beroepen vonnis verenigen. Om redenen van effici\u00ebntie zal het hof evenwel het gehele vonnis vernietigen.<\/p>\n<p>Tenlastelegging<\/p>\n<p>Aan de verdachte is tenlastegelegd dat:<\/p>\n<p>primair<br \/>\nhij op of omstreeks 24 december 2023 te Tilburg, een (elektrische) fiets, in elk geval enig goed, die\/dat geheel of ten dele aan een ander toebehoorde heeft weggenomen met het oogmerk om die\/het zich wederrechtelijk toe te eigenen;<\/p>\n<p>subsidiair<br \/>\nhij op of omstreeks 24 december 2023 te Tilburg, ter uitvoering van het door verdachte voorgenomen misdrijf om een (elektrische) fiets, in elk geval enig goed, die\/dat geheel of ten dele aan een ander toebehoorde weg te nemen met het oogmerk om die\/het zich wederrechtelijk toe te eigenen voornoemde fiets, welke op slot stond, bij het achterwiel en\/of de achterkant heeft vastgepakt, en\/of vervolgens voornoemde fiets ongeveer vijftig meter, althans enige afstand, heeft verplaatst, terwijl de uitvoering van dat voorgenomen misdrijf niet is voltooid.<\/p>\n<p>De in de tenlastelegging voorkomende taal- en\/of schrijffouten of omissies zijn verbeterd. De verdachte is daardoor niet geschaad in de verdediging.<\/p>\n<p>Bewezenverklaring<\/p>\n<p>Het hof acht wettig en overtuigend bewezen dat de verdachte het primair tenlastegelegde heeft begaan, met dien verstande dat:<\/p>\n<p>hij op 24 december 2023 te Tilburg, een elektrische fiets die aan een ander toebehoorde heeft weggenomen met het oogmerk om die zich wederrechtelijk toe te eigenen.<\/p>\n<p>Het hof acht niet bewezen hetgeen de verdachte meer of anders ten laste is gelegd dan hierboven bewezen is verklaard, zodat hij daarvan zal worden vrijgesproken.<\/p>\n<p>Bewijsmiddelen<\/p>\n<p>Indien tegen dit verkorte arrest beroep in cassatie wordt ingesteld, worden de door het hof gebruikte bewijsmiddelen die redengevend zijn voor de bewezenverklaring opgenomen in een aanvulling op het arrest. Deze aanvulling wordt dan aan dit arrest gehecht.<\/p>\n<p>Bewijsoverwegingen<\/p>\n<p>I. De beslissing dat het bewezenverklaarde door de verdachte is begaan, berust op de<\/p>\n<p>feiten en omstandigheden als vervat in de hierboven bedoelde bewijsmiddelen in onderlinge samenhang beschouwd.<\/p>\n<p>II. De raadsman van de verdachte heeft ter terechtzitting in hoger beroep vrijspraak van het tenlastegelegde bepleit. Daartoe is in de kern aangevoerd dat niet kan worden bewezen dat de verdachte de elektrische fiets heeft weggenomen met het oogmerk om het zich wederrechtelijk toe te eigenen. Uit het proces-verbaal van bevindingen d.d. 24 december 2023, opgemaakt door verbalisanten [verbalisant 1] en [verbalisant 2] , zou immers enkel blijken dat de verdachte de elektrische fiets ongeveer 50 meter heeft verplaatst.<\/p>\n<p>Het hof overweegt als volgt.<\/p>\n<p>Uit het proces-verbaal van bevindingen d.d. 24 december 2023, opgemaakt door verbalisanten [verbalisant 1] en [verbalisant 2] , blijkt dat de verbalisanten de verdachte, die hen ambtshalve bekend was, zagen lopen in het centrum van Tilburg. Cameratoezicht nam waar dat de verdachte op het Pieter Vreedeplein een elektrische fiets oppakte bij het achterwiel en meenam, waarna de verbalisanten naar de locatie zijn gefietst. Verdachte heeft zelf ook verklaard de fiets te hebben opgetild. Verbalisant [verbalisant 2] zag, toen hij zicht had op de verdachte, dat de verdachte op enig moment stil bleef staan, omkeek in de richting en naar de verbalisant, de elektrische fiets losliet en wegliep. De plek waar de verdachte de elektrische fiets had weggenomen was hiervan ongeveer 50 meter verwijderd.<\/p>\n<p>Het hof is, anders dan de raadsman van de verdachte, van oordeel dat het oogmerk van wederrechtelijke toe-eigening wettig en overtuigend kan worden bewezen. Daarin betrekt het hof de omstandigheden waaronder de verdachte de elektrische fiets heeft weggenomen. De elektrische fiets stond op slot en de verdachte was niet in het bezit van de sleutel van de fiets. Vervolgens heeft de verdachte de fiets zonder enige gebleken noodzaak bij het achterwiel opgepakt, meegenomen en pas bij het zien van de politiefunctionarissen achtergelaten. Ten overstaan van de politie heeft de verdachte direct na zijn aanhouding verklaard: &quot;Ja ik ga nu lekker warm binnen slapen, want ik wou die fiets meenemen.&quot; (procesdossier p.4). Door op deze wijze te handelen heeft de verdachte zich de feitelijke heerschappij over het goed verschaft. Uit de voornoemde omstandigheden blijkt naar het oordeel van het hof onmiskenbaar dat de verdachte de elektrische fiets heeft weggenomen met het oogmerk om die zich wederrechtelijk toe te eigenen. Het hof betrekt hierbij dat de verdachte meermaals ter zake de verdenking zich aan de diefstal van een (elektrische) fiets te hebben schuldig gemaakt is vervolgd en veroordeeld, zodat de eerder vermelde verklaring van de verdachte dat hij de fiets \u201cwou meenemen\u201d maar voor \u00e9\u00e9n uitleg vatbaar is.<\/p>\n<p>Het hof verwerpt mitsdien het tot vrijspraak strekkende verweer van de verdediging.<\/p>\n<p>Strafbaarheid van het bewezenverklaarde<\/p>\n<p>Het primair bewezenverklaarde wordt als volgt gekwalificeerd:<\/p>\n<h3>diefstal.<\/h3>\n<p>Er zijn geen feiten of omstandigheden aannemelijk geworden die de strafbaarheid van het bewezenverklaarde uitsluiten. Het feit is strafbaar.<\/p>\n<p>Strafbaarheid van de verdachte<\/p>\n<p>Er zijn geen feiten of omstandigheden aannemelijk geworden die de strafbaarheid van verdachte uitsluiten. De verdachte is daarom strafbaar voor het hiervoor bewezenverklaarde.<\/p>\n<p>Op te leggen sanctie<\/p>\n<p>De raadsman van de verdachte heeft ter terechtzitting in hoger beroep verzocht om te volstaan met het opleggen van een geheel voorwaardelijke straf.<\/p>\n<p>Het hof heeft bij de bepaling van de op te leggen straf gelet op de aard en de ernst van hetgeen bewezen is verklaard, op de omstandigheden waaronder het bewezenverklaarde is begaan en op de persoon van de verdachte, zoals een en ander uit het onderzoek ter terechtzitting naar voren is gekomen. Daarnaast is gelet op de verhouding tot andere strafbare feiten, zoals onder meer tot uitdrukking komende in de hierop gestelde wettelijke strafmaxima en in de straffen die voor soortgelijke feiten worden opgelegd.<\/p>\n<p>In het bijzonder heeft het hof het navolgende in aanmerking genomen.<\/p>\n<p>Ten laste van de verdachte is bewezenverklaard dat hij zich schuldig heeft gemaakt aan diefstal van een elektrische fiets. Fietsendiefstallen veroorzaken hinder en brengen schade teweeg bij de eigenaren van de weggenomen goederen dan wel hun verzekeraars. De verdachte heeft er, door aldus te handelen, blijk van gegeven geen enkel respect te hebben voor de eigendomsrechten van een ander.<\/p>\n<p>Voorts heeft het hof acht geslagen op de inhoud van het uittreksel uit de Justiti\u00eble Documentatie d.d. 8 oktober 2025, betrekking hebbende op het justiti\u00eble verleden van de verdachte, waaruit blijkt dat de verdachte eerder meermalen onherroepelijk is veroordeeld ter zake van soortgelijke feiten.<\/p>\n<p>Voorts heeft het hof acht geslagen op de persoonlijke omstandigheden voor zover daarvan uit het dossier en ter terechtzitting in hoger beroep is gebleken. De raadsman van de verdachte heeft ten overstaan van het hof naar voren gebracht dat de verdachte een behandeltraject bij Novadic-Kentron ondergaat in het kader van de schorsingsvoorwaarden van de voorlopige hechtenis in een andere zaak en het in dat kader d.d. 18 september 2025 opgemaakte reclasseringsadvies overgelegd. Hieruit blijkt dat de reclassering in het geval de verdachte zich niet aan de daarin geformuleerde schorsingsvoorwaarden houdt zij geen ander mogelijkheid ziet dat het adviseren van een onvoorwaardelijke ISD-maatregel.<\/p>\n<p>In beginsel kan gelet op de aard en ernst van het feit en het strafblad van de verdachte niet worden volstaan met een andere of mildere bestraffing dan oplegging van een onvoorwaardelijke gevangenisstraf.<\/p>\n<p>Echter, gelet op de omstandigheid dat de verdachte thans een behandeltraject ondergaat bij Novadic-Kentron, acht het hof niet opportuun om in de onderhavige zaak een onvoorwaardelijke gevangenisstraf op te leggen. Een dergelijke straf zal het behandeltraject van de verdachte doorkruisen. In plaats van een onvoorwaardelijke gevangenisstraf acht het hof daarom de oplegging van een geheel voorwaardelijke gevangenisstraf voor de duur van 2 weken, met een proeftijd van 2 jaren, passend en geboden.<\/p>\n<p>Met oplegging van een voorwaardelijke straf wordt enerzijds de ernst van het bewezenverklaarde tot uitdrukking gebracht en wordt anderzijds de strafoplegging dienstbaar gemaakt aan het voorkomen van nieuwe strafbare feiten.<\/p>\n<p>Toepasselijke wettelijke voorschriften<\/p>\n<p>De beslissing is gegrond op de artikelen 14a, 14b, 14c, 63 en 310 van het Wetboek van Strafrecht, zoals deze ten tijde van het bewezenverklaarde rechtens golden dan wel ten tijde van het wijzen van dit arrest rechtens gelden.<\/p>\n<h3>BESLISSING<\/h3>\n<p>Het hof:<\/p>\n<p>vernietigt het vonnis waarvan beroep en doet opnieuw recht:<\/p>\n<p>verklaart zoals hiervoor overwogen bewezen dat de verdachte het primair tenlastegelegde heeft begaan;<\/p>\n<p>verklaart niet bewezen hetgeen de verdachte meer of anders is tenlastegelegd dan hierboven is bewezenverklaard en spreekt de verdachte daarvan vrij;<\/p>\n<p>verklaart het primair bewezenverklaarde strafbaar, kwalificeert dit als hiervoor vermeld en verklaart de verdachte strafbaar;<\/p>\n<p>veroordeelt de verdachte tot een gevangenisstraf voor de duur van 2 (twee) weken;<\/p>\n<p>bepaalt dat de gevangenisstraf niet ten uitvoer zal worden gelegd, tenzij de rechter later anders mocht gelasten omdat de verdachte zich voor het einde van een proeftijd van 2 (twee) jaren aan een strafbaar feit heeft schuldig gemaakt.<\/p>\n<p>Aldus gewezen door:<\/p>\n<p>mr. R. Lonterman, voorzitter,<\/p>\n<p>mr. M.J.M.A. van der Put en mr. G. Schnitzler, raadsheren,<\/p>\n<p>in tegenwoordigheid van mr. M.E. van Vessem, griffier,<\/p>\n<p>en op 15 december 2025 ter openbare terechtzitting uitgesproken.<\/p>\n<p>mr. G. Schnitzler is buiten staat dit arrest mede te ondertekenen.<\/p>\n<\/div>\n<hr class=\"kji-sep\" \/>\n<p class=\"kji-source-links\"><strong>Sources officielles :<\/strong> <a class=\"kji-source-link\" href=\"http:\/\/deeplink.rechtspraak.nl\/uitspraak?id=ECLI:NL:GHSHE:2025:3759\" target=\"_blank\" rel=\"noopener noreferrer\">consulter la page source<\/a><\/p>\n<p class=\"kji-license-note\"><em>Rechtspraak.nl open data, Creative Commons Zero. Volume cible 1.8M decisions.<\/em><\/p>\n<\/div>\n","protected":false},"excerpt":{"rendered":"<p>De verdachte is ter zake van &#8216;diefstal&#8217; veroordeeld tot een voorwaardelijke gevangenisstraf voor de duur van 2 weken, met een proeftijd voor de duur van 2 jaren.<\/p>\n","protected":false},"featured_media":0,"template":"","meta":{"_crdt_document":""},"kji_country":[7669],"kji_court":[8088],"kji_chamber":[],"kji_year":[8463],"kji_subject":[7632],"kji_keyword":[8094,8136,9170,9171,8072],"kji_language":[7671],"class_list":["post-582232","kji_decision","type-kji_decision","status-publish","hentry","kji_country-pays-bas","kji_court-gerechtshof-s-hertogenbosch","kji_year-8463","kji_subject-penal","kji_keyword-diefstal","kji_keyword-gerechtshof","kji_keyword-ghshe","kji_keyword-s-hertogenbosch","kji_keyword-verdachte","kji_language-nl"],"yoast_head":"<!-- This site is optimized with the Yoast SEO Premium plugin v27.5 (Yoast SEO v27.5) - https:\/\/yoast.com\/product\/yoast-seo-premium-wordpress\/ -->\n<title>ECLI:NL:GHSHE:2025:3759 Gerechtshof &#039;s-Hertogenbosch , 15-12-2025 \/ 20-000698-25 - Ma\u00eetre Hassan Kohen, avocat en droit p\u00e9nal \u00e0 Paris<\/title>\n<meta name=\"robots\" content=\"index, follow, max-snippet:-1, max-image-preview:large, max-video-preview:-1\" \/>\n<link rel=\"canonical\" href=\"https:\/\/kohenavocats.com\/ru\/jurisprudences\/eclinlghshe20253759-gerechtshof-s-hertogenbosch-15-12-2025-20-000698-25\/\" \/>\n<meta property=\"og:locale\" content=\"ru_RU\" \/>\n<meta property=\"og:type\" content=\"article\" \/>\n<meta property=\"og:title\" content=\"ECLI:NL:GHSHE:2025:3759 Gerechtshof &#039;s-Hertogenbosch , 15-12-2025 \/ 20-000698-25\" \/>\n<meta property=\"og:description\" content=\"De verdachte is ter zake van &#039;diefstal&#039; veroordeeld tot een voorwaardelijke gevangenisstraf voor de duur van 2 weken, met een proeftijd voor de duur van 2 jaren.\" \/>\n<meta property=\"og:url\" content=\"https:\/\/kohenavocats.com\/ru\/jurisprudences\/eclinlghshe20253759-gerechtshof-s-hertogenbosch-15-12-2025-20-000698-25\/\" \/>\n<meta property=\"og:site_name\" content=\"Ma\u00eetre Hassan Kohen, avocat en droit p\u00e9nal \u00e0 Paris\" \/>\n<meta name=\"twitter:card\" content=\"summary_large_image\" \/>\n<meta name=\"twitter:label1\" content=\"\u041f\u0440\u0438\u043c\u0435\u0440\u043d\u043e\u0435 \u0432\u0440\u0435\u043c\u044f \u0434\u043b\u044f \u0447\u0442\u0435\u043d\u0438\u044f\" \/>\n\t<meta name=\"twitter:data1\" content=\"8 \u043c\u0438\u043d\u0443\u0442\" \/>\n<script type=\"application\/ld+json\" class=\"yoast-schema-graph\">{\"@context\":\"https:\\\/\\\/schema.org\",\"@graph\":[{\"@type\":\"WebPage\",\"@id\":\"https:\\\/\\\/kohenavocats.com\\\/ru\\\/jurisprudences\\\/eclinlghshe20253759-gerechtshof-s-hertogenbosch-15-12-2025-20-000698-25\\\/\",\"url\":\"https:\\\/\\\/kohenavocats.com\\\/ru\\\/jurisprudences\\\/eclinlghshe20253759-gerechtshof-s-hertogenbosch-15-12-2025-20-000698-25\\\/\",\"name\":\"ECLI:NL:GHSHE:2025:3759 Gerechtshof 's-Hertogenbosch , 15-12-2025 \\\/ 20-000698-25 - Ma\u00eetre Hassan Kohen, avocat en droit p\u00e9nal \u00e0 Paris\",\"isPartOf\":{\"@id\":\"https:\\\/\\\/kohenavocats.com\\\/ru\\\/#website\"},\"datePublished\":\"2026-04-16T23:58:32+00:00\",\"breadcrumb\":{\"@id\":\"https:\\\/\\\/kohenavocats.com\\\/ru\\\/jurisprudences\\\/eclinlghshe20253759-gerechtshof-s-hertogenbosch-15-12-2025-20-000698-25\\\/#breadcrumb\"},\"inLanguage\":\"ru-RU\",\"potentialAction\":[{\"@type\":\"ReadAction\",\"target\":[\"https:\\\/\\\/kohenavocats.com\\\/ru\\\/jurisprudences\\\/eclinlghshe20253759-gerechtshof-s-hertogenbosch-15-12-2025-20-000698-25\\\/\"]}]},{\"@type\":\"BreadcrumbList\",\"@id\":\"https:\\\/\\\/kohenavocats.com\\\/ru\\\/jurisprudences\\\/eclinlghshe20253759-gerechtshof-s-hertogenbosch-15-12-2025-20-000698-25\\\/#breadcrumb\",\"itemListElement\":[{\"@type\":\"ListItem\",\"position\":1,\"name\":\"Home\",\"item\":\"https:\\\/\\\/kohenavocats.com\\\/ru\\\/avocats-en-droit-penal-a-paris-conseil-et-defense-strategique\\\/\"},{\"@type\":\"ListItem\",\"position\":2,\"name\":\"Jurisprudences\",\"item\":\"https:\\\/\\\/kohenavocats.com\\\/ru\\\/jurisprudences\\\/\"},{\"@type\":\"ListItem\",\"position\":3,\"name\":\"ECLI:NL:GHSHE:2025:3759 Gerechtshof &lsquo;s-Hertogenbosch , 15-12-2025 \\\/ 20-000698-25\"}]},{\"@type\":\"WebSite\",\"@id\":\"https:\\\/\\\/kohenavocats.com\\\/ru\\\/#website\",\"url\":\"https:\\\/\\\/kohenavocats.com\\\/ru\\\/\",\"name\":\"Kohen Avocats\",\"description\":\"Ma\u00eetre Hassan Kohen, avocat p\u00e9naliste \u00e0 Paris, intervient exclusivement en droit p\u00e9nal pour la d\u00e9fense des particuliers, notamment en mati\u00e8re d\u2019accusations de viol. Il assure un accompagnement rigoureux d\u00e8s la garde \u00e0 vue jusqu\u2019\u00e0 la Cour d\u2019assises, veillant au strict respect des garanties proc\u00e9durales.\",\"publisher\":{\"@id\":\"https:\\\/\\\/kohenavocats.com\\\/ru\\\/#organization\"},\"potentialAction\":[{\"@type\":\"SearchAction\",\"target\":{\"@type\":\"EntryPoint\",\"urlTemplate\":\"https:\\\/\\\/kohenavocats.com\\\/ru\\\/?s={search_term_string}\"},\"query-input\":{\"@type\":\"PropertyValueSpecification\",\"valueRequired\":true,\"valueName\":\"search_term_string\"}}],\"inLanguage\":\"ru-RU\"},{\"@type\":\"Organization\",\"@id\":\"https:\\\/\\\/kohenavocats.com\\\/ru\\\/#organization\",\"name\":\"Kohen Avocats\",\"url\":\"https:\\\/\\\/kohenavocats.com\\\/ru\\\/\",\"logo\":{\"@type\":\"ImageObject\",\"inLanguage\":\"ru-RU\",\"@id\":\"https:\\\/\\\/kohenavocats.com\\\/ru\\\/#\\\/schema\\\/logo\\\/image\\\/\",\"url\":\"https:\\\/\\\/kohenavocats.com\\\/wp-content\\\/uploads\\\/2026\\\/01\\\/Logo-2-1.webp\",\"contentUrl\":\"https:\\\/\\\/kohenavocats.com\\\/wp-content\\\/uploads\\\/2026\\\/01\\\/Logo-2-1.webp\",\"width\":2114,\"height\":1253,\"caption\":\"Kohen Avocats\"},\"image\":{\"@id\":\"https:\\\/\\\/kohenavocats.com\\\/ru\\\/#\\\/schema\\\/logo\\\/image\\\/\"}}]}<\/script>\n<!-- \/ Yoast SEO Premium plugin. -->","yoast_head_json":{"title":"ECLI:NL:GHSHE:2025:3759 Gerechtshof 's-Hertogenbosch , 15-12-2025 \/ 20-000698-25 - Ma\u00eetre Hassan Kohen, avocat en droit p\u00e9nal \u00e0 Paris","robots":{"index":"index","follow":"follow","max-snippet":"max-snippet:-1","max-image-preview":"max-image-preview:large","max-video-preview":"max-video-preview:-1"},"canonical":"https:\/\/kohenavocats.com\/ru\/jurisprudences\/eclinlghshe20253759-gerechtshof-s-hertogenbosch-15-12-2025-20-000698-25\/","og_locale":"ru_RU","og_type":"article","og_title":"ECLI:NL:GHSHE:2025:3759 Gerechtshof 's-Hertogenbosch , 15-12-2025 \/ 20-000698-25","og_description":"De verdachte is ter zake van 'diefstal' veroordeeld tot een voorwaardelijke gevangenisstraf voor de duur van 2 weken, met een proeftijd voor de duur van 2 jaren.","og_url":"https:\/\/kohenavocats.com\/ru\/jurisprudences\/eclinlghshe20253759-gerechtshof-s-hertogenbosch-15-12-2025-20-000698-25\/","og_site_name":"Ma\u00eetre Hassan Kohen, avocat en droit p\u00e9nal \u00e0 Paris","twitter_card":"summary_large_image","twitter_misc":{"\u041f\u0440\u0438\u043c\u0435\u0440\u043d\u043e\u0435 \u0432\u0440\u0435\u043c\u044f \u0434\u043b\u044f \u0447\u0442\u0435\u043d\u0438\u044f":"8 \u043c\u0438\u043d\u0443\u0442"},"schema":{"@context":"https:\/\/schema.org","@graph":[{"@type":"WebPage","@id":"https:\/\/kohenavocats.com\/ru\/jurisprudences\/eclinlghshe20253759-gerechtshof-s-hertogenbosch-15-12-2025-20-000698-25\/","url":"https:\/\/kohenavocats.com\/ru\/jurisprudences\/eclinlghshe20253759-gerechtshof-s-hertogenbosch-15-12-2025-20-000698-25\/","name":"ECLI:NL:GHSHE:2025:3759 Gerechtshof 's-Hertogenbosch , 15-12-2025 \/ 20-000698-25 - Ma\u00eetre Hassan Kohen, avocat en droit p\u00e9nal \u00e0 Paris","isPartOf":{"@id":"https:\/\/kohenavocats.com\/ru\/#website"},"datePublished":"2026-04-16T23:58:32+00:00","breadcrumb":{"@id":"https:\/\/kohenavocats.com\/ru\/jurisprudences\/eclinlghshe20253759-gerechtshof-s-hertogenbosch-15-12-2025-20-000698-25\/#breadcrumb"},"inLanguage":"ru-RU","potentialAction":[{"@type":"ReadAction","target":["https:\/\/kohenavocats.com\/ru\/jurisprudences\/eclinlghshe20253759-gerechtshof-s-hertogenbosch-15-12-2025-20-000698-25\/"]}]},{"@type":"BreadcrumbList","@id":"https:\/\/kohenavocats.com\/ru\/jurisprudences\/eclinlghshe20253759-gerechtshof-s-hertogenbosch-15-12-2025-20-000698-25\/#breadcrumb","itemListElement":[{"@type":"ListItem","position":1,"name":"Home","item":"https:\/\/kohenavocats.com\/ru\/avocats-en-droit-penal-a-paris-conseil-et-defense-strategique\/"},{"@type":"ListItem","position":2,"name":"Jurisprudences","item":"https:\/\/kohenavocats.com\/ru\/jurisprudences\/"},{"@type":"ListItem","position":3,"name":"ECLI:NL:GHSHE:2025:3759 Gerechtshof &lsquo;s-Hertogenbosch , 15-12-2025 \/ 20-000698-25"}]},{"@type":"WebSite","@id":"https:\/\/kohenavocats.com\/ru\/#website","url":"https:\/\/kohenavocats.com\/ru\/","name":"Kohen Avocats","description":"Ma\u00eetre Hassan Kohen, avocat p\u00e9naliste \u00e0 Paris, intervient exclusivement en droit p\u00e9nal pour la d\u00e9fense des particuliers, notamment en mati\u00e8re d\u2019accusations de viol. Il assure un accompagnement rigoureux d\u00e8s la garde \u00e0 vue jusqu\u2019\u00e0 la Cour d\u2019assises, veillant au strict respect des garanties proc\u00e9durales.","publisher":{"@id":"https:\/\/kohenavocats.com\/ru\/#organization"},"potentialAction":[{"@type":"SearchAction","target":{"@type":"EntryPoint","urlTemplate":"https:\/\/kohenavocats.com\/ru\/?s={search_term_string}"},"query-input":{"@type":"PropertyValueSpecification","valueRequired":true,"valueName":"search_term_string"}}],"inLanguage":"ru-RU"},{"@type":"Organization","@id":"https:\/\/kohenavocats.com\/ru\/#organization","name":"Kohen Avocats","url":"https:\/\/kohenavocats.com\/ru\/","logo":{"@type":"ImageObject","inLanguage":"ru-RU","@id":"https:\/\/kohenavocats.com\/ru\/#\/schema\/logo\/image\/","url":"https:\/\/kohenavocats.com\/wp-content\/uploads\/2026\/01\/Logo-2-1.webp","contentUrl":"https:\/\/kohenavocats.com\/wp-content\/uploads\/2026\/01\/Logo-2-1.webp","width":2114,"height":1253,"caption":"Kohen Avocats"},"image":{"@id":"https:\/\/kohenavocats.com\/ru\/#\/schema\/logo\/image\/"}}]}},"jetpack_likes_enabled":false,"jetpack_sharing_enabled":true,"_links":{"self":[{"href":"https:\/\/kohenavocats.com\/ru\/wp-json\/wp\/v2\/kji_decision\/582232","targetHints":{"allow":["GET"]}}],"collection":[{"href":"https:\/\/kohenavocats.com\/ru\/wp-json\/wp\/v2\/kji_decision"}],"about":[{"href":"https:\/\/kohenavocats.com\/ru\/wp-json\/wp\/v2\/types\/kji_decision"}],"wp:attachment":[{"href":"https:\/\/kohenavocats.com\/ru\/wp-json\/wp\/v2\/media?parent=582232"}],"wp:term":[{"taxonomy":"kji_country","embeddable":true,"href":"https:\/\/kohenavocats.com\/ru\/wp-json\/wp\/v2\/kji_country?post=582232"},{"taxonomy":"kji_court","embeddable":true,"href":"https:\/\/kohenavocats.com\/ru\/wp-json\/wp\/v2\/kji_court?post=582232"},{"taxonomy":"kji_chamber","embeddable":true,"href":"https:\/\/kohenavocats.com\/ru\/wp-json\/wp\/v2\/kji_chamber?post=582232"},{"taxonomy":"kji_year","embeddable":true,"href":"https:\/\/kohenavocats.com\/ru\/wp-json\/wp\/v2\/kji_year?post=582232"},{"taxonomy":"kji_subject","embeddable":true,"href":"https:\/\/kohenavocats.com\/ru\/wp-json\/wp\/v2\/kji_subject?post=582232"},{"taxonomy":"kji_keyword","embeddable":true,"href":"https:\/\/kohenavocats.com\/ru\/wp-json\/wp\/v2\/kji_keyword?post=582232"},{"taxonomy":"kji_language","embeddable":true,"href":"https:\/\/kohenavocats.com\/ru\/wp-json\/wp\/v2\/kji_language?post=582232"}],"curies":[{"name":"wp","href":"https:\/\/api.w.org\/{rel}","templated":true}]}}