{"id":586680,"date":"2026-04-17T15:06:14","date_gmt":"2026-04-17T13:06:14","guid":{"rendered":"https:\/\/kohenavocats.com\/jurisprudences\/eclinlghshe20252456-gerechtshof-s-hertogenbosch-09-09-2025-200-323-936_01\/"},"modified":"2026-04-17T15:06:14","modified_gmt":"2026-04-17T13:06:14","slug":"eclinlghshe20252456-gerechtshof-s-hertogenbosch-09-09-2025-200-323-936_01","status":"publish","type":"kji_decision","link":"https:\/\/kohenavocats.com\/ru\/jurisprudences\/eclinlghshe20252456-gerechtshof-s-hertogenbosch-09-09-2025-200-323-936_01\/","title":{"rendered":"ECLI:NL:GHSHE:2025:2456 Gerechtshof &#8216;s-Hertogenbosch , 09-09-2025 \/ 200.323.936_01"},"content":{"rendered":"<div class=\"kji-decision\">\n<div class=\"kji-full-text\">\n<p><strong>Inhoudsindicatie.<\/strong> Deskundigenbericht ter beantwoording van de vraag of het paard niet de eigenschappen bezit die de koper op grond van de koopovereenkomst mocht verwachten \u2013 benoeming deskundigen en vraagstelling<\/p>\n<h3>GERECHTSHOF \u2019s-HERTOGENBOSCH<\/h3>\n<p>Team Handelsrecht<\/p>\n<p>zaaknummer 200.323.936\/01<\/p>\n<p>arrest van 9 september 2025<\/p>\n<p>in de zaak van<\/p>\n<h3>1 [de maatschap] ,<br \/>\ngevestigd te [woonplaats] ,<\/h3>\n<p>hierna te noemen: de maatschap,<\/p>\n<p>2. [appellant sub 2],<br \/>\nwonende te [woonplaats] ,<\/p>\n<p>hierna te noemen: [appellant sub 2] ,<\/p>\n<p>3. [appellante sub 3] ,<br \/>\nwonende te [woonplaats] ,<\/p>\n<p>4. [appellant sub 4] ,<br \/>\nwonende te [woonplaats] ,<\/p>\n<p>5. [appellant sub 5] ,<br \/>\nwonende te [woonplaats] ,<\/p>\n<p>6. [appellante sub 6] ,<br \/>\nwonende te [woonplaats] ,<\/p>\n<p>hierna te noemen: [appellante sub 6] ,<\/p>\n<p>appellanten,<\/p>\n<p>ge\u00efntimeerden 1 tot en met 5 hierna gezamenlijk te noemen: [appellanten] ,<\/p>\n<p>advocaat: mr. S.A. Wensing te Emmen,<\/p>\n<p>tegen<\/p>\n<p>[ge\u00efntimeerde] ,<\/p>\n<p>wonende te [woonplaats] ,<\/p>\n<p>ge\u00efntimeerde,<\/p>\n<p>hierna aan te duiden als [ge\u00efntimeerde] ,<\/p>\n<p>advocaat: mr. L.M. Schelstraete te &#039;s-Hertogenbosch.<\/p>\n<p>als vervolg op het door het hof gewezen tussenarrest van 29 oktober 2024 in het hoger beroep van de door de kantonrechter van de rechtbank Zeeland-West-Brabant, zittingsplaats Middelburg, onder zaaknummer 9651605 \\ CV EXPL 22-271 gewezen vonnissen van 4 mei 2022 en 23 november 2022.<\/p>\n<h3>5Het verdere verloop van de procedure<\/h3>\n<p>Het verdere verloop van de procedure blijkt uit:<\/p>\n<p>het tussenarrest van 29 oktober 2024;<\/p>\n<p>de akte uitlating deskundigenbericht van [ge\u00efntimeerde] ;<\/p>\n<p>de antwoordakte van [appellant sub 2] ;<\/p>\n<p>het e-mailbericht van [appellant sub 2] aan het deskundigenbureau van het hof van 8 mei 2025;<\/p>\n<p>het e-mailbericht van [ge\u00efntimeerde] aan het deskundigenbureau van het hof van 9 mei 2025;<\/p>\n<p>het e-mailbericht van [ge\u00efntimeerde] aan het deskundigenbureau van het hof van 20 juni 2025;<\/p>\n<p>het e-mailbericht van [appellant sub 2] aan het deskundigenbureau van het hof van 25 juni 2025.<\/p>\n<p>Het hof heeft daarna een datum voor arrest bepaald.<\/p>\n<h3>6De verdere beoordeling<\/h3>\n<p>Het tussenarrest van 29 oktober 2024<\/p>\n<p>Bij voornoemd tussenarrest heeft het hof geoordeeld dat:<\/p>\n<p>[appellant sub 2] als maat van de maatschap de koopovereenkomst ten aanzien van het paard [A] (hierna: het paard) met [ge\u00efntimeerde] heeft gesloten en dat de vorderingen zullen worden afgewezen, voor zover gericht tegen de overige maten van de maatschap en [appellante sub 6] (r.o. 3.10.8);<\/p>\n<p>[ge\u00efntimeerde] de koopovereenkomst heeft gesloten als natuurlijk persoon, niet handelend<\/p>\n<p>in beroep of bedrijf, zodat sprake is van consumentenkoop (r.o. 3.11.2);<\/p>\n<p>&#8212; het beroep van [appellant sub 2] op de klachttermijn van artikel 6:89 BW niet slaagt (r.o. 3.12.6).<\/p>\n<p>Het hof heeft daarnaast geoordeeld een deskundigenonderzoek noodzakelijk te achten ter beantwoording van de vraag of, zoals [ge\u00efntimeerde] stelt en [appellant sub 2] betwist, bij het paard sprake is van een gebrek waardoor het paard niet de eigenschappen bezit die [ge\u00efntimeerde] op grond van de koopovereenkomst mocht verwachten (r.o. 3.13.3). Het hof heeft partijen vervolgens in de gelegenheid gesteld om zich bij akte uit te laten over het aantal, de deskundigheid en de persoon van de te benoemen deskundige(n) en suggesties te doen over de aan de deskundige(n) voor te leggen vragen (r.o. 3.13.4). Het hof heeft iedere verdere beoordeling en beslissing aangehouden.<\/p>\n<p>Omdat de vorderingen zullen worden afgewezen, voor zover gericht tegen de overige maten van de maatschap en tegen [appellante sub 6] , is hierna enkel nog de vordering van [ge\u00efntimeerde] op [appellant sub 2] aan de orde. Daarom wordt in het vervolg alleen [appellant sub 2] als partij genoemd.<\/p>\n<p>De te benoemen deskundige(n)<\/p>\n<p>In haar akte uitlating deskundigenbericht heeft [ge\u00efntimeerde] voorgesteld [persoon A] , als hoogleraar Heelkunde van het Paard verbonden aan de Faculteit Diergeneeskunde van de Universiteit Utrecht, eventueel bijgestaan door [persoon B] en [persoon C] , beiden eveneens verbonden aan de Faculteit Diergeneeskunde van de Universiteit Utrecht, te benoemen als deskundige(n).<\/p>\n<p>[appellant sub 2] heeft in zijn antwoordakte eveneens voorgesteld [persoon A] , [persoon B] en [persoon C] te benoemen.<\/p>\n<p>Bij e-mail van 12 maart 2025 heeft het deskundigenbureau van het hof daarop [persoon A] benaderd. Deze heeft bij e-mail van 18 maart 2025 bericht de benoeming alleen te kunnen aanvaarden, als ook de hiervoor genoemde [persoon B] (Europees Erkend Specialist Veterinaire Diagnostische Beeldvorming) en [persoon D] (Europees Erkend Specialist Inwendige Ziekten van het Paard), beiden eveneens verbonden aan de Faculteit Diergeneeskunde van de Universiteit Utrecht, worden benoemd. [persoon A] heeft mede namens [persoon D] en [persoon B] verklaard dat het onderwerp van het onderzoek binnen hun expertise valt en dat zij geen (aan benoeming tot deskundige in de weg staande) banden hebben met partijen. Bij e-mail van 11 augustus 2025 heeft [persoon A] mede namens [persoon D] en [persoon B] het hof bevestigd ook vrij te staan van de advocaten van partijen.<\/p>\n<p>Partijen hebben het deskundigenbureau desgevraagd bij e-mailberichten van 8 mei ( [appellant sub 2] ) en 9 mei 2025 ( [ge\u00efntimeerde] ) geantwoord ermee in te kunnen stemmen dat naast [persoon A] ook [persoon D] en [persoon B] tot deskundigen worden benoemd. Het hof zal hen dan ook alle drie benoemen tot deskundigen.<\/p>\n<p>De door de deskundigen te beantwoorden vragen<\/p>\n<p>Het hof heeft in het tussenarrest van 29 oktober 2024, r.o. 3.13.3, geoordeeld voornemens te zijn aan de te benoemen deskundige de volgende vragen voor te leggen:<\/p>\n<p>Is er op dit moment bij het paard sprake van ataxie\/kreupelheid, dan wel in het algemeen van bewegingsonregelmatigheid?<\/p>\n<p>Zo ja, wat is daarvan de oorzaak?<\/p>\n<p>Met betrekking tot de vernauwing van de halswervels:<\/p>\n<p>&#8212; levert deze vernauwing op dit moment klachten op?<\/p>\n<p>&#8212; geeft deze vernauwing risico op problemen bij het paard in de toekomst?<\/p>\n<p>&#8212; zo ja: welke problemen?<\/p>\n<p>&#8212; hoe groot is dit risico in percentages?<\/p>\n<p>4. Kan het paard gelet op de antwoorden op de vorige vragen geschikt worden geacht voor de dressuursport? Zo ja: op welk niveau?<\/p>\n<p>5. Geeft het onderzoek de deskundige overigens nog aanleiding voor het maken van opmerkingen?<\/p>\n<p>In haar akte uitlating deskundigenbericht stelt [ge\u00efntimeerde] in de eerste plaats dat het er niet om gaat of het paard \u201cop dit moment\u201d, anno 2024 (het hof begrijpt: op het moment van het deskundigenonderzoek), een gebrek heeft maar of het paard ten tijde van het inroepen van de (buitengerechtelijke) ontbinding van de koopovereenkomst door [ge\u00efntimeerde] bij brief van 9 december 2021 een gebrek had. [ge\u00efntimeerde] wenst daarom dat de eerste vraag aldus wordt aangepast dat de gebrekkigheid van het paard zal worden beoordeeld op het moment van de (buitengerechtelijke) ontbinding.<\/p>\n<p>Het hof volgt [ge\u00efntimeerde] hierin niet. Anders dan [ge\u00efntimeerde] meent, is het toetsingsmoment niet de datum waarop de (buitengerechtelijke) ontbinding van de overeenkomst is ingeroepen, maar de datum waarop het paard aan [ge\u00efntimeerde] is afgeleverd (25 juni 2021). Immers, beoordeeld moet worden of het paard op het moment van aflevering de eigenschappen bezat die [ge\u00efntimeerde] op grond van de koopovereenkomst mocht verwachten (zie ook artikel 7:17 lid 1 BW). Omdat dus niet alleen van belang is of het paard op het moment van het deskundigenbericht een gebrek heeft, maar (vooral) of het paard het eventuele gebrek al had ten tijde van de aflevering aan [ge\u00efntimeerde] , zal het hof de deskundigen ook vragen of zij kunnen beoordelen of er op het moment van aflevering bij het paard sprake was van ataxie en\/of kreupelheid dan wel in het algemeen van bewegingsonregelmatigheid. Daarnaast zal het hof de deskundigen de vraag voorleggen of ataxie en\/of kreupelheid, als deze zich eenmaal bij een paard heeft\/hebben gemanifesteerd, blijvend is\/zijn of kan\/kunnen verminderen\/verdwijnen en op een later moment weer terugkomen.<\/p>\n<p>[ge\u00efntimeerde] is verder van mening dat de deskundigen vooral de geschiktheid van het paard voor de hogere dressuursport moeten beoordelen. Zij voert daartoe aan dat het doel van de aankoop van het paard het beoefenen van de dressuursport op hoger niveau was.<\/p>\n<p>Het hof ziet echter geen aanleiding om de vraagstelling in die zin aan te passen. In de eerste plaats wordt bij de door het hof voorgestelde vragen onder 4) al gevraagd of het paard geschikt kan worden geacht voor de dressuursport en zo ja, op welk niveau. Bovendien staat tussen partijen ter discussie of [ge\u00efntimeerde] mocht verwachten dat het paard geschikt was voor de (dressuur)sport in het algemeen of specifiek voor de hogere dressuursport. Deze discussie heeft in hoger beroep nog niet (voldoende) plaatsgevonden. Mogelijk zal deze na afronding van het deskundigenonderzoek, afhankelijk van de uitkomsten daarvan, alsnog moeten plaatsvinden.<\/p>\n<p>[ge\u00efntimeerde] stelt ten slotte aanvullende vragen voor over de persoonlijke gegevens van de te benoemen deskundigen en over wetenschappelijke opvattingen over het onderwerp van het te verrichten onderzoek. Het hof acht de antwoorden op deze vragen echter niet relevant voor de beantwoording van de vraag of bij het paard sprake is van een gebrek waardoor het paard niet de eigenschappen bezit die [ge\u00efntimeerde] op grond van de koopovereenkomst mocht verwachten. Deze vragen zullen daarom niet worden meegenomen in het onderzoek.<\/p>\n<p>Gelet op het voorgaande zal het hof aan de deskundigen de volgende vragen ter beantwoording voorleggen:<\/p>\n<p>Is er op dit moment bij het paard [A] (hierna: het paard) sprake van ataxie en\/of kreupelheid, dan wel in het algemeen van bewegingsonregelmatigheid? Zo ja, wat is hiervan de oorzaak?<\/p>\n<p>Als ataxie en\/of kreupelheid zich eenmaal bij een paard heeft\/hebben gemanifesteerd, is\/zijn deze aandoening(en) dan blijvend of kunnen deze verminderen\/verdwijnen en later weer terugkomen?<\/p>\n<p>Indien de eerste vraag ontkennend wordt beantwoord: hoe groot acht u het risico dat op enig moment in de toekomst bij het paard sprake zal zijn van ataxie en\/of kreupelheid en zo ja, in welke mate?<\/p>\n<p>Kunt u op basis van het dossier beoordelen of er op het moment van aflevering, 25 juni 2021, bij het paard sprake was van ataxie en\/of kreupelheid dan wel in het algemeen van bewegingsonregelmatigheid? Zo ja, wat is daarvan de oorzaak ?<\/p>\n<p>Met betrekking tot de vernauwing van de halswervels:<\/p>\n<p>&#8212; levert deze vernauwing op dit moment klachten op?<\/p>\n<p>&#8212; geeft deze vernauwing risico op problemen bij het paard in de toekomst?<\/p>\n<p>&#8212; zo ja: welke problemen?<\/p>\n<p>&#8212; hoe groot is dit risico in percentages?<\/p>\n<p>6. Kan het paard gelet op de antwoorden op de vorige vragen geschikt worden geacht voor de dressuursport? Zo ja: op elk niveau?<\/p>\n<p>7. Geeft het onderzoek de deskundigen overigens nog aanleiding voor het maken van opmerkingen?<\/p>\n<p>[persoon A] heeft er nog op gewezen dat een CT-onderzoek, indien ge\u00efndiceerd, onder algehele narcose van het paard moet plaatsvinden en dat dit gezondheidsrisico\u2019s meebrengt voor het paard, zeker als het paard atactisch is. Het deskundigenbureau heeft partijen over deze risico\u2019s ge\u00efnformeerd en heeft partijen gevraagd of zij, gelet op deze risico\u2019s, het onderzoek nog steeds willen laten verrichten. [ge\u00efntimeerde] heeft bij e-mailbericht van haar advocaten van 20 juni 2025 daarop bevestigend geantwoord. [appellant sub 2] heeft bij e-mailbericht van zijn advocaat van 25 juni 2025 bericht zich te conformeren aan de onderzoekswensen van de deskundigen. Hieruit leidt het hof af dat ook [appellant sub 2] het onderzoek nog steeds wil laten verrichten.<\/p>\n<p>Voorschot deskundigen<\/p>\n<p>Het hof zal het voorschot op de kosten van de deskundigen bepalen op het door de deskundigen begrote bedrag van \u20ac 10.200,00 inclusief btw. Het deskundigenbureau heeft dit bedrag voorgelegd aan partijen en partijen hebben tegen de hoogte hiervan geen bezwaar gemaakt. Zoals is aangekondigd in r.o. 3.13.5 van het tussenarrest van 29 oktober 2024 zal het hof de kosten van de deskundige voorlopig ten laste van [ge\u00efntimeerde] brengen.<\/p>\n<p>Verdere verloop<\/p>\n<p>Na het uitbrengen van het deskundigenrapport zullen partijen de gelegenheid krijgen zich daarover uit te laten.<\/p>\n<p>Het hof zal iedere verdere beslissing aanhouden.<\/p>\n<h3>7De uitspraak<\/h3>\n<p>Het hof:<\/p>\n<p>benoemt tot deskundigen ter beantwoording van de hiervoor onder 6.9 opgenomen vragen:<\/p>\n<p>de heer [persoon A] ,<\/p>\n<p>de heer [persoon D] en<\/p>\n<p>mevrouw [persoon C] ,<\/p>\n<p>allen verbonden aan de Faculteit Diergeneeskunde van de Universiteit Utrecht<\/p>\n<p>(waarbij [persoon A] als contactpersoon zal optreden),<\/p>\n<p>[adres]<\/p>\n<p>[postcode]<\/p>\n<p>[persoon A] @uu.nl<\/p>\n<p>bepaalt dat de griffier van dit hof een afschrift van dit arrest en het tussenarrest van 29 oktober 2024 aan de deskundigen toezendt;<\/p>\n<p>bepaalt dat partijen binnen \u00e9\u00e9n week na de datum van dit arrest (een afschrift van) de verdere processtukken aan de deskundigen ter beschikking zullen stellen en alle door deze gewenste inlichtingen zullen verstrekken, waarbij gegevens die door de ene partij aan de deskundigen worden verschaft, tegelijkertijd in afschrift of ter inzage worden verstrekt aan de wederpartij;<\/p>\n<p>bepaalt dat de deskundigen eerst met het onderzoek beginnen nadat daartoe van de griffier bericht is ontvangen;<\/p>\n<p>bepaalt dat de deskundigen bij het onderzoek \u2013 en ten aanzien van de conceptrapportage \u2013 partijen in de gelegenheid stellen opmerkingen te maken en verzoeken te doen, en dat uit het schriftelijk bericht van de deskundigen moet blijken of aan dit voorschrift is voldaan, terwijl in het bericht tevens melding wordt gemaakt van de inhoud van zodanige opmerkingen en verzoeken;<\/p>\n<p>verzoekt de deskundigen een schriftelijk en met redenen omkleed bericht, met een duidelijke conclusie, in te leveren ter griffie van dit hof en tegelijkertijd een afschrift van het bericht aan de advocaten van partijen toe te zenden;<\/p>\n<p>bepaalt de termijn waarbinnen het schriftelijk, ondertekend bericht ter griffie van dit hof (postbus 70583, 5201 CZ &#039;s-Hertogenbosch) moet worden ingeleverd op drie maanden nadat door de griffier is bericht dat met het onderzoek kan worden begonnen;<\/p>\n<p>bepaalt het voorschot op de kosten van de deskundigen op het door de deskundigen begrote bedrag van \u20ac 10.200,00 inclusief btw;<\/p>\n<p>bepaalt dat [ge\u00efntimeerde] laatstgemeld bedrag zal voldoen binnen twee weken na ontvangst van de nota met betaalinstructies die door het Landelijk Dienstencentrum voor de Rechtspraak zal worden verzonden;<\/p>\n<p>verzoekt de deskundigen, indien de kosten het voorschot te boven mochten gaan, het hof daarover tijdig in te lichten;<\/p>\n<p>benoemt mr. F.C. Alink-Steinberg tot raadsheer-commissaris, tot wie de deskundigen zich, door tussenkomst van de griffier (het Bureau Deskundigen van dit hof), kunnen wenden met (procedurele) vragen en verzoeken indien het onderzoek daartoe aanleiding geeft;<\/p>\n<p>verwijst de zaak naar de rol van 13 januari 2026 in afwachting van het deskundigenrapport;<\/p>\n<p>verstaat dat de zaak na ontvangst van het deskundigenrapport naar de rol wordt verwezen voor memorie na deskundigenrapport aan de zijde van [ge\u00efntimeerde] ;<\/p>\n<p>houdt iedere verdere beslissing aan.<\/p>\n<p>Dit arrest is gewezen door mrs. F.C. Alink-Steinberg, Y.L.L.A.M. Delfos-Roy en J.M.W. Werker en is in het openbaar uitgesproken door de rolraadsheer op 9 september 2025.<\/p>\n<p>griffier rolraadsheer<\/p>\n<p>.<\/p>\n<\/div>\n<hr class=\"kji-sep\" \/>\n<p class=\"kji-source-links\"><strong>Sources officielles :<\/strong> <a class=\"kji-source-link\" href=\"http:\/\/deeplink.rechtspraak.nl\/uitspraak?id=ECLI:NL:GHSHE:2025:2456\" target=\"_blank\" rel=\"noopener noreferrer\">consulter la page source<\/a><\/p>\n<p class=\"kji-license-note\"><em>Rechtspraak.nl open data, Creative Commons Zero. Volume cible 1.8M decisions.<\/em><\/p>\n<\/div>\n","protected":false},"excerpt":{"rendered":"<p>Deskundigenbericht ter beantwoording van de vraag of het paard niet de eigenschappen bezit die de koper op grond van de koopovereenkomst mocht verwachten \u2013 benoeming deskundigen en vraagstelling<\/p>\n","protected":false},"featured_media":0,"template":"","meta":{"_crdt_document":""},"kji_country":[7669],"kji_court":[8088],"kji_chamber":[],"kji_year":[8463],"kji_subject":[7646],"kji_keyword":[20178,10486,8136,9170,9171],"kji_language":[7671],"class_list":["post-586680","kji_decision","type-kji_decision","status-publish","hentry","kji_country-pays-bas","kji_court-gerechtshof-s-hertogenbosch","kji_year-8463","kji_subject-divers","kji_keyword-beantwoording","kji_keyword-deskundigenbericht","kji_keyword-gerechtshof","kji_keyword-ghshe","kji_keyword-s-hertogenbosch","kji_language-nl"],"yoast_head":"<!-- This site is optimized with the Yoast SEO Premium plugin v27.4 (Yoast SEO v27.4) - https:\/\/yoast.com\/product\/yoast-seo-premium-wordpress\/ -->\n<title>ECLI:NL:GHSHE:2025:2456 Gerechtshof &#039;s-Hertogenbosch , 09-09-2025 \/ 200.323.936_01 - Ma\u00eetre Hassan Kohen, avocat en droit p\u00e9nal \u00e0 Paris<\/title>\n<meta name=\"robots\" content=\"index, follow, max-snippet:-1, max-image-preview:large, max-video-preview:-1\" \/>\n<link rel=\"canonical\" href=\"https:\/\/kohenavocats.com\/ru\/jurisprudences\/eclinlghshe20252456-gerechtshof-s-hertogenbosch-09-09-2025-200-323-936_01\/\" \/>\n<meta property=\"og:locale\" content=\"ru_RU\" \/>\n<meta property=\"og:type\" content=\"article\" \/>\n<meta property=\"og:title\" content=\"ECLI:NL:GHSHE:2025:2456 Gerechtshof &#039;s-Hertogenbosch , 09-09-2025 \/ 200.323.936_01\" \/>\n<meta property=\"og:description\" content=\"Deskundigenbericht ter beantwoording van de vraag of het paard niet de eigenschappen bezit die de koper op grond van de koopovereenkomst mocht verwachten \u2013 benoeming deskundigen en vraagstelling\" \/>\n<meta property=\"og:url\" content=\"https:\/\/kohenavocats.com\/ru\/jurisprudences\/eclinlghshe20252456-gerechtshof-s-hertogenbosch-09-09-2025-200-323-936_01\/\" \/>\n<meta property=\"og:site_name\" content=\"Ma\u00eetre Hassan Kohen, avocat en droit p\u00e9nal \u00e0 Paris\" \/>\n<meta name=\"twitter:card\" content=\"summary_large_image\" \/>\n<meta name=\"twitter:label1\" content=\"\u041f\u0440\u0438\u043c\u0435\u0440\u043d\u043e\u0435 \u0432\u0440\u0435\u043c\u044f \u0434\u043b\u044f \u0447\u0442\u0435\u043d\u0438\u044f\" \/>\n\t<meta name=\"twitter:data1\" content=\"11 \u043c\u0438\u043d\u0443\u0442\" \/>\n<script type=\"application\/ld+json\" class=\"yoast-schema-graph\">{\"@context\":\"https:\\\/\\\/schema.org\",\"@graph\":[{\"@type\":\"WebPage\",\"@id\":\"https:\\\/\\\/kohenavocats.com\\\/ru\\\/jurisprudences\\\/eclinlghshe20252456-gerechtshof-s-hertogenbosch-09-09-2025-200-323-936_01\\\/\",\"url\":\"https:\\\/\\\/kohenavocats.com\\\/ru\\\/jurisprudences\\\/eclinlghshe20252456-gerechtshof-s-hertogenbosch-09-09-2025-200-323-936_01\\\/\",\"name\":\"ECLI:NL:GHSHE:2025:2456 Gerechtshof 's-Hertogenbosch , 09-09-2025 \\\/ 200.323.936_01 - Ma\u00eetre Hassan Kohen, avocat en droit p\u00e9nal \u00e0 Paris\",\"isPartOf\":{\"@id\":\"https:\\\/\\\/kohenavocats.com\\\/ru\\\/#website\"},\"datePublished\":\"2026-04-17T13:06:14+00:00\",\"breadcrumb\":{\"@id\":\"https:\\\/\\\/kohenavocats.com\\\/ru\\\/jurisprudences\\\/eclinlghshe20252456-gerechtshof-s-hertogenbosch-09-09-2025-200-323-936_01\\\/#breadcrumb\"},\"inLanguage\":\"ru-RU\",\"potentialAction\":[{\"@type\":\"ReadAction\",\"target\":[\"https:\\\/\\\/kohenavocats.com\\\/ru\\\/jurisprudences\\\/eclinlghshe20252456-gerechtshof-s-hertogenbosch-09-09-2025-200-323-936_01\\\/\"]}]},{\"@type\":\"BreadcrumbList\",\"@id\":\"https:\\\/\\\/kohenavocats.com\\\/ru\\\/jurisprudences\\\/eclinlghshe20252456-gerechtshof-s-hertogenbosch-09-09-2025-200-323-936_01\\\/#breadcrumb\",\"itemListElement\":[{\"@type\":\"ListItem\",\"position\":1,\"name\":\"Home\",\"item\":\"https:\\\/\\\/kohenavocats.com\\\/ru\\\/avocats-en-droit-penal-a-paris-conseil-et-defense-strategique\\\/\"},{\"@type\":\"ListItem\",\"position\":2,\"name\":\"Jurisprudences\",\"item\":\"https:\\\/\\\/kohenavocats.com\\\/ru\\\/jurisprudences\\\/\"},{\"@type\":\"ListItem\",\"position\":3,\"name\":\"ECLI:NL:GHSHE:2025:2456 Gerechtshof &lsquo;s-Hertogenbosch , 09-09-2025 \\\/ 200.323.936_01\"}]},{\"@type\":\"WebSite\",\"@id\":\"https:\\\/\\\/kohenavocats.com\\\/ru\\\/#website\",\"url\":\"https:\\\/\\\/kohenavocats.com\\\/ru\\\/\",\"name\":\"Kohen Avocats\",\"description\":\"Ma\u00eetre Hassan Kohen, avocat p\u00e9naliste \u00e0 Paris, intervient exclusivement en droit p\u00e9nal pour la d\u00e9fense des particuliers, notamment en mati\u00e8re d\u2019accusations de viol. Il assure un accompagnement rigoureux d\u00e8s la garde \u00e0 vue jusqu\u2019\u00e0 la Cour d\u2019assises, veillant au strict respect des garanties proc\u00e9durales.\",\"publisher\":{\"@id\":\"https:\\\/\\\/kohenavocats.com\\\/ru\\\/#organization\"},\"potentialAction\":[{\"@type\":\"SearchAction\",\"target\":{\"@type\":\"EntryPoint\",\"urlTemplate\":\"https:\\\/\\\/kohenavocats.com\\\/ru\\\/?s={search_term_string}\"},\"query-input\":{\"@type\":\"PropertyValueSpecification\",\"valueRequired\":true,\"valueName\":\"search_term_string\"}}],\"inLanguage\":\"ru-RU\"},{\"@type\":\"Organization\",\"@id\":\"https:\\\/\\\/kohenavocats.com\\\/ru\\\/#organization\",\"name\":\"Kohen Avocats\",\"url\":\"https:\\\/\\\/kohenavocats.com\\\/ru\\\/\",\"logo\":{\"@type\":\"ImageObject\",\"inLanguage\":\"ru-RU\",\"@id\":\"https:\\\/\\\/kohenavocats.com\\\/ru\\\/#\\\/schema\\\/logo\\\/image\\\/\",\"url\":\"https:\\\/\\\/kohenavocats.com\\\/wp-content\\\/uploads\\\/2026\\\/01\\\/Logo-2-1.webp\",\"contentUrl\":\"https:\\\/\\\/kohenavocats.com\\\/wp-content\\\/uploads\\\/2026\\\/01\\\/Logo-2-1.webp\",\"width\":2114,\"height\":1253,\"caption\":\"Kohen Avocats\"},\"image\":{\"@id\":\"https:\\\/\\\/kohenavocats.com\\\/ru\\\/#\\\/schema\\\/logo\\\/image\\\/\"}}]}<\/script>\n<!-- \/ Yoast SEO Premium plugin. -->","yoast_head_json":{"title":"ECLI:NL:GHSHE:2025:2456 Gerechtshof 's-Hertogenbosch , 09-09-2025 \/ 200.323.936_01 - Ma\u00eetre Hassan Kohen, avocat en droit p\u00e9nal \u00e0 Paris","robots":{"index":"index","follow":"follow","max-snippet":"max-snippet:-1","max-image-preview":"max-image-preview:large","max-video-preview":"max-video-preview:-1"},"canonical":"https:\/\/kohenavocats.com\/ru\/jurisprudences\/eclinlghshe20252456-gerechtshof-s-hertogenbosch-09-09-2025-200-323-936_01\/","og_locale":"ru_RU","og_type":"article","og_title":"ECLI:NL:GHSHE:2025:2456 Gerechtshof 's-Hertogenbosch , 09-09-2025 \/ 200.323.936_01","og_description":"Deskundigenbericht ter beantwoording van de vraag of het paard niet de eigenschappen bezit die de koper op grond van de koopovereenkomst mocht verwachten \u2013 benoeming deskundigen en vraagstelling","og_url":"https:\/\/kohenavocats.com\/ru\/jurisprudences\/eclinlghshe20252456-gerechtshof-s-hertogenbosch-09-09-2025-200-323-936_01\/","og_site_name":"Ma\u00eetre Hassan Kohen, avocat en droit p\u00e9nal \u00e0 Paris","twitter_card":"summary_large_image","twitter_misc":{"\u041f\u0440\u0438\u043c\u0435\u0440\u043d\u043e\u0435 \u0432\u0440\u0435\u043c\u044f \u0434\u043b\u044f \u0447\u0442\u0435\u043d\u0438\u044f":"11 \u043c\u0438\u043d\u0443\u0442"},"schema":{"@context":"https:\/\/schema.org","@graph":[{"@type":"WebPage","@id":"https:\/\/kohenavocats.com\/ru\/jurisprudences\/eclinlghshe20252456-gerechtshof-s-hertogenbosch-09-09-2025-200-323-936_01\/","url":"https:\/\/kohenavocats.com\/ru\/jurisprudences\/eclinlghshe20252456-gerechtshof-s-hertogenbosch-09-09-2025-200-323-936_01\/","name":"ECLI:NL:GHSHE:2025:2456 Gerechtshof 's-Hertogenbosch , 09-09-2025 \/ 200.323.936_01 - Ma\u00eetre Hassan Kohen, avocat en droit p\u00e9nal \u00e0 Paris","isPartOf":{"@id":"https:\/\/kohenavocats.com\/ru\/#website"},"datePublished":"2026-04-17T13:06:14+00:00","breadcrumb":{"@id":"https:\/\/kohenavocats.com\/ru\/jurisprudences\/eclinlghshe20252456-gerechtshof-s-hertogenbosch-09-09-2025-200-323-936_01\/#breadcrumb"},"inLanguage":"ru-RU","potentialAction":[{"@type":"ReadAction","target":["https:\/\/kohenavocats.com\/ru\/jurisprudences\/eclinlghshe20252456-gerechtshof-s-hertogenbosch-09-09-2025-200-323-936_01\/"]}]},{"@type":"BreadcrumbList","@id":"https:\/\/kohenavocats.com\/ru\/jurisprudences\/eclinlghshe20252456-gerechtshof-s-hertogenbosch-09-09-2025-200-323-936_01\/#breadcrumb","itemListElement":[{"@type":"ListItem","position":1,"name":"Home","item":"https:\/\/kohenavocats.com\/ru\/avocats-en-droit-penal-a-paris-conseil-et-defense-strategique\/"},{"@type":"ListItem","position":2,"name":"Jurisprudences","item":"https:\/\/kohenavocats.com\/ru\/jurisprudences\/"},{"@type":"ListItem","position":3,"name":"ECLI:NL:GHSHE:2025:2456 Gerechtshof &lsquo;s-Hertogenbosch , 09-09-2025 \/ 200.323.936_01"}]},{"@type":"WebSite","@id":"https:\/\/kohenavocats.com\/ru\/#website","url":"https:\/\/kohenavocats.com\/ru\/","name":"Kohen Avocats","description":"Ma\u00eetre Hassan Kohen, avocat p\u00e9naliste \u00e0 Paris, intervient exclusivement en droit p\u00e9nal pour la d\u00e9fense des particuliers, notamment en mati\u00e8re d\u2019accusations de viol. Il assure un accompagnement rigoureux d\u00e8s la garde \u00e0 vue jusqu\u2019\u00e0 la Cour d\u2019assises, veillant au strict respect des garanties proc\u00e9durales.","publisher":{"@id":"https:\/\/kohenavocats.com\/ru\/#organization"},"potentialAction":[{"@type":"SearchAction","target":{"@type":"EntryPoint","urlTemplate":"https:\/\/kohenavocats.com\/ru\/?s={search_term_string}"},"query-input":{"@type":"PropertyValueSpecification","valueRequired":true,"valueName":"search_term_string"}}],"inLanguage":"ru-RU"},{"@type":"Organization","@id":"https:\/\/kohenavocats.com\/ru\/#organization","name":"Kohen Avocats","url":"https:\/\/kohenavocats.com\/ru\/","logo":{"@type":"ImageObject","inLanguage":"ru-RU","@id":"https:\/\/kohenavocats.com\/ru\/#\/schema\/logo\/image\/","url":"https:\/\/kohenavocats.com\/wp-content\/uploads\/2026\/01\/Logo-2-1.webp","contentUrl":"https:\/\/kohenavocats.com\/wp-content\/uploads\/2026\/01\/Logo-2-1.webp","width":2114,"height":1253,"caption":"Kohen Avocats"},"image":{"@id":"https:\/\/kohenavocats.com\/ru\/#\/schema\/logo\/image\/"}}]}},"jetpack_likes_enabled":false,"jetpack_sharing_enabled":true,"_links":{"self":[{"href":"https:\/\/kohenavocats.com\/ru\/wp-json\/wp\/v2\/kji_decision\/586680","targetHints":{"allow":["GET"]}}],"collection":[{"href":"https:\/\/kohenavocats.com\/ru\/wp-json\/wp\/v2\/kji_decision"}],"about":[{"href":"https:\/\/kohenavocats.com\/ru\/wp-json\/wp\/v2\/types\/kji_decision"}],"wp:attachment":[{"href":"https:\/\/kohenavocats.com\/ru\/wp-json\/wp\/v2\/media?parent=586680"}],"wp:term":[{"taxonomy":"kji_country","embeddable":true,"href":"https:\/\/kohenavocats.com\/ru\/wp-json\/wp\/v2\/kji_country?post=586680"},{"taxonomy":"kji_court","embeddable":true,"href":"https:\/\/kohenavocats.com\/ru\/wp-json\/wp\/v2\/kji_court?post=586680"},{"taxonomy":"kji_chamber","embeddable":true,"href":"https:\/\/kohenavocats.com\/ru\/wp-json\/wp\/v2\/kji_chamber?post=586680"},{"taxonomy":"kji_year","embeddable":true,"href":"https:\/\/kohenavocats.com\/ru\/wp-json\/wp\/v2\/kji_year?post=586680"},{"taxonomy":"kji_subject","embeddable":true,"href":"https:\/\/kohenavocats.com\/ru\/wp-json\/wp\/v2\/kji_subject?post=586680"},{"taxonomy":"kji_keyword","embeddable":true,"href":"https:\/\/kohenavocats.com\/ru\/wp-json\/wp\/v2\/kji_keyword?post=586680"},{"taxonomy":"kji_language","embeddable":true,"href":"https:\/\/kohenavocats.com\/ru\/wp-json\/wp\/v2\/kji_language?post=586680"}],"curies":[{"name":"wp","href":"https:\/\/api.w.org\/{rel}","templated":true}]}}