{"id":587729,"date":"2026-04-17T17:51:31","date_gmt":"2026-04-17T15:51:31","guid":{"rendered":"https:\/\/kohenavocats.com\/jurisprudences\/cour-superieure-de-justice-3-fevrier-2025-6\/"},"modified":"2026-04-17T17:51:34","modified_gmt":"2026-04-17T15:51:34","slug":"cour-superieure-de-justice-3-fevrier-2025-6","status":"publish","type":"kji_decision","link":"https:\/\/kohenavocats.com\/ru\/jurisprudences\/cour-superieure-de-justice-3-fevrier-2025-6\/","title":{"rendered":"Cour sup\u00e9rieure de justice, 3 f\u00e9vrier 2025"},"content":{"rendered":"<div class=\"kji-decision\">\n<div class=\"kji-full-text\">\n<p>Arr\u00eat N\u00b041\/25VI. du3 f\u00e9vrier2025 (Not.4714\/23\/CD) La Cour d&#039;appel du Grand-Duch\u00e9 de Luxembourg, sixi\u00e8me chambre, si\u00e9geant en mati\u00e8re correctionnelle, a rendu en son audience publique dutrois f\u00e9vrierdeux mille vingt-cinq, l\u2019arr\u00eat quisuit, dans la cause e n t r e : leminist\u00e8re public, exer\u00e7ant l&#039;action publique pour la r\u00e9pression des crimes et d\u00e9lits, appelant, e t : r\u00e9put\u00e9 contradictoire PERSONNE1.), n\u00e9 leDATE1.)\u00e0ADRESSE1.),demeurant\u00e0ADRESSE2.), pr\u00e9venu,appelant. __________________________________________________________________ F A I T S: Les faits et r\u00e9troactes de l&#039;affaire r\u00e9sultent \u00e0 suffisance de droit d&#039;un jugementr\u00e9put\u00e9 contradictoirerendu par le tribunal d&#039;arrondissement de Luxembourg,septi\u00e8me chambre, si\u00e9geant en mati\u00e8re correctionnelle, le27 juin2024, sous le num\u00e9ro 1520\/2024, dont les consid\u00e9rants et le dispositif sont con\u00e7us comme suit: \u00ab\u2026\u00bb<\/p>\n<p>2 De ce jugement, appel au p\u00e9nal fut relev\u00e9 au greffe du tribunal d\u2019arrondissement de Luxembourgle22 juillet2024parlepr\u00e9venuPERSONNE1.)etle23 juillet2024par lerepr\u00e9sentant duminist\u00e8re public. En vertu de ces appels et par citation du15 octobre2024,lepr\u00e9venuPERSONNE1.) fut r\u00e9guli\u00e8rement requisdecompara\u00eetre \u00e0 l\u2019audience publique du20 janvier2025 devant la Cour d&#039;appel de Luxembourg, sixi\u00e8me chambre, si\u00e9geant en mati\u00e8re correctionnelle, pour y entendre statuer sur le m\u00e9rite des appels interjet\u00e9s. A cette audience,le pr\u00e9venuPERSONNE1.),bien que r\u00e9guli\u00e8rement convoqu\u00e9, n\u2019a comparu ni personnellement, ni par mandataire charg\u00e9 de le repr\u00e9senter. Madame le substitutMarianna LEAL ALVES, assumant les fonctions de minist\u00e8re public, fut entendueen son r\u00e9quisitoire. L A C O U R pritl\u2019affaire en d\u00e9lib\u00e9r\u00e9 et rendit \u00e0 l\u2019audience publique du3 f\u00e9vrier2025, \u00e0 laquelle le prononc\u00e9 avait \u00e9t\u00e9 fix\u00e9, l\u2019arr\u00eatqui suit: Par d\u00e9claration du 22 juillet 2024 au greffe dutribunal d&#039;arrondissement de Luxembourg,PERSONNE1.)(ci-apr\u00e8s \u00abPERSONNE1.)\u00bb) a relev\u00e9 appel au p\u00e9nal d\u2019unjugementn\u00b01520\/2024 r\u00e9put\u00e9 contradictoire rendu le 27 juin 2024 par une chambre correctionnelle du m\u00eame tribunal, statuant en composition de juge unique, jugement dont la motivation et le dispositif sont reproduits aux qualit\u00e9s du pr\u00e9sent arr\u00eat. Par d\u00e9claration notifi\u00e9e le 23 juillet 2024 au m\u00eame greffe, le procureur d\u2019Etat de Luxembourga \u00e9galement interjet\u00e9 appel contre ce jugement. Ces appels, interjet\u00e9s conform\u00e9ment \u00e0 l\u2019article 203 du Code de proc\u00e9dure p\u00e9nale, sont recevables. Par le jugement d\u00e9f\u00e9r\u00e9 au p\u00e9nal, le juge de premi\u00e8re instance a condamn\u00e9 PERSONNE1.)\u00e0 une peine d\u2019emprisonnement d\u2019un mois et \u00e0 une amende de 1.500 euros pour, le 16 d\u00e9cembre 2022, dans l\u2019arrondissement judiciaire de Luxembourg, avoir outrag\u00e9, en l\u2019esp\u00e8ce pour avoir publi\u00e9 sous son profil virtuel\u00abPERSONNE1.)\u00bb sur la page facebook de la police grand-ducale le commentaire suivant:\u00abFr\u00ebier waren M\u00e4nner op der Platz awer richtig M\u00e4nner..24\/24. An haut???? (5 \u00e9motic\u00f4nes \u00abrire jaune\u00bb), puis, en r\u00e9plique \u00e0 l\u2019utilisateur \u00abPERSONNE2.)\u00bb qui lui demandait de pr\u00e9ciser sa d\u00e9finition d\u2019un \u00abvrai homme\u00bb: \u00abHampelm\u00e4nner\u00bb, A l\u2019audience publique de la Cour d\u2019appel du20janvier 2025,le pr\u00e9venu n\u2019a comparu ni en personne ni par mandataire. Au vu des inscriptions de l\u2019avis de r\u00e9ception du courrier contenant la citation \u00e0 l\u2019audience, la remise de la citation a \u00e9t\u00e9 faite en l\u2019esp\u00e8ce en mains propres du destinataire, \u00e0 savoirPERSONNE1.). D\u00e8s lors, et conform\u00e9ment aux dispositions de l\u2019article 185 paragraphe (2bis) l\u2019arr\u00eat \u00e0 intervenir est un arr\u00eat r\u00e9put\u00e9 contradictoire. Lerepr\u00e9sentant du minist\u00e8re public conclut \u00e0 la confirmation de la d\u00e9claration de culpabilit\u00e9 du pr\u00e9venu, ainsi que des peines d\u2019emprisonnement et d\u2019amende prononc\u00e9es par le juge de premi\u00e8re instance.<\/p>\n<p>3 Appr\u00e9ciation de la Cour d\u2019appel Il convient de serapporter, quant aux faits de la cause, \u00e0 la relation fournie correctement par le juge de premi\u00e8re instance, en l\u2019absence d\u2019un quelconque nouvel \u00e9l\u00e9ment en instance d\u2019appel. En effet, il est constant en cause, au vu des \u00e9l\u00e9ments du dossier r\u00e9pressif dont notamment les constatations consign\u00e9es dans le proc\u00e8s-verbal n\u00b0 JDA125570- 1\/2022 du 16 d\u00e9cembre 2022 ainsi que les photos des messages annex\u00e9s au proc\u00e8s- verbal dont question,que le pr\u00e9venu a commis l\u2019infraction \u00e0 l\u2019article 276 du Code p\u00e9nal. Tant la peine d\u2019emprisonnement d\u2019un mois que l\u2019amende de 1.500 euros qui ont \u00e9t\u00e9 prononc\u00e9es en premi\u00e8re instance sont l\u00e9gales et ad\u00e9quates, et sont partant \u00e0 confirmer sauf qu\u2019il y a lieu de pr\u00e9ciser quePERSONNE1.)ne m\u00e9rite pas de sursis en ce qui concerne l\u2019ex\u00e9cution de sa peine d\u2019emprisonnement d\u2019un mois au vu de la gravit\u00e9 des faits dont celui-ci s\u2019est rendu coupable. P A R C E S M O T I F S , laCour d\u2019appel, sixi\u00e8me chambre, si\u00e9geant en mati\u00e8re correctionnelle, statuant par un arr\u00eat r\u00e9put\u00e9 contradictoire \u00e0 l\u2019\u00e9gard dePERSONNE1.),le repr\u00e9sentant du minist\u00e8re publicentenduen son r\u00e9quisitoire, d\u00e9clareles appels dePERSONNE1.)et du minist\u00e8re public recevables, mais non fond\u00e9s; confirmele jugement entrepris; condamnePERSONNE1.)aux frais de l\u2019instance d\u2019appel, ces frais liquid\u00e9s \u00e010 euros. Par application des textes de loi cit\u00e9s par la juridiction de premi\u00e8re instance et par application des articles 185 (2bis), 199, 202, 203, 209, 210 et 211 du Code de proc\u00e9dure p\u00e9nale. Ainsi fait et jug\u00e9 par la Cour d&#039;appel du Grand-Duch\u00e9 de Luxembourg, sixi\u00e8me chambre, si\u00e9geant en mati\u00e8re correctionnelle, compos\u00e9e de Madame Marie MACKEL, pr\u00e9sident de chambre, Madame Caroline ENGEL, conseiller et Madame Marie-Anne MEYERS, conseiller, qui ont sign\u00e9 le pr\u00e9sent arr\u00eat avec le greffier Madame Pascale BIRDEN. La lecture de l&#039;arr\u00eat a \u00e9t\u00e9 faite en audience publique \u00e0 la Cit\u00e9 Judiciaire, B\u00e2timent CR, Plateau du St. Esprit, par Madame Marie MACKEL, pr\u00e9sident de chambre, en pr\u00e9sence deMonsieur Bob PIRON, avocat g\u00e9n\u00e9ral, et de Madame Pascale BIRDEN, greffier.<\/p>\n<\/div>\n<hr class=\"kji-sep\" \/>\n<p class=\"kji-source-links\"><strong>Sources officielles :<\/strong> <a class=\"kji-source-link\" href=\"https:\/\/data.public.lu\/fr\/datasets\/cour-superieure-de-justice-chambre-6\/\" target=\"_blank\" rel=\"noopener noreferrer\">consulter la page source<\/a> &middot; <a class=\"kji-pdf-link\" href=\"https:\/\/download.data.public.lu\/resources\/cour-superieure-de-justice-chambre-6\/20250210-013428\/20250203-ca6-41-pseudonymise-accessible.pdf\" target=\"_blank\" rel=\"noopener noreferrer\">PDF officiel<\/a><\/p>\n<p class=\"kji-license-note\"><em>Licence CC BY-ND 4.0 (Administration judiciaire, data.public.lu). Republication autorisee avec attribution, sans modification editoriale du texte integral.<\/em><\/p>\n<\/div>\n","protected":false},"excerpt":{"rendered":"<p>Arr\u00eat N\u00b041\/25VI. du3 f\u00e9vrier2025 (Not.4714\/23\/CD) La Cour d&#8217;appel du Grand-Duch\u00e9 de Luxembourg, sixi\u00e8me chambre, si\u00e9geant en mati\u00e8re correctionnelle, a rendu en son audience publique dutrois f\u00e9vrierdeux mille vingt-cinq, l\u2019arr\u00eat quisuit, dans la cause e n t r e : leminist\u00e8re public, exer\u00e7ant l&#8217;action publique pour\u2026<\/p>\n","protected":false},"featured_media":0,"template":"","meta":{"_crdt_document":""},"kji_country":[8418],"kji_court":[12305],"kji_chamber":[20373],"kji_year":[8463],"kji_subject":[7724],"kji_keyword":[8683,8457,9055,12307],"kji_language":[7733],"class_list":["post-587729","kji_decision","type-kji_decision","status-publish","hentry","kji_country-luxembourg","kji_court-cour-superieure-de-justice","kji_chamber-chambre-6","kji_year-8463","kji_subject-civil","kji_keyword-arret","kji_keyword-fevrier","kji_keyword-justice","kji_keyword-superieure","kji_language-francais"],"yoast_head":"<!-- This site is optimized with the Yoast SEO Premium plugin v27.5 (Yoast SEO v27.5) - https:\/\/yoast.com\/product\/yoast-seo-premium-wordpress\/ -->\n<title>Cour sup\u00e9rieure de justice, 3 f\u00e9vrier 2025 - Ma\u00eetre Hassan Kohen, avocat en droit p\u00e9nal \u00e0 Paris<\/title>\n<meta name=\"robots\" content=\"index, follow, max-snippet:-1, max-image-preview:large, max-video-preview:-1\" \/>\n<link rel=\"canonical\" href=\"https:\/\/kohenavocats.com\/ru\/jurisprudences\/cour-superieure-de-justice-3-fevrier-2025-6\/\" \/>\n<meta property=\"og:locale\" content=\"ru_RU\" \/>\n<meta property=\"og:type\" content=\"article\" \/>\n<meta property=\"og:title\" content=\"Cour sup\u00e9rieure de justice, 3 f\u00e9vrier 2025\" \/>\n<meta property=\"og:description\" content=\"Arr\u00eat N\u00b041\/25VI. du3 f\u00e9vrier2025 (Not.4714\/23\/CD) La Cour d&#039;appel du Grand-Duch\u00e9 de Luxembourg, sixi\u00e8me chambre, si\u00e9geant en mati\u00e8re correctionnelle, a rendu en son audience publique dutrois f\u00e9vrierdeux mille vingt-cinq, l\u2019arr\u00eat quisuit, dans la cause e n t r e : leminist\u00e8re public, exer\u00e7ant l&#039;action publique pour\u2026\" \/>\n<meta property=\"og:url\" content=\"https:\/\/kohenavocats.com\/ru\/jurisprudences\/cour-superieure-de-justice-3-fevrier-2025-6\/\" \/>\n<meta property=\"og:site_name\" content=\"Ma\u00eetre Hassan Kohen, avocat en droit p\u00e9nal \u00e0 Paris\" \/>\n<meta property=\"article:modified_time\" content=\"2026-04-17T15:51:34+00:00\" \/>\n<meta name=\"twitter:card\" content=\"summary_large_image\" \/>\n<meta name=\"twitter:label1\" content=\"\u041f\u0440\u0438\u043c\u0435\u0440\u043d\u043e\u0435 \u0432\u0440\u0435\u043c\u044f \u0434\u043b\u044f \u0447\u0442\u0435\u043d\u0438\u044f\" \/>\n\t<meta name=\"twitter:data1\" content=\"5 \u043c\u0438\u043d\u0443\u0442\" \/>\n<script type=\"application\/ld+json\" class=\"yoast-schema-graph\">{\"@context\":\"https:\\\/\\\/schema.org\",\"@graph\":[{\"@type\":\"WebPage\",\"@id\":\"https:\\\/\\\/kohenavocats.com\\\/ru\\\/jurisprudences\\\/cour-superieure-de-justice-3-fevrier-2025-6\\\/\",\"url\":\"https:\\\/\\\/kohenavocats.com\\\/ru\\\/jurisprudences\\\/cour-superieure-de-justice-3-fevrier-2025-6\\\/\",\"name\":\"Cour sup\u00e9rieure de justice, 3 f\u00e9vrier 2025 - Ma\u00eetre Hassan Kohen, avocat en droit p\u00e9nal \u00e0 Paris\",\"isPartOf\":{\"@id\":\"https:\\\/\\\/kohenavocats.com\\\/ru\\\/#website\"},\"datePublished\":\"2026-04-17T15:51:31+00:00\",\"dateModified\":\"2026-04-17T15:51:34+00:00\",\"breadcrumb\":{\"@id\":\"https:\\\/\\\/kohenavocats.com\\\/ru\\\/jurisprudences\\\/cour-superieure-de-justice-3-fevrier-2025-6\\\/#breadcrumb\"},\"inLanguage\":\"ru-RU\",\"potentialAction\":[{\"@type\":\"ReadAction\",\"target\":[\"https:\\\/\\\/kohenavocats.com\\\/ru\\\/jurisprudences\\\/cour-superieure-de-justice-3-fevrier-2025-6\\\/\"]}]},{\"@type\":\"BreadcrumbList\",\"@id\":\"https:\\\/\\\/kohenavocats.com\\\/ru\\\/jurisprudences\\\/cour-superieure-de-justice-3-fevrier-2025-6\\\/#breadcrumb\",\"itemListElement\":[{\"@type\":\"ListItem\",\"position\":1,\"name\":\"Home\",\"item\":\"https:\\\/\\\/kohenavocats.com\\\/ru\\\/avocats-en-droit-penal-a-paris-conseil-et-defense-strategique\\\/\"},{\"@type\":\"ListItem\",\"position\":2,\"name\":\"Jurisprudences\",\"item\":\"https:\\\/\\\/kohenavocats.com\\\/ru\\\/jurisprudences\\\/\"},{\"@type\":\"ListItem\",\"position\":3,\"name\":\"Cour sup\u00e9rieure de justice, 3 f\u00e9vrier 2025\"}]},{\"@type\":\"WebSite\",\"@id\":\"https:\\\/\\\/kohenavocats.com\\\/ru\\\/#website\",\"url\":\"https:\\\/\\\/kohenavocats.com\\\/ru\\\/\",\"name\":\"Kohen Avocats\",\"description\":\"Ma\u00eetre Hassan Kohen, avocat p\u00e9naliste \u00e0 Paris, intervient exclusivement en droit p\u00e9nal pour la d\u00e9fense des particuliers, notamment en mati\u00e8re d\u2019accusations de viol. Il assure un accompagnement rigoureux d\u00e8s la garde \u00e0 vue jusqu\u2019\u00e0 la Cour d\u2019assises, veillant au strict respect des garanties proc\u00e9durales.\",\"publisher\":{\"@id\":\"https:\\\/\\\/kohenavocats.com\\\/ru\\\/#organization\"},\"potentialAction\":[{\"@type\":\"SearchAction\",\"target\":{\"@type\":\"EntryPoint\",\"urlTemplate\":\"https:\\\/\\\/kohenavocats.com\\\/ru\\\/?s={search_term_string}\"},\"query-input\":{\"@type\":\"PropertyValueSpecification\",\"valueRequired\":true,\"valueName\":\"search_term_string\"}}],\"inLanguage\":\"ru-RU\"},{\"@type\":\"Organization\",\"@id\":\"https:\\\/\\\/kohenavocats.com\\\/ru\\\/#organization\",\"name\":\"Kohen Avocats\",\"url\":\"https:\\\/\\\/kohenavocats.com\\\/ru\\\/\",\"logo\":{\"@type\":\"ImageObject\",\"inLanguage\":\"ru-RU\",\"@id\":\"https:\\\/\\\/kohenavocats.com\\\/ru\\\/#\\\/schema\\\/logo\\\/image\\\/\",\"url\":\"https:\\\/\\\/kohenavocats.com\\\/wp-content\\\/uploads\\\/2026\\\/01\\\/Logo-2-1.webp\",\"contentUrl\":\"https:\\\/\\\/kohenavocats.com\\\/wp-content\\\/uploads\\\/2026\\\/01\\\/Logo-2-1.webp\",\"width\":2114,\"height\":1253,\"caption\":\"Kohen Avocats\"},\"image\":{\"@id\":\"https:\\\/\\\/kohenavocats.com\\\/ru\\\/#\\\/schema\\\/logo\\\/image\\\/\"}}]}<\/script>\n<!-- \/ Yoast SEO Premium plugin. -->","yoast_head_json":{"title":"Cour sup\u00e9rieure de justice, 3 f\u00e9vrier 2025 - Ma\u00eetre Hassan Kohen, avocat en droit p\u00e9nal \u00e0 Paris","robots":{"index":"index","follow":"follow","max-snippet":"max-snippet:-1","max-image-preview":"max-image-preview:large","max-video-preview":"max-video-preview:-1"},"canonical":"https:\/\/kohenavocats.com\/ru\/jurisprudences\/cour-superieure-de-justice-3-fevrier-2025-6\/","og_locale":"ru_RU","og_type":"article","og_title":"Cour sup\u00e9rieure de justice, 3 f\u00e9vrier 2025","og_description":"Arr\u00eat N\u00b041\/25VI. du3 f\u00e9vrier2025 (Not.4714\/23\/CD) La Cour d'appel du Grand-Duch\u00e9 de Luxembourg, sixi\u00e8me chambre, si\u00e9geant en mati\u00e8re correctionnelle, a rendu en son audience publique dutrois f\u00e9vrierdeux mille vingt-cinq, l\u2019arr\u00eat quisuit, dans la cause e n t r e : leminist\u00e8re public, exer\u00e7ant l'action publique pour\u2026","og_url":"https:\/\/kohenavocats.com\/ru\/jurisprudences\/cour-superieure-de-justice-3-fevrier-2025-6\/","og_site_name":"Ma\u00eetre Hassan Kohen, avocat en droit p\u00e9nal \u00e0 Paris","article_modified_time":"2026-04-17T15:51:34+00:00","twitter_card":"summary_large_image","twitter_misc":{"\u041f\u0440\u0438\u043c\u0435\u0440\u043d\u043e\u0435 \u0432\u0440\u0435\u043c\u044f \u0434\u043b\u044f \u0447\u0442\u0435\u043d\u0438\u044f":"5 \u043c\u0438\u043d\u0443\u0442"},"schema":{"@context":"https:\/\/schema.org","@graph":[{"@type":"WebPage","@id":"https:\/\/kohenavocats.com\/ru\/jurisprudences\/cour-superieure-de-justice-3-fevrier-2025-6\/","url":"https:\/\/kohenavocats.com\/ru\/jurisprudences\/cour-superieure-de-justice-3-fevrier-2025-6\/","name":"Cour sup\u00e9rieure de justice, 3 f\u00e9vrier 2025 - Ma\u00eetre Hassan Kohen, avocat en droit p\u00e9nal \u00e0 Paris","isPartOf":{"@id":"https:\/\/kohenavocats.com\/ru\/#website"},"datePublished":"2026-04-17T15:51:31+00:00","dateModified":"2026-04-17T15:51:34+00:00","breadcrumb":{"@id":"https:\/\/kohenavocats.com\/ru\/jurisprudences\/cour-superieure-de-justice-3-fevrier-2025-6\/#breadcrumb"},"inLanguage":"ru-RU","potentialAction":[{"@type":"ReadAction","target":["https:\/\/kohenavocats.com\/ru\/jurisprudences\/cour-superieure-de-justice-3-fevrier-2025-6\/"]}]},{"@type":"BreadcrumbList","@id":"https:\/\/kohenavocats.com\/ru\/jurisprudences\/cour-superieure-de-justice-3-fevrier-2025-6\/#breadcrumb","itemListElement":[{"@type":"ListItem","position":1,"name":"Home","item":"https:\/\/kohenavocats.com\/ru\/avocats-en-droit-penal-a-paris-conseil-et-defense-strategique\/"},{"@type":"ListItem","position":2,"name":"Jurisprudences","item":"https:\/\/kohenavocats.com\/ru\/jurisprudences\/"},{"@type":"ListItem","position":3,"name":"Cour sup\u00e9rieure de justice, 3 f\u00e9vrier 2025"}]},{"@type":"WebSite","@id":"https:\/\/kohenavocats.com\/ru\/#website","url":"https:\/\/kohenavocats.com\/ru\/","name":"Kohen Avocats","description":"Ma\u00eetre Hassan Kohen, avocat p\u00e9naliste \u00e0 Paris, intervient exclusivement en droit p\u00e9nal pour la d\u00e9fense des particuliers, notamment en mati\u00e8re d\u2019accusations de viol. Il assure un accompagnement rigoureux d\u00e8s la garde \u00e0 vue jusqu\u2019\u00e0 la Cour d\u2019assises, veillant au strict respect des garanties proc\u00e9durales.","publisher":{"@id":"https:\/\/kohenavocats.com\/ru\/#organization"},"potentialAction":[{"@type":"SearchAction","target":{"@type":"EntryPoint","urlTemplate":"https:\/\/kohenavocats.com\/ru\/?s={search_term_string}"},"query-input":{"@type":"PropertyValueSpecification","valueRequired":true,"valueName":"search_term_string"}}],"inLanguage":"ru-RU"},{"@type":"Organization","@id":"https:\/\/kohenavocats.com\/ru\/#organization","name":"Kohen Avocats","url":"https:\/\/kohenavocats.com\/ru\/","logo":{"@type":"ImageObject","inLanguage":"ru-RU","@id":"https:\/\/kohenavocats.com\/ru\/#\/schema\/logo\/image\/","url":"https:\/\/kohenavocats.com\/wp-content\/uploads\/2026\/01\/Logo-2-1.webp","contentUrl":"https:\/\/kohenavocats.com\/wp-content\/uploads\/2026\/01\/Logo-2-1.webp","width":2114,"height":1253,"caption":"Kohen Avocats"},"image":{"@id":"https:\/\/kohenavocats.com\/ru\/#\/schema\/logo\/image\/"}}]}},"jetpack_likes_enabled":false,"jetpack_sharing_enabled":true,"_links":{"self":[{"href":"https:\/\/kohenavocats.com\/ru\/wp-json\/wp\/v2\/kji_decision\/587729","targetHints":{"allow":["GET"]}}],"collection":[{"href":"https:\/\/kohenavocats.com\/ru\/wp-json\/wp\/v2\/kji_decision"}],"about":[{"href":"https:\/\/kohenavocats.com\/ru\/wp-json\/wp\/v2\/types\/kji_decision"}],"wp:attachment":[{"href":"https:\/\/kohenavocats.com\/ru\/wp-json\/wp\/v2\/media?parent=587729"}],"wp:term":[{"taxonomy":"kji_country","embeddable":true,"href":"https:\/\/kohenavocats.com\/ru\/wp-json\/wp\/v2\/kji_country?post=587729"},{"taxonomy":"kji_court","embeddable":true,"href":"https:\/\/kohenavocats.com\/ru\/wp-json\/wp\/v2\/kji_court?post=587729"},{"taxonomy":"kji_chamber","embeddable":true,"href":"https:\/\/kohenavocats.com\/ru\/wp-json\/wp\/v2\/kji_chamber?post=587729"},{"taxonomy":"kji_year","embeddable":true,"href":"https:\/\/kohenavocats.com\/ru\/wp-json\/wp\/v2\/kji_year?post=587729"},{"taxonomy":"kji_subject","embeddable":true,"href":"https:\/\/kohenavocats.com\/ru\/wp-json\/wp\/v2\/kji_subject?post=587729"},{"taxonomy":"kji_keyword","embeddable":true,"href":"https:\/\/kohenavocats.com\/ru\/wp-json\/wp\/v2\/kji_keyword?post=587729"},{"taxonomy":"kji_language","embeddable":true,"href":"https:\/\/kohenavocats.com\/ru\/wp-json\/wp\/v2\/kji_language?post=587729"}],"curies":[{"name":"wp","href":"https:\/\/api.w.org\/{rel}","templated":true}]}}