{"id":587993,"date":"2026-04-17T18:46:20","date_gmt":"2026-04-17T16:46:20","guid":{"rendered":"https:\/\/kohenavocats.com\/jurisprudences\/eclinlghams20253783-gerechtshof-amsterdam-17-11-2025-23-000315-25\/"},"modified":"2026-04-17T18:46:20","modified_gmt":"2026-04-17T16:46:20","slug":"eclinlghams20253783-gerechtshof-amsterdam-17-11-2025-23-000315-25","status":"publish","type":"kji_decision","link":"https:\/\/kohenavocats.com\/ru\/jurisprudences\/eclinlghams20253783-gerechtshof-amsterdam-17-11-2025-23-000315-25\/","title":{"rendered":"ECLI:NL:GHAMS:2025:3783 Gerechtshof Amsterdam , 17-11-2025 \/ 23-000315-25"},"content":{"rendered":"<div class=\"kji-decision\">\n<div class=\"kji-full-text\">\n<p><strong>Inhoudsindicatie.<\/strong> Het hof constateert dat de stills van de door de verbalisanten bekeken bewegende beelden scherp zijn en van voldoende kwaliteit om een herkenning op te baseren. Het hof ziet geen reden om aan de betrouwbaarheid van de herkenningen van de verdachte te twijfelen en acht die bruikbaar voor het bewijs. De verdachte heeft zich, samen met de medeverdachte, schuldig gemaakt aan diefstal uit een auto die als dienstauto werd gebruikt door twee personen van de Koninklijke Marechaussee. Gevangenisstraf voor de duur van 2 maanden, waarvan 1 maand voorwaardelijk.<\/p>\n<p>afdeling strafrecht<\/p>\n<p>parketnummer: 23-000315-25<\/p>\n<p>datum uitspraak: 17 november 2025<\/p>\n<p>TEGENSPRAAK (gemachtigd raadsman)<\/p>\n<p>Verkort arrest van het gerechtshof Amsterdam gewezen op het hoger beroep, ingesteld tegen het vonnis van de politierechter in de rechtbank Amsterdam van 18 oktober 2024 in de strafzaak onder parketnummer 13-271923-24 tegen<\/p>\n<p>[verdachte]<br \/>\n ,<\/p>\n<p>geboren te [geboorteplaats] op [geboortedag] 2002,<\/p>\n<p>adres: [adres] .<\/p>\n<h3>Onderzoek van de zaak<\/h3>\n<p>Dit arrest is gewezen naar aanleiding van het onderzoek ter terechtzitting in hoger beroep van 3 november 2025.<\/p>\n<p>Namens de verdachte is hoger beroep ingesteld tegen voormeld vonnis.<\/p>\n<p>Het hof heeft kennisgenomen van de vordering van de advocaat-generaal en van hetgeen de raadsman naar voren heeft gebracht.<\/p>\n<h3>Tenlastelegging<\/h3>\n<p>Aan de verdachte is tenlastegelegd dat:<\/p>\n<p>hij in of omstreeks 05 november 2023 te Amsterdam, in elk geval in Nederland, tezamen en in vereniging met een of meer anderen, althans alleen, \u00e9\u00e9n of meerdere rugzak(ken) met inhoud (waaronder: telefoon, koptelefoon, oplader(s), paspoort en\/of pasjes), in elk geval enig goed, dat\/die geheel of ten dele aan [benadeelde partij] en\/of [slachtoffer] , in elk geval aan een ander dan aan verdachte en\/of zijn mededader(s) toebehoorde(n) heeft weggenomen met het oogmerk om het zich wederrechtelijk toe te eigenen, terwijl verdachte en\/of zijn mededader(s) zich de toegang tot de plaats van het misdrijf heeft\/hebben verschaft en\/of die\/dat weg te nemen rugtas(sen) (met inhoud) onder zijn\/haar\/hun bereik heeft\/hebben gebracht door middel van braak, verbreking en\/of inklimming.<\/p>\n<p>Voor zover in de tenlastelegging taal- en\/of schrijffouten voorkomen, zal het hof deze verbeterd lezen. De verdachte wordt daardoor niet in de verdediging geschaad.<\/p>\n<h3>Vonnis waarvan beroep<\/h3>\n<p>Het vonnis waarvan beroep zal worden vernietigd, omdat daarvan slechts aantekening is gedaan ingevolge artikel 378a van het Wetboek van Strafvordering.<\/p>\n<h3>Bewijsoverweging<\/h3>\n<p>De advocaat-generaal heeft gerekwireerd tot een bewezenverklaring.<\/p>\n<p>De raadsman heeft vrijspraak bepleit. Daartoe heeft hij aangevoerd dat de wegnemingshandeling niet uit het dossier blijkt en de goederen daarom door iemand anders kunnen zijn gestolen. Er wordt geverbaliseerd dat er op de beelden bij de auto schaduwbewegingen te zien zijn, maar dat is niet terug te zien op de stills. Daarnaast schiet de herkenning door de verbalisanten tekort. De man op de foto heeft een capuchon op zijn hoofd en er is verder geen relatering over andere kenmerken. Het bewijs is daarom te mager om tot een bewezenverklaring te komen.<\/p>\n<p>Het hof overweegt als volgt.<\/p>\n<p>Herkenning<\/p>\n<p>Het hof stelt voorop dat behoedzaam dient te worden omgegaan met herkenningen en de bewijskracht daarvan. Dit geldt temeer indien deze herkenningen de enige bewijsmiddelen zijn die de betrokkenheid van een verdachte bij een ten laste gelegd feit kunnen aantonen.<\/p>\n<p>Voor de beoordeling van de betrouwbaarheid van een herkenning aan de hand van camerabeelden en\/of afbeeldingen is onder meer van belang in hoeverre op deze afbeeldingen voldoende duidelijke, specifieke en onderscheidende persoonskenmerken zichtbaar zijn. Of hiervan sprake is hangt af van de kwaliteit van de beelden en van de mate van zichtbaarheid van persoonskenmerken op die beelden. Daarnaast is ook van belang met welke frequentie en onder welke omstandigheden de waarnemer de door hem herkende persoon eerder heeft gezien, de vraag of bewegende beelden dan wel foto\u2019s\/stills zijn bekeken, de kwaliteit van de beelden en wat daarop van een verdachte te zien is.<\/p>\n<p>Het hof constateert dat de stills van de door de verbalisanten bekeken bewegende beelden scherp zijn en van voldoende kwaliteit om een herkenning op te baseren. Op de beelden is het gezicht te zien van een van de twee personen die in de garage bij en nabij de auto is waargenomen. Drie verbalisanten hebben afzonderlijk de verdachte herkend aan zijn ronde gezicht, vorm van zijn neus, vorm van zijn lip, zijn ogen en zijn postuur. De verbalisanten kennen de verdachte ambtshalve en hebben eerder contact met hem gehad.<\/p>\n<p>Het hof ziet geen reden aan de betrouwbaarheid van de herkenningen van de verdachte te twijfelen en acht die dus bruikbaar voor het bewijs.<\/p>\n<p>Wegnemingshandeling<\/p>\n<p>Het hof stelt het volgende vast. Uit het proces-verbaal van bevindingen (pagina 38 e.v.) volgt dat op de camerabeelden te zien is dat op 5 november 2021, omstreeks 20:43:57, uur twee mannen bij het voertuig van aangever, die op dat moment in een parkeergarage geparkeerd stond, weglopen. Omstreeks 20:44:36 uur is te zien dat de mannen weer in beeld verschijnen en richting het voertuig van aangever lopen en hier nogmaals naar binnen kijken. Vervolgens is om 20:44:52 uur te zien dat de twee mannen het trappenhuis betreden, waarbij een van hen door verbalisanten wordt herkend als de verdachte. Omstreeks 20:53 lopen de mannen weer naar het trappenhuis en omstreeks 20:53:56 is een schaduw onder het voertuig van aangever zichtbaar. Vervolgens is omstreeks 20:58:24 op de beelden te zien dat een van de mannen twee rugzakken draagt, waarvan een van de rugzakken een logo van het merk The North Face heeft. Rond 20:58:38 is te zien dat de man een grijze rugzak vasthoudt met het logo van Osprey. Deze rugzakken komen overeen met de rugtassen uit de betreffende auto, waarover aangiftes zijn gedaan.<\/p>\n<p>Gelet op de bovenstaande handelingen en het korte tijdsbestek is het hof van oordeel dat er geen enkele aanleiding is om aan te nemen dat er iemand anders is geweest die de rugzakken uit de auto van aangever heeft meegenomen dan de verdachte en zijn mededader. De verdachte heeft overigens noch in eerste aanleg noch in hoger beroep van de gelegenheid gebruik gemaakt om over de herkenningen en de waarnemingen in de garage een (nadere) verklaring af te leggen.<\/p>\n<p>Het hof acht het feit wettig en overtuigend bewezen.<\/p>\n<p>Hetgeen in hoger beroep is aangevoerd vindt zijn weerlegging in het voorgaande en overigens in de &#8212; in geval van cassatie &#8212; te bezigen bewijsmiddelen.<\/p>\n<h3>Bewezenverklaring<\/h3>\n<p>Het hof acht wettig en overtuigend bewezen dat de verdachte het tenlastegelegde heeft begaan, met dien verstande dat:<\/p>\n<p>hij op 5 november 2023 te Amsterdam, tezamen en in vereniging met een ander, rugzakken met inhoud (waaronder: koptelefoon, opladers, paspoort en pasjes), toebehorende aan [benadeelde partij] en\/of [slachtoffer] heeft weggenomen met het oogmerk om deze zich wederrechtelijk toe te eigenen, terwijl verdachte en zijn mededader zich de toegang tot de plaats van het misdrijf hebben verschaft en de weg te nemen rugtassen met inhoud onder hun bereik hebben gebracht door middel van braak.<\/p>\n<p>Hetgeen meer of anders is tenlastegelegd, is niet bewezen. De verdachte moet hiervan worden vrijgesproken.<\/p>\n<p>Het bewezenverklaarde is gegrond op de feiten en omstandigheden die in de bewijsmiddelen zijn vervat, zoals deze na het eventueel instellen van beroep in cassatie zullen worden opgenomen in de op te maken aanvulling op dit arrest.<\/p>\n<h3>Strafbaarheid van het bewezenverklaarde<\/h3>\n<p>Geen omstandigheid is aannemelijk geworden die de strafbaarheid van het bewezenverklaarde uitsluit, zodat dit strafbaar is.<\/p>\n<p>Het bewezenverklaarde levert op:<\/p>\n<p>diefstal door twee of meer verenigde personen, waarbij de schuldige zich de toegang tot de plaats van het misdrijf heeft verschaft door middel van braak.<\/p>\n<h3>Strafbaarheid van de verdachte<\/h3>\n<p>De verdachte is strafbaar, omdat geen omstandigheid aannemelijk is geworden die de strafbaarheid ten aanzien van het bewezenverklaarde uitsluit.<\/p>\n<h3>Oplegging van straf<\/h3>\n<p>De politierechter heeft de verdachte veroordeeld tot een gevangenisstraf van 2 maanden, waarvan 1 maand voorwaardelijk, met een proeftijd van 2 jaren.<\/p>\n<p>De advocaat-generaal heeft gevorderd dat de verdachte zal worden veroordeeld tot een voorwaardelijke gevangenisstraf van 1 maand, met een proeftijd van 2 jaren. Daarnaast heeft de advocaat-generaal een taakstraf van 80 uren, subsidiair 40 dagen hechtenis, gevorderd.<\/p>\n<p>Het hof heeft in hoger beroep de op te leggen straf bepaald op grond van de ernst van het feit en de omstandigheden waaronder dit is begaan en gelet op de persoon van de verdachte. Het hof heeft daarbij in het bijzonder het volgende in beschouwing genomen.<\/p>\n<p>De verdachte heeft zich, samen met de medeverdachte, schuldig gemaakt aan diefstal uit een auto die als dienstauto werd gebruikt door twee personen van de Koninklijke Marechaussee. Zij hebben twee rugtassen met inhoud gestolen. Dit is een ergerlijk strafbaar feit voor zowel de betrokkenen als voor de maatschappij. Met zijn handelen heeft verdachte geen respect getoond voor het eigendomsrecht van anderen. Tevens hebben zij met het oog op eigen financieel gewin schade en overlast veroorzaakt.<\/p>\n<p>Blijkens een uittreksel uit de Justiti\u00eble Documentatie van 20 oktober 2025 is de verdachte eerder onherroepelijk veroordeeld voor diefstal in vereniging.<\/p>\n<p>Het hof heeft acht geslagen op straffen die in soortgelijke gevallen plegen te worden opgelegd en die hun weerslag hebben gevonden in de ori\u00ebntatiepunten voor straftoemeting van het Landelijk Overleg Vakinhoud Strafrecht (LOVS). Daarin wordt voor diefstal uit een auto in geval van recidive een onvoorwaardelijke gevangenisstraf voor de duur van 6 weken genoemd.<\/p>\n<p>In hetgeen namens de verdachte over zijn persoonlijke omstandigheden naar voren is gebracht, ziet het hof geen aanleiding om een lagere straf op te leggen. Hij heeft die omstandigheden ook niet zelf van een nadere toelichting voorzien.<\/p>\n<p>Het hof acht, alles afwegende, een gevangenisstraf voor de duur van 2 maanden, waarvan 1 maand voorwaardelijk, met een proeftijd van 2 jaren, passend en geboden.<\/p>\n<h3>Vordering van de benadeelde partij [benadeelde partij]<\/h3>\n<p>De benadeelde partij heeft zich in eerste aanleg in het strafproces gevoegd met een vordering tot schadevergoeding. Deze bedraagt \u20ac 1.103,32, bestaande uit materi\u00eble schade. De vordering is bij het vonnis waarvan beroep toegewezen tot een bedrag van \u20ac 751,35. De benadeelde partij heeft zich in hoger beroep niet opnieuw gevoegd. Het hof heeft in hoger beroep te oordelen over de gevorderde schadevergoeding voor zover deze in eerste aanleg is toegewezen.<\/p>\n<p>De advocaat-generaal heeft gevorderd dat de vordering tot schadevergoeding geheel wordt toegewezen.<\/p>\n<p>De raadsman heeft zich niet uitgelaten over de vordering van de benadeelde partij.<\/p>\n<p>Het hof overweegt als volgt.<\/p>\n<p>Uit het onderzoek ter terechtzitting is het hof voldoende gebleken dat de benadeelde partij als gevolg van het bewezenverklaarde handelen van de verdachte rechtstreeks schade heeft geleden. De benadeelde partij heeft voor het aanschaffen van een nieuw paspoort (\u20ac 77,85) een bewijs van afschrijving van 8 november 2023 aangeleverd, en een factuur van een Embleem, PVC (\u20ac 113,50), die de benadeelde kort voor het bewezenverklaarde heeft betaald. Het hof is van oordeel dat deze kosten volledig voor vergoeding in aanmerking komen.<\/p>\n<p>Ten aanzien van de Oakley zonnebril en de Sony koptelefoon zal het hof gebruik maken van zijn schattingsbevoegdheid om de materi\u00eble schade naar redelijkheid vast te stellen. Uit de onderbouwende stukken blijkt namelijk dat de Oakley zonnebril op 28 april 2023 is aangeschaft, en de Sony koptelefoon op 20 april 2019. Het hof zal daarom een bedrag van \u20ac 130 voor de zonnebril, en \u20ac 100 voor de koptelefoon toewijzen.<\/p>\n<p>Naar het oordeel van het hof bedraagt de materi\u00eble schade van de benadeelde partij in totaal \u20ac 421,35.<\/p>\n<p>Voor het overige is het hof van oordeel dat behandeling van de vordering een onevenredige belasting van het strafgeding oplevert. In zoverre kan de benadeelde partij daarom thans in de vordering niet worden ontvangen en kan de vordering slechts bij de burgerlijke rechter worden aangebracht.<\/p>\n<p>Het hof zal de schadevergoedingsmaatregel opleggen op de hierna te noemen wijze om te bevorderen dat de schade door de verdachte wordt vergoed.<\/p>\n<h3>Toepasselijke wettelijke voorschriften<\/h3>\n<p>De op te leggen straf is gegrond op de artikelen 14a, 14b, 14c, 36f, 63 en 311 van het Wetboek van Strafrecht.<\/p>\n<h3>BESLISSING<\/h3>\n<p>Het hof:<\/p>\n<p>Vernietigt het vonnis waarvan beroep en doet opnieuw recht:<\/p>\n<p>Verklaart zoals hiervoor overwogen bewezen dat de verdachte het tenlastegelegde heeft begaan.<\/p>\n<p>Verklaart niet bewezen hetgeen de verdachte meer of anders is tenlastegelegd dan hierboven is bewezenverklaard en spreekt de verdachte daarvan vrij.<\/p>\n<p>Verklaart het bewezenverklaarde strafbaar, kwalificeert dit als hiervoor vermeld en verklaart de verdachte strafbaar.<\/p>\n<p>Veroordeelt de verdachte tot een gevangenisstraf voor de duur van 2 (twee) maanden.<\/p>\n<p>Bepaalt dat een gedeelte van de gevangenisstraf, groot 1 (\u00e9\u00e9n) maand, niet ten uitvoer zal worden gelegd, tenzij de rechter later anders mocht gelasten omdat de verdachte zich voor het einde van een proeftijd van 2 (twee) jaren aan een strafbaar feit heeft schuldig gemaakt.<\/p>\n<p>Vordering van de benadeelde partij [benadeelde partij]<\/p>\n<p>Wijst toe de vordering tot schadevergoeding van de benadeelde partij [benadeelde partij] ter zake van het bewezenverklaarde tot het bedrag van \u20ac 421,35 (vierhonderdeenentwintig euro en vijfendertig cent) ter zake van materi\u00eble schade, vermeerderd met de wettelijke rente vanaf de hierna te noemen aanvangsdatum tot aan de dag der voldoening.<\/p>\n<p>Verklaart de benadeelde partij voor het overige niet-ontvankelijk in de vordering en bepaalt dat de benadeelde partij in zoverre de vordering slechts bij de burgerlijke rechter kan aanbrengen.<\/p>\n<p>Veroordeelt de verdachte in de door de benadeelde partij gemaakte en ten behoeve van de tenuitvoerlegging nog te maken kosten, tot aan de datum van deze uitspraak begroot op nihil.<\/p>\n<p>Legt aan de verdachte de verplichting op om aan de Staat, ten behoeve van het slachtoffer, genaamd [benadeelde partij] , ter zake van het bewezenverklaarde een bedrag te betalen van \u20ac 421,35 (vierhonderdeenentwintig euro en vijfendertig cent) als vergoeding voor materi\u00eble schade, vermeerderd met de wettelijke rente vanaf de hierna te noemen aanvangsdatum tot aan de dag der voldoening.<\/p>\n<p>Bepaalt de duur van de gijzeling op ten hoogste 8 (acht) dagen. Toepassing van die gijzeling heft de verplichting tot schadevergoeding aan de Staat ten behoeve van het slachtoffer niet op.<\/p>\n<p>Bepaalt dat indien en voor zover de verdachte aan een van beide betalingsverplichtingen heeft voldaan, de andere vervalt.<\/p>\n<p>Bepaalt de aanvangsdatum van de wettelijke rente voor de materi\u00eble schade op 5 november 2023.<\/p>\n<p>Dit arrest is gewezen door de meervoudige strafkamer van het gerechtshof Amsterdam, waarin zitting hadden mr. M.J.A. Duker, mr. N.R.A. Meerbeek en mr. B. de Wilde, in tegenwoordigheid van mr. M.S. Fritsche, griffier, en is uitgesproken op de openbare terechtzitting van dit gerechtshof van 17 november 2025.<\/p>\n<p>mr. B. de Wilde is buiten staat dit arrest mede te ondertekenen.<\/p>\n<p>=========================================================================<\/p>\n<p>[\u2026]<\/p>\n<\/div>\n<hr class=\"kji-sep\" \/>\n<p class=\"kji-source-links\"><strong>Sources officielles :<\/strong> <a class=\"kji-source-link\" href=\"http:\/\/deeplink.rechtspraak.nl\/uitspraak?id=ECLI:NL:GHAMS:2025:3783\" target=\"_blank\" rel=\"noopener noreferrer\">consulter la page source<\/a><\/p>\n<p class=\"kji-license-note\"><em>Rechtspraak.nl open data, Creative Commons Zero. Volume cible 1.8M decisions.<\/em><\/p>\n<\/div>\n","protected":false},"excerpt":{"rendered":"<p>Het hof constateert dat de stills van de door de verbalisanten bekeken bewegende beelden scherp zijn en van voldoende kwaliteit om een herkenning op te baseren. Het hof ziet geen reden om aan de betrouwbaarheid van de herkenningen van de verdachte te twijfelen en acht die bruikbaar voor het bewijs. De verdachte heeft zich, samen met de medeverdachte, schuldig gemaakt aan diefstal uit een auto d&#8230;<\/p>\n","protected":false},"featured_media":0,"template":"","meta":{"_crdt_document":""},"kji_country":[7669],"kji_court":[8385],"kji_chamber":[],"kji_year":[8463],"kji_subject":[7632],"kji_keyword":[8000,20455,8136,8388,8072],"kji_language":[7671],"class_list":["post-587993","kji_decision","type-kji_decision","status-publish","hentry","kji_country-pays-bas","kji_court-gerechtshof-amsterdam","kji_year-8463","kji_subject-penal","kji_keyword-amsterdam","kji_keyword-constateert","kji_keyword-gerechtshof","kji_keyword-ghams","kji_keyword-verdachte","kji_language-nl"],"yoast_head":"<!-- This site is optimized with the Yoast SEO Premium plugin v27.5 (Yoast SEO v27.5) - https:\/\/yoast.com\/product\/yoast-seo-premium-wordpress\/ -->\n<title>ECLI:NL:GHAMS:2025:3783 Gerechtshof Amsterdam , 17-11-2025 \/ 23-000315-25 - Ma\u00eetre Hassan Kohen, avocat en droit p\u00e9nal \u00e0 Paris<\/title>\n<meta name=\"robots\" content=\"index, follow, max-snippet:-1, max-image-preview:large, max-video-preview:-1\" \/>\n<link rel=\"canonical\" href=\"https:\/\/kohenavocats.com\/ru\/jurisprudences\/eclinlghams20253783-gerechtshof-amsterdam-17-11-2025-23-000315-25\/\" \/>\n<meta property=\"og:locale\" content=\"ru_RU\" \/>\n<meta property=\"og:type\" content=\"article\" \/>\n<meta property=\"og:title\" content=\"ECLI:NL:GHAMS:2025:3783 Gerechtshof Amsterdam , 17-11-2025 \/ 23-000315-25\" \/>\n<meta property=\"og:description\" content=\"Het hof constateert dat de stills van de door de verbalisanten bekeken bewegende beelden scherp zijn en van voldoende kwaliteit om een herkenning op te baseren. Het hof ziet geen reden om aan de betrouwbaarheid van de herkenningen van de verdachte te twijfelen en acht die bruikbaar voor het bewijs. De verdachte heeft zich, samen met de medeverdachte, schuldig gemaakt aan diefstal uit een auto d...\" \/>\n<meta property=\"og:url\" content=\"https:\/\/kohenavocats.com\/ru\/jurisprudences\/eclinlghams20253783-gerechtshof-amsterdam-17-11-2025-23-000315-25\/\" \/>\n<meta property=\"og:site_name\" content=\"Ma\u00eetre Hassan Kohen, avocat en droit p\u00e9nal \u00e0 Paris\" \/>\n<meta name=\"twitter:card\" content=\"summary_large_image\" \/>\n<meta name=\"twitter:label1\" content=\"\u041f\u0440\u0438\u043c\u0435\u0440\u043d\u043e\u0435 \u0432\u0440\u0435\u043c\u044f \u0434\u043b\u044f \u0447\u0442\u0435\u043d\u0438\u044f\" \/>\n\t<meta name=\"twitter:data1\" content=\"12 \u043c\u0438\u043d\u0443\u0442\" \/>\n<script type=\"application\/ld+json\" class=\"yoast-schema-graph\">{\"@context\":\"https:\\\/\\\/schema.org\",\"@graph\":[{\"@type\":\"WebPage\",\"@id\":\"https:\\\/\\\/kohenavocats.com\\\/ru\\\/jurisprudences\\\/eclinlghams20253783-gerechtshof-amsterdam-17-11-2025-23-000315-25\\\/\",\"url\":\"https:\\\/\\\/kohenavocats.com\\\/ru\\\/jurisprudences\\\/eclinlghams20253783-gerechtshof-amsterdam-17-11-2025-23-000315-25\\\/\",\"name\":\"ECLI:NL:GHAMS:2025:3783 Gerechtshof Amsterdam , 17-11-2025 \\\/ 23-000315-25 - Ma\u00eetre Hassan Kohen, avocat en droit p\u00e9nal \u00e0 Paris\",\"isPartOf\":{\"@id\":\"https:\\\/\\\/kohenavocats.com\\\/ru\\\/#website\"},\"datePublished\":\"2026-04-17T16:46:20+00:00\",\"breadcrumb\":{\"@id\":\"https:\\\/\\\/kohenavocats.com\\\/ru\\\/jurisprudences\\\/eclinlghams20253783-gerechtshof-amsterdam-17-11-2025-23-000315-25\\\/#breadcrumb\"},\"inLanguage\":\"ru-RU\",\"potentialAction\":[{\"@type\":\"ReadAction\",\"target\":[\"https:\\\/\\\/kohenavocats.com\\\/ru\\\/jurisprudences\\\/eclinlghams20253783-gerechtshof-amsterdam-17-11-2025-23-000315-25\\\/\"]}]},{\"@type\":\"BreadcrumbList\",\"@id\":\"https:\\\/\\\/kohenavocats.com\\\/ru\\\/jurisprudences\\\/eclinlghams20253783-gerechtshof-amsterdam-17-11-2025-23-000315-25\\\/#breadcrumb\",\"itemListElement\":[{\"@type\":\"ListItem\",\"position\":1,\"name\":\"Home\",\"item\":\"https:\\\/\\\/kohenavocats.com\\\/ru\\\/avocats-en-droit-penal-a-paris-conseil-et-defense-strategique\\\/\"},{\"@type\":\"ListItem\",\"position\":2,\"name\":\"Jurisprudences\",\"item\":\"https:\\\/\\\/kohenavocats.com\\\/ru\\\/jurisprudences\\\/\"},{\"@type\":\"ListItem\",\"position\":3,\"name\":\"ECLI:NL:GHAMS:2025:3783 Gerechtshof Amsterdam , 17-11-2025 \\\/ 23-000315-25\"}]},{\"@type\":\"WebSite\",\"@id\":\"https:\\\/\\\/kohenavocats.com\\\/ru\\\/#website\",\"url\":\"https:\\\/\\\/kohenavocats.com\\\/ru\\\/\",\"name\":\"Kohen Avocats\",\"description\":\"Ma\u00eetre Hassan Kohen, avocat p\u00e9naliste \u00e0 Paris, intervient exclusivement en droit p\u00e9nal pour la d\u00e9fense des particuliers, notamment en mati\u00e8re d\u2019accusations de viol. Il assure un accompagnement rigoureux d\u00e8s la garde \u00e0 vue jusqu\u2019\u00e0 la Cour d\u2019assises, veillant au strict respect des garanties proc\u00e9durales.\",\"publisher\":{\"@id\":\"https:\\\/\\\/kohenavocats.com\\\/ru\\\/#organization\"},\"potentialAction\":[{\"@type\":\"SearchAction\",\"target\":{\"@type\":\"EntryPoint\",\"urlTemplate\":\"https:\\\/\\\/kohenavocats.com\\\/ru\\\/?s={search_term_string}\"},\"query-input\":{\"@type\":\"PropertyValueSpecification\",\"valueRequired\":true,\"valueName\":\"search_term_string\"}}],\"inLanguage\":\"ru-RU\"},{\"@type\":\"Organization\",\"@id\":\"https:\\\/\\\/kohenavocats.com\\\/ru\\\/#organization\",\"name\":\"Kohen Avocats\",\"url\":\"https:\\\/\\\/kohenavocats.com\\\/ru\\\/\",\"logo\":{\"@type\":\"ImageObject\",\"inLanguage\":\"ru-RU\",\"@id\":\"https:\\\/\\\/kohenavocats.com\\\/ru\\\/#\\\/schema\\\/logo\\\/image\\\/\",\"url\":\"https:\\\/\\\/kohenavocats.com\\\/wp-content\\\/uploads\\\/2026\\\/01\\\/Logo-2-1.webp\",\"contentUrl\":\"https:\\\/\\\/kohenavocats.com\\\/wp-content\\\/uploads\\\/2026\\\/01\\\/Logo-2-1.webp\",\"width\":2114,\"height\":1253,\"caption\":\"Kohen Avocats\"},\"image\":{\"@id\":\"https:\\\/\\\/kohenavocats.com\\\/ru\\\/#\\\/schema\\\/logo\\\/image\\\/\"}}]}<\/script>\n<!-- \/ Yoast SEO Premium plugin. -->","yoast_head_json":{"title":"ECLI:NL:GHAMS:2025:3783 Gerechtshof Amsterdam , 17-11-2025 \/ 23-000315-25 - Ma\u00eetre Hassan Kohen, avocat en droit p\u00e9nal \u00e0 Paris","robots":{"index":"index","follow":"follow","max-snippet":"max-snippet:-1","max-image-preview":"max-image-preview:large","max-video-preview":"max-video-preview:-1"},"canonical":"https:\/\/kohenavocats.com\/ru\/jurisprudences\/eclinlghams20253783-gerechtshof-amsterdam-17-11-2025-23-000315-25\/","og_locale":"ru_RU","og_type":"article","og_title":"ECLI:NL:GHAMS:2025:3783 Gerechtshof Amsterdam , 17-11-2025 \/ 23-000315-25","og_description":"Het hof constateert dat de stills van de door de verbalisanten bekeken bewegende beelden scherp zijn en van voldoende kwaliteit om een herkenning op te baseren. Het hof ziet geen reden om aan de betrouwbaarheid van de herkenningen van de verdachte te twijfelen en acht die bruikbaar voor het bewijs. De verdachte heeft zich, samen met de medeverdachte, schuldig gemaakt aan diefstal uit een auto d...","og_url":"https:\/\/kohenavocats.com\/ru\/jurisprudences\/eclinlghams20253783-gerechtshof-amsterdam-17-11-2025-23-000315-25\/","og_site_name":"Ma\u00eetre Hassan Kohen, avocat en droit p\u00e9nal \u00e0 Paris","twitter_card":"summary_large_image","twitter_misc":{"\u041f\u0440\u0438\u043c\u0435\u0440\u043d\u043e\u0435 \u0432\u0440\u0435\u043c\u044f \u0434\u043b\u044f \u0447\u0442\u0435\u043d\u0438\u044f":"12 \u043c\u0438\u043d\u0443\u0442"},"schema":{"@context":"https:\/\/schema.org","@graph":[{"@type":"WebPage","@id":"https:\/\/kohenavocats.com\/ru\/jurisprudences\/eclinlghams20253783-gerechtshof-amsterdam-17-11-2025-23-000315-25\/","url":"https:\/\/kohenavocats.com\/ru\/jurisprudences\/eclinlghams20253783-gerechtshof-amsterdam-17-11-2025-23-000315-25\/","name":"ECLI:NL:GHAMS:2025:3783 Gerechtshof Amsterdam , 17-11-2025 \/ 23-000315-25 - Ma\u00eetre Hassan Kohen, avocat en droit p\u00e9nal \u00e0 Paris","isPartOf":{"@id":"https:\/\/kohenavocats.com\/ru\/#website"},"datePublished":"2026-04-17T16:46:20+00:00","breadcrumb":{"@id":"https:\/\/kohenavocats.com\/ru\/jurisprudences\/eclinlghams20253783-gerechtshof-amsterdam-17-11-2025-23-000315-25\/#breadcrumb"},"inLanguage":"ru-RU","potentialAction":[{"@type":"ReadAction","target":["https:\/\/kohenavocats.com\/ru\/jurisprudences\/eclinlghams20253783-gerechtshof-amsterdam-17-11-2025-23-000315-25\/"]}]},{"@type":"BreadcrumbList","@id":"https:\/\/kohenavocats.com\/ru\/jurisprudences\/eclinlghams20253783-gerechtshof-amsterdam-17-11-2025-23-000315-25\/#breadcrumb","itemListElement":[{"@type":"ListItem","position":1,"name":"Home","item":"https:\/\/kohenavocats.com\/ru\/avocats-en-droit-penal-a-paris-conseil-et-defense-strategique\/"},{"@type":"ListItem","position":2,"name":"Jurisprudences","item":"https:\/\/kohenavocats.com\/ru\/jurisprudences\/"},{"@type":"ListItem","position":3,"name":"ECLI:NL:GHAMS:2025:3783 Gerechtshof Amsterdam , 17-11-2025 \/ 23-000315-25"}]},{"@type":"WebSite","@id":"https:\/\/kohenavocats.com\/ru\/#website","url":"https:\/\/kohenavocats.com\/ru\/","name":"Kohen Avocats","description":"Ma\u00eetre Hassan Kohen, avocat p\u00e9naliste \u00e0 Paris, intervient exclusivement en droit p\u00e9nal pour la d\u00e9fense des particuliers, notamment en mati\u00e8re d\u2019accusations de viol. Il assure un accompagnement rigoureux d\u00e8s la garde \u00e0 vue jusqu\u2019\u00e0 la Cour d\u2019assises, veillant au strict respect des garanties proc\u00e9durales.","publisher":{"@id":"https:\/\/kohenavocats.com\/ru\/#organization"},"potentialAction":[{"@type":"SearchAction","target":{"@type":"EntryPoint","urlTemplate":"https:\/\/kohenavocats.com\/ru\/?s={search_term_string}"},"query-input":{"@type":"PropertyValueSpecification","valueRequired":true,"valueName":"search_term_string"}}],"inLanguage":"ru-RU"},{"@type":"Organization","@id":"https:\/\/kohenavocats.com\/ru\/#organization","name":"Kohen Avocats","url":"https:\/\/kohenavocats.com\/ru\/","logo":{"@type":"ImageObject","inLanguage":"ru-RU","@id":"https:\/\/kohenavocats.com\/ru\/#\/schema\/logo\/image\/","url":"https:\/\/kohenavocats.com\/wp-content\/uploads\/2026\/01\/Logo-2-1.webp","contentUrl":"https:\/\/kohenavocats.com\/wp-content\/uploads\/2026\/01\/Logo-2-1.webp","width":2114,"height":1253,"caption":"Kohen Avocats"},"image":{"@id":"https:\/\/kohenavocats.com\/ru\/#\/schema\/logo\/image\/"}}]}},"jetpack_likes_enabled":false,"jetpack_sharing_enabled":true,"_links":{"self":[{"href":"https:\/\/kohenavocats.com\/ru\/wp-json\/wp\/v2\/kji_decision\/587993","targetHints":{"allow":["GET"]}}],"collection":[{"href":"https:\/\/kohenavocats.com\/ru\/wp-json\/wp\/v2\/kji_decision"}],"about":[{"href":"https:\/\/kohenavocats.com\/ru\/wp-json\/wp\/v2\/types\/kji_decision"}],"wp:attachment":[{"href":"https:\/\/kohenavocats.com\/ru\/wp-json\/wp\/v2\/media?parent=587993"}],"wp:term":[{"taxonomy":"kji_country","embeddable":true,"href":"https:\/\/kohenavocats.com\/ru\/wp-json\/wp\/v2\/kji_country?post=587993"},{"taxonomy":"kji_court","embeddable":true,"href":"https:\/\/kohenavocats.com\/ru\/wp-json\/wp\/v2\/kji_court?post=587993"},{"taxonomy":"kji_chamber","embeddable":true,"href":"https:\/\/kohenavocats.com\/ru\/wp-json\/wp\/v2\/kji_chamber?post=587993"},{"taxonomy":"kji_year","embeddable":true,"href":"https:\/\/kohenavocats.com\/ru\/wp-json\/wp\/v2\/kji_year?post=587993"},{"taxonomy":"kji_subject","embeddable":true,"href":"https:\/\/kohenavocats.com\/ru\/wp-json\/wp\/v2\/kji_subject?post=587993"},{"taxonomy":"kji_keyword","embeddable":true,"href":"https:\/\/kohenavocats.com\/ru\/wp-json\/wp\/v2\/kji_keyword?post=587993"},{"taxonomy":"kji_language","embeddable":true,"href":"https:\/\/kohenavocats.com\/ru\/wp-json\/wp\/v2\/kji_language?post=587993"}],"curies":[{"name":"wp","href":"https:\/\/api.w.org\/{rel}","templated":true}]}}