{"id":587999,"date":"2026-04-17T18:46:38","date_gmt":"2026-04-17T16:46:38","guid":{"rendered":"https:\/\/kohenavocats.com\/jurisprudences\/eclinlrbdha202521476-rechtbank-den-haag-07-11-2025-c-09-681419-fa-rk-25-1704\/"},"modified":"2026-04-17T18:46:38","modified_gmt":"2026-04-17T16:46:38","slug":"eclinlrbdha202521476-rechtbank-den-haag-07-11-2025-c-09-681419-fa-rk-25-1704","status":"publish","type":"kji_decision","link":"https:\/\/kohenavocats.com\/ru\/jurisprudences\/eclinlrbdha202521476-rechtbank-den-haag-07-11-2025-c-09-681419-fa-rk-25-1704\/","title":{"rendered":"ECLI:NL:RBDHA:2025:21476 Rechtbank Den Haag , 07-11-2025 \/ C\/09\/681419 \/ FA RK 25-1704"},"content":{"rendered":"<div class=\"kji-decision\">\n<div class=\"kji-full-text\">\n<p><strong>Inhoudsindicatie.<\/strong> Vaststellen geboortegegevens en naamswijzging<\/p>\n<p>Rechtbank DEN HAAG<\/p>\n<p>Enkelvoudige kamer<\/p>\n<p>Rekestnummer: FA RK 25-1704<\/p>\n<p>Zaaknummer: C\/09\/681419<\/p>\n<p>Datum beschikking: 7 november 2025<\/p>\n<h3>Vaststellen geboortegegevens en naamswijziging<\/h3>\n<h3>Beschikking op het op 3 maart 2025 ingekomen verzoekschrift van:<\/h3>\n<h3>[verzoeker] ,<\/h3>\n<p>verzoeker,<\/p>\n<p>wonende op een bij de rechtbank bekend adres,<\/p>\n<p>Volgorde = geslachtsnaam, voornaam, geboren op &#8230;.. te &#8230;..,<\/p>\n<p>Toelichting: Geboorteplaats bepaalt de gemeente waar de akte is of moet worden opgenomen en dus ook welke rechtbank bevoegd is ex art. 263 Rv.<\/p>\n<p>advocaat: mr. R.G. Groen te \u2018s-Gravenhage.<\/p>\n<p>Als belanghebbende wordt aangemerkt:<\/p>\n<h3>de ambtenaar van de burgerlijke stand van de gemeente \u2019s-Gravenhage,<\/h3>\n<p>zetelend te \u2019s-Gravenhage,<\/p>\n<p>de ambtenaar.<\/p>\n<h3>Procedure<\/h3>\n<p>De rechtbank heeft kennisgenomen van de stukken, waaronder:<\/p>\n<p>&#8212; het verzoekschrift, met bijlagen;<\/p>\n<p>&#8212; het F9 formulier van 27 maart 2025 met bijlagen van verzoeker;<\/p>\n<p>&#8212; de brief van 21 mei 2025 van de ambtenaar;<\/p>\n<p>&#8212; de brief van 28 juli 2025 van de ambtenaar;<\/p>\n<p>&#8212; het F9 formulier van 24 september 2025 van verzoeker.<\/p>\n<h3>Verzoek en verweer<\/h3>\n<p>Het verzoekschrift strekt ertoe dat:<\/p>\n<p>a. de geboortegegevens van verzoeker als volgt worden vastgesteld:<\/p>\n<p>&#8212; naam: [geslachtsnaam]<\/p>\n<p>&#8212; voornamen: [voornamen]<\/p>\n<p>&#8212; dag van geboorte: [geboortedatum] 1974<\/p>\n<p>&#8212; plaats van geboorte: [geboorteplaats] , Soedan<\/p>\n<p>&#8212; geslacht: M (mannelijk)<\/p>\n<p>&#8212; naam vader: [geslachtsnaam vader]<\/p>\n<p>&#8212; voornamen vader: [voornamen vader]<\/p>\n<p>&#8212; dag van geboorte vader: [geboortedatum vader] 1935<\/p>\n<p>&#8212; plaats van geboorte vader: [geboorteplaats] , Soedan<\/p>\n<p>&#8212; naam moeder: [geslachtsnaam moeder]<\/p>\n<p>&#8212; voornamen moeder: [voornamen moeder]<\/p>\n<p>&#8212; dag van geboorte moeder: [geboortedatum moeder] 0000<\/p>\n<p>&#8212; plaats van geboorte moeder: [geboorteplaats] , Soedan<\/p>\n<p>de ambtenaar gelast wordt aan de hand van voornoemde gegevens de geboorteakte op te maken en in te schrijven in de registers van de burgerlijke stand van de gemeente Den Haag;<\/p>\n<p>de ambtenaar gelast wordt de (eerste) voornaam \u201c [eerste voornaam oud] \u201d van verzoeker, zoals vermeld in de met voormelde geboortegegevens opgemaakte geboorteakte, te wijzigen in die zin dat deze voortaan luidt: \u201c [eerste voornaam nieuw] \u201d.<\/p>\n<p>De ambtenaar heeft geen bezwaar tegen vaststelling van de volgende geboortegegevens:<\/p>\n<p>Naam : [verzoeker]<\/p>\n<p>Voornamen : &#8212;<\/p>\n<p>Geboortedatum : [geboortedatum] 1974<\/p>\n<p>Geboorteplaats : [geboorteplaats] , Soedan<\/p>\n<p>Geslacht : M (mannelijk)<\/p>\n<h3>Feiten<\/h3>\n<p>&#8212; Bij eerste vestiging op 26 mei 2004 in de gemeente [gemeente] is verzoeker op basis van een verklaring onder ede opgenomen in de Basisregistratie personen (Brp) met de gegevens [verzoeker] , geboren op [geboortedatum] 1974 te [geboorteplaats] , Soedan als zoon van [vader verzoeker] (vader) en [moeder verzoeker] (moeder).<\/p>\n<p>&#8212; Bij Koninklijk besluit met nummer 10.002694 is op 1 oktober 2010 aan verzoeker het Nederlanderschap verleend.<\/p>\n<p>&#8212; Verzoeker verbleef tot het verkrijgen van het Nederlanderschap verblijft rechtmatig in Nederland op grond van artikel 8 onder c en d van de Vreemdelingenwet 2000.<\/p>\n<p>&#8212; In de registers van de burgerlijke stand van de gemeente \u2019s-Gravenhage komt geen geboorteakte van verzoeker voor.<\/p>\n<h3>Beoordeling<\/h3>\n<p>Vaststellen geboortegegevens<\/p>\n<p>Rechtsmacht en toepasselijk recht<\/p>\n<p>Omdat verzoeker in Nederland woont, heeft de Nederlandse rechter rechtsmacht op grond van artikel 3 aanhef en onder a van het Wetboek van Burgerlijke Rechtsvordering.<\/p>\n<p>Het verzoek is gebaseerd op artikel 1:25c van het Burgerlijk Wetboek (BW). Nu het gaat om het opmaken van een akte in de Nederlandse registers van de burgerlijke stand is op het verzoek Nederlands recht van toepassing.<\/p>\n<p>Ontvankelijkheid<\/p>\n<p>Op grond van artikel 1:25c, lid 1, BW, kan deze rechtbank, indien ten aanzien van een buiten Nederland geboren persoon geen akte van geboorte overeenkomstig de plaatselijke voorschriften door een bevoegde instantie is opgemaakt of kan worden overgelegd, op verzoek van het openbaar ministerie, van een belanghebbende of van de ambtenaar, de voor het opmaken van een geboorteakte noodzakelijke gegevens vaststellen, indien:<\/p>\n<p>die persoon Nederlander is of te eniger tijd Nederlander dan wel Nederlands onderdaan niet-Nederlander is geweest;<\/p>\n<p>die persoon rechtmatig verblijft op grond van artikel 8, onder c en d, van de Vreemdelingenwet 2000;<\/p>\n<p>op grond van Boek 1 van het Burgerlijk Wetboek een latere vermelding aan de akte van geboorte moet worden toegevoegd.<\/p>\n<p>Omdat verzoeker de Nederlandse nationaliteit heeft, is hij ontvankelijk in zijn verzoek.<\/p>\n<p>Inhoudelijke beoordeling<\/p>\n<p>De rechtbank is gebleken dat geen geboorteakte van verzoeker is ingeschreven in de registers van de burgerlijke stand van \u2019s-Gravenhage en onder de overgelegde stukken bevindt zich ook geen geboorteakte van verzoeker. De ambtenaar heeft gesteld dat nu verzoeker destijds op grond van artikel 8 onder c en d van de Vreemdelingenwet 2000 een vergunning is verleend, van verzoeker, ook mede gelet op de huidige situatie in Soedan, niet verwacht kan worden contact op te nemen met de autoriteiten van Soedan om zijn geboorteakte op te vragen. De rechtbank is met de ambtenaar van oordeel dat verzoeker voldoende aannemelijk heeft gemaakt dat hij niet beschikt over een overeenkomstig de plaatselijke voorschriften door een bevoegde instantie opgemaakte akte van geboorte en deze ook niet kan verkrijgen. Daarom moeten de geboortegegevens worden vastgesteld zoals bedoeld in artikel 1:25c BW.<\/p>\n<p>De ambtenaar heeft opgemerkt dat Soedan een namenreeks kent, waarin geen onderscheid wordt gemaakt tussen voor- en geslachtsnaam. Het ligt volgens de ambtenaar dan ook voor de hand de naam van verzoeker als namenreeks vast te stellen. Verzoeker heeft hiermee blijkens zijn F9 formulier van 24 september 2025 ingestemd, zodat er een namenreeks dient te worden vastgesteld. Verder heeft de ambtenaar aangegeven dat nu er geen aanwijzingen zijn verkregen hoe de oudergegevens van verzoeker dienen te luiden, dan wel hoe de afstamming tot stand is gekomen, het voor de hand ligt deze niet vaststellen. Ook hiermee heeft verzoeker ingestemd. De rechtbank zal daarom geen oudergegevens van verzoeker vaststellen.<\/p>\n<p>De rechtbank is van oordeel dat uit de inhoud van de in het geding gebrachte stukken voldoende aanwijzingen zijn verkregen omtrent de omstandigheden waaronder en de datum waarop de geboorte van verzoeker moet hebben plaatsgehad. Het verzoek is op de wet gegrond en op navolgende wijze voor toewijzing vatbaar.<\/p>\n<p>Bij Koninklijk Besluit van 1 oktober 2010 is de geslachtsnaam van verzoeker vastgesteld als \u201c [geslachtsnaam] \u201d en de voornamen als \u201c [voornamen] \u201d. De ambtenaar dient daarvan na het opmaken van een geboorteakte een latere vermelding te maken.<\/p>\n<p>Wijziging naam<\/p>\n<p>Rechtsmacht en toepasselijk recht<\/p>\n<p>Omdat verzoeker in Nederland woont, heeft de Nederlandse rechter rechtsmacht op grond van artikel 3 aanhef en onder a van het Wetboek van Burgerlijke Rechtsvordering.<\/p>\n<p>Op grond van artikel 10:20 BW is Nederlands recht op het verzoek tot voornaamswijziging van toepassing.<\/p>\n<p>Inhoudelijke beoordeling<\/p>\n<p>Omdat de ambtenaar geen belanghebbende is bij de voornaamswijziging refereert deze zich aan het oordeel van de rechtbank.<\/p>\n<p>Naar het oordeel van de rechtbank is voldoende gebleken van een zwaarwichtig belang bij toewijzing van het verzoek tot voornaamswijziging. De gevraagde naam is geoorloofd naar de maatstaven van artikel 1:4 lid 2 BW. De rechtbank zal dat verzoek daarom toewijzen.<\/p>\n<p>Van de voornaamswijziging zal een latere vermelding worden toegevoegd aan de op te maken geboorteakte en de latere vermelding van de vaststelling van de geslachtsnaam en de voornamen bij Koninklijk Besluit, zoals genoemd. Het eindresultaat zal zijn dat de voornamen van verzoeker \u201c [voornamen nieuw] \u201d luiden en de geslachtsnaam van verzoeker \u201c [geslachtsnaam] \u201d luidt.<\/p>\n<h3>Beslissing<\/h3>\n<p>De rechtbank:<\/p>\n<p>stelt van verzoeker de volgende geboortegegevens vast:<\/p>\n<p>Naam : [verzoeker]<br \/>\nVoornamen : &#8212;<\/p>\n<p>Geboortedatum : [geboortedatum] 1974<br \/>\nGeboorteplaats : [geboorteplaats] , Soedan<br \/>\nGeslacht : M (mannelijk)<\/p>\n<p>gelast de wijziging van de voornamen van verzoeker in die zin dat de voornamen zullen luiden: \u201c [voornamen nieuw] \u201d;<\/p>\n<p>wijst af het meer of anders verzochte.<\/p>\n<p>Deze beschikking is gegeven door mr. C. de Jong-Kwestro, rechter, tevens kinderrechter, bijgestaan door mr. I.E. Moerkerk-van Kersbergen als griffier, en uitgesproken op de openbare zitting van 7 november 2025.<\/p>\n<\/div>\n<hr class=\"kji-sep\" \/>\n<p class=\"kji-source-links\"><strong>Sources officielles :<\/strong> <a class=\"kji-source-link\" href=\"http:\/\/deeplink.rechtspraak.nl\/uitspraak?id=ECLI:NL:RBDHA:2025:21476\" target=\"_blank\" rel=\"noopener noreferrer\">consulter la page source<\/a><\/p>\n<p class=\"kji-license-note\"><em>Rechtspraak.nl open data, Creative Commons Zero. Volume cible 1.8M decisions.<\/em><\/p>\n<\/div>\n","protected":false},"excerpt":{"rendered":"<p>Vaststellen geboortegegevens en naamswijzging<\/p>\n","protected":false},"featured_media":0,"template":"","meta":{"_crdt_document":""},"kji_country":[7669],"kji_court":[7670],"kji_chamber":[],"kji_year":[8463],"kji_subject":[7646],"kji_keyword":[9887,20458,7674,7675,9886],"kji_language":[7671],"class_list":["post-587999","kji_decision","type-kji_decision","status-publish","hentry","kji_country-pays-bas","kji_court-rechtbank-den-haag","kji_year-8463","kji_subject-divers","kji_keyword-geboortegegevens","kji_keyword-naamswijzging","kji_keyword-rbdha","kji_keyword-rechtbank","kji_keyword-vaststellen","kji_language-nl"],"yoast_head":"<!-- This site is optimized with the Yoast SEO Premium plugin v27.4 (Yoast SEO v27.4) - https:\/\/yoast.com\/product\/yoast-seo-premium-wordpress\/ -->\n<title>ECLI:NL:RBDHA:2025:21476 Rechtbank Den Haag , 07-11-2025 \/ C\/09\/681419 \/ FA RK 25-1704 - Ma\u00eetre Hassan Kohen, avocat en droit p\u00e9nal \u00e0 Paris<\/title>\n<meta name=\"robots\" content=\"index, follow, max-snippet:-1, max-image-preview:large, max-video-preview:-1\" \/>\n<link rel=\"canonical\" href=\"https:\/\/kohenavocats.com\/ru\/jurisprudences\/eclinlrbdha202521476-rechtbank-den-haag-07-11-2025-c-09-681419-fa-rk-25-1704\/\" \/>\n<meta property=\"og:locale\" content=\"ru_RU\" \/>\n<meta property=\"og:type\" content=\"article\" \/>\n<meta property=\"og:title\" content=\"ECLI:NL:RBDHA:2025:21476 Rechtbank Den Haag , 07-11-2025 \/ C\/09\/681419 \/ FA RK 25-1704\" \/>\n<meta property=\"og:description\" content=\"Vaststellen geboortegegevens en naamswijzging\" \/>\n<meta property=\"og:url\" content=\"https:\/\/kohenavocats.com\/ru\/jurisprudences\/eclinlrbdha202521476-rechtbank-den-haag-07-11-2025-c-09-681419-fa-rk-25-1704\/\" \/>\n<meta property=\"og:site_name\" content=\"Ma\u00eetre Hassan Kohen, avocat en droit p\u00e9nal \u00e0 Paris\" \/>\n<meta name=\"twitter:card\" content=\"summary_large_image\" \/>\n<meta name=\"twitter:label1\" content=\"\u041f\u0440\u0438\u043c\u0435\u0440\u043d\u043e\u0435 \u0432\u0440\u0435\u043c\u044f \u0434\u043b\u044f \u0447\u0442\u0435\u043d\u0438\u044f\" \/>\n\t<meta name=\"twitter:data1\" content=\"6 \u043c\u0438\u043d\u0443\u0442\" \/>\n<script type=\"application\/ld+json\" class=\"yoast-schema-graph\">{\"@context\":\"https:\\\/\\\/schema.org\",\"@graph\":[{\"@type\":\"WebPage\",\"@id\":\"https:\\\/\\\/kohenavocats.com\\\/ru\\\/jurisprudences\\\/eclinlrbdha202521476-rechtbank-den-haag-07-11-2025-c-09-681419-fa-rk-25-1704\\\/\",\"url\":\"https:\\\/\\\/kohenavocats.com\\\/ru\\\/jurisprudences\\\/eclinlrbdha202521476-rechtbank-den-haag-07-11-2025-c-09-681419-fa-rk-25-1704\\\/\",\"name\":\"ECLI:NL:RBDHA:2025:21476 Rechtbank Den Haag , 07-11-2025 \\\/ C\\\/09\\\/681419 \\\/ FA RK 25-1704 - Ma\u00eetre Hassan Kohen, avocat en droit p\u00e9nal \u00e0 Paris\",\"isPartOf\":{\"@id\":\"https:\\\/\\\/kohenavocats.com\\\/ru\\\/#website\"},\"datePublished\":\"2026-04-17T16:46:38+00:00\",\"breadcrumb\":{\"@id\":\"https:\\\/\\\/kohenavocats.com\\\/ru\\\/jurisprudences\\\/eclinlrbdha202521476-rechtbank-den-haag-07-11-2025-c-09-681419-fa-rk-25-1704\\\/#breadcrumb\"},\"inLanguage\":\"ru-RU\",\"potentialAction\":[{\"@type\":\"ReadAction\",\"target\":[\"https:\\\/\\\/kohenavocats.com\\\/ru\\\/jurisprudences\\\/eclinlrbdha202521476-rechtbank-den-haag-07-11-2025-c-09-681419-fa-rk-25-1704\\\/\"]}]},{\"@type\":\"BreadcrumbList\",\"@id\":\"https:\\\/\\\/kohenavocats.com\\\/ru\\\/jurisprudences\\\/eclinlrbdha202521476-rechtbank-den-haag-07-11-2025-c-09-681419-fa-rk-25-1704\\\/#breadcrumb\",\"itemListElement\":[{\"@type\":\"ListItem\",\"position\":1,\"name\":\"Home\",\"item\":\"https:\\\/\\\/kohenavocats.com\\\/ru\\\/avocats-en-droit-penal-a-paris-conseil-et-defense-strategique\\\/\"},{\"@type\":\"ListItem\",\"position\":2,\"name\":\"Jurisprudences\",\"item\":\"https:\\\/\\\/kohenavocats.com\\\/ru\\\/jurisprudences\\\/\"},{\"@type\":\"ListItem\",\"position\":3,\"name\":\"ECLI:NL:RBDHA:2025:21476 Rechtbank Den Haag , 07-11-2025 \\\/ C\\\/09\\\/681419 \\\/ FA RK 25-1704\"}]},{\"@type\":\"WebSite\",\"@id\":\"https:\\\/\\\/kohenavocats.com\\\/ru\\\/#website\",\"url\":\"https:\\\/\\\/kohenavocats.com\\\/ru\\\/\",\"name\":\"Kohen Avocats\",\"description\":\"Ma\u00eetre Hassan Kohen, avocat p\u00e9naliste \u00e0 Paris, intervient exclusivement en droit p\u00e9nal pour la d\u00e9fense des particuliers, notamment en mati\u00e8re d\u2019accusations de viol. Il assure un accompagnement rigoureux d\u00e8s la garde \u00e0 vue jusqu\u2019\u00e0 la Cour d\u2019assises, veillant au strict respect des garanties proc\u00e9durales.\",\"publisher\":{\"@id\":\"https:\\\/\\\/kohenavocats.com\\\/ru\\\/#organization\"},\"potentialAction\":[{\"@type\":\"SearchAction\",\"target\":{\"@type\":\"EntryPoint\",\"urlTemplate\":\"https:\\\/\\\/kohenavocats.com\\\/ru\\\/?s={search_term_string}\"},\"query-input\":{\"@type\":\"PropertyValueSpecification\",\"valueRequired\":true,\"valueName\":\"search_term_string\"}}],\"inLanguage\":\"ru-RU\"},{\"@type\":\"Organization\",\"@id\":\"https:\\\/\\\/kohenavocats.com\\\/ru\\\/#organization\",\"name\":\"Kohen Avocats\",\"url\":\"https:\\\/\\\/kohenavocats.com\\\/ru\\\/\",\"logo\":{\"@type\":\"ImageObject\",\"inLanguage\":\"ru-RU\",\"@id\":\"https:\\\/\\\/kohenavocats.com\\\/ru\\\/#\\\/schema\\\/logo\\\/image\\\/\",\"url\":\"https:\\\/\\\/kohenavocats.com\\\/wp-content\\\/uploads\\\/2026\\\/01\\\/Logo-2-1.webp\",\"contentUrl\":\"https:\\\/\\\/kohenavocats.com\\\/wp-content\\\/uploads\\\/2026\\\/01\\\/Logo-2-1.webp\",\"width\":2114,\"height\":1253,\"caption\":\"Kohen Avocats\"},\"image\":{\"@id\":\"https:\\\/\\\/kohenavocats.com\\\/ru\\\/#\\\/schema\\\/logo\\\/image\\\/\"}}]}<\/script>\n<!-- \/ Yoast SEO Premium plugin. -->","yoast_head_json":{"title":"ECLI:NL:RBDHA:2025:21476 Rechtbank Den Haag , 07-11-2025 \/ C\/09\/681419 \/ FA RK 25-1704 - Ma\u00eetre Hassan Kohen, avocat en droit p\u00e9nal \u00e0 Paris","robots":{"index":"index","follow":"follow","max-snippet":"max-snippet:-1","max-image-preview":"max-image-preview:large","max-video-preview":"max-video-preview:-1"},"canonical":"https:\/\/kohenavocats.com\/ru\/jurisprudences\/eclinlrbdha202521476-rechtbank-den-haag-07-11-2025-c-09-681419-fa-rk-25-1704\/","og_locale":"ru_RU","og_type":"article","og_title":"ECLI:NL:RBDHA:2025:21476 Rechtbank Den Haag , 07-11-2025 \/ C\/09\/681419 \/ FA RK 25-1704","og_description":"Vaststellen geboortegegevens en naamswijzging","og_url":"https:\/\/kohenavocats.com\/ru\/jurisprudences\/eclinlrbdha202521476-rechtbank-den-haag-07-11-2025-c-09-681419-fa-rk-25-1704\/","og_site_name":"Ma\u00eetre Hassan Kohen, avocat en droit p\u00e9nal \u00e0 Paris","twitter_card":"summary_large_image","twitter_misc":{"\u041f\u0440\u0438\u043c\u0435\u0440\u043d\u043e\u0435 \u0432\u0440\u0435\u043c\u044f \u0434\u043b\u044f \u0447\u0442\u0435\u043d\u0438\u044f":"6 \u043c\u0438\u043d\u0443\u0442"},"schema":{"@context":"https:\/\/schema.org","@graph":[{"@type":"WebPage","@id":"https:\/\/kohenavocats.com\/ru\/jurisprudences\/eclinlrbdha202521476-rechtbank-den-haag-07-11-2025-c-09-681419-fa-rk-25-1704\/","url":"https:\/\/kohenavocats.com\/ru\/jurisprudences\/eclinlrbdha202521476-rechtbank-den-haag-07-11-2025-c-09-681419-fa-rk-25-1704\/","name":"ECLI:NL:RBDHA:2025:21476 Rechtbank Den Haag , 07-11-2025 \/ C\/09\/681419 \/ FA RK 25-1704 - Ma\u00eetre Hassan Kohen, avocat en droit p\u00e9nal \u00e0 Paris","isPartOf":{"@id":"https:\/\/kohenavocats.com\/ru\/#website"},"datePublished":"2026-04-17T16:46:38+00:00","breadcrumb":{"@id":"https:\/\/kohenavocats.com\/ru\/jurisprudences\/eclinlrbdha202521476-rechtbank-den-haag-07-11-2025-c-09-681419-fa-rk-25-1704\/#breadcrumb"},"inLanguage":"ru-RU","potentialAction":[{"@type":"ReadAction","target":["https:\/\/kohenavocats.com\/ru\/jurisprudences\/eclinlrbdha202521476-rechtbank-den-haag-07-11-2025-c-09-681419-fa-rk-25-1704\/"]}]},{"@type":"BreadcrumbList","@id":"https:\/\/kohenavocats.com\/ru\/jurisprudences\/eclinlrbdha202521476-rechtbank-den-haag-07-11-2025-c-09-681419-fa-rk-25-1704\/#breadcrumb","itemListElement":[{"@type":"ListItem","position":1,"name":"Home","item":"https:\/\/kohenavocats.com\/ru\/avocats-en-droit-penal-a-paris-conseil-et-defense-strategique\/"},{"@type":"ListItem","position":2,"name":"Jurisprudences","item":"https:\/\/kohenavocats.com\/ru\/jurisprudences\/"},{"@type":"ListItem","position":3,"name":"ECLI:NL:RBDHA:2025:21476 Rechtbank Den Haag , 07-11-2025 \/ C\/09\/681419 \/ FA RK 25-1704"}]},{"@type":"WebSite","@id":"https:\/\/kohenavocats.com\/ru\/#website","url":"https:\/\/kohenavocats.com\/ru\/","name":"Kohen Avocats","description":"Ma\u00eetre Hassan Kohen, avocat p\u00e9naliste \u00e0 Paris, intervient exclusivement en droit p\u00e9nal pour la d\u00e9fense des particuliers, notamment en mati\u00e8re d\u2019accusations de viol. Il assure un accompagnement rigoureux d\u00e8s la garde \u00e0 vue jusqu\u2019\u00e0 la Cour d\u2019assises, veillant au strict respect des garanties proc\u00e9durales.","publisher":{"@id":"https:\/\/kohenavocats.com\/ru\/#organization"},"potentialAction":[{"@type":"SearchAction","target":{"@type":"EntryPoint","urlTemplate":"https:\/\/kohenavocats.com\/ru\/?s={search_term_string}"},"query-input":{"@type":"PropertyValueSpecification","valueRequired":true,"valueName":"search_term_string"}}],"inLanguage":"ru-RU"},{"@type":"Organization","@id":"https:\/\/kohenavocats.com\/ru\/#organization","name":"Kohen Avocats","url":"https:\/\/kohenavocats.com\/ru\/","logo":{"@type":"ImageObject","inLanguage":"ru-RU","@id":"https:\/\/kohenavocats.com\/ru\/#\/schema\/logo\/image\/","url":"https:\/\/kohenavocats.com\/wp-content\/uploads\/2026\/01\/Logo-2-1.webp","contentUrl":"https:\/\/kohenavocats.com\/wp-content\/uploads\/2026\/01\/Logo-2-1.webp","width":2114,"height":1253,"caption":"Kohen Avocats"},"image":{"@id":"https:\/\/kohenavocats.com\/ru\/#\/schema\/logo\/image\/"}}]}},"jetpack_likes_enabled":false,"jetpack_sharing_enabled":true,"_links":{"self":[{"href":"https:\/\/kohenavocats.com\/ru\/wp-json\/wp\/v2\/kji_decision\/587999","targetHints":{"allow":["GET"]}}],"collection":[{"href":"https:\/\/kohenavocats.com\/ru\/wp-json\/wp\/v2\/kji_decision"}],"about":[{"href":"https:\/\/kohenavocats.com\/ru\/wp-json\/wp\/v2\/types\/kji_decision"}],"wp:attachment":[{"href":"https:\/\/kohenavocats.com\/ru\/wp-json\/wp\/v2\/media?parent=587999"}],"wp:term":[{"taxonomy":"kji_country","embeddable":true,"href":"https:\/\/kohenavocats.com\/ru\/wp-json\/wp\/v2\/kji_country?post=587999"},{"taxonomy":"kji_court","embeddable":true,"href":"https:\/\/kohenavocats.com\/ru\/wp-json\/wp\/v2\/kji_court?post=587999"},{"taxonomy":"kji_chamber","embeddable":true,"href":"https:\/\/kohenavocats.com\/ru\/wp-json\/wp\/v2\/kji_chamber?post=587999"},{"taxonomy":"kji_year","embeddable":true,"href":"https:\/\/kohenavocats.com\/ru\/wp-json\/wp\/v2\/kji_year?post=587999"},{"taxonomy":"kji_subject","embeddable":true,"href":"https:\/\/kohenavocats.com\/ru\/wp-json\/wp\/v2\/kji_subject?post=587999"},{"taxonomy":"kji_keyword","embeddable":true,"href":"https:\/\/kohenavocats.com\/ru\/wp-json\/wp\/v2\/kji_keyword?post=587999"},{"taxonomy":"kji_language","embeddable":true,"href":"https:\/\/kohenavocats.com\/ru\/wp-json\/wp\/v2\/kji_language?post=587999"}],"curies":[{"name":"wp","href":"https:\/\/api.w.org\/{rel}","templated":true}]}}