{"id":588008,"date":"2026-04-17T18:47:02","date_gmt":"2026-04-17T16:47:02","guid":{"rendered":"https:\/\/kohenavocats.com\/jurisprudences\/eclinlrbdha202520201-rechtbank-den-haag-29-10-2025-nl25-13939\/"},"modified":"2026-04-17T18:47:02","modified_gmt":"2026-04-17T16:47:02","slug":"eclinlrbdha202520201-rechtbank-den-haag-29-10-2025-nl25-13939","status":"publish","type":"kji_decision","link":"https:\/\/kohenavocats.com\/ru\/jurisprudences\/eclinlrbdha202520201-rechtbank-den-haag-29-10-2025-nl25-13939\/","title":{"rendered":"ECLI:NL:RBDHA:2025:20201 Rechtbank Den Haag , 29-10-2025 \/ NL25.13939"},"content":{"rendered":"<div class=\"kji-decision\">\n<div class=\"kji-full-text\">\n<p><strong>Inhoudsindicatie.<\/strong> Asielaanvraag; Libi\u00eb; Beroep gegrond; Verweerder mocht vinden dat eiser geen gegronde vrees voor vervolging heeft vanwege de politieke meningen van zijn vader; Verweerder heeft de inhoud van de overgelegde oproepen van de militie onvoldoende betrokken bij de beoordeling.<\/p>\n<p>RECHTBANK DEN HAAG<\/p>\n<p>Bestuursrecht<\/p>\n<p>zaaknummer: NL25.13939<\/p>\n<h3>uitspraak van de enkelvoudige kamer in de zaak tussen<\/h3>\n<h3>[eiser] , V-nummer: [v-nummer] , eiser<\/h3>\n<p>(gemachtigde: mr. H. Martens),<\/p>\n<p>en<\/p>\n<h3>de minister van Asiel en Migratie, verweerder<\/h3>\n<p>(gemachtigde: C.J. Ohrtmann).<\/p>\n<h3>Inleiding<\/h3>\n<p>1. In deze uitspraak beoordeelt de rechtbank het beroep van eiser tegen de afwijzing van zijn asielaanvraag.<\/p>\n<p>Eiser heeft op 16 mei 2022 een aanvraag tot het verlenen van een verblijfsvergunning asiel voor bepaalde tijd ingediend. Verweerder heeft met het bestreden besluit van 26 februari 2025 deze aanvraag in de verlengde procedure afgewezen als ongegrond.<\/p>\n<p>Verweerder heeft een verweerschrift ingediend.<\/p>\n<p>De rechtbank heeft het beroep op 21 augustus 2025 op zitting behandeld. Hieraan hebben deelgenomen: eiser, zijn gemachtigde, G. Ahmed als tolk en de gemachtigde van verweerder.<\/p>\n<p>De rechtbank heeft ter zitting het onderzoek geschorst teneinde verweerder in de gelegenheid te stellen om het Algemeen Ambtsbericht voor Libi\u00eb van 24 juli 2025 te overleggen en toe te lichten wat de informatie daarin betekent voor het bestreden besluit. Hierna heeft eiser de gelegenheid gekregen om hierop te reageren. De partijen hebben hier gebruik van gemaakt.<\/p>\n<p>Op 1 oktober 2025 heeft de rechtbank, met instemming van de partijen, het onderzoek gesloten zonder dat een nadere zitting plaatsvindt.<\/p>\n<h3>Beoordeling door de rechtbank<\/h3>\n<p>Waar gaat deze zaak over?<\/p>\n<p>Het asielrelaas<\/p>\n<p>2. Eiser heeft de Libische nationaliteit en is geboren op [geboortedatum] 1994. Eiser heeft verklaard dat hij in Libi\u00eb gevaar loopt omdat zijn vader zich kandidaat heeft gesteld voor de parlementsverkiezingen en zich kritisch heeft uitgelaten over de huidige regering. Eiser vreest dat hij bij een terugkeer naar Libi\u00eb ontvoerd zal worden om druk uit te oefenen op zijn vader. Ook vreest hij dat de Haftar-groepering hem zal vervolgen als zij weer controle over Tripoli krijgen en dat losgeldeisers hem zullen ontvoeren omdat hij uit het buitenland terugkeert.<\/p>\n<p>Het bestreden besluit<\/p>\n<p>3. Het asielrelaas bevat volgens verweerder de volgende asielmotieven:<\/p>\n<p>eisers identiteit, nationaliteit en herkomst (ook wel het eerste asielmotief);<\/p>\n<p>de politieke positie en meningen van eisers vader (ook wel het tweede asielmotief);<\/p>\n<p>eisers problemen vanwege deelname aan verzetscomit\u00e9 (ook wel het derde asielmotief).<\/p>\n<p>Verweerder vindt de drie asielmotieven geloofwaardig. Verweerder vindt echter dat eiser bij terugkeer naar Libi\u00eb geen gegronde vrees voor vervolging heeft en geen re\u00ebel risico loopt op ernstige schade als bedoeld in artikel 3 van het EVRM. Eiser heeft niet aannemelijk gemaakt dat hij bij terugkeer het risico loopt om ontvoerd te worden vanwege de politieke meningen van zijn vader of vanwege het feit dat hij terugkeert uit het buitenland. Ook heeft eiser niet aannemelijk gemaakt dat hij gegronde vrees heeft voor vervolging door de Haftar-groepering. Tot slot stelt verweerder zich op het standpunt dat er in Tripoli geen sprake is van een uitzonderlijke situatie waarbij de mate van willekeurig geweld zodanig hoog is dat een vreemdeling enkel door zijn aanwezigheid een re\u00ebel risico loopt op ernstige schade.<\/p>\n<p>Wat vindt eiser in beroep?<\/p>\n<p>4. Eiser is het niet eens met het bestreden besluit en voert \u2013 kort samengevat \u2013 het volgende aan. Eiser voert allereerst aan dat verweerder niet kan tegenwerpen dat hij in Libi\u00eb geen problemen heeft gehad, nu zijn vader pas kritiek op de huidige regering ging uiten nadat hij het land had verlaten. Ook vindt eiser dat hij wel degelijk feiten of omstandigheden heeft aangedragen waaruit blijkt dat het voor hem niet veilig is om terug te keren naar Libi\u00eb en hij zich bij terugkeer moet aansluiten bij een militie. Volgens eiser is het niet mogelijk om afstand te nemen van de milities. Eiser voert verder aan dat hij en zijn vader een oproep hebben ontvangen om zich te melden bij het Bataljon van de Revolutionairen van Tripoli. Eiser heeft kopie\u00ebn van de oproepen overgelegd bij de aanvullende beroepsgronden. Ook zijn milities meerdere keren bij hem thuis langs geweest. Voorts voert eiser aan dat de veiligheidssituatie in Tripoli uiterst onstabiel en gevaarlijk is geworden. Tot slot heeft eiser een foto van een arrestatiebevel overgelegd, waarin hij en zijn vader valselijk worden beschuldigd van vernieling en vandalisme.<\/p>\n<p>Wat is het oordeel van de rechtbank?<\/p>\n<p>5. De rechtbank is van oordeel dat het beroep gegrond is. Hieronder legt de rechtbank uit hoe zij tot dit oordeel is gekomen.<\/p>\n<p>Mocht verweerder vinden dat eiser bij terugkeer geen gegronde vrees voor vervolging heeft?<\/p>\n<p>6. Naar het oordeel van de rechtbank heeft verweerder zich op het standpunt kunnen stellen dat eiser niet aannemelijk heeft gemaakt dat hij bij een terugkeer naar Libi\u00eb gegronde vrees voor vervolging heeft. De rechtbank legt hierna uit hoe zij tot deze conclusie is gekomen.<\/p>\n<p>Allereerst heeft verweerder mogen vinden dat eiser niet aannemelijk heeft gemaakt dat hij vanwege de politieke meningen van zijn vader gegronde vrees voor vervolging heeft bij een terugkeer naar Libi\u00eb. Uit het Algemeen Ambtsbericht van 2023 blijkt dat het voorkomt dat familieleden van mensen met oppositionele opvattingen gevaar lopen. Verder staat in het Algemeen Ambtsbericht van 2025 vermeld dat tijdens de verslagperiode meerdere bronnen melding hebben gemaakt van de intimidatie van familieleden van journalisten en mensenrechtenactivisten en dat Libya Crime Watch in 2024 twee arrestaties van familieleden van journalisten en \u00e9\u00e9n arrestatie van een familielid van een mensenrechtenverdediger heeft gedocumenteerd. Verweerder heeft zich echter op het standpunt kunnen stellen dat eiser geen feiten of omstandigheden heeft aangevoerd die erop wijzen dat hij bij een terugkeer naar Libi\u00eb hetzelfde zal meemaken. Verweerder heeft daarbij mogen betrekken dat eiser legaal en probleemloos het land heeft verlaten en in Libi\u00eb nooit problemen heeft ondervonden vanwege de politieke meningen van zijn vader. Eiser kan worden gevolgd in zijn stelling dat zijn vader pas na zijn vertrek kritiek is gaan uiten op de regering in Tripoli. Echter, uit de verklaringen van eiser blijkt ook dat zijn vader daarvoor al kritiek uitte op parlementsleden en de Haftar-groepering. Verweerder heeft ook van belang mogen achten dat eisers vader, op een eenmalige telefonische bedreiging in 2021 na, geen problemen heeft ondervonden vanwege het feit dat hij zich verkiesbaar heeft gesteld voor de parlementsverkiezingen en zich kritisch heeft uitgelaten over parlementsleden, de Haftar-groepering en de huidige regering in Libi\u00eb. In de aanvullende gronden wordt aangevoerd dat eiser en zijn vader zijn opgeroepen door het Bataljon van de Revolutionairen in Tripoli en er een arrestatiebevel tegen hen is uitgevaardigd. De rechtbank heeft deze gronden echter zo begrepen dat deze problemen niet gerelateerd zijn aan de politieke meningen van eisers vader. Eerst ter zitting heeft de gemachtigde van eiser verklaard dat de interesse van het Bataljon van de Revolutionairen mogelijk te maken kan hebben met die kritische uitlatingen van eisers vader over het regeringsbeleid. De rechtbank is van oordeel dat verweerder zich tegen deze achtergrond op het standpunt heeft kunnen stellen dat eiser niet middels concrete aanwijzingen aannemelijk heeft gemaakt dat de gestelde problemen verband houden met de politieke meningen van zijn vader, maar dat hij zich slechts baseert op vermoedens. Het is aan eiser om concrete aanknopingspunten naar voren te brengen waaruit blijkt dat hij persoonlijk te vrezen heeft voor vervolging. Hier is eiser, gelet op het voorgaande, niet in geslaagd.<\/p>\n<p>Verweerder heeft zich verder op het standpunt kunnen stellen dat eiser niet aannemelijk heeft gemaakt dat hij bij een terugkeer naar Libi\u00eb gegronde vrees heeft voor vervolging door de Haftar-groepering. Daarbij heeft verweerder van belang mogen achten dat de Haftar-groepering reeds is verdreven uit Tripoli. Eisers stelling dat uit zijn familienaam kan worden afgeleid tot welke stam hij behoort en een deel van zijn stam die in Tripoli woont tegen de Haftar-groepering is, maakt voorgaande niet anders.<\/p>\n<p>Heeft verweerder de kopie\u00ebn van de oproepen van het Bataljon van de Revolutionairen van Tripoli voldoende betrokken bij de beoordeling?<\/p>\n<p>7. Uit het arrest L.H. volgt dat elk document dat de vreemdeling ter onderbouwing van zijn asielaanvraag overlegt bij de beoordeling moet worden betrokken. Het mag de vreemdeling niet worden tegengeworpen dat aan documenten geen bewijswaarde kan worden gehecht, omdat die documenten niet op echtheid kunnen worden onderzocht. De rechtbank wijst in dit verband ook naar vaste rechtspraak van de hoogste bestuursrechter.<\/p>\n<p>Eiser heeft in de aanvullende beroepsgronden aangevoerd dat hij en zijn vader door het Bataljon van de Revolutionairen van Tripoli zijn opgeroepen om zich bij hen te melden. Ter onderbouwing van zijn verklaring heeft eiser kopie\u00ebn van de oproepen overgelegd. Desgevraagd heeft verweerder zich tijdens de zitting op het standpunt gesteld dat de kopie\u00ebn van de oproepen niet alsnog aannemelijk maken dat eiser in de negatieve belangstelling staat van de gewapende militie en bij een terugkeer naar Libi\u00eb een re\u00ebel risico loopt op ernstige schade, omdat kopie\u00ebn een beperkte bewijswaarde hebben nu ze niet door Bureau Documenten op echtheid kunnen worden onderzocht.<\/p>\n<p>Naar het oordeel van de rechtbank heeft verweerder de kopie\u00ebn van de oproepen, gelet op het arrest L.H., niet terzijde mogen schuiven met de enkele stelling dat het slechts kopie\u00ebn betreft die niet op echtheid kunnen worden onderzocht. Dat kopie\u00ebn een meer beperkte bewijswaarde hebben dan originele documenten is in zijn algemeenheid te volgen. Dit betekent echter niet dat aan de inhoud van deze kopie\u00ebn geen enkele bewijswaarde kan toekomen. Verweerder zal de inhoud van de kopie\u00ebn van de oproepen in samenhang met eisers verklaringen en wat bekend is uit openbare bronnen moeten beoordelen. Dat het om kopie\u00ebn gaat, ontslaat verweerder niet van deze verplichting.<\/p>\n<p>Gelet op hetgeen hiervoor is overwogen, is de rechtbank van oordeel dat verweerder onvoldoende onderzoek heeft gedaan naar de overgelegde kopie\u00ebn van de oproepen van het Bataljon van de Revolutionairen van Tripoli. Niet valt in te zien dat verweerder zich op het standpunt heeft gesteld dat eiser bij een terugkeer naar Libi\u00eb geen re\u00ebel risico op ernstige schade loopt, zonder de inhoud van deze kopie\u00ebn bij de beoordeling te betrekken. Alleen daarom al is het beroep gegrond en komt het bestreden besluit in aanmerking voor vernietiging. De rechtbank ziet geen aanleiding om hier te beoordelen wat eiser heeft aangevoerd in het kader van het risico op ernstige schade vanwege de algemene veiligheidssituatie in Libi\u00eb en in het bijzonder Tripoli, nu die situatie ten tijde van het nieuw te nemen besluit kan zijn veranderd en verweerder ex-nunc moet toetsen.<\/p>\n<h3>Conclusie en gevolgen<\/h3>\n<p>8. De rechtbank komt tot de conclusie dat het beroep gegrond is. De rechtbank ziet geen aanleiding om de rechtsgevolgen van het bestreden besluit in stand te laten of zelf in de zaak te voorzien. De rechtbank draagt verweerder op binnen acht weken een nieuw besluit te nemen op de asielaanvraag, waarbij rekening wordt gehouden met deze uitspraak;<\/p>\n<p>9. De rechtbank veroordeelt verweerder in de proceskosten die eiser heeft gemaakt. Deze kosten stelt de rechtbank op grond van het Besluit proceskosten bestuursrecht voor de door een derde beroepsmatig verleende rechtsbijstand vast op \u20ac 2.721,- (1 punt voor het indienen van het beroepschrift, 1 punt voor het verschijnen op zitting, 0,5 punt voor de nadere reactie van 11 september 2025 en 0,5 punt voor de nadere reactie van 23 september 2025 met een waarde per punt van \u20ac 907,-).<\/p>\n<h3>Beslissing<\/h3>\n<p>De rechtbank:<\/p>\n<p>verklaart het beroep gegrond;<\/p>\n<p>vernietigt het bestreden besluit;<\/p>\n<p>draagt verweerder op eiser binnen acht weken een nieuw besluit te nemen op de asielaanvraag, waarbij rekening wordt gehouden met deze uitspraak;<\/p>\n<p>veroordeelt verweerder in de proceskosten van eiser tot een bedrag van \u20ac 2.721,-.<\/p>\n<p>Deze uitspraak is gedaan door mr. J. Smeets, rechter, in aanwezigheid van mr. S.M.H. van der Velden, griffier.<\/p>\n<p>De beslissing is uitgesproken in het openbaar en bekendgemaakt op:<\/p>\n<p>Informatie over hoger beroep<\/p>\n<p>Een partij die het niet eens is met deze uitspraak op het beroep, kan een hogerberoepschrift sturen naar de Afdeling bestuursrechtspraak van de Raad van State waarin wordt uitgelegd waarom deze partij het niet eens is met deze uitspraak. Het hogerberoepschrift moet worden ingediend binnen vier weken na de dag waarop deze uitspraak is verzonden. Kan de indiener de behandeling van het hoger beroep niet afwachten, omdat de zaak spoed heeft, dan kan de indiener de voorzieningenrechter van de Afdeling bestuursrechtspraak van de Raad van State vragen om een voorlopige voorziening (een tijdelijke maatregel) te treffen.<\/p>\n<h3>Voetnoten<\/h3>\n<ol>\n<li>Verdrag tot bescherming van de rechten van de mens en de fundamentele vrijheden.<\/li>\n<li>Algemeen ambtsbericht van Libi\u00eb van februari 2023, p. 12.<\/li>\n<li>Algemeen ambtsbericht van Libi\u00eb van juli 2025, p. 92.<\/li>\n<li>Nader gehoor van 13 augustus 2024, p. 20.<\/li>\n<li>Arrest van het Hof van Justitie van de Europese Unie, L.H. tegen Nederland, van 10 juni 2021, C-921\/19, ECLI:EU:C:2021:478, r.o. 24.<\/li>\n<li>Zie bijvoorbeeld de uitspraak van de Afdeling bestuursrechtspraak van de Raad van State van 21 juli 2023, ECLI:NL:RVS:2023:2809.<\/li>\n<\/ol>\n<\/div>\n<hr class=\"kji-sep\" \/>\n<p class=\"kji-source-links\"><strong>Sources officielles :<\/strong> <a class=\"kji-source-link\" href=\"http:\/\/deeplink.rechtspraak.nl\/uitspraak?id=ECLI:NL:RBDHA:2025:20201\" target=\"_blank\" rel=\"noopener noreferrer\">consulter la page source<\/a><\/p>\n<p class=\"kji-license-note\"><em>Rechtspraak.nl open data, Creative Commons Zero. Volume cible 1.8M decisions.<\/em><\/p>\n<\/div>\n","protected":false},"excerpt":{"rendered":"<p>Asielaanvraag; Libi\u00eb; Beroep gegrond; Verweerder mocht vinden dat eiser geen gegronde vrees voor vervolging heeft vanwege de politieke meningen van zijn vader; Verweerder heeft de inhoud van de overgelegde oproepen van de militie onvoldoende betrokken bij de beoordeling.<\/p>\n","protected":false},"featured_media":0,"template":"","meta":{"_crdt_document":""},"kji_country":[7669],"kji_court":[7670],"kji_chamber":[],"kji_year":[8463],"kji_subject":[7646],"kji_keyword":[10109,7673,7674,7675,8209],"kji_language":[7671],"class_list":["post-588008","kji_decision","type-kji_decision","status-publish","hentry","kji_country-pays-bas","kji_court-rechtbank-den-haag","kji_year-8463","kji_subject-divers","kji_keyword-asielaanvraag","kji_keyword-heeft","kji_keyword-rbdha","kji_keyword-rechtbank","kji_keyword-verweerder","kji_language-nl"],"yoast_head":"<!-- This site is optimized with the Yoast SEO Premium plugin v27.5 (Yoast SEO v27.5) - https:\/\/yoast.com\/product\/yoast-seo-premium-wordpress\/ -->\n<title>ECLI:NL:RBDHA:2025:20201 Rechtbank Den Haag , 29-10-2025 \/ NL25.13939 - Ma\u00eetre Hassan Kohen, avocat en droit p\u00e9nal \u00e0 Paris<\/title>\n<meta name=\"robots\" content=\"index, follow, max-snippet:-1, max-image-preview:large, max-video-preview:-1\" \/>\n<link rel=\"canonical\" href=\"https:\/\/kohenavocats.com\/ru\/jurisprudences\/eclinlrbdha202520201-rechtbank-den-haag-29-10-2025-nl25-13939\/\" \/>\n<meta property=\"og:locale\" content=\"ru_RU\" \/>\n<meta property=\"og:type\" content=\"article\" \/>\n<meta property=\"og:title\" content=\"ECLI:NL:RBDHA:2025:20201 Rechtbank Den Haag , 29-10-2025 \/ NL25.13939\" \/>\n<meta property=\"og:description\" content=\"Asielaanvraag; Libi\u00eb; Beroep gegrond; Verweerder mocht vinden dat eiser geen gegronde vrees voor vervolging heeft vanwege de politieke meningen van zijn vader; Verweerder heeft de inhoud van de overgelegde oproepen van de militie onvoldoende betrokken bij de beoordeling.\" \/>\n<meta property=\"og:url\" content=\"https:\/\/kohenavocats.com\/ru\/jurisprudences\/eclinlrbdha202520201-rechtbank-den-haag-29-10-2025-nl25-13939\/\" \/>\n<meta property=\"og:site_name\" content=\"Ma\u00eetre Hassan Kohen, avocat en droit p\u00e9nal \u00e0 Paris\" \/>\n<meta name=\"twitter:card\" content=\"summary_large_image\" \/>\n<meta name=\"twitter:label1\" content=\"\u041f\u0440\u0438\u043c\u0435\u0440\u043d\u043e\u0435 \u0432\u0440\u0435\u043c\u044f \u0434\u043b\u044f \u0447\u0442\u0435\u043d\u0438\u044f\" \/>\n\t<meta name=\"twitter:data1\" content=\"10 \u043c\u0438\u043d\u0443\u0442\" \/>\n<script type=\"application\/ld+json\" class=\"yoast-schema-graph\">{\"@context\":\"https:\\\/\\\/schema.org\",\"@graph\":[{\"@type\":\"WebPage\",\"@id\":\"https:\\\/\\\/kohenavocats.com\\\/ru\\\/jurisprudences\\\/eclinlrbdha202520201-rechtbank-den-haag-29-10-2025-nl25-13939\\\/\",\"url\":\"https:\\\/\\\/kohenavocats.com\\\/ru\\\/jurisprudences\\\/eclinlrbdha202520201-rechtbank-den-haag-29-10-2025-nl25-13939\\\/\",\"name\":\"ECLI:NL:RBDHA:2025:20201 Rechtbank Den Haag , 29-10-2025 \\\/ NL25.13939 - Ma\u00eetre Hassan Kohen, avocat en droit p\u00e9nal \u00e0 Paris\",\"isPartOf\":{\"@id\":\"https:\\\/\\\/kohenavocats.com\\\/ru\\\/#website\"},\"datePublished\":\"2026-04-17T16:47:02+00:00\",\"breadcrumb\":{\"@id\":\"https:\\\/\\\/kohenavocats.com\\\/ru\\\/jurisprudences\\\/eclinlrbdha202520201-rechtbank-den-haag-29-10-2025-nl25-13939\\\/#breadcrumb\"},\"inLanguage\":\"ru-RU\",\"potentialAction\":[{\"@type\":\"ReadAction\",\"target\":[\"https:\\\/\\\/kohenavocats.com\\\/ru\\\/jurisprudences\\\/eclinlrbdha202520201-rechtbank-den-haag-29-10-2025-nl25-13939\\\/\"]}]},{\"@type\":\"BreadcrumbList\",\"@id\":\"https:\\\/\\\/kohenavocats.com\\\/ru\\\/jurisprudences\\\/eclinlrbdha202520201-rechtbank-den-haag-29-10-2025-nl25-13939\\\/#breadcrumb\",\"itemListElement\":[{\"@type\":\"ListItem\",\"position\":1,\"name\":\"Home\",\"item\":\"https:\\\/\\\/kohenavocats.com\\\/ru\\\/avocats-en-droit-penal-a-paris-conseil-et-defense-strategique\\\/\"},{\"@type\":\"ListItem\",\"position\":2,\"name\":\"Jurisprudences\",\"item\":\"https:\\\/\\\/kohenavocats.com\\\/ru\\\/jurisprudences\\\/\"},{\"@type\":\"ListItem\",\"position\":3,\"name\":\"ECLI:NL:RBDHA:2025:20201 Rechtbank Den Haag , 29-10-2025 \\\/ NL25.13939\"}]},{\"@type\":\"WebSite\",\"@id\":\"https:\\\/\\\/kohenavocats.com\\\/ru\\\/#website\",\"url\":\"https:\\\/\\\/kohenavocats.com\\\/ru\\\/\",\"name\":\"Kohen Avocats\",\"description\":\"Ma\u00eetre Hassan Kohen, avocat p\u00e9naliste \u00e0 Paris, intervient exclusivement en droit p\u00e9nal pour la d\u00e9fense des particuliers, notamment en mati\u00e8re d\u2019accusations de viol. Il assure un accompagnement rigoureux d\u00e8s la garde \u00e0 vue jusqu\u2019\u00e0 la Cour d\u2019assises, veillant au strict respect des garanties proc\u00e9durales.\",\"publisher\":{\"@id\":\"https:\\\/\\\/kohenavocats.com\\\/ru\\\/#organization\"},\"potentialAction\":[{\"@type\":\"SearchAction\",\"target\":{\"@type\":\"EntryPoint\",\"urlTemplate\":\"https:\\\/\\\/kohenavocats.com\\\/ru\\\/?s={search_term_string}\"},\"query-input\":{\"@type\":\"PropertyValueSpecification\",\"valueRequired\":true,\"valueName\":\"search_term_string\"}}],\"inLanguage\":\"ru-RU\"},{\"@type\":\"Organization\",\"@id\":\"https:\\\/\\\/kohenavocats.com\\\/ru\\\/#organization\",\"name\":\"Kohen Avocats\",\"url\":\"https:\\\/\\\/kohenavocats.com\\\/ru\\\/\",\"logo\":{\"@type\":\"ImageObject\",\"inLanguage\":\"ru-RU\",\"@id\":\"https:\\\/\\\/kohenavocats.com\\\/ru\\\/#\\\/schema\\\/logo\\\/image\\\/\",\"url\":\"https:\\\/\\\/kohenavocats.com\\\/wp-content\\\/uploads\\\/2026\\\/01\\\/Logo-2-1.webp\",\"contentUrl\":\"https:\\\/\\\/kohenavocats.com\\\/wp-content\\\/uploads\\\/2026\\\/01\\\/Logo-2-1.webp\",\"width\":2114,\"height\":1253,\"caption\":\"Kohen Avocats\"},\"image\":{\"@id\":\"https:\\\/\\\/kohenavocats.com\\\/ru\\\/#\\\/schema\\\/logo\\\/image\\\/\"}}]}<\/script>\n<!-- \/ Yoast SEO Premium plugin. -->","yoast_head_json":{"title":"ECLI:NL:RBDHA:2025:20201 Rechtbank Den Haag , 29-10-2025 \/ NL25.13939 - Ma\u00eetre Hassan Kohen, avocat en droit p\u00e9nal \u00e0 Paris","robots":{"index":"index","follow":"follow","max-snippet":"max-snippet:-1","max-image-preview":"max-image-preview:large","max-video-preview":"max-video-preview:-1"},"canonical":"https:\/\/kohenavocats.com\/ru\/jurisprudences\/eclinlrbdha202520201-rechtbank-den-haag-29-10-2025-nl25-13939\/","og_locale":"ru_RU","og_type":"article","og_title":"ECLI:NL:RBDHA:2025:20201 Rechtbank Den Haag , 29-10-2025 \/ NL25.13939","og_description":"Asielaanvraag; Libi\u00eb; Beroep gegrond; Verweerder mocht vinden dat eiser geen gegronde vrees voor vervolging heeft vanwege de politieke meningen van zijn vader; Verweerder heeft de inhoud van de overgelegde oproepen van de militie onvoldoende betrokken bij de beoordeling.","og_url":"https:\/\/kohenavocats.com\/ru\/jurisprudences\/eclinlrbdha202520201-rechtbank-den-haag-29-10-2025-nl25-13939\/","og_site_name":"Ma\u00eetre Hassan Kohen, avocat en droit p\u00e9nal \u00e0 Paris","twitter_card":"summary_large_image","twitter_misc":{"\u041f\u0440\u0438\u043c\u0435\u0440\u043d\u043e\u0435 \u0432\u0440\u0435\u043c\u044f \u0434\u043b\u044f \u0447\u0442\u0435\u043d\u0438\u044f":"10 \u043c\u0438\u043d\u0443\u0442"},"schema":{"@context":"https:\/\/schema.org","@graph":[{"@type":"WebPage","@id":"https:\/\/kohenavocats.com\/ru\/jurisprudences\/eclinlrbdha202520201-rechtbank-den-haag-29-10-2025-nl25-13939\/","url":"https:\/\/kohenavocats.com\/ru\/jurisprudences\/eclinlrbdha202520201-rechtbank-den-haag-29-10-2025-nl25-13939\/","name":"ECLI:NL:RBDHA:2025:20201 Rechtbank Den Haag , 29-10-2025 \/ NL25.13939 - Ma\u00eetre Hassan Kohen, avocat en droit p\u00e9nal \u00e0 Paris","isPartOf":{"@id":"https:\/\/kohenavocats.com\/ru\/#website"},"datePublished":"2026-04-17T16:47:02+00:00","breadcrumb":{"@id":"https:\/\/kohenavocats.com\/ru\/jurisprudences\/eclinlrbdha202520201-rechtbank-den-haag-29-10-2025-nl25-13939\/#breadcrumb"},"inLanguage":"ru-RU","potentialAction":[{"@type":"ReadAction","target":["https:\/\/kohenavocats.com\/ru\/jurisprudences\/eclinlrbdha202520201-rechtbank-den-haag-29-10-2025-nl25-13939\/"]}]},{"@type":"BreadcrumbList","@id":"https:\/\/kohenavocats.com\/ru\/jurisprudences\/eclinlrbdha202520201-rechtbank-den-haag-29-10-2025-nl25-13939\/#breadcrumb","itemListElement":[{"@type":"ListItem","position":1,"name":"Home","item":"https:\/\/kohenavocats.com\/ru\/avocats-en-droit-penal-a-paris-conseil-et-defense-strategique\/"},{"@type":"ListItem","position":2,"name":"Jurisprudences","item":"https:\/\/kohenavocats.com\/ru\/jurisprudences\/"},{"@type":"ListItem","position":3,"name":"ECLI:NL:RBDHA:2025:20201 Rechtbank Den Haag , 29-10-2025 \/ NL25.13939"}]},{"@type":"WebSite","@id":"https:\/\/kohenavocats.com\/ru\/#website","url":"https:\/\/kohenavocats.com\/ru\/","name":"Kohen Avocats","description":"Ma\u00eetre Hassan Kohen, avocat p\u00e9naliste \u00e0 Paris, intervient exclusivement en droit p\u00e9nal pour la d\u00e9fense des particuliers, notamment en mati\u00e8re d\u2019accusations de viol. Il assure un accompagnement rigoureux d\u00e8s la garde \u00e0 vue jusqu\u2019\u00e0 la Cour d\u2019assises, veillant au strict respect des garanties proc\u00e9durales.","publisher":{"@id":"https:\/\/kohenavocats.com\/ru\/#organization"},"potentialAction":[{"@type":"SearchAction","target":{"@type":"EntryPoint","urlTemplate":"https:\/\/kohenavocats.com\/ru\/?s={search_term_string}"},"query-input":{"@type":"PropertyValueSpecification","valueRequired":true,"valueName":"search_term_string"}}],"inLanguage":"ru-RU"},{"@type":"Organization","@id":"https:\/\/kohenavocats.com\/ru\/#organization","name":"Kohen Avocats","url":"https:\/\/kohenavocats.com\/ru\/","logo":{"@type":"ImageObject","inLanguage":"ru-RU","@id":"https:\/\/kohenavocats.com\/ru\/#\/schema\/logo\/image\/","url":"https:\/\/kohenavocats.com\/wp-content\/uploads\/2026\/01\/Logo-2-1.webp","contentUrl":"https:\/\/kohenavocats.com\/wp-content\/uploads\/2026\/01\/Logo-2-1.webp","width":2114,"height":1253,"caption":"Kohen Avocats"},"image":{"@id":"https:\/\/kohenavocats.com\/ru\/#\/schema\/logo\/image\/"}}]}},"jetpack_likes_enabled":false,"jetpack_sharing_enabled":true,"_links":{"self":[{"href":"https:\/\/kohenavocats.com\/ru\/wp-json\/wp\/v2\/kji_decision\/588008","targetHints":{"allow":["GET"]}}],"collection":[{"href":"https:\/\/kohenavocats.com\/ru\/wp-json\/wp\/v2\/kji_decision"}],"about":[{"href":"https:\/\/kohenavocats.com\/ru\/wp-json\/wp\/v2\/types\/kji_decision"}],"wp:attachment":[{"href":"https:\/\/kohenavocats.com\/ru\/wp-json\/wp\/v2\/media?parent=588008"}],"wp:term":[{"taxonomy":"kji_country","embeddable":true,"href":"https:\/\/kohenavocats.com\/ru\/wp-json\/wp\/v2\/kji_country?post=588008"},{"taxonomy":"kji_court","embeddable":true,"href":"https:\/\/kohenavocats.com\/ru\/wp-json\/wp\/v2\/kji_court?post=588008"},{"taxonomy":"kji_chamber","embeddable":true,"href":"https:\/\/kohenavocats.com\/ru\/wp-json\/wp\/v2\/kji_chamber?post=588008"},{"taxonomy":"kji_year","embeddable":true,"href":"https:\/\/kohenavocats.com\/ru\/wp-json\/wp\/v2\/kji_year?post=588008"},{"taxonomy":"kji_subject","embeddable":true,"href":"https:\/\/kohenavocats.com\/ru\/wp-json\/wp\/v2\/kji_subject?post=588008"},{"taxonomy":"kji_keyword","embeddable":true,"href":"https:\/\/kohenavocats.com\/ru\/wp-json\/wp\/v2\/kji_keyword?post=588008"},{"taxonomy":"kji_language","embeddable":true,"href":"https:\/\/kohenavocats.com\/ru\/wp-json\/wp\/v2\/kji_language?post=588008"}],"curies":[{"name":"wp","href":"https:\/\/api.w.org\/{rel}","templated":true}]}}