{"id":588280,"date":"2026-04-17T19:36:55","date_gmt":"2026-04-17T17:36:55","guid":{"rendered":"https:\/\/kohenavocats.com\/jurisprudences\/eclinlrbmne20257602-rechtbank-midden-nederland-17-11-2025-utr-24-8190\/"},"modified":"2026-04-17T19:36:55","modified_gmt":"2026-04-17T17:36:55","slug":"eclinlrbmne20257602-rechtbank-midden-nederland-17-11-2025-utr-24-8190","status":"publish","type":"kji_decision","link":"https:\/\/kohenavocats.com\/ru\/jurisprudences\/eclinlrbmne20257602-rechtbank-midden-nederland-17-11-2025-utr-24-8190\/","title":{"rendered":"ECLI:NL:RBMNE:2025:7602 Rechtbank Midden-Nederland , 17-11-2025 \/ UTR 24\/8190"},"content":{"rendered":"<div class=\"kji-decision\">\n<div class=\"kji-full-text\">\n<p><strong>Inhoudsindicatie.<\/strong> Eiser heeft niet langer recht op het levenlanglerenkrediet. Hij heeft de maximale duur hiervan namelijk al verbruikt. Het besluit is ook niet in strijd met het zorgvuldigheidsbeginsel of het evenredigheidsbeginsel. Het beroep is daarom ongegrond.<\/p>\n<h3>RECHTBANK MIDDEN-NEDERLAND<\/h3>\n<p>Zittingsplaats Utrecht<\/p>\n<p>Bestuursrecht<\/p>\n<p>zaaknummer: UTR 24\/8190<\/p>\n<h3>uitspraak van de enkelvoudige kamer van 17 november 2025 in de zaak tussen<\/h3>\n<h3>[eiser] , uit [plaats] , eiser<\/h3>\n<p>en<\/p>\n<h3>de Minister van Onderwijs, Cultuur en Wetenschap, Dienst Uitvoering Onderwijs, de minister<\/h3>\n<p>(gemachtigde: mr. N. Fazli).<\/p>\n<h3>Samenvatting<\/h3>\n<p>1. Deze uitspraak gaat over de afwijzing van de aanvraag van eiser voor een levenlanglerenkrediet. Eiser is het niet eens met de afwijzing van de aanvraag. Hij voert daartoe een aantal beroepsgronden aan. Aan de hand van deze beroepsgronden beoordeelt de rechtbank de afwijzing van de aanvraag.<\/p>\n<p>De rechtbank komt in deze uitspraak tot het oordeel dat eiser niet langer recht heeft op het levenlanglerenkrediet. Eiser krijgt dus geen gelijk en het beroep is dus ongegrond. Hierna legt de rechtbank uit hoe zij tot dit oordeel komt en welke gevolgen dit oordeel heeft.<\/p>\n<h3>Procesverloop<\/h3>\n<p>2. Eiser heeft een aanvraag ingediend voor een verlenging van zijn levenlanglerenkrediet. De minister heeft deze aanvraag met het besluit van<br \/>\n28 augustus 2024 afgewezen. Met het bestreden besluit van 18 november 2024 op het bezwaar van eiser is de minister bij de afwijzing van de aanvraag gebleven.<\/p>\n<p>Eiser heeft beroep ingesteld tegen het bestreden besluit. De minister heeft op het beroep gereageerd met een verweerschrift.<\/p>\n<p>De rechtbank heeft het beroep op 14 juli 2025 op zitting behandeld. Hieraan hebben deelgenomen: eiser en de gemachtigde van de minister. Daarna heeft de rechtbank het onderzoek gesloten.<\/p>\n<h3>Beoordeling door de rechtbank<\/h3>\n<p>3. De rechtbank stelt allereerst vast dat eiser tijdens de zitting zijn beroepsgrond ten aanzien van de hardheidsclausule heeft ingetrokken. Het geschil is beperkt tot de gronden die hierna worden besproken.<\/p>\n<h3>Zorgvuldigheidsbeginsel<\/h3>\n<p>4. Eiser voert aan \u2013 samengevat &#8212; dat het bestreden besluit in strijd is met het zorgvuldigheidsbeginsel. Eiser heeft niet de kans gekregen om aanvullende stukken in te dienen om zijn persoonlijke omstandigheden en medische situatie te onderbouwen. Die kans had hij wel moeten krijgen, omdat juist op grond van die stukken een uitzondering op de hoofdregel had kunnen worden gemaakt. Nu dat niet is gebeurd, heeft de minister onvoldoende onderzoek gedaan naar zijn persoonlijke situatie en dus onzorgvuldig gehandeld.<\/p>\n<p>5. De rechtbank volgt eiser hierin niet. De minister heeft voorafgaand aan het nemen van het besluit eiser in de gelegenheid gesteld alle relevante feiten en omstandigheden naar voren te brengen. Daarbij is van belang dat het hier gaat om een aanvraagsituatie. Dat betekent dat het de verantwoordelijkheid van eiser is om zijn aanvraag te onderbouwen en de benodigde stukken aan te leveren. Eiser heeft bij zijn aanvraag noch hangende bezwaar zijn specifieke situatie kenbaar gemaakt. Evenmin heeft hij de minister laten weten dat hij nog niet over alle stukken kon beschikken. Dit lag wel op zijn weg. Ook heeft eiser niet om een nadere termijn voor het alsnog indienen van de stukken gevraagd, terwijl ook dat op zijn weg had gelegen. Anders dan eiser betoogt, heeft de minister daarom niet \u2013 voorafgaand aan het nemen van zijn besluiten &#8212; op nadere stukken dan wel een nadere toelichting hoeven wachten. Dat de minister onzorgvuldig heeft gehandeld, volgt de rechtbank dan ook niet. De beroepsgrond faalt.<\/p>\n<p>Voorwaarden levenlanglerenkrediet<\/p>\n<p>6. Eiser voert aan dat zijn aanvraag voor het levenlanglerenkrediet ten onrechte is afgewezen. Hij voldoet aan de wettelijke voorwaarden voor het verstrekken hiervan. De minimumleeftijd voor de regeling is 30 jaar en de maximumleeftijd is 57 jaar. Eiser was ten tijde van het bestreden besluit 39 jaar. Daarnaast is eiser student aan de Universiteit Leiden en komt hij niet in aanmerking voor studiefinanciering als bedoeld in artikel 3.1, eerste of tweede lid, van de Wet studiefinanciering 2000 (Wsf 2000). Dat hij in het verleden ook al aanspraak heeft gemaakt op het krediet, maakt niet dat hij dat nu niet alsnog zou kunnen doen.<\/p>\n<p>7. Op grond van artikel 3.16b, eerste lid, Wsf 2000 is het levenlanglerenkrediet een lening die aan een student op aanvraag wordt toegekend. Op grond van het tweede lid, wordt het levenlanglerenkrediet slechts verstrekt:<br \/>\na. indien de student niet in aanmerking komt voor studiefinanciering als bedoeld in artikel 3.1, eerste of tweede lid,;<br \/>\nb. in geval het krediet wordt gevraagd voor een voltijdse of duale opleiding in het hoger onderwijs en de ho-student nog niet de leeftijd van dertig jaren heeft bereikt, die ho-student een hbo-bacheloropleiding als bedoeld in artikel 7.3a, tweede lid, onderdeel b, WHW of het geheel van een wo-bacheloropleiding en een wo-masteropleiding als bedoeld in artikel 7.3a, eerste lid, onderdelen a en b, WHW met goed gevolg heeft afgesloten; en<br \/>\nc. voor zover de kosten voor het lesgeld of collegegeld niet door een derde worden vergoed.<br \/>\nOp grond van artikel 3.16c, eerste lid, Wsf 2000 kan het levenlanglerenkrediet worden verstrekt gedurende vier jaar.<br \/>\nIn het tweede lid van dit artikel staat dat deze periode kan worden verlengd indien de student in de laatste maand van die periode een opleiding volgt met een langere nominale duur dan vier jaar en die opleiding onafgebroken blijft volgen.<br \/>\n7.1. De rechtbank stelt vast dat eiser \u2013 zoals hij ook stelt &#8212; voldoet aan de voorwaarden neergelegd in artikel 3.16b Wsf 2000. Dat leidt er echter niet toe dat hij reeds daarom aanspraak kan maken op het levenlanglerenkrediet. Van belang is dat aan eiser &#8212; zo wordt ook niet betwist &#8212; al gedurende vier jaar het levenlanglerenkrediet is verstrekt. De maximale duur waarop aanspraak kan worden gemaakt op dit krediet, zo volgt uit artikel 3.16c, eerste lid, van de Wsf, is vier jaar. Uit de Memorie van Toelichting bij de Wsf is ook af te leiden dat bewust een maximale duur is verbonden aan het levenlanglerenkrediet. Nu niet in geschil is dat het tweede lid van artikel 3.16c Wsf 2000 niet aan de orde is en eiser gedurende vier jaar aanspraak heeft gemaakt op het levenlanglerenkrediet, heeft de minister terecht de afwijzingsgrond van artikel 3.16c, eerste lid, Wsf 2000 aan het bestreden besluit ten grondslag gelegd. Deze beroepsgrond faalt ook.<\/p>\n<p>Evenredigheidsbeginsel<\/p>\n<p>8. Eiser doet ten slotte nog een beroep op het evenredigheidsbeginsel. Tot op heden is het eiser nog niet gelukt om zijn studie af te maken. Door psychische problemen is eiser zowel in zijn rechtenstudie als zijn dagelijkse leven vastgelopen. Als het gevraagde levenlanglerenkrediet niet wordt verstrekt, dan kan eiser het collegegeld niet betalen en kan hij zijn studie niet afmaken. De minister heeft zijn belangen niet meegewogen in de besluitvorming. Als de persoonlijke en medische omstandigheden van eiser waren meegewogen was de minister niet tot dit voor hem onevenredige en nadelige besluit gekomen.<\/p>\n<p>9. De Wsf 2000 is een wet in formele zin. Volgens vaste rechtspraak houdt het toetsingsverbod van artikel 120 van de Grondwet het verbod in om wetten in formele zin te toetsen aan algemene rechtsbeginselen en brengt dit verder mee dat de rechter niet mag treden in de belangenafweging die de wetgever heeft verricht of geacht moet worden te hebben verricht. Dit neemt echter niet weg dat indien sprake is van bijzondere omstandigheden die niet zijn verdisconteerd in de afweging van de wetgever, dit aanleiding kan geven tot een andere uitkomst dan waartoe strikte toepassing van de wet leidt. Dit is het geval indien niet verdisconteerde omstandigheden die strikte toepassing zozeer in strijd doen zijn met algemene rechtsbeginselen of (ander) ongeschreven recht, dat die toepassing achterwege moet blijven. Deze bijzondere omstandigheden kunnen slechts bij hoge uitzondering worden aangenomen. Dergelijke bijzondere omstandigheden zijn gesteld noch gebleken zodat een uitzondering niet aan de orde is. Dat eiser stelt door psychische omstandigheden vertraging te hebben opgelopen is spijtig, maar dat maakt niet dat hem om die reden langer een levenlanglerenkrediet dient te worden toegekend. Daarbij overweegt de rechtbank nog dat ter zitting is gebleken dat eiser alsnog zijn studie kan afronden met het behulp van een bijdrage van zijn tante. De beroepsgrond faalt.<\/p>\n<h3>Conclusie en gevolgen<\/h3>\n<p>10. Het beroep is ongegrond. Dat betekent dat de minister de aanvraag terecht heeft afgewezen en eiser geen levenlanglerenkrediet krijgt. Eiser krijgt daarom het griffierecht niet terug. Hij krijgt ook geen vergoeding van zijn proceskosten.<\/p>\n<h3>Beslissing<\/h3>\n<p>De rechtbank verklaart het beroep ongegrond.<\/p>\n<p>Deze uitspraak is gedaan door mr. M.M. Vollebregt, rechter, in aanwezigheid van<br \/>\nmr. E.S. Dorsman, griffier.<\/p>\n<p>Uitgesproken in het openbaar op 17 november 2025.<\/p>\n<p>griffier<\/p>\n<p>de rechter is verhinderd de uitspraak te tekenen<\/p>\n<p>Een afschrift van deze uitspraak is verzonden aan partijen op:<\/p>\n<h3>Informatie over hoger beroep<\/h3>\n<p>Een partij die het niet eens is met deze uitspraak, kan een hogerberoepschrift sturen naar de Centrale Raad van Beroep waarin wordt uitgelegd waarom deze partij het niet eens is met deze uitspraak. Het hogerberoepschrift moet worden ingediend binnen zes weken na de dag waarop deze uitspraak is verzonden.<\/p>\n<p>Digitaal hoger beroep instellen kan via \u201cFormulieren en inloggen\u201d op <a href=\"http:\/\/www.rechtspraak.nl\" rel=\"nofollow\">http:\/\/www.rechtspraak.nl<\/a>. Hoger beroep instellen kan eventueel ook nog steeds door verzending van een brief aan de Centrale Raad van Beroep, Postbus 16002, 3500 DA Utrecht.<\/p>\n<p>Kan de indiener de behandeling van het hoger beroep niet afwachten, omdat de zaak spoed heeft, dan kan de indiener de voorzieningenrechter van de Centrale Raad van Beroep vragen om een voorlopige voorziening (een tijdelijke maatregel) te treffen.<\/p>\n<h3>Voetnoten<\/h3>\n<ol>\n<li>Kamerstukken, 2014-2015, 34 035, nr. 3.<\/li>\n<\/ol>\n<\/div>\n<hr class=\"kji-sep\" \/>\n<p class=\"kji-source-links\"><strong>Sources officielles :<\/strong> <a class=\"kji-source-link\" href=\"http:\/\/deeplink.rechtspraak.nl\/uitspraak?id=ECLI:NL:RBMNE:2025:7602\" target=\"_blank\" rel=\"noopener noreferrer\">consulter la page source<\/a><\/p>\n<p class=\"kji-license-note\"><em>Rechtspraak.nl open data, Creative Commons Zero. Volume cible 1.8M decisions.<\/em><\/p>\n<\/div>\n","protected":false},"excerpt":{"rendered":"<p>Eiser heeft niet langer recht op het levenlanglerenkrediet. Hij heeft de maximale duur hiervan namelijk al verbruikt. Het besluit is ook niet in strijd met het zorgvuldigheidsbeginsel of het evenredigheidsbeginsel. Het beroep is daarom ongegrond.<\/p>\n","protected":false},"featured_media":0,"template":"","meta":{"_crdt_document":""},"kji_country":[7669],"kji_court":[8012],"kji_chamber":[],"kji_year":[8463],"kji_subject":[7646],"kji_keyword":[7672,7673,8015,8014,7675],"kji_language":[7671],"class_list":["post-588280","kji_decision","type-kji_decision","status-publish","hentry","kji_country-pays-bas","kji_court-rechtbank-midden-nederland","kji_year-8463","kji_subject-divers","kji_keyword-eiser","kji_keyword-heeft","kji_keyword-midden-nederland","kji_keyword-rbmne","kji_keyword-rechtbank","kji_language-nl"],"yoast_head":"<!-- This site is optimized with the Yoast SEO Premium plugin v27.5 (Yoast SEO v27.5) - https:\/\/yoast.com\/product\/yoast-seo-premium-wordpress\/ -->\n<title>ECLI:NL:RBMNE:2025:7602 Rechtbank Midden-Nederland , 17-11-2025 \/ UTR 24\/8190 - Ma\u00eetre Hassan Kohen, avocat en droit p\u00e9nal \u00e0 Paris<\/title>\n<meta name=\"robots\" content=\"index, follow, max-snippet:-1, max-image-preview:large, max-video-preview:-1\" \/>\n<link rel=\"canonical\" href=\"https:\/\/kohenavocats.com\/ru\/jurisprudences\/eclinlrbmne20257602-rechtbank-midden-nederland-17-11-2025-utr-24-8190\/\" \/>\n<meta property=\"og:locale\" content=\"ru_RU\" \/>\n<meta property=\"og:type\" content=\"article\" \/>\n<meta property=\"og:title\" content=\"ECLI:NL:RBMNE:2025:7602 Rechtbank Midden-Nederland , 17-11-2025 \/ UTR 24\/8190\" \/>\n<meta property=\"og:description\" content=\"Eiser heeft niet langer recht op het levenlanglerenkrediet. Hij heeft de maximale duur hiervan namelijk al verbruikt. Het besluit is ook niet in strijd met het zorgvuldigheidsbeginsel of het evenredigheidsbeginsel. Het beroep is daarom ongegrond.\" \/>\n<meta property=\"og:url\" content=\"https:\/\/kohenavocats.com\/ru\/jurisprudences\/eclinlrbmne20257602-rechtbank-midden-nederland-17-11-2025-utr-24-8190\/\" \/>\n<meta property=\"og:site_name\" content=\"Ma\u00eetre Hassan Kohen, avocat en droit p\u00e9nal \u00e0 Paris\" \/>\n<meta name=\"twitter:card\" content=\"summary_large_image\" \/>\n<meta name=\"twitter:label1\" content=\"\u041f\u0440\u0438\u043c\u0435\u0440\u043d\u043e\u0435 \u0432\u0440\u0435\u043c\u044f \u0434\u043b\u044f \u0447\u0442\u0435\u043d\u0438\u044f\" \/>\n\t<meta name=\"twitter:data1\" content=\"8 \u043c\u0438\u043d\u0443\u0442\" \/>\n<script type=\"application\/ld+json\" class=\"yoast-schema-graph\">{\"@context\":\"https:\\\/\\\/schema.org\",\"@graph\":[{\"@type\":\"WebPage\",\"@id\":\"https:\\\/\\\/kohenavocats.com\\\/ru\\\/jurisprudences\\\/eclinlrbmne20257602-rechtbank-midden-nederland-17-11-2025-utr-24-8190\\\/\",\"url\":\"https:\\\/\\\/kohenavocats.com\\\/ru\\\/jurisprudences\\\/eclinlrbmne20257602-rechtbank-midden-nederland-17-11-2025-utr-24-8190\\\/\",\"name\":\"ECLI:NL:RBMNE:2025:7602 Rechtbank Midden-Nederland , 17-11-2025 \\\/ UTR 24\\\/8190 - Ma\u00eetre Hassan Kohen, avocat en droit p\u00e9nal \u00e0 Paris\",\"isPartOf\":{\"@id\":\"https:\\\/\\\/kohenavocats.com\\\/ru\\\/#website\"},\"datePublished\":\"2026-04-17T17:36:55+00:00\",\"breadcrumb\":{\"@id\":\"https:\\\/\\\/kohenavocats.com\\\/ru\\\/jurisprudences\\\/eclinlrbmne20257602-rechtbank-midden-nederland-17-11-2025-utr-24-8190\\\/#breadcrumb\"},\"inLanguage\":\"ru-RU\",\"potentialAction\":[{\"@type\":\"ReadAction\",\"target\":[\"https:\\\/\\\/kohenavocats.com\\\/ru\\\/jurisprudences\\\/eclinlrbmne20257602-rechtbank-midden-nederland-17-11-2025-utr-24-8190\\\/\"]}]},{\"@type\":\"BreadcrumbList\",\"@id\":\"https:\\\/\\\/kohenavocats.com\\\/ru\\\/jurisprudences\\\/eclinlrbmne20257602-rechtbank-midden-nederland-17-11-2025-utr-24-8190\\\/#breadcrumb\",\"itemListElement\":[{\"@type\":\"ListItem\",\"position\":1,\"name\":\"Home\",\"item\":\"https:\\\/\\\/kohenavocats.com\\\/ru\\\/avocats-en-droit-penal-a-paris-conseil-et-defense-strategique\\\/\"},{\"@type\":\"ListItem\",\"position\":2,\"name\":\"Jurisprudences\",\"item\":\"https:\\\/\\\/kohenavocats.com\\\/ru\\\/jurisprudences\\\/\"},{\"@type\":\"ListItem\",\"position\":3,\"name\":\"ECLI:NL:RBMNE:2025:7602 Rechtbank Midden-Nederland , 17-11-2025 \\\/ UTR 24\\\/8190\"}]},{\"@type\":\"WebSite\",\"@id\":\"https:\\\/\\\/kohenavocats.com\\\/ru\\\/#website\",\"url\":\"https:\\\/\\\/kohenavocats.com\\\/ru\\\/\",\"name\":\"Kohen Avocats\",\"description\":\"Ma\u00eetre Hassan Kohen, avocat p\u00e9naliste \u00e0 Paris, intervient exclusivement en droit p\u00e9nal pour la d\u00e9fense des particuliers, notamment en mati\u00e8re d\u2019accusations de viol. Il assure un accompagnement rigoureux d\u00e8s la garde \u00e0 vue jusqu\u2019\u00e0 la Cour d\u2019assises, veillant au strict respect des garanties proc\u00e9durales.\",\"publisher\":{\"@id\":\"https:\\\/\\\/kohenavocats.com\\\/ru\\\/#organization\"},\"potentialAction\":[{\"@type\":\"SearchAction\",\"target\":{\"@type\":\"EntryPoint\",\"urlTemplate\":\"https:\\\/\\\/kohenavocats.com\\\/ru\\\/?s={search_term_string}\"},\"query-input\":{\"@type\":\"PropertyValueSpecification\",\"valueRequired\":true,\"valueName\":\"search_term_string\"}}],\"inLanguage\":\"ru-RU\"},{\"@type\":\"Organization\",\"@id\":\"https:\\\/\\\/kohenavocats.com\\\/ru\\\/#organization\",\"name\":\"Kohen Avocats\",\"url\":\"https:\\\/\\\/kohenavocats.com\\\/ru\\\/\",\"logo\":{\"@type\":\"ImageObject\",\"inLanguage\":\"ru-RU\",\"@id\":\"https:\\\/\\\/kohenavocats.com\\\/ru\\\/#\\\/schema\\\/logo\\\/image\\\/\",\"url\":\"https:\\\/\\\/kohenavocats.com\\\/wp-content\\\/uploads\\\/2026\\\/01\\\/Logo-2-1.webp\",\"contentUrl\":\"https:\\\/\\\/kohenavocats.com\\\/wp-content\\\/uploads\\\/2026\\\/01\\\/Logo-2-1.webp\",\"width\":2114,\"height\":1253,\"caption\":\"Kohen Avocats\"},\"image\":{\"@id\":\"https:\\\/\\\/kohenavocats.com\\\/ru\\\/#\\\/schema\\\/logo\\\/image\\\/\"}}]}<\/script>\n<!-- \/ Yoast SEO Premium plugin. -->","yoast_head_json":{"title":"ECLI:NL:RBMNE:2025:7602 Rechtbank Midden-Nederland , 17-11-2025 \/ UTR 24\/8190 - Ma\u00eetre Hassan Kohen, avocat en droit p\u00e9nal \u00e0 Paris","robots":{"index":"index","follow":"follow","max-snippet":"max-snippet:-1","max-image-preview":"max-image-preview:large","max-video-preview":"max-video-preview:-1"},"canonical":"https:\/\/kohenavocats.com\/ru\/jurisprudences\/eclinlrbmne20257602-rechtbank-midden-nederland-17-11-2025-utr-24-8190\/","og_locale":"ru_RU","og_type":"article","og_title":"ECLI:NL:RBMNE:2025:7602 Rechtbank Midden-Nederland , 17-11-2025 \/ UTR 24\/8190","og_description":"Eiser heeft niet langer recht op het levenlanglerenkrediet. Hij heeft de maximale duur hiervan namelijk al verbruikt. Het besluit is ook niet in strijd met het zorgvuldigheidsbeginsel of het evenredigheidsbeginsel. Het beroep is daarom ongegrond.","og_url":"https:\/\/kohenavocats.com\/ru\/jurisprudences\/eclinlrbmne20257602-rechtbank-midden-nederland-17-11-2025-utr-24-8190\/","og_site_name":"Ma\u00eetre Hassan Kohen, avocat en droit p\u00e9nal \u00e0 Paris","twitter_card":"summary_large_image","twitter_misc":{"\u041f\u0440\u0438\u043c\u0435\u0440\u043d\u043e\u0435 \u0432\u0440\u0435\u043c\u044f \u0434\u043b\u044f \u0447\u0442\u0435\u043d\u0438\u044f":"8 \u043c\u0438\u043d\u0443\u0442"},"schema":{"@context":"https:\/\/schema.org","@graph":[{"@type":"WebPage","@id":"https:\/\/kohenavocats.com\/ru\/jurisprudences\/eclinlrbmne20257602-rechtbank-midden-nederland-17-11-2025-utr-24-8190\/","url":"https:\/\/kohenavocats.com\/ru\/jurisprudences\/eclinlrbmne20257602-rechtbank-midden-nederland-17-11-2025-utr-24-8190\/","name":"ECLI:NL:RBMNE:2025:7602 Rechtbank Midden-Nederland , 17-11-2025 \/ UTR 24\/8190 - Ma\u00eetre Hassan Kohen, avocat en droit p\u00e9nal \u00e0 Paris","isPartOf":{"@id":"https:\/\/kohenavocats.com\/ru\/#website"},"datePublished":"2026-04-17T17:36:55+00:00","breadcrumb":{"@id":"https:\/\/kohenavocats.com\/ru\/jurisprudences\/eclinlrbmne20257602-rechtbank-midden-nederland-17-11-2025-utr-24-8190\/#breadcrumb"},"inLanguage":"ru-RU","potentialAction":[{"@type":"ReadAction","target":["https:\/\/kohenavocats.com\/ru\/jurisprudences\/eclinlrbmne20257602-rechtbank-midden-nederland-17-11-2025-utr-24-8190\/"]}]},{"@type":"BreadcrumbList","@id":"https:\/\/kohenavocats.com\/ru\/jurisprudences\/eclinlrbmne20257602-rechtbank-midden-nederland-17-11-2025-utr-24-8190\/#breadcrumb","itemListElement":[{"@type":"ListItem","position":1,"name":"Home","item":"https:\/\/kohenavocats.com\/ru\/avocats-en-droit-penal-a-paris-conseil-et-defense-strategique\/"},{"@type":"ListItem","position":2,"name":"Jurisprudences","item":"https:\/\/kohenavocats.com\/ru\/jurisprudences\/"},{"@type":"ListItem","position":3,"name":"ECLI:NL:RBMNE:2025:7602 Rechtbank Midden-Nederland , 17-11-2025 \/ UTR 24\/8190"}]},{"@type":"WebSite","@id":"https:\/\/kohenavocats.com\/ru\/#website","url":"https:\/\/kohenavocats.com\/ru\/","name":"Kohen Avocats","description":"Ma\u00eetre Hassan Kohen, avocat p\u00e9naliste \u00e0 Paris, intervient exclusivement en droit p\u00e9nal pour la d\u00e9fense des particuliers, notamment en mati\u00e8re d\u2019accusations de viol. Il assure un accompagnement rigoureux d\u00e8s la garde \u00e0 vue jusqu\u2019\u00e0 la Cour d\u2019assises, veillant au strict respect des garanties proc\u00e9durales.","publisher":{"@id":"https:\/\/kohenavocats.com\/ru\/#organization"},"potentialAction":[{"@type":"SearchAction","target":{"@type":"EntryPoint","urlTemplate":"https:\/\/kohenavocats.com\/ru\/?s={search_term_string}"},"query-input":{"@type":"PropertyValueSpecification","valueRequired":true,"valueName":"search_term_string"}}],"inLanguage":"ru-RU"},{"@type":"Organization","@id":"https:\/\/kohenavocats.com\/ru\/#organization","name":"Kohen Avocats","url":"https:\/\/kohenavocats.com\/ru\/","logo":{"@type":"ImageObject","inLanguage":"ru-RU","@id":"https:\/\/kohenavocats.com\/ru\/#\/schema\/logo\/image\/","url":"https:\/\/kohenavocats.com\/wp-content\/uploads\/2026\/01\/Logo-2-1.webp","contentUrl":"https:\/\/kohenavocats.com\/wp-content\/uploads\/2026\/01\/Logo-2-1.webp","width":2114,"height":1253,"caption":"Kohen Avocats"},"image":{"@id":"https:\/\/kohenavocats.com\/ru\/#\/schema\/logo\/image\/"}}]}},"jetpack_likes_enabled":false,"jetpack_sharing_enabled":true,"_links":{"self":[{"href":"https:\/\/kohenavocats.com\/ru\/wp-json\/wp\/v2\/kji_decision\/588280","targetHints":{"allow":["GET"]}}],"collection":[{"href":"https:\/\/kohenavocats.com\/ru\/wp-json\/wp\/v2\/kji_decision"}],"about":[{"href":"https:\/\/kohenavocats.com\/ru\/wp-json\/wp\/v2\/types\/kji_decision"}],"wp:attachment":[{"href":"https:\/\/kohenavocats.com\/ru\/wp-json\/wp\/v2\/media?parent=588280"}],"wp:term":[{"taxonomy":"kji_country","embeddable":true,"href":"https:\/\/kohenavocats.com\/ru\/wp-json\/wp\/v2\/kji_country?post=588280"},{"taxonomy":"kji_court","embeddable":true,"href":"https:\/\/kohenavocats.com\/ru\/wp-json\/wp\/v2\/kji_court?post=588280"},{"taxonomy":"kji_chamber","embeddable":true,"href":"https:\/\/kohenavocats.com\/ru\/wp-json\/wp\/v2\/kji_chamber?post=588280"},{"taxonomy":"kji_year","embeddable":true,"href":"https:\/\/kohenavocats.com\/ru\/wp-json\/wp\/v2\/kji_year?post=588280"},{"taxonomy":"kji_subject","embeddable":true,"href":"https:\/\/kohenavocats.com\/ru\/wp-json\/wp\/v2\/kji_subject?post=588280"},{"taxonomy":"kji_keyword","embeddable":true,"href":"https:\/\/kohenavocats.com\/ru\/wp-json\/wp\/v2\/kji_keyword?post=588280"},{"taxonomy":"kji_language","embeddable":true,"href":"https:\/\/kohenavocats.com\/ru\/wp-json\/wp\/v2\/kji_language?post=588280"}],"curies":[{"name":"wp","href":"https:\/\/api.w.org\/{rel}","templated":true}]}}