{"id":590044,"date":"2026-04-17T23:23:16","date_gmt":"2026-04-17T21:23:16","guid":{"rendered":"https:\/\/kohenavocats.com\/jurisprudences\/eclinlrvs20253487-raad-van-state-25-07-2025-202407473-1-v1\/"},"modified":"2026-04-17T23:23:16","modified_gmt":"2026-04-17T21:23:16","slug":"eclinlrvs20253487-raad-van-state-25-07-2025-202407473-1-v1","status":"publish","type":"kji_decision","link":"https:\/\/kohenavocats.com\/ru\/jurisprudences\/eclinlrvs20253487-raad-van-state-25-07-2025-202407473-1-v1\/","title":{"rendered":"ECLI:NL:RVS:2025:3487 Raad van State , 25-07-2025 \/ 202407473\/1\/V1"},"content":{"rendered":"<div class=\"kji-decision\">\n<div class=\"kji-full-text\">\n<p><strong>Inhoudsindicatie.<\/strong> Referent, vertegenwoordigd door mr. T.M. van der Wal, advocaat in Heerenveen, heeft hoger beroep ingesteld tegen de uitspraak van de rechtbank Den Haag, zittingsplaats Groningen, van 21 november 2024 in zaak nr. NL24.36208. De minister van Asiel en Migratie heeft een nader stuk ingediend.<\/p>\n<p>202407473\/1\/V1.<\/p>\n<p>Datum uitspraak: 25 juli 2025<\/p>\n<p>AFDELING<\/p>\n<p>BESTUURSRECHTSPRAAK<\/p>\n<p>Uitspraak op het verzoek van:<\/p>\n<p>[verzoeker],<\/p>\n<p>verzoeker,<\/p>\n<p>om proceskostenveroordeling in geval van intrekking van het hoger beroep (artikel 8:75a van de Algemene wet bestuursrecht; hierna: de Awb).<\/p>\n<p>Procesverloop<\/p>\n<p>Referent, vertegenwoordigd door mr. T.M. van der Wal, advocaat in Heerenveen, heeft hoger beroep ingesteld tegen de uitspraak van de rechtbank Den Haag, zittingsplaats Groningen, van 21 november 2024 in zaak nr. NL24.36208.<\/p>\n<p>De minister van Asiel en Migratie heeft een nader stuk ingediend.<\/p>\n<p>Referent heeft het hoger beroep ingetrokken en de Afdeling verzocht om de minister te veroordelen in de bij referent opgekomen proceskosten.<\/p>\n<p>Overwegingen<\/p>\n<p>1. Referent heeft het hoger beroep op 16 juni 2025 ingetrokken en gelijktijdig een verzoek gedaan om de minister krachtens artikel 8:75 van de Awb in de proceskosten te veroordelen. Daarvoor kan aanleiding bestaan als de minister aan referent is tegemoetgekomen of als het belang bij een uitspraak op het hoger beroep anderszins door haar toedoen is vervallen (uitspraak van de Afdeling van 5 augustus 2020, ECLI:NL:RVS:2020:1855, onder 2.1).<\/p>\n<p>2. Uit vaste rechtspraak van de Afdeling volgt dat, wanneer de minister, zoals in dit geval, hangende het hoger beroep in verband met het niet tijdig nemen van een besluit, dit besluit alsnog neemt, dit wordt aangemerkt als tegemoetkomen als bedoeld in artikel 8:75a van de Awb (uitspraken van 28 februari 2019, ECLI:NL:RVS:2019:665, onder 1.2, en 24 oktober 2024, ECLI:NL:RVS:2024:4296, onder 5). Dat het hoger beroep gaat over de door de rechtbank bepaalde beslistermijn, laat onverlet dat het belang van een uitspraak is komen te vervallen, doordat de minister een besluit heeft genomen. De Afdeling ziet daarom aanleiding om de minister in de proceskosten te veroordelen.<\/p>\n<p>3. De minister moet de in verband met het hoger beroep gemaakte proceskosten vergoeden (een punt voor het hogerberoepschrift). Het hoger beroep gaat uitsluitend over het door de minister niet tijdig nemen van een besluit op een aanvraag. De Afdeling past daarom wegingsfactor 0,5 toe.<\/p>\n<p>Beslissing<\/p>\n<p>De Afdeling bestuursrechtspraak van de Raad van State:<\/p>\n<p>veroordeelt de minister van Asiel en Migratie tot vergoeding van bij referent in verband met de behandeling van het hoger beroep opgekomen proceskosten tot een bedrag van \u20ac 453,50, geheel toe te rekenen aan door een derde beroepsmatig verleende rechtsbijstand.<\/p>\n<p>Aldus vastgesteld door mr. M. Soffers, lid van de enkelvoudige kamer, in tegenwoordigheid van mr. Q. Boon, griffier.<\/p>\n<p>w.g. Soffers<\/p>\n<p>lid van de enkelvoudige kamer<\/p>\n<p>w.g. Boon<\/p>\n<p>griffier<\/p>\n<p>Uitgesproken in het openbaar op 25 juli 2025<\/p>\n<p>977<\/p>\n<\/div>\n<hr class=\"kji-sep\" \/>\n<p class=\"kji-source-links\"><strong>Sources officielles :<\/strong> <a class=\"kji-source-link\" href=\"http:\/\/deeplink.rechtspraak.nl\/uitspraak?id=ECLI:NL:RVS:2025:3487\" target=\"_blank\" rel=\"noopener noreferrer\">consulter la page source<\/a><\/p>\n<p class=\"kji-license-note\"><em>Rechtspraak.nl open data, Creative Commons Zero. Volume cible 1.8M decisions.<\/em><\/p>\n<\/div>\n","protected":false},"excerpt":{"rendered":"<p>Referent, vertegenwoordigd door mr. T.M. van der Wal, advocaat in Heerenveen, heeft hoger beroep ingesteld tegen de uitspraak van de rechtbank Den Haag, zittingsplaats Groningen, van 21 november 2024 in zaak nr. NL24.36208. De minister van Asiel en Migratie heeft een nader stuk ingediend.<\/p>\n","protected":false},"featured_media":0,"template":"","meta":{"_crdt_document":""},"kji_country":[7669],"kji_court":[8622],"kji_chamber":[],"kji_year":[8463],"kji_subject":[7646],"kji_keyword":[12008,7673,8361,7976,20803],"kji_language":[7671],"class_list":["post-590044","kji_decision","type-kji_decision","status-publish","hentry","kji_country-pays-bas","kji_court-raad-van-state","kji_year-8463","kji_subject-divers","kji_keyword-advocaat","kji_keyword-heeft","kji_keyword-referent","kji_keyword-state","kji_keyword-vertegenwoordigd","kji_language-nl"],"yoast_head":"<!-- This site is optimized with the Yoast SEO Premium plugin v27.5 (Yoast SEO v27.5) - https:\/\/yoast.com\/product\/yoast-seo-premium-wordpress\/ -->\n<title>ECLI:NL:RVS:2025:3487 Raad van State , 25-07-2025 \/ 202407473\/1\/V1 - Ma\u00eetre Hassan Kohen, avocat en droit p\u00e9nal \u00e0 Paris<\/title>\n<meta name=\"robots\" content=\"index, follow, max-snippet:-1, max-image-preview:large, max-video-preview:-1\" \/>\n<link rel=\"canonical\" href=\"https:\/\/kohenavocats.com\/ru\/jurisprudences\/eclinlrvs20253487-raad-van-state-25-07-2025-202407473-1-v1\/\" \/>\n<meta property=\"og:locale\" content=\"ru_RU\" \/>\n<meta property=\"og:type\" content=\"article\" \/>\n<meta property=\"og:title\" content=\"ECLI:NL:RVS:2025:3487 Raad van State , 25-07-2025 \/ 202407473\/1\/V1\" \/>\n<meta property=\"og:description\" content=\"Referent, vertegenwoordigd door mr. T.M. van der Wal, advocaat in Heerenveen, heeft hoger beroep ingesteld tegen de uitspraak van de rechtbank Den Haag, zittingsplaats Groningen, van 21 november 2024 in zaak nr. NL24.36208. De minister van Asiel en Migratie heeft een nader stuk ingediend.\" \/>\n<meta property=\"og:url\" content=\"https:\/\/kohenavocats.com\/ru\/jurisprudences\/eclinlrvs20253487-raad-van-state-25-07-2025-202407473-1-v1\/\" \/>\n<meta property=\"og:site_name\" content=\"Ma\u00eetre Hassan Kohen, avocat en droit p\u00e9nal \u00e0 Paris\" \/>\n<meta name=\"twitter:card\" content=\"summary_large_image\" \/>\n<meta name=\"twitter:label1\" content=\"\u041f\u0440\u0438\u043c\u0435\u0440\u043d\u043e\u0435 \u0432\u0440\u0435\u043c\u044f \u0434\u043b\u044f \u0447\u0442\u0435\u043d\u0438\u044f\" \/>\n\t<meta name=\"twitter:data1\" content=\"2 \u043c\u0438\u043d\u0443\u0442\u044b\" \/>\n<script type=\"application\/ld+json\" class=\"yoast-schema-graph\">{\"@context\":\"https:\\\/\\\/schema.org\",\"@graph\":[{\"@type\":\"WebPage\",\"@id\":\"https:\\\/\\\/kohenavocats.com\\\/ru\\\/jurisprudences\\\/eclinlrvs20253487-raad-van-state-25-07-2025-202407473-1-v1\\\/\",\"url\":\"https:\\\/\\\/kohenavocats.com\\\/ru\\\/jurisprudences\\\/eclinlrvs20253487-raad-van-state-25-07-2025-202407473-1-v1\\\/\",\"name\":\"ECLI:NL:RVS:2025:3487 Raad van State , 25-07-2025 \\\/ 202407473\\\/1\\\/V1 - Ma\u00eetre Hassan Kohen, avocat en droit p\u00e9nal \u00e0 Paris\",\"isPartOf\":{\"@id\":\"https:\\\/\\\/kohenavocats.com\\\/ru\\\/#website\"},\"datePublished\":\"2026-04-17T21:23:16+00:00\",\"breadcrumb\":{\"@id\":\"https:\\\/\\\/kohenavocats.com\\\/ru\\\/jurisprudences\\\/eclinlrvs20253487-raad-van-state-25-07-2025-202407473-1-v1\\\/#breadcrumb\"},\"inLanguage\":\"ru-RU\",\"potentialAction\":[{\"@type\":\"ReadAction\",\"target\":[\"https:\\\/\\\/kohenavocats.com\\\/ru\\\/jurisprudences\\\/eclinlrvs20253487-raad-van-state-25-07-2025-202407473-1-v1\\\/\"]}]},{\"@type\":\"BreadcrumbList\",\"@id\":\"https:\\\/\\\/kohenavocats.com\\\/ru\\\/jurisprudences\\\/eclinlrvs20253487-raad-van-state-25-07-2025-202407473-1-v1\\\/#breadcrumb\",\"itemListElement\":[{\"@type\":\"ListItem\",\"position\":1,\"name\":\"Home\",\"item\":\"https:\\\/\\\/kohenavocats.com\\\/ru\\\/avocats-en-droit-penal-a-paris-conseil-et-defense-strategique\\\/\"},{\"@type\":\"ListItem\",\"position\":2,\"name\":\"Jurisprudences\",\"item\":\"https:\\\/\\\/kohenavocats.com\\\/ru\\\/jurisprudences\\\/\"},{\"@type\":\"ListItem\",\"position\":3,\"name\":\"ECLI:NL:RVS:2025:3487 Raad van State , 25-07-2025 \\\/ 202407473\\\/1\\\/V1\"}]},{\"@type\":\"WebSite\",\"@id\":\"https:\\\/\\\/kohenavocats.com\\\/ru\\\/#website\",\"url\":\"https:\\\/\\\/kohenavocats.com\\\/ru\\\/\",\"name\":\"Kohen Avocats\",\"description\":\"Ma\u00eetre Hassan Kohen, avocat p\u00e9naliste \u00e0 Paris, intervient exclusivement en droit p\u00e9nal pour la d\u00e9fense des particuliers, notamment en mati\u00e8re d\u2019accusations de viol. Il assure un accompagnement rigoureux d\u00e8s la garde \u00e0 vue jusqu\u2019\u00e0 la Cour d\u2019assises, veillant au strict respect des garanties proc\u00e9durales.\",\"publisher\":{\"@id\":\"https:\\\/\\\/kohenavocats.com\\\/ru\\\/#organization\"},\"potentialAction\":[{\"@type\":\"SearchAction\",\"target\":{\"@type\":\"EntryPoint\",\"urlTemplate\":\"https:\\\/\\\/kohenavocats.com\\\/ru\\\/?s={search_term_string}\"},\"query-input\":{\"@type\":\"PropertyValueSpecification\",\"valueRequired\":true,\"valueName\":\"search_term_string\"}}],\"inLanguage\":\"ru-RU\"},{\"@type\":\"Organization\",\"@id\":\"https:\\\/\\\/kohenavocats.com\\\/ru\\\/#organization\",\"name\":\"Kohen Avocats\",\"url\":\"https:\\\/\\\/kohenavocats.com\\\/ru\\\/\",\"logo\":{\"@type\":\"ImageObject\",\"inLanguage\":\"ru-RU\",\"@id\":\"https:\\\/\\\/kohenavocats.com\\\/ru\\\/#\\\/schema\\\/logo\\\/image\\\/\",\"url\":\"https:\\\/\\\/kohenavocats.com\\\/wp-content\\\/uploads\\\/2026\\\/01\\\/Logo-2-1.webp\",\"contentUrl\":\"https:\\\/\\\/kohenavocats.com\\\/wp-content\\\/uploads\\\/2026\\\/01\\\/Logo-2-1.webp\",\"width\":2114,\"height\":1253,\"caption\":\"Kohen Avocats\"},\"image\":{\"@id\":\"https:\\\/\\\/kohenavocats.com\\\/ru\\\/#\\\/schema\\\/logo\\\/image\\\/\"}}]}<\/script>\n<!-- \/ Yoast SEO Premium plugin. -->","yoast_head_json":{"title":"ECLI:NL:RVS:2025:3487 Raad van State , 25-07-2025 \/ 202407473\/1\/V1 - Ma\u00eetre Hassan Kohen, avocat en droit p\u00e9nal \u00e0 Paris","robots":{"index":"index","follow":"follow","max-snippet":"max-snippet:-1","max-image-preview":"max-image-preview:large","max-video-preview":"max-video-preview:-1"},"canonical":"https:\/\/kohenavocats.com\/ru\/jurisprudences\/eclinlrvs20253487-raad-van-state-25-07-2025-202407473-1-v1\/","og_locale":"ru_RU","og_type":"article","og_title":"ECLI:NL:RVS:2025:3487 Raad van State , 25-07-2025 \/ 202407473\/1\/V1","og_description":"Referent, vertegenwoordigd door mr. T.M. van der Wal, advocaat in Heerenveen, heeft hoger beroep ingesteld tegen de uitspraak van de rechtbank Den Haag, zittingsplaats Groningen, van 21 november 2024 in zaak nr. NL24.36208. De minister van Asiel en Migratie heeft een nader stuk ingediend.","og_url":"https:\/\/kohenavocats.com\/ru\/jurisprudences\/eclinlrvs20253487-raad-van-state-25-07-2025-202407473-1-v1\/","og_site_name":"Ma\u00eetre Hassan Kohen, avocat en droit p\u00e9nal \u00e0 Paris","twitter_card":"summary_large_image","twitter_misc":{"\u041f\u0440\u0438\u043c\u0435\u0440\u043d\u043e\u0435 \u0432\u0440\u0435\u043c\u044f \u0434\u043b\u044f \u0447\u0442\u0435\u043d\u0438\u044f":"2 \u043c\u0438\u043d\u0443\u0442\u044b"},"schema":{"@context":"https:\/\/schema.org","@graph":[{"@type":"WebPage","@id":"https:\/\/kohenavocats.com\/ru\/jurisprudences\/eclinlrvs20253487-raad-van-state-25-07-2025-202407473-1-v1\/","url":"https:\/\/kohenavocats.com\/ru\/jurisprudences\/eclinlrvs20253487-raad-van-state-25-07-2025-202407473-1-v1\/","name":"ECLI:NL:RVS:2025:3487 Raad van State , 25-07-2025 \/ 202407473\/1\/V1 - Ma\u00eetre Hassan Kohen, avocat en droit p\u00e9nal \u00e0 Paris","isPartOf":{"@id":"https:\/\/kohenavocats.com\/ru\/#website"},"datePublished":"2026-04-17T21:23:16+00:00","breadcrumb":{"@id":"https:\/\/kohenavocats.com\/ru\/jurisprudences\/eclinlrvs20253487-raad-van-state-25-07-2025-202407473-1-v1\/#breadcrumb"},"inLanguage":"ru-RU","potentialAction":[{"@type":"ReadAction","target":["https:\/\/kohenavocats.com\/ru\/jurisprudences\/eclinlrvs20253487-raad-van-state-25-07-2025-202407473-1-v1\/"]}]},{"@type":"BreadcrumbList","@id":"https:\/\/kohenavocats.com\/ru\/jurisprudences\/eclinlrvs20253487-raad-van-state-25-07-2025-202407473-1-v1\/#breadcrumb","itemListElement":[{"@type":"ListItem","position":1,"name":"Home","item":"https:\/\/kohenavocats.com\/ru\/avocats-en-droit-penal-a-paris-conseil-et-defense-strategique\/"},{"@type":"ListItem","position":2,"name":"Jurisprudences","item":"https:\/\/kohenavocats.com\/ru\/jurisprudences\/"},{"@type":"ListItem","position":3,"name":"ECLI:NL:RVS:2025:3487 Raad van State , 25-07-2025 \/ 202407473\/1\/V1"}]},{"@type":"WebSite","@id":"https:\/\/kohenavocats.com\/ru\/#website","url":"https:\/\/kohenavocats.com\/ru\/","name":"Kohen Avocats","description":"Ma\u00eetre Hassan Kohen, avocat p\u00e9naliste \u00e0 Paris, intervient exclusivement en droit p\u00e9nal pour la d\u00e9fense des particuliers, notamment en mati\u00e8re d\u2019accusations de viol. Il assure un accompagnement rigoureux d\u00e8s la garde \u00e0 vue jusqu\u2019\u00e0 la Cour d\u2019assises, veillant au strict respect des garanties proc\u00e9durales.","publisher":{"@id":"https:\/\/kohenavocats.com\/ru\/#organization"},"potentialAction":[{"@type":"SearchAction","target":{"@type":"EntryPoint","urlTemplate":"https:\/\/kohenavocats.com\/ru\/?s={search_term_string}"},"query-input":{"@type":"PropertyValueSpecification","valueRequired":true,"valueName":"search_term_string"}}],"inLanguage":"ru-RU"},{"@type":"Organization","@id":"https:\/\/kohenavocats.com\/ru\/#organization","name":"Kohen Avocats","url":"https:\/\/kohenavocats.com\/ru\/","logo":{"@type":"ImageObject","inLanguage":"ru-RU","@id":"https:\/\/kohenavocats.com\/ru\/#\/schema\/logo\/image\/","url":"https:\/\/kohenavocats.com\/wp-content\/uploads\/2026\/01\/Logo-2-1.webp","contentUrl":"https:\/\/kohenavocats.com\/wp-content\/uploads\/2026\/01\/Logo-2-1.webp","width":2114,"height":1253,"caption":"Kohen Avocats"},"image":{"@id":"https:\/\/kohenavocats.com\/ru\/#\/schema\/logo\/image\/"}}]}},"jetpack_likes_enabled":false,"jetpack_sharing_enabled":true,"_links":{"self":[{"href":"https:\/\/kohenavocats.com\/ru\/wp-json\/wp\/v2\/kji_decision\/590044","targetHints":{"allow":["GET"]}}],"collection":[{"href":"https:\/\/kohenavocats.com\/ru\/wp-json\/wp\/v2\/kji_decision"}],"about":[{"href":"https:\/\/kohenavocats.com\/ru\/wp-json\/wp\/v2\/types\/kji_decision"}],"wp:attachment":[{"href":"https:\/\/kohenavocats.com\/ru\/wp-json\/wp\/v2\/media?parent=590044"}],"wp:term":[{"taxonomy":"kji_country","embeddable":true,"href":"https:\/\/kohenavocats.com\/ru\/wp-json\/wp\/v2\/kji_country?post=590044"},{"taxonomy":"kji_court","embeddable":true,"href":"https:\/\/kohenavocats.com\/ru\/wp-json\/wp\/v2\/kji_court?post=590044"},{"taxonomy":"kji_chamber","embeddable":true,"href":"https:\/\/kohenavocats.com\/ru\/wp-json\/wp\/v2\/kji_chamber?post=590044"},{"taxonomy":"kji_year","embeddable":true,"href":"https:\/\/kohenavocats.com\/ru\/wp-json\/wp\/v2\/kji_year?post=590044"},{"taxonomy":"kji_subject","embeddable":true,"href":"https:\/\/kohenavocats.com\/ru\/wp-json\/wp\/v2\/kji_subject?post=590044"},{"taxonomy":"kji_keyword","embeddable":true,"href":"https:\/\/kohenavocats.com\/ru\/wp-json\/wp\/v2\/kji_keyword?post=590044"},{"taxonomy":"kji_language","embeddable":true,"href":"https:\/\/kohenavocats.com\/ru\/wp-json\/wp\/v2\/kji_language?post=590044"}],"curies":[{"name":"wp","href":"https:\/\/api.w.org\/{rel}","templated":true}]}}