{"id":591001,"date":"2026-04-18T02:13:27","date_gmt":"2026-04-18T00:13:27","guid":{"rendered":"https:\/\/kohenavocats.com\/jurisprudences\/eclinlrbdha202527594-rechtbank-den-haag-18-11-2025-awb24-5685-awb24-5686-awb25-16340-awb25-16341\/"},"modified":"2026-04-18T02:13:27","modified_gmt":"2026-04-18T00:13:27","slug":"eclinlrbdha202527594-rechtbank-den-haag-18-11-2025-awb24-5685-awb24-5686-awb25-16340-awb25-16341","status":"publish","type":"kji_decision","link":"https:\/\/kohenavocats.com\/ru\/jurisprudences\/eclinlrbdha202527594-rechtbank-den-haag-18-11-2025-awb24-5685-awb24-5686-awb25-16340-awb25-16341\/","title":{"rendered":"ECLI:NL:RBDHA:2025:27594 Rechtbank Den Haag , 18-11-2025 \/ AWB24\/5685, AWB24\/5686, AWB25\/16340, AWB25\/16341"},"content":{"rendered":"<div class=\"kji-decision\">\n<div class=\"kji-full-text\">\n<p><strong>Inhoudsindicatie.<\/strong> Derdelander Oekra\u00efne; terugkeerbesluit.<\/p>\n<p>RECHTBANK DEN HAAG<\/p>\n<p>Bestuursrecht<\/p>\n<p>zaaknummers: AWB24\/5685, AWB24\/5686, AWB25\/16340 en AWB25\/16341<\/p>\n<p>uitspraak van de enkelvoudige kamer en de voorzieningenrechter in de zaak tussen<\/p>\n<h3>[eiser], V-nummer: [v-nummer], eiser\/verzoeker (hierna: eiser)<\/h3>\n<p>(gemachtigde: mr. A. Alam-Khan),<\/p>\n<p>en<\/p>\n<p>de minister van Asiel en Migratie, voorheen de staatssecretaris van Justitie en Veiligheid, verweerder<\/p>\n<p>(gemachtigde: [naam]).<\/p>\n<h3>Inleiding<\/h3>\n<p>1. In deze uitspraak beoordeelt de rechtbank het beroep van eiser tegen de brief van 19 februari 2024 en 6 mei 2024 en het beroep tegen het aan hem opgelegde terugkeerbesluit van 30 juli 2025 en beoordeelt de voorzieningenrechter het verzoek om een voorlopige voorziening van eiser.<\/p>\n<p>Verweerder heeft met het besluit van 30 juli 2025 aan eiser een terugkeerbesluit opgelegd en bepaald dat eiser binnen vier weken na 4 september 2025 uit Nederland moet vertrekken.<\/p>\n<p>2. De rechtbank heeft het beroep op 21 oktober 2025 op zitting behandeld. Hieraan hebben deelgenomen: eiser, de gemachtigde van eiser, dhr. Ghosh als tolk en mr. P. Frimpong als de gemachtigde van verweerder.<\/p>\n<h3>Beoordeling door de rechtbank<\/h3>\n<p>Waar gaat deze zaak over?<\/p>\n<p>3. Eiser is geboren op [geboortedatum] 1997 en heeft de Bengalese nationaliteit. Eiser had in Oekra\u00efne een tijdelijke verblijfsvergunning op het moment dat de Russische strijdkrachten op 24 februari 2022 begonnen met de grootschalige invasie van Oekra\u00efne. Eiser is vanuit Oekra\u00efne naar Nederland gekomen en heeft hier facultatieve tijdelijke bescherming gekregen op grond van de Richtlijn Tijdelijke Bescherming (RTB) en het daarop gebaseerde Uitvoeringsbesluit, zonder daarbij te beoordelen of eiser de mogelijkheid had om naar zijn land van oorsprong terug te keren.<\/p>\n<p>Op 19 februari 2024 heeft verweerder aan eiser medegedeeld dat zijn verblijfsrecht op grond van de RTB eindigt per 4 maart 2024, omdat de Afdeling in de uitspraak van 17 januari 2024 heeft geoordeeld dat het eerdere besluit van verweerder waarin stond dat het recht op tijdelijk bescherming per 4 september 2023 zou stoppen niet mocht. Op 6 mei 2024 heeft verweerder aan eiser medegedeeld dat de staatssecretaris van Justitie en Veiligheid heeft besloten de gevolgen van het stoppen van de tijdelijke bescherming te bevriezen en dat eiser mag blijven totdat het Hof van Justitie van de Europese Unie (hierna: Hof) uitspraak heeft gedaan op de prejudici\u00eble vragen van de Afdeling, dan wel tot 4 maart 2024. Eiser heeft tegen deze brieven beroep ingesteld, wat bij de rechtbank is geregistreerd met zaaknummer AWB24\/5685. Eiser heeft ook een verzoek tot het treffen van een voorlopige voorziening ingediend, wat bij de rechtbank is geregistreerd met zaaknummer AWB24\/5686.<\/p>\n<p>Op 30 juli 2025 heeft verweerder aan eiser medegedeeld dat zijn verblijfsrecht op grond van de RTB per 4 maart 2024 is be\u00ebindigd en op 4 september 2025 de tijdelijke bevriezingsmaatregel stopt. Daarnaast heeft verweerder aan eiser een nieuw terugkeerbesluit opgelegd. Eiser heeft ook tegen dit besluit beroep ingesteld, wat bij de rechtbank is geregistreerd met zaaknummer AWB25\/16340. Eiser heeft ook een verzoek tot het treffen van een voorlopige voorziening ingediend, wat bij de rechtbank is geregistreerd met zaaknummer AWB25\/16341.<\/p>\n<p>Wat vindt eiser in beroep?<\/p>\n<p>4. Eiser stelt dat zijn rechten op basis van artikel 8 van het EVRM door verweerder worden geschonden, omdat verweerder de bescherming die eiser had onder de Richtlijn Tijdelijke Bescherming op 4 september 2025 heeft be\u00ebindigd. Eiser is naar Oekra\u00efne gereisd om daar zijn studie voort te zetten. Hij had ook zijn collegegeld in Oekra\u00efne al betaald. Maar de uitbraak van de oorlog heeft eiser gedwongen om zijn studie op te geven. Eiser stelt ook dat het onredelijk is om hem na ruim 3 jaar rechtmatig (gedoogd) verblijf een terugkeerbesluit op te leggen. Eiser heeft sinds hem een verblijfsvergunning is verleend gewerkt, eiser heeft bijgedragen aan de Nederlandse economie en hij heeft zich verder geschoold als elektricien. Eiser heeft in Nederland vrienden\/kennissen gemaakt. Hij heeft in Nederland een leven opgebouwd. Eiser vormt ook geen bedreiging voor de nationale veiligheid of de volksgezondheid. Daarnaast is volgens eiser het Nederlandse beleid voor derdelanders onredelijk hard vergeleken met andere EU landen, zoals Finland. Eiser stelt dat het bestreden besluit op onjuiste gronden berust, op onzorgvuldige wijze tot stand is gekomen en in alle redelijkheid niet in stand kan blijven. Verweerder had mede vanwege de onzekere situatie waarin eiser zich bevindt op zijn minst moeten toetsen aan artikel 8 van het EVRM.<\/p>\n<p>Wat is het oordeel van de rechtbank?<\/p>\n<p>Ontvankelijkheid (AWB24\/5685)<\/p>\n<p>5. In de brief van 19 februari 2024 heeft verweerder medegedeeld dat eisers verblijfsrecht op grond van de RTB op 4 maart 2024 eindigt. In de brief van 6 mei 2024 heeft verweerder eiser medegedeeld dat de gevolgen van het stoppen van de tijdelijke bescherming tijdelijk worden bevroren. De rechtbank overweegt dat deze mededelingen geen rechtsgevolgen hebben gecre\u00eberd. Deze mededelingen zijn dus geen besluiten waartegen beroep kan worden ingesteld. De rechtbank zal dit beroep met zaaknummer AWB24\/5685 daarom niet-ontvankelijk verklaren.<\/p>\n<p>Opleggen terugkeerbesluit 30 juli 2025 (AWB25\/16340)<\/p>\n<p>6. De rechtbank volgt eiser niet in zijn betoog dat het onredelijk is om na 3,5 jaar rechtmatig (gedoogd) verblijf een terugkeerbesluit op te leggen. Uit het arrest Kaduna en Abkez volgt \u2013 kort samengevat \u2013 dat verweerder de facultatieve bescherming van derdelanders die een tijdelijke verblijfsvergunning hadden in Oekra\u00efne vroegtijdig mocht be\u00ebindigen. Verweerder heeft per 4 maart 2024 de facultatieve tijdelijke bescherming van eiser be\u00ebindigt. De hoogste bestuursrechter heeft in haar uitspraken van 23 april 2025 geoordeeld dat verweerder de facultatieve tijdelijke bescherming van derdelanders die een tijdelijke verblijfsvergunning hadden in Oekra\u00efne op 4 maart 2024 mocht be\u00ebindigen. In die uitspraken heeft de Afdeling ook geoordeeld dat de minister geen toezeggingen heeft gedaan waaruit derdelanders mochten afleiden dat hun facultatieve tijdelijke bescherming net zo lang zou duren als de verplichte tijdelijke bescherming. De rechtbank stelt met verweerder vast dat eiser geen rechtmatig verblijf had op 30 juli 2025 en verweerder om die reden bevoegd en verplicht was om een terugkeerbesluit op te leggen. Hierover is verweerder ook altijd duidelijk geweest. Aangezien de tijdelijke bescherming op 4 maart 2024 be\u00ebindigd mocht worden, volgt de rechtbank eiser ook niet in het betoog dat het be\u00ebindigen van de facultatieve bescherming onredelijk hard is vergeleken met andere lidstaten.<\/p>\n<p>7. De rechtbank volgt eiser niet in zijn betoog dat het terugkeerbesluit in strijd is met artikel 8 van het EVRM. Uit artikel 5 van de Terugkeerrichtlijn volgt weliswaar dat bij het opleggen van een terugkeerbesluit rekening moet worden gehouden met het recht op priv\u00e9leven, zoals neergelegd in artikel 8 van het EVRM. Maar verweerder heeft zich op het standpunt kunnen stellen dat hetgeen eiser aanvoert, namelijk dat hij in Nederland werkt, bijdraagt aan de economie en sociale contacten onderhoudt, onvoldoende is om te kunnen concluderen dat het terugkeerbesluit onredelijk is of in strijd met zijn recht op priv\u00e9leven onder artikel 8 van het EVRM en bovendien is het onvoldoende onderbouwd. Verweerder heeft zich daarbij terecht op het standpunt gesteld dat als eiser vindt dat hij een verblijfsrecht ontleent aan het recht op priv\u00e9leven, zoals dat volgt uit artikel 8 van het EVRM, dat hij een daartoe strekkende aanvraag kan indienen.<\/p>\n<p>8. Ten slotte overweegt de rechtbank ambtshalve dat verweerder zich terecht op het standpunt heeft gesteld dat niet is gebleken van gronden om aan te nemen dat eiser een risico loopt op een behandeling in strijd met artikel 3 van het EVRM bij terugkeer naar Bangladesh. Voorzover eiser stelt dat hij gevaar loopt bij terugkeer naar Bangladesh, dan staat het hem vrij om (opnieuw) een asielaanvraag in te dienen.<\/p>\n<h3>Conclusie en gevolgen<\/h3>\n<p>9. Het beroep in de procedure met zaaknummer AWB24\/5685 is niet-ontvankelijk.<\/p>\n<p>10. Het beroep in de procedure met zaaknummer AWB25\/16340 is ongegrond.<\/p>\n<p>11. Het verzoek om een voorlopige voorziening in de procedures met zaaknummers AWB24\/5686 en AWB25\/16341 worden buiten zitting afgedaan en niet-ontvankelijk verklaard, nu er uitspraak is gedaan in beide beroepen en er niet langer sprake is van connexiteit.<\/p>\n<p>12. Eiser krijgt geen vergoeding van zijn proceskosten.<\/p>\n<h3>Beslissing<\/h3>\n<p>AWB24\/5685<\/p>\n<p>De rechtbank verklaart het beroep niet-ontvankelijk.<\/p>\n<p>AWB24\/5686<\/p>\n<p>De voorzieningenrechter verklaart het verzoek om een voorlopige voorziening niet-ontvankelijk.<\/p>\n<p>AWB25\/16340<\/p>\n<p>De rechtbank verklaart het beroep ongegrond.<\/p>\n<p>AWB25\/16341<\/p>\n<p>De voorzieningenrechter verklaart het verzoek om een voorlopige voorziening niet-ontvankelijk.<\/p>\n<p>Deze uitspraak is gedaan door mr. A.M. de Wit, (voorzieningen)rechter, in aanwezigheid van mr. L.W.H. Schippers, griffier.<\/p>\n<p>griffier<\/p>\n<p>rechter<\/p>\n<p>Een afschrift van deze uitspraak is verzonden aan partijen op:<\/p>\n<h3>Informatie over hoger beroep<\/h3>\n<p>Een partij die het niet eens is met deze uitspraak op het beroep, kan een hogerberoepschrift sturen naar de Afdeling bestuursrechtspraak van de Raad van State waarin wordt uitgelegd waarom deze partij het niet eens is met deze uitspraak. Het hogerberoepschrift moet worden ingediend binnen vier weken na de dag waarop deze uitspraak is verzonden. Kan de indiener de behandeling van het hoger beroep niet afwachten, omdat de zaak spoed heeft, dan kan de indiener de voorzieningenrechter van de Afdeling bestuursrechtspraak van de Raad van State vragen om een voorlopige voorziening (een tijdelijke maatregel) te treffen.<\/p>\n<p>Tegen de uitspraak op het verzoek om een voorlopige voorziening staat geen hoger beroep of verzet open<\/p>\n<h3>Voetnoten<\/h3>\n<ol>\n<li>Richtl\u0133n 2001\/55\/EG van de Raad van 20 juli 2001 betreffende minimumnormen voor het verlenen van t\u0133del\u0133ke bescherming in geval van massale toestroom van ontheemden en maatregelen ter bevordering van een evenwicht tussen de inspanning van de lidstaten voor de opvang en het dragen van de consequenties van de opvang van deze personen.<\/li>\n<li>Uitvoeringsbesluit (EU) 2022\/3822<\/li>\n<li>Uitspraak van de Afdeling Bestuursrechtspraak van de Raad van State (Afdeling) van 17 januari 2024, ECLI:NL:RVS:2024:32.<\/li>\n<li>Verdrag tot bescherming van de rechten van de mens en de fundamentele vrijheden.<\/li>\n<li>Het Hof van 19 december 2024, ECLI:EU:C:2024:1038.<\/li>\n<li>Zie de uitspraak van de Afdeling van 23 april 2025, ECLI:NL:RVS:2025:1829.<\/li>\n<li>Uitspraken van de Afdeling van 23 april 2025, ECLI:NL:RVS:2025:1829, ECLI:NL:RVS:2025:1827 en ECLI:NL:RVS:2025:1836.<\/li>\n<li>Op basis van artikel 6, eerste lid, van de terugkeerrichtlijn.<\/li>\n<li>Richtlijn 2008\/115\/EG.<\/li>\n<li>Zie de uitspraak van de Afdeling van 1 november 2012, ECLI:NL:RVS:2012:BY2816, r.o. 1.3; en zie de uitspraak van de Afdeling van 12 oktober 2022, ECLI:NL:RVS:2022:2918, r.o. 8.<\/li>\n<li>Op grond van artikel 8:81 en 8:83, derde lid, van de Algemene wet bestuursrecht.<\/li>\n<\/ol>\n<\/div>\n<hr class=\"kji-sep\" \/>\n<p class=\"kji-source-links\"><strong>Sources officielles :<\/strong> <a class=\"kji-source-link\" href=\"http:\/\/deeplink.rechtspraak.nl\/uitspraak?id=ECLI:NL:RBDHA:2025:27594\" target=\"_blank\" rel=\"noopener noreferrer\">consulter la page source<\/a><\/p>\n<p class=\"kji-license-note\"><em>Rechtspraak.nl open data, Creative Commons Zero. Volume cible 1.8M decisions.<\/em><\/p>\n<\/div>\n","protected":false},"excerpt":{"rendered":"<p>Derdelander Oekra\u00efne; terugkeerbesluit.<\/p>\n","protected":false},"featured_media":0,"template":"","meta":{"_crdt_document":""},"kji_country":[7669],"kji_court":[7670],"kji_chamber":[],"kji_year":[8463],"kji_subject":[7646],"kji_keyword":[8141,8142,7674,7675,13549],"kji_language":[7671],"class_list":["post-591001","kji_decision","type-kji_decision","status-publish","hentry","kji_country-pays-bas","kji_court-rechtbank-den-haag","kji_year-8463","kji_subject-divers","kji_keyword-derdelander","kji_keyword-oekraine","kji_keyword-rbdha","kji_keyword-rechtbank","kji_keyword-terugkeerbesluit","kji_language-nl"],"yoast_head":"<!-- This site is optimized with the Yoast SEO Premium plugin v27.5 (Yoast SEO v27.5) - https:\/\/yoast.com\/product\/yoast-seo-premium-wordpress\/ -->\n<title>ECLI:NL:RBDHA:2025:27594 Rechtbank Den Haag , 18-11-2025 \/ AWB24\/5685, AWB24\/5686, AWB25\/16340, AWB25\/16341 - Ma\u00eetre Hassan Kohen, avocat en droit p\u00e9nal \u00e0 Paris<\/title>\n<meta name=\"robots\" content=\"index, follow, max-snippet:-1, max-image-preview:large, max-video-preview:-1\" \/>\n<link rel=\"canonical\" href=\"https:\/\/kohenavocats.com\/ru\/jurisprudences\/eclinlrbdha202527594-rechtbank-den-haag-18-11-2025-awb24-5685-awb24-5686-awb25-16340-awb25-16341\/\" \/>\n<meta property=\"og:locale\" content=\"ru_RU\" \/>\n<meta property=\"og:type\" content=\"article\" \/>\n<meta property=\"og:title\" content=\"ECLI:NL:RBDHA:2025:27594 Rechtbank Den Haag , 18-11-2025 \/ AWB24\/5685, AWB24\/5686, AWB25\/16340, AWB25\/16341\" \/>\n<meta property=\"og:description\" content=\"Derdelander Oekra\u00efne; terugkeerbesluit.\" \/>\n<meta property=\"og:url\" content=\"https:\/\/kohenavocats.com\/ru\/jurisprudences\/eclinlrbdha202527594-rechtbank-den-haag-18-11-2025-awb24-5685-awb24-5686-awb25-16340-awb25-16341\/\" \/>\n<meta property=\"og:site_name\" content=\"Ma\u00eetre Hassan Kohen, avocat en droit p\u00e9nal \u00e0 Paris\" \/>\n<meta name=\"twitter:card\" content=\"summary_large_image\" \/>\n<meta name=\"twitter:label1\" content=\"\u041f\u0440\u0438\u043c\u0435\u0440\u043d\u043e\u0435 \u0432\u0440\u0435\u043c\u044f \u0434\u043b\u044f \u0447\u0442\u0435\u043d\u0438\u044f\" \/>\n\t<meta name=\"twitter:data1\" content=\"8 \u043c\u0438\u043d\u0443\u0442\" \/>\n<script type=\"application\/ld+json\" class=\"yoast-schema-graph\">{\"@context\":\"https:\\\/\\\/schema.org\",\"@graph\":[{\"@type\":\"WebPage\",\"@id\":\"https:\\\/\\\/kohenavocats.com\\\/ru\\\/jurisprudences\\\/eclinlrbdha202527594-rechtbank-den-haag-18-11-2025-awb24-5685-awb24-5686-awb25-16340-awb25-16341\\\/\",\"url\":\"https:\\\/\\\/kohenavocats.com\\\/ru\\\/jurisprudences\\\/eclinlrbdha202527594-rechtbank-den-haag-18-11-2025-awb24-5685-awb24-5686-awb25-16340-awb25-16341\\\/\",\"name\":\"ECLI:NL:RBDHA:2025:27594 Rechtbank Den Haag , 18-11-2025 \\\/ AWB24\\\/5685, AWB24\\\/5686, AWB25\\\/16340, AWB25\\\/16341 - Ma\u00eetre Hassan Kohen, avocat en droit p\u00e9nal \u00e0 Paris\",\"isPartOf\":{\"@id\":\"https:\\\/\\\/kohenavocats.com\\\/ru\\\/#website\"},\"datePublished\":\"2026-04-18T00:13:27+00:00\",\"breadcrumb\":{\"@id\":\"https:\\\/\\\/kohenavocats.com\\\/ru\\\/jurisprudences\\\/eclinlrbdha202527594-rechtbank-den-haag-18-11-2025-awb24-5685-awb24-5686-awb25-16340-awb25-16341\\\/#breadcrumb\"},\"inLanguage\":\"ru-RU\",\"potentialAction\":[{\"@type\":\"ReadAction\",\"target\":[\"https:\\\/\\\/kohenavocats.com\\\/ru\\\/jurisprudences\\\/eclinlrbdha202527594-rechtbank-den-haag-18-11-2025-awb24-5685-awb24-5686-awb25-16340-awb25-16341\\\/\"]}]},{\"@type\":\"BreadcrumbList\",\"@id\":\"https:\\\/\\\/kohenavocats.com\\\/ru\\\/jurisprudences\\\/eclinlrbdha202527594-rechtbank-den-haag-18-11-2025-awb24-5685-awb24-5686-awb25-16340-awb25-16341\\\/#breadcrumb\",\"itemListElement\":[{\"@type\":\"ListItem\",\"position\":1,\"name\":\"Home\",\"item\":\"https:\\\/\\\/kohenavocats.com\\\/ru\\\/avocats-en-droit-penal-a-paris-conseil-et-defense-strategique\\\/\"},{\"@type\":\"ListItem\",\"position\":2,\"name\":\"Jurisprudences\",\"item\":\"https:\\\/\\\/kohenavocats.com\\\/ru\\\/jurisprudences\\\/\"},{\"@type\":\"ListItem\",\"position\":3,\"name\":\"ECLI:NL:RBDHA:2025:27594 Rechtbank Den Haag , 18-11-2025 \\\/ AWB24\\\/5685, AWB24\\\/5686, AWB25\\\/16340, AWB25\\\/16341\"}]},{\"@type\":\"WebSite\",\"@id\":\"https:\\\/\\\/kohenavocats.com\\\/ru\\\/#website\",\"url\":\"https:\\\/\\\/kohenavocats.com\\\/ru\\\/\",\"name\":\"Kohen Avocats\",\"description\":\"Ma\u00eetre Hassan Kohen, avocat p\u00e9naliste \u00e0 Paris, intervient exclusivement en droit p\u00e9nal pour la d\u00e9fense des particuliers, notamment en mati\u00e8re d\u2019accusations de viol. Il assure un accompagnement rigoureux d\u00e8s la garde \u00e0 vue jusqu\u2019\u00e0 la Cour d\u2019assises, veillant au strict respect des garanties proc\u00e9durales.\",\"publisher\":{\"@id\":\"https:\\\/\\\/kohenavocats.com\\\/ru\\\/#organization\"},\"potentialAction\":[{\"@type\":\"SearchAction\",\"target\":{\"@type\":\"EntryPoint\",\"urlTemplate\":\"https:\\\/\\\/kohenavocats.com\\\/ru\\\/?s={search_term_string}\"},\"query-input\":{\"@type\":\"PropertyValueSpecification\",\"valueRequired\":true,\"valueName\":\"search_term_string\"}}],\"inLanguage\":\"ru-RU\"},{\"@type\":\"Organization\",\"@id\":\"https:\\\/\\\/kohenavocats.com\\\/ru\\\/#organization\",\"name\":\"Kohen Avocats\",\"url\":\"https:\\\/\\\/kohenavocats.com\\\/ru\\\/\",\"logo\":{\"@type\":\"ImageObject\",\"inLanguage\":\"ru-RU\",\"@id\":\"https:\\\/\\\/kohenavocats.com\\\/ru\\\/#\\\/schema\\\/logo\\\/image\\\/\",\"url\":\"https:\\\/\\\/kohenavocats.com\\\/wp-content\\\/uploads\\\/2026\\\/01\\\/Logo-2-1.webp\",\"contentUrl\":\"https:\\\/\\\/kohenavocats.com\\\/wp-content\\\/uploads\\\/2026\\\/01\\\/Logo-2-1.webp\",\"width\":2114,\"height\":1253,\"caption\":\"Kohen Avocats\"},\"image\":{\"@id\":\"https:\\\/\\\/kohenavocats.com\\\/ru\\\/#\\\/schema\\\/logo\\\/image\\\/\"}}]}<\/script>\n<!-- \/ Yoast SEO Premium plugin. -->","yoast_head_json":{"title":"ECLI:NL:RBDHA:2025:27594 Rechtbank Den Haag , 18-11-2025 \/ AWB24\/5685, AWB24\/5686, AWB25\/16340, AWB25\/16341 - Ma\u00eetre Hassan Kohen, avocat en droit p\u00e9nal \u00e0 Paris","robots":{"index":"index","follow":"follow","max-snippet":"max-snippet:-1","max-image-preview":"max-image-preview:large","max-video-preview":"max-video-preview:-1"},"canonical":"https:\/\/kohenavocats.com\/ru\/jurisprudences\/eclinlrbdha202527594-rechtbank-den-haag-18-11-2025-awb24-5685-awb24-5686-awb25-16340-awb25-16341\/","og_locale":"ru_RU","og_type":"article","og_title":"ECLI:NL:RBDHA:2025:27594 Rechtbank Den Haag , 18-11-2025 \/ AWB24\/5685, AWB24\/5686, AWB25\/16340, AWB25\/16341","og_description":"Derdelander Oekra\u00efne; terugkeerbesluit.","og_url":"https:\/\/kohenavocats.com\/ru\/jurisprudences\/eclinlrbdha202527594-rechtbank-den-haag-18-11-2025-awb24-5685-awb24-5686-awb25-16340-awb25-16341\/","og_site_name":"Ma\u00eetre Hassan Kohen, avocat en droit p\u00e9nal \u00e0 Paris","twitter_card":"summary_large_image","twitter_misc":{"\u041f\u0440\u0438\u043c\u0435\u0440\u043d\u043e\u0435 \u0432\u0440\u0435\u043c\u044f \u0434\u043b\u044f \u0447\u0442\u0435\u043d\u0438\u044f":"8 \u043c\u0438\u043d\u0443\u0442"},"schema":{"@context":"https:\/\/schema.org","@graph":[{"@type":"WebPage","@id":"https:\/\/kohenavocats.com\/ru\/jurisprudences\/eclinlrbdha202527594-rechtbank-den-haag-18-11-2025-awb24-5685-awb24-5686-awb25-16340-awb25-16341\/","url":"https:\/\/kohenavocats.com\/ru\/jurisprudences\/eclinlrbdha202527594-rechtbank-den-haag-18-11-2025-awb24-5685-awb24-5686-awb25-16340-awb25-16341\/","name":"ECLI:NL:RBDHA:2025:27594 Rechtbank Den Haag , 18-11-2025 \/ AWB24\/5685, AWB24\/5686, AWB25\/16340, AWB25\/16341 - Ma\u00eetre Hassan Kohen, avocat en droit p\u00e9nal \u00e0 Paris","isPartOf":{"@id":"https:\/\/kohenavocats.com\/ru\/#website"},"datePublished":"2026-04-18T00:13:27+00:00","breadcrumb":{"@id":"https:\/\/kohenavocats.com\/ru\/jurisprudences\/eclinlrbdha202527594-rechtbank-den-haag-18-11-2025-awb24-5685-awb24-5686-awb25-16340-awb25-16341\/#breadcrumb"},"inLanguage":"ru-RU","potentialAction":[{"@type":"ReadAction","target":["https:\/\/kohenavocats.com\/ru\/jurisprudences\/eclinlrbdha202527594-rechtbank-den-haag-18-11-2025-awb24-5685-awb24-5686-awb25-16340-awb25-16341\/"]}]},{"@type":"BreadcrumbList","@id":"https:\/\/kohenavocats.com\/ru\/jurisprudences\/eclinlrbdha202527594-rechtbank-den-haag-18-11-2025-awb24-5685-awb24-5686-awb25-16340-awb25-16341\/#breadcrumb","itemListElement":[{"@type":"ListItem","position":1,"name":"Home","item":"https:\/\/kohenavocats.com\/ru\/avocats-en-droit-penal-a-paris-conseil-et-defense-strategique\/"},{"@type":"ListItem","position":2,"name":"Jurisprudences","item":"https:\/\/kohenavocats.com\/ru\/jurisprudences\/"},{"@type":"ListItem","position":3,"name":"ECLI:NL:RBDHA:2025:27594 Rechtbank Den Haag , 18-11-2025 \/ AWB24\/5685, AWB24\/5686, AWB25\/16340, AWB25\/16341"}]},{"@type":"WebSite","@id":"https:\/\/kohenavocats.com\/ru\/#website","url":"https:\/\/kohenavocats.com\/ru\/","name":"Kohen Avocats","description":"Ma\u00eetre Hassan Kohen, avocat p\u00e9naliste \u00e0 Paris, intervient exclusivement en droit p\u00e9nal pour la d\u00e9fense des particuliers, notamment en mati\u00e8re d\u2019accusations de viol. Il assure un accompagnement rigoureux d\u00e8s la garde \u00e0 vue jusqu\u2019\u00e0 la Cour d\u2019assises, veillant au strict respect des garanties proc\u00e9durales.","publisher":{"@id":"https:\/\/kohenavocats.com\/ru\/#organization"},"potentialAction":[{"@type":"SearchAction","target":{"@type":"EntryPoint","urlTemplate":"https:\/\/kohenavocats.com\/ru\/?s={search_term_string}"},"query-input":{"@type":"PropertyValueSpecification","valueRequired":true,"valueName":"search_term_string"}}],"inLanguage":"ru-RU"},{"@type":"Organization","@id":"https:\/\/kohenavocats.com\/ru\/#organization","name":"Kohen Avocats","url":"https:\/\/kohenavocats.com\/ru\/","logo":{"@type":"ImageObject","inLanguage":"ru-RU","@id":"https:\/\/kohenavocats.com\/ru\/#\/schema\/logo\/image\/","url":"https:\/\/kohenavocats.com\/wp-content\/uploads\/2026\/01\/Logo-2-1.webp","contentUrl":"https:\/\/kohenavocats.com\/wp-content\/uploads\/2026\/01\/Logo-2-1.webp","width":2114,"height":1253,"caption":"Kohen Avocats"},"image":{"@id":"https:\/\/kohenavocats.com\/ru\/#\/schema\/logo\/image\/"}}]}},"jetpack_likes_enabled":false,"jetpack_sharing_enabled":true,"_links":{"self":[{"href":"https:\/\/kohenavocats.com\/ru\/wp-json\/wp\/v2\/kji_decision\/591001","targetHints":{"allow":["GET"]}}],"collection":[{"href":"https:\/\/kohenavocats.com\/ru\/wp-json\/wp\/v2\/kji_decision"}],"about":[{"href":"https:\/\/kohenavocats.com\/ru\/wp-json\/wp\/v2\/types\/kji_decision"}],"wp:attachment":[{"href":"https:\/\/kohenavocats.com\/ru\/wp-json\/wp\/v2\/media?parent=591001"}],"wp:term":[{"taxonomy":"kji_country","embeddable":true,"href":"https:\/\/kohenavocats.com\/ru\/wp-json\/wp\/v2\/kji_country?post=591001"},{"taxonomy":"kji_court","embeddable":true,"href":"https:\/\/kohenavocats.com\/ru\/wp-json\/wp\/v2\/kji_court?post=591001"},{"taxonomy":"kji_chamber","embeddable":true,"href":"https:\/\/kohenavocats.com\/ru\/wp-json\/wp\/v2\/kji_chamber?post=591001"},{"taxonomy":"kji_year","embeddable":true,"href":"https:\/\/kohenavocats.com\/ru\/wp-json\/wp\/v2\/kji_year?post=591001"},{"taxonomy":"kji_subject","embeddable":true,"href":"https:\/\/kohenavocats.com\/ru\/wp-json\/wp\/v2\/kji_subject?post=591001"},{"taxonomy":"kji_keyword","embeddable":true,"href":"https:\/\/kohenavocats.com\/ru\/wp-json\/wp\/v2\/kji_keyword?post=591001"},{"taxonomy":"kji_language","embeddable":true,"href":"https:\/\/kohenavocats.com\/ru\/wp-json\/wp\/v2\/kji_language?post=591001"}],"curies":[{"name":"wp","href":"https:\/\/api.w.org\/{rel}","templated":true}]}}