{"id":591590,"date":"2026-04-18T03:53:22","date_gmt":"2026-04-18T01:53:22","guid":{"rendered":"https:\/\/kohenavocats.com\/jurisprudences\/eclinlrbdha202521535-rechtbank-den-haag-11-11-2025-nl24-46265-en-nl24-46267\/"},"modified":"2026-04-18T03:53:22","modified_gmt":"2026-04-18T01:53:22","slug":"eclinlrbdha202521535-rechtbank-den-haag-11-11-2025-nl24-46265-en-nl24-46267","status":"publish","type":"kji_decision","link":"https:\/\/kohenavocats.com\/ru\/jurisprudences\/eclinlrbdha202521535-rechtbank-den-haag-11-11-2025-nl24-46265-en-nl24-46267\/","title":{"rendered":"ECLI:NL:RBDHA:2025:21535 Rechtbank Den Haag , 11-11-2025 \/ NL24.46265 en NL24.46267"},"content":{"rendered":"<div class=\"kji-decision\">\n<div class=\"kji-full-text\">\n<p><strong>Inhoudsindicatie.<\/strong> BNT asiel, samenhang. Met het BVM heeft de minister de beslistermijn tijdelijk kunnen uitstellen, er is geen verlenging mogelijk. Beslistermijn eisers al verstreken voor BVM dus gegronde opvolgende beroepen, 2 weken, verhoogde dwangsom.<\/p>\n<h3>RECHTBANK DEN HAAG<\/h3>\n<p>Zittingsplaats Amsterdam<\/p>\n<p>Bestuursrecht<\/p>\n<p>Zaaknummers: NL24.46265 en NL24.46267<\/p>\n<p>[V-Nummers]<\/p>\n<h3>uitspraak van de enkelvoudige kamer in de zaak tussen<\/h3>\n<h3>[eiseres] (eiseres) en [eiser] (eiser), hierna samen: eisers<\/h3>\n<p>(gemachtigde: mr. A.M. van Eik),<\/p>\n<p>en<\/p>\n<h3>de minister van Asiel en Migratie, de minister.<\/h3>\n<h3>Procesverloop<\/h3>\n<p>Eisers hebben beroep ingesteld wegens het niet tijdig beslissen op hun asielaanvraag.<\/p>\n<p>De minister heeft op 3, 19 en 26 september 2025 een verweerschrift ingediend. Eisers hebben op de verweerschriften van 3 en 19 september 2025 gereageerd.<\/p>\n<p>De rechtbank heeft het beroep op 29 september 2025 op zitting behandeld. De gemachtigde van eisers is verschenen. De minister is met bericht van verhindering niet verschenen.<\/p>\n<h3>Overwegingen<\/h3>\n<p>1. Eiseres is de dochter van eiser en zij hebben op 5 mei 2024 afzonderlijk van elkaar een asielaanvraag ingediend. Eisers hebben de minister op 7 november 2024 in gebreke gesteld, waarna zij op 22 november 2024 in beroep zijn gegaan wegens het niet tijdig beslissen op de aanvragen.<\/p>\n<p>2. De minister voert in zijn verweerschriften van 3 en 19 september 2025 aan dat de beroepen niet-ontvankelijk moeten worden verklaard. Volgens de minister is er sprake van samenhang tussen eisers en de moeder, dan wel echtgenote. De minister schrijft dat zij een gezin vormen, samen naar Nederland zijn gereisd, hun asielaanvragen gelijktijdig hebben ingediend en gelijkluidende asielmotieven hebben. Het beroep van de moeder, dan wel echtgenote, is op 10 juni 2025 gegrond verklaard. In deze uitspraak is de minister opgedragen om binnen zestien weken alsnog een besluit bekend te maken, dus uiterlijk op 30 september 2025, op straffe van een dwangsom van \u20ac 100,- per dag met een maximum van \u20ac 7.500,-. Volgens de minister is er daardoor in deze beroepen geen sprake meer van procesbelang, omdat de rechtbank zich al heeft uitgesproken over het geschil.<\/p>\n<p>Op de zitting hebben eisers gesteld dat geen sprake is van samenhang met de zaak van de moeder, dan wel echtgenote, omdat zij een verschillend asielrelaas hebben. De rechtbank is van oordeel dat eisers dit onvoldoende aannemelijk hebben gemaakt. Zo is er niet toegelicht in welke zin de asielrelazen van elkaar verschillen. De rechtbank gaat er daarom vanuit dat zij hetzelfde asielrelaas hebben. Eisers behoren tot hetzelfde gezin als de moeder, dan wel echtgenote, waardoor in beginsel sprake is van samenhang.<\/p>\n<p>De rechtbank volgt het standpunt van de minister dat er geen sprake zou zijn van procesbelang niet. Zo volgt uit rechtspraak van de Afdeling dat procesbelang in beginsel blijft bestaan, zolang er niet op een aanvraag is beslist. Daarnaast is de opgelegde beslistermijn van zestien weken uit de uitspraak van 10 juni 2025 op 30 september 2025 verstreken. Niet is gebleken dat de minister op de aanvragen van eisers heeft beslist. De rechtbank oordeelt daarom dat nog steeds sprake is van procesbelang.<\/p>\n<p>3. De minister heeft in zijn verweerschriften van 3 en 26 september 2025 subsidiair aangevoerd dat de beslistermijn voor de asielaanvragen van eisers is verlengd met het besluit- en vertrekmoratorium voor vreemdelingen afkomstig uit Syri\u00eb. De minister schrijft dat de beslistermijn hiermee is verlengd met een jaar tot ten hoogste 21 maanden. Hij verwijst hierbij naar een uitspraak van de Afdeling, waarin is bepaald dat het niet in strijd is met de Procedurerichtlijn dat een besluit op een individuele aanvraag uitgesteld kan worden, waarbij het besluit- en vertrekmoratorium geldt voor alle vreemdelingen die onder het toepassingsbereik van dat besluit vallen en een aanvraag om een verblijfsvergunning asiel hebben lopen waarop nog niet is beslist. Verder schrijft de minister in zijn verweerschrift van 26 september 2025 dat in de Procedurerichtlijn niet staat opgenomen met welke termijn de beslistermijn verlengd mag worden, zolang zij met het besluit maar binnen de uiterste termijn van 21 maanden blijven. Volgens de minister mocht de beslistermijn dan ook worden verlengd.<\/p>\n<p>De rechtbank stelt als eerste vast dat de bevoegdheid tot het instellen van een besluit- en vertrekmoratorium zoals volgt uit artikel 43 van de Vreemdelingenwet een implementatie is van artikel 31, vierde lid van de Procedurerichtlijn. Eisers doen beroep op laatstgenoemde bepaling en stellen dat artikel 43 van de Vreemdelingenwet daarmee in strijd is. De vraag is in hoeverre eisers een rechtstreeks beroep op deze bepaling uit de Procedurerichtlijn toekomt.<\/p>\n<p>Volgens vaste rechtspraak van het Hof van Justitie moet de uitvoering van een richtlijn de volledige toepassing ervan verzekeren. Het Hof van Justitie heeft overwogen dat de vaststelling van nationale maatregelen die een richtlijn naar behoren uitvoeren, niet betekent dat de richtlijn geen gevolgen meer heeft, en dat een lidstaat ook na vaststelling van deze maatregelen gehouden blijft daadwerkelijk de volledige toepassing van de richtlijn te verzekeren. Daarom kunnen particulieren zich voor de nationale rechter tegenover de staat beroepen op bepalingen van een richtlijn die inhoudelijk gezien onvoorwaardelijk en voldoende precies zijn. Dit kan in alle gevallen waarin de volledige toepassing van de richtlijn niet daadwerkelijk verzekerd is, en dus ook in geval van onjuiste uitvoering van de richtlijn.<\/p>\n<p>De rechtbank overweegt dat artikel 31, vierde lid van de Procedurerichtlijn blijkens de tekst van de bepaling een bevoegdheid voor lidstaten in het leven roept. Deze bepaling is naar het oordeel van de rechtbank voldoende duidelijk en onvoorwaardelijk, zodat eisers zich daarop kunnen beroepen.<\/p>\n<p>De rechtbank is verder van oordeel dat de onder 3. gegeven uitleg van de minister niet gevolgd kan worden en overweegt daartoe als volgt. In artikel 31, derde lid, van de Procedurerichtlijn staat opgenomen dat de asielprocedure in beginsel zes maanden bedraagt. In ditzelfde lid staan drie situaties opgenomen wanneer de beslistermijn kan worden verlengd. Het besluit- en vertrekmoratorium zoals opgenomen in artikel 43 van de Vreemdelingenwet is zoals eerder overwogen echter gebaseerd op het vierde lid van dit artikel. Daarin wordt niet gesproken over een verlenging, maar over de mogelijkheid om het nemen van de beslissing uit te stellen in het geval van een onzekere situatie in een land van herkomst. In de Engelse taalversie wordt in het derde lid gesproken over extend en in het vierde lid over postpone. In de Franse taalversie wordt in het derde lid gesproken over prolonger en in het vierde lid over diff\u00e9rer. In de Duitse taalversie wordt in het derde lid gesproken over verl\u00e4ngern en in het vierde lid over aufschieben. Uitstellen, postpone, diff\u00e9rer en aufschieben is wat anders dan verlengen, extend, prolonger en verl\u00e4ngern. Uitgaande van deze grammaticale uitleg mocht de minister het nemen van de beslissing slechts uitstellen. Hoewel in artikel 43 van de Vreemdelingenwet wordt gesproken over het verlengen van de beslistermijn, brengt een richtlijnconforme uitleg met zich mee dat dit uitgelegd moet worden als uitstellen. Gelet hierop is de rechtbank van oordeel dat de beslistermijn met het besluit- en vertrekmoratorium niet kan worden verlengd, maar hoogstens dat de beslissing kan worden uitgesteld zolang het besluit- en vertrekmoratorium geldt.<\/p>\n<p>Als de uitleg van de minister over de verlenging van de beslistermijn gevolgd zou worden, dan zou er een beslistermijn van achttien maanden gelden voor de asielaanvragen die onder het besluit- en vertrekmoratorium vallen. Voor de asielaanvragen die \u00e9\u00e9n dag na intrekking van het besluit- en vertrekmoratorium zijn ingediend, zou dan een beslistermijn van zes maanden gelden. Dit zou betekenen dat er op een latere asielaanvraag eerder zou moeten worden beslist. De rechtbank acht deze uitleg niet logisch, onwenselijk en in strijd met het uitgangspunt van artikel 31, tweede lid van de Procedurerichtlijn dat bepaalt dat lidstaten ervoor zorgen dat de behandelingsprocedure zo spoedig mogelijk wordt afgerond.<\/p>\n<p>4. De rechtbank concludeert dan ook dat de beslistermijn voor eisers zes maanden bedroeg. Het besluit- en vertrekmoratorium is op 11 december 2024 in werking getreden en op 10 juni 2025 ingetrokken. In het geval van eisers was de beslistermijn van zes maanden echter al verstreken op 5 november 2024, oftewel voordat het beslis- en vertrekmoratorium in werking trad. De ingebrekestelling van 7 november 2024 is dus geldig. Eisers hebben vervolgens minimaal twee weken gewacht voordat zij op 22 november 2024 afzonderlijk beroep hebben ingesteld. De beroepen zijn dus gegrond.<\/p>\n<p>Welke beslistermijn moet aan de minister worden opgelegd?<\/p>\n<p>5. Als het beroep gegrond is en nog geen besluit is bekendgemaakt, draagt de rechtbank het bestuursorgaan op om binnen twee weken na de dag waarop de uitspraak wordt verzonden alsnog een besluit bekend te maken. Alleen in bijzondere gevallen kan de rechtbank een andere termijn bepalen.<\/p>\n<p>6. De rechtbank overweegt dat het besluit- en vertrekmoratorium een dergelijke bijzonder geval betreft om in beginsel een andere termijn dan bovengenoemde twee weken op te leggen omdat tijdens de geldigheid daarvan het nemen van de beslissing op de aanvragen in die periode is uitgesteld. Het besluit- en vertrekmoratorium is echter op 10 juni 2025 ingetrokken en vanaf dat moment is de minister weer in staat om op de aanvragen te beslissen. Daarnaast stelt de rechtbank vast dat de minister met de uitspraak van 10 juni 2025 in de zaak van de moeder, dan wel echtgenote uitdrukkelijk is opgedragen te beslissen op de aanvraag van eisers, maar dat nog steeds niet heeft gedaan. Niet is gebleken van bijzondere omstandigheden die daaraan sindsdien in de weg hebben gestaan. Dat betekent dat de rechtbank nu de standaardtermijn van twee weken aan de minister oplegt om te beslissen op de aanvragen.<\/p>\n<p>Wat is de hoogte van de rechterlijke dwangsom?<\/p>\n<p>7. De rechtbank volgt de uitspraak van 30 november 2022 waarin artikel 1 van de Tijdelijke wet opschorting dwangsommen IND, voor zover daarin is bepaald dat artikel 8:72, zesde lid, van de Awb niet van toepassing is op aanvragen tot het verlenen van een verblijfsvergunning asiel, onverbindend is verklaard wegens strijd met artikel 47 van het Handvest. Net als in die uitspraak, betekent het voorgaande ook in deze zaak dat de rechtbank w\u00e9l overeenkomstig artikel 8:72, zesde lid, van de Awb een (rechterlijke) dwangsom kan opleggen. De rechtbank bepaalt met toepassing van artikel 8:55d, tweede lid, van de Awb dat de minister een nadere dwangsom van \u20ac 250,- aan eisers gezamenlijk is verschuldigd voor elke dag waarmee de hiervoor genoemde termijn wordt overschreden, met een maximum van \u20ac 37.500,-. De rechtbank kiest voor een hogere dwangsom dan gebruikelijk, omdat de minister zich niet heeft gehouden aan de opdracht van de rechtbank van 10 juni 2025 om uiterlijk op 30 september 2025 te beslissen op de aanvraag. Deze dwangsom gaat lopen nadat de dwangsom uit de uitspraak van 10 juni 2025 is volgelopen, dus vanaf 15 december 2025.<\/p>\n<p>8. De rechtbank veroordeelt de minister in de door eisers gemaakte proceskosten die zij in verband met de behandeling van hun (als samenhangende zaak aan te merken) beroepen redelijkerwijs hebben gemaakt. Deze kosten stelt de rechtbank op grond van het Besluit proceskosten bestuursrecht voor de door een derde beroepsmatig verleende rechtsbijstand vast op \u20ac 907,- (1 punt voor het indienen van het beroepschrift en 1 punt voor het verschijnen op de zitting met een waarde per punt van \u20ac 907,- en een wegingsfactor 0,5). De rechtbank is van oordeel dat deze zaak van licht gewicht is, omdat de zaak alleen gaat over de vraag of de beslistermijn is overschreden.<\/p>\n<h3>Beslissing<\/h3>\n<p>De rechtbank:<\/p>\n<p>&#8212; verklaart het beroep gegrond;<\/p>\n<p>&#8212; draagt de minister op binnen twee weken na de dag van verzending van deze uitspraak een besluit op de aanvragen te nemen;<\/p>\n<p>&#8212; bepaalt dat de minister aan eisers gezamenlijk een dwangsom van \u20ac 250,- verbeurt voor elke dag waarmee hij de hiervoor genoemde termijn overschrijdt, met een maximum van \u20ac 37.500,-; en,<\/p>\n<p>&#8212; veroordeelt de minister in de proceskosten van eisers tot een bedrag van \u20ac 907,-.<\/p>\n<p>Deze uitspraak is gedaan door mr. Y. Moussaoui, rechter, in aanwezigheid van<br \/>\nM.A. van Garder, griffier.<\/p>\n<p>De uitspraak is uitgesproken in het openbaar en bekendgemaakt op:<\/p>\n<p>Rechtsmiddel<\/p>\n<p>Tegen deze uitspraak kan hoger beroep worden ingesteld bij de Afdeling bestuursrechtspraak van de Raad van State binnen vier weken na de dag van bekendmaking.<\/p>\n<h3>Voetnoten<\/h3>\n<ol>\n<li>NL24.46268, niet gepubliceerd.<\/li>\n<li>Afdeling bestuursrechtspraak van de Raad van State.<\/li>\n<li>ECLI:NL:RVS:2024:4865.<\/li>\n<li>Staatscourant van 13 december 2024, nr. 41538.<\/li>\n<li>ECLI:NL:RVS:2019:3600.<\/li>\n<li>Richtlijn 2013\/32\/EU.<\/li>\n<li>Hof van Justitie van de Europese Unie.<\/li>\n<li>Zie bijvoorbeeld het arrest van 11 juli 2002, in de zaak Marks &amp; Spencer, C-62\/00, overweging 26 en 27.<\/li>\n<li>Artikel 8:55d, eerste en derde lid, van de Awb.<\/li>\n<li>NL24.46268, niet gepubliceerd.<\/li>\n<li>ECLI:NL:RVS:2022:3353.<\/li>\n<li>Handvest van de Grondrechten van de Europese Unie.<\/li>\n<\/ol>\n<\/div>\n<hr class=\"kji-sep\" \/>\n<p class=\"kji-source-links\"><strong>Sources officielles :<\/strong> <a class=\"kji-source-link\" href=\"http:\/\/deeplink.rechtspraak.nl\/uitspraak?id=ECLI:NL:RBDHA:2025:21535\" target=\"_blank\" rel=\"noopener noreferrer\">consulter la page source<\/a><\/p>\n<p class=\"kji-license-note\"><em>Rechtspraak.nl open data, Creative Commons Zero. Volume cible 1.8M decisions.<\/em><\/p>\n<\/div>\n","protected":false},"excerpt":{"rendered":"<p>BNT asiel, samenhang. Met het BVM heeft de minister de beslistermijn tijdelijk kunnen uitstellen, er is geen verlenging mogelijk. Beslistermijn eisers al verstreken voor BVM dus gegronde opvolgende beroepen, 2 weken, verhoogde dwangsom.<\/p>\n","protected":false},"featured_media":0,"template":"","meta":{"_crdt_document":""},"kji_country":[7669],"kji_court":[7670],"kji_chamber":[],"kji_year":[8463],"kji_subject":[7646],"kji_keyword":[7827,8122,7674,7675,18237],"kji_language":[7671],"class_list":["post-591590","kji_decision","type-kji_decision","status-publish","hentry","kji_country-pays-bas","kji_court-rechtbank-den-haag","kji_year-8463","kji_subject-divers","kji_keyword-asiel","kji_keyword-beslistermijn","kji_keyword-rbdha","kji_keyword-rechtbank","kji_keyword-samenhang","kji_language-nl"],"yoast_head":"<!-- This site is optimized with the Yoast SEO Premium plugin v27.4 (Yoast SEO v27.4) - https:\/\/yoast.com\/product\/yoast-seo-premium-wordpress\/ -->\n<title>ECLI:NL:RBDHA:2025:21535 Rechtbank Den Haag , 11-11-2025 \/ NL24.46265 en NL24.46267 - Ma\u00eetre Hassan Kohen, avocat en droit p\u00e9nal \u00e0 Paris<\/title>\n<meta name=\"robots\" content=\"index, follow, max-snippet:-1, max-image-preview:large, max-video-preview:-1\" \/>\n<link rel=\"canonical\" href=\"https:\/\/kohenavocats.com\/ru\/jurisprudences\/eclinlrbdha202521535-rechtbank-den-haag-11-11-2025-nl24-46265-en-nl24-46267\/\" \/>\n<meta property=\"og:locale\" content=\"ru_RU\" \/>\n<meta property=\"og:type\" content=\"article\" \/>\n<meta property=\"og:title\" content=\"ECLI:NL:RBDHA:2025:21535 Rechtbank Den Haag , 11-11-2025 \/ NL24.46265 en NL24.46267\" \/>\n<meta property=\"og:description\" content=\"BNT asiel, samenhang. Met het BVM heeft de minister de beslistermijn tijdelijk kunnen uitstellen, er is geen verlenging mogelijk. Beslistermijn eisers al verstreken voor BVM dus gegronde opvolgende beroepen, 2 weken, verhoogde dwangsom.\" \/>\n<meta property=\"og:url\" content=\"https:\/\/kohenavocats.com\/ru\/jurisprudences\/eclinlrbdha202521535-rechtbank-den-haag-11-11-2025-nl24-46265-en-nl24-46267\/\" \/>\n<meta property=\"og:site_name\" content=\"Ma\u00eetre Hassan Kohen, avocat en droit p\u00e9nal \u00e0 Paris\" \/>\n<meta name=\"twitter:card\" content=\"summary_large_image\" \/>\n<meta name=\"twitter:label1\" content=\"\u041f\u0440\u0438\u043c\u0435\u0440\u043d\u043e\u0435 \u0432\u0440\u0435\u043c\u044f \u0434\u043b\u044f \u0447\u0442\u0435\u043d\u0438\u044f\" \/>\n\t<meta name=\"twitter:data1\" content=\"10 \u043c\u0438\u043d\u0443\u0442\" \/>\n<script type=\"application\/ld+json\" class=\"yoast-schema-graph\">{\"@context\":\"https:\\\/\\\/schema.org\",\"@graph\":[{\"@type\":\"WebPage\",\"@id\":\"https:\\\/\\\/kohenavocats.com\\\/ru\\\/jurisprudences\\\/eclinlrbdha202521535-rechtbank-den-haag-11-11-2025-nl24-46265-en-nl24-46267\\\/\",\"url\":\"https:\\\/\\\/kohenavocats.com\\\/ru\\\/jurisprudences\\\/eclinlrbdha202521535-rechtbank-den-haag-11-11-2025-nl24-46265-en-nl24-46267\\\/\",\"name\":\"ECLI:NL:RBDHA:2025:21535 Rechtbank Den Haag , 11-11-2025 \\\/ NL24.46265 en NL24.46267 - Ma\u00eetre Hassan Kohen, avocat en droit p\u00e9nal \u00e0 Paris\",\"isPartOf\":{\"@id\":\"https:\\\/\\\/kohenavocats.com\\\/ru\\\/#website\"},\"datePublished\":\"2026-04-18T01:53:22+00:00\",\"breadcrumb\":{\"@id\":\"https:\\\/\\\/kohenavocats.com\\\/ru\\\/jurisprudences\\\/eclinlrbdha202521535-rechtbank-den-haag-11-11-2025-nl24-46265-en-nl24-46267\\\/#breadcrumb\"},\"inLanguage\":\"ru-RU\",\"potentialAction\":[{\"@type\":\"ReadAction\",\"target\":[\"https:\\\/\\\/kohenavocats.com\\\/ru\\\/jurisprudences\\\/eclinlrbdha202521535-rechtbank-den-haag-11-11-2025-nl24-46265-en-nl24-46267\\\/\"]}]},{\"@type\":\"BreadcrumbList\",\"@id\":\"https:\\\/\\\/kohenavocats.com\\\/ru\\\/jurisprudences\\\/eclinlrbdha202521535-rechtbank-den-haag-11-11-2025-nl24-46265-en-nl24-46267\\\/#breadcrumb\",\"itemListElement\":[{\"@type\":\"ListItem\",\"position\":1,\"name\":\"Home\",\"item\":\"https:\\\/\\\/kohenavocats.com\\\/ru\\\/avocats-en-droit-penal-a-paris-conseil-et-defense-strategique\\\/\"},{\"@type\":\"ListItem\",\"position\":2,\"name\":\"Jurisprudences\",\"item\":\"https:\\\/\\\/kohenavocats.com\\\/ru\\\/jurisprudences\\\/\"},{\"@type\":\"ListItem\",\"position\":3,\"name\":\"ECLI:NL:RBDHA:2025:21535 Rechtbank Den Haag , 11-11-2025 \\\/ NL24.46265 en NL24.46267\"}]},{\"@type\":\"WebSite\",\"@id\":\"https:\\\/\\\/kohenavocats.com\\\/ru\\\/#website\",\"url\":\"https:\\\/\\\/kohenavocats.com\\\/ru\\\/\",\"name\":\"Kohen Avocats\",\"description\":\"Ma\u00eetre Hassan Kohen, avocat p\u00e9naliste \u00e0 Paris, intervient exclusivement en droit p\u00e9nal pour la d\u00e9fense des particuliers, notamment en mati\u00e8re d\u2019accusations de viol. Il assure un accompagnement rigoureux d\u00e8s la garde \u00e0 vue jusqu\u2019\u00e0 la Cour d\u2019assises, veillant au strict respect des garanties proc\u00e9durales.\",\"publisher\":{\"@id\":\"https:\\\/\\\/kohenavocats.com\\\/ru\\\/#organization\"},\"potentialAction\":[{\"@type\":\"SearchAction\",\"target\":{\"@type\":\"EntryPoint\",\"urlTemplate\":\"https:\\\/\\\/kohenavocats.com\\\/ru\\\/?s={search_term_string}\"},\"query-input\":{\"@type\":\"PropertyValueSpecification\",\"valueRequired\":true,\"valueName\":\"search_term_string\"}}],\"inLanguage\":\"ru-RU\"},{\"@type\":\"Organization\",\"@id\":\"https:\\\/\\\/kohenavocats.com\\\/ru\\\/#organization\",\"name\":\"Kohen Avocats\",\"url\":\"https:\\\/\\\/kohenavocats.com\\\/ru\\\/\",\"logo\":{\"@type\":\"ImageObject\",\"inLanguage\":\"ru-RU\",\"@id\":\"https:\\\/\\\/kohenavocats.com\\\/ru\\\/#\\\/schema\\\/logo\\\/image\\\/\",\"url\":\"https:\\\/\\\/kohenavocats.com\\\/wp-content\\\/uploads\\\/2026\\\/01\\\/Logo-2-1.webp\",\"contentUrl\":\"https:\\\/\\\/kohenavocats.com\\\/wp-content\\\/uploads\\\/2026\\\/01\\\/Logo-2-1.webp\",\"width\":2114,\"height\":1253,\"caption\":\"Kohen Avocats\"},\"image\":{\"@id\":\"https:\\\/\\\/kohenavocats.com\\\/ru\\\/#\\\/schema\\\/logo\\\/image\\\/\"}}]}<\/script>\n<!-- \/ Yoast SEO Premium plugin. -->","yoast_head_json":{"title":"ECLI:NL:RBDHA:2025:21535 Rechtbank Den Haag , 11-11-2025 \/ NL24.46265 en NL24.46267 - Ma\u00eetre Hassan Kohen, avocat en droit p\u00e9nal \u00e0 Paris","robots":{"index":"index","follow":"follow","max-snippet":"max-snippet:-1","max-image-preview":"max-image-preview:large","max-video-preview":"max-video-preview:-1"},"canonical":"https:\/\/kohenavocats.com\/ru\/jurisprudences\/eclinlrbdha202521535-rechtbank-den-haag-11-11-2025-nl24-46265-en-nl24-46267\/","og_locale":"ru_RU","og_type":"article","og_title":"ECLI:NL:RBDHA:2025:21535 Rechtbank Den Haag , 11-11-2025 \/ NL24.46265 en NL24.46267","og_description":"BNT asiel, samenhang. Met het BVM heeft de minister de beslistermijn tijdelijk kunnen uitstellen, er is geen verlenging mogelijk. Beslistermijn eisers al verstreken voor BVM dus gegronde opvolgende beroepen, 2 weken, verhoogde dwangsom.","og_url":"https:\/\/kohenavocats.com\/ru\/jurisprudences\/eclinlrbdha202521535-rechtbank-den-haag-11-11-2025-nl24-46265-en-nl24-46267\/","og_site_name":"Ma\u00eetre Hassan Kohen, avocat en droit p\u00e9nal \u00e0 Paris","twitter_card":"summary_large_image","twitter_misc":{"\u041f\u0440\u0438\u043c\u0435\u0440\u043d\u043e\u0435 \u0432\u0440\u0435\u043c\u044f \u0434\u043b\u044f \u0447\u0442\u0435\u043d\u0438\u044f":"10 \u043c\u0438\u043d\u0443\u0442"},"schema":{"@context":"https:\/\/schema.org","@graph":[{"@type":"WebPage","@id":"https:\/\/kohenavocats.com\/ru\/jurisprudences\/eclinlrbdha202521535-rechtbank-den-haag-11-11-2025-nl24-46265-en-nl24-46267\/","url":"https:\/\/kohenavocats.com\/ru\/jurisprudences\/eclinlrbdha202521535-rechtbank-den-haag-11-11-2025-nl24-46265-en-nl24-46267\/","name":"ECLI:NL:RBDHA:2025:21535 Rechtbank Den Haag , 11-11-2025 \/ NL24.46265 en NL24.46267 - Ma\u00eetre Hassan Kohen, avocat en droit p\u00e9nal \u00e0 Paris","isPartOf":{"@id":"https:\/\/kohenavocats.com\/ru\/#website"},"datePublished":"2026-04-18T01:53:22+00:00","breadcrumb":{"@id":"https:\/\/kohenavocats.com\/ru\/jurisprudences\/eclinlrbdha202521535-rechtbank-den-haag-11-11-2025-nl24-46265-en-nl24-46267\/#breadcrumb"},"inLanguage":"ru-RU","potentialAction":[{"@type":"ReadAction","target":["https:\/\/kohenavocats.com\/ru\/jurisprudences\/eclinlrbdha202521535-rechtbank-den-haag-11-11-2025-nl24-46265-en-nl24-46267\/"]}]},{"@type":"BreadcrumbList","@id":"https:\/\/kohenavocats.com\/ru\/jurisprudences\/eclinlrbdha202521535-rechtbank-den-haag-11-11-2025-nl24-46265-en-nl24-46267\/#breadcrumb","itemListElement":[{"@type":"ListItem","position":1,"name":"Home","item":"https:\/\/kohenavocats.com\/ru\/avocats-en-droit-penal-a-paris-conseil-et-defense-strategique\/"},{"@type":"ListItem","position":2,"name":"Jurisprudences","item":"https:\/\/kohenavocats.com\/ru\/jurisprudences\/"},{"@type":"ListItem","position":3,"name":"ECLI:NL:RBDHA:2025:21535 Rechtbank Den Haag , 11-11-2025 \/ NL24.46265 en NL24.46267"}]},{"@type":"WebSite","@id":"https:\/\/kohenavocats.com\/ru\/#website","url":"https:\/\/kohenavocats.com\/ru\/","name":"Kohen Avocats","description":"Ma\u00eetre Hassan Kohen, avocat p\u00e9naliste \u00e0 Paris, intervient exclusivement en droit p\u00e9nal pour la d\u00e9fense des particuliers, notamment en mati\u00e8re d\u2019accusations de viol. Il assure un accompagnement rigoureux d\u00e8s la garde \u00e0 vue jusqu\u2019\u00e0 la Cour d\u2019assises, veillant au strict respect des garanties proc\u00e9durales.","publisher":{"@id":"https:\/\/kohenavocats.com\/ru\/#organization"},"potentialAction":[{"@type":"SearchAction","target":{"@type":"EntryPoint","urlTemplate":"https:\/\/kohenavocats.com\/ru\/?s={search_term_string}"},"query-input":{"@type":"PropertyValueSpecification","valueRequired":true,"valueName":"search_term_string"}}],"inLanguage":"ru-RU"},{"@type":"Organization","@id":"https:\/\/kohenavocats.com\/ru\/#organization","name":"Kohen Avocats","url":"https:\/\/kohenavocats.com\/ru\/","logo":{"@type":"ImageObject","inLanguage":"ru-RU","@id":"https:\/\/kohenavocats.com\/ru\/#\/schema\/logo\/image\/","url":"https:\/\/kohenavocats.com\/wp-content\/uploads\/2026\/01\/Logo-2-1.webp","contentUrl":"https:\/\/kohenavocats.com\/wp-content\/uploads\/2026\/01\/Logo-2-1.webp","width":2114,"height":1253,"caption":"Kohen Avocats"},"image":{"@id":"https:\/\/kohenavocats.com\/ru\/#\/schema\/logo\/image\/"}}]}},"jetpack_likes_enabled":false,"jetpack_sharing_enabled":true,"_links":{"self":[{"href":"https:\/\/kohenavocats.com\/ru\/wp-json\/wp\/v2\/kji_decision\/591590","targetHints":{"allow":["GET"]}}],"collection":[{"href":"https:\/\/kohenavocats.com\/ru\/wp-json\/wp\/v2\/kji_decision"}],"about":[{"href":"https:\/\/kohenavocats.com\/ru\/wp-json\/wp\/v2\/types\/kji_decision"}],"wp:attachment":[{"href":"https:\/\/kohenavocats.com\/ru\/wp-json\/wp\/v2\/media?parent=591590"}],"wp:term":[{"taxonomy":"kji_country","embeddable":true,"href":"https:\/\/kohenavocats.com\/ru\/wp-json\/wp\/v2\/kji_country?post=591590"},{"taxonomy":"kji_court","embeddable":true,"href":"https:\/\/kohenavocats.com\/ru\/wp-json\/wp\/v2\/kji_court?post=591590"},{"taxonomy":"kji_chamber","embeddable":true,"href":"https:\/\/kohenavocats.com\/ru\/wp-json\/wp\/v2\/kji_chamber?post=591590"},{"taxonomy":"kji_year","embeddable":true,"href":"https:\/\/kohenavocats.com\/ru\/wp-json\/wp\/v2\/kji_year?post=591590"},{"taxonomy":"kji_subject","embeddable":true,"href":"https:\/\/kohenavocats.com\/ru\/wp-json\/wp\/v2\/kji_subject?post=591590"},{"taxonomy":"kji_keyword","embeddable":true,"href":"https:\/\/kohenavocats.com\/ru\/wp-json\/wp\/v2\/kji_keyword?post=591590"},{"taxonomy":"kji_language","embeddable":true,"href":"https:\/\/kohenavocats.com\/ru\/wp-json\/wp\/v2\/kji_language?post=591590"}],"curies":[{"name":"wp","href":"https:\/\/api.w.org\/{rel}","templated":true}]}}