{"id":592464,"date":"2026-04-18T06:23:48","date_gmt":"2026-04-18T04:23:48","guid":{"rendered":"https:\/\/kohenavocats.com\/jurisprudences\/eclinlghshe20253808-gerechtshof-s-hertogenbosch-11-09-2025-20-000914-25\/"},"modified":"2026-04-18T06:23:48","modified_gmt":"2026-04-18T04:23:48","slug":"eclinlghshe20253808-gerechtshof-s-hertogenbosch-11-09-2025-20-000914-25","status":"publish","type":"kji_decision","link":"https:\/\/kohenavocats.com\/ru\/jurisprudences\/eclinlghshe20253808-gerechtshof-s-hertogenbosch-11-09-2025-20-000914-25\/","title":{"rendered":"ECLI:NL:GHSHE:2025:3808 Gerechtshof &#8216;s-Hertogenbosch , 11-09-2025 \/ 20-000914-25"},"content":{"rendered":"<div class=\"kji-decision\">\n<div class=\"kji-full-text\">\n<p><strong>Inhoudsindicatie.<\/strong> Mishandeling.<\/p>\n<p>Parketnummer : 20-000914-25<\/p>\n<p>Uitspraak : 11 september 2025<\/p>\n<p>VERSTEK<\/p>\n<h3>Arrest van de meervoudige kamer voor strafzaken van het gerechtshof<\/h3>\n<h3>&#039;s-Hertogenbosch<\/h3>\n<p>gewezen op het hoger beroep tegen het vonnis van de politierechter in de rechtbank Oost-Brabant, zittingsplaats Eindhoven, van 10 maart 2025, in de strafzaak met parketnummer 01-372603-24 tegen:<\/p>\n<h3>[verdachte] ,<\/h3>\n<p>geboren te [geboorteplaats] op [geboortedag] 1977,<\/p>\n<p>wonende te [adres] .<\/p>\n<p>Hoger beroep<\/p>\n<p>De politierechter heeft verdachte ter zake van mishandeling veroordeeld tot een gevangenisstraf van 3 weken.<\/p>\n<p>Van de zijde van de verdachte is tegen voormeld vonnis hoger beroep ingesteld.<\/p>\n<p>Onderzoek van de zaak<\/p>\n<p>Dit arrest is gewezen naar aanleiding van het onderzoek op de terechtzitting in hoger beroep.<\/p>\n<p>Het hof heeft kennisgenomen van de vordering van de advocaat-generaal.<\/p>\n<p>De advocaat-generaal heeft gevorderd dat het hof het vonnis van de politierechter zal vernietigen en de verdachte ter zake het ten laste gelegde zal veroordelen tot een gevangenisstraf van 3 weken.<\/p>\n<p>Vonnis waarvan beroep<\/p>\n<p>Het beroepen vonnis zal worden vernietigd omdat de politierechter heeft volstaan met aantekening van de uitspraak op een aan het dubbel van de dagvaarding gehecht stuk, maar het hof gebonden is aan het motiveringsvoorschrift van artikel 359 van het Wetboek van Strafvordering.<\/p>\n<p>Tenlastelegging<\/p>\n<p>Aan de verdachte is tenlastegelegd dat:<\/p>\n<p>hij op of omstreeks 28 juni 2024 te Eindhoven, althans in Nederland, [slachtoffer] heeft mishandeld door die [slachtoffer] meermalen, althans eenmaal, te slaan;<\/p>\n<p>Bewezenverklaring<\/p>\n<p>Het hof acht wettig en overtuigend bewezen dat de verdachte het tenlastegelegde heeft begaan, met dien verstande dat:<\/p>\n<p>hij op 28 juni 2024 te Eindhoven, [slachtoffer] heeft mishandeld door die [slachtoffer] meermalen te slaan.<\/p>\n<p>Het hof acht niet bewezen hetgeen de verdachte meer of anders ten laste is gelegd dan hierboven bewezen is verklaard, zodat hij daarvan zal worden vrijgesproken.<\/p>\n<p>Bewijsmiddelen<\/p>\n<p>Indien tegen dit verkorte arrest beroep in cassatie wordt ingesteld, worden de door het hof gebruikte bewijsmiddelen die redengevend zijn voor de bewezenverklaring opgenomen in een aanvulling op het arrest. Deze aanvulling wordt dan aan dit arrest gehecht.<\/p>\n<p>Bewijsoverwegingen<\/p>\n<p>De beslissing dat het bewezenverklaarde door de verdachte is begaan, berust op de<\/p>\n<p>feiten en omstandigheden als vervat in de hierboven bedoelde bewijsmiddelen in onderlinge samenhang beschouwd.<\/p>\n<p>Strafbaarheid van het bewezenverklaarde<\/p>\n<p>Het bewezenverklaarde levert op:<\/p>\n<h3>mishandeling.<\/h3>\n<p>Er zijn geen feiten of omstandigheden aannemelijk geworden die de strafbaarheid van het bewezenverklaarde uitsluiten.<\/p>\n<p>Het feit is strafbaar.<\/p>\n<p>Strafbaarheid van de verdachte<\/p>\n<p>Er zijn geen feiten of omstandigheden aannemelijk geworden die de strafbaarheid van verdachte uitsluiten. De verdachte is daarom strafbaar voor het hiervoor bewezenverklaarde.<\/p>\n<p>Op te leggen sanctie<\/p>\n<p>Het hof heeft bij de bepaling van de op te leggen straf gelet op de aard en de ernst van hetgeen bewezen is verklaard, op de omstandigheden waaronder het bewezenverklaarde is begaan en op de persoon van de verdachte, zoals een en ander uit het onderzoek ter terechtzitting naar voren is gekomen.<\/p>\n<p>De verdachte heeft zonder enige redelijke aanleiding en vanwege een futiliteit een ander mishandeld door deze meerdere keren te slaan. Daarmee heeft de verdachte aangetoond dat hij geen enkel respect heeft voor de lichamelijke integriteit van een ander en laten zien dat hij bij het minste of geringste over kan gaan tot het gebruik van geweld.<\/p>\n<p>Blijkens het uittreksel justiti\u00eble documentatie d.d. 30 april 2025 is verdachte eerder onherroepelijk veroordeeld ter zake geweldsdelicten en is aan hem in het verleden een ISD-maatregel opgelegd. Deze veroordelingen hebben verdachte er niet van weerhouden de onderhavige delicten te plegen.<\/p>\n<p>Het hof is gelet op de ernst van het bewezenverklaarde in de verhouding tot andere strafbare feiten, zoals onder meer tot uitdrukking komt in het hierop gestelde wettelijk strafmaximum en in de straffen die voor soortgelijke feiten worden opgelegd dat niet kan worden volstaan met een andere of lichtere sanctie dan een straf die onvoorwaardelijke vrijheidsbeneming voor de hierna te vermelden duur met zich brengt.<\/p>\n<p>Het hof ziet \u2013 met de advocaat-generaal \u2013 geen aanleiding een andere straf dan de politierechter op te leggen en veroordeelt verdachte tot een gevangenisstraf van 3 weken.<\/p>\n<p>Toepasselijke wettelijke voorschriften<\/p>\n<p>De beslissing is gegrond op de artikelen 63 en 300 van het Wetboek van Strafrecht, zoals deze ten tijde van het bewezenverklaarde rechtens golden dan wel ten tijde van het wijzen van dit arrest rechtens gelden.<\/p>\n<h3>BESLISSING<\/h3>\n<p>Het hof:<\/p>\n<p>Vernietigt het vonnis waarvan beroep en doet opnieuw recht:<\/p>\n<p>Verklaart zoals hiervoor overwogen bewezen dat de verdachte het tenlastegelegde heeft begaan.<\/p>\n<p>Verklaart niet bewezen hetgeen de verdachte meer of anders is tenlastegelegd dan hierboven is bewezenverklaard en spreekt de verdachte daarvan vrij.<\/p>\n<p>Verklaart het bewezenverklaarde strafbaar, kwalificeert dit als hiervoor vermeld en verklaart de verdachte strafbaar.<\/p>\n<p>Veroordeelt de verdachte tot een gevangenisstraf voor de duur van 3 (drie) weken.<\/p>\n<p>Aldus gewezen door:<\/p>\n<p>mr. J.T.F.M. van Krieken, voorzitter,<\/p>\n<p>mr. C.P.J. Scheele en mr. C.A. van Roosmalen, raadsheren,<\/p>\n<p>in tegenwoordigheid van mr. J.H.W. van der Meijs, griffier,<\/p>\n<p>en op 11 september 2025 ter openbare terechtzitting uitgesproken.<\/p>\n<\/div>\n<hr class=\"kji-sep\" \/>\n<p class=\"kji-source-links\"><strong>Sources officielles :<\/strong> <a class=\"kji-source-link\" href=\"http:\/\/deeplink.rechtspraak.nl\/uitspraak?id=ECLI:NL:GHSHE:2025:3808\" target=\"_blank\" rel=\"noopener noreferrer\">consulter la page source<\/a><\/p>\n<p class=\"kji-license-note\"><em>Rechtspraak.nl open data, Creative Commons Zero. Volume cible 1.8M decisions.<\/em><\/p>\n<\/div>\n","protected":false},"excerpt":{"rendered":"<p>Mishandeling.<\/p>\n","protected":false},"featured_media":0,"template":"","meta":{"_crdt_document":""},"kji_country":[7669],"kji_court":[8088],"kji_chamber":[],"kji_year":[8463],"kji_subject":[7625],"kji_keyword":[8136,9170,8303,9171],"kji_language":[7671],"class_list":["post-592464","kji_decision","type-kji_decision","status-publish","hentry","kji_country-pays-bas","kji_court-gerechtshof-s-hertogenbosch","kji_year-8463","kji_subject-commercial","kji_keyword-gerechtshof","kji_keyword-ghshe","kji_keyword-mishandeling","kji_keyword-s-hertogenbosch","kji_language-nl"],"yoast_head":"<!-- This site is optimized with the Yoast SEO Premium plugin v27.5 (Yoast SEO v27.5) - https:\/\/yoast.com\/product\/yoast-seo-premium-wordpress\/ -->\n<title>ECLI:NL:GHSHE:2025:3808 Gerechtshof &#039;s-Hertogenbosch , 11-09-2025 \/ 20-000914-25 - Ma\u00eetre Hassan Kohen, avocat en droit p\u00e9nal \u00e0 Paris<\/title>\n<meta name=\"robots\" content=\"index, follow, max-snippet:-1, max-image-preview:large, max-video-preview:-1\" \/>\n<link rel=\"canonical\" href=\"https:\/\/kohenavocats.com\/ru\/jurisprudences\/eclinlghshe20253808-gerechtshof-s-hertogenbosch-11-09-2025-20-000914-25\/\" \/>\n<meta property=\"og:locale\" content=\"ru_RU\" \/>\n<meta property=\"og:type\" content=\"article\" \/>\n<meta property=\"og:title\" content=\"ECLI:NL:GHSHE:2025:3808 Gerechtshof &#039;s-Hertogenbosch , 11-09-2025 \/ 20-000914-25\" \/>\n<meta property=\"og:description\" content=\"Mishandeling.\" \/>\n<meta property=\"og:url\" content=\"https:\/\/kohenavocats.com\/ru\/jurisprudences\/eclinlghshe20253808-gerechtshof-s-hertogenbosch-11-09-2025-20-000914-25\/\" \/>\n<meta property=\"og:site_name\" content=\"Ma\u00eetre Hassan Kohen, avocat en droit p\u00e9nal \u00e0 Paris\" \/>\n<meta name=\"twitter:card\" content=\"summary_large_image\" \/>\n<meta name=\"twitter:label1\" content=\"\u041f\u0440\u0438\u043c\u0435\u0440\u043d\u043e\u0435 \u0432\u0440\u0435\u043c\u044f \u0434\u043b\u044f \u0447\u0442\u0435\u043d\u0438\u044f\" \/>\n\t<meta name=\"twitter:data1\" content=\"4 \u043c\u0438\u043d\u0443\u0442\u044b\" \/>\n<script type=\"application\/ld+json\" class=\"yoast-schema-graph\">{\"@context\":\"https:\\\/\\\/schema.org\",\"@graph\":[{\"@type\":\"WebPage\",\"@id\":\"https:\\\/\\\/kohenavocats.com\\\/ru\\\/jurisprudences\\\/eclinlghshe20253808-gerechtshof-s-hertogenbosch-11-09-2025-20-000914-25\\\/\",\"url\":\"https:\\\/\\\/kohenavocats.com\\\/ru\\\/jurisprudences\\\/eclinlghshe20253808-gerechtshof-s-hertogenbosch-11-09-2025-20-000914-25\\\/\",\"name\":\"ECLI:NL:GHSHE:2025:3808 Gerechtshof 's-Hertogenbosch , 11-09-2025 \\\/ 20-000914-25 - Ma\u00eetre Hassan Kohen, avocat en droit p\u00e9nal \u00e0 Paris\",\"isPartOf\":{\"@id\":\"https:\\\/\\\/kohenavocats.com\\\/ru\\\/#website\"},\"datePublished\":\"2026-04-18T04:23:48+00:00\",\"breadcrumb\":{\"@id\":\"https:\\\/\\\/kohenavocats.com\\\/ru\\\/jurisprudences\\\/eclinlghshe20253808-gerechtshof-s-hertogenbosch-11-09-2025-20-000914-25\\\/#breadcrumb\"},\"inLanguage\":\"ru-RU\",\"potentialAction\":[{\"@type\":\"ReadAction\",\"target\":[\"https:\\\/\\\/kohenavocats.com\\\/ru\\\/jurisprudences\\\/eclinlghshe20253808-gerechtshof-s-hertogenbosch-11-09-2025-20-000914-25\\\/\"]}]},{\"@type\":\"BreadcrumbList\",\"@id\":\"https:\\\/\\\/kohenavocats.com\\\/ru\\\/jurisprudences\\\/eclinlghshe20253808-gerechtshof-s-hertogenbosch-11-09-2025-20-000914-25\\\/#breadcrumb\",\"itemListElement\":[{\"@type\":\"ListItem\",\"position\":1,\"name\":\"Home\",\"item\":\"https:\\\/\\\/kohenavocats.com\\\/ru\\\/avocats-en-droit-penal-a-paris-conseil-et-defense-strategique\\\/\"},{\"@type\":\"ListItem\",\"position\":2,\"name\":\"Jurisprudences\",\"item\":\"https:\\\/\\\/kohenavocats.com\\\/ru\\\/jurisprudences\\\/\"},{\"@type\":\"ListItem\",\"position\":3,\"name\":\"ECLI:NL:GHSHE:2025:3808 Gerechtshof &lsquo;s-Hertogenbosch , 11-09-2025 \\\/ 20-000914-25\"}]},{\"@type\":\"WebSite\",\"@id\":\"https:\\\/\\\/kohenavocats.com\\\/ru\\\/#website\",\"url\":\"https:\\\/\\\/kohenavocats.com\\\/ru\\\/\",\"name\":\"Kohen Avocats\",\"description\":\"Ma\u00eetre Hassan Kohen, avocat p\u00e9naliste \u00e0 Paris, intervient exclusivement en droit p\u00e9nal pour la d\u00e9fense des particuliers, notamment en mati\u00e8re d\u2019accusations de viol. Il assure un accompagnement rigoureux d\u00e8s la garde \u00e0 vue jusqu\u2019\u00e0 la Cour d\u2019assises, veillant au strict respect des garanties proc\u00e9durales.\",\"publisher\":{\"@id\":\"https:\\\/\\\/kohenavocats.com\\\/ru\\\/#organization\"},\"potentialAction\":[{\"@type\":\"SearchAction\",\"target\":{\"@type\":\"EntryPoint\",\"urlTemplate\":\"https:\\\/\\\/kohenavocats.com\\\/ru\\\/?s={search_term_string}\"},\"query-input\":{\"@type\":\"PropertyValueSpecification\",\"valueRequired\":true,\"valueName\":\"search_term_string\"}}],\"inLanguage\":\"ru-RU\"},{\"@type\":\"Organization\",\"@id\":\"https:\\\/\\\/kohenavocats.com\\\/ru\\\/#organization\",\"name\":\"Kohen Avocats\",\"url\":\"https:\\\/\\\/kohenavocats.com\\\/ru\\\/\",\"logo\":{\"@type\":\"ImageObject\",\"inLanguage\":\"ru-RU\",\"@id\":\"https:\\\/\\\/kohenavocats.com\\\/ru\\\/#\\\/schema\\\/logo\\\/image\\\/\",\"url\":\"https:\\\/\\\/kohenavocats.com\\\/wp-content\\\/uploads\\\/2026\\\/01\\\/Logo-2-1.webp\",\"contentUrl\":\"https:\\\/\\\/kohenavocats.com\\\/wp-content\\\/uploads\\\/2026\\\/01\\\/Logo-2-1.webp\",\"width\":2114,\"height\":1253,\"caption\":\"Kohen Avocats\"},\"image\":{\"@id\":\"https:\\\/\\\/kohenavocats.com\\\/ru\\\/#\\\/schema\\\/logo\\\/image\\\/\"}}]}<\/script>\n<!-- \/ Yoast SEO Premium plugin. -->","yoast_head_json":{"title":"ECLI:NL:GHSHE:2025:3808 Gerechtshof 's-Hertogenbosch , 11-09-2025 \/ 20-000914-25 - Ma\u00eetre Hassan Kohen, avocat en droit p\u00e9nal \u00e0 Paris","robots":{"index":"index","follow":"follow","max-snippet":"max-snippet:-1","max-image-preview":"max-image-preview:large","max-video-preview":"max-video-preview:-1"},"canonical":"https:\/\/kohenavocats.com\/ru\/jurisprudences\/eclinlghshe20253808-gerechtshof-s-hertogenbosch-11-09-2025-20-000914-25\/","og_locale":"ru_RU","og_type":"article","og_title":"ECLI:NL:GHSHE:2025:3808 Gerechtshof 's-Hertogenbosch , 11-09-2025 \/ 20-000914-25","og_description":"Mishandeling.","og_url":"https:\/\/kohenavocats.com\/ru\/jurisprudences\/eclinlghshe20253808-gerechtshof-s-hertogenbosch-11-09-2025-20-000914-25\/","og_site_name":"Ma\u00eetre Hassan Kohen, avocat en droit p\u00e9nal \u00e0 Paris","twitter_card":"summary_large_image","twitter_misc":{"\u041f\u0440\u0438\u043c\u0435\u0440\u043d\u043e\u0435 \u0432\u0440\u0435\u043c\u044f \u0434\u043b\u044f \u0447\u0442\u0435\u043d\u0438\u044f":"4 \u043c\u0438\u043d\u0443\u0442\u044b"},"schema":{"@context":"https:\/\/schema.org","@graph":[{"@type":"WebPage","@id":"https:\/\/kohenavocats.com\/ru\/jurisprudences\/eclinlghshe20253808-gerechtshof-s-hertogenbosch-11-09-2025-20-000914-25\/","url":"https:\/\/kohenavocats.com\/ru\/jurisprudences\/eclinlghshe20253808-gerechtshof-s-hertogenbosch-11-09-2025-20-000914-25\/","name":"ECLI:NL:GHSHE:2025:3808 Gerechtshof 's-Hertogenbosch , 11-09-2025 \/ 20-000914-25 - Ma\u00eetre Hassan Kohen, avocat en droit p\u00e9nal \u00e0 Paris","isPartOf":{"@id":"https:\/\/kohenavocats.com\/ru\/#website"},"datePublished":"2026-04-18T04:23:48+00:00","breadcrumb":{"@id":"https:\/\/kohenavocats.com\/ru\/jurisprudences\/eclinlghshe20253808-gerechtshof-s-hertogenbosch-11-09-2025-20-000914-25\/#breadcrumb"},"inLanguage":"ru-RU","potentialAction":[{"@type":"ReadAction","target":["https:\/\/kohenavocats.com\/ru\/jurisprudences\/eclinlghshe20253808-gerechtshof-s-hertogenbosch-11-09-2025-20-000914-25\/"]}]},{"@type":"BreadcrumbList","@id":"https:\/\/kohenavocats.com\/ru\/jurisprudences\/eclinlghshe20253808-gerechtshof-s-hertogenbosch-11-09-2025-20-000914-25\/#breadcrumb","itemListElement":[{"@type":"ListItem","position":1,"name":"Home","item":"https:\/\/kohenavocats.com\/ru\/avocats-en-droit-penal-a-paris-conseil-et-defense-strategique\/"},{"@type":"ListItem","position":2,"name":"Jurisprudences","item":"https:\/\/kohenavocats.com\/ru\/jurisprudences\/"},{"@type":"ListItem","position":3,"name":"ECLI:NL:GHSHE:2025:3808 Gerechtshof &lsquo;s-Hertogenbosch , 11-09-2025 \/ 20-000914-25"}]},{"@type":"WebSite","@id":"https:\/\/kohenavocats.com\/ru\/#website","url":"https:\/\/kohenavocats.com\/ru\/","name":"Kohen Avocats","description":"Ma\u00eetre Hassan Kohen, avocat p\u00e9naliste \u00e0 Paris, intervient exclusivement en droit p\u00e9nal pour la d\u00e9fense des particuliers, notamment en mati\u00e8re d\u2019accusations de viol. Il assure un accompagnement rigoureux d\u00e8s la garde \u00e0 vue jusqu\u2019\u00e0 la Cour d\u2019assises, veillant au strict respect des garanties proc\u00e9durales.","publisher":{"@id":"https:\/\/kohenavocats.com\/ru\/#organization"},"potentialAction":[{"@type":"SearchAction","target":{"@type":"EntryPoint","urlTemplate":"https:\/\/kohenavocats.com\/ru\/?s={search_term_string}"},"query-input":{"@type":"PropertyValueSpecification","valueRequired":true,"valueName":"search_term_string"}}],"inLanguage":"ru-RU"},{"@type":"Organization","@id":"https:\/\/kohenavocats.com\/ru\/#organization","name":"Kohen Avocats","url":"https:\/\/kohenavocats.com\/ru\/","logo":{"@type":"ImageObject","inLanguage":"ru-RU","@id":"https:\/\/kohenavocats.com\/ru\/#\/schema\/logo\/image\/","url":"https:\/\/kohenavocats.com\/wp-content\/uploads\/2026\/01\/Logo-2-1.webp","contentUrl":"https:\/\/kohenavocats.com\/wp-content\/uploads\/2026\/01\/Logo-2-1.webp","width":2114,"height":1253,"caption":"Kohen Avocats"},"image":{"@id":"https:\/\/kohenavocats.com\/ru\/#\/schema\/logo\/image\/"}}]}},"jetpack_likes_enabled":false,"jetpack_sharing_enabled":true,"_links":{"self":[{"href":"https:\/\/kohenavocats.com\/ru\/wp-json\/wp\/v2\/kji_decision\/592464","targetHints":{"allow":["GET"]}}],"collection":[{"href":"https:\/\/kohenavocats.com\/ru\/wp-json\/wp\/v2\/kji_decision"}],"about":[{"href":"https:\/\/kohenavocats.com\/ru\/wp-json\/wp\/v2\/types\/kji_decision"}],"wp:attachment":[{"href":"https:\/\/kohenavocats.com\/ru\/wp-json\/wp\/v2\/media?parent=592464"}],"wp:term":[{"taxonomy":"kji_country","embeddable":true,"href":"https:\/\/kohenavocats.com\/ru\/wp-json\/wp\/v2\/kji_country?post=592464"},{"taxonomy":"kji_court","embeddable":true,"href":"https:\/\/kohenavocats.com\/ru\/wp-json\/wp\/v2\/kji_court?post=592464"},{"taxonomy":"kji_chamber","embeddable":true,"href":"https:\/\/kohenavocats.com\/ru\/wp-json\/wp\/v2\/kji_chamber?post=592464"},{"taxonomy":"kji_year","embeddable":true,"href":"https:\/\/kohenavocats.com\/ru\/wp-json\/wp\/v2\/kji_year?post=592464"},{"taxonomy":"kji_subject","embeddable":true,"href":"https:\/\/kohenavocats.com\/ru\/wp-json\/wp\/v2\/kji_subject?post=592464"},{"taxonomy":"kji_keyword","embeddable":true,"href":"https:\/\/kohenavocats.com\/ru\/wp-json\/wp\/v2\/kji_keyword?post=592464"},{"taxonomy":"kji_language","embeddable":true,"href":"https:\/\/kohenavocats.com\/ru\/wp-json\/wp\/v2\/kji_language?post=592464"}],"curies":[{"name":"wp","href":"https:\/\/api.w.org\/{rel}","templated":true}]}}