{"id":593044,"date":"2026-04-18T08:08:36","date_gmt":"2026-04-18T06:08:36","guid":{"rendered":"https:\/\/kohenavocats.com\/jurisprudences\/eclinlrbams202511026-rechtbank-amsterdam-29-10-2025-c-13-776903-fa-rk-25-7757\/"},"modified":"2026-04-18T08:08:36","modified_gmt":"2026-04-18T06:08:36","slug":"eclinlrbams202511026-rechtbank-amsterdam-29-10-2025-c-13-776903-fa-rk-25-7757","status":"publish","type":"kji_decision","link":"https:\/\/kohenavocats.com\/ru\/jurisprudences\/eclinlrbams202511026-rechtbank-amsterdam-29-10-2025-c-13-776903-fa-rk-25-7757\/","title":{"rendered":"ECLI:NL:RBAMS:2025:11026 Rechtbank Amsterdam , 29-10-2025 \/ C\/13\/776903 \/ FA RK 25\/7757"},"content":{"rendered":"<div class=\"kji-decision\">\n<div class=\"kji-full-text\">\n<p><strong>Inhoudsindicatie.<\/strong> Wvggz. Zorgmachtiging verleend.<\/p>\n<p>beschikking<\/p>\n<p>RECHTBANK AMSTERDAM<\/p>\n<p>Afdeling privaatrecht Team Familie &amp; Jeugd<\/p>\n<p>zaaknummer \/ rekestnummer: C\/13\/776903 \/ FA RK 25\/7757<\/p>\n<p>kenmerk: ZM\/IND\/179619<\/p>\n<p>Machtiging tot het verlenen van verplichte zorg<\/p>\n<p>Beschikking van 29 oktober 2025 van de rechtbank Amsterdam naar aanleiding van het door de officier van justitie ingediende verzoek tot het verlenen van een zorgmachtiging als bedoeld in artikel 6:4 van de Wet verplichte geestelijke gezondheidszorg (Wvggz), ten aanzien van:<\/p>\n<p>[betrokkene] ,<\/p>\n<p>geboren op [geboortedatum] 1995 te [geboorteplaats] (Afghanistan),<\/p>\n<p>wonende te [woonplaats] , [adres] ,<\/p>\n<p>zorgaanbieder: GGZ inGeest,<\/p>\n<p>hierna te noemen: betrokkene,<\/p>\n<p>advocaat: mr. C.E. Stassen-Buijs te Amsterdam.<\/p>\n<h3>1Procesverloop<\/h3>\n<p>Het procesverloop blijkt uit het verzoekschrift met bijlagen, ingekomen ter griffie op<\/p>\n<p>10 oktober 2025.<\/p>\n<p>De mondelinge behandeling van het verzoek heeft plaatsgevonden op 29 oktober 2025 in het gebouw van de rechtbank.<\/p>\n<p>Ter zitting waren aanwezig en heeft de rechtbank de volgende personen gehoord:<\/p>\n<p>&#8212; betrokkene;<\/p>\n<p>&#8212; de advocaat;<\/p>\n<p>&#8212; dhr. S. Wiersma, psychiater;<\/p>\n<p>&#8212; mw. S. Wieringa, psycholoog.<\/p>\n<p>Omdat de officier van justitie een nadere toelichting op of motivering van het verzoek niet nodig acht, is hij niet bij de mondelinge behandeling verschenen.<\/p>\n<h3>2Beoordeling<\/h3>\n<p>Anders dan de advocaat namens betrokkene heeft bepleit, blijkt uit de overgelegde stukken en het behandelde ter zitting dat betrokkene lijdt aan een psychische stoornis, in de vorm van schizofreniespectrum- en andere psychotische stoornissen. De psychiater heeft aangevoerd geen twijfel te hebben over de aanwezigheid van een psychotische stoornis. Betrokkene heeft eerder een psychose gehad, waarbij hij onder een zorgmachtiging opgenomen is geweest. De psychose is destijds door medicamenteuze behandeling grotendeels verdwenen. Door de afbouw van de medicatie heeft betrokkene een terugval gehad. Betrokkene heeft op dit moment weer last van dezelfde psychotische verschijnselen als de vorige keer, zoals waanidee\u00ebn. Gelet op de door de behandelaren gegeven uitleg en het oordeel van de onafhankelijk psychiater die daarmee overeenstemt, heeft de rechtbank geen redenen om te twijfelen aan de hiervoor genoemde gediagnosticeerde psychische stoornis.<\/p>\n<p>De advocaat heeft primair afwijzing van het verzoek bepleit, omdat er geen ernstig nadeel is gelegen in ernstig lichamelijk letsel, ernstige verwaarlozing en maatschappelijke teloorgang. Het feit dat betrokkene geen contact heeft met zijn familie, is zijn eigen keuze. Het contact doet hem niet goed. Betrokkene volgt zijn studie en is op zoek naar werk. Hij is tevreden met hoe het gaat. Betrokkene ervaart bovendien veel klachten van het slikken van de medicatie. Subsidiair heeft de advocaat aanhouding van het verzoek bepleit, om stukken in te dienen waaruit blijkt dat betrokkene zijn studiepunten haalt.<\/p>\n<p>De rechtbank gaat voorbij aan het verweer van de advocaat. De behandelaren hebben toegelicht dat betrokkene zichzelf isoleert. Hij zit veel op zijn kamer en heeft zijn sportabonnement opgezegd. Daarnaast loopt betrokkene vast op allerlei facetten in zijn dagelijks leven. Het lukt hem niet om zijn studie vol te houden en hij heeft zijn bijbaan opgezegd. Voorts heeft betrokkene het contact met zijn familie verbroken. De familie van betrokkene lijdt hier erg onder. Vanuit de psychotische overtuigingen is betrokkene niet wilsbekwaam. Zijn denkbeelden zijn volledig overgenomen door zijn psychotische overtuiging. Hoe langer een psychose onbehandeld blijft, hoe slechter de prognose wordt. Dit kan leiden tot ernstig lichamelijk letsel voor betrokkene zelf en moet voorkomen worden middels medicamenteuze behandeling. De rechtbank acht met de gegeven toelichting van de behandelaren met name het ernstig nadeel in de vorm van ernstig lichamelijk letsel voor betrokkene en ernstige verwaarlozing voldoende aanwezig en actueel.<\/p>\n<p>Om het ernstig nadeel af te wenden of de geestelijke gezondheid van betrokkene te stabiliseren of te herstellen of de door de stoornis bedreigde of aangetaste fysieke gezondheid van betrokkene te stabiliseren of te herstellen, heeft betrokkene zorg nodig.<\/p>\n<p>Gebleken is dat er geen mogelijkheden voor passende zorg op vrijwillige basis zijn. Om die reden is verplichte zorg nodig. Van de in het verzoekschrift genoemde vormen van zorg, die zijn gebaseerd op het zorgplan en het advies van de geneesheer-directeur, alsmede gelet op hetgeen bij de mondelinge behandeling naar voren is gekomen acht de rechtbank de volgende vormen van verplichte zorg noodzakelijk voor de duur van zes maanden:<\/p>\n<p>toedienen van medicatie;<\/p>\n<p>het verrichten van medische controles;<\/p>\n<p>beperken van de bewegingsvrijheid;<\/p>\n<p>uitoefenen van toezicht op betrokkene, telkens voor de duur van maximaal twee weken per keer;<\/p>\n<p>onderzoek aan kleding of lichaam;<\/p>\n<p>onderzoek van de woon- of verblijfsruimte op gedrag-be\u00efnvloedende middelen en gevaarlijke voorwerpen;<\/p>\n<p>aanbrengen van beperkingen in de vrijheid het eigen leven in te richten, die tot gevolg hebben dat betrokkene iets moet doen of nalaten, waaronder het gebruik van communicatiemiddelen en het nakomen van afspraken met het ambulant behandelteam;<\/p>\n<p>opnemen in een accommodatie.<\/p>\n<p>De rechtbank zal de verplichte zorg in de vorm van uitoefenen van toezicht op betrokkene in duur beperken, nu niet wordt verwacht dat een langere duur per keer noodzakelijk zal zijn om het ernstig nadeel af te wenden.<\/p>\n<p>De verplichte zorg is evenredig en naar verwachting effectief. Uit de stukken blijkt dat bij het bepalen van de juiste zorg rekening is gehouden met de voorwaarden die noodzakelijk zijn om deelname van betrokkene aan het maatschappelijk leven te bevorderen, alsmede met de veiligheid van betrokkene. Er zijn geen minder bezwarende alternatieven die hetzelfde beoogde effect hebben.<\/p>\n<p>Hetgeen namens en door betrokkene als verweer is aangevoerd doet aan het voorgaande niet af.<\/p>\n<p>Gelet op het voorgaande is voldaan aan de criteria voor en doelen van verplichte zorg als bedoeld in de Wvggz. De zorgmachtiging zal worden verleend voor de (verzochte) duur van zes maanden.<\/p>\n<h3>3Beslissing<\/h3>\n<p>De rechtbank:<\/p>\n<p>verleent een zorgmachtiging ten aanzien van [betrokkene] , geboren op [geboortedatum] 1995 te [geboorteplaats] (Afghanistan), inhoudende dat gedurende de looptijd van de machtiging bij wijze van verplichte zorg de in rechtsoverweging 2.4 genoemde maatregelen kunnen worden getroffen;<\/p>\n<p>bepaalt dat deze machtiging geldt tot en met uiterlijk 29 april 2026;<\/p>\n<p>wijst af het meer of anders verzochte.<\/p>\n<p>Deze beschikking is op 29 oktober 2025 mondeling gegeven en in het openbaar uitgesproken door<\/p>\n<p>mr. K. Duker, rechter, bijgestaan door mr. K.W. de Haan als griffier en op 10 november 2025 schriftelijk uitgewerkt en ondertekend.<\/p>\n<p>Tegen deze beschikking staat het rechtsmiddel van cassatie open.<\/p>\n<\/div>\n<hr class=\"kji-sep\" \/>\n<p class=\"kji-source-links\"><strong>Sources officielles :<\/strong> <a class=\"kji-source-link\" href=\"http:\/\/deeplink.rechtspraak.nl\/uitspraak?id=ECLI:NL:RBAMS:2025:11026\" target=\"_blank\" rel=\"noopener noreferrer\">consulter la page source<\/a><\/p>\n<p class=\"kji-license-note\"><em>Rechtspraak.nl open data, Creative Commons Zero. Volume cible 1.8M decisions.<\/em><\/p>\n<\/div>\n","protected":false},"excerpt":{"rendered":"<p>Wvggz. Zorgmachtiging verleend.<\/p>\n","protected":false},"featured_media":0,"template":"","meta":{"_crdt_document":""},"kji_country":[7669],"kji_court":[7998],"kji_chamber":[],"kji_year":[8463],"kji_subject":[7646],"kji_keyword":[8000,7999,7675,11513,11278],"kji_language":[7671],"class_list":["post-593044","kji_decision","type-kji_decision","status-publish","hentry","kji_country-pays-bas","kji_court-rechtbank-amsterdam","kji_year-8463","kji_subject-divers","kji_keyword-amsterdam","kji_keyword-rbams","kji_keyword-rechtbank","kji_keyword-wvggz","kji_keyword-zorgmachtiging","kji_language-nl"],"yoast_head":"<!-- This site is optimized with the Yoast SEO Premium plugin v27.4 (Yoast SEO v27.4) - https:\/\/yoast.com\/product\/yoast-seo-premium-wordpress\/ -->\n<title>ECLI:NL:RBAMS:2025:11026 Rechtbank Amsterdam , 29-10-2025 \/ C\/13\/776903 \/ FA RK 25\/7757 - Ma\u00eetre Hassan Kohen, avocat en droit p\u00e9nal \u00e0 Paris<\/title>\n<meta name=\"robots\" content=\"index, follow, max-snippet:-1, max-image-preview:large, max-video-preview:-1\" \/>\n<link rel=\"canonical\" href=\"https:\/\/kohenavocats.com\/ru\/jurisprudences\/eclinlrbams202511026-rechtbank-amsterdam-29-10-2025-c-13-776903-fa-rk-25-7757\/\" \/>\n<meta property=\"og:locale\" content=\"ru_RU\" \/>\n<meta property=\"og:type\" content=\"article\" \/>\n<meta property=\"og:title\" content=\"ECLI:NL:RBAMS:2025:11026 Rechtbank Amsterdam , 29-10-2025 \/ C\/13\/776903 \/ FA RK 25\/7757\" \/>\n<meta property=\"og:description\" content=\"Wvggz. Zorgmachtiging verleend.\" \/>\n<meta property=\"og:url\" content=\"https:\/\/kohenavocats.com\/ru\/jurisprudences\/eclinlrbams202511026-rechtbank-amsterdam-29-10-2025-c-13-776903-fa-rk-25-7757\/\" \/>\n<meta property=\"og:site_name\" content=\"Ma\u00eetre Hassan Kohen, avocat en droit p\u00e9nal \u00e0 Paris\" \/>\n<meta name=\"twitter:card\" content=\"summary_large_image\" \/>\n<meta name=\"twitter:label1\" content=\"\u041f\u0440\u0438\u043c\u0435\u0440\u043d\u043e\u0435 \u0432\u0440\u0435\u043c\u044f \u0434\u043b\u044f \u0447\u0442\u0435\u043d\u0438\u044f\" \/>\n\t<meta name=\"twitter:data1\" content=\"5 \u043c\u0438\u043d\u0443\u0442\" \/>\n<script type=\"application\/ld+json\" class=\"yoast-schema-graph\">{\"@context\":\"https:\\\/\\\/schema.org\",\"@graph\":[{\"@type\":\"WebPage\",\"@id\":\"https:\\\/\\\/kohenavocats.com\\\/ru\\\/jurisprudences\\\/eclinlrbams202511026-rechtbank-amsterdam-29-10-2025-c-13-776903-fa-rk-25-7757\\\/\",\"url\":\"https:\\\/\\\/kohenavocats.com\\\/ru\\\/jurisprudences\\\/eclinlrbams202511026-rechtbank-amsterdam-29-10-2025-c-13-776903-fa-rk-25-7757\\\/\",\"name\":\"ECLI:NL:RBAMS:2025:11026 Rechtbank Amsterdam , 29-10-2025 \\\/ C\\\/13\\\/776903 \\\/ FA RK 25\\\/7757 - Ma\u00eetre Hassan Kohen, avocat en droit p\u00e9nal \u00e0 Paris\",\"isPartOf\":{\"@id\":\"https:\\\/\\\/kohenavocats.com\\\/ru\\\/#website\"},\"datePublished\":\"2026-04-18T06:08:36+00:00\",\"breadcrumb\":{\"@id\":\"https:\\\/\\\/kohenavocats.com\\\/ru\\\/jurisprudences\\\/eclinlrbams202511026-rechtbank-amsterdam-29-10-2025-c-13-776903-fa-rk-25-7757\\\/#breadcrumb\"},\"inLanguage\":\"ru-RU\",\"potentialAction\":[{\"@type\":\"ReadAction\",\"target\":[\"https:\\\/\\\/kohenavocats.com\\\/ru\\\/jurisprudences\\\/eclinlrbams202511026-rechtbank-amsterdam-29-10-2025-c-13-776903-fa-rk-25-7757\\\/\"]}]},{\"@type\":\"BreadcrumbList\",\"@id\":\"https:\\\/\\\/kohenavocats.com\\\/ru\\\/jurisprudences\\\/eclinlrbams202511026-rechtbank-amsterdam-29-10-2025-c-13-776903-fa-rk-25-7757\\\/#breadcrumb\",\"itemListElement\":[{\"@type\":\"ListItem\",\"position\":1,\"name\":\"Home\",\"item\":\"https:\\\/\\\/kohenavocats.com\\\/ru\\\/avocats-en-droit-penal-a-paris-conseil-et-defense-strategique\\\/\"},{\"@type\":\"ListItem\",\"position\":2,\"name\":\"Jurisprudences\",\"item\":\"https:\\\/\\\/kohenavocats.com\\\/ru\\\/jurisprudences\\\/\"},{\"@type\":\"ListItem\",\"position\":3,\"name\":\"ECLI:NL:RBAMS:2025:11026 Rechtbank Amsterdam , 29-10-2025 \\\/ C\\\/13\\\/776903 \\\/ FA RK 25\\\/7757\"}]},{\"@type\":\"WebSite\",\"@id\":\"https:\\\/\\\/kohenavocats.com\\\/ru\\\/#website\",\"url\":\"https:\\\/\\\/kohenavocats.com\\\/ru\\\/\",\"name\":\"Kohen Avocats\",\"description\":\"Ma\u00eetre Hassan Kohen, avocat p\u00e9naliste \u00e0 Paris, intervient exclusivement en droit p\u00e9nal pour la d\u00e9fense des particuliers, notamment en mati\u00e8re d\u2019accusations de viol. Il assure un accompagnement rigoureux d\u00e8s la garde \u00e0 vue jusqu\u2019\u00e0 la Cour d\u2019assises, veillant au strict respect des garanties proc\u00e9durales.\",\"publisher\":{\"@id\":\"https:\\\/\\\/kohenavocats.com\\\/ru\\\/#organization\"},\"potentialAction\":[{\"@type\":\"SearchAction\",\"target\":{\"@type\":\"EntryPoint\",\"urlTemplate\":\"https:\\\/\\\/kohenavocats.com\\\/ru\\\/?s={search_term_string}\"},\"query-input\":{\"@type\":\"PropertyValueSpecification\",\"valueRequired\":true,\"valueName\":\"search_term_string\"}}],\"inLanguage\":\"ru-RU\"},{\"@type\":\"Organization\",\"@id\":\"https:\\\/\\\/kohenavocats.com\\\/ru\\\/#organization\",\"name\":\"Kohen Avocats\",\"url\":\"https:\\\/\\\/kohenavocats.com\\\/ru\\\/\",\"logo\":{\"@type\":\"ImageObject\",\"inLanguage\":\"ru-RU\",\"@id\":\"https:\\\/\\\/kohenavocats.com\\\/ru\\\/#\\\/schema\\\/logo\\\/image\\\/\",\"url\":\"https:\\\/\\\/kohenavocats.com\\\/wp-content\\\/uploads\\\/2026\\\/01\\\/Logo-2-1.webp\",\"contentUrl\":\"https:\\\/\\\/kohenavocats.com\\\/wp-content\\\/uploads\\\/2026\\\/01\\\/Logo-2-1.webp\",\"width\":2114,\"height\":1253,\"caption\":\"Kohen Avocats\"},\"image\":{\"@id\":\"https:\\\/\\\/kohenavocats.com\\\/ru\\\/#\\\/schema\\\/logo\\\/image\\\/\"}}]}<\/script>\n<!-- \/ Yoast SEO Premium plugin. -->","yoast_head_json":{"title":"ECLI:NL:RBAMS:2025:11026 Rechtbank Amsterdam , 29-10-2025 \/ C\/13\/776903 \/ FA RK 25\/7757 - Ma\u00eetre Hassan Kohen, avocat en droit p\u00e9nal \u00e0 Paris","robots":{"index":"index","follow":"follow","max-snippet":"max-snippet:-1","max-image-preview":"max-image-preview:large","max-video-preview":"max-video-preview:-1"},"canonical":"https:\/\/kohenavocats.com\/ru\/jurisprudences\/eclinlrbams202511026-rechtbank-amsterdam-29-10-2025-c-13-776903-fa-rk-25-7757\/","og_locale":"ru_RU","og_type":"article","og_title":"ECLI:NL:RBAMS:2025:11026 Rechtbank Amsterdam , 29-10-2025 \/ C\/13\/776903 \/ FA RK 25\/7757","og_description":"Wvggz. Zorgmachtiging verleend.","og_url":"https:\/\/kohenavocats.com\/ru\/jurisprudences\/eclinlrbams202511026-rechtbank-amsterdam-29-10-2025-c-13-776903-fa-rk-25-7757\/","og_site_name":"Ma\u00eetre Hassan Kohen, avocat en droit p\u00e9nal \u00e0 Paris","twitter_card":"summary_large_image","twitter_misc":{"\u041f\u0440\u0438\u043c\u0435\u0440\u043d\u043e\u0435 \u0432\u0440\u0435\u043c\u044f \u0434\u043b\u044f \u0447\u0442\u0435\u043d\u0438\u044f":"5 \u043c\u0438\u043d\u0443\u0442"},"schema":{"@context":"https:\/\/schema.org","@graph":[{"@type":"WebPage","@id":"https:\/\/kohenavocats.com\/ru\/jurisprudences\/eclinlrbams202511026-rechtbank-amsterdam-29-10-2025-c-13-776903-fa-rk-25-7757\/","url":"https:\/\/kohenavocats.com\/ru\/jurisprudences\/eclinlrbams202511026-rechtbank-amsterdam-29-10-2025-c-13-776903-fa-rk-25-7757\/","name":"ECLI:NL:RBAMS:2025:11026 Rechtbank Amsterdam , 29-10-2025 \/ C\/13\/776903 \/ FA RK 25\/7757 - Ma\u00eetre Hassan Kohen, avocat en droit p\u00e9nal \u00e0 Paris","isPartOf":{"@id":"https:\/\/kohenavocats.com\/ru\/#website"},"datePublished":"2026-04-18T06:08:36+00:00","breadcrumb":{"@id":"https:\/\/kohenavocats.com\/ru\/jurisprudences\/eclinlrbams202511026-rechtbank-amsterdam-29-10-2025-c-13-776903-fa-rk-25-7757\/#breadcrumb"},"inLanguage":"ru-RU","potentialAction":[{"@type":"ReadAction","target":["https:\/\/kohenavocats.com\/ru\/jurisprudences\/eclinlrbams202511026-rechtbank-amsterdam-29-10-2025-c-13-776903-fa-rk-25-7757\/"]}]},{"@type":"BreadcrumbList","@id":"https:\/\/kohenavocats.com\/ru\/jurisprudences\/eclinlrbams202511026-rechtbank-amsterdam-29-10-2025-c-13-776903-fa-rk-25-7757\/#breadcrumb","itemListElement":[{"@type":"ListItem","position":1,"name":"Home","item":"https:\/\/kohenavocats.com\/ru\/avocats-en-droit-penal-a-paris-conseil-et-defense-strategique\/"},{"@type":"ListItem","position":2,"name":"Jurisprudences","item":"https:\/\/kohenavocats.com\/ru\/jurisprudences\/"},{"@type":"ListItem","position":3,"name":"ECLI:NL:RBAMS:2025:11026 Rechtbank Amsterdam , 29-10-2025 \/ C\/13\/776903 \/ FA RK 25\/7757"}]},{"@type":"WebSite","@id":"https:\/\/kohenavocats.com\/ru\/#website","url":"https:\/\/kohenavocats.com\/ru\/","name":"Kohen Avocats","description":"Ma\u00eetre Hassan Kohen, avocat p\u00e9naliste \u00e0 Paris, intervient exclusivement en droit p\u00e9nal pour la d\u00e9fense des particuliers, notamment en mati\u00e8re d\u2019accusations de viol. Il assure un accompagnement rigoureux d\u00e8s la garde \u00e0 vue jusqu\u2019\u00e0 la Cour d\u2019assises, veillant au strict respect des garanties proc\u00e9durales.","publisher":{"@id":"https:\/\/kohenavocats.com\/ru\/#organization"},"potentialAction":[{"@type":"SearchAction","target":{"@type":"EntryPoint","urlTemplate":"https:\/\/kohenavocats.com\/ru\/?s={search_term_string}"},"query-input":{"@type":"PropertyValueSpecification","valueRequired":true,"valueName":"search_term_string"}}],"inLanguage":"ru-RU"},{"@type":"Organization","@id":"https:\/\/kohenavocats.com\/ru\/#organization","name":"Kohen Avocats","url":"https:\/\/kohenavocats.com\/ru\/","logo":{"@type":"ImageObject","inLanguage":"ru-RU","@id":"https:\/\/kohenavocats.com\/ru\/#\/schema\/logo\/image\/","url":"https:\/\/kohenavocats.com\/wp-content\/uploads\/2026\/01\/Logo-2-1.webp","contentUrl":"https:\/\/kohenavocats.com\/wp-content\/uploads\/2026\/01\/Logo-2-1.webp","width":2114,"height":1253,"caption":"Kohen Avocats"},"image":{"@id":"https:\/\/kohenavocats.com\/ru\/#\/schema\/logo\/image\/"}}]}},"jetpack_likes_enabled":false,"jetpack_sharing_enabled":true,"_links":{"self":[{"href":"https:\/\/kohenavocats.com\/ru\/wp-json\/wp\/v2\/kji_decision\/593044","targetHints":{"allow":["GET"]}}],"collection":[{"href":"https:\/\/kohenavocats.com\/ru\/wp-json\/wp\/v2\/kji_decision"}],"about":[{"href":"https:\/\/kohenavocats.com\/ru\/wp-json\/wp\/v2\/types\/kji_decision"}],"wp:attachment":[{"href":"https:\/\/kohenavocats.com\/ru\/wp-json\/wp\/v2\/media?parent=593044"}],"wp:term":[{"taxonomy":"kji_country","embeddable":true,"href":"https:\/\/kohenavocats.com\/ru\/wp-json\/wp\/v2\/kji_country?post=593044"},{"taxonomy":"kji_court","embeddable":true,"href":"https:\/\/kohenavocats.com\/ru\/wp-json\/wp\/v2\/kji_court?post=593044"},{"taxonomy":"kji_chamber","embeddable":true,"href":"https:\/\/kohenavocats.com\/ru\/wp-json\/wp\/v2\/kji_chamber?post=593044"},{"taxonomy":"kji_year","embeddable":true,"href":"https:\/\/kohenavocats.com\/ru\/wp-json\/wp\/v2\/kji_year?post=593044"},{"taxonomy":"kji_subject","embeddable":true,"href":"https:\/\/kohenavocats.com\/ru\/wp-json\/wp\/v2\/kji_subject?post=593044"},{"taxonomy":"kji_keyword","embeddable":true,"href":"https:\/\/kohenavocats.com\/ru\/wp-json\/wp\/v2\/kji_keyword?post=593044"},{"taxonomy":"kji_language","embeddable":true,"href":"https:\/\/kohenavocats.com\/ru\/wp-json\/wp\/v2\/kji_language?post=593044"}],"curies":[{"name":"wp","href":"https:\/\/api.w.org\/{rel}","templated":true}]}}