{"id":593092,"date":"2026-04-18T08:12:33","date_gmt":"2026-04-18T06:12:33","guid":{"rendered":"https:\/\/kohenavocats.com\/jurisprudences\/eclinlrvs20253703-raad-van-state-06-08-2025-202305466-1-a2\/"},"modified":"2026-04-18T08:12:33","modified_gmt":"2026-04-18T06:12:33","slug":"eclinlrvs20253703-raad-van-state-06-08-2025-202305466-1-a2","status":"publish","type":"kji_decision","link":"https:\/\/kohenavocats.com\/ru\/jurisprudences\/eclinlrvs20253703-raad-van-state-06-08-2025-202305466-1-a2\/","title":{"rendered":"ECLI:NL:RVS:2025:3703 Raad van State , 06-08-2025 \/ 202305466\/1\/A2"},"content":{"rendered":"<div class=\"kji-decision\">\n<div class=\"kji-full-text\">\n<p><strong>Inhoudsindicatie.<\/strong> Bij besluit van 22 december 2021 heeft het college van burgemeester en wethouders van Den Haag de subsidieaanvraag van de stichting afgewezen. Bij besluit van 26 juli 2022 heeft het college het door de stichting daartegen gemaakte bezwaar ongegrond verklaard. Bij uitspraak van 13 juli 2023 heeft de rechtbank het door de stichting daartegen ingestelde beroep ongegrond verklaard. Tegen deze uitspraak heeft de stichting hoger beroep ingesteld. Het college heeft een schriftelijke uiteenzetting gegeven.<\/p>\n<p>202305466\/1\/A2.<\/p>\n<p>Datum uitspraak: 6 augustus 2025<\/p>\n<p>AFDELING<\/p>\n<p>BESTUURSRECHTSPRAAK<\/p>\n<p>Uitspraak op het hoger beroep van:<\/p>\n<p>Stichting Federatie Eekta, gevestigd in Den Haag (hierna: de stichting),<\/p>\n<p>appellante,<\/p>\n<p>tegen de uitspraak van de rechtbank Den Haag van 13 juli 2023 in zaak nr. 22\/5706 in het geding tussen:<\/p>\n<p>de stichting<\/p>\n<p>en<\/p>\n<p>het college van burgemeester en wethouders van Den Haag.<\/p>\n<p>Procesverloop<\/p>\n<p>Bij besluit van 22 december 2021 heeft het college de subsidieaanvraag van de stichting afgewezen.<\/p>\n<p>Bij besluit van 26 juli 2022 heeft het college het door de stichting daartegen gemaakte bezwaar ongegrond verklaard.<\/p>\n<p>Bij uitspraak van 13 juli 2023 heeft de rechtbank het door de stichting daartegen ingestelde beroep ongegrond verklaard.<\/p>\n<p>Tegen deze uitspraak heeft de stichting hoger beroep ingesteld.<\/p>\n<p>Het college heeft een schriftelijke uiteenzetting gegeven.<\/p>\n<p>De Afdeling heeft de zaak ter zitting behandeld op 24 januari 2025, waar de stichting, vertegenwoordigd door [gemachtigde A], [gemachtigde B] en [gemachtigde C], en het college, vertegenwoordigd door mr. W. Klein-Thijssen, zijn verschenen.<\/p>\n<p>De Afdeling heeft partijen in de gelegenheid gesteld om schriftelijk te reageren op haar vragen over de zaak.<\/p>\n<p>Het college heeft een schriftelijke reactie gegeven.<\/p>\n<p>De stichting heeft een schriftelijke reactie gegeven.<\/p>\n<p>Partijen hebben toestemming gegeven om een tweede behandeling ter zitting achterwege te laten.<\/p>\n<p>Overwegingen<\/p>\n<p>Inleiding<\/p>\n<p>1. De stichting werd gedurende een reeks van jaren gesubsidieerd door het college. Van 2015 tot en met 2020 heeft het college subsidie verstrekt aan de stichting voor de uitvoering van het beleid \u2018ruimtebiedende centra\u2019. De subsidie is verstrekt om de stichting ruimte te laten bieden aan vrijwilligersorganisaties voor onder meer vergaderingen en activiteiten. Die activiteiten waren gericht op onder meer taallessen, maatschappelijke ondersteuning en beweging voor ouderen.<\/p>\n<p>2. Bij brief van 28 februari 2019 heeft het college de stichting medegedeeld dat de subsidierelatie in het kader van het beleid \u2018ruimtebiedende centra\u2019 gewijzigd wordt. Bij besluit van 26 juni 2019 heeft het college aangekondigd dat de subsidie voor het uitvoeren van het beleid \u2018ruimtebiedende centra\u2019 wordt be\u00ebindigd vanaf 2021. Als overgang heeft het college bij besluit van 6 februari 2020 subsidie voor het jaar 2020 verleend, waarin de post personeelslasten is verlaagd met \u20ac 70.000,00. Daarnaast bestond de subsidie voor 2020 uit de posten huisvesting en organisatiekosten. In dat besluit is nogmaals benoemd dat per 1 januari 2021 geen subsidie voor de uitvoering van het beleid \u2018ruimtebiedende centra\u2019 zal worden verleend.<\/p>\n<p>3. Het wettelijke kader staat in de bijlage van deze uitspraak.<\/p>\n<p>Besluitvorming<\/p>\n<p>4. De stichting heeft, in het kader van het Actieprogramma Haags Ouderenbeleid, een subsidie aangevraagd voor het project activiteitenplanning 2021, begroot op \u20ac 246.278,00. Het college heeft de aanvraag bij besluit van 22 december 2021, aangevuld bij besluit van 26 juli 2022, afgewezen, omdat die niet past binnen het beleid van de gemeente (zie artikel 11, vierde lid, onder d, van de Algemene subsidieverordening Den Haag 2020). Het heeft erop gewezen dat de activiteiten waarvoor de stichting subsidie aanvraagt, dezelfde zijn als de activiteiten die ter uitvoering van het beleid \u2018ruimtebiedende centra\u2019 voorheen gesubsidieerd werden. Het college subsidieert vanaf 2021 de uitvoering van dat beleid niet meer, zoals het heeft medegedeeld aan de stichting in zijn besluiten van 26 juni 2019 en 6 februari 2020. Er is geen subsidieregeling van het college meer voor de activiteiten waarop de aanvraag van de stichting ziet. Het college heeft gewezen op zijn beleidsruimte bij de be\u00ebindiging van subsidies. Verder heeft de stichting geen rechtsmiddelen aangewend tegen het be\u00ebindigingsbesluit van 26 juni 2019.<\/p>\n<p>Hoger beroep<\/p>\n<p>5. De stichting voert aan dat de rechtbank ten onrechte haar beroep tegen het besluit van het college ongegrond heeft verklaard. De rechtbank heeft niet onderkend dat onduidelijk is welk beleid op haar aanvraag is toegepast en waarop de beleidsruimte is gebaseerd. Het college heeft onvoldoende rekening gehouden met de financi\u00eble gevolgen van de besluitvorming voor de stichting. Als gevolg van de be\u00ebindiging kan de stichting de achterstallige huur van 2020-2021 niet betalen. Verder heeft de rechtbank niet onderkend dat het besluit van het college in strijd is met het zorgvuldigheids- en motiveringsbeginsel, omdat het college te weinig onderzoek heeft gedaan. De stichting is daarnaast onvoldoende ge\u00efnformeerd over de be\u00ebindiging van de subsidie. De overgangsregeling was niet redelijk en de subsidie is abrupt stopgezet. Verder heeft de rechtbank niet voldoende in acht genomen dat het college zeer laat op haar aanvraag heeft beslist.<\/p>\n<p>5.1. Voor zover de be\u00ebindiging van de subsidie vanaf 2021 in deze procedure al aan de orde kan komen, stelt de Afdeling voorop dat het college bij de besluiten van 26 juni 2019 en 6 februari 2020 voldoende duidelijk heeft gecommuniceerd dat de subsidierelatie geheel zou worden be\u00ebindigd vanaf 1 januari 2021. Daaronder valt ook de post huisvesting, waarmee de stichting de huur betaalde. In het besluit van 6 februari 2020 heeft het college de stichting gewezen op de mogelijke gevolgen van de be\u00ebindiging voor het lopende huurcontract. De gehele subsidie aan de stichting in 2020 was dus een overgangsmaatregel, waarin de post personeelskosten is gekort met ongeveer 50%, namelijk \u20ac 70.000,00. De subsidie, waaronder de post huisvesting, is dus niet abrupt, maar op zorgvuldige wijze be\u00ebindigd.<\/p>\n<p>5.2. Omdat er in 2021 geen beleid (meer) was om de activiteiten waarvoor de stichting subsidie heeft aangevraagd te subsidi\u00ebren, mocht het college de subsidie weigeren, omdat die niet past binnen zijn beleid. Daarvoor is van belang dat volgens vaste rechtspraak van de Afdeling een bestuursorgaan een grote mate van beleidsruimte heeft bij het verlenen, verminderen of be\u00ebindigen van subsidie (vergelijk de uitspraak van 30 oktober 2019, ECLI:NL:RVS:2019:3633, r.o. 7.2). De rechtbank heeft terecht op deze vaste rechtspraak gewezen.<\/p>\n<p>5.3. De overige gronden die de stichting heeft aangevoerd zijn een herhaling van de beroepsgronden bij de rechtbank dan wel niet nader onderbouwd. De Afdeling kan zich vinden in het oordeel van de rechtbank. De Afdeling ziet in wat de stichting heeft aangevoerd, geen aanleiding om anders te oordelen dan de rechtbank.<\/p>\n<p>5.4. Het betoog slaagt niet.<\/p>\n<p>Conclusie<\/p>\n<p>6. Het hoger beroep is ongegrond. De Afdeling bevestigt de uitspraak van de rechtbank.<\/p>\n<p>7. Het college hoeft geen proceskosten te vergoeden.<\/p>\n<p>Beslissing<\/p>\n<p>De Afdeling bestuursrechtspraak van de Raad van State:<\/p>\n<p>bevestigt de aangevallen uitspraak.<\/p>\n<p>Aldus vastgesteld door mr. C.J. Borman, lid van de enkelvoudige kamer, in tegenwoordigheid van mr. O. van Loon, griffier.<\/p>\n<p>w.g. Borman<\/p>\n<p>lid van de enkelvoudige kamer<\/p>\n<p>w.g. Van Loon<\/p>\n<p>griffier<\/p>\n<p>Uitgesproken in het openbaar op 6 augustus 2025<\/p>\n<p>284-1100<\/p>\n<p>Bijlage &#8212; Wettelijk kader<\/p>\n<p>Algemene subsidieverordening Den Haag 2020<\/p>\n<p>[Geldend van 24-7-21 t\/m 30-6-2023]<\/p>\n<p>Artikel 11 Weigerings-, wijzigings- en intrekkingsgronden<\/p>\n<p>[\u2026]<\/p>\n<p>4.Onverminderd de vorige leden kan het college de subsidie in ieder geval weigeren:<\/p>\n<p>[\u2026]<\/p>\n<p>d. als subsidieverlening anderszins niet past binnen het beleid van de gemeente;<\/p>\n<p>[\u2026]<\/p>\n<\/div>\n<hr class=\"kji-sep\" \/>\n<p class=\"kji-source-links\"><strong>Sources officielles :<\/strong> <a class=\"kji-source-link\" href=\"http:\/\/deeplink.rechtspraak.nl\/uitspraak?id=ECLI:NL:RVS:2025:3703\" target=\"_blank\" rel=\"noopener noreferrer\">consulter la page source<\/a><\/p>\n<p class=\"kji-license-note\"><em>Rechtspraak.nl open data, Creative Commons Zero. Volume cible 1.8M decisions.<\/em><\/p>\n<\/div>\n","protected":false},"excerpt":{"rendered":"<p>Bij besluit van 22 december 2021 heeft het college van burgemeester en wethouders van Den Haag de subsidieaanvraag van de stichting afgewezen. Bij besluit van 26 juli 2022 heeft het college het door de stichting daartegen gemaakte bezwaar ongegrond verklaard. Bij uitspraak van 13 juli 2023 heeft de rechtbank het door de stichting daartegen ingestelde beroep ongegrond verklaard. Tegen deze uitsp&#8230;<\/p>\n","protected":false},"featured_media":0,"template":"","meta":{"_crdt_document":""},"kji_country":[7669],"kji_court":[8622],"kji_chamber":[],"kji_year":[8463],"kji_subject":[7646],"kji_keyword":[7680,8084,15225,7673,8146],"kji_language":[7671],"class_list":["post-593092","kji_decision","type-kji_decision","status-publish","hentry","kji_country-pays-bas","kji_court-raad-van-state","kji_year-8463","kji_subject-divers","kji_keyword-besluit","kji_keyword-college","kji_keyword-daartegen","kji_keyword-heeft","kji_keyword-stichting","kji_language-nl"],"yoast_head":"<!-- This site is optimized with the Yoast SEO Premium plugin v27.4 (Yoast SEO v27.4) - https:\/\/yoast.com\/product\/yoast-seo-premium-wordpress\/ -->\n<title>ECLI:NL:RVS:2025:3703 Raad van State , 06-08-2025 \/ 202305466\/1\/A2 - Ma\u00eetre Hassan Kohen, avocat en droit p\u00e9nal \u00e0 Paris<\/title>\n<meta name=\"robots\" content=\"index, follow, max-snippet:-1, max-image-preview:large, max-video-preview:-1\" \/>\n<link rel=\"canonical\" href=\"https:\/\/kohenavocats.com\/ru\/jurisprudences\/eclinlrvs20253703-raad-van-state-06-08-2025-202305466-1-a2\/\" \/>\n<meta property=\"og:locale\" content=\"ru_RU\" \/>\n<meta property=\"og:type\" content=\"article\" \/>\n<meta property=\"og:title\" content=\"ECLI:NL:RVS:2025:3703 Raad van State , 06-08-2025 \/ 202305466\/1\/A2\" \/>\n<meta property=\"og:description\" content=\"Bij besluit van 22 december 2021 heeft het college van burgemeester en wethouders van Den Haag de subsidieaanvraag van de stichting afgewezen. Bij besluit van 26 juli 2022 heeft het college het door de stichting daartegen gemaakte bezwaar ongegrond verklaard. Bij uitspraak van 13 juli 2023 heeft de rechtbank het door de stichting daartegen ingestelde beroep ongegrond verklaard. Tegen deze uitsp...\" \/>\n<meta property=\"og:url\" content=\"https:\/\/kohenavocats.com\/ru\/jurisprudences\/eclinlrvs20253703-raad-van-state-06-08-2025-202305466-1-a2\/\" \/>\n<meta property=\"og:site_name\" content=\"Ma\u00eetre Hassan Kohen, avocat en droit p\u00e9nal \u00e0 Paris\" \/>\n<meta name=\"twitter:card\" content=\"summary_large_image\" \/>\n<meta name=\"twitter:label1\" content=\"\u041f\u0440\u0438\u043c\u0435\u0440\u043d\u043e\u0435 \u0432\u0440\u0435\u043c\u044f \u0434\u043b\u044f \u0447\u0442\u0435\u043d\u0438\u044f\" \/>\n\t<meta name=\"twitter:data1\" content=\"6 \u043c\u0438\u043d\u0443\u0442\" \/>\n<script type=\"application\/ld+json\" class=\"yoast-schema-graph\">{\"@context\":\"https:\\\/\\\/schema.org\",\"@graph\":[{\"@type\":\"WebPage\",\"@id\":\"https:\\\/\\\/kohenavocats.com\\\/ru\\\/jurisprudences\\\/eclinlrvs20253703-raad-van-state-06-08-2025-202305466-1-a2\\\/\",\"url\":\"https:\\\/\\\/kohenavocats.com\\\/ru\\\/jurisprudences\\\/eclinlrvs20253703-raad-van-state-06-08-2025-202305466-1-a2\\\/\",\"name\":\"ECLI:NL:RVS:2025:3703 Raad van State , 06-08-2025 \\\/ 202305466\\\/1\\\/A2 - Ma\u00eetre Hassan Kohen, avocat en droit p\u00e9nal \u00e0 Paris\",\"isPartOf\":{\"@id\":\"https:\\\/\\\/kohenavocats.com\\\/ru\\\/#website\"},\"datePublished\":\"2026-04-18T06:12:33+00:00\",\"breadcrumb\":{\"@id\":\"https:\\\/\\\/kohenavocats.com\\\/ru\\\/jurisprudences\\\/eclinlrvs20253703-raad-van-state-06-08-2025-202305466-1-a2\\\/#breadcrumb\"},\"inLanguage\":\"ru-RU\",\"potentialAction\":[{\"@type\":\"ReadAction\",\"target\":[\"https:\\\/\\\/kohenavocats.com\\\/ru\\\/jurisprudences\\\/eclinlrvs20253703-raad-van-state-06-08-2025-202305466-1-a2\\\/\"]}]},{\"@type\":\"BreadcrumbList\",\"@id\":\"https:\\\/\\\/kohenavocats.com\\\/ru\\\/jurisprudences\\\/eclinlrvs20253703-raad-van-state-06-08-2025-202305466-1-a2\\\/#breadcrumb\",\"itemListElement\":[{\"@type\":\"ListItem\",\"position\":1,\"name\":\"Home\",\"item\":\"https:\\\/\\\/kohenavocats.com\\\/ru\\\/avocats-en-droit-penal-a-paris-conseil-et-defense-strategique\\\/\"},{\"@type\":\"ListItem\",\"position\":2,\"name\":\"Jurisprudences\",\"item\":\"https:\\\/\\\/kohenavocats.com\\\/ru\\\/jurisprudences\\\/\"},{\"@type\":\"ListItem\",\"position\":3,\"name\":\"ECLI:NL:RVS:2025:3703 Raad van State , 06-08-2025 \\\/ 202305466\\\/1\\\/A2\"}]},{\"@type\":\"WebSite\",\"@id\":\"https:\\\/\\\/kohenavocats.com\\\/ru\\\/#website\",\"url\":\"https:\\\/\\\/kohenavocats.com\\\/ru\\\/\",\"name\":\"Kohen Avocats\",\"description\":\"Ma\u00eetre Hassan Kohen, avocat p\u00e9naliste \u00e0 Paris, intervient exclusivement en droit p\u00e9nal pour la d\u00e9fense des particuliers, notamment en mati\u00e8re d\u2019accusations de viol. Il assure un accompagnement rigoureux d\u00e8s la garde \u00e0 vue jusqu\u2019\u00e0 la Cour d\u2019assises, veillant au strict respect des garanties proc\u00e9durales.\",\"publisher\":{\"@id\":\"https:\\\/\\\/kohenavocats.com\\\/ru\\\/#organization\"},\"potentialAction\":[{\"@type\":\"SearchAction\",\"target\":{\"@type\":\"EntryPoint\",\"urlTemplate\":\"https:\\\/\\\/kohenavocats.com\\\/ru\\\/?s={search_term_string}\"},\"query-input\":{\"@type\":\"PropertyValueSpecification\",\"valueRequired\":true,\"valueName\":\"search_term_string\"}}],\"inLanguage\":\"ru-RU\"},{\"@type\":\"Organization\",\"@id\":\"https:\\\/\\\/kohenavocats.com\\\/ru\\\/#organization\",\"name\":\"Kohen Avocats\",\"url\":\"https:\\\/\\\/kohenavocats.com\\\/ru\\\/\",\"logo\":{\"@type\":\"ImageObject\",\"inLanguage\":\"ru-RU\",\"@id\":\"https:\\\/\\\/kohenavocats.com\\\/ru\\\/#\\\/schema\\\/logo\\\/image\\\/\",\"url\":\"https:\\\/\\\/kohenavocats.com\\\/wp-content\\\/uploads\\\/2026\\\/01\\\/Logo-2-1.webp\",\"contentUrl\":\"https:\\\/\\\/kohenavocats.com\\\/wp-content\\\/uploads\\\/2026\\\/01\\\/Logo-2-1.webp\",\"width\":2114,\"height\":1253,\"caption\":\"Kohen Avocats\"},\"image\":{\"@id\":\"https:\\\/\\\/kohenavocats.com\\\/ru\\\/#\\\/schema\\\/logo\\\/image\\\/\"}}]}<\/script>\n<!-- \/ Yoast SEO Premium plugin. -->","yoast_head_json":{"title":"ECLI:NL:RVS:2025:3703 Raad van State , 06-08-2025 \/ 202305466\/1\/A2 - Ma\u00eetre Hassan Kohen, avocat en droit p\u00e9nal \u00e0 Paris","robots":{"index":"index","follow":"follow","max-snippet":"max-snippet:-1","max-image-preview":"max-image-preview:large","max-video-preview":"max-video-preview:-1"},"canonical":"https:\/\/kohenavocats.com\/ru\/jurisprudences\/eclinlrvs20253703-raad-van-state-06-08-2025-202305466-1-a2\/","og_locale":"ru_RU","og_type":"article","og_title":"ECLI:NL:RVS:2025:3703 Raad van State , 06-08-2025 \/ 202305466\/1\/A2","og_description":"Bij besluit van 22 december 2021 heeft het college van burgemeester en wethouders van Den Haag de subsidieaanvraag van de stichting afgewezen. Bij besluit van 26 juli 2022 heeft het college het door de stichting daartegen gemaakte bezwaar ongegrond verklaard. Bij uitspraak van 13 juli 2023 heeft de rechtbank het door de stichting daartegen ingestelde beroep ongegrond verklaard. Tegen deze uitsp...","og_url":"https:\/\/kohenavocats.com\/ru\/jurisprudences\/eclinlrvs20253703-raad-van-state-06-08-2025-202305466-1-a2\/","og_site_name":"Ma\u00eetre Hassan Kohen, avocat en droit p\u00e9nal \u00e0 Paris","twitter_card":"summary_large_image","twitter_misc":{"\u041f\u0440\u0438\u043c\u0435\u0440\u043d\u043e\u0435 \u0432\u0440\u0435\u043c\u044f \u0434\u043b\u044f \u0447\u0442\u0435\u043d\u0438\u044f":"6 \u043c\u0438\u043d\u0443\u0442"},"schema":{"@context":"https:\/\/schema.org","@graph":[{"@type":"WebPage","@id":"https:\/\/kohenavocats.com\/ru\/jurisprudences\/eclinlrvs20253703-raad-van-state-06-08-2025-202305466-1-a2\/","url":"https:\/\/kohenavocats.com\/ru\/jurisprudences\/eclinlrvs20253703-raad-van-state-06-08-2025-202305466-1-a2\/","name":"ECLI:NL:RVS:2025:3703 Raad van State , 06-08-2025 \/ 202305466\/1\/A2 - Ma\u00eetre Hassan Kohen, avocat en droit p\u00e9nal \u00e0 Paris","isPartOf":{"@id":"https:\/\/kohenavocats.com\/ru\/#website"},"datePublished":"2026-04-18T06:12:33+00:00","breadcrumb":{"@id":"https:\/\/kohenavocats.com\/ru\/jurisprudences\/eclinlrvs20253703-raad-van-state-06-08-2025-202305466-1-a2\/#breadcrumb"},"inLanguage":"ru-RU","potentialAction":[{"@type":"ReadAction","target":["https:\/\/kohenavocats.com\/ru\/jurisprudences\/eclinlrvs20253703-raad-van-state-06-08-2025-202305466-1-a2\/"]}]},{"@type":"BreadcrumbList","@id":"https:\/\/kohenavocats.com\/ru\/jurisprudences\/eclinlrvs20253703-raad-van-state-06-08-2025-202305466-1-a2\/#breadcrumb","itemListElement":[{"@type":"ListItem","position":1,"name":"Home","item":"https:\/\/kohenavocats.com\/ru\/avocats-en-droit-penal-a-paris-conseil-et-defense-strategique\/"},{"@type":"ListItem","position":2,"name":"Jurisprudences","item":"https:\/\/kohenavocats.com\/ru\/jurisprudences\/"},{"@type":"ListItem","position":3,"name":"ECLI:NL:RVS:2025:3703 Raad van State , 06-08-2025 \/ 202305466\/1\/A2"}]},{"@type":"WebSite","@id":"https:\/\/kohenavocats.com\/ru\/#website","url":"https:\/\/kohenavocats.com\/ru\/","name":"Kohen Avocats","description":"Ma\u00eetre Hassan Kohen, avocat p\u00e9naliste \u00e0 Paris, intervient exclusivement en droit p\u00e9nal pour la d\u00e9fense des particuliers, notamment en mati\u00e8re d\u2019accusations de viol. Il assure un accompagnement rigoureux d\u00e8s la garde \u00e0 vue jusqu\u2019\u00e0 la Cour d\u2019assises, veillant au strict respect des garanties proc\u00e9durales.","publisher":{"@id":"https:\/\/kohenavocats.com\/ru\/#organization"},"potentialAction":[{"@type":"SearchAction","target":{"@type":"EntryPoint","urlTemplate":"https:\/\/kohenavocats.com\/ru\/?s={search_term_string}"},"query-input":{"@type":"PropertyValueSpecification","valueRequired":true,"valueName":"search_term_string"}}],"inLanguage":"ru-RU"},{"@type":"Organization","@id":"https:\/\/kohenavocats.com\/ru\/#organization","name":"Kohen Avocats","url":"https:\/\/kohenavocats.com\/ru\/","logo":{"@type":"ImageObject","inLanguage":"ru-RU","@id":"https:\/\/kohenavocats.com\/ru\/#\/schema\/logo\/image\/","url":"https:\/\/kohenavocats.com\/wp-content\/uploads\/2026\/01\/Logo-2-1.webp","contentUrl":"https:\/\/kohenavocats.com\/wp-content\/uploads\/2026\/01\/Logo-2-1.webp","width":2114,"height":1253,"caption":"Kohen Avocats"},"image":{"@id":"https:\/\/kohenavocats.com\/ru\/#\/schema\/logo\/image\/"}}]}},"jetpack_likes_enabled":false,"jetpack_sharing_enabled":true,"_links":{"self":[{"href":"https:\/\/kohenavocats.com\/ru\/wp-json\/wp\/v2\/kji_decision\/593092","targetHints":{"allow":["GET"]}}],"collection":[{"href":"https:\/\/kohenavocats.com\/ru\/wp-json\/wp\/v2\/kji_decision"}],"about":[{"href":"https:\/\/kohenavocats.com\/ru\/wp-json\/wp\/v2\/types\/kji_decision"}],"wp:attachment":[{"href":"https:\/\/kohenavocats.com\/ru\/wp-json\/wp\/v2\/media?parent=593092"}],"wp:term":[{"taxonomy":"kji_country","embeddable":true,"href":"https:\/\/kohenavocats.com\/ru\/wp-json\/wp\/v2\/kji_country?post=593092"},{"taxonomy":"kji_court","embeddable":true,"href":"https:\/\/kohenavocats.com\/ru\/wp-json\/wp\/v2\/kji_court?post=593092"},{"taxonomy":"kji_chamber","embeddable":true,"href":"https:\/\/kohenavocats.com\/ru\/wp-json\/wp\/v2\/kji_chamber?post=593092"},{"taxonomy":"kji_year","embeddable":true,"href":"https:\/\/kohenavocats.com\/ru\/wp-json\/wp\/v2\/kji_year?post=593092"},{"taxonomy":"kji_subject","embeddable":true,"href":"https:\/\/kohenavocats.com\/ru\/wp-json\/wp\/v2\/kji_subject?post=593092"},{"taxonomy":"kji_keyword","embeddable":true,"href":"https:\/\/kohenavocats.com\/ru\/wp-json\/wp\/v2\/kji_keyword?post=593092"},{"taxonomy":"kji_language","embeddable":true,"href":"https:\/\/kohenavocats.com\/ru\/wp-json\/wp\/v2\/kji_language?post=593092"}],"curies":[{"name":"wp","href":"https:\/\/api.w.org\/{rel}","templated":true}]}}