{"id":593800,"date":"2026-04-18T10:36:41","date_gmt":"2026-04-18T08:36:41","guid":{"rendered":"https:\/\/kohenavocats.com\/jurisprudences\/eclinlghdha20242936-gerechtshof-den-haag-10-10-2024-22-001466-23\/"},"modified":"2026-04-18T10:36:41","modified_gmt":"2026-04-18T08:36:41","slug":"eclinlghdha20242936-gerechtshof-den-haag-10-10-2024-22-001466-23","status":"publish","type":"kji_decision","link":"https:\/\/kohenavocats.com\/ru\/jurisprudences\/eclinlghdha20242936-gerechtshof-den-haag-10-10-2024-22-001466-23\/","title":{"rendered":"ECLI:NL:GHDHA:2024:2936 Gerechtshof Den Haag , 10-10-2024 \/ 22-001466-23"},"content":{"rendered":"<div class=\"kji-decision\">\n<div class=\"kji-full-text\">\n<p><strong>Inhoudsindicatie.<\/strong> Jeugdzaak. De verdachte heeft zich tijdens een voetbalwedstrijd schuldig gemaakt aan mishandeling van een speler uit het team van de tegenpartij door hem twee keer tegen zijn hoofd te slaan, waardoor het slachtoffer letsel heeft opgelopen.<\/p>\n<p><strong>Inhoudsindicatie.<\/strong> Gepubliceerd naar aanleiding arrest van de Hoge Raad.<\/p>\n<p>Parketnummer: 10-328801-22<\/p>\n<p>Datum uitspraak: 10 oktober 2024<\/p>\n<p>TEGENSPRAAK<\/p>\n<h3>Gerechtshof Den Haag<\/h3>\n<p>meervoudige kamer voor strafzaken<\/p>\n<h3>Arrest<\/h3>\n<p>gewezen op het hoger beroep tegen het vonnis van de kinderrechter in de rechtbank Rotterdam van 8 mei 2023 in de strafzaak tegen de verdachte:<\/p>\n<h3>[verdachte] ,<\/h3>\n<p>geboren te [geboorteplaats] op [geboortedatum] 2005,<\/p>\n<p>adres: [woonadres] , [woonplaats] .<\/p>\n<p>Onderzoek van de zaak<\/p>\n<p>Dit arrest is gewezen naar aanleiding van het onderzoek op de terechtzitting in eerste aanleg en het onderzoek ter terechtzitting in hoger beroep van dit hof.<\/p>\n<p>Het hof heeft kennisgenomen van de vordering van de advocaat-generaal en van hetgeen door en namens de verdachte naar voren is gebracht.<\/p>\n<p>Procesgang<\/p>\n<p>In eerste aanleg is de verdachte ter zake van het tenlastegelegde veroordeeld tot een taakstraf in de vorm van een werkstraf voor de duur van 40 uren subsidiair 20 dagen vervangende jeugddetentie, voorwaardelijk, met een proeftijd van 2 jaren. Voorts is omtrent de vordering van de benadeelde partij [benadeelde partij] , met oplegging van de schadevergoedingsmaatregel, beslist als nader in het vonnis omschreven.<\/p>\n<p>Namens de verdachte is tegen het vonnis hoger beroep ingesteld.<\/p>\n<p>Tenlastelegging<\/p>\n<p>Aan de verdachte is tenlastegelegd dat:<\/p>\n<p>hij op of omstreeks 5 november 2022 te Rotterdam, [benadeelde partij] heeft mishandeld door die [benadeelde partij] meermalen op\/tegen het hoofd, althans tegen het lichaam, te slaan.<\/p>\n<p>Vordering van de advocaat-generaal<\/p>\n<p>De advocaat-generaal heeft gevorderd dat het vonnis waarvan beroep zal worden vernietigd en dat de verdachte ter zake van het tenlastegelegde zal worden veroordeeld tot een taakstraf in de vorm van een werkstraf voor de duur van 40 uren subsidiair 20 dagen jeugddetentie, voorwaardelijk, met een proeftijd van 1 jaar.<\/p>\n<p>Het vonnis waarvan beroep<\/p>\n<p>Het vonnis waarvan beroep zal om proceseconomische redenen worden vernietigd, nu het hof weliswaar tot dezelfde bewezenverklaring komt als de rechtbank, maar tot een iets andere strafoplegging, strafmotivering en bewijsvoering komt.<\/p>\n<p>Bewezenverklaring<\/p>\n<p>Het hof acht wettig en overtuigend bewezen dat de verdachte het tenlastegelegde heeft begaan, met dien verstande dat:<\/p>\n<p>hij op of omstreeks 5 november 2022 te Rotterdam, [benadeelde partij] heeft mishandeld door die [benadeelde partij] meermalen op\/tegen het hoofd, althans tegen het lichaam, te slaan.<\/p>\n<p>Hetgeen meer of anders is tenlastegelegd, is niet bewezen. De verdachte moet daarvan worden vrijgesproken.<\/p>\n<p>Bewijsvoering<\/p>\n<p>Het hof grondt zijn overtuiging dat de verdachte het bewezenverklaarde heeft begaan op de feiten en omstandigheden die in de bewijsmiddelen zijn vervat en die reden geven tot de bewezenverklaring.<\/p>\n<p>In die gevallen waarin de wet aanvulling van het arrest vereist met de bewijsmiddelen dan wel, voor zover artikel 359, derde lid, tweede volzin, van het Wetboek van Strafvordering wordt toegepast, met een opgave daarvan, zal zulks plaatsvinden in een aanvulling die als bijlage aan dit arrest zal worden gehecht.<\/p>\n<p>Bewijsoverweging<\/p>\n<p>De verdachte heeft aangevoerd dat hij zich uit een nekklem moest los worstelen en uit de escalatie is gegaan, waarbij hij de aangever zou hebben geraakt.<\/p>\n<p>Deze alternatieve lezing van de verdachte vindt naar het oordeel van het hof geen steun in de bewijsmiddelen. De verdachte is de enige die dit verklaart.<\/p>\n<p>Strafbaarheid van het bewezenverklaarde<\/p>\n<p>Het bewezenverklaarde levert op:<\/p>\n<h3>mishandeling.<\/h3>\n<p>Strafbaarheid van de verdachte<\/p>\n<p>Er is geen omstandigheid aannemelijk geworden die de strafbaarheid van de verdachte uitsluit. De verdachte is dus strafbaar.<\/p>\n<p>Strafmotivering<\/p>\n<p>Het hof heeft de op te leggen straf bepaald op grond van de ernst van het feit en de omstandigheden waaronder dit is begaan en op grond van de persoon en de persoonlijke omstandigheden van de verdachte, zoals daarvan is gebleken uit het onderzoek ter terechtzitting.<\/p>\n<p>Daarbij heeft het hof in het bijzonder het volgende in aanmerking genomen.<\/p>\n<p>De verdachte heeft zich tijdens een voetbalwedstrijd schuldig gemaakt aan mishandeling van een speler uit het team van de tegenpartij door hem twee keer tegen zijn hoofd te slaan, waardoor het slachtoffer letsel heeft opgelopen. De verdachte heeft met zijn handelwijze inbreuk gemaakt op de lichamelijke integriteit van het slachtoffer en hem nodeloos pijn gedaan. Juist in een situatie van vrijetijdsbesteding door middel van sport en spel mag worden verwacht dat men zich op vriendschappelijke en sportieve wijze tegenover elkaar gedraagt.<\/p>\n<p>Het hof heeft acht geslagen op een de verdachte betreffend uittreksel Justiti\u00eble Documentatie d.d. 12 september 2024, waaruit blijkt dat de verdachte niet eerder is veroordeeld voor het plegen van een strafbaar feit.<\/p>\n<p>Voorts heeft het hof acht geslagen op een Advies van de Raad voor de Kinderbescherming (hierna: de Raad) van 4 mei 2023, waarin -kort gezegd- naar voren komt dat het goed met de verdachte gaat en dat de Raad zich weinig zorgen maakt; dit wordt bevestigd in hetgeen de verdachte ter terechtzitting in hoger beroep omtrent zijn persoonlijke omstandigheden naar voren heeft gebracht en de indruk die het hof daarbij van hem heeft gekregen.<\/p>\n<p>Het hof is &#8212; alles afwegende &#8212; van oordeel dat een geheel voorwaardelijke taakstraf in de vorm van een werkstraf van navermelde duur een passende en geboden reactie vormt, met hieraan verbonden een proeftijd van \u00e9\u00e9n jaar.<\/p>\n<p>Vordering tot schadevergoeding [benadeelde partij]<\/p>\n<p>In het onderhavige strafproces heeft [benadeelde partij] zich als benadeelde partij gevoegd en een vordering ingediend tot vergoeding van geleden materi\u00eble en immateri\u00eble schade als gevolg van het aan de verdachte bewezenverklaarde tenlastegelegde, tot een bedrag van<\/p>\n<p>\u20ac 1.118,57, bestaande uit \u20ac 318,57 ter zake van materi\u00eble schade en \u20ac 800,00 ter zake van immateri\u00eble schade.<\/p>\n<p>In hoger beroep is deze vordering aan de orde tot het in eerste aanleg toegewezen bedrag van \u20ac 818,57, te weten<\/p>\n<p>\u20ac 318,57 ter zake van materi\u00eble schade en \u20ac 500,00 ter zake van immateri\u00eble schade.<\/p>\n<p>De advocaat-generaal heeft geconcludeerd tot toewijzing van de vordering van de benadeelde partij, met oplegging van de schadevergoedingsmaatregel, vermeerderd met de wettelijke rente.<\/p>\n<p>De vordering van de benadeelde partij is namens de verdachte niet betwist.<\/p>\n<p>Naar het oordeel van het hof heeft de benadeelde partij aangetoond dat de gestelde materi\u00eble schade is geleden en dat deze schade een rechtstreeks gevolg is van het bewezenverklaarde. De vordering van de benadeelde partij ter zake van materi\u00eble schade zal derhalve worden toegewezen, te vermeerderen met de gevorderde wettelijke rente over dit bedrag vanaf 5 november 2022 tot aan de dag der algehele voldoening.<\/p>\n<p>Het hof acht voorts aannemelijk geworden dat de benadeelde partij immateri\u00eble schade heeft geleden en dat deze schade het rechtstreeks gevolg is van het bewezenverklaarde. De vordering ter zake van geleden immateri\u00eble schade leent zich &#8212; naar maatstaven van billijkheid &#8212; voor toewijzing van \u20ac 500,00 te vermeerderen met de gevorderde wettelijke rente over dit bedrag vanaf 5 november 2022 tot aan de dag der algehele voldoening.<\/p>\n<p>Gelet op het voorgaande dient de verdachte te worden veroordeeld in de kosten die de benadeelde partij tot aan deze uitspraak in verband met de vordering heeft gemaakt, welke kosten het hof vooralsnog begroot op nihil, en in de kosten die de benadeelde partij ten behoeve van de tenuitvoerlegging van deze uitspraak nog moet maken.<\/p>\n<p>Betaling aan de Staat ten behoeve van het slachtoffer [benadeelde partij]<\/p>\n<p>Nu vaststaat dat de verdachte tot een bedrag van \u20ac 818,57 aansprakelijk is voor de schade die door het bewezenverklaarde is toegebracht, zal het hof aan de verdachte de verplichting opleggen dat bedrag aan de Staat te betalen ten behoeve van het slachtoffer [benadeelde partij] .<\/p>\n<p>Het hof zal geen vervangende gijzeling verbinden aan de schadevergoedingsmaatregel. Het hof houdt daarbij rekening met de landelijke afspraken die hieromtrent zijn gemaakt ten aanzien van jeugdzaken en ziet geen aanleiding om in deze zaak van die afspraken af te wijken.<\/p>\n<p>Toepasselijke wettelijke voorschriften<\/p>\n<p>Het hof heeft gelet op de artikelen 36f, 77a, 77g, 77m, 77n, 77x, 77y, 77z en 300 van het Wetboek van Strafrecht, zoals zij rechtens gelden dan wel golden.<\/p>\n<h3>BESLISSING<\/h3>\n<p>Het hof:<\/p>\n<p>Vernietigt het vonnis waarvan beroep en doet opnieuw recht:<\/p>\n<p>Verklaart zoals hiervoor overwogen bewezen dat de verdachte het tenlastegelegde heeft begaan.<\/p>\n<p>Verklaart niet bewezen hetgeen de verdachte meer of anders is tenlastegelegd dan hierboven is bewezenverklaard en spreekt de verdachte daarvan vrij.<\/p>\n<p>Verklaart het bewezenverklaarde strafbaar, kwalificeert dit als hiervoor vermeld en verklaart de verdachte strafbaar.<\/p>\n<p>Veroordeelt de verdachte tot een taakstraf, bestaande uit een werkstraf voor de duur van 40 (veertig) uren, indien niet naar behoren verricht te vervangen door 20 (twintig) dagen jeugddetentie.<\/p>\n<p>Bepaalt dat de werkstraf niet ten uitvoer zal worden gelegd, tenzij de rechter anders mocht gelasten omdat de verdachte zich voor het einde van de proeftijd van 1 (\u00e9\u00e9n) jaren aan een strafbaar feit heeft schuldig gemaakt.<\/p>\n<h3>Vordering van de benadeelde partij [benadeelde partij]<\/h3>\n<p>Wijst toe de vordering tot schadevergoeding van de benadeelde partij [benadeelde partij] ter zake van het bewezenverklaarde tot het bedrag van \u20ac 818,57 (achthonderdachttien euro en zevenenvijftig cent) bestaande uit \u20ac 318,57 (driehonderdachttien euro en zevenenvijftig cent) materi\u00eble schade en \u20ac 500,00 (vijfhonderd euro) immateri\u00eble schade, vermeerderd met de wettelijke rente vanaf de hierna te noemen aanvangsdatum tot aan de dag der voldoening.<\/p>\n<p>Veroordeelt de verdachte in de door de benadeelde partij gemaakte en ten behoeve van de tenuitvoerlegging nog te maken kosten, tot aan de datum van deze uitspraak begroot op nihil.<\/p>\n<p>Legt aan de verdachte de verplichting op om aan de Staat, ten behoeve van het slachtoffer, genaamd [benadeelde partij] , ter zake van het bewezenverklaarde een bedrag te betalen van \u20ac 818,57 (achthonderdachttien euro en zevenenvijftig cent) bestaande uit \u20ac 318,57 (driehonderdachttien euro en zevenenvijftig cent) materi\u00eble schade en \u20ac 500,00 (vijfhonderd euro) immateri\u00eble schade, vermeerderd met de wettelijke rente vanaf de hierna te noemen aanvangsdatum tot aan de dag der voldoening.<\/p>\n<p>Bepaalt de duur van de gijzeling op ten hoogste 0 (nul) dagen.<\/p>\n<p>Bepaalt dat indien en voor zover de verdachte aan een van beide betalingsverplichtingen heeft voldaan, de andere vervalt.<\/p>\n<p>Bepaalt de aanvangsdatum van de wettelijke rente voor de materi\u00eble en de immateri\u00eble schade op 5 november 2022.<\/p>\n<p>Dit arrest is gewezen door mr. C.P.E.M. Fonteijn-Van der Meulen, voorzitter, mr. L.A. Pit en mr. J.A.M. Jansen, leden, in bijzijn van de griffier mr. M.C. Bongaerts.<\/p>\n<p>Het is uitgesproken op de openbare terechtzitting van het hof van 10 oktober 2024.<\/p>\n<p>De griffier is buiten staat dit arrest te ondertekenen.<\/p>\n<\/div>\n<hr class=\"kji-sep\" \/>\n<p class=\"kji-source-links\"><strong>Sources officielles :<\/strong> <a class=\"kji-source-link\" href=\"http:\/\/deeplink.rechtspraak.nl\/uitspraak?id=ECLI:NL:GHDHA:2024:2936\" target=\"_blank\" rel=\"noopener noreferrer\">consulter la page source<\/a><\/p>\n<p class=\"kji-license-note\"><em>Rechtspraak.nl open data, Creative Commons Zero. Volume cible 1.8M decisions.<\/em><\/p>\n<\/div>\n","protected":false},"excerpt":{"rendered":"<p>Jeugdzaak. De verdachte heeft zich tijdens een voetbalwedstrijd schuldig gemaakt aan mishandeling van een speler uit het team van de tegenpartij door hem twee keer tegen zijn hoofd te slaan, waardoor het slachtoffer letsel heeft opgelopen. Gepubliceerd naar aanleiding arrest van de Hoge Raad.<\/p>\n","protected":false},"featured_media":0,"template":"","meta":{"_crdt_document":""},"kji_country":[7669],"kji_court":[8210],"kji_chamber":[],"kji_year":[8677],"kji_subject":[7625],"kji_keyword":[8136,8211,7673,13585,8072],"kji_language":[7671],"class_list":["post-593800","kji_decision","type-kji_decision","status-publish","hentry","kji_country-pays-bas","kji_court-gerechtshof-den-haag","kji_year-8677","kji_subject-commercial","kji_keyword-gerechtshof","kji_keyword-ghdha","kji_keyword-heeft","kji_keyword-jeugdzaak","kji_keyword-verdachte","kji_language-nl"],"yoast_head":"<!-- This site is optimized with the Yoast SEO Premium plugin v27.5 (Yoast SEO v27.5) - https:\/\/yoast.com\/product\/yoast-seo-premium-wordpress\/ -->\n<title>ECLI:NL:GHDHA:2024:2936 Gerechtshof Den Haag , 10-10-2024 \/ 22-001466-23 - Ma\u00eetre Hassan Kohen, avocat en droit p\u00e9nal \u00e0 Paris<\/title>\n<meta name=\"robots\" content=\"index, follow, max-snippet:-1, max-image-preview:large, max-video-preview:-1\" \/>\n<link rel=\"canonical\" href=\"https:\/\/kohenavocats.com\/ru\/jurisprudences\/eclinlghdha20242936-gerechtshof-den-haag-10-10-2024-22-001466-23\/\" \/>\n<meta property=\"og:locale\" content=\"ru_RU\" \/>\n<meta property=\"og:type\" content=\"article\" \/>\n<meta property=\"og:title\" content=\"ECLI:NL:GHDHA:2024:2936 Gerechtshof Den Haag , 10-10-2024 \/ 22-001466-23\" \/>\n<meta property=\"og:description\" content=\"Jeugdzaak. De verdachte heeft zich tijdens een voetbalwedstrijd schuldig gemaakt aan mishandeling van een speler uit het team van de tegenpartij door hem twee keer tegen zijn hoofd te slaan, waardoor het slachtoffer letsel heeft opgelopen. Gepubliceerd naar aanleiding arrest van de Hoge Raad.\" \/>\n<meta property=\"og:url\" content=\"https:\/\/kohenavocats.com\/ru\/jurisprudences\/eclinlghdha20242936-gerechtshof-den-haag-10-10-2024-22-001466-23\/\" \/>\n<meta property=\"og:site_name\" content=\"Ma\u00eetre Hassan Kohen, avocat en droit p\u00e9nal \u00e0 Paris\" \/>\n<meta name=\"twitter:card\" content=\"summary_large_image\" \/>\n<meta name=\"twitter:label1\" content=\"\u041f\u0440\u0438\u043c\u0435\u0440\u043d\u043e\u0435 \u0432\u0440\u0435\u043c\u044f \u0434\u043b\u044f \u0447\u0442\u0435\u043d\u0438\u044f\" \/>\n\t<meta name=\"twitter:data1\" content=\"8 \u043c\u0438\u043d\u0443\u0442\" \/>\n<script type=\"application\/ld+json\" class=\"yoast-schema-graph\">{\"@context\":\"https:\\\/\\\/schema.org\",\"@graph\":[{\"@type\":\"WebPage\",\"@id\":\"https:\\\/\\\/kohenavocats.com\\\/ru\\\/jurisprudences\\\/eclinlghdha20242936-gerechtshof-den-haag-10-10-2024-22-001466-23\\\/\",\"url\":\"https:\\\/\\\/kohenavocats.com\\\/ru\\\/jurisprudences\\\/eclinlghdha20242936-gerechtshof-den-haag-10-10-2024-22-001466-23\\\/\",\"name\":\"ECLI:NL:GHDHA:2024:2936 Gerechtshof Den Haag , 10-10-2024 \\\/ 22-001466-23 - Ma\u00eetre Hassan Kohen, avocat en droit p\u00e9nal \u00e0 Paris\",\"isPartOf\":{\"@id\":\"https:\\\/\\\/kohenavocats.com\\\/ru\\\/#website\"},\"datePublished\":\"2026-04-18T08:36:41+00:00\",\"breadcrumb\":{\"@id\":\"https:\\\/\\\/kohenavocats.com\\\/ru\\\/jurisprudences\\\/eclinlghdha20242936-gerechtshof-den-haag-10-10-2024-22-001466-23\\\/#breadcrumb\"},\"inLanguage\":\"ru-RU\",\"potentialAction\":[{\"@type\":\"ReadAction\",\"target\":[\"https:\\\/\\\/kohenavocats.com\\\/ru\\\/jurisprudences\\\/eclinlghdha20242936-gerechtshof-den-haag-10-10-2024-22-001466-23\\\/\"]}]},{\"@type\":\"BreadcrumbList\",\"@id\":\"https:\\\/\\\/kohenavocats.com\\\/ru\\\/jurisprudences\\\/eclinlghdha20242936-gerechtshof-den-haag-10-10-2024-22-001466-23\\\/#breadcrumb\",\"itemListElement\":[{\"@type\":\"ListItem\",\"position\":1,\"name\":\"Home\",\"item\":\"https:\\\/\\\/kohenavocats.com\\\/ru\\\/avocats-en-droit-penal-a-paris-conseil-et-defense-strategique\\\/\"},{\"@type\":\"ListItem\",\"position\":2,\"name\":\"Jurisprudences\",\"item\":\"https:\\\/\\\/kohenavocats.com\\\/ru\\\/jurisprudences\\\/\"},{\"@type\":\"ListItem\",\"position\":3,\"name\":\"ECLI:NL:GHDHA:2024:2936 Gerechtshof Den Haag , 10-10-2024 \\\/ 22-001466-23\"}]},{\"@type\":\"WebSite\",\"@id\":\"https:\\\/\\\/kohenavocats.com\\\/ru\\\/#website\",\"url\":\"https:\\\/\\\/kohenavocats.com\\\/ru\\\/\",\"name\":\"Kohen Avocats\",\"description\":\"Ma\u00eetre Hassan Kohen, avocat p\u00e9naliste \u00e0 Paris, intervient exclusivement en droit p\u00e9nal pour la d\u00e9fense des particuliers, notamment en mati\u00e8re d\u2019accusations de viol. Il assure un accompagnement rigoureux d\u00e8s la garde \u00e0 vue jusqu\u2019\u00e0 la Cour d\u2019assises, veillant au strict respect des garanties proc\u00e9durales.\",\"publisher\":{\"@id\":\"https:\\\/\\\/kohenavocats.com\\\/ru\\\/#organization\"},\"potentialAction\":[{\"@type\":\"SearchAction\",\"target\":{\"@type\":\"EntryPoint\",\"urlTemplate\":\"https:\\\/\\\/kohenavocats.com\\\/ru\\\/?s={search_term_string}\"},\"query-input\":{\"@type\":\"PropertyValueSpecification\",\"valueRequired\":true,\"valueName\":\"search_term_string\"}}],\"inLanguage\":\"ru-RU\"},{\"@type\":\"Organization\",\"@id\":\"https:\\\/\\\/kohenavocats.com\\\/ru\\\/#organization\",\"name\":\"Kohen Avocats\",\"url\":\"https:\\\/\\\/kohenavocats.com\\\/ru\\\/\",\"logo\":{\"@type\":\"ImageObject\",\"inLanguage\":\"ru-RU\",\"@id\":\"https:\\\/\\\/kohenavocats.com\\\/ru\\\/#\\\/schema\\\/logo\\\/image\\\/\",\"url\":\"https:\\\/\\\/kohenavocats.com\\\/wp-content\\\/uploads\\\/2026\\\/01\\\/Logo-2-1.webp\",\"contentUrl\":\"https:\\\/\\\/kohenavocats.com\\\/wp-content\\\/uploads\\\/2026\\\/01\\\/Logo-2-1.webp\",\"width\":2114,\"height\":1253,\"caption\":\"Kohen Avocats\"},\"image\":{\"@id\":\"https:\\\/\\\/kohenavocats.com\\\/ru\\\/#\\\/schema\\\/logo\\\/image\\\/\"}}]}<\/script>\n<!-- \/ Yoast SEO Premium plugin. -->","yoast_head_json":{"title":"ECLI:NL:GHDHA:2024:2936 Gerechtshof Den Haag , 10-10-2024 \/ 22-001466-23 - Ma\u00eetre Hassan Kohen, avocat en droit p\u00e9nal \u00e0 Paris","robots":{"index":"index","follow":"follow","max-snippet":"max-snippet:-1","max-image-preview":"max-image-preview:large","max-video-preview":"max-video-preview:-1"},"canonical":"https:\/\/kohenavocats.com\/ru\/jurisprudences\/eclinlghdha20242936-gerechtshof-den-haag-10-10-2024-22-001466-23\/","og_locale":"ru_RU","og_type":"article","og_title":"ECLI:NL:GHDHA:2024:2936 Gerechtshof Den Haag , 10-10-2024 \/ 22-001466-23","og_description":"Jeugdzaak. De verdachte heeft zich tijdens een voetbalwedstrijd schuldig gemaakt aan mishandeling van een speler uit het team van de tegenpartij door hem twee keer tegen zijn hoofd te slaan, waardoor het slachtoffer letsel heeft opgelopen. Gepubliceerd naar aanleiding arrest van de Hoge Raad.","og_url":"https:\/\/kohenavocats.com\/ru\/jurisprudences\/eclinlghdha20242936-gerechtshof-den-haag-10-10-2024-22-001466-23\/","og_site_name":"Ma\u00eetre Hassan Kohen, avocat en droit p\u00e9nal \u00e0 Paris","twitter_card":"summary_large_image","twitter_misc":{"\u041f\u0440\u0438\u043c\u0435\u0440\u043d\u043e\u0435 \u0432\u0440\u0435\u043c\u044f \u0434\u043b\u044f \u0447\u0442\u0435\u043d\u0438\u044f":"8 \u043c\u0438\u043d\u0443\u0442"},"schema":{"@context":"https:\/\/schema.org","@graph":[{"@type":"WebPage","@id":"https:\/\/kohenavocats.com\/ru\/jurisprudences\/eclinlghdha20242936-gerechtshof-den-haag-10-10-2024-22-001466-23\/","url":"https:\/\/kohenavocats.com\/ru\/jurisprudences\/eclinlghdha20242936-gerechtshof-den-haag-10-10-2024-22-001466-23\/","name":"ECLI:NL:GHDHA:2024:2936 Gerechtshof Den Haag , 10-10-2024 \/ 22-001466-23 - Ma\u00eetre Hassan Kohen, avocat en droit p\u00e9nal \u00e0 Paris","isPartOf":{"@id":"https:\/\/kohenavocats.com\/ru\/#website"},"datePublished":"2026-04-18T08:36:41+00:00","breadcrumb":{"@id":"https:\/\/kohenavocats.com\/ru\/jurisprudences\/eclinlghdha20242936-gerechtshof-den-haag-10-10-2024-22-001466-23\/#breadcrumb"},"inLanguage":"ru-RU","potentialAction":[{"@type":"ReadAction","target":["https:\/\/kohenavocats.com\/ru\/jurisprudences\/eclinlghdha20242936-gerechtshof-den-haag-10-10-2024-22-001466-23\/"]}]},{"@type":"BreadcrumbList","@id":"https:\/\/kohenavocats.com\/ru\/jurisprudences\/eclinlghdha20242936-gerechtshof-den-haag-10-10-2024-22-001466-23\/#breadcrumb","itemListElement":[{"@type":"ListItem","position":1,"name":"Home","item":"https:\/\/kohenavocats.com\/ru\/avocats-en-droit-penal-a-paris-conseil-et-defense-strategique\/"},{"@type":"ListItem","position":2,"name":"Jurisprudences","item":"https:\/\/kohenavocats.com\/ru\/jurisprudences\/"},{"@type":"ListItem","position":3,"name":"ECLI:NL:GHDHA:2024:2936 Gerechtshof Den Haag , 10-10-2024 \/ 22-001466-23"}]},{"@type":"WebSite","@id":"https:\/\/kohenavocats.com\/ru\/#website","url":"https:\/\/kohenavocats.com\/ru\/","name":"Kohen Avocats","description":"Ma\u00eetre Hassan Kohen, avocat p\u00e9naliste \u00e0 Paris, intervient exclusivement en droit p\u00e9nal pour la d\u00e9fense des particuliers, notamment en mati\u00e8re d\u2019accusations de viol. Il assure un accompagnement rigoureux d\u00e8s la garde \u00e0 vue jusqu\u2019\u00e0 la Cour d\u2019assises, veillant au strict respect des garanties proc\u00e9durales.","publisher":{"@id":"https:\/\/kohenavocats.com\/ru\/#organization"},"potentialAction":[{"@type":"SearchAction","target":{"@type":"EntryPoint","urlTemplate":"https:\/\/kohenavocats.com\/ru\/?s={search_term_string}"},"query-input":{"@type":"PropertyValueSpecification","valueRequired":true,"valueName":"search_term_string"}}],"inLanguage":"ru-RU"},{"@type":"Organization","@id":"https:\/\/kohenavocats.com\/ru\/#organization","name":"Kohen Avocats","url":"https:\/\/kohenavocats.com\/ru\/","logo":{"@type":"ImageObject","inLanguage":"ru-RU","@id":"https:\/\/kohenavocats.com\/ru\/#\/schema\/logo\/image\/","url":"https:\/\/kohenavocats.com\/wp-content\/uploads\/2026\/01\/Logo-2-1.webp","contentUrl":"https:\/\/kohenavocats.com\/wp-content\/uploads\/2026\/01\/Logo-2-1.webp","width":2114,"height":1253,"caption":"Kohen Avocats"},"image":{"@id":"https:\/\/kohenavocats.com\/ru\/#\/schema\/logo\/image\/"}}]}},"jetpack_likes_enabled":false,"jetpack_sharing_enabled":true,"_links":{"self":[{"href":"https:\/\/kohenavocats.com\/ru\/wp-json\/wp\/v2\/kji_decision\/593800","targetHints":{"allow":["GET"]}}],"collection":[{"href":"https:\/\/kohenavocats.com\/ru\/wp-json\/wp\/v2\/kji_decision"}],"about":[{"href":"https:\/\/kohenavocats.com\/ru\/wp-json\/wp\/v2\/types\/kji_decision"}],"wp:attachment":[{"href":"https:\/\/kohenavocats.com\/ru\/wp-json\/wp\/v2\/media?parent=593800"}],"wp:term":[{"taxonomy":"kji_country","embeddable":true,"href":"https:\/\/kohenavocats.com\/ru\/wp-json\/wp\/v2\/kji_country?post=593800"},{"taxonomy":"kji_court","embeddable":true,"href":"https:\/\/kohenavocats.com\/ru\/wp-json\/wp\/v2\/kji_court?post=593800"},{"taxonomy":"kji_chamber","embeddable":true,"href":"https:\/\/kohenavocats.com\/ru\/wp-json\/wp\/v2\/kji_chamber?post=593800"},{"taxonomy":"kji_year","embeddable":true,"href":"https:\/\/kohenavocats.com\/ru\/wp-json\/wp\/v2\/kji_year?post=593800"},{"taxonomy":"kji_subject","embeddable":true,"href":"https:\/\/kohenavocats.com\/ru\/wp-json\/wp\/v2\/kji_subject?post=593800"},{"taxonomy":"kji_keyword","embeddable":true,"href":"https:\/\/kohenavocats.com\/ru\/wp-json\/wp\/v2\/kji_keyword?post=593800"},{"taxonomy":"kji_language","embeddable":true,"href":"https:\/\/kohenavocats.com\/ru\/wp-json\/wp\/v2\/kji_language?post=593800"}],"curies":[{"name":"wp","href":"https:\/\/api.w.org\/{rel}","templated":true}]}}