{"id":594242,"date":"2026-04-18T11:58:48","date_gmt":"2026-04-18T09:58:48","guid":{"rendered":"https:\/\/kohenavocats.com\/jurisprudences\/eclinlrvs20254234-raad-van-state-03-09-2025-202406840-1-v6\/"},"modified":"2026-04-18T11:58:48","modified_gmt":"2026-04-18T09:58:48","slug":"eclinlrvs20254234-raad-van-state-03-09-2025-202406840-1-v6","status":"publish","type":"kji_decision","link":"https:\/\/kohenavocats.com\/ru\/jurisprudences\/eclinlrvs20254234-raad-van-state-03-09-2025-202406840-1-v6\/","title":{"rendered":"ECLI:NL:RVS:2025:4234 Raad van State , 03-09-2025 \/ 202406840\/1\/V6"},"content":{"rendered":"<div class=\"kji-decision\">\n<div class=\"kji-full-text\">\n<p><strong>Inhoudsindicatie.<\/strong> Bij besluit van 14 november 2023 heeft de minister van Buitenlandse Zaken de door [appellant] afgelegde verklaring ter verkrijging van het Nederlanderschap geweigerd te bevestigen. Op 22 september 2023 heeft [appellant] bij de Nederlandse ambassade in Paramaribo de optieverklaring afgelegd ter verkrijging van het Nederlanderschap op grond van de Rijkswet op het Nederlanderschap. Bij besluit van 14 november 2023 heeft de minister geweigerd de optieverklaring te bevestigen. Volgens de minister voldoet [appellant] niet aan de vereisten van artikel 6, eerste lid, aanhef en onder k, van de wet. De rechtbank heeft geoordeeld dat uit het formulier van de optieverklaring volgt dat [appellant] de optieverklaring op grond van artikel 6, eerste lid, aanhef en onder k, van de RWN heeft afgelegd. De rechtbank is van oordeel dat de omvang van het geding zich dan ook beperkt tot de vraag of de minister terecht de optieverklaring op grond van artikel 6, eerste lid, aanhef en onder k, van de RWN niet heeft bevestigd. In beroep heeft [appellant] volgens de rechtbank geen gronden aangevoerd tegen het standpunt van de minister dat hij niet voldoet aan de vereisten van die bepaling.<\/p>\n<p>202406840\/1\/V6.<\/p>\n<p>Datum uitspraak: 3 september 2025<\/p>\n<p>AFDELING<\/p>\n<p>BESTUURSRECHTSPRAAK<\/p>\n<p>Uitspraak op het hoger beroep van:<\/p>\n<p>[appellant], wonend in [woonplaats],<\/p>\n<p>appellant,<\/p>\n<p>tegen de uitspraak van de rechtbank Den Haag van 1 oktober 2024 in zaak nr. 24\/2787 in het geding tussen:<\/p>\n<p>[appellant]<\/p>\n<p>en<\/p>\n<p>de minister van Buitenlandse Zaken.<\/p>\n<p>Procesverloop<\/p>\n<p>Bij besluit van 14 november 2023 heeft de minister de door [appellant] afgelegde verklaring ter verkrijging van het Nederlanderschap (hierna: de optieverklaring), geweigerd te bevestigen.<\/p>\n<p>Bij besluit van 27 februari 2024 heeft de minister het door [appellant] daartegen gemaakte bezwaar ongegrond verklaard.<\/p>\n<p>Bij uitspraak van 1 oktober 2024 heeft de rechtbank het door [appellant] daartegen ingestelde beroep ongegrond verklaard.<\/p>\n<p>Tegen deze uitspraak heeft [appellant] hoger beroep ingesteld.<\/p>\n<p>De minister heeft een schriftelijke uiteenzetting gegeven.<\/p>\n<p>De Afdeling heeft de zaak ter zitting behandeld op 24 juli 2025, waar [appellant], bijgestaan door mr. G.P. Dayala, advocaat in Amsterdam, en de minister, vertegenwoordigd door mr. I.S. IJserinkhuijsen, zijn verschenen.<\/p>\n<p>Overwegingen<\/p>\n<p>Inleiding<\/p>\n<p>1. Op 22 september 2023 heeft [appellant] bij de Nederlandse ambassade in Paramaribo de optieverklaring afgelegd ter verkrijging van het Nederlanderschap op grond van artikel 6, eerste lid, aanhef en onder k, van de Rijkswet op het Nederlanderschap (hierna: de RWN). Bij besluit van 14 november 2023 heeft de minister geweigerd de optieverklaring te bevestigen. Volgens de minister voldoet [appellant] niet aan de vereisten van artikel 6, eerste lid, aanhef en onder k, van de RWN. Verder stelt de minister zich op het standpunt dat [appellant] niet voldoet aan de vereisten van artikel 6, eerste lid, aanhef, en onder c, van de RWN, omdat hij die optieverklaring niet heeft afgelegd. Hiervoor kan hij een aparte aanvraag indienen.<\/p>\n<p>2. De rechtbank heeft geoordeeld dat uit het formulier van de optieverklaring volgt dat [appellant] de optieverklaring op grond van artikel 6, eerste lid, aanhef en onder k, van de RWN heeft afgelegd. De rechtbank is van oordeel dat de omvang van het geding zich dan ook beperkt tot de vraag of de minister terecht de optieverklaring op grond van artikel 6, eerste lid, aanhef en onder k, van de RWN niet heeft bevestigd. In beroep heeft [appellant] volgens de rechtbank geen gronden aangevoerd tegen het standpunt van de minister dat hij niet voldoet aan de vereisten van die bepaling. De rechtbank heeft het beroep dan ook ongegrond verklaard. Volgens de rechtbank staat het [appellant] vrij om een optieverklaring op grond van artikel 6, eerste lid, aanhef en onder c, van de RWN, af te leggen.<\/p>\n<p>2.1. Het wettelijk kader is opgenomen in de bijlage, die deel uitmaakt van deze uitspraak.<\/p>\n<p>Procesbelang<\/p>\n<p>3. [appellant] betoogt dat de rechtbank ten onrechte heeft overwogen dat het geding zich alleen beperkt tot de optieverklaring op grond van artikel 6, eerste lid, aanhef en onder k, van de RWN. Volgens hem had hij een aanvraag op grond van artikel 6, eerste lid, aanhef en onder c, van de RWN willen indienen.<\/p>\n<p>4. Op 29 november 2024 heeft [appellant] bij de Nederlandse ambassade in Paramaribo een tweede optieverklaring afgelegd ter verkrijging van het Nederlanderschap op grond van artikel 6, eerste lid, aanhef en onder c, van de RWN. De minister heeft deze aanvraag inhoudelijk in behandeling genomen. Bij besluit van 15 januari 2025 heeft de minister geweigerd deze optieverklaring te bevestigen. [appellant] heeft op de zitting bij de Afdeling desgevraagd zijn procesbelang toegelicht. Hij betoogt dat dit is gelegen in de mogelijkheid dat de minister na het oordeel van de Afdeling de optieverklaring op grond van artikel 6, eerste lid, aanhef en onder c, van de RWN, alsnog inhoudelijk in behandeling moet nemen.<\/p>\n<p>4.1. Naar het oordeel van de Afdeling heeft [appellant] geen belang meer bij een uitspraak op het hoger beroep. [appellant] heeft namelijk al bereikt wat hij met zijn hoger beroep beoogt, namelijk een inhoudelijke beoordeling op grond van artikel 6, eerste lid, aanhef en onder c, van de RWN. De Afdeling is gelet hierop, en nu hij geen ander belang daarbij heeft gesteld, van oordeel dat [appellant] geen procesbelang meer heeft bij het hoger beroep.<\/p>\n<p>Conclusie<\/p>\n<p>5. Het hoger beroep is niet-ontvankelijk. De minister hoeft geen proceskosten te vergoeden.<\/p>\n<p>Beslissing<\/p>\n<p>De Afdeling bestuursrechtspraak van de Raad van State:<\/p>\n<p>verklaart het hoger beroep niet-ontvankelijk.<\/p>\n<p>Aldus vastgesteld door mr. J.Th. Drop, lid van de enkelvoudige kamer, in tegenwoordigheid van mr. A.E. de Ruijter, griffier.<\/p>\n<p>w.g. Drop<\/p>\n<p>lid van de enkelvoudige kamer<\/p>\n<p>w.g. De Ruijter<\/p>\n<p>griffier<\/p>\n<p>Uitgesproken in het openbaar op 3 september 2025<\/p>\n<p>887-1061<\/p>\n<p>BIJLAGE<\/p>\n<p>Rijkswet op het Nederlanderschap<\/p>\n<p>Artikel 6<\/p>\n<p>1. Na het afleggen van een daartoe strekkende schriftelijke verklaring verkrijgt door een bevestiging als bedoeld in het derde lid het Nederlanderschap:<\/p>\n<p>c. de minderjarige vreemdeling die door een Nederlander is erkend en die niet op grond van de artikelen 3 of 4 Nederlander is of is geworden, indien hij onmiddellijk voorafgaand aan de verklaring gedurende een onafgebroken periode van ten minste drie jaren verzorging en opvoeding heeft genoten van de Nederlander door wie hij is erkend;<\/p>\n<p>[\u2026]<\/p>\n<p>k. de vreemdeling die is geboren als kind van \u00e9\u00e9n van de in de onderdelen i of j bedoelde personen die het Nederlanderschap heeft verkregen dan wel voor die verkrijging is overleden;<\/p>\n<p>[\u2026]<\/p>\n<\/div>\n<hr class=\"kji-sep\" \/>\n<p class=\"kji-source-links\"><strong>Sources officielles :<\/strong> <a class=\"kji-source-link\" href=\"http:\/\/deeplink.rechtspraak.nl\/uitspraak?id=ECLI:NL:RVS:2025:4234\" target=\"_blank\" rel=\"noopener noreferrer\">consulter la page source<\/a><\/p>\n<p class=\"kji-license-note\"><em>Rechtspraak.nl open data, Creative Commons Zero. Volume cible 1.8M decisions.<\/em><\/p>\n<\/div>\n","protected":false},"excerpt":{"rendered":"<p>Bij besluit van 14 november 2023 heeft de minister van Buitenlandse Zaken de door [appellant] afgelegde verklaring ter verkrijging van het Nederlanderschap geweigerd te bevestigen. Op 22 september 2023 heeft [appellant] bij de Nederlandse ambassade in Paramaribo de optieverklaring afgelegd ter verkrijging van het Nederlanderschap op grond van de Rijkswet op het Nederlanderschap. Bij besluit van&#8230;<\/p>\n","protected":false},"featured_media":0,"template":"","meta":{"_crdt_document":""},"kji_country":[7669],"kji_court":[8622],"kji_chamber":[],"kji_year":[8463],"kji_subject":[7646],"kji_keyword":[7633,7673,8102,8955,21969],"kji_language":[7671],"class_list":["post-594242","kji_decision","type-kji_decision","status-publish","hentry","kji_country-pays-bas","kji_court-raad-van-state","kji_year-8463","kji_subject-divers","kji_keyword-appellant","kji_keyword-heeft","kji_keyword-minister","kji_keyword-nederlanderschap","kji_keyword-optieverklaring","kji_language-nl"],"yoast_head":"<!-- This site is optimized with the Yoast SEO Premium plugin v27.5 (Yoast SEO v27.5) - https:\/\/yoast.com\/product\/yoast-seo-premium-wordpress\/ -->\n<title>ECLI:NL:RVS:2025:4234 Raad van State , 03-09-2025 \/ 202406840\/1\/V6 - Ma\u00eetre Hassan Kohen, avocat en droit p\u00e9nal \u00e0 Paris<\/title>\n<meta name=\"robots\" content=\"index, follow, max-snippet:-1, max-image-preview:large, max-video-preview:-1\" \/>\n<link rel=\"canonical\" href=\"https:\/\/kohenavocats.com\/ru\/jurisprudences\/eclinlrvs20254234-raad-van-state-03-09-2025-202406840-1-v6\/\" \/>\n<meta property=\"og:locale\" content=\"ru_RU\" \/>\n<meta property=\"og:type\" content=\"article\" \/>\n<meta property=\"og:title\" content=\"ECLI:NL:RVS:2025:4234 Raad van State , 03-09-2025 \/ 202406840\/1\/V6\" \/>\n<meta property=\"og:description\" content=\"Bij besluit van 14 november 2023 heeft de minister van Buitenlandse Zaken de door [appellant] afgelegde verklaring ter verkrijging van het Nederlanderschap geweigerd te bevestigen. Op 22 september 2023 heeft [appellant] bij de Nederlandse ambassade in Paramaribo de optieverklaring afgelegd ter verkrijging van het Nederlanderschap op grond van de Rijkswet op het Nederlanderschap. Bij besluit van...\" \/>\n<meta property=\"og:url\" content=\"https:\/\/kohenavocats.com\/ru\/jurisprudences\/eclinlrvs20254234-raad-van-state-03-09-2025-202406840-1-v6\/\" \/>\n<meta property=\"og:site_name\" content=\"Ma\u00eetre Hassan Kohen, avocat en droit p\u00e9nal \u00e0 Paris\" \/>\n<meta name=\"twitter:card\" content=\"summary_large_image\" \/>\n<meta name=\"twitter:label1\" content=\"\u041f\u0440\u0438\u043c\u0435\u0440\u043d\u043e\u0435 \u0432\u0440\u0435\u043c\u044f \u0434\u043b\u044f \u0447\u0442\u0435\u043d\u0438\u044f\" \/>\n\t<meta name=\"twitter:data1\" content=\"5 \u043c\u0438\u043d\u0443\u0442\" \/>\n<script type=\"application\/ld+json\" class=\"yoast-schema-graph\">{\"@context\":\"https:\\\/\\\/schema.org\",\"@graph\":[{\"@type\":\"WebPage\",\"@id\":\"https:\\\/\\\/kohenavocats.com\\\/ru\\\/jurisprudences\\\/eclinlrvs20254234-raad-van-state-03-09-2025-202406840-1-v6\\\/\",\"url\":\"https:\\\/\\\/kohenavocats.com\\\/ru\\\/jurisprudences\\\/eclinlrvs20254234-raad-van-state-03-09-2025-202406840-1-v6\\\/\",\"name\":\"ECLI:NL:RVS:2025:4234 Raad van State , 03-09-2025 \\\/ 202406840\\\/1\\\/V6 - Ma\u00eetre Hassan Kohen, avocat en droit p\u00e9nal \u00e0 Paris\",\"isPartOf\":{\"@id\":\"https:\\\/\\\/kohenavocats.com\\\/ru\\\/#website\"},\"datePublished\":\"2026-04-18T09:58:48+00:00\",\"breadcrumb\":{\"@id\":\"https:\\\/\\\/kohenavocats.com\\\/ru\\\/jurisprudences\\\/eclinlrvs20254234-raad-van-state-03-09-2025-202406840-1-v6\\\/#breadcrumb\"},\"inLanguage\":\"ru-RU\",\"potentialAction\":[{\"@type\":\"ReadAction\",\"target\":[\"https:\\\/\\\/kohenavocats.com\\\/ru\\\/jurisprudences\\\/eclinlrvs20254234-raad-van-state-03-09-2025-202406840-1-v6\\\/\"]}]},{\"@type\":\"BreadcrumbList\",\"@id\":\"https:\\\/\\\/kohenavocats.com\\\/ru\\\/jurisprudences\\\/eclinlrvs20254234-raad-van-state-03-09-2025-202406840-1-v6\\\/#breadcrumb\",\"itemListElement\":[{\"@type\":\"ListItem\",\"position\":1,\"name\":\"Home\",\"item\":\"https:\\\/\\\/kohenavocats.com\\\/ru\\\/avocats-en-droit-penal-a-paris-conseil-et-defense-strategique\\\/\"},{\"@type\":\"ListItem\",\"position\":2,\"name\":\"Jurisprudences\",\"item\":\"https:\\\/\\\/kohenavocats.com\\\/ru\\\/jurisprudences\\\/\"},{\"@type\":\"ListItem\",\"position\":3,\"name\":\"ECLI:NL:RVS:2025:4234 Raad van State , 03-09-2025 \\\/ 202406840\\\/1\\\/V6\"}]},{\"@type\":\"WebSite\",\"@id\":\"https:\\\/\\\/kohenavocats.com\\\/ru\\\/#website\",\"url\":\"https:\\\/\\\/kohenavocats.com\\\/ru\\\/\",\"name\":\"Kohen Avocats\",\"description\":\"Ma\u00eetre Hassan Kohen, avocat p\u00e9naliste \u00e0 Paris, intervient exclusivement en droit p\u00e9nal pour la d\u00e9fense des particuliers, notamment en mati\u00e8re d\u2019accusations de viol. Il assure un accompagnement rigoureux d\u00e8s la garde \u00e0 vue jusqu\u2019\u00e0 la Cour d\u2019assises, veillant au strict respect des garanties proc\u00e9durales.\",\"publisher\":{\"@id\":\"https:\\\/\\\/kohenavocats.com\\\/ru\\\/#organization\"},\"potentialAction\":[{\"@type\":\"SearchAction\",\"target\":{\"@type\":\"EntryPoint\",\"urlTemplate\":\"https:\\\/\\\/kohenavocats.com\\\/ru\\\/?s={search_term_string}\"},\"query-input\":{\"@type\":\"PropertyValueSpecification\",\"valueRequired\":true,\"valueName\":\"search_term_string\"}}],\"inLanguage\":\"ru-RU\"},{\"@type\":\"Organization\",\"@id\":\"https:\\\/\\\/kohenavocats.com\\\/ru\\\/#organization\",\"name\":\"Kohen Avocats\",\"url\":\"https:\\\/\\\/kohenavocats.com\\\/ru\\\/\",\"logo\":{\"@type\":\"ImageObject\",\"inLanguage\":\"ru-RU\",\"@id\":\"https:\\\/\\\/kohenavocats.com\\\/ru\\\/#\\\/schema\\\/logo\\\/image\\\/\",\"url\":\"https:\\\/\\\/kohenavocats.com\\\/wp-content\\\/uploads\\\/2026\\\/01\\\/Logo-2-1.webp\",\"contentUrl\":\"https:\\\/\\\/kohenavocats.com\\\/wp-content\\\/uploads\\\/2026\\\/01\\\/Logo-2-1.webp\",\"width\":2114,\"height\":1253,\"caption\":\"Kohen Avocats\"},\"image\":{\"@id\":\"https:\\\/\\\/kohenavocats.com\\\/ru\\\/#\\\/schema\\\/logo\\\/image\\\/\"}}]}<\/script>\n<!-- \/ Yoast SEO Premium plugin. -->","yoast_head_json":{"title":"ECLI:NL:RVS:2025:4234 Raad van State , 03-09-2025 \/ 202406840\/1\/V6 - Ma\u00eetre Hassan Kohen, avocat en droit p\u00e9nal \u00e0 Paris","robots":{"index":"index","follow":"follow","max-snippet":"max-snippet:-1","max-image-preview":"max-image-preview:large","max-video-preview":"max-video-preview:-1"},"canonical":"https:\/\/kohenavocats.com\/ru\/jurisprudences\/eclinlrvs20254234-raad-van-state-03-09-2025-202406840-1-v6\/","og_locale":"ru_RU","og_type":"article","og_title":"ECLI:NL:RVS:2025:4234 Raad van State , 03-09-2025 \/ 202406840\/1\/V6","og_description":"Bij besluit van 14 november 2023 heeft de minister van Buitenlandse Zaken de door [appellant] afgelegde verklaring ter verkrijging van het Nederlanderschap geweigerd te bevestigen. Op 22 september 2023 heeft [appellant] bij de Nederlandse ambassade in Paramaribo de optieverklaring afgelegd ter verkrijging van het Nederlanderschap op grond van de Rijkswet op het Nederlanderschap. Bij besluit van...","og_url":"https:\/\/kohenavocats.com\/ru\/jurisprudences\/eclinlrvs20254234-raad-van-state-03-09-2025-202406840-1-v6\/","og_site_name":"Ma\u00eetre Hassan Kohen, avocat en droit p\u00e9nal \u00e0 Paris","twitter_card":"summary_large_image","twitter_misc":{"\u041f\u0440\u0438\u043c\u0435\u0440\u043d\u043e\u0435 \u0432\u0440\u0435\u043c\u044f \u0434\u043b\u044f \u0447\u0442\u0435\u043d\u0438\u044f":"5 \u043c\u0438\u043d\u0443\u0442"},"schema":{"@context":"https:\/\/schema.org","@graph":[{"@type":"WebPage","@id":"https:\/\/kohenavocats.com\/ru\/jurisprudences\/eclinlrvs20254234-raad-van-state-03-09-2025-202406840-1-v6\/","url":"https:\/\/kohenavocats.com\/ru\/jurisprudences\/eclinlrvs20254234-raad-van-state-03-09-2025-202406840-1-v6\/","name":"ECLI:NL:RVS:2025:4234 Raad van State , 03-09-2025 \/ 202406840\/1\/V6 - Ma\u00eetre Hassan Kohen, avocat en droit p\u00e9nal \u00e0 Paris","isPartOf":{"@id":"https:\/\/kohenavocats.com\/ru\/#website"},"datePublished":"2026-04-18T09:58:48+00:00","breadcrumb":{"@id":"https:\/\/kohenavocats.com\/ru\/jurisprudences\/eclinlrvs20254234-raad-van-state-03-09-2025-202406840-1-v6\/#breadcrumb"},"inLanguage":"ru-RU","potentialAction":[{"@type":"ReadAction","target":["https:\/\/kohenavocats.com\/ru\/jurisprudences\/eclinlrvs20254234-raad-van-state-03-09-2025-202406840-1-v6\/"]}]},{"@type":"BreadcrumbList","@id":"https:\/\/kohenavocats.com\/ru\/jurisprudences\/eclinlrvs20254234-raad-van-state-03-09-2025-202406840-1-v6\/#breadcrumb","itemListElement":[{"@type":"ListItem","position":1,"name":"Home","item":"https:\/\/kohenavocats.com\/ru\/avocats-en-droit-penal-a-paris-conseil-et-defense-strategique\/"},{"@type":"ListItem","position":2,"name":"Jurisprudences","item":"https:\/\/kohenavocats.com\/ru\/jurisprudences\/"},{"@type":"ListItem","position":3,"name":"ECLI:NL:RVS:2025:4234 Raad van State , 03-09-2025 \/ 202406840\/1\/V6"}]},{"@type":"WebSite","@id":"https:\/\/kohenavocats.com\/ru\/#website","url":"https:\/\/kohenavocats.com\/ru\/","name":"Kohen Avocats","description":"Ma\u00eetre Hassan Kohen, avocat p\u00e9naliste \u00e0 Paris, intervient exclusivement en droit p\u00e9nal pour la d\u00e9fense des particuliers, notamment en mati\u00e8re d\u2019accusations de viol. Il assure un accompagnement rigoureux d\u00e8s la garde \u00e0 vue jusqu\u2019\u00e0 la Cour d\u2019assises, veillant au strict respect des garanties proc\u00e9durales.","publisher":{"@id":"https:\/\/kohenavocats.com\/ru\/#organization"},"potentialAction":[{"@type":"SearchAction","target":{"@type":"EntryPoint","urlTemplate":"https:\/\/kohenavocats.com\/ru\/?s={search_term_string}"},"query-input":{"@type":"PropertyValueSpecification","valueRequired":true,"valueName":"search_term_string"}}],"inLanguage":"ru-RU"},{"@type":"Organization","@id":"https:\/\/kohenavocats.com\/ru\/#organization","name":"Kohen Avocats","url":"https:\/\/kohenavocats.com\/ru\/","logo":{"@type":"ImageObject","inLanguage":"ru-RU","@id":"https:\/\/kohenavocats.com\/ru\/#\/schema\/logo\/image\/","url":"https:\/\/kohenavocats.com\/wp-content\/uploads\/2026\/01\/Logo-2-1.webp","contentUrl":"https:\/\/kohenavocats.com\/wp-content\/uploads\/2026\/01\/Logo-2-1.webp","width":2114,"height":1253,"caption":"Kohen Avocats"},"image":{"@id":"https:\/\/kohenavocats.com\/ru\/#\/schema\/logo\/image\/"}}]}},"jetpack_likes_enabled":false,"jetpack_sharing_enabled":true,"_links":{"self":[{"href":"https:\/\/kohenavocats.com\/ru\/wp-json\/wp\/v2\/kji_decision\/594242","targetHints":{"allow":["GET"]}}],"collection":[{"href":"https:\/\/kohenavocats.com\/ru\/wp-json\/wp\/v2\/kji_decision"}],"about":[{"href":"https:\/\/kohenavocats.com\/ru\/wp-json\/wp\/v2\/types\/kji_decision"}],"wp:attachment":[{"href":"https:\/\/kohenavocats.com\/ru\/wp-json\/wp\/v2\/media?parent=594242"}],"wp:term":[{"taxonomy":"kji_country","embeddable":true,"href":"https:\/\/kohenavocats.com\/ru\/wp-json\/wp\/v2\/kji_country?post=594242"},{"taxonomy":"kji_court","embeddable":true,"href":"https:\/\/kohenavocats.com\/ru\/wp-json\/wp\/v2\/kji_court?post=594242"},{"taxonomy":"kji_chamber","embeddable":true,"href":"https:\/\/kohenavocats.com\/ru\/wp-json\/wp\/v2\/kji_chamber?post=594242"},{"taxonomy":"kji_year","embeddable":true,"href":"https:\/\/kohenavocats.com\/ru\/wp-json\/wp\/v2\/kji_year?post=594242"},{"taxonomy":"kji_subject","embeddable":true,"href":"https:\/\/kohenavocats.com\/ru\/wp-json\/wp\/v2\/kji_subject?post=594242"},{"taxonomy":"kji_keyword","embeddable":true,"href":"https:\/\/kohenavocats.com\/ru\/wp-json\/wp\/v2\/kji_keyword?post=594242"},{"taxonomy":"kji_language","embeddable":true,"href":"https:\/\/kohenavocats.com\/ru\/wp-json\/wp\/v2\/kji_language?post=594242"}],"curies":[{"name":"wp","href":"https:\/\/api.w.org\/{rel}","templated":true}]}}