{"id":595872,"date":"2026-04-18T17:24:28","date_gmt":"2026-04-18T15:24:28","guid":{"rendered":"https:\/\/kohenavocats.com\/jurisprudences\/eclinlrbmne20257547-rechtbank-midden-nederland-03-06-2025-16-351468-24\/"},"modified":"2026-04-18T17:24:28","modified_gmt":"2026-04-18T15:24:28","slug":"eclinlrbmne20257547-rechtbank-midden-nederland-03-06-2025-16-351468-24","status":"publish","type":"kji_decision","link":"https:\/\/kohenavocats.com\/ru\/jurisprudences\/eclinlrbmne20257547-rechtbank-midden-nederland-03-06-2025-16-351468-24\/","title":{"rendered":"ECLI:NL:RBMNE:2025:7547 Rechtbank Midden-Nederland , 03-06-2025 \/ 16\/351468-24"},"content":{"rendered":"<div class=\"kji-decision\">\n<div class=\"kji-full-text\">\n<p><strong>Inhoudsindicatie.<\/strong> De verdachte heeft zich schuldig gemaakt aan brandstichting en mishandeling. De rechtbank legt aan de verdachte een jeugddetentie op van 120 dagen, met aftrek van het voorarrest, waarvan 53 dagen voorwaardelijk, met een proeftijd van twee jaren.<\/p>\n<h3>RECHTBANK MIDDEN-NEDERLAND<\/h3>\n<p>Strafrecht<\/p>\n<p>Zittingsplaats Utrecht<\/p>\n<p>Parketnummers: 16\/351468-24 &amp; 13\/095196-25 (gev. ttz) (P)<\/p>\n<p>Vonnis van de meervoudige kamer van 3 juni 2025<\/p>\n<p>in de strafzaak tegen<\/p>\n<p>[verdachte]<\/p>\n<p>geboren op [geboortedatum] 2011 te [geboorteplaats] ,<\/p>\n<p>wonende aan de [adres] , [postcode] te [plaats] ,<\/p>\n<p>hierna: [verdachte] .<\/p>\n<h3>1ONDERZOEK TER TERECHTZITTING<\/h3>\n<p>Dit vonnis is op tegenspraak gewezen naar aanleiding van het onderzoek op de terechtzitting van 20 mei 2025. De zitting heeft achter gesloten deuren plaatsgevonden, omdat [verdachte] minderjarig was ten tijde van de ten laste gelegde feiten.<\/p>\n<p>De rechtbank heeft kennisgenomen van de vordering van officier van justitie mr. N. Schipper en van wat [verdachte] en haar advocaat, mr. K.R. Koopman, advocaat te Zeist, naar voren hebben gebracht. Ook waren aanwezig en zijn gehoord mevrouw [A] , namens de Jeugdbescherming Amsterdam (hierna: de Jeugdbescherming), en de heer [B] , namens de Raad voor de Kinderbescherming (hierna: de Raad).<\/p>\n<h3>2TENLASTELEGGING<\/h3>\n<p>De officier van justitie verdenkt [verdachte] ervan dat zij betrokken is geweest bij twee strafbare feiten. Deze verdenkingen staan beschreven in de tenlastelegging. De tenlastelegging is als bijlage opgenomen in dit vonnis.<\/p>\n<p>Kort gezegd, verdenkt de officier van justitie [verdachte] ervan dat zij:<\/p>\n<p>Ten aanzien van parketnummer 16-351468-24: <\/p>\n<p> op 4 november 2024 in Maasbergen brand heeft gesticht, waardoor gemeen gevaar voor goederen en\/of levensgevaar en\/of zwaar lichamelijk letsel voor een ander te duchten was;<\/p>\n<p>Ten aanzien van parketnummer 13-095196-25: <\/p>\n<p> op 26 maart 2025 in Amsterdam [slachtoffer] heeft mishandeld.<\/p>\n<h3>3VOORVRAGEN<\/h3>\n<p>Voordat de rechtbank een oordeel kan geven over de vraag of [verdachte] de ten laste gelegde<\/p>\n<p>feiten heeft gepleegd, moet worden beoordeeld of aan de in de wet gestelde voorvragen is<\/p>\n<p>voldaan. Dat is het geval: de dagvaarding is geldig, de rechtbank is bevoegd om deze zaak te<\/p>\n<p>beoordelen, de officier van justitie mag [verdachte] vervolgen en er zijn geen redenen om de<\/p>\n<p>vervolging uit te stellen.<\/p>\n<h3>4WAARDERING VAN HET BEWIJS<\/h3>\n<p>Het standpunt van de officier van justitie<\/p>\n<p>De officier van justitie acht beide ten laste gelegde feiten wettig en overtuigend te bewijzen.<\/p>\n<p>Het standpunt van de verdediging<\/p>\n<p>De advocaat van [verdachte] heeft geen bewijsverweer gevoerd en aangegeven zich aan te sluiten bij de beslissing van de rechtbank.<\/p>\n<p>Het oordeel van de rechtbank<\/p>\n<p>Bewijsmiddelen<\/p>\n<p>Ten aanzien van parketnummer 16-351468-24 (brandstichting):<\/p>\n<p> [verdachte] heeft bij de politie toegegeven dat zij dit feit heeft gepleegd. Ter zitting heeft [verdachte] deze verklaring bevestigd. De advocaat heeft geen vrijspraak voor dit feit bepleit. De rechtbank zal daarom niet opschrijven wat er in de bewijsmiddelen staat, maar alleen<\/p>\n<p>opsommen welke bewijsmiddelen zij voor de bewezenverklaring gebruikt.<\/p>\n<p>De gebruikte bewijsmiddelen zijn:<\/p>\n<p>de bekennende verklaring van [verdachte] op de zitting van 20 mei 2025;<\/p>\n<p>de aangifte door [aangever] , namens [verblijfplaats] , van 5 november 2024;<\/p>\n<p>&#8212; het forensisch onderzoek naar de brandstichting van 10 november 2024.<\/p>\n<p>Ten aanzien van parketnummer 13-095196-25 (mishandeling):<\/p>\n<p> [verdachte] heeft ter zitting toegegeven dat zij dit feit heeft gepleegd. De advocaat heeft geen vrijspraak voor dit feit bepleit. De rechtbank zal daarom niet opschrijven wat er in de bewijsmiddelen staat, maar alleen opsommen welke bewijsmiddelen zij voor de bewezenverklaring gebruikt.<\/p>\n<p>De gebruikte bewijsmiddelen zijn:<\/p>\n<p>de bekennende verklaring van [verdachte] op de zitting van 20 mei 2025;<\/p>\n<p>de aangifte van [slachtoffer] van 26 maart 2025.<\/p>\n<h3>5BEWEZENVERKLARING<\/h3>\n<p>De rechtbank acht wettig en overtuigend bewezen dat [verdachte] :<\/p>\n<p>Ten aanzien van parketnummer 16-351468-24:<\/p>\n<p>op 4 november 2024 te Maarsbergen, gemeente Utrechtse Heuvelrug, opzettelijk brand heeft gesticht door beddengoed met behulp van een aansteker in brand te steken, terwijl daarvan<br \/>\n&#8212; gemeen gevaar voor goederen, te weten de kamer van verdachte, aansluitende kamers, het gehele pand en omliggende panden, en<br \/>\n&#8212; levensgevaar en\/of gevaar voor zwaar lichamelijk letsel voor een ander, te weten, medewerkers en\/of hulpverleners te duchten was;<\/p>\n<p>Ten aanzien van parketnummer 13-095196-25:<\/p>\n<p>op 26 maart 2025 te Amsterdam [slachtoffer] heeft mishandeld door die [slachtoffer]<br \/>\n&#8212; meerdere malen (met kracht) tegen de rug te stompen en<br \/>\n&#8212; meerdere malen tegen de nek en het(achter)hoofd te stompen en<br \/>\n&#8212; (vervolgens) die [slachtoffer] (met kracht) op de grond te duwen en te doen vallen.<\/p>\n<p>Voor zover in het bewezenverklaarde deel van de tenlastelegging taal- en\/of schrijffouten voorkomen, zijn deze in de bewezenverklaring verbeterd. [verdachte] is daardoor niet in de verdediging geschaad.<\/p>\n<p>Hetgeen meer of anders is ten laste gelegd is niet bewezen. [verdachte] wordt hiervan vrijgesproken.<\/p>\n<h3>6STRAFBAARHEID VAN DE FEITEN<\/h3>\n<p>Gedragingen zijn volgens de wet alleen strafbaar als er geen rechtvaardigingsgrond voor die<\/p>\n<p>gedragingen bestaat. Als een verdachte zich kan beroepen op zo\u2019n rechtvaardigingsgrond is<\/p>\n<p>zijn gedrag niet in strijd met het recht. Niet is gebleken dat er zo\u2019n rechtvaardigingsgrond<\/p>\n<p>voor de door [verdachte] gepleegde feiten bestond. De door [verdachte] gepleegde feiten zijn dus<\/p>\n<p>strafbaar.<\/p>\n<p>De wet noemt de door [verdachte] gepleegde feiten:<\/p>\n<p>Ten aanzien van parketnummer 16-351468-24<br \/>\n : opzettelijk brandstichten, terwijl daarvan gemeen gevaar voor goederen en levensgevaar\/gevaar voor zwaar lichamelijk letsel voor een ander te duchten is;<\/p>\n<p>Ten aanzien van parketnummer 13-095196-25<br \/>\n : mishandeling.<\/p>\n<h3>7STRAFBAARHEID VAN [verdachte]<\/h3>\n<p>Verdachten zijn volgens de wet alleen strafbaar als zij geen beroep kunnen doen op een<\/p>\n<p>schulduitsluitingsgrond. Als een verdachte zich kan beroepen op een schulduitsluitingsgrond<\/p>\n<p>is zijn gedrag niet verwijtbaar. Niet is gebleken dat [verdachte] een beroep kan doen op zo\u2019n<\/p>\n<p>schulduitsluitingsgrond. [verdachte] is dus strafbaar.<\/p>\n<h3>8OPLEGGING VAN STRAF<\/h3>\n<p>De vordering van de officier van justitie<\/p>\n<p>De officier van justitie heeft ge\u00ebist om aan [verdachte] een jeugddetentie voor de duur van 120 dagen op te leggen, met aftrek van het voorarrest, waarvan 55 dagen voorwaardelijk, met een proeftijd van twee jaren, en de bijzondere voorwaarden zoals door de Raad geadviseerd.<\/p>\n<p>Het standpunt van de verdediging<\/p>\n<p>De advocaat heeft aangegeven zich te kunnen vinden in de eis van de officier van justitie.<\/p>\n<p>Het oordeel van de rechtbank<\/p>\n<p>De rechtbank heeft bij het bepalen van een passende straf rekening gehouden met de ernst<\/p>\n<p>van de strafbare feiten, de omstandigheden waaronder [verdachte] die feiten heeft gepleegd en de persoonlijke omstandigheden van [verdachte] . De rechtbank heeft ook gekeken naar de straffen die in vergelijkbare zaken worden opgelegd. Hieronder legt de rechtbank uit hoe zij de straf heeft bepaald.<\/p>\n<p>Ernst van de feiten en de omstandigheden waaronder deze zijn begaan<\/p>\n<p>[verdachte] heeft zich schuldig gemaakt aan brandstichting en mishandeling. Zij heeft bij de jeugdzorginstelling waar zij verbleef brandgesticht door het matras van haar bed in brand te steken. Omdat er snel is ingegrepen, is de brand niet naar de naastgelegen kamers overgeslagen. Wel zijn er door de brand rook en giftige gassen ontstaan. Drie medewerkers van de jeugdzorginstelling hebben de rook ingeademd en moesten daarom ter controle naar het ziekenhuis. [verdachte] verklaart dat zij de brand heeft gesticht omdat zij overgeplaatst wilde worden naar een andere instelling. Het was volgens [verdachte] een noodkreet. Dat [verdachte] naar een andere instelling wilde en zij zich daarin niet gehoord voelde, rechtvaardigt haar handelen niet. Door het stichten van de brand heeft [verdachte] de medewerkers van de instelling in gevaar gebracht. Ook heeft [verdachte] tijdens een ruzie een groepsgenoot mishandeld door haar meerdere malen te stompen en op de grond te duwen. Hierdoor had het slachtoffer pijn en een kras op haar arm en neus. [verdachte] heeft hiermee een inbreuk gemaakt op de lichamelijke integriteit van het slachtoffer. De rechtbank neemt dit [verdachte] kwalijk.<\/p>\n<p>De persoonlijke omstandigheden van [verdachte]<\/p>\n<p>Strafblad<\/p>\n<p>De rechtbank heeft kennisgenomen van het uittreksel Justiti\u00eble Documentatie van 9 april 2025, waaruit blijkt dat [verdachte] niet eerder bij de strafrechter is geweest voor (soortgelijke) strafbare feiten.<\/p>\n<p>Het advies van de psycholoog<\/p>\n<p>Over [verdachte] is op 21 maart 2025 een persoonlijkheidsrapportage (Pro Justitia rapportage) opgesteld door L.A.A. ten Have, GZ-psycholoog. Bij [verdachte] is sprake van een reactieve hechtingsstoornis, een posttraumatische-stressstoornis, zwakbegaafdheid, een normoverschrijdende gedragsstoornis met beperkte prosociale emoties en een bedreigde persoonlijkheidsontwikkeling. De psycholoog meent dat de vastgestelde stoornissen [verdachte] ten tijde van de tenlastegelegde feiten hebben be\u00efnvloed en adviseert daarom om de tenlastegelegde feiten in verminderde mate aan [verdachte] toe te rekenen.<\/p>\n<p>De psycholoog beschrijft dat sprake is van complexe problematiek en een hoog recidiverisico. [verdachte] heeft vooral goede zorg nodig. [verdachte] heeft belang bij een langdurige vorm van behandeling. De verwachting is dat dit binnen Levvel goed geboden kan worden. Naast goede zorg is het van belang dat gezocht wordt naar een passende woonplek en gekeken wordt hoe de groepsbegeleiding oplopende spanning bij [verdachte] kan leren herkennen, zodat er bij verhoogde gevoelens van spanning en stress vroegtijdig hulp aan haar geboden kan worden.<\/p>\n<p>[verdachte] is sterk afhankelijk van intensieve begeleiding binnen een duidelijk en consequent kader. De psycholoog meent dat de begeleiding en behandeling daarom het beste vorm kan worden gegeven binnen het kader van een gedragsbe\u00efnvloedende maatregel (hierna: GBM). Binnen de GBM kan intensief toezicht en holding aan [verdachte] worden geboden en de verwachting is dat deze maatregel meer zorg en begeleiding aan [verdachte] kan bieden. Daarnaast kan er direct op overtreding van voorwaarden gereageerd worden en een (tijdelijke) detentie ingezet worden in de vorm van een time-out. De psycholoog verwacht dat [verdachte] zich binnen de GBM het beste laat aansturen en dat behandeling door de flinke stok achter de deur een grotere kans van slagen heeft. Vanwege het langdurige gedragspatroon van [verdachte] wordt geadviseerd om de GBM voor de duur van 12 maanden op te leggen.<\/p>\n<p>Het advies van de Raad<\/p>\n<p>De Raad heeft op 13 mei 2025 een rapportage over [verdachte] opgesteld. De Raad vindt het niet passend om aan [verdachte] een GBM op te leggen, omdat hierbij de nadruk ligt op de negatieve consequenties als [verdachte] zich niet aan de voorwaarden houdt. [verdachte] is nog jong, een first offender, en heeft nog niet eerder kunnen profiteren van een strafrechtelijk kader. Ook heeft [verdachte] aangegeven dat zij wil meewerken aan de hulpverlening en de behandeling. Een negatieve insteek is daarom volgens de Raad niet nodig en niet helpend. [verdachte] is juist gebaat bij een positieve benadering, waarbij de vertrouwensrelatie tussen haar en de behandelaar centraal staat. Gelet op de hechtingsproblematiek is het niet wenselijk om [verdachte] bij negatief gedrag terug in jeugddetentie te plaatsen, omdat dit haar vertrouwen in de mensen om haar heen verder zou kunnen beschadigen. Een time-out zou daarmee een negatief effect kunnen hebben op het verdere behandelproces, omdat [verdachte] zich opnieuw afgewezen zou kunnen voelen en dit mogelijk demotiverend werkt. Daarbij komt dat een plaatsing in de gesloten jeugdhulp lastig te combineren is met een GBM. De Raad adviseert daarom om de begeleiding en behandeling binnen het kader van een maatregel van Toezicht en Begeleiding vorm te geven.<\/p>\n<p>De Raad adviseert om aan [verdachte] een voorwaardelijke jeugddetentie op te leggen, met (in het kort) de volgende bijzondere voorwaarden: (i) maatregel van Toezicht en Begeleiding, (ii) behandeling bij Levvel, (iii) het volgen van onderwijs, (iv) positieve vrijetijdsbesteding en (v) behandeling of begeleiding zoals een IPA\/IFA-coach. De Raad adviseert om daarnaast nog een onvoorwaardelijke werkstraf aan [verdachte] op te leggen, gelet op de ernst van de feiten en om [verdachte] de consequenties van haar negatieve gedrag te laten ervaren.<\/p>\n<p>Het advies van de Jeugdbescherming<\/p>\n<p>De Jeugdbescherming heeft op 13 mei 2025 een rapportage over [verdachte] opgesteld. In de afgelopen maanden heeft [verdachte] goed meegewerkt aan een verklarende analyse vanuit Levvel. Hieruit is gebleken dat het voor [verdachte] belangrijk is dat zij onvoorwaardelijke begeleidingsstijl aangeboden krijgt, waarbij positief gedrag wordt gezien en zij vertrouwen krijgt. Ook is het voor [verdachte] belangrijk dat zij ook fouten mag maken, hiervan kan leren en deze kan herstellen, zonder dat zij wordt afgewezen als persoon.<\/p>\n<p>De Jeugdbescherming vindt een GBM niet haalbaar. Op dit moment is er nog geen duidelijkheid over het perspectief van [verdachte] , waardoor het niet de verwachting is dat de behandeling binnen \u00e9\u00e9n jaar zal zijn afgerond. De zorg kan vanuit het civiele kader worden geregeld, waardoor een GBM niet nodig is. Daarnaast merkt de Jeugdbescherming op dat de GBM wordt opgeschort zolang [verdachte] in de gesloten jeugdzorg verblijft. Hierdoor kan op dit moment geen invulling aan de GBM worden gegeven, nu het onduidelijk is wanneer [verdachte] naar een open groep zal gaan. Ook zal een terugplaatsing in detentie het perspectief van behandeling van [verdachte] doorkruisen.<\/p>\n<p>De Jeugdbescherming adviseert om aan [verdachte] een voorwaardelijke straf op te leggen, met (in het kort) de volgende bijzondere voorwaarden: (i) maatregel van Toezicht en Begeleiding, (ii) behandeling bij Levvel, (iii) het volgen van onderwijs, (iv) positieve dag- en vrijetijdsbesteding en (v) meewerken aan eventuele aanvullende hulpverlening.<\/p>\n<p>De straf<\/p>\n<p>De rechtbank volgt het advies van de psycholoog ten aanzien van de toerekenbaarheid en zal het bewezenverklaarde in verminderde mate toerekenen aan [verdachte] .<\/p>\n<p>Gelet op de adviezen van de Raad en de Jeugdbescherming, acht de rechtbank het opleggen van een GBM niet in het belang van een zo gunstig mogelijke ontwikkeling van [verdachte] . De rechtbank zal deze maatregel daarom niet opleggen.<\/p>\n<p>Gelet op de ernst van de feiten kan naar het oordeel van de rechtbank niet met een andere strafmodaliteit worden volstaan dan een vrijheidsbenemende straf. De rechtbank zal &#8212; alles afwegende &#8212; aan [verdachte] een jeugddetentie opleggen voor de duur van 120 dagen, met aftrek van het voorarrest, waarvan 53 dagen voorwaardelijk, met een proeftijd van twee jaren. [verdachte] heeft al 67 dagen in voorarrest gezeten. Dit betekent dat [verdachte] niet opnieuw naar de jeugdgevangenis hoeft, tenzij zij zich tijdens haar proeftijd niet houdt aan de algemene en bijzondere voorwaarden. Het voorwaardelijk strafdeel heeft als doel [verdachte] ervan te weerhouden in de toekomst opnieuw strafbare feiten te plegen. Omdat [verdachte] gebaat is bij toezicht en begeleiding door de jeugdreclassering, zal de rechtbank aan dit voorwaardelijk strafdeel de bijzondere voorwaarden verbinden zoals hiervoor weergegeven en geadviseerd door de Raad.<\/p>\n<p>De rechtbank zal [verdachte] geen werkstraf opleggen. Het is namelijk belangrijk dat [verdachte] zich volledig kan gaan richten op haar behandeling en schoolgang.<\/p>\n<p>Voorlopige hechtenis<\/p>\n<p>De rechtbank zal het &#8212; al geschorste &#8212; bevel tot voorlopige hechtenis opheffen.<\/p>\n<h3>9TOEPASSELIJKE WETTELIJKE VOORSCHRIFTEN<\/h3>\n<p>De beslissing berust op de artikelen 77a, 77g, 77i, 77x, 77y, 77z, 77aa, 77gg, 157 en 300 van het Wetboek van Strafrecht, zoals de artikelen luidden ten tijde van het bewezenverklaarde.<\/p>\n<h3>10BESLISSING<\/h3>\n<p>De rechtbank:<\/p>\n<p>Bewezenverklaring<\/p>\n<p>&#8212; verklaart het ten laste gelegde bewezen zoals hiervoor in rubriek 5 is vermeld;<\/p>\n<p>&#8212; verklaart het meer of anders ten laste gelegde niet bewezen en spreekt [verdachte] daarvan vrij;<\/p>\n<p>Strafbaarheid<\/p>\n<p>&#8212; verklaart het bewezenverklaarde strafbaar en kwalificeert dit zoals hiervoor in rubriek 6 is vermeld;<\/p>\n<p>&#8212; verklaart [verdachte] strafbaar;<\/p>\n<p>Oplegging straf<\/p>\n<p>&#8212; veroordeelt [verdachte] tot een jeugddetentie voor de duur van 120 dagen;<\/p>\n<p>&#8212; bepaalt dat de tijd, door [verdachte] v\u00f3\u00f3r de tenuitvoerlegging van deze uitspraak in verzekering en voorlopige hechtenis doorgebracht (67 dagen), bij de tenuitvoerlegging van de jeugddetentie in mindering zal worden gebracht;<\/p>\n<p>&#8212; bepaalt dat van de jeugddetentie een gedeelte van 53 dagen niet zal worden ten uitvoer gelegd, tenzij de rechter later anders gelast op grond van het feit dat [verdachte] de hierna te melden algemene of bijzondere voorwaarden niet heeft nageleefd;<\/p>\n<p>&#8212; stelt daarbij een proeftijd van twee (2) jaren vast;<\/p>\n<p>&#8212; als algemene voorwaarden gelden dat [verdachte] :<\/p>\n<p>zich voor het einde van de proeftijd niet schuldig maakt aan een strafbaar feit;<\/p>\n<p>ten behoeve van het vaststellen van haar identiteit medewerking verleent aan het nemen van \u00e9\u00e9n of meer vingerafdrukken of een identiteitsbewijs als bedoeld in artikel 1 van de Wet op de identificatieplicht ter inzage aanbiedt;<\/p>\n<p>medewerking verleent aan het reclasseringstoezicht, bedoeld in artikel 77aa, eerste en derde lid, van het Wetboek van Strafrecht, de medewerking aan huisbezoeken en het zich melden bij de reclassering zo vaak en zo lang als de reclassering dit noodzakelijk acht, daaronder begrepen;<\/p>\n<p>&#8212; als bijzondere voorwaarden gelden dat [verdachte] :<\/p>\n<p>zich in het kader van de maatregel Toezicht en Begeleiding, zal melden bij de Jeugdbescherming Amsterdam (adres: Overschiestraat 57, 1062 HN Amsterdam) en zich daarna gedurende een door de jeugdreclassering te bepalen periode (die loopt tot maximaal het einde van de proeftijd) en op door de jeugdreclassering te bepalen tijdstippen dient te blijven melden bij deze instelling, zo frequent en zo lang die instelling dat noodzakelijk acht en zich houdt aan de aanwijzingen die haar in dit kader worden gegeven;<\/p>\n<p>zich verplicht onder behandeling bij Levvel of een soortgelijke instelling zal stellen;<\/p>\n<p>onderwijs volgens lesrooster zal volgen;<\/p>\n<p>zal meewerken aan het vinden van een positieve vrijetijdsbesteding in de vorm van bijvoorbeeld een sport;<\/p>\n<p>zal meewerken aan behandeling of begeleiding, zoals een IPA\/IFA-coach, indien Jeugdbescherming Amsterdam dit nodig acht;<\/p>\n<p>&#8212; waarbij aan de Jeugdbescherming Amsterdam de opdracht wordt gegeven om toezicht te houden op de naleving van de voorwaarden en [verdachte] ten behoeve daarvan te begeleiden;<\/p>\n<p>Voorlopige hechtenis<\/p>\n<p>&#8212; heft op het &#8212; al geschorste &#8212; bevel tot voorlopige hechtenis.<\/p>\n<p>Dit vonnis is gewezen door mr. L.E. Verschoor-Bergsma, voorzitter, ook kinderrechter,<\/p>\n<p>mr. J.E.S. Dolmans en mr. S.S.I. Jackson, rechters, in tegenwoordigheid van mr. E.J. van Bergeijk, griffier, en is uitgesproken op de openbare terechtzitting van 3 juni 2025.<\/p>\n<p>Bijlage: de tenlastelegging<\/p>\n<p>Aan [verdachte] wordt ten laste gelegd dat:<\/p>\n<p>Ten aanzien van parketnummer 16-351468-24<\/p>\n<p>zij, op of omstreeks 4 november 2024 te Maarsbergen, gemeente Utrechtse Heuvelrug, althans in Nederland, opzettelijk brand heeft gesticht door beddengoed met behulp van een aansteker in de brand te steken, terwijl daarvan<br \/>\n&#8212; gemeen gevaar voor goederen, te weten de kamer van verdachte, aansluitende kamers, het gehele pand en\/of omliggende panden, en\/of<br \/>\n&#8212; levensgevaar en\/of gevaar voor zwaar lichamelijk letsel voor een ander, te weten medebewoners, medewekers, bezoekers en\/of hulpverleners te duchten was<\/p>\n<p>Ten aanzien van parketnummer 13-095196-25<\/p>\n<p>zij op of omstreeks 26 maart 2025 te Amsterdam, in elk geval in Nederland, [slachtoffer] heeft mishandeld door die [slachtoffer]<br \/>\n&#8212; een of meerdere malen (met kracht) op\/tegen de rug, althans op\/tegen het lichaam te slaan\/stompen en\/of<br \/>\n&#8212; meerdere malen tegen de nek en\/of het(achter)hoofd te slaan\/stompen en\/of<br \/>\n&#8212; (vervolgens) die [slachtoffer] (met kracht) op de grond te duwen\/gooien en te doen vallen.<\/p>\n<h3>Voetnoten<\/h3>\n<ol>\n<li>Wanneer hierna wordt verwezen naar paginanummers betreft dit pagina\u2019s van op ambtseed of ambtsbelofte opgemaakte processen-verbaal. Deze processen-verbaal zijn als bijlagen opgenomen bij de in de wettelijke vorm opgemaakte processen-verbaal, opgemaakt door politie Eenheid Midden-Nederland genummerd PL0900-2024351471:\n<p> &#8212; een proces-verbaal van 5 november 2024 (PV VGL), doorgenummerd pagina 1 tot en met 55, hierna aangehaald met de toevoeging (A),<\/p>\n<p> &#8212; een proces-verbaal van 3 december 2024 (Eind PV), doorgenummerd pagina 1 tot en met 36, hierna aangehaald met de toevoeging (B). <\/p>\n<p> Tenzij anders vermeld, zijn deze processen-verbaal in de wettelijke vorm opgemaakt door daartoe bevoegde opsporingsambtenaren.<\/li>\n<li>Een proces-verbaal van aangifte van [aangever] , namens [verblijfplaats] , van 5 november 2024, pagina\u2019s 9 en 10 (A).<\/li>\n<li>Een proces-verbaal forensisch onderzoek, opgemaakt door verbalisant [verbalisant] van 10 november 2024, pagina\u2019s 9 en 10 (B).<\/li>\n<li>Wanneer hierna wordt verwezen naar paginanummers betreft dit pagina\u2019s van op ambtseed of ambtsbelofte opgemaakte processen-verbaal. Deze processen-verbaal zijn als bijlagen opgenomen bij het in de wettelijke vorm opgemaakte proces-verbaal van 28 maart 2025, genummerd PL1300-2025072569, opgemaakt door politie Eenheid Amsterdam, doorgenummerd 1 tot en met 44. Tenzij anders vermeld, zijn dit processen-verbaal in de wettelijke vorm opgemaakt door daartoe bevoegde opsporingsambtenaren.<\/li>\n<li>Een proces-verbaal van aangifte van [slachtoffer] van 26 maart 2025, pagina\u2019s 5 en 6.<\/li>\n<\/ol>\n<\/div>\n<hr class=\"kji-sep\" \/>\n<p class=\"kji-source-links\"><strong>Sources officielles :<\/strong> <a class=\"kji-source-link\" href=\"http:\/\/deeplink.rechtspraak.nl\/uitspraak?id=ECLI:NL:RBMNE:2025:7547\" target=\"_blank\" rel=\"noopener noreferrer\">consulter la page source<\/a><\/p>\n<p class=\"kji-license-note\"><em>Rechtspraak.nl open data, Creative Commons Zero. Volume cible 1.8M decisions.<\/em><\/p>\n<\/div>\n","protected":false},"excerpt":{"rendered":"<p>De verdachte heeft zich schuldig gemaakt aan brandstichting en mishandeling. De rechtbank legt aan de verdachte een jeugddetentie op van 120 dagen, met aftrek van het voorarrest, waarvan 53 dagen voorwaardelijk, met een proeftijd van twee jaren.<\/p>\n","protected":false},"featured_media":0,"template":"","meta":{"_crdt_document":""},"kji_country":[7669],"kji_court":[8012],"kji_chamber":[],"kji_year":[8463],"kji_subject":[7625],"kji_keyword":[8089,7675,8072],"kji_language":[7671],"class_list":["post-595872","kji_decision","type-kji_decision","status-publish","hentry","kji_country-pays-bas","kji_court-rechtbank-midden-nederland","kji_year-8463","kji_subject-commercial","kji_keyword-dagen","kji_keyword-rechtbank","kji_keyword-verdachte","kji_language-nl"],"yoast_head":"<!-- This site is optimized with the Yoast SEO Premium plugin v27.4 (Yoast SEO v27.4) - https:\/\/yoast.com\/product\/yoast-seo-premium-wordpress\/ -->\n<title>ECLI:NL:RBMNE:2025:7547 Rechtbank Midden-Nederland , 03-06-2025 \/ 16\/351468-24 - Ma\u00eetre Hassan Kohen, avocat en droit p\u00e9nal \u00e0 Paris<\/title>\n<meta name=\"robots\" content=\"index, follow, max-snippet:-1, max-image-preview:large, max-video-preview:-1\" \/>\n<link rel=\"canonical\" href=\"https:\/\/kohenavocats.com\/ru\/jurisprudences\/eclinlrbmne20257547-rechtbank-midden-nederland-03-06-2025-16-351468-24\/\" \/>\n<meta property=\"og:locale\" content=\"ru_RU\" \/>\n<meta property=\"og:type\" content=\"article\" \/>\n<meta property=\"og:title\" content=\"ECLI:NL:RBMNE:2025:7547 Rechtbank Midden-Nederland , 03-06-2025 \/ 16\/351468-24\" \/>\n<meta property=\"og:description\" content=\"De verdachte heeft zich schuldig gemaakt aan brandstichting en mishandeling. De rechtbank legt aan de verdachte een jeugddetentie op van 120 dagen, met aftrek van het voorarrest, waarvan 53 dagen voorwaardelijk, met een proeftijd van twee jaren.\" \/>\n<meta property=\"og:url\" content=\"https:\/\/kohenavocats.com\/ru\/jurisprudences\/eclinlrbmne20257547-rechtbank-midden-nederland-03-06-2025-16-351468-24\/\" \/>\n<meta property=\"og:site_name\" content=\"Ma\u00eetre Hassan Kohen, avocat en droit p\u00e9nal \u00e0 Paris\" \/>\n<meta name=\"twitter:card\" content=\"summary_large_image\" \/>\n<meta name=\"twitter:label1\" content=\"\u041f\u0440\u0438\u043c\u0435\u0440\u043d\u043e\u0435 \u0432\u0440\u0435\u043c\u044f \u0434\u043b\u044f \u0447\u0442\u0435\u043d\u0438\u044f\" \/>\n\t<meta name=\"twitter:data1\" content=\"16 \u043c\u0438\u043d\u0443\u0442\" \/>\n<script type=\"application\/ld+json\" class=\"yoast-schema-graph\">{\"@context\":\"https:\\\/\\\/schema.org\",\"@graph\":[{\"@type\":\"WebPage\",\"@id\":\"https:\\\/\\\/kohenavocats.com\\\/ru\\\/jurisprudences\\\/eclinlrbmne20257547-rechtbank-midden-nederland-03-06-2025-16-351468-24\\\/\",\"url\":\"https:\\\/\\\/kohenavocats.com\\\/ru\\\/jurisprudences\\\/eclinlrbmne20257547-rechtbank-midden-nederland-03-06-2025-16-351468-24\\\/\",\"name\":\"ECLI:NL:RBMNE:2025:7547 Rechtbank Midden-Nederland , 03-06-2025 \\\/ 16\\\/351468-24 - Ma\u00eetre Hassan Kohen, avocat en droit p\u00e9nal \u00e0 Paris\",\"isPartOf\":{\"@id\":\"https:\\\/\\\/kohenavocats.com\\\/ru\\\/#website\"},\"datePublished\":\"2026-04-18T15:24:28+00:00\",\"breadcrumb\":{\"@id\":\"https:\\\/\\\/kohenavocats.com\\\/ru\\\/jurisprudences\\\/eclinlrbmne20257547-rechtbank-midden-nederland-03-06-2025-16-351468-24\\\/#breadcrumb\"},\"inLanguage\":\"ru-RU\",\"potentialAction\":[{\"@type\":\"ReadAction\",\"target\":[\"https:\\\/\\\/kohenavocats.com\\\/ru\\\/jurisprudences\\\/eclinlrbmne20257547-rechtbank-midden-nederland-03-06-2025-16-351468-24\\\/\"]}]},{\"@type\":\"BreadcrumbList\",\"@id\":\"https:\\\/\\\/kohenavocats.com\\\/ru\\\/jurisprudences\\\/eclinlrbmne20257547-rechtbank-midden-nederland-03-06-2025-16-351468-24\\\/#breadcrumb\",\"itemListElement\":[{\"@type\":\"ListItem\",\"position\":1,\"name\":\"Home\",\"item\":\"https:\\\/\\\/kohenavocats.com\\\/ru\\\/avocats-en-droit-penal-a-paris-conseil-et-defense-strategique\\\/\"},{\"@type\":\"ListItem\",\"position\":2,\"name\":\"Jurisprudences\",\"item\":\"https:\\\/\\\/kohenavocats.com\\\/ru\\\/jurisprudences\\\/\"},{\"@type\":\"ListItem\",\"position\":3,\"name\":\"ECLI:NL:RBMNE:2025:7547 Rechtbank Midden-Nederland , 03-06-2025 \\\/ 16\\\/351468-24\"}]},{\"@type\":\"WebSite\",\"@id\":\"https:\\\/\\\/kohenavocats.com\\\/ru\\\/#website\",\"url\":\"https:\\\/\\\/kohenavocats.com\\\/ru\\\/\",\"name\":\"Kohen Avocats\",\"description\":\"Ma\u00eetre Hassan Kohen, avocat p\u00e9naliste \u00e0 Paris, intervient exclusivement en droit p\u00e9nal pour la d\u00e9fense des particuliers, notamment en mati\u00e8re d\u2019accusations de viol. Il assure un accompagnement rigoureux d\u00e8s la garde \u00e0 vue jusqu\u2019\u00e0 la Cour d\u2019assises, veillant au strict respect des garanties proc\u00e9durales.\",\"publisher\":{\"@id\":\"https:\\\/\\\/kohenavocats.com\\\/ru\\\/#organization\"},\"potentialAction\":[{\"@type\":\"SearchAction\",\"target\":{\"@type\":\"EntryPoint\",\"urlTemplate\":\"https:\\\/\\\/kohenavocats.com\\\/ru\\\/?s={search_term_string}\"},\"query-input\":{\"@type\":\"PropertyValueSpecification\",\"valueRequired\":true,\"valueName\":\"search_term_string\"}}],\"inLanguage\":\"ru-RU\"},{\"@type\":\"Organization\",\"@id\":\"https:\\\/\\\/kohenavocats.com\\\/ru\\\/#organization\",\"name\":\"Kohen Avocats\",\"url\":\"https:\\\/\\\/kohenavocats.com\\\/ru\\\/\",\"logo\":{\"@type\":\"ImageObject\",\"inLanguage\":\"ru-RU\",\"@id\":\"https:\\\/\\\/kohenavocats.com\\\/ru\\\/#\\\/schema\\\/logo\\\/image\\\/\",\"url\":\"https:\\\/\\\/kohenavocats.com\\\/wp-content\\\/uploads\\\/2026\\\/01\\\/Logo-2-1.webp\",\"contentUrl\":\"https:\\\/\\\/kohenavocats.com\\\/wp-content\\\/uploads\\\/2026\\\/01\\\/Logo-2-1.webp\",\"width\":2114,\"height\":1253,\"caption\":\"Kohen Avocats\"},\"image\":{\"@id\":\"https:\\\/\\\/kohenavocats.com\\\/ru\\\/#\\\/schema\\\/logo\\\/image\\\/\"}}]}<\/script>\n<!-- \/ Yoast SEO Premium plugin. -->","yoast_head_json":{"title":"ECLI:NL:RBMNE:2025:7547 Rechtbank Midden-Nederland , 03-06-2025 \/ 16\/351468-24 - Ma\u00eetre Hassan Kohen, avocat en droit p\u00e9nal \u00e0 Paris","robots":{"index":"index","follow":"follow","max-snippet":"max-snippet:-1","max-image-preview":"max-image-preview:large","max-video-preview":"max-video-preview:-1"},"canonical":"https:\/\/kohenavocats.com\/ru\/jurisprudences\/eclinlrbmne20257547-rechtbank-midden-nederland-03-06-2025-16-351468-24\/","og_locale":"ru_RU","og_type":"article","og_title":"ECLI:NL:RBMNE:2025:7547 Rechtbank Midden-Nederland , 03-06-2025 \/ 16\/351468-24","og_description":"De verdachte heeft zich schuldig gemaakt aan brandstichting en mishandeling. De rechtbank legt aan de verdachte een jeugddetentie op van 120 dagen, met aftrek van het voorarrest, waarvan 53 dagen voorwaardelijk, met een proeftijd van twee jaren.","og_url":"https:\/\/kohenavocats.com\/ru\/jurisprudences\/eclinlrbmne20257547-rechtbank-midden-nederland-03-06-2025-16-351468-24\/","og_site_name":"Ma\u00eetre Hassan Kohen, avocat en droit p\u00e9nal \u00e0 Paris","twitter_card":"summary_large_image","twitter_misc":{"\u041f\u0440\u0438\u043c\u0435\u0440\u043d\u043e\u0435 \u0432\u0440\u0435\u043c\u044f \u0434\u043b\u044f \u0447\u0442\u0435\u043d\u0438\u044f":"16 \u043c\u0438\u043d\u0443\u0442"},"schema":{"@context":"https:\/\/schema.org","@graph":[{"@type":"WebPage","@id":"https:\/\/kohenavocats.com\/ru\/jurisprudences\/eclinlrbmne20257547-rechtbank-midden-nederland-03-06-2025-16-351468-24\/","url":"https:\/\/kohenavocats.com\/ru\/jurisprudences\/eclinlrbmne20257547-rechtbank-midden-nederland-03-06-2025-16-351468-24\/","name":"ECLI:NL:RBMNE:2025:7547 Rechtbank Midden-Nederland , 03-06-2025 \/ 16\/351468-24 - Ma\u00eetre Hassan Kohen, avocat en droit p\u00e9nal \u00e0 Paris","isPartOf":{"@id":"https:\/\/kohenavocats.com\/ru\/#website"},"datePublished":"2026-04-18T15:24:28+00:00","breadcrumb":{"@id":"https:\/\/kohenavocats.com\/ru\/jurisprudences\/eclinlrbmne20257547-rechtbank-midden-nederland-03-06-2025-16-351468-24\/#breadcrumb"},"inLanguage":"ru-RU","potentialAction":[{"@type":"ReadAction","target":["https:\/\/kohenavocats.com\/ru\/jurisprudences\/eclinlrbmne20257547-rechtbank-midden-nederland-03-06-2025-16-351468-24\/"]}]},{"@type":"BreadcrumbList","@id":"https:\/\/kohenavocats.com\/ru\/jurisprudences\/eclinlrbmne20257547-rechtbank-midden-nederland-03-06-2025-16-351468-24\/#breadcrumb","itemListElement":[{"@type":"ListItem","position":1,"name":"Home","item":"https:\/\/kohenavocats.com\/ru\/avocats-en-droit-penal-a-paris-conseil-et-defense-strategique\/"},{"@type":"ListItem","position":2,"name":"Jurisprudences","item":"https:\/\/kohenavocats.com\/ru\/jurisprudences\/"},{"@type":"ListItem","position":3,"name":"ECLI:NL:RBMNE:2025:7547 Rechtbank Midden-Nederland , 03-06-2025 \/ 16\/351468-24"}]},{"@type":"WebSite","@id":"https:\/\/kohenavocats.com\/ru\/#website","url":"https:\/\/kohenavocats.com\/ru\/","name":"Kohen Avocats","description":"Ma\u00eetre Hassan Kohen, avocat p\u00e9naliste \u00e0 Paris, intervient exclusivement en droit p\u00e9nal pour la d\u00e9fense des particuliers, notamment en mati\u00e8re d\u2019accusations de viol. Il assure un accompagnement rigoureux d\u00e8s la garde \u00e0 vue jusqu\u2019\u00e0 la Cour d\u2019assises, veillant au strict respect des garanties proc\u00e9durales.","publisher":{"@id":"https:\/\/kohenavocats.com\/ru\/#organization"},"potentialAction":[{"@type":"SearchAction","target":{"@type":"EntryPoint","urlTemplate":"https:\/\/kohenavocats.com\/ru\/?s={search_term_string}"},"query-input":{"@type":"PropertyValueSpecification","valueRequired":true,"valueName":"search_term_string"}}],"inLanguage":"ru-RU"},{"@type":"Organization","@id":"https:\/\/kohenavocats.com\/ru\/#organization","name":"Kohen Avocats","url":"https:\/\/kohenavocats.com\/ru\/","logo":{"@type":"ImageObject","inLanguage":"ru-RU","@id":"https:\/\/kohenavocats.com\/ru\/#\/schema\/logo\/image\/","url":"https:\/\/kohenavocats.com\/wp-content\/uploads\/2026\/01\/Logo-2-1.webp","contentUrl":"https:\/\/kohenavocats.com\/wp-content\/uploads\/2026\/01\/Logo-2-1.webp","width":2114,"height":1253,"caption":"Kohen Avocats"},"image":{"@id":"https:\/\/kohenavocats.com\/ru\/#\/schema\/logo\/image\/"}}]}},"jetpack_likes_enabled":false,"jetpack_sharing_enabled":true,"_links":{"self":[{"href":"https:\/\/kohenavocats.com\/ru\/wp-json\/wp\/v2\/kji_decision\/595872","targetHints":{"allow":["GET"]}}],"collection":[{"href":"https:\/\/kohenavocats.com\/ru\/wp-json\/wp\/v2\/kji_decision"}],"about":[{"href":"https:\/\/kohenavocats.com\/ru\/wp-json\/wp\/v2\/types\/kji_decision"}],"wp:attachment":[{"href":"https:\/\/kohenavocats.com\/ru\/wp-json\/wp\/v2\/media?parent=595872"}],"wp:term":[{"taxonomy":"kji_country","embeddable":true,"href":"https:\/\/kohenavocats.com\/ru\/wp-json\/wp\/v2\/kji_country?post=595872"},{"taxonomy":"kji_court","embeddable":true,"href":"https:\/\/kohenavocats.com\/ru\/wp-json\/wp\/v2\/kji_court?post=595872"},{"taxonomy":"kji_chamber","embeddable":true,"href":"https:\/\/kohenavocats.com\/ru\/wp-json\/wp\/v2\/kji_chamber?post=595872"},{"taxonomy":"kji_year","embeddable":true,"href":"https:\/\/kohenavocats.com\/ru\/wp-json\/wp\/v2\/kji_year?post=595872"},{"taxonomy":"kji_subject","embeddable":true,"href":"https:\/\/kohenavocats.com\/ru\/wp-json\/wp\/v2\/kji_subject?post=595872"},{"taxonomy":"kji_keyword","embeddable":true,"href":"https:\/\/kohenavocats.com\/ru\/wp-json\/wp\/v2\/kji_keyword?post=595872"},{"taxonomy":"kji_language","embeddable":true,"href":"https:\/\/kohenavocats.com\/ru\/wp-json\/wp\/v2\/kji_language?post=595872"}],"curies":[{"name":"wp","href":"https:\/\/api.w.org\/{rel}","templated":true}]}}