{"id":595962,"date":"2026-04-18T17:39:29","date_gmt":"2026-04-18T15:39:29","guid":{"rendered":"https:\/\/kohenavocats.com\/jurisprudences\/eclinlrvs20253800-raad-van-state-14-08-2025-brs-25-000559\/"},"modified":"2026-04-18T17:39:29","modified_gmt":"2026-04-18T15:39:29","slug":"eclinlrvs20253800-raad-van-state-14-08-2025-brs-25-000559","status":"publish","type":"kji_decision","link":"https:\/\/kohenavocats.com\/ru\/jurisprudences\/eclinlrvs20253800-raad-van-state-14-08-2025-brs-25-000559\/","title":{"rendered":"ECLI:NL:RVS:2025:3800 Raad van State , 14-08-2025 \/ BRS.25.000559"},"content":{"rendered":"<div class=\"kji-decision\">\n<div class=\"kji-full-text\">\n<p><strong>Inhoudsindicatie.<\/strong> Bij besluit van 19 februari 2025 heeft de minister van Asiel en Migratie een aanvraag van betrokkene om haar een verblijfsvergunning asiel voor bepaalde tijd te verlenen, niet in behandeling genomen.<\/p>\n<p>BRS.25.000559<\/p>\n<p>ECLI:NL:RVS:2025:3800<\/p>\n<p>Datum uitspraak: 14 augustus 2025<\/p>\n<p>AFDELING<\/p>\n<p>BESTUURSRECHTSPRAAK<\/p>\n<p>Uitspraak met toepassing van artikel 8:54, eerste lid, van de Algemene wet bestuursrecht op het hoger beroep van:<\/p>\n<p>de minister van Asiel en Migratie,<\/p>\n<p>appellant,<\/p>\n<p>tegen de uitspraak van de rechtbank Den Haag, zittingsplaats Amsterdam, van 6 mei 2025 in zaak nr. NL25.8240 in het geding tussen:<\/p>\n<p>[betrokkene]<\/p>\n<p>en<\/p>\n<p>de minister.<\/p>\n<p>Procesverloop<\/p>\n<p>Bij besluit van 19 februari 2025 heeft de minister een aanvraag van betrokkene om haar een verblijfsvergunning asiel voor bepaalde tijd te verlenen, niet in behandeling genomen.<\/p>\n<p>Bij uitspraak van 6 mei 2025 heeft de rechtbank het daartegen door betrokkene ingestelde beroep gegrond verklaard, dat besluit vernietigd en bepaald dat de minister een nieuw besluit op de aanvraag neemt met inachtneming van de uitspraak.<\/p>\n<p>Tegen deze uitspraak heeft de minister hoger beroep ingesteld.<\/p>\n<p>Betrokkene, vertegenwoordigd door mr. M.A.C. de Vilder\u2011van Overmeire, advocaat in Amsterdam, heeft een schriftelijke uiteenzetting gegeven.<\/p>\n<p>Overwegingen<\/p>\n<p>Inleiding<\/p>\n<p>1. Betrokkene heeft de Syrische nationaliteit. De minister heeft haar aanvraag om een verblijfsvergunning asiel voor bepaalde tijd niet in behandeling genomen, omdat Polen daarvoor op grond van de Dublinverordening verantwoordelijk is. Op 15 november 2024 is een claimakkoord tot stand gekomen met Polen.<\/p>\n<p>1.1. Gelet op het arrest van het Hof van Justitie van 30 maart 2023, E.E., S.N. en J.Y., ECLI:EU:C:2023:272, en de uitspraken van de Afdeling van 22 november 2023, ECLI:NL:RVS:2023:4198 en ECLI:NL:RVS:2023:4199, is de overdrachtstermijn in deze zaak niet opgeschort en is deze verstreken op 15 mei 2025. Dat heeft tot gevolg dat de minister betrokkene niet meer kan overdragen aan Polen en haar moet opnemen in de nationale procedure.<\/p>\n<p>1.2. Ondanks dat de termijn om betrokkene over te dragen aan Polen is verstreken, heeft de minister nog belang bij de beoordeling van het hoger beroep. Dat belang is gelegen in de precedentwerking die kan uitgaan van de vernietiging van het besluit door de rechtbank. De Afdeling wijst op haar uitspraken van 13 maart 2024, ECLI:NL:RVS:2024:896, onder 3, en 23 oktober 2024, ECLI:NL:RVS:2024:4244, onder 4.<\/p>\n<p>De uitspraak van de rechtbank en het hoger beroep<\/p>\n<p>2. De rechtbank heeft geoordeeld dat de minister ondeugdelijk heeft gemotiveerd dat zij voor Polen nog van het interstatelijk vertrouwensbeginsel mag uitgaan. Bij dat oordeel heeft de rechtbank het door betrokkene overgelegde nieuwsbericht \u2018Tusk: Poland will no longer comply with EU\u2019s Dublin Regulation on returning asylum seekers\u2019 van Notes from Poland van 21 maart 2025 en het krantenartikel \u2018Polen zet streep door recht op asielaanvraag\u2019 uit de Volkskrant van 27 maart 2025 betrokken. Naar het oordeel van de rechtbank heeft de minister de nieuwe wetgeving in Polen en de uitlatingen van de Poolse premier ten onrechte niet bij haar besluitvorming betrokken en vormen deze een sterke aanwijzing dat Polen zijn internationale verplichtingen tegenover betrokkene niet zal nakomen. De rechtbank heeft daarom overwogen dat de minister nader onderzoek moet doen naar de situatie in Polen.<\/p>\n<p>2.1. De minister komt met haar grieven op tegen dit oordeel van de rechtbank. Volgens de minister volgt uit de onder 2 genoemde bronnen niet dat Dublinclaimanten in Polen niet langer de mogelijkheid hebben om toegang te krijgen tot de asielprocedure. Zij wijst erop dat de in Polen aangenomen wet een asielstop bevat die ziet op de situatie aan de buitengrens van Polen met Belarus. De bedoelde wetgeving is volgens de minister dan ook niet van toepassing op Dublinclaimanten, omdat zij op gecontroleerde wijze worden overgedragen. Over de uitlatingen van de Poolse premier stelt de minister dat deze niet overeenkomen met de uitvoeringspraktijk. Polen werkt namelijk nog steeds mee aan de over- en terugnames van Dublinclaimanten. Volgens de minister mag dus nog steeds van het interstatelijk vertrouwensbeginsel worden uitgegaan. Tot slot voert de minister aan dat de rechtbank haar ten onrechte heeft verplicht om nader onderzoek te doen naar de situatie in Polen.<\/p>\n<p>Beoordeling<\/p>\n<p>3. De Afdeling heeft in de uitspraak van 4 september 2024, ECLI:NL:RVS:2024:3455, onder 6.3-6.5, geoordeeld dat voor Polen van het interstatelijk vertrouwensbeginsel mag worden uitgegaan.<\/p>\n<p>3.1. Uit het onder 2 genoemde artikel uit de Volkskrant volgt dat in Polen een wet in werking is getreden op grond waarvan het mogelijk wordt om het recht op het indienen van asielverzoeken op te schorten voor een periode van 60 dagen. Deze wet is echter alleen van toepassing op asielverzoeken die worden ingediend in het gebied langs de grens met Belarus. De Afdeling is daarom met de minister van oordeel dat nergens uit blijkt dat deze wetgeving ook gevolgen heeft voor Dublinclaimanten, omdat zij op gecontroleerde wijze worden overgedragen en daarom niet met deze wetgeving geconfronteerd zullen worden.<\/p>\n<p>3.2. Voor zover de Poolse premier heeft verklaard dat Polen van plan is zich niet meer aan de verplichtingen van de Dublinverordening te houden, is de Afdeling van oordeel dat deze uitlating op zichzelf onvoldoende is voor het oordeel dat niet langer van het interstatelijk vertrouwensbeginsel mag worden uitgegaan. Daarbij is van belang dat het onder 2 genoemde nieuwsbericht van Notes from Poland gaat over de terugname van Dublinclaimanten uit Duitsland. De minister heeft in haar verweerschrift en op de zitting bij de rechtbank toegelicht dat uit de uitvoeringspraktijk blijkt dat Polen nog steeds claimakkoorden verstrekt. Ook werkt Polen nog steeds mee aan de feitelijke overdracht van Dublinclaimanten. Met de claimakkoorden garanderen de Poolse autoriteiten dat zij asielaanvragen van Dublinclaimanten in behandeling zullen nemen.<\/p>\n<p>3.3. Gelet op het voorgaande heeft de minister deugdelijk gemotiveerd dat zij voor Polen nog steeds van het interstatelijk vertrouwensbeginsel mag uitgaan. De minister is alleen daarom al niet gehouden nader onderzoek te doen naar de situatie in Polen. Vergelijk de uitspraak van de Afdeling van 13 april 2022, ECLI:NL:RVS:2022:1043, onder 4.1-4.3.<\/p>\n<p>3.4. De grieven slagen.<\/p>\n<p>Conclusie<\/p>\n<p>4. Het hoger beroep is gegrond. De uitspraak van de rechtbank wordt vernietigd. Omdat de minister de asielaanvraag als gevolg van tijdsverloop alsnog in behandeling moet nemen, heeft betrokkene bereikt wat zij met haar beroep beoogde. Daarom heeft betrokkene geen belang meer bij de beoordeling van haar beroep. Het beroep is niet-ontvankelijk. De minister hoeft geen proceskosten te vergoeden.<\/p>\n<p>Beslissing<\/p>\n<p>De Afdeling bestuursrechtspraak van de Raad van State:<\/p>\n<p>I. verklaart het hoger beroep gegrond;<\/p>\n<p>II. vernietigt de uitspraak van de rechtbank Den Haag, zittingsplaats Amsterdam, van 6 mei 2025 in zaak nr. NL25.8240;<\/p>\n<p>III. verklaart het beroep niet-ontvankelijk.<\/p>\n<p>Aldus vastgesteld door mr. C.M. Wissels, voorzitter, en mr. C.J. Borman en mr. A.J.C. de Moor-van Vugt, leden, in tegenwoordigheid van mr. W.M. Vos, griffier.<\/p>\n<p>w.g. Wissels<\/p>\n<p>voorzitter<\/p>\n<p>w.g. Vos<\/p>\n<p>griffier<\/p>\n<p>Uitgesproken in het openbaar op 14 augustus 2025<\/p>\n<p>644-1149<\/p>\n<\/div>\n<hr class=\"kji-sep\" \/>\n<p class=\"kji-source-links\"><strong>Sources officielles :<\/strong> <a class=\"kji-source-link\" href=\"http:\/\/deeplink.rechtspraak.nl\/uitspraak?id=ECLI:NL:RVS:2025:3800\" target=\"_blank\" rel=\"noopener noreferrer\">consulter la page source<\/a><\/p>\n<p class=\"kji-license-note\"><em>Rechtspraak.nl open data, Creative Commons Zero. Volume cible 1.8M decisions.<\/em><\/p>\n<\/div>\n","protected":false},"excerpt":{"rendered":"<p>Bij besluit van 19 februari 2025 heeft de minister van Asiel en Migratie een aanvraag van betrokkene om haar een verblijfsvergunning asiel voor bepaalde tijd te verlenen, niet in behandeling genomen.<\/p>\n","protected":false},"featured_media":0,"template":"","meta":{"_crdt_document":""},"kji_country":[7669],"kji_court":[8622],"kji_chamber":[],"kji_year":[8463],"kji_subject":[7625],"kji_keyword":[7827,7680,12434,7673,7976],"kji_language":[7671],"class_list":["post-595962","kji_decision","type-kji_decision","status-publish","hentry","kji_country-pays-bas","kji_court-raad-van-state","kji_year-8463","kji_subject-commercial","kji_keyword-asiel","kji_keyword-besluit","kji_keyword-februari","kji_keyword-heeft","kji_keyword-state","kji_language-nl"],"yoast_head":"<!-- This site is optimized with the Yoast SEO Premium plugin v27.4 (Yoast SEO v27.4) - https:\/\/yoast.com\/product\/yoast-seo-premium-wordpress\/ -->\n<title>ECLI:NL:RVS:2025:3800 Raad van State , 14-08-2025 \/ BRS.25.000559 - Ma\u00eetre Hassan Kohen, avocat en droit p\u00e9nal \u00e0 Paris<\/title>\n<meta name=\"robots\" content=\"index, follow, max-snippet:-1, max-image-preview:large, max-video-preview:-1\" \/>\n<link rel=\"canonical\" href=\"https:\/\/kohenavocats.com\/ru\/jurisprudences\/eclinlrvs20253800-raad-van-state-14-08-2025-brs-25-000559\/\" \/>\n<meta property=\"og:locale\" content=\"ru_RU\" \/>\n<meta property=\"og:type\" content=\"article\" \/>\n<meta property=\"og:title\" content=\"ECLI:NL:RVS:2025:3800 Raad van State , 14-08-2025 \/ BRS.25.000559\" \/>\n<meta property=\"og:description\" content=\"Bij besluit van 19 februari 2025 heeft de minister van Asiel en Migratie een aanvraag van betrokkene om haar een verblijfsvergunning asiel voor bepaalde tijd te verlenen, niet in behandeling genomen.\" \/>\n<meta property=\"og:url\" content=\"https:\/\/kohenavocats.com\/ru\/jurisprudences\/eclinlrvs20253800-raad-van-state-14-08-2025-brs-25-000559\/\" \/>\n<meta property=\"og:site_name\" content=\"Ma\u00eetre Hassan Kohen, avocat en droit p\u00e9nal \u00e0 Paris\" \/>\n<meta name=\"twitter:card\" content=\"summary_large_image\" \/>\n<meta name=\"twitter:label1\" content=\"\u041f\u0440\u0438\u043c\u0435\u0440\u043d\u043e\u0435 \u0432\u0440\u0435\u043c\u044f \u0434\u043b\u044f \u0447\u0442\u0435\u043d\u0438\u044f\" \/>\n\t<meta name=\"twitter:data1\" content=\"5 \u043c\u0438\u043d\u0443\u0442\" \/>\n<script type=\"application\/ld+json\" class=\"yoast-schema-graph\">{\"@context\":\"https:\\\/\\\/schema.org\",\"@graph\":[{\"@type\":\"WebPage\",\"@id\":\"https:\\\/\\\/kohenavocats.com\\\/ru\\\/jurisprudences\\\/eclinlrvs20253800-raad-van-state-14-08-2025-brs-25-000559\\\/\",\"url\":\"https:\\\/\\\/kohenavocats.com\\\/ru\\\/jurisprudences\\\/eclinlrvs20253800-raad-van-state-14-08-2025-brs-25-000559\\\/\",\"name\":\"ECLI:NL:RVS:2025:3800 Raad van State , 14-08-2025 \\\/ BRS.25.000559 - Ma\u00eetre Hassan Kohen, avocat en droit p\u00e9nal \u00e0 Paris\",\"isPartOf\":{\"@id\":\"https:\\\/\\\/kohenavocats.com\\\/ru\\\/#website\"},\"datePublished\":\"2026-04-18T15:39:29+00:00\",\"breadcrumb\":{\"@id\":\"https:\\\/\\\/kohenavocats.com\\\/ru\\\/jurisprudences\\\/eclinlrvs20253800-raad-van-state-14-08-2025-brs-25-000559\\\/#breadcrumb\"},\"inLanguage\":\"ru-RU\",\"potentialAction\":[{\"@type\":\"ReadAction\",\"target\":[\"https:\\\/\\\/kohenavocats.com\\\/ru\\\/jurisprudences\\\/eclinlrvs20253800-raad-van-state-14-08-2025-brs-25-000559\\\/\"]}]},{\"@type\":\"BreadcrumbList\",\"@id\":\"https:\\\/\\\/kohenavocats.com\\\/ru\\\/jurisprudences\\\/eclinlrvs20253800-raad-van-state-14-08-2025-brs-25-000559\\\/#breadcrumb\",\"itemListElement\":[{\"@type\":\"ListItem\",\"position\":1,\"name\":\"Home\",\"item\":\"https:\\\/\\\/kohenavocats.com\\\/ru\\\/avocats-en-droit-penal-a-paris-conseil-et-defense-strategique\\\/\"},{\"@type\":\"ListItem\",\"position\":2,\"name\":\"Jurisprudences\",\"item\":\"https:\\\/\\\/kohenavocats.com\\\/ru\\\/jurisprudences\\\/\"},{\"@type\":\"ListItem\",\"position\":3,\"name\":\"ECLI:NL:RVS:2025:3800 Raad van State , 14-08-2025 \\\/ BRS.25.000559\"}]},{\"@type\":\"WebSite\",\"@id\":\"https:\\\/\\\/kohenavocats.com\\\/ru\\\/#website\",\"url\":\"https:\\\/\\\/kohenavocats.com\\\/ru\\\/\",\"name\":\"Kohen Avocats\",\"description\":\"Ma\u00eetre Hassan Kohen, avocat p\u00e9naliste \u00e0 Paris, intervient exclusivement en droit p\u00e9nal pour la d\u00e9fense des particuliers, notamment en mati\u00e8re d\u2019accusations de viol. Il assure un accompagnement rigoureux d\u00e8s la garde \u00e0 vue jusqu\u2019\u00e0 la Cour d\u2019assises, veillant au strict respect des garanties proc\u00e9durales.\",\"publisher\":{\"@id\":\"https:\\\/\\\/kohenavocats.com\\\/ru\\\/#organization\"},\"potentialAction\":[{\"@type\":\"SearchAction\",\"target\":{\"@type\":\"EntryPoint\",\"urlTemplate\":\"https:\\\/\\\/kohenavocats.com\\\/ru\\\/?s={search_term_string}\"},\"query-input\":{\"@type\":\"PropertyValueSpecification\",\"valueRequired\":true,\"valueName\":\"search_term_string\"}}],\"inLanguage\":\"ru-RU\"},{\"@type\":\"Organization\",\"@id\":\"https:\\\/\\\/kohenavocats.com\\\/ru\\\/#organization\",\"name\":\"Kohen Avocats\",\"url\":\"https:\\\/\\\/kohenavocats.com\\\/ru\\\/\",\"logo\":{\"@type\":\"ImageObject\",\"inLanguage\":\"ru-RU\",\"@id\":\"https:\\\/\\\/kohenavocats.com\\\/ru\\\/#\\\/schema\\\/logo\\\/image\\\/\",\"url\":\"https:\\\/\\\/kohenavocats.com\\\/wp-content\\\/uploads\\\/2026\\\/01\\\/Logo-2-1.webp\",\"contentUrl\":\"https:\\\/\\\/kohenavocats.com\\\/wp-content\\\/uploads\\\/2026\\\/01\\\/Logo-2-1.webp\",\"width\":2114,\"height\":1253,\"caption\":\"Kohen Avocats\"},\"image\":{\"@id\":\"https:\\\/\\\/kohenavocats.com\\\/ru\\\/#\\\/schema\\\/logo\\\/image\\\/\"}}]}<\/script>\n<!-- \/ Yoast SEO Premium plugin. -->","yoast_head_json":{"title":"ECLI:NL:RVS:2025:3800 Raad van State , 14-08-2025 \/ BRS.25.000559 - Ma\u00eetre Hassan Kohen, avocat en droit p\u00e9nal \u00e0 Paris","robots":{"index":"index","follow":"follow","max-snippet":"max-snippet:-1","max-image-preview":"max-image-preview:large","max-video-preview":"max-video-preview:-1"},"canonical":"https:\/\/kohenavocats.com\/ru\/jurisprudences\/eclinlrvs20253800-raad-van-state-14-08-2025-brs-25-000559\/","og_locale":"ru_RU","og_type":"article","og_title":"ECLI:NL:RVS:2025:3800 Raad van State , 14-08-2025 \/ BRS.25.000559","og_description":"Bij besluit van 19 februari 2025 heeft de minister van Asiel en Migratie een aanvraag van betrokkene om haar een verblijfsvergunning asiel voor bepaalde tijd te verlenen, niet in behandeling genomen.","og_url":"https:\/\/kohenavocats.com\/ru\/jurisprudences\/eclinlrvs20253800-raad-van-state-14-08-2025-brs-25-000559\/","og_site_name":"Ma\u00eetre Hassan Kohen, avocat en droit p\u00e9nal \u00e0 Paris","twitter_card":"summary_large_image","twitter_misc":{"\u041f\u0440\u0438\u043c\u0435\u0440\u043d\u043e\u0435 \u0432\u0440\u0435\u043c\u044f \u0434\u043b\u044f \u0447\u0442\u0435\u043d\u0438\u044f":"5 \u043c\u0438\u043d\u0443\u0442"},"schema":{"@context":"https:\/\/schema.org","@graph":[{"@type":"WebPage","@id":"https:\/\/kohenavocats.com\/ru\/jurisprudences\/eclinlrvs20253800-raad-van-state-14-08-2025-brs-25-000559\/","url":"https:\/\/kohenavocats.com\/ru\/jurisprudences\/eclinlrvs20253800-raad-van-state-14-08-2025-brs-25-000559\/","name":"ECLI:NL:RVS:2025:3800 Raad van State , 14-08-2025 \/ BRS.25.000559 - Ma\u00eetre Hassan Kohen, avocat en droit p\u00e9nal \u00e0 Paris","isPartOf":{"@id":"https:\/\/kohenavocats.com\/ru\/#website"},"datePublished":"2026-04-18T15:39:29+00:00","breadcrumb":{"@id":"https:\/\/kohenavocats.com\/ru\/jurisprudences\/eclinlrvs20253800-raad-van-state-14-08-2025-brs-25-000559\/#breadcrumb"},"inLanguage":"ru-RU","potentialAction":[{"@type":"ReadAction","target":["https:\/\/kohenavocats.com\/ru\/jurisprudences\/eclinlrvs20253800-raad-van-state-14-08-2025-brs-25-000559\/"]}]},{"@type":"BreadcrumbList","@id":"https:\/\/kohenavocats.com\/ru\/jurisprudences\/eclinlrvs20253800-raad-van-state-14-08-2025-brs-25-000559\/#breadcrumb","itemListElement":[{"@type":"ListItem","position":1,"name":"Home","item":"https:\/\/kohenavocats.com\/ru\/avocats-en-droit-penal-a-paris-conseil-et-defense-strategique\/"},{"@type":"ListItem","position":2,"name":"Jurisprudences","item":"https:\/\/kohenavocats.com\/ru\/jurisprudences\/"},{"@type":"ListItem","position":3,"name":"ECLI:NL:RVS:2025:3800 Raad van State , 14-08-2025 \/ BRS.25.000559"}]},{"@type":"WebSite","@id":"https:\/\/kohenavocats.com\/ru\/#website","url":"https:\/\/kohenavocats.com\/ru\/","name":"Kohen Avocats","description":"Ma\u00eetre Hassan Kohen, avocat p\u00e9naliste \u00e0 Paris, intervient exclusivement en droit p\u00e9nal pour la d\u00e9fense des particuliers, notamment en mati\u00e8re d\u2019accusations de viol. Il assure un accompagnement rigoureux d\u00e8s la garde \u00e0 vue jusqu\u2019\u00e0 la Cour d\u2019assises, veillant au strict respect des garanties proc\u00e9durales.","publisher":{"@id":"https:\/\/kohenavocats.com\/ru\/#organization"},"potentialAction":[{"@type":"SearchAction","target":{"@type":"EntryPoint","urlTemplate":"https:\/\/kohenavocats.com\/ru\/?s={search_term_string}"},"query-input":{"@type":"PropertyValueSpecification","valueRequired":true,"valueName":"search_term_string"}}],"inLanguage":"ru-RU"},{"@type":"Organization","@id":"https:\/\/kohenavocats.com\/ru\/#organization","name":"Kohen Avocats","url":"https:\/\/kohenavocats.com\/ru\/","logo":{"@type":"ImageObject","inLanguage":"ru-RU","@id":"https:\/\/kohenavocats.com\/ru\/#\/schema\/logo\/image\/","url":"https:\/\/kohenavocats.com\/wp-content\/uploads\/2026\/01\/Logo-2-1.webp","contentUrl":"https:\/\/kohenavocats.com\/wp-content\/uploads\/2026\/01\/Logo-2-1.webp","width":2114,"height":1253,"caption":"Kohen Avocats"},"image":{"@id":"https:\/\/kohenavocats.com\/ru\/#\/schema\/logo\/image\/"}}]}},"jetpack_likes_enabled":false,"jetpack_sharing_enabled":true,"_links":{"self":[{"href":"https:\/\/kohenavocats.com\/ru\/wp-json\/wp\/v2\/kji_decision\/595962","targetHints":{"allow":["GET"]}}],"collection":[{"href":"https:\/\/kohenavocats.com\/ru\/wp-json\/wp\/v2\/kji_decision"}],"about":[{"href":"https:\/\/kohenavocats.com\/ru\/wp-json\/wp\/v2\/types\/kji_decision"}],"wp:attachment":[{"href":"https:\/\/kohenavocats.com\/ru\/wp-json\/wp\/v2\/media?parent=595962"}],"wp:term":[{"taxonomy":"kji_country","embeddable":true,"href":"https:\/\/kohenavocats.com\/ru\/wp-json\/wp\/v2\/kji_country?post=595962"},{"taxonomy":"kji_court","embeddable":true,"href":"https:\/\/kohenavocats.com\/ru\/wp-json\/wp\/v2\/kji_court?post=595962"},{"taxonomy":"kji_chamber","embeddable":true,"href":"https:\/\/kohenavocats.com\/ru\/wp-json\/wp\/v2\/kji_chamber?post=595962"},{"taxonomy":"kji_year","embeddable":true,"href":"https:\/\/kohenavocats.com\/ru\/wp-json\/wp\/v2\/kji_year?post=595962"},{"taxonomy":"kji_subject","embeddable":true,"href":"https:\/\/kohenavocats.com\/ru\/wp-json\/wp\/v2\/kji_subject?post=595962"},{"taxonomy":"kji_keyword","embeddable":true,"href":"https:\/\/kohenavocats.com\/ru\/wp-json\/wp\/v2\/kji_keyword?post=595962"},{"taxonomy":"kji_language","embeddable":true,"href":"https:\/\/kohenavocats.com\/ru\/wp-json\/wp\/v2\/kji_language?post=595962"}],"curies":[{"name":"wp","href":"https:\/\/api.w.org\/{rel}","templated":true}]}}