{"id":596673,"date":"2026-04-18T19:29:42","date_gmt":"2026-04-18T17:29:42","guid":{"rendered":"https:\/\/kohenavocats.com\/jurisprudences\/cour-superieure-de-justice-19-juin-2025-n-2024-00865\/"},"modified":"2026-04-18T19:29:45","modified_gmt":"2026-04-18T17:29:45","slug":"cour-superieure-de-justice-19-juin-2025-n-2024-00865","status":"publish","type":"kji_decision","link":"https:\/\/kohenavocats.com\/ru\/jurisprudences\/cour-superieure-de-justice-19-juin-2025-n-2024-00865\/","title":{"rendered":"Cour sup\u00e9rieure de justice, 19 juin 2025, n\u00b0 2024-00865"},"content":{"rendered":"<div class=\"kji-decision\">\n<div class=\"kji-full-text\">\n<p>Arr\u00eat N\u00b058\/25-IX\u2013CIV Audience publique dudix-neufjuindeux mille vingt-cinq Num\u00e9roCAL-2024-00865du r\u00f4le Composition: Carole KERSCHEN, pr\u00e9sident de chambre, Danielle POLETTI, premier conseiller, Fran\u00e7oise WAGENER, premier conseiller, Linda CLESEN, greffierassum\u00e9. E n t r e: La soci\u00e9t\u00e9 \u00e0 responsabilit\u00e9 limit\u00e9eSOCIETE1.)SARL(anciennement SOCIETE1.)SARL), \u00e9tablie et ayant son si\u00e8ge social \u00e0 L-ADRESSE1.), inscrite au Registre de Commerce et des Soci\u00e9t\u00e9s de Luxembourg sous le num\u00e9ro NUMERO1.), repr\u00e9sent\u00e9e par song\u00e9rant actuellement en fonctions, appelanteaux termes d\u2019un exploit de l\u2019huissier de justicePatrick KURDYBANde Luxembourg du5 juillet 2024, comparant par Ma\u00eetreGeoffrey PARIS, avocat \u00e0 la Cour, demeurant \u00e0 Luxembourg, e t: 1.PERSONNE1.), demeurant \u00e0 L-ADRESSE2.), 2.PERSONNE2.), veuf de PERSONNE3.), demeurant \u00e0 D-ADRESSE3.),<\/p>\n<p>2 intim\u00e9saux termes du pr\u00e9dit exploitKURDYBANdu5 juillet 2024, comparantpar la soci\u00e9t\u00e9 anonyme KRIEGER ASSOCIATES S.A., inscrite sur la liste V du Tableau de l\u2019Ordre des Avocats du Barreau de Luxembourg, repr\u00e9sent\u00e9e aux fins de la pr\u00e9sente proc\u00e9dure par Ma\u00eetre Georges KRIEGER, avocat \u00e0 la Cour, demeurant\u00e0 Luxembourg. LA COUR D&#039;APPEL : Parjugementciviln\u00b02024TALCH20\/00057renduendatedu2mai2024,le tribunald\u2019arrondissementdeet\u00e0Luxembourga: -rejet\u00e9lemoyendenullit\u00e9ducompromisdeventetelquesoulev\u00e9parlasoci\u00e9t\u00e9 \u00e0responsabilit\u00e9limit\u00e9eSOCIETE1.)S.\u00e0r.l(ci-apr\u00e8s\u00abSOCIETE1.)\u00bb), -constat\u00e9quelecompromisdeventea\u00e9t\u00e9r\u00e9soluauxtortsexclusifsde SOCIETE1.), -ditlademandedeSOCIETE1.)enmod\u00e9rationdelaclausep\u00e9nalenonfond\u00e9e, -partant,enad\u00e9bout\u00e9etcondamn\u00e9SOCIETE1.)\u00e0payer\u00e0PERSONNE1.)et\u00e0 PERSONNE2.)(ci-apr\u00e8s\u00ablesconsortsPERSONNE1.)etPERSONNE2.)\u00bb)le montantde69.000.-eurosautitredelaclausep\u00e9nalestipul\u00e9edansle compromisdevente, -ditqu\u2019iln\u2019yapaslieud\u2019assortirlepr\u00e9ditmontantde69.000.-eurosdesint\u00e9r\u00eats l\u00e9gaux, -ditlademandedesconsortsPERSONNE1.)etPERSONNE2.)enrelationavec lesfraisli\u00e9s\u00e0lanon-comparutiondeSOCIETE1.)partiellementfond\u00e9e, -partant,acondamn\u00e9SOCIETE1.)\u00e0payerauxconsortsPERSONNE1.)et PERSONNE2.)lemontantde1.436,63eurosautitredefraisethonorairesdu notaireMa\u00eetreKarineREUTERd\u00e9bours\u00e9spourle\u00abPVnon-comparution n\u00b017528du25\/11\/2022\u00bb,aveclesint\u00e9r\u00eatsl\u00e9gaux\u00e0compterdelademandeen justice,jusqu\u2019\u00e0solde, -ditqueletauxd\u2019int\u00e9r\u00eatl\u00e9galseramajor\u00e9detroispoints\u00e0l\u2019expirationdutroisi\u00e8me moisquisuitlasignificationdujugement, -d\u00e9bout\u00e9pourlesurplus, -ditlademandedesconsortsPERSONNE1.)etPERSONNE2.)enallocation d\u2019uneindemnit\u00e9deproc\u00e9dure,surbasedel\u2019article240duNouveauCodede proc\u00e9durecivile,partiellementfond\u00e9e, -partant,condamn\u00e9SOCIETE1.)\u00e0payerauxconsortsPERSONNE1.)et PERSONNE2.)uneindemnit\u00e9deproc\u00e9durede2.000.-euros, -ditlademandedeSOCIETE1.)enallocationd\u2019uneindemnit\u00e9deproc\u00e9dure,sur basedel\u2019article240duNouveauCodedeproc\u00e9durecivile,nonfond\u00e9e, -partant,enad\u00e9bout\u00e9, -condamn\u00e9SOCIETE1.)auxentiersfraisetd\u00e9pensdel\u2019instance. Decejugementluisignifi\u00e9endatedu24mai2024,SOCIETE1.)ainterjet\u00e9appel paracted\u2019huissierdu5juillet2024. Discussion<\/p>\n<p>3 Parconclusionsnotifi\u00e9esendatedu13septembre2024,lesconsorts PERSONNE1.)etPERSONNE2.)soul\u00e8ventlatardivet\u00e9del\u2019appel:led\u00e9laide 40joursayantexpir\u00e9le3juillet2024\u00e0minuit,l\u2019appelinterjet\u00e9le5juillet2024 l\u2019auraitforc\u00e9ment\u00e9t\u00e9horsd\u00e9lai. LesconsortsPERSONNE1.)etPERSONNE2.)sollicitentl\u2019obtentiond\u2019une indemnit\u00e9deproc\u00e9durede1.500.-eurospourl\u2019instanced\u2019appel,surbasede l\u2019article240duNouveauCodedeproc\u00e9durecivileetlacondamnationdela soci\u00e9t\u00e9\u00e0responsabilit\u00e9limit\u00e9eSOCIETE1.)SARL(anciennementSOCIETE1.)) auxfraisetd\u00e9pensdelam\u00eameinstance. Parconclusionsnotifi\u00e9esendatedu16janvier2025,lasoci\u00e9t\u00e9\u00e0responsabilit\u00e9 limit\u00e9eSOCIETE1.)SARLs\u2019enremet\u00e0lasagessedelaCourquant\u00e0la recevabilit\u00e9desonacted\u2019appeletcontestelademandeadverseenobtention d\u2019uneindemnit\u00e9deproc\u00e9dure.Eller\u00e9futelefaitqu\u2019elleauraitd\u00e9lib\u00e9r\u00e9ment manqu\u00e9d\u2019enr\u00f4lersonappel. Appr\u00e9ciationdelaCour L\u2019article571,alin\u00e9a1 er duNouveauCodedeproc\u00e9dureciviledisposeque\u00able d\u00e9laipourinterjeterappelseradequarantejours:ilcourra,pourlesjugements contradictoires,dujourdelasignification\u00e0personneoudomicile\u00bb. L&#039;article1256duNouveauCodedeproc\u00e9dureciviledisposequepourtoutd\u00e9lai deproc\u00e9dure,lacomputationsefait\u00e0partirdeminuitdujourdel&#039;acte,de l&#039;\u00e9v\u00e9nement,delad\u00e9cisionoudelasignificationquilefaitcouriretqueled\u00e9lai expireledernierjour\u00e0minuit. Suivantl\u2019article1260decem\u00eamecode,lesjoursf\u00e9ri\u00e9ssontcompt\u00e9sdansles d\u00e9lais.Toutd\u00e9laiquiexpireraitnormalementunsamedi,undimanche,unjour f\u00e9ri\u00e9l\u00e9galouunjourf\u00e9ri\u00e9derechange,estprorog\u00e9jusqu\u2019aupremierjour ouvrablesuivant. Ilressortdudossierquelejugemententreprisa\u00e9t\u00e9signifi\u00e9\u00e0SOCIETE1.)le24 mai2024parvoied\u2019huissier. Led\u00e9laid\u2019appel\u00e9tantde40jours,cedernierestdoncvenu\u00e0expirationle3juillet 2024,unmercredi,\u00e0minuit. L\u2019appelayant\u00e9t\u00e9interjet\u00e9le5juillet2024,ilestd\u00e8slorstardif. AuvudufaitquelesconsortsPERSONNE1.)etPERSONNE2.)ontd\u00fbsefaire repr\u00e9sentereninstanced\u2019appel,prendredesconclusions,danslecadred\u2019un appelmanifestementtardif,leurdemandeformul\u00e9esurbasedel\u2019article240du NouveauCodedeproc\u00e9durecivileestfond\u00e9eensonprincipe:ilseraiteneffet manifestementin\u00e9quitabledelaisser\u00e0leurchargel\u2019int\u00e9gralit\u00e9dessommesnon comprisesdanslesd\u00e9pensqu\u2019ilsontd\u00fbexposer,notammentleshonoraires d\u00e9bours\u00e9saupr\u00e8sdeleuravocat:lademandeest\u00e0direfond\u00e9e,exaequoet bono,\u00e0concurrencede1.500.-euros.<\/p>\n<p>4 Auvudecequipr\u00e9c\u00e8de,ilconvientdemettrelesfraisetd\u00e9pensdelapr\u00e9sente instance\u00e0chargedelasoci\u00e9t\u00e9\u00e0responsabilit\u00e9limit\u00e9eSOCIETE1.)SARL (anciennementSOCIETE1.)).<\/p>\n<p>5 PAR CES MOTIFS laCourd\u2019appel,neuvi\u00e8mechambre,si\u00e9geantenmati\u00e8recivile,statuant contradictoirement, ditl\u2019appelirrecevable; condamnelasoci\u00e9t\u00e9\u00e0responsabilit\u00e9limit\u00e9eSOCIETE1.)SARL(anciennement lasoci\u00e9t\u00e9\u00e0responsabilit\u00e9limit\u00e9eSOCIETE1.))\u00e0payer\u00e0PERSONNE1.)et\u00e0 PERSONNE2.)uneindemnit\u00e9deproc\u00e9durede1.500.-euros; condamnelasoci\u00e9t\u00e9\u00e0responsabilit\u00e9limit\u00e9eSOCIETE1.)SARL(anciennement lasoci\u00e9t\u00e9\u00e0responsabilit\u00e9limit\u00e9eSOCIETE1.))auxfraisetd\u00e9pensdel\u2019instance, avecdistractionauprofitdelasoci\u00e9t\u00e9KRIEGERASSOCIATESSA,repr\u00e9sent\u00e9e auxfinsdelapr\u00e9senteproc\u00e9dureparMa\u00eetreGeorgesKRIEGER,affirmanten avoirfaitl\u2019avance. Lalecturedupr\u00e9sentarr\u00eata\u00e9t\u00e9faiteenlasusditeaudiencepubliqueparCarole KERSCHEN,pr\u00e9sidentdechambre,enpr\u00e9sencedugreffierassum\u00e9Linda CLESEN.<\/p>\n<\/div>\n<hr class=\"kji-sep\" \/>\n<p class=\"kji-source-links\"><strong>Sources officielles :<\/strong> <a class=\"kji-source-link\" href=\"https:\/\/data.public.lu\/fr\/datasets\/cour-superieure-de-justice-chambre-9\/\" target=\"_blank\" rel=\"noopener noreferrer\">consulter la page source<\/a> &middot; <a class=\"kji-pdf-link\" href=\"https:\/\/download.data.public.lu\/resources\/cour-superieure-de-justice-chambre-9\/20250630-010617\/20250619-ca09-cal-2024-00865-pseudonymise-accessible.pdf\" target=\"_blank\" rel=\"noopener noreferrer\">PDF officiel<\/a><\/p>\n<p class=\"kji-license-note\"><em>Licence CC BY-ND 4.0 (Administration judiciaire, data.public.lu). Republication autorisee avec attribution, sans modification editoriale du texte integral.<\/em><\/p>\n<\/div>\n","protected":false},"excerpt":{"rendered":"<p>Arr\u00eat N\u00b058\/25-IX\u2013CIV Audience publique dudix-neufjuindeux mille vingt-cinq Num\u00e9roCAL-2024-00865du r\u00f4le Composition: Carole KERSCHEN, pr\u00e9sident de chambre, Danielle POLETTI, premier conseiller, Fran\u00e7oise WAGENER, premier conseiller, Linda CLESEN, greffierassum\u00e9. E n t r e: La soci\u00e9t\u00e9 \u00e0 responsabilit\u00e9 limit\u00e9eSOCIETE1.)SARL(anciennement SOCIETE1.)SARL), \u00e9tablie et ayant son si\u00e8ge social \u00e0 L-ADRESSE1.),\u2026<\/p>\n","protected":false},"featured_media":0,"template":"","meta":{"_crdt_document":""},"kji_country":[8418],"kji_court":[12305],"kji_chamber":[22570],"kji_year":[8463],"kji_subject":[7724],"kji_keyword":[8683,22571,9055,12307],"kji_language":[7733],"class_list":["post-596673","kji_decision","type-kji_decision","status-publish","hentry","kji_country-luxembourg","kji_court-cour-superieure-de-justice","kji_chamber-chambre-9","kji_year-8463","kji_subject-civil","kji_keyword-arret","kji_keyword-ix-civ","kji_keyword-justice","kji_keyword-superieure","kji_language-francais"],"yoast_head":"<!-- This site is optimized with the Yoast SEO Premium plugin v27.4 (Yoast SEO v27.4) - https:\/\/yoast.com\/product\/yoast-seo-premium-wordpress\/ -->\n<title>Cour sup\u00e9rieure de justice, 19 juin 2025, n\u00b0 2024-00865 - Ma\u00eetre Hassan Kohen, avocat en droit p\u00e9nal \u00e0 Paris<\/title>\n<meta name=\"robots\" content=\"index, follow, max-snippet:-1, max-image-preview:large, max-video-preview:-1\" \/>\n<link rel=\"canonical\" href=\"https:\/\/kohenavocats.com\/ru\/jurisprudences\/cour-superieure-de-justice-19-juin-2025-n-2024-00865\/\" \/>\n<meta property=\"og:locale\" content=\"ru_RU\" \/>\n<meta property=\"og:type\" content=\"article\" \/>\n<meta property=\"og:title\" content=\"Cour sup\u00e9rieure de justice, 19 juin 2025, n\u00b0 2024-00865\" \/>\n<meta property=\"og:description\" content=\"Arr\u00eat N\u00b058\/25-IX\u2013CIV Audience publique dudix-neufjuindeux mille vingt-cinq Num\u00e9roCAL-2024-00865du r\u00f4le Composition: Carole KERSCHEN, pr\u00e9sident de chambre, Danielle POLETTI, premier conseiller, Fran\u00e7oise WAGENER, premier conseiller, Linda CLESEN, greffierassum\u00e9. E n t r e: La soci\u00e9t\u00e9 \u00e0 responsabilit\u00e9 limit\u00e9eSOCIETE1.)SARL(anciennement SOCIETE1.)SARL), \u00e9tablie et ayant son si\u00e8ge social \u00e0 L-ADRESSE1.),\u2026\" \/>\n<meta property=\"og:url\" content=\"https:\/\/kohenavocats.com\/ru\/jurisprudences\/cour-superieure-de-justice-19-juin-2025-n-2024-00865\/\" \/>\n<meta property=\"og:site_name\" content=\"Ma\u00eetre Hassan Kohen, avocat en droit p\u00e9nal \u00e0 Paris\" \/>\n<meta property=\"article:modified_time\" content=\"2026-04-18T17:29:45+00:00\" \/>\n<meta name=\"twitter:card\" content=\"summary_large_image\" \/>\n<meta name=\"twitter:label1\" content=\"\u041f\u0440\u0438\u043c\u0435\u0440\u043d\u043e\u0435 \u0432\u0440\u0435\u043c\u044f \u0434\u043b\u044f \u0447\u0442\u0435\u043d\u0438\u044f\" \/>\n\t<meta name=\"twitter:data1\" content=\"3 \u043c\u0438\u043d\u0443\u0442\u044b\" \/>\n<script type=\"application\/ld+json\" class=\"yoast-schema-graph\">{\"@context\":\"https:\\\/\\\/schema.org\",\"@graph\":[{\"@type\":\"WebPage\",\"@id\":\"https:\\\/\\\/kohenavocats.com\\\/ru\\\/jurisprudences\\\/cour-superieure-de-justice-19-juin-2025-n-2024-00865\\\/\",\"url\":\"https:\\\/\\\/kohenavocats.com\\\/ru\\\/jurisprudences\\\/cour-superieure-de-justice-19-juin-2025-n-2024-00865\\\/\",\"name\":\"Cour sup\u00e9rieure de justice, 19 juin 2025, n\u00b0 2024-00865 - Ma\u00eetre Hassan Kohen, avocat en droit p\u00e9nal \u00e0 Paris\",\"isPartOf\":{\"@id\":\"https:\\\/\\\/kohenavocats.com\\\/ru\\\/#website\"},\"datePublished\":\"2026-04-18T17:29:42+00:00\",\"dateModified\":\"2026-04-18T17:29:45+00:00\",\"breadcrumb\":{\"@id\":\"https:\\\/\\\/kohenavocats.com\\\/ru\\\/jurisprudences\\\/cour-superieure-de-justice-19-juin-2025-n-2024-00865\\\/#breadcrumb\"},\"inLanguage\":\"ru-RU\",\"potentialAction\":[{\"@type\":\"ReadAction\",\"target\":[\"https:\\\/\\\/kohenavocats.com\\\/ru\\\/jurisprudences\\\/cour-superieure-de-justice-19-juin-2025-n-2024-00865\\\/\"]}]},{\"@type\":\"BreadcrumbList\",\"@id\":\"https:\\\/\\\/kohenavocats.com\\\/ru\\\/jurisprudences\\\/cour-superieure-de-justice-19-juin-2025-n-2024-00865\\\/#breadcrumb\",\"itemListElement\":[{\"@type\":\"ListItem\",\"position\":1,\"name\":\"Home\",\"item\":\"https:\\\/\\\/kohenavocats.com\\\/ru\\\/avocats-en-droit-penal-a-paris-conseil-et-defense-strategique\\\/\"},{\"@type\":\"ListItem\",\"position\":2,\"name\":\"Jurisprudences\",\"item\":\"https:\\\/\\\/kohenavocats.com\\\/ru\\\/jurisprudences\\\/\"},{\"@type\":\"ListItem\",\"position\":3,\"name\":\"Cour sup\u00e9rieure de justice, 19 juin 2025, n\u00b0 2024-00865\"}]},{\"@type\":\"WebSite\",\"@id\":\"https:\\\/\\\/kohenavocats.com\\\/ru\\\/#website\",\"url\":\"https:\\\/\\\/kohenavocats.com\\\/ru\\\/\",\"name\":\"Kohen Avocats\",\"description\":\"Ma\u00eetre Hassan Kohen, avocat p\u00e9naliste \u00e0 Paris, intervient exclusivement en droit p\u00e9nal pour la d\u00e9fense des particuliers, notamment en mati\u00e8re d\u2019accusations de viol. Il assure un accompagnement rigoureux d\u00e8s la garde \u00e0 vue jusqu\u2019\u00e0 la Cour d\u2019assises, veillant au strict respect des garanties proc\u00e9durales.\",\"publisher\":{\"@id\":\"https:\\\/\\\/kohenavocats.com\\\/ru\\\/#organization\"},\"potentialAction\":[{\"@type\":\"SearchAction\",\"target\":{\"@type\":\"EntryPoint\",\"urlTemplate\":\"https:\\\/\\\/kohenavocats.com\\\/ru\\\/?s={search_term_string}\"},\"query-input\":{\"@type\":\"PropertyValueSpecification\",\"valueRequired\":true,\"valueName\":\"search_term_string\"}}],\"inLanguage\":\"ru-RU\"},{\"@type\":\"Organization\",\"@id\":\"https:\\\/\\\/kohenavocats.com\\\/ru\\\/#organization\",\"name\":\"Kohen Avocats\",\"url\":\"https:\\\/\\\/kohenavocats.com\\\/ru\\\/\",\"logo\":{\"@type\":\"ImageObject\",\"inLanguage\":\"ru-RU\",\"@id\":\"https:\\\/\\\/kohenavocats.com\\\/ru\\\/#\\\/schema\\\/logo\\\/image\\\/\",\"url\":\"https:\\\/\\\/kohenavocats.com\\\/wp-content\\\/uploads\\\/2026\\\/01\\\/Logo-2-1.webp\",\"contentUrl\":\"https:\\\/\\\/kohenavocats.com\\\/wp-content\\\/uploads\\\/2026\\\/01\\\/Logo-2-1.webp\",\"width\":2114,\"height\":1253,\"caption\":\"Kohen Avocats\"},\"image\":{\"@id\":\"https:\\\/\\\/kohenavocats.com\\\/ru\\\/#\\\/schema\\\/logo\\\/image\\\/\"}}]}<\/script>\n<!-- \/ Yoast SEO Premium plugin. -->","yoast_head_json":{"title":"Cour sup\u00e9rieure de justice, 19 juin 2025, n\u00b0 2024-00865 - Ma\u00eetre Hassan Kohen, avocat en droit p\u00e9nal \u00e0 Paris","robots":{"index":"index","follow":"follow","max-snippet":"max-snippet:-1","max-image-preview":"max-image-preview:large","max-video-preview":"max-video-preview:-1"},"canonical":"https:\/\/kohenavocats.com\/ru\/jurisprudences\/cour-superieure-de-justice-19-juin-2025-n-2024-00865\/","og_locale":"ru_RU","og_type":"article","og_title":"Cour sup\u00e9rieure de justice, 19 juin 2025, n\u00b0 2024-00865","og_description":"Arr\u00eat N\u00b058\/25-IX\u2013CIV Audience publique dudix-neufjuindeux mille vingt-cinq Num\u00e9roCAL-2024-00865du r\u00f4le Composition: Carole KERSCHEN, pr\u00e9sident de chambre, Danielle POLETTI, premier conseiller, Fran\u00e7oise WAGENER, premier conseiller, Linda CLESEN, greffierassum\u00e9. E n t r e: La soci\u00e9t\u00e9 \u00e0 responsabilit\u00e9 limit\u00e9eSOCIETE1.)SARL(anciennement SOCIETE1.)SARL), \u00e9tablie et ayant son si\u00e8ge social \u00e0 L-ADRESSE1.),\u2026","og_url":"https:\/\/kohenavocats.com\/ru\/jurisprudences\/cour-superieure-de-justice-19-juin-2025-n-2024-00865\/","og_site_name":"Ma\u00eetre Hassan Kohen, avocat en droit p\u00e9nal \u00e0 Paris","article_modified_time":"2026-04-18T17:29:45+00:00","twitter_card":"summary_large_image","twitter_misc":{"\u041f\u0440\u0438\u043c\u0435\u0440\u043d\u043e\u0435 \u0432\u0440\u0435\u043c\u044f \u0434\u043b\u044f \u0447\u0442\u0435\u043d\u0438\u044f":"3 \u043c\u0438\u043d\u0443\u0442\u044b"},"schema":{"@context":"https:\/\/schema.org","@graph":[{"@type":"WebPage","@id":"https:\/\/kohenavocats.com\/ru\/jurisprudences\/cour-superieure-de-justice-19-juin-2025-n-2024-00865\/","url":"https:\/\/kohenavocats.com\/ru\/jurisprudences\/cour-superieure-de-justice-19-juin-2025-n-2024-00865\/","name":"Cour sup\u00e9rieure de justice, 19 juin 2025, n\u00b0 2024-00865 - Ma\u00eetre Hassan Kohen, avocat en droit p\u00e9nal \u00e0 Paris","isPartOf":{"@id":"https:\/\/kohenavocats.com\/ru\/#website"},"datePublished":"2026-04-18T17:29:42+00:00","dateModified":"2026-04-18T17:29:45+00:00","breadcrumb":{"@id":"https:\/\/kohenavocats.com\/ru\/jurisprudences\/cour-superieure-de-justice-19-juin-2025-n-2024-00865\/#breadcrumb"},"inLanguage":"ru-RU","potentialAction":[{"@type":"ReadAction","target":["https:\/\/kohenavocats.com\/ru\/jurisprudences\/cour-superieure-de-justice-19-juin-2025-n-2024-00865\/"]}]},{"@type":"BreadcrumbList","@id":"https:\/\/kohenavocats.com\/ru\/jurisprudences\/cour-superieure-de-justice-19-juin-2025-n-2024-00865\/#breadcrumb","itemListElement":[{"@type":"ListItem","position":1,"name":"Home","item":"https:\/\/kohenavocats.com\/ru\/avocats-en-droit-penal-a-paris-conseil-et-defense-strategique\/"},{"@type":"ListItem","position":2,"name":"Jurisprudences","item":"https:\/\/kohenavocats.com\/ru\/jurisprudences\/"},{"@type":"ListItem","position":3,"name":"Cour sup\u00e9rieure de justice, 19 juin 2025, n\u00b0 2024-00865"}]},{"@type":"WebSite","@id":"https:\/\/kohenavocats.com\/ru\/#website","url":"https:\/\/kohenavocats.com\/ru\/","name":"Kohen Avocats","description":"Ma\u00eetre Hassan Kohen, avocat p\u00e9naliste \u00e0 Paris, intervient exclusivement en droit p\u00e9nal pour la d\u00e9fense des particuliers, notamment en mati\u00e8re d\u2019accusations de viol. Il assure un accompagnement rigoureux d\u00e8s la garde \u00e0 vue jusqu\u2019\u00e0 la Cour d\u2019assises, veillant au strict respect des garanties proc\u00e9durales.","publisher":{"@id":"https:\/\/kohenavocats.com\/ru\/#organization"},"potentialAction":[{"@type":"SearchAction","target":{"@type":"EntryPoint","urlTemplate":"https:\/\/kohenavocats.com\/ru\/?s={search_term_string}"},"query-input":{"@type":"PropertyValueSpecification","valueRequired":true,"valueName":"search_term_string"}}],"inLanguage":"ru-RU"},{"@type":"Organization","@id":"https:\/\/kohenavocats.com\/ru\/#organization","name":"Kohen Avocats","url":"https:\/\/kohenavocats.com\/ru\/","logo":{"@type":"ImageObject","inLanguage":"ru-RU","@id":"https:\/\/kohenavocats.com\/ru\/#\/schema\/logo\/image\/","url":"https:\/\/kohenavocats.com\/wp-content\/uploads\/2026\/01\/Logo-2-1.webp","contentUrl":"https:\/\/kohenavocats.com\/wp-content\/uploads\/2026\/01\/Logo-2-1.webp","width":2114,"height":1253,"caption":"Kohen Avocats"},"image":{"@id":"https:\/\/kohenavocats.com\/ru\/#\/schema\/logo\/image\/"}}]}},"jetpack_likes_enabled":false,"jetpack_sharing_enabled":true,"_links":{"self":[{"href":"https:\/\/kohenavocats.com\/ru\/wp-json\/wp\/v2\/kji_decision\/596673","targetHints":{"allow":["GET"]}}],"collection":[{"href":"https:\/\/kohenavocats.com\/ru\/wp-json\/wp\/v2\/kji_decision"}],"about":[{"href":"https:\/\/kohenavocats.com\/ru\/wp-json\/wp\/v2\/types\/kji_decision"}],"wp:attachment":[{"href":"https:\/\/kohenavocats.com\/ru\/wp-json\/wp\/v2\/media?parent=596673"}],"wp:term":[{"taxonomy":"kji_country","embeddable":true,"href":"https:\/\/kohenavocats.com\/ru\/wp-json\/wp\/v2\/kji_country?post=596673"},{"taxonomy":"kji_court","embeddable":true,"href":"https:\/\/kohenavocats.com\/ru\/wp-json\/wp\/v2\/kji_court?post=596673"},{"taxonomy":"kji_chamber","embeddable":true,"href":"https:\/\/kohenavocats.com\/ru\/wp-json\/wp\/v2\/kji_chamber?post=596673"},{"taxonomy":"kji_year","embeddable":true,"href":"https:\/\/kohenavocats.com\/ru\/wp-json\/wp\/v2\/kji_year?post=596673"},{"taxonomy":"kji_subject","embeddable":true,"href":"https:\/\/kohenavocats.com\/ru\/wp-json\/wp\/v2\/kji_subject?post=596673"},{"taxonomy":"kji_keyword","embeddable":true,"href":"https:\/\/kohenavocats.com\/ru\/wp-json\/wp\/v2\/kji_keyword?post=596673"},{"taxonomy":"kji_language","embeddable":true,"href":"https:\/\/kohenavocats.com\/ru\/wp-json\/wp\/v2\/kji_language?post=596673"}],"curies":[{"name":"wp","href":"https:\/\/api.w.org\/{rel}","templated":true}]}}