{"id":598364,"date":"2026-04-18T23:09:47","date_gmt":"2026-04-18T21:09:47","guid":{"rendered":"https:\/\/kohenavocats.com\/jurisprudences\/cour-superieure-de-justice-22-mai-2024-n-2022-00748\/"},"modified":"2026-04-18T23:09:51","modified_gmt":"2026-04-18T21:09:51","slug":"cour-superieure-de-justice-22-mai-2024-n-2022-00748","status":"publish","type":"kji_decision","link":"https:\/\/kohenavocats.com\/ru\/jurisprudences\/cour-superieure-de-justice-22-mai-2024-n-2022-00748\/","title":{"rendered":"Cour sup\u00e9rieure de justice, 22 mai 2024, n\u00b0 2022-00748"},"content":{"rendered":"<div class=\"kji-decision\">\n<div class=\"kji-full-text\">\n<p>Arr\u00eat N\u00b0 82\/24\u2013II\u2013DIV (aff. fam.) Arr\u00eat civil Audience publique du vingt-deux mai deux mille vingt-quatre Num\u00e9ro CAL-2022-00748 du r\u00f4le rendupar la deuxi\u00e8me chambre de la Cour d\u2019appel, si\u00e9geant en mati\u00e8re civile, dans la cause E n t r e : PERSONNE1.), demeurant \u00e0 L-ADRESSE1.), appelanteaux termes d\u2019une requ\u00eate d\u2019appel d\u00e9pos\u00e9e au greffe de la Cour d\u2019appel le 5 ao\u00fbt 2022 et signifi\u00e9e \u00e0PERSONNE2.)par exploit d\u2019huissier de justice en date du 29 ao\u00fbt 2022, comparant par Ma\u00eetre Sandrine OLIVEIRA, avocat \u00e0 la Cour, demeurant \u00e0 Luxembourg, e t : PERSONNE2.),demeurant \u00e0 L-ADRESSE2.), intim\u00e9aux fins de la pr\u00e9dite requ\u00eate d\u2019appel, comparant par la soci\u00e9t\u00e9 \u00e0 responsabilit\u00e9 limit\u00e9e ETUDE D\u2019AVOCATS WEILER, WILTZIUS, BILTGEN, inscrite \u00e0 la liste V du Tableau de l\u2019Ordre des Avocats du<\/p>\n<p>2 Barreau de Diekirch, repr\u00e9sent\u00e9e aux fins de la pr\u00e9sente proc\u00e9dure par Ma\u00eetre Sonia DE SOUSA, avocat \u00e0 la Cour, demeurant \u00e0 Diekirch. L A C O U R D &#039; A P P E L : PERSONNE1.)etPERSONNE2.)ont contract\u00e9 mariage par-devant l\u2019officier de l\u2019\u00e9tat civil du Consulat g\u00e9n\u00e9ral du Portugal au Luxembourg en date du 14 janvier 2004. De leur union sont issus trois enfants, \u00e0 savoirPERSONNE3.), n\u00e9 leDATE1.), PERSONNE4.), n\u00e9 leDATE2.), etPERSONNE5.), n\u00e9 leDATE3.). Saisi d\u2019une requ\u00eate sur base de l\u2019article 232 du Code civil, le juge aux affaires familiales pr\u00e8s du tribunal d\u2019arrondissement de Diekirch, si\u00e9geant en mati\u00e8re de divorce, statuant contradictoirement et en continuation d\u2019un jugement du 25 f\u00e9vrier 2022 ayant, entre autres, prononc\u00e9 le divorce entrePERSONNE1.)et PERSONNE2.), dit que l\u2019autorit\u00e9 parentale \u00e0 l\u2019\u00e9gard des trois enfants communs est exerc\u00e9e conjointement par les deux parents et fix\u00e9 leur domicile l\u00e9gal et leur r\u00e9sidence au domicile dePERSONNE1.),a, par jugement du 3 juin 2022, entre autres: \u2022condamn\u00e9PERSONNE2.)\u00e0 payer \u00e0PERSONNE1.)une pension alimentaire de 175 EUR par mois et par enfant \u00e0 titre de contribution aux frais d&#039;entretien et d&#039;\u00e9ducation des trois enfants communs, y non compris lesallocations familiales, \u2022dit que ce secours alimentaire est payable et portable le 1 er de chaque mois avec effet au 18 mars 2022, date du d\u00e9m\u00e9nagement d\u2019PERSONNE2.)du logement familial, et \u00e0 adapter automatiquement et sans mise en demeure pr\u00e9alable aux variations de l\u2019indice du co\u00fbt de la vie dans la mesure o\u00f9 les revenus du d\u00e9biteur d\u2019aliments y sont adapt\u00e9s, \u2022condamn\u00e9PERSONNE2.) \u00e0 participer \u00e0 hauteur de la moiti\u00e9 aux frais extraordinaires expos\u00e9s dans le chef des trois enfants communs. De ce jugement,PERSONNE1.)a r\u00e9guli\u00e8rement relev\u00e9 appel limit\u00e9 par requ\u00eate d\u00e9pos\u00e9e au greffe de la Cour d\u2019appel en date du 5 ao\u00fbt 2022 et signifi\u00e9e \u00e0 PERSONNE2.)par exploit d\u2019huissier de justice du 29 ao\u00fbt 2022. Par courrier du 6 mai 2024, les parties ont inform\u00e9 la Cour d\u2019appel qu\u2019elles ont trouv\u00e9 un arrangement quant \u00e0 la pension alimentaire \u00e0 payer parPERSONNE2.) pour l\u2019entretien et l\u2019\u00e9ducation des trois enfants communs. A l\u2019audience du 8 mai 2024 \u00e0 laquelle l\u2019affaire avait \u00e9t\u00e9 fix\u00e9e pour plaidoiries, les parties ont demand\u00e9 \u00e0 voir ent\u00e9riner cet accord. Il y a lieu de faire droit \u00e0 cette demande.<\/p>\n<p>3 Au vu de l\u2019accord trouv\u00e9 entre parties quant \u00e0 la pension alimentaire \u00e0 payerpar PERSONNE2.)pour l\u2019entretien des trois enfants communs, il y a lieu de faire masse des frais et d\u00e9pens de l\u2019instance d\u2019appel et de les imposer par moiti\u00e9 \u00e0 chacune d\u2019entre elles. P A R C E S M O T I F S laCour d\u2019appel, deuxi\u00e8me chambre, si\u00e9geant en mati\u00e8re civile et en mati\u00e8re d\u2019appel d\u2019une d\u00e9cision du juge aux affaires familiales, statuant contradictoirement, re\u00e7oit l\u2019appel dePERSONNE1.), donne acte aux parties de l\u2019accord intervenu entre elles qui estde la teneur suivante: 1)\u00abLa pension alimentaire redue par MonsieurPERSONNE2.) \u00e0 Madame PERSONNE1.)d\u2019un montant de 175.-\u20ac par mois et par enfant, fix\u00e9 suivant jugement n\u00b02022TADJAF\/0264 rendu le 30 avril 2024 par le Juge aux affaires familiales, demeurera applicable jusqu\u2019au 30 avril 2024 inclus; 2)Le montant de la pension alimentaire redue parMonsieurPERSONNE2.)est port\u00e9 \u00e0 212,50.-\u20ac par mois et par enfant \u00e0 partir du 1 er mai 2024; 3)Le montant de la pension alimentaire est payable et portable le 1 er de chaque mois et il est rattach\u00e9 automatiquement et sans mise en demeure pr\u00e9alable \u00e0 l\u2019\u00e9chelle mobile des salaires.\u00bb fait masse des frais et d\u00e9pens de l\u2019instance d\u2019appel et les impose pour moiti\u00e9 \u00e0 chacune des parties. Ainsi fait, jug\u00e9 et prononc\u00e9 \u00e0 l\u2019audience publique o\u00f9 \u00e9taient pr\u00e9sentes: Danielle SCHWEITZER, pr\u00e9sident de chambre, B\u00e9atrice KIEFFER, premier conseiller, Martine WILMES, premier conseiller, Alexandra NICOLAS, greffier.<\/p>\n<\/div>\n<hr class=\"kji-sep\" \/>\n<p class=\"kji-source-links\"><strong>Sources officielles :<\/strong> <a class=\"kji-source-link\" href=\"https:\/\/data.public.lu\/fr\/datasets\/cour-superieure-de-justice-chambre-2-civil\/\" target=\"_blank\" rel=\"noopener noreferrer\">consulter la page source<\/a> &middot; <a class=\"kji-pdf-link\" href=\"https:\/\/download.data.public.lu\/resources\/cour-superieure-de-justice-chambre-2-civil\/20240827-134046\/20240522-cal-2022-00748-82-jaf-pseudonymise-accessible.pdf\" target=\"_blank\" rel=\"noopener noreferrer\">PDF officiel<\/a><\/p>\n<p class=\"kji-license-note\"><em>Licence CC BY-ND 4.0 (Administration judiciaire, data.public.lu). Republication autorisee avec attribution, sans modification editoriale du texte integral.<\/em><\/p>\n<\/div>\n","protected":false},"excerpt":{"rendered":"<p>Arr\u00eat N\u00b0 82\/24\u2013II\u2013DIV (aff. fam.) Arr\u00eat civil Audience publique du vingt-deux mai deux mille vingt-quatre Num\u00e9ro CAL-2022-00748 du r\u00f4le rendupar la deuxi\u00e8me chambre de la Cour d\u2019appel, si\u00e9geant en mati\u00e8re civile, dans la cause E n t r e : PERSONNE1.), demeurant \u00e0 L-ADRESSE1.), appelanteaux\u2026<\/p>\n","protected":false},"featured_media":0,"template":"","meta":{"_crdt_document":""},"kji_country":[8418],"kji_court":[12305],"kji_chamber":[15306],"kji_year":[8677],"kji_subject":[7724],"kji_keyword":[8683,15307,9055,12307],"kji_language":[7733],"class_list":["post-598364","kji_decision","type-kji_decision","status-publish","hentry","kji_country-luxembourg","kji_court-cour-superieure-de-justice","kji_chamber-chambre-2-civil","kji_year-8677","kji_subject-civil","kji_keyword-arret","kji_keyword-ii-div","kji_keyword-justice","kji_keyword-superieure","kji_language-francais"],"yoast_head":"<!-- This site is optimized with the Yoast SEO Premium plugin v27.4 (Yoast SEO v27.4) - https:\/\/yoast.com\/product\/yoast-seo-premium-wordpress\/ -->\n<title>Cour sup\u00e9rieure de justice, 22 mai 2024, n\u00b0 2022-00748 - Ma\u00eetre Hassan Kohen, avocat en droit p\u00e9nal \u00e0 Paris<\/title>\n<meta name=\"robots\" content=\"index, follow, max-snippet:-1, max-image-preview:large, max-video-preview:-1\" \/>\n<link rel=\"canonical\" href=\"https:\/\/kohenavocats.com\/ru\/jurisprudences\/cour-superieure-de-justice-22-mai-2024-n-2022-00748\/\" \/>\n<meta property=\"og:locale\" content=\"ru_RU\" \/>\n<meta property=\"og:type\" content=\"article\" \/>\n<meta property=\"og:title\" content=\"Cour sup\u00e9rieure de justice, 22 mai 2024, n\u00b0 2022-00748\" \/>\n<meta property=\"og:description\" content=\"Arr\u00eat N\u00b0 82\/24\u2013II\u2013DIV (aff. fam.) Arr\u00eat civil Audience publique du vingt-deux mai deux mille vingt-quatre Num\u00e9ro CAL-2022-00748 du r\u00f4le rendupar la deuxi\u00e8me chambre de la Cour d\u2019appel, si\u00e9geant en mati\u00e8re civile, dans la cause E n t r e : PERSONNE1.), demeurant \u00e0 L-ADRESSE1.), appelanteaux\u2026\" \/>\n<meta property=\"og:url\" content=\"https:\/\/kohenavocats.com\/ru\/jurisprudences\/cour-superieure-de-justice-22-mai-2024-n-2022-00748\/\" \/>\n<meta property=\"og:site_name\" content=\"Ma\u00eetre Hassan Kohen, avocat en droit p\u00e9nal \u00e0 Paris\" \/>\n<meta property=\"article:modified_time\" content=\"2026-04-18T21:09:51+00:00\" \/>\n<meta name=\"twitter:card\" content=\"summary_large_image\" \/>\n<meta name=\"twitter:label1\" content=\"\u041f\u0440\u0438\u043c\u0435\u0440\u043d\u043e\u0435 \u0432\u0440\u0435\u043c\u044f \u0434\u043b\u044f \u0447\u0442\u0435\u043d\u0438\u044f\" \/>\n\t<meta name=\"twitter:data1\" content=\"4 \u043c\u0438\u043d\u0443\u0442\u044b\" \/>\n<script type=\"application\/ld+json\" class=\"yoast-schema-graph\">{\"@context\":\"https:\\\/\\\/schema.org\",\"@graph\":[{\"@type\":\"WebPage\",\"@id\":\"https:\\\/\\\/kohenavocats.com\\\/ru\\\/jurisprudences\\\/cour-superieure-de-justice-22-mai-2024-n-2022-00748\\\/\",\"url\":\"https:\\\/\\\/kohenavocats.com\\\/ru\\\/jurisprudences\\\/cour-superieure-de-justice-22-mai-2024-n-2022-00748\\\/\",\"name\":\"Cour sup\u00e9rieure de justice, 22 mai 2024, n\u00b0 2022-00748 - Ma\u00eetre Hassan Kohen, avocat en droit p\u00e9nal \u00e0 Paris\",\"isPartOf\":{\"@id\":\"https:\\\/\\\/kohenavocats.com\\\/ru\\\/#website\"},\"datePublished\":\"2026-04-18T21:09:47+00:00\",\"dateModified\":\"2026-04-18T21:09:51+00:00\",\"breadcrumb\":{\"@id\":\"https:\\\/\\\/kohenavocats.com\\\/ru\\\/jurisprudences\\\/cour-superieure-de-justice-22-mai-2024-n-2022-00748\\\/#breadcrumb\"},\"inLanguage\":\"ru-RU\",\"potentialAction\":[{\"@type\":\"ReadAction\",\"target\":[\"https:\\\/\\\/kohenavocats.com\\\/ru\\\/jurisprudences\\\/cour-superieure-de-justice-22-mai-2024-n-2022-00748\\\/\"]}]},{\"@type\":\"BreadcrumbList\",\"@id\":\"https:\\\/\\\/kohenavocats.com\\\/ru\\\/jurisprudences\\\/cour-superieure-de-justice-22-mai-2024-n-2022-00748\\\/#breadcrumb\",\"itemListElement\":[{\"@type\":\"ListItem\",\"position\":1,\"name\":\"Home\",\"item\":\"https:\\\/\\\/kohenavocats.com\\\/ru\\\/avocats-en-droit-penal-a-paris-conseil-et-defense-strategique\\\/\"},{\"@type\":\"ListItem\",\"position\":2,\"name\":\"Jurisprudences\",\"item\":\"https:\\\/\\\/kohenavocats.com\\\/ru\\\/jurisprudences\\\/\"},{\"@type\":\"ListItem\",\"position\":3,\"name\":\"Cour sup\u00e9rieure de justice, 22 mai 2024, n\u00b0 2022-00748\"}]},{\"@type\":\"WebSite\",\"@id\":\"https:\\\/\\\/kohenavocats.com\\\/ru\\\/#website\",\"url\":\"https:\\\/\\\/kohenavocats.com\\\/ru\\\/\",\"name\":\"Kohen Avocats\",\"description\":\"Ma\u00eetre Hassan Kohen, avocat p\u00e9naliste \u00e0 Paris, intervient exclusivement en droit p\u00e9nal pour la d\u00e9fense des particuliers, notamment en mati\u00e8re d\u2019accusations de viol. Il assure un accompagnement rigoureux d\u00e8s la garde \u00e0 vue jusqu\u2019\u00e0 la Cour d\u2019assises, veillant au strict respect des garanties proc\u00e9durales.\",\"publisher\":{\"@id\":\"https:\\\/\\\/kohenavocats.com\\\/ru\\\/#organization\"},\"potentialAction\":[{\"@type\":\"SearchAction\",\"target\":{\"@type\":\"EntryPoint\",\"urlTemplate\":\"https:\\\/\\\/kohenavocats.com\\\/ru\\\/?s={search_term_string}\"},\"query-input\":{\"@type\":\"PropertyValueSpecification\",\"valueRequired\":true,\"valueName\":\"search_term_string\"}}],\"inLanguage\":\"ru-RU\"},{\"@type\":\"Organization\",\"@id\":\"https:\\\/\\\/kohenavocats.com\\\/ru\\\/#organization\",\"name\":\"Kohen Avocats\",\"url\":\"https:\\\/\\\/kohenavocats.com\\\/ru\\\/\",\"logo\":{\"@type\":\"ImageObject\",\"inLanguage\":\"ru-RU\",\"@id\":\"https:\\\/\\\/kohenavocats.com\\\/ru\\\/#\\\/schema\\\/logo\\\/image\\\/\",\"url\":\"https:\\\/\\\/kohenavocats.com\\\/wp-content\\\/uploads\\\/2026\\\/01\\\/Logo-2-1.webp\",\"contentUrl\":\"https:\\\/\\\/kohenavocats.com\\\/wp-content\\\/uploads\\\/2026\\\/01\\\/Logo-2-1.webp\",\"width\":2114,\"height\":1253,\"caption\":\"Kohen Avocats\"},\"image\":{\"@id\":\"https:\\\/\\\/kohenavocats.com\\\/ru\\\/#\\\/schema\\\/logo\\\/image\\\/\"}}]}<\/script>\n<!-- \/ Yoast SEO Premium plugin. -->","yoast_head_json":{"title":"Cour sup\u00e9rieure de justice, 22 mai 2024, n\u00b0 2022-00748 - Ma\u00eetre Hassan Kohen, avocat en droit p\u00e9nal \u00e0 Paris","robots":{"index":"index","follow":"follow","max-snippet":"max-snippet:-1","max-image-preview":"max-image-preview:large","max-video-preview":"max-video-preview:-1"},"canonical":"https:\/\/kohenavocats.com\/ru\/jurisprudences\/cour-superieure-de-justice-22-mai-2024-n-2022-00748\/","og_locale":"ru_RU","og_type":"article","og_title":"Cour sup\u00e9rieure de justice, 22 mai 2024, n\u00b0 2022-00748","og_description":"Arr\u00eat N\u00b0 82\/24\u2013II\u2013DIV (aff. fam.) Arr\u00eat civil Audience publique du vingt-deux mai deux mille vingt-quatre Num\u00e9ro CAL-2022-00748 du r\u00f4le rendupar la deuxi\u00e8me chambre de la Cour d\u2019appel, si\u00e9geant en mati\u00e8re civile, dans la cause E n t r e : PERSONNE1.), demeurant \u00e0 L-ADRESSE1.), appelanteaux\u2026","og_url":"https:\/\/kohenavocats.com\/ru\/jurisprudences\/cour-superieure-de-justice-22-mai-2024-n-2022-00748\/","og_site_name":"Ma\u00eetre Hassan Kohen, avocat en droit p\u00e9nal \u00e0 Paris","article_modified_time":"2026-04-18T21:09:51+00:00","twitter_card":"summary_large_image","twitter_misc":{"\u041f\u0440\u0438\u043c\u0435\u0440\u043d\u043e\u0435 \u0432\u0440\u0435\u043c\u044f \u0434\u043b\u044f \u0447\u0442\u0435\u043d\u0438\u044f":"4 \u043c\u0438\u043d\u0443\u0442\u044b"},"schema":{"@context":"https:\/\/schema.org","@graph":[{"@type":"WebPage","@id":"https:\/\/kohenavocats.com\/ru\/jurisprudences\/cour-superieure-de-justice-22-mai-2024-n-2022-00748\/","url":"https:\/\/kohenavocats.com\/ru\/jurisprudences\/cour-superieure-de-justice-22-mai-2024-n-2022-00748\/","name":"Cour sup\u00e9rieure de justice, 22 mai 2024, n\u00b0 2022-00748 - Ma\u00eetre Hassan Kohen, avocat en droit p\u00e9nal \u00e0 Paris","isPartOf":{"@id":"https:\/\/kohenavocats.com\/ru\/#website"},"datePublished":"2026-04-18T21:09:47+00:00","dateModified":"2026-04-18T21:09:51+00:00","breadcrumb":{"@id":"https:\/\/kohenavocats.com\/ru\/jurisprudences\/cour-superieure-de-justice-22-mai-2024-n-2022-00748\/#breadcrumb"},"inLanguage":"ru-RU","potentialAction":[{"@type":"ReadAction","target":["https:\/\/kohenavocats.com\/ru\/jurisprudences\/cour-superieure-de-justice-22-mai-2024-n-2022-00748\/"]}]},{"@type":"BreadcrumbList","@id":"https:\/\/kohenavocats.com\/ru\/jurisprudences\/cour-superieure-de-justice-22-mai-2024-n-2022-00748\/#breadcrumb","itemListElement":[{"@type":"ListItem","position":1,"name":"Home","item":"https:\/\/kohenavocats.com\/ru\/avocats-en-droit-penal-a-paris-conseil-et-defense-strategique\/"},{"@type":"ListItem","position":2,"name":"Jurisprudences","item":"https:\/\/kohenavocats.com\/ru\/jurisprudences\/"},{"@type":"ListItem","position":3,"name":"Cour sup\u00e9rieure de justice, 22 mai 2024, n\u00b0 2022-00748"}]},{"@type":"WebSite","@id":"https:\/\/kohenavocats.com\/ru\/#website","url":"https:\/\/kohenavocats.com\/ru\/","name":"Kohen Avocats","description":"Ma\u00eetre Hassan Kohen, avocat p\u00e9naliste \u00e0 Paris, intervient exclusivement en droit p\u00e9nal pour la d\u00e9fense des particuliers, notamment en mati\u00e8re d\u2019accusations de viol. Il assure un accompagnement rigoureux d\u00e8s la garde \u00e0 vue jusqu\u2019\u00e0 la Cour d\u2019assises, veillant au strict respect des garanties proc\u00e9durales.","publisher":{"@id":"https:\/\/kohenavocats.com\/ru\/#organization"},"potentialAction":[{"@type":"SearchAction","target":{"@type":"EntryPoint","urlTemplate":"https:\/\/kohenavocats.com\/ru\/?s={search_term_string}"},"query-input":{"@type":"PropertyValueSpecification","valueRequired":true,"valueName":"search_term_string"}}],"inLanguage":"ru-RU"},{"@type":"Organization","@id":"https:\/\/kohenavocats.com\/ru\/#organization","name":"Kohen Avocats","url":"https:\/\/kohenavocats.com\/ru\/","logo":{"@type":"ImageObject","inLanguage":"ru-RU","@id":"https:\/\/kohenavocats.com\/ru\/#\/schema\/logo\/image\/","url":"https:\/\/kohenavocats.com\/wp-content\/uploads\/2026\/01\/Logo-2-1.webp","contentUrl":"https:\/\/kohenavocats.com\/wp-content\/uploads\/2026\/01\/Logo-2-1.webp","width":2114,"height":1253,"caption":"Kohen Avocats"},"image":{"@id":"https:\/\/kohenavocats.com\/ru\/#\/schema\/logo\/image\/"}}]}},"jetpack_likes_enabled":false,"jetpack_sharing_enabled":true,"_links":{"self":[{"href":"https:\/\/kohenavocats.com\/ru\/wp-json\/wp\/v2\/kji_decision\/598364","targetHints":{"allow":["GET"]}}],"collection":[{"href":"https:\/\/kohenavocats.com\/ru\/wp-json\/wp\/v2\/kji_decision"}],"about":[{"href":"https:\/\/kohenavocats.com\/ru\/wp-json\/wp\/v2\/types\/kji_decision"}],"wp:attachment":[{"href":"https:\/\/kohenavocats.com\/ru\/wp-json\/wp\/v2\/media?parent=598364"}],"wp:term":[{"taxonomy":"kji_country","embeddable":true,"href":"https:\/\/kohenavocats.com\/ru\/wp-json\/wp\/v2\/kji_country?post=598364"},{"taxonomy":"kji_court","embeddable":true,"href":"https:\/\/kohenavocats.com\/ru\/wp-json\/wp\/v2\/kji_court?post=598364"},{"taxonomy":"kji_chamber","embeddable":true,"href":"https:\/\/kohenavocats.com\/ru\/wp-json\/wp\/v2\/kji_chamber?post=598364"},{"taxonomy":"kji_year","embeddable":true,"href":"https:\/\/kohenavocats.com\/ru\/wp-json\/wp\/v2\/kji_year?post=598364"},{"taxonomy":"kji_subject","embeddable":true,"href":"https:\/\/kohenavocats.com\/ru\/wp-json\/wp\/v2\/kji_subject?post=598364"},{"taxonomy":"kji_keyword","embeddable":true,"href":"https:\/\/kohenavocats.com\/ru\/wp-json\/wp\/v2\/kji_keyword?post=598364"},{"taxonomy":"kji_language","embeddable":true,"href":"https:\/\/kohenavocats.com\/ru\/wp-json\/wp\/v2\/kji_language?post=598364"}],"curies":[{"name":"wp","href":"https:\/\/api.w.org\/{rel}","templated":true}]}}