{"id":600126,"date":"2026-04-19T03:03:36","date_gmt":"2026-04-19T01:03:36","guid":{"rendered":"https:\/\/kohenavocats.com\/jurisprudences\/tribunal-federal-suisse-28-mars-2024-n-7f-3-2024\/"},"modified":"2026-04-19T03:03:36","modified_gmt":"2026-04-19T01:03:36","slug":"tribunal-federal-suisse-28-mars-2024-n-7f-3-2024","status":"publish","type":"kji_decision","link":"https:\/\/kohenavocats.com\/ru\/jurisprudences\/tribunal-federal-suisse-28-mars-2024-n-7f-3-2024\/","title":{"rendered":"Tribunal f\u00e9d\u00e9ral suisse, 28 mars 2024, n\u00b0 7F 3-2024"},"content":{"rendered":"<div class=\"kji-decision\">\n<div class=\"kji-full-text\">\n<p>Bundesgericht<\/p>\n<p>Tribunal f\u00e9d\u00e9ral<\/p>\n<p>Tribunale federale<\/p>\n<p>Tribunal federal<\/p>\n<p>7F_3\/2024<\/p>\n<p>Urteil vom 28. M\u00e4rz 2024<\/p>\n<p>II. strafrechtliche Abteilung<\/p>\n<p>Besetzung<\/p>\n<p>Bundesrichter Abrecht, Pr\u00e4sident,<\/p>\n<p>Bundesrichterin Koch,<\/p>\n<p>Bundesrichter Hurni,<\/p>\n<p>Gerichtsschreiber Cl\u00e9ment.<\/p>\n<p>Verfahrensbeteiligte<\/p>\n<p>A.________,<\/p>\n<p>Gesuchsteller,<\/p>\n<p>gegen<\/p>\n<p>1. Staatsanwaltschaft Basel-Landschaft, Hauptabteilung Allgemeine Delikte, Grenzacherstrasse 8, Postfach, 4132 Muttenz,<\/p>\n<p>2. Kantonsgericht Basel-Landschaft, Abteilung Strafrecht,<\/p>\n<p>Bahnhofplatz 16, 4410 Liestal.<\/p>\n<p>Gegenstand<\/p>\n<p>Revisionsgesuch gegen das Urteil des Schweizerischen Bundesgerichts 7B_672\/2023 und 7B_675\/2023 vom 2. November 2023.<\/p>\n<p>Erw\u00e4gungen:<\/p>\n<p>1.<\/p>\n<p>Mit Urteil 7B_672\/2023 und 7B_675\/2023 vom 2. November 2023 trat das Bundesgericht in einem vereinigten Urteil nicht auf zwei Beschwerden des damaligen Beschwerdef\u00fchrers und heutigen Gesuchstellers gegen zwei Beschl\u00fcsse des Kantonsgerichts Basel-Landschaft, Abteilung Strafrecht, vom 9. Mai 2023 (Verfahren Nr. 470 23 62 und Nr. 470 23 66) ein.<\/p>\n<p>Mit Eingabe an das Bundesgericht vom 25. Dezember 2023 ersucht der Gesuchsteller um Revision des Urteils des Bundesgerichts 7B_672\/2023 und 7B_675\/2023 vom 2. November 2023.<\/p>\n<p>2.<\/p>\n<p>Entscheide des Bundesgerichts erwachsen am Tag ihrer Ausf\u00e4llung in Rechtskraft (Art. 61 BGG). Das Bundesgericht kann auf seine Urteile nur zur\u00fcckkommen, wenn einer der in den Art. 121 ff. BGG abschliessend aufgef\u00fchrten Revisionsgr\u00fcnde vorliegt. Allf\u00e4llige Revisionsgr\u00fcnde sind in gedr\u00e4ngter Form darzulegen (vgl. Art. 42 Abs. 2 i.V.m. Art. 121-123 BGG). Der Revisionsgrund hat sich auf den Gegenstand des zu revidierenden Urteils zu beziehen; handelt es sich dabei &#8212; wie vorliegend &#8212; um einen Nichteintretensentscheid, muss der Revisionsgrund die Nichteintretensmotive beschlagen.<\/p>\n<p>3.<\/p>\n<p>Das Bundesgericht ist mit Urteil 7B_672\/2023 und 7B_675\/2023 vom 2. November 2023 aus formellen Gr\u00fcnden nicht auf die Beschwerden vom 21. September 2023 eingetreten, da es dem damaligen Beschwerdef\u00fchrer und heutigen Gesuchsteller mangels eines (hinreichend dargelegten) Zivilanspruchs im Sinne von Art. 81 Abs. 1 lit. b Ziff. 5 BGG am Beschwerderecht fehlte. Diese formellrechtliche W\u00fcrdigung l\u00e4sst sich als solche im Revisionsverfahren nicht \u00fcberpr\u00fcfen. Dass und inwiefern das Bundesgericht mit dem von ihm getroffenen Nichteintretensentscheid einen Revisionsgrund gem\u00e4ss Art. 121 ff. BGG gesetzt haben k\u00f6nnte, zeigt der Gesuchsteller in seiner Eingabe vom 25. Dezember 2023 nicht ansatzweise auf. Der Gesuchsteller &quot;fordert&quot; lediglich eine &quot;gr\u00fcndliche (wenn m\u00f6glich auch forensische) Untersuchung&quot; der Vorw\u00fcrfe in Bezug auf die beiden Verfahren 7B_672\/2023 und 7B_675\/2023. Das Bundesgericht habe die Entscheidungen der dortigen Vorinstanz &quot;einfach bloss als richtig deklariert [&#8230;], ohne jegliche R\u00fccksicht auf die Fakten&quot;. Der Gesuchsteller &quot;repliziert&quot; alsdann (nach eigenen Angaben &quot;punktuell&quot;) auf das angefochtene Urteil vom 2. November 2023, wobei er im Wesentlichen darzulegen versucht, warum das Verhalten, welches er den angezeigten Personen zur Last legt, strafbar sei. Letztlich bezweckt der Gesuchsteller mit seinen Ausf\u00fchrungen eine Wiedererw\u00e4gung des angefochtenen Urteils (bzw. die Durchf\u00fchrung eines Strafverfahrens gegen die von ihm angezeigten Personen zu erzwingen), was das Bundesgerichtsgesetz nicht vorsieht. Insgesamt sind Revisionsgr\u00fcnde nach Art. 121-123 BGG vom Gesuchsteller nicht hinreichend dargetan. Auf das Revisionsgesuch ist nicht einzutreten.<\/p>\n<p>4.<\/p>\n<p>Die Gerichtskosten sind dem Gesuchsteller aufzuerlegen (Art. 66 Abs. 1 BGG).<\/p>\n<p>Demnach erkennt das Bundesgericht:<\/p>\n<p>1.<\/p>\n<p>Auf das Revisionsgesuch wird nicht eingetreten.<\/p>\n<p>2.<\/p>\n<p>Die Gerichtskosten von Fr. 1&#039;200.&#8212; werden dem Gesuchsteller auferlegt.<\/p>\n<p>3.<\/p>\n<p>Dieses Urteil wird dem Gesuchsteller, der Staatsanwaltschaft Basel-Landschaft und dem Kantonsgericht Basel-Landschaft, Abteilung Strafrecht, schriftlich mitgeteilt.<\/p>\n<p>Lausanne, 28. M\u00e4rz 2024<\/p>\n<p>Im Namen der II. strafrechtlichen Abteilung<\/p>\n<p>des Schweizerischen Bundesgerichts<\/p>\n<p>Der Pr\u00e4sident: Abrecht<\/p>\n<p>Der Gerichtsschreiber: Cl\u00e9ment<\/p>\n<\/div>\n<hr class=\"kji-sep\" \/>\n<p class=\"kji-source-links\"><strong>Sources officielles :<\/strong> <a class=\"kji-source-link\" href=\"https:\/\/search.bger.ch\/ext\/eurospider\/live\/fr\/php\/aza\/http\/index.php?lang=fr&#038;type=highlight_simple_query&#038;page=7&#038;from_date=&#038;to_date=&#038;sort=relevance&#038;insertion_date=&#038;top_subcollection_aza=all&#038;query_words=strafrecht&#038;rank=66&#038;azaclir=aza&#038;highlight_docid=aza%3A%2F%2F28-03-2024-7F_3-2024&#038;number_of_ranks=4698\" target=\"_blank\" rel=\"noopener noreferrer\">consulter la page source<\/a><\/p>\n<p class=\"kji-license-note\"><em>Source officielle Tribunal federal suisse. Contenu HTML public, PDF non garanti en version gratuite.<\/em><\/p>\n<\/div>\n","protected":false},"excerpt":{"rendered":"<p>Bundesgericht Tribunal f\u00e9d\u00e9ral Tribunale federale Tribunal federal 7F_3\/2024 Urteil vom 28. M\u00e4rz 2024 II. strafrechtliche Abteilung Besetzung Bundesrichter Abrecht, Pr\u00e4sident, Bundesrichterin Koch, Bundesrichter Hurni, Gerichtsschreiber Cl\u00e9ment. Verfahrensbeteiligte A.________, Gesuchsteller, gegen 1. Staatsanwaltschaft Basel-Landschaft, Hauptabteilung Allgemeine Delikte, Grenzacherstrasse 8, Postfach, 4132 Muttenz, 2. Kantonsgericht Basel-Landschaft, Abteilung Strafrecht, Bahnhofplatz 16, 4410 Liestal. Gegenstand Revisionsgesuch gegen das Urteil&#8230;<\/p>\n","protected":false},"featured_media":0,"template":"","meta":{"_crdt_document":""},"kji_country":[9676],"kji_court":[9677],"kji_chamber":[],"kji_year":[8677],"kji_subject":[7646],"kji_keyword":[9799,9679,9680,7636],"kji_language":[7685],"class_list":["post-600126","kji_decision","type-kji_decision","status-publish","hentry","kji_country-suisse","kji_court-tribunal-federal-suisse","kji_year-8677","kji_subject-divers","kji_keyword-bundesgericht","kji_keyword-federal","kji_keyword-suisse","kji_keyword-tribunal","kji_language-italien"],"yoast_head":"<!-- This site is optimized with the Yoast SEO Premium plugin v27.5 (Yoast SEO v27.5) - https:\/\/yoast.com\/product\/yoast-seo-premium-wordpress\/ -->\n<title>Tribunal f\u00e9d\u00e9ral suisse, 28 mars 2024, n\u00b0 7F 3-2024 - Ma\u00eetre Hassan Kohen, avocat en droit p\u00e9nal \u00e0 Paris<\/title>\n<meta name=\"robots\" content=\"index, follow, max-snippet:-1, max-image-preview:large, max-video-preview:-1\" \/>\n<link rel=\"canonical\" href=\"https:\/\/kohenavocats.com\/ru\/jurisprudences\/tribunal-federal-suisse-28-mars-2024-n-7f-3-2024\/\" \/>\n<meta property=\"og:locale\" content=\"ru_RU\" \/>\n<meta property=\"og:type\" content=\"article\" \/>\n<meta property=\"og:title\" content=\"Tribunal f\u00e9d\u00e9ral suisse, 28 mars 2024, n\u00b0 7F 3-2024\" \/>\n<meta property=\"og:description\" content=\"Bundesgericht Tribunal f\u00e9d\u00e9ral Tribunale federale Tribunal federal 7F_3\/2024 Urteil vom 28. M\u00e4rz 2024 II. strafrechtliche Abteilung Besetzung Bundesrichter Abrecht, Pr\u00e4sident, Bundesrichterin Koch, Bundesrichter Hurni, Gerichtsschreiber Cl\u00e9ment. Verfahrensbeteiligte A.________, Gesuchsteller, gegen 1. Staatsanwaltschaft Basel-Landschaft, Hauptabteilung Allgemeine Delikte, Grenzacherstrasse 8, Postfach, 4132 Muttenz, 2. Kantonsgericht Basel-Landschaft, Abteilung Strafrecht, Bahnhofplatz 16, 4410 Liestal. Gegenstand Revisionsgesuch gegen das Urteil...\" \/>\n<meta property=\"og:url\" content=\"https:\/\/kohenavocats.com\/ru\/jurisprudences\/tribunal-federal-suisse-28-mars-2024-n-7f-3-2024\/\" \/>\n<meta property=\"og:site_name\" content=\"Ma\u00eetre Hassan Kohen, avocat en droit p\u00e9nal \u00e0 Paris\" \/>\n<meta name=\"twitter:card\" content=\"summary_large_image\" \/>\n<meta name=\"twitter:label1\" content=\"\u041f\u0440\u0438\u043c\u0435\u0440\u043d\u043e\u0435 \u0432\u0440\u0435\u043c\u044f \u0434\u043b\u044f \u0447\u0442\u0435\u043d\u0438\u044f\" \/>\n\t<meta name=\"twitter:data1\" content=\"3 \u043c\u0438\u043d\u0443\u0442\u044b\" \/>\n<script type=\"application\/ld+json\" class=\"yoast-schema-graph\">{\"@context\":\"https:\\\/\\\/schema.org\",\"@graph\":[{\"@type\":\"WebPage\",\"@id\":\"https:\\\/\\\/kohenavocats.com\\\/ru\\\/jurisprudences\\\/tribunal-federal-suisse-28-mars-2024-n-7f-3-2024\\\/\",\"url\":\"https:\\\/\\\/kohenavocats.com\\\/ru\\\/jurisprudences\\\/tribunal-federal-suisse-28-mars-2024-n-7f-3-2024\\\/\",\"name\":\"Tribunal f\u00e9d\u00e9ral suisse, 28 mars 2024, n\u00b0 7F 3-2024 - Ma\u00eetre Hassan Kohen, avocat en droit p\u00e9nal \u00e0 Paris\",\"isPartOf\":{\"@id\":\"https:\\\/\\\/kohenavocats.com\\\/ru\\\/#website\"},\"datePublished\":\"2026-04-19T01:03:36+00:00\",\"breadcrumb\":{\"@id\":\"https:\\\/\\\/kohenavocats.com\\\/ru\\\/jurisprudences\\\/tribunal-federal-suisse-28-mars-2024-n-7f-3-2024\\\/#breadcrumb\"},\"inLanguage\":\"ru-RU\",\"potentialAction\":[{\"@type\":\"ReadAction\",\"target\":[\"https:\\\/\\\/kohenavocats.com\\\/ru\\\/jurisprudences\\\/tribunal-federal-suisse-28-mars-2024-n-7f-3-2024\\\/\"]}]},{\"@type\":\"BreadcrumbList\",\"@id\":\"https:\\\/\\\/kohenavocats.com\\\/ru\\\/jurisprudences\\\/tribunal-federal-suisse-28-mars-2024-n-7f-3-2024\\\/#breadcrumb\",\"itemListElement\":[{\"@type\":\"ListItem\",\"position\":1,\"name\":\"Home\",\"item\":\"https:\\\/\\\/kohenavocats.com\\\/ru\\\/avocats-en-droit-penal-a-paris-conseil-et-defense-strategique\\\/\"},{\"@type\":\"ListItem\",\"position\":2,\"name\":\"Jurisprudences\",\"item\":\"https:\\\/\\\/kohenavocats.com\\\/ru\\\/jurisprudences\\\/\"},{\"@type\":\"ListItem\",\"position\":3,\"name\":\"Tribunal f\u00e9d\u00e9ral suisse, 28 mars 2024, n\u00b0 7F 3-2024\"}]},{\"@type\":\"WebSite\",\"@id\":\"https:\\\/\\\/kohenavocats.com\\\/ru\\\/#website\",\"url\":\"https:\\\/\\\/kohenavocats.com\\\/ru\\\/\",\"name\":\"Kohen Avocats\",\"description\":\"Ma\u00eetre Hassan Kohen, avocat p\u00e9naliste \u00e0 Paris, intervient exclusivement en droit p\u00e9nal pour la d\u00e9fense des particuliers, notamment en mati\u00e8re d\u2019accusations de viol. Il assure un accompagnement rigoureux d\u00e8s la garde \u00e0 vue jusqu\u2019\u00e0 la Cour d\u2019assises, veillant au strict respect des garanties proc\u00e9durales.\",\"publisher\":{\"@id\":\"https:\\\/\\\/kohenavocats.com\\\/ru\\\/#organization\"},\"potentialAction\":[{\"@type\":\"SearchAction\",\"target\":{\"@type\":\"EntryPoint\",\"urlTemplate\":\"https:\\\/\\\/kohenavocats.com\\\/ru\\\/?s={search_term_string}\"},\"query-input\":{\"@type\":\"PropertyValueSpecification\",\"valueRequired\":true,\"valueName\":\"search_term_string\"}}],\"inLanguage\":\"ru-RU\"},{\"@type\":\"Organization\",\"@id\":\"https:\\\/\\\/kohenavocats.com\\\/ru\\\/#organization\",\"name\":\"Kohen Avocats\",\"url\":\"https:\\\/\\\/kohenavocats.com\\\/ru\\\/\",\"logo\":{\"@type\":\"ImageObject\",\"inLanguage\":\"ru-RU\",\"@id\":\"https:\\\/\\\/kohenavocats.com\\\/ru\\\/#\\\/schema\\\/logo\\\/image\\\/\",\"url\":\"https:\\\/\\\/kohenavocats.com\\\/wp-content\\\/uploads\\\/2026\\\/01\\\/Logo-2-1.webp\",\"contentUrl\":\"https:\\\/\\\/kohenavocats.com\\\/wp-content\\\/uploads\\\/2026\\\/01\\\/Logo-2-1.webp\",\"width\":2114,\"height\":1253,\"caption\":\"Kohen Avocats\"},\"image\":{\"@id\":\"https:\\\/\\\/kohenavocats.com\\\/ru\\\/#\\\/schema\\\/logo\\\/image\\\/\"}}]}<\/script>\n<!-- \/ Yoast SEO Premium plugin. -->","yoast_head_json":{"title":"Tribunal f\u00e9d\u00e9ral suisse, 28 mars 2024, n\u00b0 7F 3-2024 - Ma\u00eetre Hassan Kohen, avocat en droit p\u00e9nal \u00e0 Paris","robots":{"index":"index","follow":"follow","max-snippet":"max-snippet:-1","max-image-preview":"max-image-preview:large","max-video-preview":"max-video-preview:-1"},"canonical":"https:\/\/kohenavocats.com\/ru\/jurisprudences\/tribunal-federal-suisse-28-mars-2024-n-7f-3-2024\/","og_locale":"ru_RU","og_type":"article","og_title":"Tribunal f\u00e9d\u00e9ral suisse, 28 mars 2024, n\u00b0 7F 3-2024","og_description":"Bundesgericht Tribunal f\u00e9d\u00e9ral Tribunale federale Tribunal federal 7F_3\/2024 Urteil vom 28. M\u00e4rz 2024 II. strafrechtliche Abteilung Besetzung Bundesrichter Abrecht, Pr\u00e4sident, Bundesrichterin Koch, Bundesrichter Hurni, Gerichtsschreiber Cl\u00e9ment. Verfahrensbeteiligte A.________, Gesuchsteller, gegen 1. Staatsanwaltschaft Basel-Landschaft, Hauptabteilung Allgemeine Delikte, Grenzacherstrasse 8, Postfach, 4132 Muttenz, 2. Kantonsgericht Basel-Landschaft, Abteilung Strafrecht, Bahnhofplatz 16, 4410 Liestal. Gegenstand Revisionsgesuch gegen das Urteil...","og_url":"https:\/\/kohenavocats.com\/ru\/jurisprudences\/tribunal-federal-suisse-28-mars-2024-n-7f-3-2024\/","og_site_name":"Ma\u00eetre Hassan Kohen, avocat en droit p\u00e9nal \u00e0 Paris","twitter_card":"summary_large_image","twitter_misc":{"\u041f\u0440\u0438\u043c\u0435\u0440\u043d\u043e\u0435 \u0432\u0440\u0435\u043c\u044f \u0434\u043b\u044f \u0447\u0442\u0435\u043d\u0438\u044f":"3 \u043c\u0438\u043d\u0443\u0442\u044b"},"schema":{"@context":"https:\/\/schema.org","@graph":[{"@type":"WebPage","@id":"https:\/\/kohenavocats.com\/ru\/jurisprudences\/tribunal-federal-suisse-28-mars-2024-n-7f-3-2024\/","url":"https:\/\/kohenavocats.com\/ru\/jurisprudences\/tribunal-federal-suisse-28-mars-2024-n-7f-3-2024\/","name":"Tribunal f\u00e9d\u00e9ral suisse, 28 mars 2024, n\u00b0 7F 3-2024 - Ma\u00eetre Hassan Kohen, avocat en droit p\u00e9nal \u00e0 Paris","isPartOf":{"@id":"https:\/\/kohenavocats.com\/ru\/#website"},"datePublished":"2026-04-19T01:03:36+00:00","breadcrumb":{"@id":"https:\/\/kohenavocats.com\/ru\/jurisprudences\/tribunal-federal-suisse-28-mars-2024-n-7f-3-2024\/#breadcrumb"},"inLanguage":"ru-RU","potentialAction":[{"@type":"ReadAction","target":["https:\/\/kohenavocats.com\/ru\/jurisprudences\/tribunal-federal-suisse-28-mars-2024-n-7f-3-2024\/"]}]},{"@type":"BreadcrumbList","@id":"https:\/\/kohenavocats.com\/ru\/jurisprudences\/tribunal-federal-suisse-28-mars-2024-n-7f-3-2024\/#breadcrumb","itemListElement":[{"@type":"ListItem","position":1,"name":"Home","item":"https:\/\/kohenavocats.com\/ru\/avocats-en-droit-penal-a-paris-conseil-et-defense-strategique\/"},{"@type":"ListItem","position":2,"name":"Jurisprudences","item":"https:\/\/kohenavocats.com\/ru\/jurisprudences\/"},{"@type":"ListItem","position":3,"name":"Tribunal f\u00e9d\u00e9ral suisse, 28 mars 2024, n\u00b0 7F 3-2024"}]},{"@type":"WebSite","@id":"https:\/\/kohenavocats.com\/ru\/#website","url":"https:\/\/kohenavocats.com\/ru\/","name":"Kohen Avocats","description":"Ma\u00eetre Hassan Kohen, avocat p\u00e9naliste \u00e0 Paris, intervient exclusivement en droit p\u00e9nal pour la d\u00e9fense des particuliers, notamment en mati\u00e8re d\u2019accusations de viol. Il assure un accompagnement rigoureux d\u00e8s la garde \u00e0 vue jusqu\u2019\u00e0 la Cour d\u2019assises, veillant au strict respect des garanties proc\u00e9durales.","publisher":{"@id":"https:\/\/kohenavocats.com\/ru\/#organization"},"potentialAction":[{"@type":"SearchAction","target":{"@type":"EntryPoint","urlTemplate":"https:\/\/kohenavocats.com\/ru\/?s={search_term_string}"},"query-input":{"@type":"PropertyValueSpecification","valueRequired":true,"valueName":"search_term_string"}}],"inLanguage":"ru-RU"},{"@type":"Organization","@id":"https:\/\/kohenavocats.com\/ru\/#organization","name":"Kohen Avocats","url":"https:\/\/kohenavocats.com\/ru\/","logo":{"@type":"ImageObject","inLanguage":"ru-RU","@id":"https:\/\/kohenavocats.com\/ru\/#\/schema\/logo\/image\/","url":"https:\/\/kohenavocats.com\/wp-content\/uploads\/2026\/01\/Logo-2-1.webp","contentUrl":"https:\/\/kohenavocats.com\/wp-content\/uploads\/2026\/01\/Logo-2-1.webp","width":2114,"height":1253,"caption":"Kohen Avocats"},"image":{"@id":"https:\/\/kohenavocats.com\/ru\/#\/schema\/logo\/image\/"}}]}},"jetpack_likes_enabled":false,"jetpack_sharing_enabled":true,"_links":{"self":[{"href":"https:\/\/kohenavocats.com\/ru\/wp-json\/wp\/v2\/kji_decision\/600126","targetHints":{"allow":["GET"]}}],"collection":[{"href":"https:\/\/kohenavocats.com\/ru\/wp-json\/wp\/v2\/kji_decision"}],"about":[{"href":"https:\/\/kohenavocats.com\/ru\/wp-json\/wp\/v2\/types\/kji_decision"}],"wp:attachment":[{"href":"https:\/\/kohenavocats.com\/ru\/wp-json\/wp\/v2\/media?parent=600126"}],"wp:term":[{"taxonomy":"kji_country","embeddable":true,"href":"https:\/\/kohenavocats.com\/ru\/wp-json\/wp\/v2\/kji_country?post=600126"},{"taxonomy":"kji_court","embeddable":true,"href":"https:\/\/kohenavocats.com\/ru\/wp-json\/wp\/v2\/kji_court?post=600126"},{"taxonomy":"kji_chamber","embeddable":true,"href":"https:\/\/kohenavocats.com\/ru\/wp-json\/wp\/v2\/kji_chamber?post=600126"},{"taxonomy":"kji_year","embeddable":true,"href":"https:\/\/kohenavocats.com\/ru\/wp-json\/wp\/v2\/kji_year?post=600126"},{"taxonomy":"kji_subject","embeddable":true,"href":"https:\/\/kohenavocats.com\/ru\/wp-json\/wp\/v2\/kji_subject?post=600126"},{"taxonomy":"kji_keyword","embeddable":true,"href":"https:\/\/kohenavocats.com\/ru\/wp-json\/wp\/v2\/kji_keyword?post=600126"},{"taxonomy":"kji_language","embeddable":true,"href":"https:\/\/kohenavocats.com\/ru\/wp-json\/wp\/v2\/kji_language?post=600126"}],"curies":[{"name":"wp","href":"https:\/\/api.w.org\/{rel}","templated":true}]}}