{"id":600671,"date":"2026-04-19T04:17:10","date_gmt":"2026-04-19T02:17:10","guid":{"rendered":"https:\/\/kohenavocats.com\/jurisprudences\/tribunal-darrondissement-15-juillet-2025-5\/"},"modified":"2026-04-19T04:17:13","modified_gmt":"2026-04-19T02:17:13","slug":"tribunal-darrondissement-15-juillet-2025-5","status":"publish","type":"kji_decision","link":"https:\/\/kohenavocats.com\/ru\/jurisprudences\/tribunal-darrondissement-15-juillet-2025-5\/","title":{"rendered":"Tribunal d&#8217;arrondissement, 15 juillet 2025"},"content":{"rendered":"<div class=\"kji-decision\">\n<div class=\"kji-full-text\">\n<p>R\u00c9F\u00c9R\u00c9 N\u00b046\/2025 N\u00b0 TAD-2025-00543du r\u00f4le. Audience publique des r\u00e9f\u00e9r\u00e9s tenue lemardi,15 juillet2025\u00e014.15heures au Palais de Justice \u00e0 Diekirch, o\u00f9 \u00e9taient pr\u00e9sentes SilviaMAGALHAES ALVES,premierjugepr\u00e8s le Tribunal d\u2019arrondissement de et \u00e0 Diekirch, si\u00e9geant comme juge des r\u00e9f\u00e9r\u00e9s, en remplacement de la Pr\u00e9sidente dudit tribunal, SuzetteKALBUSCH,greffier assum\u00e9, dans la cause ENTRE 1.PERSONNE1.),sans \u00e9tat connu, etson \u00e9pouse 2.PERSONNE2.),sans \u00e9tat connu, les deux demeurant ensemble \u00e0 L-ADRESSE1.), partiesdemanderesses, comparant parMa\u00eetreLynn FRANK, avocat \u00e0 la Cour, demeurant \u00e0 Luxembourg, ET la soci\u00e9t\u00e9 \u00e0 responsabilit\u00e9 limit\u00e9eSOCIETE1.)S.\u00e0r.l., \u00e9tablie et ayant son si\u00e8ge social \u00e0 L- ADRESSE2.),inscrite au registre de commerce et des soci\u00e9t\u00e9sde Luxembourgsous le num\u00e9ro NUMERO1.),repr\u00e9sent\u00e9e par son g\u00e9rant actuellement en fonctions, partie d\u00e9fenderesse, comparant parMa\u00eetreNathalie BORON, avocat \u00e0 la Cour, demeurant \u00e0 Luxembourg. FAITS<\/p>\n<p>2 Les faits et r\u00e9troactes de l\u2019affaire r\u00e9sultent \u00e0 suffisance de droit de l\u2019ordonnance de r\u00e9f\u00e9r\u00e9 n\u00ba40\/2025 rendue entre parties en date du17 juin2025, ordonnance dont le dispositif est con\u00e7u comme suit : \u00abPAR CES MOTIFS Nous,Silvia MAGALHAES ALVES, premier juge pr\u00e8s le Tribunal d\u2019arrondissement de et \u00e0 Diekirch, si\u00e9geant comme juge des r\u00e9f\u00e9r\u00e9s, en remplacement de la Pr\u00e9sidente dudit tribunal, assist\u00e9e du greffier assum\u00e9 Suzette KALBUSCH, statuant contradictoirement, recevonsla demande en la forme et Nousd\u00e9claronscomp\u00e9tent pour en conna\u00eetre, au principal,renvoyonsles parties \u00e0 se pourvoir devant qui de droit mais d\u00e8s \u00e0 pr\u00e9sent et par provision, sur base de l\u2019article 350 du Nouveau Code de proc\u00e9dure civile, ordonnonsune expertise etcommettonspour y proc\u00e9der l\u2019expert Vincent DE CIA, \u00e9tabli professionnellement \u00e0 L-8479 Eischen, 54, Cit\u00e9 Bettenwiss, avec la mission de concilier les parties si faire se peut, sinon dans un rapport \u00e9crit et motiv\u00e9 \u00e0 d\u00e9poser au greffe du Tribunal d\u2019arrondissement deDiekirch pour le31 octobre 2025 au plus tard, de: 1.constater et d\u00e9crire les \u00e9ventuels inex\u00e9cutions, non-conformit\u00e9s, vices et malfa\u00e7ons commis par la soci\u00e9t\u00e9SOCIETE1.)S.\u00e0r.l. par rapport aux travaux r\u00e9alis\u00e9s dans l\u2019immeuble du couple GROUPE1.), sis \u00e0 L-ADRESSE1.), sur base des deux contrats d\u2019entreprise du 21 octobre 2019 et du 22 octobre 2020 et notamment mais pas exclusivement: -l\u2019enduit fait par la partie d\u00e9fenderesse, -le socle de la fa\u00e7ade, -les raccords des canalisations principales, 2.d\u00e9terminer les causes et origines des \u00e9ventuels inex\u00e9cutions, d\u00e9fauts, vices, malfa\u00e7ons, non- conformit\u00e9s contractuelles, non-conformit\u00e9s aux r\u00e8gles de l\u2019art et\/ou \u00e0 l\u2019\u00e9tat de latechnique constat\u00e9s, 3.proposer les mesures conservatoires imm\u00e9diates, si n\u00e9cessaire, afin d\u2019\u00e9viter toute aggravation des \u00e9ventuels d\u00e9fauts, vices, malfa\u00e7ons, non-conformit\u00e9s contractuelles, non-conformit\u00e9s aux r\u00e8gles de l\u2019art, 4.d\u00e9terminer les travaux et moyens de redressement \u00e0 mettre en \u0153uvre pour faire cesser les \u00e9ventuels d\u00e9fauts, vices, malfa\u00e7ons, inach\u00e8vements, non-conformit\u00e9s contractuelles, non- conformit\u00e9s aux r\u00e8gles de l\u2019art et\/ou \u00e0 l\u2019\u00e9tat de la technique et \u00e9valuer les co\u00fbts des mesures appropri\u00e9es pour y rem\u00e9dier, 5.\u00e9valuer le co\u00fbt des travaux d\u2019une part dans l\u2019hypoth\u00e8se o\u00f9 l\u2019assign\u00e9e s\u2019ex\u00e9cuterait en nature, et, d\u2019autre part, dans celle o\u00f9 les travaux seraient effectu\u00e9s par un ou plusieurs professionnel(s) tiers, 6.se prononcer sur l\u2019habitabilit\u00e9 de l\u2019immeuble et la dur\u00e9e pr\u00e9visible d\u2019ex\u00e9cution des \u00e9ventuels travaux de remise en \u00e9tat, 7.\u00e9valuer la moins-value \u00e9ventuelle affectant ledit immeuble,<\/p>\n<p>3 8.dresser un d\u00e9compte entre les parties au litige, 9.proc\u00e9der \u00e0 la simple demande d\u2019une des parties \u00e0 la lecture du rapport et prendre position de mani\u00e8re d\u00e9taill\u00e9e et motiv\u00e9e quant aux \u00e9ventuelles questions et\/ou critiques vis-\u00e0-vis du rapport, disonsque dans l\u2019accomplissement de sa mission l\u2019expert est autoris\u00e9 \u00e0 s\u2019entourer de tous renseignements utiles et \u00e0 entendre m\u00eame de tierces personnes, disonsqu\u2019PERSONNE1.)etPERSONNE2.)sont tenus de verser par provision \u00e0 l\u2019expert une avance sur sa r\u00e9mun\u00e9ration de 1.000.-euros et d\u2019en justifier le versement au greffe du Tribunal d\u2019arrondissement de ce si\u00e8ge, disonsqu\u2019en cas de difficult\u00e9s d\u2019ex\u00e9cution de la mission d\u2019expertise, il Nous en sera fait rapport, disonsque l\u2019expert devra, en toutes circonstances, Nous informer de la date de ses op\u00e9rations, de l\u2019\u00e9tat desdites op\u00e9rations et des difficult\u00e9s qu\u2019il pourra rencontrer, disonsque si les honoraires devaient d\u00e9passer le montant de la provision vers\u00e9e, l\u2019expert devra Nous en avertir et ne continuer ses op\u00e9rations qu\u2019apr\u00e8s consignation d\u2019une provision suppl\u00e9mentaire, disonsqu\u2019en cas d\u2019emp\u00eachement de l\u2019expert commis, il sera proc\u00e9d\u00e9 \u00e0 son remplacement par la Pr\u00e9sidente du Tribunal de c\u00e9ans sur simple requ\u00eate \u00e0 lui pr\u00e9sent\u00e9e, r\u00e9servonsles frais et d\u00e9pens de l\u2019instance, ordonnonsl\u2019ex\u00e9cution provisoire de la pr\u00e9sente ordonnance, nonobstant toute voie de recours et sans caution.\u00bb Suite au courrier de l\u2019expert Vincent DE CIA d\u00e9pos\u00e9 au greffe du tribunal de c\u00e9ans en date du 30juin 2025, l\u2019affaire a \u00e9t\u00e9 r\u00e9appel\u00e9e \u00e0 l\u2019audience publique des r\u00e9f\u00e9r\u00e9s du mardi, 8 juillet 2025, en vue du remplacement de l\u2019expert. A cette audience, l\u2019affaire a \u00e9t\u00e9 utilement retenue. Ma\u00eetre Daniel BAULISCH, avocat \u00e0 la Cour, demeurant \u00e0 Diekirch, en remplacement de Ma\u00eetre Lynn FRANK, avocat \u00e0 la Cour, demeurant \u00e0 Luxembourg, mandataire d\u2019PERSONNE1.)et de PERSONNE2.), a \u00e9t\u00e9 entendu en ses explications. Ma\u00eetre Nathalie BORON, avocat \u00e0 la Cour, demeurant \u00e0 Luxembourg, mandataire de la soci\u00e9t\u00e9 \u00e0 responsabilit\u00e9 limit\u00e9eSOCIETE1.)S.\u00e0r.l., ne s\u2019est pas pr\u00e9sent\u00e9e \u00e0 l\u2019audience, mais avait pris position par courrier du 4 juillet 2025 par rapport au remplacement de l\u2019expert. Sur ce, le juge des r\u00e9f\u00e9r\u00e9s prit l\u2019affaire en d\u00e9lib\u00e9r\u00e9 et fixa jour pour le prononc\u00e9 \u00e0 l\u2019audience publique des r\u00e9f\u00e9r\u00e9s du mardi, 15 juillet 2025 \u00e0 laquelle fut rendue l\u2019 ORDONNANCE qui suit:<\/p>\n<p>4 Vu l\u2019ordonnance de r\u00e9f\u00e9r\u00e9 n\u00b0 40\/2025 rendue entre parties en date du 17 juin 2025 ayant ordonn\u00e9 une expertise et commis pour y proc\u00e9der l\u2019expert Vincent DE CIA. Vu le courrier de l\u2019expert Vincent DE CIA d\u00e9pos\u00e9 au greffe du tribunal de c\u00e9ans en date du 30 juin 2025 duquel il r\u00e9sulte qu\u2019il lui est impossible d\u2019ex\u00e9cuter la mission lui confi\u00e9e en raison d\u2019une surcharge de travail. L\u2019expert d\u00e9sign\u00e9 n\u2019ayant pas accept\u00e9 la mission lui confi\u00e9e, il y a lieu de proc\u00e9der \u00e0 son remplacement. Par courrier de son mandataire du 4 juillet 2025, la soci\u00e9t\u00e9 \u00e0 responsabilit\u00e9 limit\u00e9eSOCIETE1.) S.\u00e0r.l. demande \u00e0 voir nommer l\u2019expert Quentin VAN BRUYSSEL en remplacement de l\u2019expert Vincent DE CIA. A l\u2019audience, les \u00e9pouxPERSONNE3.)\u2013PERSONNE4.)marquent leur accord avec la proposition faite par la partie adverse. Au vu de l\u2019accord entre parties, le tribunal d\u00e9cide de d\u00e9signer l\u2019expert Quentin VAN BRUYSSEL en remplacement de l\u2019expert Vincent DE CIA, aux fins de proc\u00e9der \u00e0 la mission plus amplement d\u00e9finie au dispositif de l\u2019ordonnance de r\u00e9f\u00e9r\u00e9 n\u00b0 40\/2025. Les modalit\u00e9s fix\u00e9es aux termes de l\u2019ordonnance du 17 juin 2025 sont maintenues, sauf \u00e0 fixer un nouveau d\u00e9lai dans lequel l\u2019expert devra d\u00e9poser son rapport. PAR CES MOTIFS Nous, Silvia MAGALHAES ALVES, premier juge pr\u00e8s le Tribunal d\u2019arrondissement de et \u00e0 Diekirch, si\u00e9geant comme juge des r\u00e9f\u00e9r\u00e9s, en remplacement de la Pr\u00e9sidente dudit tribunal, assist\u00e9e du greffier assum\u00e9 Suzette KALBUSCH, statuant contradictoirement, au principal,renvoyonsles parties \u00e0 se pourvoir devant qui de droit, mais d\u00e8s \u00e0 pr\u00e9sent et par provision, nommonsen qualit\u00e9 d\u2019expert Quentin VAN BRUYSSEL, \u00e9tabli professionnellement \u00e0 L-4150 Esch-sur-Alzette, 18, rue de l\u2019Industrie, et ce en remplacement de l\u2019expert Vincent DE CIA, avec la mission et les modalit\u00e9s contenues dans l\u2019ordonnance de r\u00e9f\u00e9r\u00e9 n\u00b040\/2025 du 17 juin 2025, disonsque l\u2019expert devra d\u00e9poser son rapport au greffe du Tribunal d\u2019arrondissement de et \u00e0 Diekirch pour le1 er d\u00e9cembre 2025au plus tard, r\u00e9servonsles frais et d\u00e9pens de l\u2019instance, ordonnonsl\u2019ex\u00e9cution provisoire de la pr\u00e9sente ordonnance nonobstant toute voie de recours et sans caution.<\/p>\n<p>5<\/p>\n<\/div>\n<hr class=\"kji-sep\" \/>\n<p class=\"kji-source-links\"><strong>Sources officielles :<\/strong> <a class=\"kji-source-link\" href=\"https:\/\/data.public.lu\/fr\/datasets\/tribunal-darrondissement-diekirch\/\" target=\"_blank\" rel=\"noopener noreferrer\">consulter la page source<\/a> &middot; <a class=\"kji-pdf-link\" href=\"https:\/\/download.data.public.lu\/resources\/tribunal-darrondissement-diekirch\/20260202-002037\/20250715-tadref-00543-pseudonymise-accessible.pdf\" target=\"_blank\" rel=\"noopener noreferrer\">PDF officiel<\/a><\/p>\n<p class=\"kji-license-note\"><em>Licence CC BY-ND 4.0 (Administration judiciaire, data.public.lu). Republication autorisee avec attribution, sans modification editoriale du texte integral.<\/em><\/p>\n<\/div>\n","protected":false},"excerpt":{"rendered":"<p>R\u00c9F\u00c9R\u00c9 N\u00b046\/2025 N\u00b0 TAD-2025-00543du r\u00f4le. Audience publique des r\u00e9f\u00e9r\u00e9s tenue lemardi,15 juillet2025\u00e014.15heures au Palais de Justice \u00e0 Diekirch, o\u00f9 \u00e9taient pr\u00e9sentes SilviaMAGALHAES ALVES,premierjugepr\u00e8s le Tribunal d\u2019arrondissement de et \u00e0 Diekirch, si\u00e9geant comme juge des r\u00e9f\u00e9r\u00e9s, en remplacement de la Pr\u00e9sidente dudit tribunal, SuzetteKALBUSCH,greffier assum\u00e9, dans\u2026<\/p>\n","protected":false},"featured_media":0,"template":"","meta":{"_crdt_document":""},"kji_country":[8418],"kji_court":[23583],"kji_chamber":[],"kji_year":[8463],"kji_subject":[7724],"kji_keyword":[23584,8600,18770,7636],"kji_language":[7733],"class_list":["post-600671","kji_decision","type-kji_decision","status-publish","hentry","kji_country-luxembourg","kji_court-tribunal-darrondissement","kji_year-8463","kji_subject-civil","kji_keyword-arrondissement","kji_keyword-juillet","kji_keyword-refere","kji_keyword-tribunal","kji_language-francais"],"yoast_head":"<!-- This site is optimized with the Yoast SEO Premium plugin v27.5 (Yoast SEO v27.5) - https:\/\/yoast.com\/product\/yoast-seo-premium-wordpress\/ -->\n<title>Tribunal d&#039;arrondissement, 15 juillet 2025 - Ma\u00eetre Hassan Kohen, avocat en droit p\u00e9nal \u00e0 Paris<\/title>\n<meta name=\"robots\" content=\"index, follow, max-snippet:-1, max-image-preview:large, max-video-preview:-1\" \/>\n<link rel=\"canonical\" href=\"https:\/\/kohenavocats.com\/ru\/jurisprudences\/tribunal-darrondissement-15-juillet-2025-5\/\" \/>\n<meta property=\"og:locale\" content=\"ru_RU\" \/>\n<meta property=\"og:type\" content=\"article\" \/>\n<meta property=\"og:title\" content=\"Tribunal d&#039;arrondissement, 15 juillet 2025\" \/>\n<meta property=\"og:description\" content=\"R\u00c9F\u00c9R\u00c9 N\u00b046\/2025 N\u00b0 TAD-2025-00543du r\u00f4le. Audience publique des r\u00e9f\u00e9r\u00e9s tenue lemardi,15 juillet2025\u00e014.15heures au Palais de Justice \u00e0 Diekirch, o\u00f9 \u00e9taient pr\u00e9sentes SilviaMAGALHAES ALVES,premierjugepr\u00e8s le Tribunal d\u2019arrondissement de et \u00e0 Diekirch, si\u00e9geant comme juge des r\u00e9f\u00e9r\u00e9s, en remplacement de la Pr\u00e9sidente dudit tribunal, SuzetteKALBUSCH,greffier assum\u00e9, dans\u2026\" \/>\n<meta property=\"og:url\" content=\"https:\/\/kohenavocats.com\/ru\/jurisprudences\/tribunal-darrondissement-15-juillet-2025-5\/\" \/>\n<meta property=\"og:site_name\" content=\"Ma\u00eetre Hassan Kohen, avocat en droit p\u00e9nal \u00e0 Paris\" \/>\n<meta property=\"article:modified_time\" content=\"2026-04-19T02:17:13+00:00\" \/>\n<meta name=\"twitter:card\" content=\"summary_large_image\" \/>\n<meta name=\"twitter:label1\" content=\"\u041f\u0440\u0438\u043c\u0435\u0440\u043d\u043e\u0435 \u0432\u0440\u0435\u043c\u044f \u0434\u043b\u044f \u0447\u0442\u0435\u043d\u0438\u044f\" \/>\n\t<meta name=\"twitter:data1\" content=\"7 \u043c\u0438\u043d\u0443\u0442\" \/>\n<script type=\"application\/ld+json\" class=\"yoast-schema-graph\">{\"@context\":\"https:\\\/\\\/schema.org\",\"@graph\":[{\"@type\":\"WebPage\",\"@id\":\"https:\\\/\\\/kohenavocats.com\\\/ru\\\/jurisprudences\\\/tribunal-darrondissement-15-juillet-2025-5\\\/\",\"url\":\"https:\\\/\\\/kohenavocats.com\\\/ru\\\/jurisprudences\\\/tribunal-darrondissement-15-juillet-2025-5\\\/\",\"name\":\"Tribunal d'arrondissement, 15 juillet 2025 - Ma\u00eetre Hassan Kohen, avocat en droit p\u00e9nal \u00e0 Paris\",\"isPartOf\":{\"@id\":\"https:\\\/\\\/kohenavocats.com\\\/ru\\\/#website\"},\"datePublished\":\"2026-04-19T02:17:10+00:00\",\"dateModified\":\"2026-04-19T02:17:13+00:00\",\"breadcrumb\":{\"@id\":\"https:\\\/\\\/kohenavocats.com\\\/ru\\\/jurisprudences\\\/tribunal-darrondissement-15-juillet-2025-5\\\/#breadcrumb\"},\"inLanguage\":\"ru-RU\",\"potentialAction\":[{\"@type\":\"ReadAction\",\"target\":[\"https:\\\/\\\/kohenavocats.com\\\/ru\\\/jurisprudences\\\/tribunal-darrondissement-15-juillet-2025-5\\\/\"]}]},{\"@type\":\"BreadcrumbList\",\"@id\":\"https:\\\/\\\/kohenavocats.com\\\/ru\\\/jurisprudences\\\/tribunal-darrondissement-15-juillet-2025-5\\\/#breadcrumb\",\"itemListElement\":[{\"@type\":\"ListItem\",\"position\":1,\"name\":\"Home\",\"item\":\"https:\\\/\\\/kohenavocats.com\\\/ru\\\/avocats-en-droit-penal-a-paris-conseil-et-defense-strategique\\\/\"},{\"@type\":\"ListItem\",\"position\":2,\"name\":\"Jurisprudences\",\"item\":\"https:\\\/\\\/kohenavocats.com\\\/ru\\\/jurisprudences\\\/\"},{\"@type\":\"ListItem\",\"position\":3,\"name\":\"Tribunal d&rsquo;arrondissement, 15 juillet 2025\"}]},{\"@type\":\"WebSite\",\"@id\":\"https:\\\/\\\/kohenavocats.com\\\/ru\\\/#website\",\"url\":\"https:\\\/\\\/kohenavocats.com\\\/ru\\\/\",\"name\":\"Kohen Avocats\",\"description\":\"Ma\u00eetre Hassan Kohen, avocat p\u00e9naliste \u00e0 Paris, intervient exclusivement en droit p\u00e9nal pour la d\u00e9fense des particuliers, notamment en mati\u00e8re d\u2019accusations de viol. Il assure un accompagnement rigoureux d\u00e8s la garde \u00e0 vue jusqu\u2019\u00e0 la Cour d\u2019assises, veillant au strict respect des garanties proc\u00e9durales.\",\"publisher\":{\"@id\":\"https:\\\/\\\/kohenavocats.com\\\/ru\\\/#organization\"},\"potentialAction\":[{\"@type\":\"SearchAction\",\"target\":{\"@type\":\"EntryPoint\",\"urlTemplate\":\"https:\\\/\\\/kohenavocats.com\\\/ru\\\/?s={search_term_string}\"},\"query-input\":{\"@type\":\"PropertyValueSpecification\",\"valueRequired\":true,\"valueName\":\"search_term_string\"}}],\"inLanguage\":\"ru-RU\"},{\"@type\":\"Organization\",\"@id\":\"https:\\\/\\\/kohenavocats.com\\\/ru\\\/#organization\",\"name\":\"Kohen Avocats\",\"url\":\"https:\\\/\\\/kohenavocats.com\\\/ru\\\/\",\"logo\":{\"@type\":\"ImageObject\",\"inLanguage\":\"ru-RU\",\"@id\":\"https:\\\/\\\/kohenavocats.com\\\/ru\\\/#\\\/schema\\\/logo\\\/image\\\/\",\"url\":\"https:\\\/\\\/kohenavocats.com\\\/wp-content\\\/uploads\\\/2026\\\/01\\\/Logo-2-1.webp\",\"contentUrl\":\"https:\\\/\\\/kohenavocats.com\\\/wp-content\\\/uploads\\\/2026\\\/01\\\/Logo-2-1.webp\",\"width\":2114,\"height\":1253,\"caption\":\"Kohen Avocats\"},\"image\":{\"@id\":\"https:\\\/\\\/kohenavocats.com\\\/ru\\\/#\\\/schema\\\/logo\\\/image\\\/\"}}]}<\/script>\n<!-- \/ Yoast SEO Premium plugin. -->","yoast_head_json":{"title":"Tribunal d'arrondissement, 15 juillet 2025 - Ma\u00eetre Hassan Kohen, avocat en droit p\u00e9nal \u00e0 Paris","robots":{"index":"index","follow":"follow","max-snippet":"max-snippet:-1","max-image-preview":"max-image-preview:large","max-video-preview":"max-video-preview:-1"},"canonical":"https:\/\/kohenavocats.com\/ru\/jurisprudences\/tribunal-darrondissement-15-juillet-2025-5\/","og_locale":"ru_RU","og_type":"article","og_title":"Tribunal d'arrondissement, 15 juillet 2025","og_description":"R\u00c9F\u00c9R\u00c9 N\u00b046\/2025 N\u00b0 TAD-2025-00543du r\u00f4le. Audience publique des r\u00e9f\u00e9r\u00e9s tenue lemardi,15 juillet2025\u00e014.15heures au Palais de Justice \u00e0 Diekirch, o\u00f9 \u00e9taient pr\u00e9sentes SilviaMAGALHAES ALVES,premierjugepr\u00e8s le Tribunal d\u2019arrondissement de et \u00e0 Diekirch, si\u00e9geant comme juge des r\u00e9f\u00e9r\u00e9s, en remplacement de la Pr\u00e9sidente dudit tribunal, SuzetteKALBUSCH,greffier assum\u00e9, dans\u2026","og_url":"https:\/\/kohenavocats.com\/ru\/jurisprudences\/tribunal-darrondissement-15-juillet-2025-5\/","og_site_name":"Ma\u00eetre Hassan Kohen, avocat en droit p\u00e9nal \u00e0 Paris","article_modified_time":"2026-04-19T02:17:13+00:00","twitter_card":"summary_large_image","twitter_misc":{"\u041f\u0440\u0438\u043c\u0435\u0440\u043d\u043e\u0435 \u0432\u0440\u0435\u043c\u044f \u0434\u043b\u044f \u0447\u0442\u0435\u043d\u0438\u044f":"7 \u043c\u0438\u043d\u0443\u0442"},"schema":{"@context":"https:\/\/schema.org","@graph":[{"@type":"WebPage","@id":"https:\/\/kohenavocats.com\/ru\/jurisprudences\/tribunal-darrondissement-15-juillet-2025-5\/","url":"https:\/\/kohenavocats.com\/ru\/jurisprudences\/tribunal-darrondissement-15-juillet-2025-5\/","name":"Tribunal d'arrondissement, 15 juillet 2025 - Ma\u00eetre Hassan Kohen, avocat en droit p\u00e9nal \u00e0 Paris","isPartOf":{"@id":"https:\/\/kohenavocats.com\/ru\/#website"},"datePublished":"2026-04-19T02:17:10+00:00","dateModified":"2026-04-19T02:17:13+00:00","breadcrumb":{"@id":"https:\/\/kohenavocats.com\/ru\/jurisprudences\/tribunal-darrondissement-15-juillet-2025-5\/#breadcrumb"},"inLanguage":"ru-RU","potentialAction":[{"@type":"ReadAction","target":["https:\/\/kohenavocats.com\/ru\/jurisprudences\/tribunal-darrondissement-15-juillet-2025-5\/"]}]},{"@type":"BreadcrumbList","@id":"https:\/\/kohenavocats.com\/ru\/jurisprudences\/tribunal-darrondissement-15-juillet-2025-5\/#breadcrumb","itemListElement":[{"@type":"ListItem","position":1,"name":"Home","item":"https:\/\/kohenavocats.com\/ru\/avocats-en-droit-penal-a-paris-conseil-et-defense-strategique\/"},{"@type":"ListItem","position":2,"name":"Jurisprudences","item":"https:\/\/kohenavocats.com\/ru\/jurisprudences\/"},{"@type":"ListItem","position":3,"name":"Tribunal d&rsquo;arrondissement, 15 juillet 2025"}]},{"@type":"WebSite","@id":"https:\/\/kohenavocats.com\/ru\/#website","url":"https:\/\/kohenavocats.com\/ru\/","name":"Kohen Avocats","description":"Ma\u00eetre Hassan Kohen, avocat p\u00e9naliste \u00e0 Paris, intervient exclusivement en droit p\u00e9nal pour la d\u00e9fense des particuliers, notamment en mati\u00e8re d\u2019accusations de viol. Il assure un accompagnement rigoureux d\u00e8s la garde \u00e0 vue jusqu\u2019\u00e0 la Cour d\u2019assises, veillant au strict respect des garanties proc\u00e9durales.","publisher":{"@id":"https:\/\/kohenavocats.com\/ru\/#organization"},"potentialAction":[{"@type":"SearchAction","target":{"@type":"EntryPoint","urlTemplate":"https:\/\/kohenavocats.com\/ru\/?s={search_term_string}"},"query-input":{"@type":"PropertyValueSpecification","valueRequired":true,"valueName":"search_term_string"}}],"inLanguage":"ru-RU"},{"@type":"Organization","@id":"https:\/\/kohenavocats.com\/ru\/#organization","name":"Kohen Avocats","url":"https:\/\/kohenavocats.com\/ru\/","logo":{"@type":"ImageObject","inLanguage":"ru-RU","@id":"https:\/\/kohenavocats.com\/ru\/#\/schema\/logo\/image\/","url":"https:\/\/kohenavocats.com\/wp-content\/uploads\/2026\/01\/Logo-2-1.webp","contentUrl":"https:\/\/kohenavocats.com\/wp-content\/uploads\/2026\/01\/Logo-2-1.webp","width":2114,"height":1253,"caption":"Kohen Avocats"},"image":{"@id":"https:\/\/kohenavocats.com\/ru\/#\/schema\/logo\/image\/"}}]}},"jetpack_likes_enabled":false,"jetpack_sharing_enabled":true,"_links":{"self":[{"href":"https:\/\/kohenavocats.com\/ru\/wp-json\/wp\/v2\/kji_decision\/600671","targetHints":{"allow":["GET"]}}],"collection":[{"href":"https:\/\/kohenavocats.com\/ru\/wp-json\/wp\/v2\/kji_decision"}],"about":[{"href":"https:\/\/kohenavocats.com\/ru\/wp-json\/wp\/v2\/types\/kji_decision"}],"wp:attachment":[{"href":"https:\/\/kohenavocats.com\/ru\/wp-json\/wp\/v2\/media?parent=600671"}],"wp:term":[{"taxonomy":"kji_country","embeddable":true,"href":"https:\/\/kohenavocats.com\/ru\/wp-json\/wp\/v2\/kji_country?post=600671"},{"taxonomy":"kji_court","embeddable":true,"href":"https:\/\/kohenavocats.com\/ru\/wp-json\/wp\/v2\/kji_court?post=600671"},{"taxonomy":"kji_chamber","embeddable":true,"href":"https:\/\/kohenavocats.com\/ru\/wp-json\/wp\/v2\/kji_chamber?post=600671"},{"taxonomy":"kji_year","embeddable":true,"href":"https:\/\/kohenavocats.com\/ru\/wp-json\/wp\/v2\/kji_year?post=600671"},{"taxonomy":"kji_subject","embeddable":true,"href":"https:\/\/kohenavocats.com\/ru\/wp-json\/wp\/v2\/kji_subject?post=600671"},{"taxonomy":"kji_keyword","embeddable":true,"href":"https:\/\/kohenavocats.com\/ru\/wp-json\/wp\/v2\/kji_keyword?post=600671"},{"taxonomy":"kji_language","embeddable":true,"href":"https:\/\/kohenavocats.com\/ru\/wp-json\/wp\/v2\/kji_language?post=600671"}],"curies":[{"name":"wp","href":"https:\/\/api.w.org\/{rel}","templated":true}]}}