{"id":601321,"date":"2026-04-19T05:38:53","date_gmt":"2026-04-19T03:38:53","guid":{"rendered":"https:\/\/kohenavocats.com\/jurisprudences\/tribunal-darrondissement-1-octobre-2025\/"},"modified":"2026-04-19T05:38:56","modified_gmt":"2026-04-19T03:38:56","slug":"tribunal-darrondissement-1-octobre-2025","status":"publish","type":"kji_decision","link":"https:\/\/kohenavocats.com\/ru\/jurisprudences\/tribunal-darrondissement-1-octobre-2025\/","title":{"rendered":"Tribunal d&#8217;arrondissement, 1 octobre 2025"},"content":{"rendered":"<div class=\"kji-decision\">\n<div class=\"kji-full-text\">\n<p>No458\/25 Not.:3344\/22\/XD S\u00e9ance de la chambre du conseil du tribunal d&#039;arrondissementdeet \u00e0 Diekirch en date du01octobre2025, o\u00f9 \u00e9taient pr\u00e9sents: Chantal GLOD, Vice-pr\u00e9sident Jean-Claude WIRTH,premier juge, Gilles PETRY, vice-pr\u00e9sident, Joshua GLODEN, greffier assum\u00e9. ___________________________ Vu le r\u00e9quisitoire du Minist\u00e8re Public ainsi que les pi\u00e8ces de l&#039;instruction; Vu letransmisdu juge d&#039;instruction; Vu l\u2019information adress\u00e9e \u00e0 l&#039;inculp\u00e9 conform\u00e9ment \u00e0 l\u2019article 127 (6) du code de proc\u00e9dure p\u00e9nale; Vu lem\u00e9moire d\u00e9pos\u00e9 au greffe de la chambre du conseilpar Ma\u00eetre Roby SCHONSen date du 19 septembre 2025en application de l\u2019article 127(7) du code de proc\u00e9dure p\u00e9nale; La chambre du conseil a examin\u00e9 ledossier en date du19 septembre 2025et, apr\u00e8s avoir d\u00e9lib\u00e9r\u00e9 conform\u00e9ment \u00e0 la loi, a rendu l&#039; ORDONNANCE qui suit: Vu le r\u00e9quisitoire du Parquet du5 mai 2025tendant \u00e0 voir ordonner qu\u2019il n\u2019y a pas lieu \u00e0 suivre\u00e0 l\u2019encontre dePERSONNE1.)des faits qui ont form\u00e9 l\u2019objet de l\u2019information ouverte\u00e0 son \u00e9garddu chefd\u2019infractions aux articles 372, 375, 377, 383, 383bis, 383ter et 384du code p\u00e9nalsuite au r\u00e9quisitoire du Parquet du21 f\u00e9vrier2023. Dans son m\u00e9moire, le mandataire dePERSONNE1.)conclutpareillement qu\u2019il n\u2019y a pas lieu \u00e0 poursuivre \u00e0sonencontre.<\/p>\n<p>2 L\u2019article 128 du code de proc\u00e9dure p\u00e9nale dispose sub (1) que si la chambre du conseil estime que les faits ne constituent ni crime, ni d\u00e9lit, ni contravention, ou si l\u2019auteur est rest\u00e9 inconnu, ou, s\u2019il n\u2019existe pas de charges suffisantes contre l\u2019inculp\u00e9ou la personne contre laquelle l\u2019instruction est ouverte, mais qui n\u2019a pas \u00e9t\u00e9 inculp\u00e9e par le juge d\u2019instruction conform\u00e9ment \u00e0 l\u2019article 81, paragraphe 7, elle d\u00e9clare, par une ordonnance, qu\u2019il n\u2019y a pas lieu \u00e0 suivre. En l\u2019occurrence, la chambre du conseil constate, notamment compte tenu du rapport d\u2019expertise psychologiquedu DrPERSONNE2.)du 9 mars 2025, que l\u2019instruction men\u00e9e en cause n\u2019a pas d\u00e9gag\u00e9 des charges suffisantes permettantde croire que l\u2019inculp\u00e9aurait commis lesinfractions de viol, d\u2019attentat \u00e0 la pudeuret de d\u00e9tention de mat\u00e9riel p\u00e9dopornographiquedont il a \u00e9t\u00e9 inculp\u00e9 par le juge d\u2019instruction etjustifiantsonrenvoi devantunejuridiction de jugement. Il y a partant lieu d\u2019adopter les conclusions du Minist\u00e8re Public et de dire qu\u2019il n\u2019y a pas lieu de poursuivrePERSONNE1.)du chef de ces faits. La chambre du conseil constate que l\u2019inculp\u00e9 a \u00e9t\u00e9 plac\u00e9 souscontr\u00f4le judiciaire par ordonnance n\u00b0 C05du juge d\u2019instruction du29 f\u00e9vrier 2024. Conform\u00e9ment \u00e0 l\u2019article 128(2) du code de proc\u00e9dure p\u00e9nale, l\u2019ordonnance de non-lieu \u00e0 poursuite met fin \u00e0 ce contr\u00f4le judiciaire. Par ces motifs : La chambre du conseil du tribunal d&#039;arrondissement de et \u00e0Diekirch, dit qu\u2019il n\u2019y a pas lieu \u00e0 poursuitedePERSONNE1.)des faits qui ont form\u00e9 l\u2019objet de l\u2019information ouverte \u00e0son\u00e9garddu chef d\u2019infractions aux articles372, 375, 377,383, 383bis et 383teret 384du code p\u00e9nal suite au r\u00e9quisitoire du Parquet du21 f\u00e9vrier2023, met fin au contr\u00f4le judiciaire sous lequel a \u00e9t\u00e9 plac\u00e9PERSONNE1.)par ordonnancen\u00b0 C05 du juge d\u2019instruction du29 f\u00e9vrier 2024, laisse les frais de la poursuite p\u00e9nale \u00e0 charge de l\u2019Etat, Ainsi fait et prononc\u00e9 autribunal d&#039;arrondissement\u00e0 Diekirch, date qu&#039;en t\u00eate. Sign\u00e9: GLOD, WIRTH, PETRY Cette ordonnance est susceptible d\u2019appel. L\u2019appel doit \u00eatre interjet\u00e9 dans les formes et d\u00e9lais pr\u00e9vus aux articles 133 et suivants du Code de proc\u00e9dure p\u00e9nale. Il doit \u00eatre form\u00e9 par l\u2019inculp\u00e9 ou son avocat, la partie civile, la partie civilement responsable ainsi que tout tiers concern\u00e9 justifiant d\u2019un int\u00e9r\u00eat personnel et leurs avocats respectifs dansun d\u00e9lai de cinq joursde la notification de la pr\u00e9sente ordonnance, aupr\u00e8s du greffe de la chambre du conseil, en se pr\u00e9sentantpersonnellementpour signer l\u2019acte d\u2019appel. Si l\u2019inculp\u00e9 est d\u00e9tenu,il peut d\u00e9clarer son appel au greffe du Centre p\u00e9nitentiaire. L\u2019appel peut \u00e9galement \u00eatre form\u00e9 par une d\u00e9claration d\u2019appel qui est \u00e0 faire parvenir au guichet du greffe du tribunal dont rel\u00e8ve la chambre du conseil, parcourrier \u00e9lectronique.<\/p>\n<\/div>\n<hr class=\"kji-sep\" \/>\n<p class=\"kji-source-links\"><strong>Sources officielles :<\/strong> <a class=\"kji-source-link\" href=\"https:\/\/data.public.lu\/fr\/datasets\/tribunal-darrondissement-diekirch\/\" target=\"_blank\" rel=\"noopener noreferrer\">consulter la page source<\/a> &middot; <a class=\"kji-pdf-link\" href=\"https:\/\/download.data.public.lu\/resources\/tribunal-darrondissement-diekirch\/20260126-002512\/20251001-tadchaco-458-pseudonymise-accessible.pdf\" target=\"_blank\" rel=\"noopener noreferrer\">PDF officiel<\/a><\/p>\n<p class=\"kji-license-note\"><em>Licence CC BY-ND 4.0 (Administration judiciaire, data.public.lu). Republication autorisee avec attribution, sans modification editoriale du texte integral.<\/em><\/p>\n<\/div>\n","protected":false},"excerpt":{"rendered":"<p>No458\/25 Not.:3344\/22\/XD S\u00e9ance de la chambre du conseil du tribunal d&#8217;arrondissementdeet \u00e0 Diekirch en date du01octobre2025, o\u00f9 \u00e9taient pr\u00e9sents: Chantal GLOD, Vice-pr\u00e9sident Jean-Claude WIRTH,premier juge, Gilles PETRY, vice-pr\u00e9sident, Joshua GLODEN, greffier assum\u00e9. ___________________________ Vu le r\u00e9quisitoire du Minist\u00e8re Public ainsi que les pi\u00e8ces de l&#8217;instruction;\u2026<\/p>\n","protected":false},"featured_media":0,"template":"","meta":{"_crdt_document":""},"kji_country":[8418],"kji_court":[23583],"kji_chamber":[],"kji_year":[8463],"kji_subject":[7724],"kji_keyword":[23584,8598,7636],"kji_language":[7733],"class_list":["post-601321","kji_decision","type-kji_decision","status-publish","hentry","kji_country-luxembourg","kji_court-tribunal-darrondissement","kji_year-8463","kji_subject-civil","kji_keyword-arrondissement","kji_keyword-octobre","kji_keyword-tribunal","kji_language-francais"],"yoast_head":"<!-- This site is optimized with the Yoast SEO Premium plugin v27.5 (Yoast SEO v27.5) - https:\/\/yoast.com\/product\/yoast-seo-premium-wordpress\/ -->\n<title>Tribunal d&#039;arrondissement, 1 octobre 2025 - Ma\u00eetre Hassan Kohen, avocat en droit p\u00e9nal \u00e0 Paris<\/title>\n<meta name=\"robots\" content=\"index, follow, max-snippet:-1, max-image-preview:large, max-video-preview:-1\" \/>\n<link rel=\"canonical\" href=\"https:\/\/kohenavocats.com\/ru\/jurisprudences\/tribunal-darrondissement-1-octobre-2025\/\" \/>\n<meta property=\"og:locale\" content=\"ru_RU\" \/>\n<meta property=\"og:type\" content=\"article\" \/>\n<meta property=\"og:title\" content=\"Tribunal d&#039;arrondissement, 1 octobre 2025\" \/>\n<meta property=\"og:description\" content=\"No458\/25 Not.:3344\/22\/XD S\u00e9ance de la chambre du conseil du tribunal d&#039;arrondissementdeet \u00e0 Diekirch en date du01octobre2025, o\u00f9 \u00e9taient pr\u00e9sents: Chantal GLOD, Vice-pr\u00e9sident Jean-Claude WIRTH,premier juge, Gilles PETRY, vice-pr\u00e9sident, Joshua GLODEN, greffier assum\u00e9. ___________________________ Vu le r\u00e9quisitoire du Minist\u00e8re Public ainsi que les pi\u00e8ces de l&#039;instruction;\u2026\" \/>\n<meta property=\"og:url\" content=\"https:\/\/kohenavocats.com\/ru\/jurisprudences\/tribunal-darrondissement-1-octobre-2025\/\" \/>\n<meta property=\"og:site_name\" content=\"Ma\u00eetre Hassan Kohen, avocat en droit p\u00e9nal \u00e0 Paris\" \/>\n<meta property=\"article:modified_time\" content=\"2026-04-19T03:38:56+00:00\" \/>\n<meta name=\"twitter:card\" content=\"summary_large_image\" \/>\n<meta name=\"twitter:label1\" content=\"\u041f\u0440\u0438\u043c\u0435\u0440\u043d\u043e\u0435 \u0432\u0440\u0435\u043c\u044f \u0434\u043b\u044f \u0447\u0442\u0435\u043d\u0438\u044f\" \/>\n\t<meta name=\"twitter:data1\" content=\"4 \u043c\u0438\u043d\u0443\u0442\u044b\" \/>\n<script type=\"application\/ld+json\" class=\"yoast-schema-graph\">{\"@context\":\"https:\\\/\\\/schema.org\",\"@graph\":[{\"@type\":\"WebPage\",\"@id\":\"https:\\\/\\\/kohenavocats.com\\\/ru\\\/jurisprudences\\\/tribunal-darrondissement-1-octobre-2025\\\/\",\"url\":\"https:\\\/\\\/kohenavocats.com\\\/ru\\\/jurisprudences\\\/tribunal-darrondissement-1-octobre-2025\\\/\",\"name\":\"Tribunal d'arrondissement, 1 octobre 2025 - Ma\u00eetre Hassan Kohen, avocat en droit p\u00e9nal \u00e0 Paris\",\"isPartOf\":{\"@id\":\"https:\\\/\\\/kohenavocats.com\\\/ru\\\/#website\"},\"datePublished\":\"2026-04-19T03:38:53+00:00\",\"dateModified\":\"2026-04-19T03:38:56+00:00\",\"breadcrumb\":{\"@id\":\"https:\\\/\\\/kohenavocats.com\\\/ru\\\/jurisprudences\\\/tribunal-darrondissement-1-octobre-2025\\\/#breadcrumb\"},\"inLanguage\":\"ru-RU\",\"potentialAction\":[{\"@type\":\"ReadAction\",\"target\":[\"https:\\\/\\\/kohenavocats.com\\\/ru\\\/jurisprudences\\\/tribunal-darrondissement-1-octobre-2025\\\/\"]}]},{\"@type\":\"BreadcrumbList\",\"@id\":\"https:\\\/\\\/kohenavocats.com\\\/ru\\\/jurisprudences\\\/tribunal-darrondissement-1-octobre-2025\\\/#breadcrumb\",\"itemListElement\":[{\"@type\":\"ListItem\",\"position\":1,\"name\":\"Home\",\"item\":\"https:\\\/\\\/kohenavocats.com\\\/ru\\\/avocats-en-droit-penal-a-paris-conseil-et-defense-strategique\\\/\"},{\"@type\":\"ListItem\",\"position\":2,\"name\":\"Jurisprudences\",\"item\":\"https:\\\/\\\/kohenavocats.com\\\/ru\\\/jurisprudences\\\/\"},{\"@type\":\"ListItem\",\"position\":3,\"name\":\"Tribunal d&rsquo;arrondissement, 1 octobre 2025\"}]},{\"@type\":\"WebSite\",\"@id\":\"https:\\\/\\\/kohenavocats.com\\\/ru\\\/#website\",\"url\":\"https:\\\/\\\/kohenavocats.com\\\/ru\\\/\",\"name\":\"Kohen Avocats\",\"description\":\"Ma\u00eetre Hassan Kohen, avocat p\u00e9naliste \u00e0 Paris, intervient exclusivement en droit p\u00e9nal pour la d\u00e9fense des particuliers, notamment en mati\u00e8re d\u2019accusations de viol. Il assure un accompagnement rigoureux d\u00e8s la garde \u00e0 vue jusqu\u2019\u00e0 la Cour d\u2019assises, veillant au strict respect des garanties proc\u00e9durales.\",\"publisher\":{\"@id\":\"https:\\\/\\\/kohenavocats.com\\\/ru\\\/#organization\"},\"potentialAction\":[{\"@type\":\"SearchAction\",\"target\":{\"@type\":\"EntryPoint\",\"urlTemplate\":\"https:\\\/\\\/kohenavocats.com\\\/ru\\\/?s={search_term_string}\"},\"query-input\":{\"@type\":\"PropertyValueSpecification\",\"valueRequired\":true,\"valueName\":\"search_term_string\"}}],\"inLanguage\":\"ru-RU\"},{\"@type\":\"Organization\",\"@id\":\"https:\\\/\\\/kohenavocats.com\\\/ru\\\/#organization\",\"name\":\"Kohen Avocats\",\"url\":\"https:\\\/\\\/kohenavocats.com\\\/ru\\\/\",\"logo\":{\"@type\":\"ImageObject\",\"inLanguage\":\"ru-RU\",\"@id\":\"https:\\\/\\\/kohenavocats.com\\\/ru\\\/#\\\/schema\\\/logo\\\/image\\\/\",\"url\":\"https:\\\/\\\/kohenavocats.com\\\/wp-content\\\/uploads\\\/2026\\\/01\\\/Logo-2-1.webp\",\"contentUrl\":\"https:\\\/\\\/kohenavocats.com\\\/wp-content\\\/uploads\\\/2026\\\/01\\\/Logo-2-1.webp\",\"width\":2114,\"height\":1253,\"caption\":\"Kohen Avocats\"},\"image\":{\"@id\":\"https:\\\/\\\/kohenavocats.com\\\/ru\\\/#\\\/schema\\\/logo\\\/image\\\/\"}}]}<\/script>\n<!-- \/ Yoast SEO Premium plugin. -->","yoast_head_json":{"title":"Tribunal d'arrondissement, 1 octobre 2025 - Ma\u00eetre Hassan Kohen, avocat en droit p\u00e9nal \u00e0 Paris","robots":{"index":"index","follow":"follow","max-snippet":"max-snippet:-1","max-image-preview":"max-image-preview:large","max-video-preview":"max-video-preview:-1"},"canonical":"https:\/\/kohenavocats.com\/ru\/jurisprudences\/tribunal-darrondissement-1-octobre-2025\/","og_locale":"ru_RU","og_type":"article","og_title":"Tribunal d'arrondissement, 1 octobre 2025","og_description":"No458\/25 Not.:3344\/22\/XD S\u00e9ance de la chambre du conseil du tribunal d'arrondissementdeet \u00e0 Diekirch en date du01octobre2025, o\u00f9 \u00e9taient pr\u00e9sents: Chantal GLOD, Vice-pr\u00e9sident Jean-Claude WIRTH,premier juge, Gilles PETRY, vice-pr\u00e9sident, Joshua GLODEN, greffier assum\u00e9. ___________________________ Vu le r\u00e9quisitoire du Minist\u00e8re Public ainsi que les pi\u00e8ces de l'instruction;\u2026","og_url":"https:\/\/kohenavocats.com\/ru\/jurisprudences\/tribunal-darrondissement-1-octobre-2025\/","og_site_name":"Ma\u00eetre Hassan Kohen, avocat en droit p\u00e9nal \u00e0 Paris","article_modified_time":"2026-04-19T03:38:56+00:00","twitter_card":"summary_large_image","twitter_misc":{"\u041f\u0440\u0438\u043c\u0435\u0440\u043d\u043e\u0435 \u0432\u0440\u0435\u043c\u044f \u0434\u043b\u044f \u0447\u0442\u0435\u043d\u0438\u044f":"4 \u043c\u0438\u043d\u0443\u0442\u044b"},"schema":{"@context":"https:\/\/schema.org","@graph":[{"@type":"WebPage","@id":"https:\/\/kohenavocats.com\/ru\/jurisprudences\/tribunal-darrondissement-1-octobre-2025\/","url":"https:\/\/kohenavocats.com\/ru\/jurisprudences\/tribunal-darrondissement-1-octobre-2025\/","name":"Tribunal d'arrondissement, 1 octobre 2025 - Ma\u00eetre Hassan Kohen, avocat en droit p\u00e9nal \u00e0 Paris","isPartOf":{"@id":"https:\/\/kohenavocats.com\/ru\/#website"},"datePublished":"2026-04-19T03:38:53+00:00","dateModified":"2026-04-19T03:38:56+00:00","breadcrumb":{"@id":"https:\/\/kohenavocats.com\/ru\/jurisprudences\/tribunal-darrondissement-1-octobre-2025\/#breadcrumb"},"inLanguage":"ru-RU","potentialAction":[{"@type":"ReadAction","target":["https:\/\/kohenavocats.com\/ru\/jurisprudences\/tribunal-darrondissement-1-octobre-2025\/"]}]},{"@type":"BreadcrumbList","@id":"https:\/\/kohenavocats.com\/ru\/jurisprudences\/tribunal-darrondissement-1-octobre-2025\/#breadcrumb","itemListElement":[{"@type":"ListItem","position":1,"name":"Home","item":"https:\/\/kohenavocats.com\/ru\/avocats-en-droit-penal-a-paris-conseil-et-defense-strategique\/"},{"@type":"ListItem","position":2,"name":"Jurisprudences","item":"https:\/\/kohenavocats.com\/ru\/jurisprudences\/"},{"@type":"ListItem","position":3,"name":"Tribunal d&rsquo;arrondissement, 1 octobre 2025"}]},{"@type":"WebSite","@id":"https:\/\/kohenavocats.com\/ru\/#website","url":"https:\/\/kohenavocats.com\/ru\/","name":"Kohen Avocats","description":"Ma\u00eetre Hassan Kohen, avocat p\u00e9naliste \u00e0 Paris, intervient exclusivement en droit p\u00e9nal pour la d\u00e9fense des particuliers, notamment en mati\u00e8re d\u2019accusations de viol. Il assure un accompagnement rigoureux d\u00e8s la garde \u00e0 vue jusqu\u2019\u00e0 la Cour d\u2019assises, veillant au strict respect des garanties proc\u00e9durales.","publisher":{"@id":"https:\/\/kohenavocats.com\/ru\/#organization"},"potentialAction":[{"@type":"SearchAction","target":{"@type":"EntryPoint","urlTemplate":"https:\/\/kohenavocats.com\/ru\/?s={search_term_string}"},"query-input":{"@type":"PropertyValueSpecification","valueRequired":true,"valueName":"search_term_string"}}],"inLanguage":"ru-RU"},{"@type":"Organization","@id":"https:\/\/kohenavocats.com\/ru\/#organization","name":"Kohen Avocats","url":"https:\/\/kohenavocats.com\/ru\/","logo":{"@type":"ImageObject","inLanguage":"ru-RU","@id":"https:\/\/kohenavocats.com\/ru\/#\/schema\/logo\/image\/","url":"https:\/\/kohenavocats.com\/wp-content\/uploads\/2026\/01\/Logo-2-1.webp","contentUrl":"https:\/\/kohenavocats.com\/wp-content\/uploads\/2026\/01\/Logo-2-1.webp","width":2114,"height":1253,"caption":"Kohen Avocats"},"image":{"@id":"https:\/\/kohenavocats.com\/ru\/#\/schema\/logo\/image\/"}}]}},"jetpack_likes_enabled":false,"jetpack_sharing_enabled":true,"_links":{"self":[{"href":"https:\/\/kohenavocats.com\/ru\/wp-json\/wp\/v2\/kji_decision\/601321","targetHints":{"allow":["GET"]}}],"collection":[{"href":"https:\/\/kohenavocats.com\/ru\/wp-json\/wp\/v2\/kji_decision"}],"about":[{"href":"https:\/\/kohenavocats.com\/ru\/wp-json\/wp\/v2\/types\/kji_decision"}],"wp:attachment":[{"href":"https:\/\/kohenavocats.com\/ru\/wp-json\/wp\/v2\/media?parent=601321"}],"wp:term":[{"taxonomy":"kji_country","embeddable":true,"href":"https:\/\/kohenavocats.com\/ru\/wp-json\/wp\/v2\/kji_country?post=601321"},{"taxonomy":"kji_court","embeddable":true,"href":"https:\/\/kohenavocats.com\/ru\/wp-json\/wp\/v2\/kji_court?post=601321"},{"taxonomy":"kji_chamber","embeddable":true,"href":"https:\/\/kohenavocats.com\/ru\/wp-json\/wp\/v2\/kji_chamber?post=601321"},{"taxonomy":"kji_year","embeddable":true,"href":"https:\/\/kohenavocats.com\/ru\/wp-json\/wp\/v2\/kji_year?post=601321"},{"taxonomy":"kji_subject","embeddable":true,"href":"https:\/\/kohenavocats.com\/ru\/wp-json\/wp\/v2\/kji_subject?post=601321"},{"taxonomy":"kji_keyword","embeddable":true,"href":"https:\/\/kohenavocats.com\/ru\/wp-json\/wp\/v2\/kji_keyword?post=601321"},{"taxonomy":"kji_language","embeddable":true,"href":"https:\/\/kohenavocats.com\/ru\/wp-json\/wp\/v2\/kji_language?post=601321"}],"curies":[{"name":"wp","href":"https:\/\/api.w.org\/{rel}","templated":true}]}}